{"id":17,"date":"2021-04-27T10:38:03","date_gmt":"2021-04-27T13:38:03","guid":{"rendered":"https:\/\/pos.uel.br\/filosofia\/?page_id=17"},"modified":"2026-03-09T14:12:02","modified_gmt":"2026-03-09T17:12:02","slug":"bolsas","status":"publish","type":"page","link":"https:\/\/pos.uel.br\/filosofia\/bolsas\/","title":{"rendered":"Bolsas"},"content":{"rendered":"\n<p><\/p>\n\n\n\n<p class=\"has-large-font-size\"><strong>Crit\u00e9rios<\/strong><\/p>\n\n\n\n<p>CURSO DE MESTRADO<\/p>\n\n\n\n<p>O PPGFIL \u2013 Curso de Mestrado \u2013 utiliza como crit\u00e9rio para concess\u00e3o das Bolsas de Estudos a ordem de classifica\u00e7\u00e3o no Processo Seletivo de ingresso ao Programa. Portanto, um crit\u00e9rio acad\u00eamico. As bolsas, em geral, t\u00eam dura\u00e7\u00e3o de 24 meses. A concess\u00e3o e o acompanhamento das bolsas de estudos seguem as normas estabelecidas pela legisla\u00e7\u00e3o que regulamenta a modalidade de bolsa (CAPES Demanda Social, CNPq, Funda\u00e7\u00e3o Arauc\u00e1ria), deste modo o\/a discente dever\u00e1 cumprir os requisitos estabelecidos pelas normas correspondentes \u00e0 bolsa recebida.<\/p>\n\n\n\n<p>O PPGFIL \u2013 Curso de Mestrado \u2013 em 2023 conta com onze (11) cotas de bolsas de estudos CAPES Demanda Social \u2013 DS. O Mestrado conta com mais uma (1) cota de bolsa DS da PROPPG.<\/p>\n\n\n\n<p>Observa\u00e7\u00e3o: Os discentes do Curso de Mestrado, desde que obede\u00e7am os crit\u00e9rios da Portaria Conjunta CAPES\/CNPq n\u00b0 01 de 15\/07\/2010 e da Nota T\u00e9cnica CAPES\/CNPq n\u00ba 01\/2010 e Portaria n 133 de 10\/07\/2023, poder\u00e3o acumular a bolsa e ter v\u00ednculo empregat\u00edcio, desde que cumpram os seguintes crit\u00e9rios:<\/p>\n\n\n\n<p>O docente orientador dever\u00e1 encaminhar autoriza\u00e7\u00e3o para a Comiss\u00e3o Permanente de Bolsas que analisar\u00e1 o caso.<\/p>\n\n\n\n<p>Nenhum estudante poder\u00e1, em hip\u00f3tese alguma, receber mais de uma bolsa simultaneamente do programa, mesmo que oriundas de institui\u00e7\u00f5es diferentes.&nbsp;<\/p>\n\n\n\n<p>\u00c9 permitido o ac\u00famulo de bolsa com atividade remunerada, desde que a carga hor\u00e1ria da \u00faltima n\u00e3o ultrapasse 20 horas semanais.<\/p>\n\n\n\n<p>N\u00e3o haver\u00e1 restri\u00e7\u00e3o quanto ao local de resid\u00eancia do estudante na concess\u00e3o de bolsas.<\/p>\n\n\n\n<p>CURSO DE DOUTORADO<\/p>\n\n\n\n<p>O PPGFIL \u2013 Curso de Doutorado \u2013 utiliza como crit\u00e9rio para concess\u00e3o das Bolsas de Estudos Demanda Social a (1) ordem de classifica\u00e7\u00e3o no Processo Seletivo de ingresso ao Programa e a (2) produtividade \u2013 edital espec\u00edfico para esta modalidade de distribui\u00e7\u00e3o e n\u00famero de bolsa restrito; ambos os crit\u00e9rios estritamente acad\u00eamicos. Conforme o crit\u00e9rio de concess\u00e3o \u2013 produtividade ou ordem classifica\u00e7\u00e3o processo ingresso ao programa \u2013 a bolsa ter\u00e1 dura\u00e7\u00e3o de 12 ou 24 meses. A concess\u00e3o e o acompanhamento das bolsas de estudos seguem as normas estabelecidas pela legisla\u00e7\u00e3o que regulamenta a modalidade de bolsa (CAPES Demanda Social, CNPq, Funda\u00e7\u00e3o Arauc\u00e1ria), deste modo o\/a discente dever\u00e1 cumprir os requisitos estabelecidos pelas normas correspondentes \u00e0 bolsa recebida.<\/p>\n\n\n\n<p>Observa\u00e7\u00e3o: Os discentes do Curso de Doutorado, desde que obede\u00e7am os crit\u00e9rios da Portaria Conjunta CAPES\/CNPq n\u00b0 01 de 15\/07\/2010 e da Nota T\u00e9cnica CAPES\/CNPq n\u00ba 01\/2010 e Portaria n 133 de 10\/07\/2023, poder\u00e3o acumular a bolsa e ter v\u00ednculo empregat\u00edcio, desde que cumpram os seguintes crit\u00e9rios:<\/p>\n\n\n\n<p>O docente orientador dever\u00e1 encaminhar autoriza\u00e7\u00e3o para a Comiss\u00e3o Permanente de Bolsas que analisar\u00e1 o caso.<\/p>\n\n\n\n<p>Nenhum estudante poder\u00e1 em hip\u00f3tese alguma receber mais de uma bolsa simultaneamente do programa, mesmo que oriundas de institui\u00e7\u00f5es diferentes.&nbsp;<\/p>\n\n\n\n<p>\u00c9 permitido o ac\u00famulo de bolsa com atividade remunerada, desde que a carga hor\u00e1ria da \u00faltima n\u00e3o ultrapasse 20 horas semanais.<\/p>\n\n\n\n<p>N\u00e3o haver\u00e1 restri\u00e7\u00e3o quanto ao local de resid\u00eancia na concess\u00e3o de bolsas.<\/p>\n\n\n\n<p>O PPGFIL \u2013 Curso de Doutorado \u2013 em 2023 conta com dez (10) cotas de bolsas de estudos CAPES Demanda Social \u2013 DS. O Doutorado conta com mais uma (1) cota de bolsa DS da PROPPG.<\/p>\n\n\n\n<p><\/p>\n\n\n\n<p class=\"has-large-font-size\"><strong>Comiss\u00e3o Permanente de Bolsas 2023-2025<\/strong><\/p>\n\n\n\n<p class=\"has-medium-font-size\"><strong>Comiss\u00e3o Coordenadora do Programa<\/strong><\/p>\n\n\n\n<p>Prof. Dr. Charles Feldhaus &#8211; Coordenador<\/p>\n\n\n\n<p>Prof. Dr. F\u00e1bio C\u00e9sar Scherer &#8211; Vice-Coordenador<\/p>\n\n\n\n<p>Profa. Dra. Andr\u00e9a Luisa Bucchile Faggion<\/p>\n\n\n\n<p class=\"has-medium-font-size\"><strong>Representantes Docentes<\/strong><\/p>\n\n\n\n<p>Prof. Dr. Eder Soares Santos &#8211; Linha Conhecimento e Subjetividade<\/p>\n\n\n\n<p>Prof. Dr. Aguinaldo A. Cavalheiro Pav\u00e3o &#8211; Linha \u00c9tica e Filosofia Pol\u00edtica<\/p>\n\n\n\n<p><strong>Representantes Docentes Suplentes<\/strong><\/p>\n\n\n\n<p>Prof. Dr. Gelson Liston &#8211; Linha Conhecimento e Subjetividade<\/p>\n\n\n\n<p>Prof. Dr. Arlei de Esp\u00edndola &#8211; Linha \u00c9tica e Filosofia Pol\u00edtica<\/p>\n\n\n\n<p class=\"has-medium-font-size\"><strong>Representantes Discentes<\/strong><\/p>\n\n\n\n<p><strong>Mestrado<\/strong><\/p>\n\n\n\n<p>Mestrando Marcelo Martins Kretsch<\/p>\n\n\n\n<p><strong>Doutorado<\/strong><\/p>\n\n\n\n<p>Doutorando Luiz Guilherme Nunes Cicotte<\/p>\n","protected":false},"excerpt":{"rendered":"<p>Crit\u00e9rios CURSO DE MESTRADO O PPGFIL \u2013 Curso de Mestrado \u2013 utiliza como crit\u00e9rio para concess\u00e3o das Bolsas de Estudos a ordem de classifica\u00e7\u00e3o no Processo Seletivo de ingresso ao Programa. Portanto, um crit\u00e9rio acad\u00eamico. As bolsas, em geral, t\u00eam dura\u00e7\u00e3o de 24 meses. A concess\u00e3o e o acompanhamento das bolsas de estudos seguem as [&hellip;]<\/p>\n","protected":false},"author":8,"featured_media":0,"parent":0,"menu_order":0,"comment_status":"closed","ping_status":"closed","template":"","meta":{"footnotes":""},"class_list":["post-17","page","type-page","status-publish","hentry"],"_links":{"self":[{"href":"https:\/\/pos.uel.br\/filosofia\/wp-json\/wp\/v2\/pages\/17","targetHints":{"allow":["GET"]}}],"collection":[{"href":"https:\/\/pos.uel.br\/filosofia\/wp-json\/wp\/v2\/pages"}],"about":[{"href":"https:\/\/pos.uel.br\/filosofia\/wp-json\/wp\/v2\/types\/page"}],"author":[{"embeddable":true,"href":"https:\/\/pos.uel.br\/filosofia\/wp-json\/wp\/v2\/users\/8"}],"replies":[{"embeddable":true,"href":"https:\/\/pos.uel.br\/filosofia\/wp-json\/wp\/v2\/comments?post=17"}],"version-history":[{"count":14,"href":"https:\/\/pos.uel.br\/filosofia\/wp-json\/wp\/v2\/pages\/17\/revisions"}],"predecessor-version":[{"id":2103,"href":"https:\/\/pos.uel.br\/filosofia\/wp-json\/wp\/v2\/pages\/17\/revisions\/2103"}],"wp:attachment":[{"href":"https:\/\/pos.uel.br\/filosofia\/wp-json\/wp\/v2\/media?parent=17"}],"curies":[{"name":"wp","href":"https:\/\/api.w.org\/{rel}","templated":true}]}}