{"id":53,"date":"2022-09-20T09:11:13","date_gmt":"2022-09-20T12:11:13","guid":{"rendered":"https:\/\/pos.uel.br\/est\/?page_id=53"},"modified":"2026-04-17T15:08:16","modified_gmt":"2026-04-17T18:08:16","slug":"sobre-o-curso","status":"publish","type":"page","link":"https:\/\/pos.uel.br\/est\/sobre-o-curso\/","title":{"rendered":"Sobre o curso"},"content":{"rendered":"\n<p class=\"has-primary-accent-color has-text-color\"><strong><em>Objetivo<\/em><\/strong><\/p>\n\n\n\n<p>Capacitar engenheiros e arquitetos para reconhecer, avaliar e controlar os riscos \u00e0 integridade f\u00edsica e psicol\u00f3gica dos trabalhadores em suas unidades laborais, nas comunidades vizinhas e no ecossistema em que est\u00e3o inseridos.<\/p>\n\n\n\n<p class=\"has-primary-accent-color has-text-color\"><strong><em>Carga hor\u00e1ria<\/em><\/strong><\/p>\n\n\n\n<p>O curso possui dura\u00e7\u00e3o de 660 (seiscentas e sessenta) horas, correspondentes a 44 (quarenta e quatro) cr\u00e9ditos a serem desenvolvidos em 3 (tr\u00eas) per\u00edodos letivos, ou seja, em 3 (tr\u00eas) semestres.<\/p>\n\n\n\n<p class=\"has-primary-accent-color has-text-color\"><strong><em>N\u00famero de vagas<\/em><\/strong><\/p>\n\n\n\n<p>S\u00e3o ofertadas 35 vagas, anualmente.<\/p>\n\n\n\n<p>Aulas presenciais sexta-feira a noite e s\u00e1bados nos dois per\u00edodos<\/p>\n\n\n\n<p class=\"has-primary-accent-color has-text-color\"><strong><em>P\u00fablico alvo<\/em><\/strong><\/p>\n\n\n\n<p>Poder\u00e3o candidatar-se ao curso, exclusivamente,&nbsp;Engenheiros de diversas \u00e1reas ou Arquitetos, com direito \u00e0 registro no seu respectivo conselho (CREA\/CAU) e tamb\u00e9m graduandos, exclusivamente,&nbsp;das \u00e1reas de engenharia e arquitetura, desde que comprovem a conclus\u00e3o desta gradua\u00e7\u00e3o at\u00e9 a data de matr\u00edcula, definida em Edital.<\/p>\n\n\n\n<p>Salienta-se que ap\u00f3s a conclus\u00e3o do curso, o profissional ter\u00e1 mais uma atribui\u00e7\u00e3o profissional junto ao conselho de classe.<\/p>\n\n\n\n<p class=\"has-primary-accent-color has-text-color\"><strong><em>Processo de sele\u00e7\u00e3o<\/em><\/strong><\/p>\n\n\n\n<p>A sele\u00e7\u00e3o dos candidatos ser\u00e1 realizada pela Comiss\u00e3o Coordenadora do Curso, de acordo com as normas estabelecidas pela PROPPG (Pr\u00f3-Reitoria de Pesquisa e P\u00f3s-Gradua\u00e7\u00e3o), e constar\u00e1 de an\u00e1lise do curriculum vitae e do hist\u00f3rico escolar de gradua\u00e7\u00e3o, podendo ser acrescido outro crit\u00e9rio que venha a ser julgado necess\u00e1rio pela referida Comiss\u00e3o.&nbsp;OBS: O n\u00e3o cumprimento de qualquer exig\u00eancia nas fases do processo seletivo, implica na desclassifica\u00e7\u00e3o autom\u00e1tica do candidato. Maiores informa\u00e7\u00f5es, consultar o edital em vig\u00eancia na barra de navega\u00e7\u00e3o superior.<\/p>\n\n\n<div class=\"is-style-boxed wp-block-themeisle-blocks-posts-grid\" id=\"wp-block-themeisle-blocks-posts-grid-573b76b5\"><div class=\"is-grid o-posts-grid-columns-3\"><div class=\"o-posts-grid-post-blog o-posts-grid-post-plain\"><div class=\"o-posts-grid-post\"><div class=\"o-posts-grid-post-body is-full\"><span class=\"o-posts-grid-post-category\"><a href=\"https:\/\/pos.uel.br\/est\/categoria\/editais-de-selecao\/\">Editais de Sele\u00e7\u00e3o<\/a><\/span><h4 class=\"o-posts-grid-post-title\"><a href=\"https:\/\/pos.uel.br\/est\/editais-de-selecao\/2026\/04\/17\/acesse-aqui-o-edital-2026\/\">Acesse aqui o edital 2026<\/a><\/h4><p class=\"o-posts-grid-post-meta\">Posted on <time datetime=\"2026-04-17T07:58:46-03:00\">17\/04\/2026<\/time> by <a href=\"https:\/\/pos.uel.br\/est\/author\/2303248\/\">WANESSA ROBERTA FAZINGA<\/a><\/p><div class=\"o-posts-grid-post-description\"><p>Edital com as informa\u00e7\u00f5es do curso de Engenharia de Seguran\u00e7a do Trabalho para a turma que inicia em\u2026<\/p><\/div><\/div><\/div><\/div><\/div> <\/div>","protected":false},"excerpt":{"rendered":"<p>Objetivo Capacitar engenheiros e arquitetos para reconhecer, avaliar e controlar os riscos \u00e0 integridade f\u00edsica e psicol\u00f3gica dos trabalhadores em suas unidades laborais, nas comunidades vizinhas e no ecossistema em que est\u00e3o inseridos. Carga hor\u00e1ria O curso possui dura\u00e7\u00e3o de 660 (seiscentas e sessenta) horas, correspondentes a 44 (quarenta e quatro) cr\u00e9ditos a serem desenvolvidos [&hellip;]<\/p>\n","protected":false},"author":6,"featured_media":0,"parent":0,"menu_order":0,"comment_status":"closed","ping_status":"closed","template":"","meta":{"_acf_changed":false,"_themeisle_gutenberg_block_has_review":false,"footnotes":""},"class_list":["post-53","page","type-page","status-publish","hentry"],"acf":[],"_links":{"self":[{"href":"https:\/\/pos.uel.br\/est\/wp-json\/wp\/v2\/pages\/53","targetHints":{"allow":["GET"]}}],"collection":[{"href":"https:\/\/pos.uel.br\/est\/wp-json\/wp\/v2\/pages"}],"about":[{"href":"https:\/\/pos.uel.br\/est\/wp-json\/wp\/v2\/types\/page"}],"author":[{"embeddable":true,"href":"https:\/\/pos.uel.br\/est\/wp-json\/wp\/v2\/users\/6"}],"replies":[{"embeddable":true,"href":"https:\/\/pos.uel.br\/est\/wp-json\/wp\/v2\/comments?post=53"}],"version-history":[{"count":10,"href":"https:\/\/pos.uel.br\/est\/wp-json\/wp\/v2\/pages\/53\/revisions"}],"predecessor-version":[{"id":330,"href":"https:\/\/pos.uel.br\/est\/wp-json\/wp\/v2\/pages\/53\/revisions\/330"}],"wp:attachment":[{"href":"https:\/\/pos.uel.br\/est\/wp-json\/wp\/v2\/media?parent=53"}],"curies":[{"name":"wp","href":"https:\/\/api.w.org\/{rel}","templated":true}]}}