{"id":8,"date":"2025-08-08T11:00:28","date_gmt":"2025-08-08T14:00:28","guid":{"rendered":"https:\/\/pos.uel.br\/ergonomia\/?page_id=8"},"modified":"2025-08-08T13:57:04","modified_gmt":"2025-08-08T16:57:04","slug":"sobre-o-curso","status":"publish","type":"page","link":"https:\/\/pos.uel.br\/ergonomia\/sobre-o-curso\/","title":{"rendered":"Sobre o curso"},"content":{"rendered":"\n<p><a>Curso Acreditado pela ABERGO \u2013 Associa\u00e7\u00e3o Brasileira de Ergonomia<\/a><\/p>\n\n\n\n<p><strong>Frequ\u00eancia de Aulas<\/strong>:<br>5\u00aa feiras \u2013 per\u00edodo noturno<br>S\u00e1bados \u2013 per\u00edodo matutino<br>COM SEMANAS LIVRES<\/p>\n\n\n\n<p><strong>Dura\u00e7\u00e3o:<\/strong><br>O curso tem a dura\u00e7\u00e3o de 3 per\u00edodos letivos (18 meses).<\/p>\n\n\n\n<p><strong>Local das aulas:<\/strong><br>O curso ser\u00e1 ofertado no modo \u201cremoto s\u00edncrono \u2013 ao vivo\u201d conforme resolu\u00e7\u00e3o CEPE n\u00b0 013\/2021, com atividades de campo.<\/p>\n\n\n\n<p><strong>P\u00fablico Alvo:<\/strong><br>Graduados ou graduandos em Administra\u00e7\u00e3o, Arquitetura, Ci\u00eancias Sociais, Comunica\u00e7\u00e3o, Engenharia, Design de Interiores, Design de Moda, Design Gr\u00e1fico, Design de Produto, Desenho Industrial, Direito, Economia, Psicologia, Medicina, Enfermagem, Fisioterapia, Terapia Ocupacional, Educa\u00e7\u00e3o F\u00edsica (bacharelado) e \u00e1reas afins, desde que comprovem a conclus\u00e3o de curso reconhecido de gradua\u00e7\u00e3o na data da matr\u00edcula.<\/p>\n","protected":false},"excerpt":{"rendered":"<p>Curso Acreditado pela ABERGO \u2013 Associa\u00e7\u00e3o Brasileira de Ergonomia Frequ\u00eancia de Aulas:5\u00aa feiras \u2013 per\u00edodo noturnoS\u00e1bados \u2013 per\u00edodo matutinoCOM SEMANAS LIVRES Dura\u00e7\u00e3o:O curso tem a dura\u00e7\u00e3o de 3 per\u00edodos letivos (18 meses). Local das aulas:O curso ser\u00e1 ofertado no modo \u201cremoto s\u00edncrono \u2013 ao vivo\u201d conforme resolu\u00e7\u00e3o CEPE n\u00b0 013\/2021, com atividades de campo. P\u00fablico [&hellip;]<\/p>\n","protected":false},"author":6,"featured_media":0,"parent":0,"menu_order":0,"comment_status":"closed","ping_status":"closed","template":"","meta":{"_acf_changed":false,"_themeisle_gutenberg_block_has_review":false,"footnotes":""},"class_list":["post-8","page","type-page","status-publish","hentry"],"acf":[],"_links":{"self":[{"href":"https:\/\/pos.uel.br\/ergonomia\/wp-json\/wp\/v2\/pages\/8","targetHints":{"allow":["GET"]}}],"collection":[{"href":"https:\/\/pos.uel.br\/ergonomia\/wp-json\/wp\/v2\/pages"}],"about":[{"href":"https:\/\/pos.uel.br\/ergonomia\/wp-json\/wp\/v2\/types\/page"}],"author":[{"embeddable":true,"href":"https:\/\/pos.uel.br\/ergonomia\/wp-json\/wp\/v2\/users\/6"}],"replies":[{"embeddable":true,"href":"https:\/\/pos.uel.br\/ergonomia\/wp-json\/wp\/v2\/comments?post=8"}],"version-history":[{"count":2,"href":"https:\/\/pos.uel.br\/ergonomia\/wp-json\/wp\/v2\/pages\/8\/revisions"}],"predecessor-version":[{"id":35,"href":"https:\/\/pos.uel.br\/ergonomia\/wp-json\/wp\/v2\/pages\/8\/revisions\/35"}],"wp:attachment":[{"href":"https:\/\/pos.uel.br\/ergonomia\/wp-json\/wp\/v2\/media?parent=8"}],"curies":[{"name":"wp","href":"https:\/\/api.w.org\/{rel}","templated":true}]}}