{"id":65,"date":"2025-08-08T16:07:49","date_gmt":"2025-08-08T19:07:49","guid":{"rendered":"https:\/\/pos.uel.br\/ergonomia\/?page_id=65"},"modified":"2025-08-12T15:00:28","modified_gmt":"2025-08-12T18:00:28","slug":"convocacao-para-matricula","status":"publish","type":"page","link":"https:\/\/pos.uel.br\/ergonomia\/convocacao-para-matricula\/","title":{"rendered":"Convoca\u00e7\u00e3o para matr\u00edcula"},"content":{"rendered":"\n<p><strong>Convoca\u00e7\u00e3o para Matr\u00edcula<\/strong><\/p>\n\n\n\n<p>Os\/as candidatos\/as aprovados\/as e classificados\/as ser\u00e3o convocados\/as para a efetiva\u00e7\u00e3o de matr\u00edcula por meio de&nbsp;<strong>Edital<\/strong>&nbsp;publicado pela Coordena\u00e7\u00e3o do Curso no endere\u00e7o<a href=\"https:\/\/pos.uel.br\/ergonomia\">https:\/\/pos.uel.br\/ergonomia<\/a>&nbsp;e pela Pr\u00f3-Reitoria de Pesquisa e P\u00f3s-Gradua\u00e7\u00e3o em&nbsp;<a href=\"https:\/\/sites.uel.br\/proppg\/categoria-edital\/pos-graduacao\/\">https:\/\/sites.uel.br\/proppg\/categoria-edital\/pos-graduacao\/<\/a>, a partir das&nbsp;<strong>17h do dia 20 de fevereiro de 2025<\/strong>.<\/p>\n\n\n\n<p>No Edital de resultado, al\u00e9m da convoca\u00e7\u00e3o para matr\u00edcula constar\u00e3o os procedimentos e prazos a serem cumpridos referentes a matr\u00edcula no portal do estudante.<\/p>\n\n\n\n<p>A matr\u00edcula est\u00e1 prevista para ocorrer no per\u00edodo de&nbsp;<strong>21 a 25 e fevereiro de 2025<\/strong>&nbsp;e todas as etapas para sua realiza\u00e7\u00e3o ser\u00e3o detalhadas no edital de resultado e convoca\u00e7\u00e3o para matr\u00edcula.<\/p>\n\n\n\n<p><strong>Disposi\u00e7\u00f5es Finais<\/strong><\/p>\n\n\n\n<p>Os casos omissos neste edital ser\u00e3o analisados pela Comiss\u00e3o Coordenadora do Curso de P\u00f3s-Gradua\u00e7\u00e3o em ERGONOMIA da UEL.<\/p>\n\n\n\n<p><a><strong>Obriga\u00e7\u00f5es do ALUNO:<\/strong><\/a><\/p>\n\n\n\n<ul class=\"wp-block-list\">\n<li>Estar atento \u00e0s informa\u00e7\u00f5es do\u00a0<a href=\"http:\/\/www.uel.br\/proppg\/portalnovo\/pages\/arquivos\/pos-graduacao\/calendario\/CalendarioLato2022-2023.pdf\"><strong>Calend\u00e1rio das atividades do curso de P\u00f3s-Gradua\u00e7\u00e3o Lato Sensu<\/strong>,<\/a>\u00a0do Regulamento e da Resolu\u00e7\u00e3o vigente do programa (Link dispon\u00edvel no inicio desta p\u00e1gina). Estas informa\u00e7\u00f5es ajudar\u00e3o o aluno a entender os procedimentos do curso e o cumprimento dos prazos, evitando assim, aborrecimentos no decorrer de suas atividades acad\u00eamicas.<\/li>\n\n\n\n<li>O endere\u00e7o de E-mail do aluno dever\u00e1 estar sempre atualizado no Sistema UEL, pois este \u00e9 o caminho que a Secretaria de P\u00f3s\/CECA tem para se comunicar com o aluno, caso aconte\u00e7a mudan\u00e7a no endere\u00e7o eletr\u00f4nico, o aluno dever\u00e1 comunicar a Secretaria de P\u00f3s\/CECA e solicitar atualiza\u00e7\u00e3o.<\/li>\n<\/ul>\n\n\n\n<div class=\"wp-block-columns is-layout-flex wp-container-core-columns-is-layout-9d6595d7 wp-block-columns-is-layout-flex\">\n<div class=\"wp-block-column is-layout-flow wp-block-column-is-layout-flow\"><\/div>\n<\/div>\n\n\n\n<p><\/p>\n","protected":false},"excerpt":{"rendered":"<p>Convoca\u00e7\u00e3o para Matr\u00edcula Os\/as candidatos\/as aprovados\/as e classificados\/as ser\u00e3o convocados\/as para a efetiva\u00e7\u00e3o de matr\u00edcula por meio de&nbsp;Edital&nbsp;publicado pela Coordena\u00e7\u00e3o do Curso no endere\u00e7ohttps:\/\/pos.uel.br\/ergonomia&nbsp;e pela Pr\u00f3-Reitoria de Pesquisa e P\u00f3s-Gradua\u00e7\u00e3o em&nbsp;https:\/\/sites.uel.br\/proppg\/categoria-edital\/pos-graduacao\/, a partir das&nbsp;17h do dia 20 de fevereiro de 2025. No Edital de resultado, al\u00e9m da convoca\u00e7\u00e3o para matr\u00edcula constar\u00e3o os procedimentos e prazos [&hellip;]<\/p>\n","protected":false},"author":6,"featured_media":0,"parent":0,"menu_order":0,"comment_status":"closed","ping_status":"closed","template":"","meta":{"_acf_changed":false,"_themeisle_gutenberg_block_has_review":false,"footnotes":""},"class_list":["post-65","page","type-page","status-publish","hentry"],"acf":[],"_links":{"self":[{"href":"https:\/\/pos.uel.br\/ergonomia\/wp-json\/wp\/v2\/pages\/65","targetHints":{"allow":["GET"]}}],"collection":[{"href":"https:\/\/pos.uel.br\/ergonomia\/wp-json\/wp\/v2\/pages"}],"about":[{"href":"https:\/\/pos.uel.br\/ergonomia\/wp-json\/wp\/v2\/types\/page"}],"author":[{"embeddable":true,"href":"https:\/\/pos.uel.br\/ergonomia\/wp-json\/wp\/v2\/users\/6"}],"replies":[{"embeddable":true,"href":"https:\/\/pos.uel.br\/ergonomia\/wp-json\/wp\/v2\/comments?post=65"}],"version-history":[{"count":4,"href":"https:\/\/pos.uel.br\/ergonomia\/wp-json\/wp\/v2\/pages\/65\/revisions"}],"predecessor-version":[{"id":122,"href":"https:\/\/pos.uel.br\/ergonomia\/wp-json\/wp\/v2\/pages\/65\/revisions\/122"}],"wp:attachment":[{"href":"https:\/\/pos.uel.br\/ergonomia\/wp-json\/wp\/v2\/media?parent=65"}],"curies":[{"name":"wp","href":"https:\/\/api.w.org\/{rel}","templated":true}]}}