{"id":61,"date":"2025-08-08T16:07:12","date_gmt":"2025-08-08T19:07:12","guid":{"rendered":"https:\/\/pos.uel.br\/ergonomia\/?page_id=61"},"modified":"2025-10-20T09:58:15","modified_gmt":"2025-10-20T12:58:15","slug":"isencao","status":"publish","type":"page","link":"https:\/\/pos.uel.br\/ergonomia\/isencao\/","title":{"rendered":"Isen\u00e7\u00e3o"},"content":{"rendered":"\n<div id=\"wp-block-themeisle-blocks-accordion-d214b866\" class=\"wp-block-themeisle-blocks-accordion exclusive\">\n<details class=\"wp-block-themeisle-blocks-accordion-item\"><summary class=\"wp-block-themeisle-blocks-accordion-item__title\"><div><strong>Isen\u00e7\u00e3o \u2013 Lei 19.196<\/strong>\u00a0\u2013 26 de outubro 2017 (<strong>Justi\u00e7a Eleitoral do Paran\u00e1 \u2013 eleitores convocados e nomeados pela Justi\u00e7a Eleitoral do Paran\u00e1 que prestarem servi\u00e7os no per\u00edodo eleitoral<\/strong>)<\/div><\/summary><div class=\"wp-block-themeisle-blocks-accordion-item__content\">\n<p><strong>a)&nbsp;<\/strong>Haver\u00e1 isen\u00e7\u00e3o do valor total do pre\u00e7o p\u00fablico de inscri\u00e7\u00e3o para eleitores\/as convocados\/as e nomeados\/as pela Justi\u00e7a Eleitoral do Paran\u00e1 que prestaram servi\u00e7os no per\u00edodo eleitoral visando \u00e0 prepara\u00e7\u00e3o, execu\u00e7\u00e3o e apura\u00e7\u00e3o de elei\u00e7\u00f5es oficiais, plebiscitos ou referendos em dois eventos eleitorais consecutivos ou n\u00e3o, v\u00e1lido por um per\u00edodo de 2 (dois) anos, conforme Lei 19196- 26 de outubro 2017;<\/p>\n\n\n\n<p>b<strong>)&nbsp;<\/strong>O\/a requerente dever\u00e1 preencher, digitalmente, o Requerimento de Isen\u00e7\u00e3o dispon\u00edvel em https:\/\/sites.uel.br\/proppg\/formularios-da-posgraduacao\/ (Requerimento Isen\u00e7\u00e3o), informando o nome do Curso que pretende se inscrever e encaminhar juntamente com a c\u00f3pia da comprova\u00e7\u00e3o do servi\u00e7o prestado, expedido pela Justi\u00e7a Eleitoral, no per\u00edodo de 21 a 23 outubro de 2024 para o e-mail spg.latosensu@uel.br, digitalizados em ARQUIVO \u00daNICO, no formato PDF com o assunto \u201cIsen\u00e7\u00e3o \u2013 nome do\/a requerente \u2013 Especializa\u00e7\u00e3o em PSICOPEDAGOGIA \u2013 nome do Curso. (Exemplo: Isen\u00e7\u00e3o \u2013 nome do\/a requerente \u2013 Especializa\u00e7\u00e3o em Psicopedagogia.<\/p>\n\n\n\n<p><strong>c)&nbsp;<\/strong>O\/a requerente com pedido de isen\u00e7\u00e3o deferido ou indeferido ser\u00e1 comunicado via e-mail at\u00e9 dia&nbsp;<strong>25 de outubro 2024<\/strong>;<\/p>\n\n\n\n<p><strong>d)<\/strong>&nbsp;O\/a requerente cujo pedido de isen\u00e7\u00e3o do recolhimento do valor do pre\u00e7o p\u00fablico de inscri\u00e7\u00e3o tenha sido indeferido, poder\u00e1 apresentar recurso contra o&nbsp;<strong>indeferimento&nbsp;<\/strong>das&nbsp;<strong>8h \u00e0s 23h59min do dia 29 de outubro 2024<\/strong>, enviando e-mail para spg.latosensu@uel.br. O requerimento dever\u00e1 apresentar justificativa circunstanciada para fundamentar a interposi\u00e7\u00e3o do recurso e informar o item, al\u00ednea e\/ou inciso do Edital em que se baseia a interposi\u00e7\u00e3o<\/p>\n\n\n\n<p><strong>e)<\/strong>&nbsp;O resultado da an\u00e1lise de eventuais recursos apresentados ser\u00e1 divulgado via e-mail a partir das 17h do dia 31 de outubro 2024.<\/p>\n\n\n\n<p><strong>f)<\/strong>&nbsp;O\/a requerente cujo pedido de isen\u00e7\u00e3o do recolhimento do pre\u00e7o p\u00fablico de inscri\u00e7\u00e3o for deferido dever\u00e1 se inscrever no endere\u00e7o eletr\u00f4nico&nbsp;<a href=\"https:\/\/sites.uel.br\/proppg\/inscricoes\/\">https:\/\/sites.uel.br\/proppg\/inscricoes\/<\/a>, no per\u00edodo de 04 de novembro a 12 de fevereiro de 2025, preencher as informa\u00e7\u00f5es solicitadas no momento da inscri\u00e7\u00e3o e fazer upload dos documentos, digitalizados (escaneado) em pdf, exigidos.&nbsp;<strong>N\u00e3o ser\u00e1 aceito upload de fotografias de documentos. Todos os documentos dever\u00e3o ser escaneados em pdf.<\/strong><\/p>\n\n\n\n<p><strong>g)<\/strong>&nbsp;O\/a requerente cujo pedido de isen\u00e7\u00e3o do recolhimento do pre\u00e7o p\u00fablico de inscri\u00e7\u00e3o for indeferido dever\u00e1, para efetivar sua inscri\u00e7\u00e3o na Sele\u00e7\u00e3o P\u00fablica, acessar o endere\u00e7o eletr\u00f4nico&nbsp;<a href=\"https:\/\/sites.uel.br\/proppg\/inscricoes\/\">https:\/\/sites.uel.br\/proppg\/inscricoes\/<\/a>, no per\u00edodo de 04 de novembro a 12 de fevereiro de 2025, preencher as informa\u00e7\u00f5es solicitadas no momento da inscri\u00e7\u00e3o, fazer upload dos documentos digitalizados (escaneado) em pdf, exigidos, imprimir o boleto banc\u00e1rio e recolher do valor do pre\u00e7o p\u00fablico de inscri\u00e7\u00e3o, conforme instru\u00e7\u00e3o no boleto, e hor\u00e1rio compat\u00edvel com as Intui\u00e7\u00f5es Financeiras. A Universidade e a Coordena\u00e7\u00e3o do Curso n\u00e3o se responsabilizam por recolhimento efetuado em banco diferente do indicado no boleto.&nbsp;<strong>N\u00e3o ser\u00e1 aceito upload de fotografias de documentos. Todos os documentos dever\u00e3o ser escaneados em pdf.<\/strong><\/p>\n\n\n\n<p><strong>Importante<\/strong>:<\/p>\n\n\n\n<p><strong>N\u00e3o esquecer de informar no requerimento o nome do Curso<\/strong>&nbsp;(Especializa\u00e7\u00e3o em Ergonomia) para o qual est\u00e1 requerendo a isen\u00e7\u00e3o;<br><strong>N\u00e3o esquecer de informar no assunto do e-mail:<\/strong>&nbsp;\u201cIsen\u00e7\u00e3o \u2013 nome do requerente \u2013 Especializa\u00e7\u00e3o em Ergonomia\u201d;<br><strong>N\u00e3o ser\u00e3o analisados pedidos de isen\u00e7\u00e3o com informa\u00e7\u00e3o incompleta, ileg\u00edvel ou fora do prazo estabelecido neste Edital.<\/strong><\/p>\n<\/div><\/details>\n\n\n\n<details class=\"wp-block-themeisle-blocks-accordion-item\"><summary class=\"wp-block-themeisle-blocks-accordion-item__title\"><div><strong>Isen\u00e7\u00e3o \u2013 Lei 19.293<\/strong>\u00a0\u2013 13 de dezembro de 2017 (<strong>Doador de sangue a \u00f3rg\u00e3o oficial de sa\u00fade ou \u00e0 entidade credenciada pela Uni\u00e3o, Estado ou Munic\u00edpio<\/strong>).<\/div><\/summary><div class=\"wp-block-themeisle-blocks-accordion-item__content\">\n<p>a) Haver\u00e1 isen\u00e7\u00e3o do valor total da taxa de inscri\u00e7\u00e3o para doadores de sangue realizado em \u00f3rg\u00e3o oficial ou \u00e0 entidade credenciada pela Uni\u00e3o, pelo Estado ou pelo Munic\u00edpio, conforme Lei 19.293 \u2013 13 de dezembro de 2017.<\/p>\n\n\n\n<p>b) O\/a requerente dever\u00e1 preencher, digitalmente, o Requerimento de Isen\u00e7\u00e3o dispon\u00edvel em&nbsp;<a href=\"https:\/\/sites.uel.br\/proppg\/formularios-da-pos-graduacao\/\">https:\/\/sites.uel.br\/proppg\/formularios-da-pos-graduacao\/<\/a>&nbsp;(Requerimento Isen\u00e7\u00e3o), informando o nome do Curso que pretende se inscrever, encaminhar juntamente com documento comprovando que realizou duas doa\u00e7\u00f5es dentro do per\u00edodo de doze meses anterior \u00e0 data de publica\u00e7\u00e3o desde edital, emitida por \u00f3rg\u00e3o oficial ou entidade credenciada pela Uni\u00e3o, pelo Estado ou pelo Munic\u00edpio, no per\u00edodo de 21 a 23 de outubro de 2024 para o e-mail spg.latosensu@uel.br, digitalizados em ARQUIVO \u00daNICO, no formato PDF com o assunto \u201cIsen\u00e7\u00e3o \u2013 nome do\/a requerente \u2013 Especializa\u00e7\u00e3o em Ergonomia \u2013 nome do Curso. (Exemplo: Isen\u00e7\u00e3o \u2013 nome do\/a requerente \u2013 Especializa\u00e7\u00e3o em Ergonomia)<\/p>\n\n\n\n<p>c) O\/a requerente com pedido de isen\u00e7\u00e3o deferido ou indeferido ser\u00e1 comunicado\/a via e-mail at\u00e9 dia 25 de outubro de 2024<\/p>\n\n\n\n<p>d) O\/A requerente cujo pedido de isen\u00e7\u00e3o do recolhimento do valor do pre\u00e7o p\u00fablico de inscri\u00e7\u00e3o tenha sido indeferido, poder\u00e1 apresentar recurso contra o indeferimento das 8h \u00e0s 23h59min do dia 29 de outubro de 2024, enviando e-mail para spg.latosensu@uel.br. O requerimento dever\u00e1 apresentar justificativa circunstanciada para fundamentar a interposi\u00e7\u00e3o do recurso e informar o item, al\u00ednea e\/ou inciso do Edital em que se baseia a interposi\u00e7\u00e3o.<\/p>\n\n\n\n<p>e) O resultado da an\u00e1lise de eventuais recursos apresentados ser\u00e1 divulgado na via e-mail a partir das 17h do 31 de outubro de 2024<\/p>\n\n\n\n<p>f) O\/a requerente cujo pedido de isen\u00e7\u00e3o do recolhimento do pre\u00e7o p\u00fablico de inscri\u00e7\u00e3o for&nbsp;<strong>deferido&nbsp;<\/strong>dever\u00e1 se inscrever no endere\u00e7o eletr\u00f4nico&nbsp;<a href=\"https:\/\/sites.uel.br\/proppg\/inscricoes\/\">https:\/\/sites.uel.br\/proppg\/inscricoes\/<\/a>, no per\u00edodo de 04 de novembro de 2024 a&nbsp;<strong>12 de fevereiro de 2025<\/strong>, preencher as informa\u00e7\u00f5es solicitadas no momento da inscri\u00e7\u00e3o e fazer upload dos documentos, digitalizados (escaneado) em pdf, exigidos.&nbsp;<strong>N\u00e3o ser\u00e1 aceito upload de fotografias de documentos. Todos os documentos dever\u00e3o ser escaneados em pdf.<\/strong><\/p>\n\n\n\n<p>g) O\/a requerente cujo pedido de isen\u00e7\u00e3o do recolhimento do pre\u00e7o p\u00fablico de inscri\u00e7\u00e3o for&nbsp;<strong>indeferido&nbsp;<\/strong>dever\u00e1, para efetivar sua inscri\u00e7\u00e3o na Sele\u00e7\u00e3o P\u00fablica, acessar o endere\u00e7o eletr\u00f4nico&nbsp;<a href=\"https:\/\/sites.uel.br\/proppg\/inscricoes\/\">https:\/\/sites.uel.br\/proppg\/inscricoes\/<\/a>, no per\u00edodo de 04 de novembro a&nbsp;<strong>12 de fevereiro de 2025<\/strong>, preencher as informa\u00e7\u00f5es solicitadas no momento da inscri\u00e7\u00e3o, fazer upload dos documentos digitalizados (escaneado) em pdf, exigidos, imprimir o boleto banc\u00e1rio e recolher do valor do pre\u00e7o p\u00fablico de inscri\u00e7\u00e3o, conforme instru\u00e7\u00e3o no boleto, e hor\u00e1rio compat\u00edvel com as Intui\u00e7\u00f5es Financeiras. A Universidade e a Coordena\u00e7\u00e3o do Curso n\u00e3o se responsabilizam por recolhimento efetuado em banco diferente do indicado no boleto. N\u00e3o ser\u00e1 aceito upload de fotografias de documentos. Todos os documentos dever\u00e3o ser escaneados em pdf.<\/p>\n\n\n\n<p><strong>Importante<\/strong>:<\/p>\n\n\n\n<p>N\u00e3o esquecer de informar no requerimento o nome do Curso (Especializa\u00e7\u00e3o em Ergonomia) para o qual est\u00e1 requerendo a isen\u00e7\u00e3o.<\/p>\n\n\n\n<p>N\u00e3o esquecer de informar no assunto do e-mail: \u201cIsen\u00e7\u00e3o \u2013 nome do\/a requerente \u2013 Especializa\u00e7\u00e3o em Ergonomia\u201d;<\/p>\n\n\n\n<p>N\u00e3o ser\u00e3o analisados pedidos de isen\u00e7\u00e3o com informa\u00e7\u00e3o incompleta, ileg\u00edvel ou fora do prazo estabelecido neste Edital.<\/p>\n<\/div><\/details>\n<\/div>\n\n\n\n<p><\/p>\n\n\n\n<p><\/p>\n\n\n\n<p><\/p>\n\n\n\n<p><\/p>\n","protected":false},"excerpt":{"rendered":"","protected":false},"author":6,"featured_media":0,"parent":0,"menu_order":0,"comment_status":"closed","ping_status":"closed","template":"","meta":{"_acf_changed":false,"_themeisle_gutenberg_block_has_review":false,"footnotes":""},"class_list":["post-61","page","type-page","status-publish","hentry"],"acf":[],"_links":{"self":[{"href":"https:\/\/pos.uel.br\/ergonomia\/wp-json\/wp\/v2\/pages\/61","targetHints":{"allow":["GET"]}}],"collection":[{"href":"https:\/\/pos.uel.br\/ergonomia\/wp-json\/wp\/v2\/pages"}],"about":[{"href":"https:\/\/pos.uel.br\/ergonomia\/wp-json\/wp\/v2\/types\/page"}],"author":[{"embeddable":true,"href":"https:\/\/pos.uel.br\/ergonomia\/wp-json\/wp\/v2\/users\/6"}],"replies":[{"embeddable":true,"href":"https:\/\/pos.uel.br\/ergonomia\/wp-json\/wp\/v2\/comments?post=61"}],"version-history":[{"count":4,"href":"https:\/\/pos.uel.br\/ergonomia\/wp-json\/wp\/v2\/pages\/61\/revisions"}],"predecessor-version":[{"id":144,"href":"https:\/\/pos.uel.br\/ergonomia\/wp-json\/wp\/v2\/pages\/61\/revisions\/144"}],"wp:attachment":[{"href":"https:\/\/pos.uel.br\/ergonomia\/wp-json\/wp\/v2\/media?parent=61"}],"curies":[{"name":"wp","href":"https:\/\/api.w.org\/{rel}","templated":true}]}}