{"id":59,"date":"2025-08-08T16:07:00","date_gmt":"2025-08-08T19:07:00","guid":{"rendered":"https:\/\/pos.uel.br\/ergonomia\/?page_id=59"},"modified":"2025-08-08T16:46:04","modified_gmt":"2025-08-08T19:46:04","slug":"documentos-para-inscricao","status":"publish","type":"page","link":"https:\/\/pos.uel.br\/ergonomia\/documentos-para-inscricao\/","title":{"rendered":"Documentos para inscri\u00e7\u00e3o"},"content":{"rendered":"\n<p>A documenta\u00e7\u00e3o deve estar completa, caso contr\u00e1rio, o\/a candidato\/a ser\u00e1 automaticamente exclu\u00eddo do processo seletivo.<\/p>\n\n\n\n<p>a) C\u00e9dula de Identidade (frente e verso) ou Carteira de Identidade Nacional (modelo novo \u2013 um \u00fanico documento para RG e CPF)- Obrigat\u00f3rio para fins acad\u00eamicos.&nbsp;<strong>N\u00e3o ser\u00e1 aceito carteira de habilita\u00e7\u00e3o (CNH) como documento comprobat\u00f3rio do RG;<\/strong><\/p>\n\n\n\n<p>b) Cadastro de Pessoa F\u00edsica \u2013 CPF (frente e verso). Quando na C\u00e9dula de Identidade n\u00e3o constar o n\u00ba do CPF, fica obrigat\u00f3rio a apresenta\u00e7\u00e3o do Cadastro de Pessoas F\u00edsicas ou Comprovante de Situa\u00e7\u00e3o Cadastral no CPF, retirado do site da Receita Federal.&nbsp;<strong>N\u00e3o ser\u00e1 aceito carteira de habilita\u00e7\u00e3o como documento comprobat\u00f3rio do CPF<\/strong>;<\/p>\n\n\n\n<p>c) documento Militar (M \u2013 frente e verso), para os que possuem at\u00e9 45 anos de idade;<\/p>\n\n\n\n<p>d) Certid\u00e3o de Nascimento ou Casamento (frente e verso, sem tarja ou marcas de dobras);<\/p>\n\n\n\n<p>e) c\u00f3pia digitalizada em pdf, frente e verso, do diploma do curso de gradua\u00e7\u00e3o, assinado pelo diplomado quando dispon\u00edvel espa\u00e7o de assinatura. Caso o\/a candidato\/a ainda n\u00e3o possua o diploma, dever\u00e1 apresentar Certificado de cola\u00e7\u00e3o de grau. Caso o\/a candidato\/a ainda n\u00e3o possua o Certificado, apresentar atestado que demonstre estar matriculado no \u00faltimo ano\/semestre do curso de gradua\u00e7\u00e3o com&nbsp;<strong>t\u00e9rmino previsto at\u00e9 o in\u00edcio do per\u00edodo letivo (10\/03\/2025)<\/strong>;<\/p>\n\n\n\n<p>f) Curr\u00edculo lattes;<\/p>\n\n\n\n<p>g) Perfil profissiogr\u00e1fico (o link estar\u00e1 dispon\u00edvel em: https:\/\/sites.uel.br\/ceca\/lato-sensu\/)<\/p>\n\n\n\n<p><strong>Candidatos estrangeiros<\/strong>&nbsp;dever\u00e3o apresentar, via upload: 1. passaporte; 2. diploma de gradua\u00e7\u00e3o (idioma de origem); 3. tradu\u00e7\u00e3o juramentada do diploma de gradua\u00e7\u00e3o; 4. Certid\u00e3o de Nascimento ou Casamento (idioma de origem); 5. tradu\u00e7\u00e3o juramentada da Certid\u00e3o de Nascimento ou Casamento; 6. c\u00f3pia do CPF; 7. visto de perman\u00eancia no pa\u00eds, atualizado.<\/p>\n\n\n\n<p><strong>Aten\u00e7\u00e3o<\/strong>: O\/a candidato\/a que apresentar documento que n\u00e3o o diploma deve ter ci\u00eancia de que, se aprovado no processo seletivo, dever\u00e1 apresentar, no ato da matr\u00edcula, documento comprobat\u00f3rio no qual a data (dia\/m\u00eas\/ano) de conclus\u00e3o do curso de Gradua\u00e7\u00e3o seja anterior ao in\u00edcio do per\u00edodo letivo (10\/03\/2025), sem o qual n\u00e3o poder\u00e1 efetuar a matr\u00edcula e perder\u00e1 o direito \u00e0 vaga, sem restitui\u00e7\u00e3o do valor do pre\u00e7o p\u00fablico referente \u00e0 inscri\u00e7\u00e3o. E ainda, realizar o envio da c\u00f3pia do Diploma de Gradua\u00e7\u00e3o, t\u00e3o logo ingresse no Curso de Especializa\u00e7\u00e3o ou no m\u00e1ximo at\u00e9 o m\u00eas setembro de 2025.<\/p>\n\n\n\n<p><strong>Aten\u00e7\u00e3o<\/strong>: O\/a candidato\/a que enviar documenta\u00e7\u00e3o incompleta ser\u00e1 automaticamente exclu\u00eddo do processo. Em caso de desist\u00eancia do processo seletivo ou em qualquer outra situa\u00e7\u00e3o, n\u00e3o haver\u00e1 restitui\u00e7\u00e3o do valor do pre\u00e7o p\u00fablico de inscri\u00e7\u00e3o.<\/p>\n\n\n\n<p>Ap\u00f3s o hor\u00e1rio de encerramento das inscri\u00e7\u00f5es, n\u00e3o ser\u00e1 mais poss\u00edvel o envio da documenta\u00e7\u00e3o e a inscri\u00e7\u00e3o n\u00e3o ser\u00e1 conclu\u00edda. Portanto, verifique a configura\u00e7\u00e3o do seu e-mail, computador e\/ou celular e fa\u00e7a o ajuste para o hor\u00e1rio de Bras\u00edlia.<\/p>\n\n\n\n<p>N\u00e3o ser\u00e3o aceitos arquivos compartilhados em Google Drive ou compactados, apenas anexados em formato PDF de acordo com as etapas da p\u00e1gina da inscri\u00e7\u00e3o.<\/p>\n\n\n\n<div class=\"wp-block-columns is-layout-flex wp-container-core-columns-is-layout-9d6595d7 wp-block-columns-is-layout-flex\">\n<div class=\"wp-block-column is-layout-flow wp-block-column-is-layout-flow\"><\/div>\n<\/div>\n","protected":false},"excerpt":{"rendered":"<p>A documenta\u00e7\u00e3o deve estar completa, caso contr\u00e1rio, o\/a candidato\/a ser\u00e1 automaticamente exclu\u00eddo do processo seletivo. a) C\u00e9dula de Identidade (frente e verso) ou Carteira de Identidade Nacional (modelo novo \u2013 um \u00fanico documento para RG e CPF)- Obrigat\u00f3rio para fins acad\u00eamicos.&nbsp;N\u00e3o ser\u00e1 aceito carteira de habilita\u00e7\u00e3o (CNH) como documento comprobat\u00f3rio do RG; b) Cadastro de [&hellip;]<\/p>\n","protected":false},"author":6,"featured_media":0,"parent":0,"menu_order":0,"comment_status":"closed","ping_status":"closed","template":"","meta":{"_acf_changed":false,"_themeisle_gutenberg_block_has_review":false,"footnotes":""},"class_list":["post-59","page","type-page","status-publish","hentry"],"acf":[],"_links":{"self":[{"href":"https:\/\/pos.uel.br\/ergonomia\/wp-json\/wp\/v2\/pages\/59","targetHints":{"allow":["GET"]}}],"collection":[{"href":"https:\/\/pos.uel.br\/ergonomia\/wp-json\/wp\/v2\/pages"}],"about":[{"href":"https:\/\/pos.uel.br\/ergonomia\/wp-json\/wp\/v2\/types\/page"}],"author":[{"embeddable":true,"href":"https:\/\/pos.uel.br\/ergonomia\/wp-json\/wp\/v2\/users\/6"}],"replies":[{"embeddable":true,"href":"https:\/\/pos.uel.br\/ergonomia\/wp-json\/wp\/v2\/comments?post=59"}],"version-history":[{"count":2,"href":"https:\/\/pos.uel.br\/ergonomia\/wp-json\/wp\/v2\/pages\/59\/revisions"}],"predecessor-version":[{"id":88,"href":"https:\/\/pos.uel.br\/ergonomia\/wp-json\/wp\/v2\/pages\/59\/revisions\/88"}],"wp:attachment":[{"href":"https:\/\/pos.uel.br\/ergonomia\/wp-json\/wp\/v2\/media?parent=59"}],"curies":[{"name":"wp","href":"https:\/\/api.w.org\/{rel}","templated":true}]}}