{"id":55,"date":"2025-08-08T16:04:26","date_gmt":"2025-08-08T19:04:26","guid":{"rendered":"https:\/\/pos.uel.br\/ergonomia\/?page_id=55"},"modified":"2025-10-14T17:32:51","modified_gmt":"2025-10-14T20:32:51","slug":"cronograma","status":"publish","type":"page","link":"https:\/\/pos.uel.br\/ergonomia\/cronograma\/","title":{"rendered":"Cronograma"},"content":{"rendered":"\n<figure class=\"wp-block-table is-style-stripes has-small-font-size\"><table class=\"has-fixed-layout\"><thead><tr><th>Procedimentos<\/th><th>Datas<\/th><\/tr><\/thead><tbody><tr><td>Requerimento de Isen\u00e7\u00e3o do pre\u00e7o p\u00fablico de inscri\u00e7\u00e3o: Justi\u00e7a Eleitoral e Doa\u00e7\u00e3o de Sangue \u2013 via e-mail<\/td><td>20 a 22 de outubro de 2025<\/td><\/tr><tr><td>Resultado dos pedidos de Isen\u00e7\u00e3o: Justi\u00e7a Eleitoral e Doa\u00e7\u00e3o de Sangue<\/td><td>24 de outubro de 2025<\/td><\/tr><tr><td>Interposi\u00e7\u00e3o de Recurso ao Resultado da Isen\u00e7\u00e3o: Justi\u00e7a Eleitoral e Doa\u00e7\u00e3o de Sangue<\/td><td>29 de outubro de 2025<\/td><\/tr><tr><td>Resultado do pedido Recurso: Isen\u00e7\u00e3o \u2013 Justi\u00e7a Eleitoral e Doa\u00e7\u00e3o de Sangue<\/td><td>31 de outubro de 2025<\/td><\/tr><tr><td>Per\u00edodo de Inscri\u00e7\u00e3o e upload dos documentos<\/td><td>05 de novembro de 2025 a 23 de fevereiro de 2026<\/td><\/tr><tr><td>Per\u00edodo de sele\u00e7\u00e3o<\/td><td>24 de fevereiro de 2026<\/td><\/tr><tr><td>Divulga\u00e7\u00e3o do Edital de Resultado e Convoca\u00e7\u00e3o para Matr\u00edcula<\/td><td>02 de mar\u00e7o de 2026<\/td><\/tr><tr><td>Per\u00edodo de Matr\u00edcula<\/td><td>03 a 05 de mar\u00e7o de 2026<\/td><\/tr><\/tbody><\/table><\/figure>\n\n\n\n<p><\/p>\n\n\n\n<p>Aten\u00e7\u00e3o: O\/a candidato\/a dever\u00e1 acompanhar os atos relativos ao processo de sele\u00e7\u00e3o dispon\u00edveis na p\u00e1gina do Curso (https:\/\/sites.uel.br\/ceca\/lato-sensu\/), obrigando-se a atender aos prazos e \u00e0s condi\u00e7\u00f5es estabelecidas no presente edital e \u00e0queles que vierem a ser divulgados durante a execu\u00e7\u00e3o da sele\u00e7\u00e3o.<\/p>\n\n\n\n<p><\/p>\n","protected":false},"excerpt":{"rendered":"<p>Procedimentos Datas Requerimento de Isen\u00e7\u00e3o do pre\u00e7o p\u00fablico de inscri\u00e7\u00e3o: Justi\u00e7a Eleitoral e Doa\u00e7\u00e3o de Sangue \u2013 via e-mail 20 a 22 de outubro de 2025 Resultado dos pedidos de Isen\u00e7\u00e3o: Justi\u00e7a Eleitoral e Doa\u00e7\u00e3o de Sangue 24 de outubro de 2025 Interposi\u00e7\u00e3o de Recurso ao Resultado da Isen\u00e7\u00e3o: Justi\u00e7a Eleitoral e Doa\u00e7\u00e3o de Sangue [&hellip;]<\/p>\n","protected":false},"author":6,"featured_media":0,"parent":0,"menu_order":0,"comment_status":"closed","ping_status":"closed","template":"","meta":{"_acf_changed":false,"_themeisle_gutenberg_block_has_review":false,"footnotes":""},"class_list":["post-55","page","type-page","status-publish","hentry"],"acf":[],"_links":{"self":[{"href":"https:\/\/pos.uel.br\/ergonomia\/wp-json\/wp\/v2\/pages\/55","targetHints":{"allow":["GET"]}}],"collection":[{"href":"https:\/\/pos.uel.br\/ergonomia\/wp-json\/wp\/v2\/pages"}],"about":[{"href":"https:\/\/pos.uel.br\/ergonomia\/wp-json\/wp\/v2\/types\/page"}],"author":[{"embeddable":true,"href":"https:\/\/pos.uel.br\/ergonomia\/wp-json\/wp\/v2\/users\/6"}],"replies":[{"embeddable":true,"href":"https:\/\/pos.uel.br\/ergonomia\/wp-json\/wp\/v2\/comments?post=55"}],"version-history":[{"count":5,"href":"https:\/\/pos.uel.br\/ergonomia\/wp-json\/wp\/v2\/pages\/55\/revisions"}],"predecessor-version":[{"id":133,"href":"https:\/\/pos.uel.br\/ergonomia\/wp-json\/wp\/v2\/pages\/55\/revisions\/133"}],"wp:attachment":[{"href":"https:\/\/pos.uel.br\/ergonomia\/wp-json\/wp\/v2\/media?parent=55"}],"curies":[{"name":"wp","href":"https:\/\/api.w.org\/{rel}","templated":true}]}}