{"id":70,"date":"2025-09-09T10:42:37","date_gmt":"2025-09-09T13:42:37","guid":{"rendered":"https:\/\/pos.uel.br\/ensino-de-geografia\/?page_id=70"},"modified":"2025-09-09T10:43:52","modified_gmt":"2025-09-09T13:43:52","slug":"revista","status":"publish","type":"page","link":"https:\/\/pos.uel.br\/ensino-de-geografia\/revista\/","title":{"rendered":"Revista"},"content":{"rendered":"\n<p>A Revista\u00a0GEOGRAFIA\u00a0(Londrina) \u00e9 uma publica\u00e7\u00e3o do Departamento de Geoci\u00eancias desde 1983, e ligada ao Programa de P\u00f3s-Gradua\u00e7\u00e3o em Geografia da Universidade Estadual de Londrina (PPGEO\/UEL) a partir de 2010. Seu objetivo \u00e9 a divulga\u00e7\u00e3o de trabalhos cient\u00edficos in\u00e9ditos (artigos, oficinas pedag\u00f3gicas, resenhas e notas cient\u00edficas) nas \u00e1reas de interesse da ci\u00eancia geogr\u00e1fica. S\u00e3o aceitos artigos nos idiomas portugu\u00eas, espanhol e ingl\u00eas. Recebimento em fluxo cont\u00ednuo.<\/p>\n\n\n\n<p>A Revista&nbsp;GEOGRAFIA (LONDRINA) \u00e9 A2 em Geografia na Avalia\u00e7\u00e3o Qualis Capes 2017-2020<\/p>\n\n\n\n<ul class=\"wp-block-list\">\n<li>Periodicidade:&nbsp;Semestral<\/li>\n\n\n\n<li>Acesso:&nbsp;Livre<\/li>\n\n\n\n<li>Site:&nbsp;<a href=\"https:\/\/ojs.uel.br\/revistas\/uel\/index.php\/geografia\" target=\"_blank\" rel=\"noreferrer noopener\">https:\/\/ojs.uel.br\/revistas\/uel\/index.php\/geografia<\/a><\/li>\n\n\n\n<li>E-mail:&nbsp;revista.geografia.uel@gmail.com<\/li>\n<\/ul>\n\n\n\n<h5 class=\"wp-block-heading\">A Revista GEOGRAFIA (LONDRINA) tamb\u00e9m \u00e9:<\/h5>\n\n\n\n<figure class=\"wp-block-table is-style-stripes has-small-font-size\"><table class=\"has-fixed-layout\"><thead><tr><th>ISSN<\/th><th>T\u00edtulo<\/th><th>\u00c1rea de Avalia\u00e7\u00e3o<\/th><th>Classifica\u00e7\u00e3o<\/th><\/tr><\/thead><tbody><tr><td>0102-3888<\/td><td>GEOGRAFIA (LONDRINA)<\/td><td>CI\u00caNCIAS AGR\u00c1RIAS I<\/td><td>A2<\/td><\/tr><tr><td>0102-3888<\/td><td>GEOGRAFIA (LONDRINA)<\/td><td>CI\u00caNCIAS AMBIENTAIS<\/td><td>A2<\/td><\/tr><tr><td>2447-1747<\/td><td>GEOGRAFIA (LONDRINA)<\/td><td>CI\u00caNCIAS AMBIENTAIS<\/td><td>A2<\/td><\/tr><tr><td>0102-3888<\/td><td>GEOGRAFIA (LONDRINA)<\/td><td>DIREITO<\/td><td>A2<\/td><\/tr><tr><td>2447-1747<\/td><td>GEOGRAFIA (LONDRINA)<\/td><td>EDUCA\u00c7\u00c3O<\/td><td>A2<\/td><\/tr><tr><td>0102-3888<\/td><td>GEOGRAFIA (LONDRINA)<\/td><td>EDUCA\u00c7\u00c3O<\/td><td>A2<\/td><\/tr><tr><td>0102-3888<\/td><td>GEOGRAFIA (LONDRINA)<\/td><td>ENGENHARIAS I<\/td><td>A2<\/td><\/tr><tr><td>2447-1747<\/td><td>GEOGRAFIA (LONDRINA)<\/td><td>ENGENHARIAS I<\/td><td>A2<\/td><\/tr><tr><td>0102-3888<\/td><td>GEOGRAFIA (LONDRINA)<\/td><td>ENSINO<\/td><td>A2<\/td><\/tr><tr><td>0102-3888<\/td><td>GEOGRAFIA (LONDRINA)<\/td><td>GEOCI\u00caNCIAS<\/td><td>A2<\/td><\/tr><tr><td>0102-3888<\/td><td>GEOGRAFIA (LONDRINA)<\/td><td>GEOGRAFIA<\/td><td>A2<\/td><\/tr><tr><td>2447-1747<\/td><td>GEOGRAFIA (LONDRINA)<\/td><td>GEOGRAFIA<\/td><td>A2<\/td><\/tr><tr><td>2447-1747<\/td><td>GEOGRAFIA (LONDRINA)<\/td><td>INTERDISCIPLINAR<\/td><td>A2<\/td><\/tr><tr><td>0102-3888<\/td><td>GEOGRAFIA (LONDRINA)<\/td><td>INTERDISCIPLINAR<\/td><td>A2<\/td><\/tr><tr><td>2447-1747<\/td><td>GEOGRAFIA (LONDRINA)<\/td><td>LINGU\u00cdSTICA E LITERATURA<\/td><td>A2<\/td><\/tr><tr><td>0102-3888<\/td><td>GEOGRAFIA (LONDRINA)<\/td><td>LINGU\u00cdSTICAE LITERATURA<\/td><td>A2<\/td><\/tr><tr><td>0102-3888<\/td><td>GEOGRAFIA (LONDRINA)<\/td><td>PLANEJAMENTO URBANO E REGIONAL\/DEMOGRAFIA<\/td><td>A2<\/td><\/tr><tr><td>2447-1747<\/td><td>GEOGRAFIA (LONDRINA)<\/td><td>PLANEJAMENTO URBANO E REGIONAL\/DEMOGRAFIA<\/td><td>A2<\/td><\/tr><\/tbody><\/table><\/figure>\n\n\n\n<p><\/p>\n","protected":false},"excerpt":{"rendered":"<p>A Revista\u00a0GEOGRAFIA\u00a0(Londrina) \u00e9 uma publica\u00e7\u00e3o do Departamento de Geoci\u00eancias desde 1983, e ligada ao Programa de P\u00f3s-Gradua\u00e7\u00e3o em Geografia da Universidade Estadual de Londrina (PPGEO\/UEL) a partir de 2010. Seu objetivo \u00e9 a divulga\u00e7\u00e3o de trabalhos cient\u00edficos in\u00e9ditos (artigos, oficinas pedag\u00f3gicas, resenhas e notas cient\u00edficas) nas \u00e1reas de interesse da ci\u00eancia geogr\u00e1fica. S\u00e3o aceitos artigos [&hellip;]<\/p>\n","protected":false},"author":6,"featured_media":0,"parent":0,"menu_order":0,"comment_status":"closed","ping_status":"closed","template":"","meta":{"_acf_changed":false,"_themeisle_gutenberg_block_has_review":false,"footnotes":""},"class_list":["post-70","page","type-page","status-publish","hentry"],"acf":[],"_links":{"self":[{"href":"https:\/\/pos.uel.br\/ensino-de-geografia\/wp-json\/wp\/v2\/pages\/70","targetHints":{"allow":["GET"]}}],"collection":[{"href":"https:\/\/pos.uel.br\/ensino-de-geografia\/wp-json\/wp\/v2\/pages"}],"about":[{"href":"https:\/\/pos.uel.br\/ensino-de-geografia\/wp-json\/wp\/v2\/types\/page"}],"author":[{"embeddable":true,"href":"https:\/\/pos.uel.br\/ensino-de-geografia\/wp-json\/wp\/v2\/users\/6"}],"replies":[{"embeddable":true,"href":"https:\/\/pos.uel.br\/ensino-de-geografia\/wp-json\/wp\/v2\/comments?post=70"}],"version-history":[{"count":3,"href":"https:\/\/pos.uel.br\/ensino-de-geografia\/wp-json\/wp\/v2\/pages\/70\/revisions"}],"predecessor-version":[{"id":74,"href":"https:\/\/pos.uel.br\/ensino-de-geografia\/wp-json\/wp\/v2\/pages\/70\/revisions\/74"}],"wp:attachment":[{"href":"https:\/\/pos.uel.br\/ensino-de-geografia\/wp-json\/wp\/v2\/media?parent=70"}],"curies":[{"name":"wp","href":"https:\/\/api.w.org\/{rel}","templated":true}]}}