{"id":31,"date":"2022-08-30T17:01:41","date_gmt":"2022-08-30T20:01:41","guid":{"rendered":"https:\/\/pos.uel.br\/direitocivil\/?page_id=31"},"modified":"2022-10-03T16:12:59","modified_gmt":"2022-10-03T19:12:59","slug":"regulamento","status":"publish","type":"page","link":"https:\/\/pos.uel.br\/economiaempresarial\/regulamento\/","title":{"rendered":"Resolu\u00e7\u00f5es | Delibera\u00e7\u00f5es\u00a0"},"content":{"rendered":"\n<hr class=\"wp-block-separator has-text-color has-secondary-accent-color has-alpha-channel-opacity has-secondary-accent-background-color has-background is-style-wide\"\/>\n\n\n\n<div class=\"wp-block-columns has-primary-text-color has-text-color is-layout-flex wp-container-core-columns-is-layout-9d6595d7 wp-block-columns-is-layout-flex\">\n<div class=\"wp-block-column is-layout-flow wp-block-column-is-layout-flow\">\n<p><strong>2017 &#8211; 2018&nbsp;<\/strong>&nbsp;<\/p>\n\n\n\n<ul class=\"has-small-font-size wp-block-list\"><li><a href=\"https:\/\/pos.uel.br\/economiaempresarial\/wp-content\/uploads\/2022\/10\/Del_033_2010_CA_ECO.pdf\" data-type=\"URL\" data-id=\"https:\/\/pos.uel.br\/economiaempresarial\/wp-content\/uploads\/2022\/10\/Del_033_2010_CA_ECO.pdf\" target=\"_blank\" rel=\"noreferrer noopener\">Delibera\u00e7\u00e3o_033_2010-ECO-Reestrutura\u00e7\u00e3o<\/a><\/li><li><a href=\"https:\/\/pos.uel.br\/economiaempresarial\/wp-content\/uploads\/2022\/10\/Resolucao-CA-46-2016-Mensalidade-Esp-Eco-Empresarial.pdf\" data-type=\"URL\" data-id=\"https:\/\/pos.uel.br\/economiaempresarial\/wp-content\/uploads\/2022\/10\/Resolucao-CA-46-2016-Mensalidade-Esp-Eco-Empresarial.pdf\" target=\"_blank\" rel=\"noreferrer noopener\">Resolu\u00e7\u00e3o_46_2016-ECO-Mensalidade<\/a><\/li><li><a href=\"https:\/\/pos.uel.br\/economiaempresarial\/wp-content\/uploads\/2022\/10\/Res_100_2010_CEPE_ECO.pdf\" data-type=\"URL\" data-id=\"https:\/\/pos.uel.br\/economiaempresarial\/wp-content\/uploads\/2022\/10\/Res_100_2010_CEPE_ECO.pdf\" target=\"_blank\" rel=\"noreferrer noopener\">Resolu\u00e7\u00e3o_100_2010-ECO-Vagas\u00a0<\/a><\/li><\/ul>\n\n\n\n<p><strong>2016<\/strong><\/p>\n\n\n\n<ul class=\"has-small-font-size wp-block-list\"><li><a rel=\"noreferrer noopener\" href=\"https:\/\/pos.uel.br\/economiaempresarial\/wp-content\/uploads\/2022\/10\/Del_033_2010_CA_ECO.pdf\" data-type=\"URL\" data-id=\"https:\/\/pos.uel.br\/economiaempresarial\/wp-content\/uploads\/2022\/10\/Del_033_2010_CA_ECO.pdf\" target=\"_blank\">Delibera\u00e7\u00e3o_033_2010-ECO-Reestrutura\u00e7\u00e3o<\/a><\/li><li><a rel=\"noreferrer noopener\" href=\"https:\/\/pos.uel.br\/economiaempresarial\/wp-content\/uploads\/2022\/10\/Res_092_2010_CA_ECO.pdf\" data-type=\"URL\" data-id=\"https:\/\/pos.uel.br\/economiaempresarial\/wp-content\/uploads\/2022\/10\/Res_092_2010_CA_ECO.pdf\" target=\"_blank\">Resolu\u00e7\u00e3o_092_2010-ECO-Mensalidade<\/a><\/li><li><a href=\"https:\/\/pos.uel.br\/economiaempresarial\/wp-content\/uploads\/2022\/10\/Res_100_2010_CEPE_ECO.pdf\" data-type=\"URL\" data-id=\"https:\/\/pos.uel.br\/economiaempresarial\/wp-content\/uploads\/2022\/10\/Res_100_2010_CEPE_ECO.pdf\" target=\"_blank\" rel=\"noreferrer noopener\">Resolu\u00e7\u00e3o_100_2010-ECO-Vagas\u00a0<br><\/a>\u00a0<\/li><\/ul>\n\n\n\n<h2 class=\"wp-block-heading\"><\/h2>\n<\/div>\n\n\n\n<div class=\"wp-block-column is-vertically-aligned-center is-layout-flow wp-block-column-is-layout-flow\">\n<p class=\"has-text-align-center\">&nbsp;<\/p>\n\n\n<div class=\"wp-block-image is-style-default\">\n<figure class=\"aligncenter is-resized\"><img loading=\"lazy\" decoding=\"async\" src=\"https:\/\/pos.uel.br\/direitocivil\/wp-content\/uploads\/2022\/09\/ementas.png\" alt=\"\" class=\"wp-image-174\" width=\"340\" height=\"92\"\/><figcaption><a href=\"https:\/\/www.sistemasweb.uel.br\/index.php?contents=system\/inscpos\/index.php&amp;pagina=view\/ListarDadosCurso.php&amp;cd_curso=113&amp;nr_resolucao=33\/2010\" data-type=\"URL\" data-id=\"https:\/\/www.sistemasweb.uel.br\/index.php?contents=system\/inscpos\/index.php&amp;pagina=view\/ListarDadosCurso.php&amp;cd_curso=113&amp;nr_resolucao=33\/2010\" target=\"_blank\" rel=\"noreferrer noopener\"><strong>EMENTAS<\/strong><\/a><\/figcaption><\/figure>\n<\/div><\/div>\n<\/div>\n\n\n\n<hr class=\"wp-block-separator has-text-color has-secondary-accent-color has-alpha-channel-opacity has-secondary-accent-background-color has-background is-style-wide\"\/>\n","protected":false},"excerpt":{"rendered":"<p>2017 &#8211; 2018&nbsp;&nbsp; Delibera\u00e7\u00e3o_033_2010-ECO-Reestrutura\u00e7\u00e3o Resolu\u00e7\u00e3o_46_2016-ECO-Mensalidade Resolu\u00e7\u00e3o_100_2010-ECO-Vagas\u00a0 2016 Delibera\u00e7\u00e3o_033_2010-ECO-Reestrutura\u00e7\u00e3o Resolu\u00e7\u00e3o_092_2010-ECO-Mensalidade Resolu\u00e7\u00e3o_100_2010-ECO-Vagas\u00a0\u00a0 &nbsp;<\/p>\n","protected":false},"author":7,"featured_media":0,"parent":0,"menu_order":0,"comment_status":"closed","ping_status":"closed","template":"","meta":{"_acf_changed":false,"_themeisle_gutenberg_block_has_review":false,"footnotes":""},"class_list":["post-31","page","type-page","status-publish","hentry"],"acf":[],"_links":{"self":[{"href":"https:\/\/pos.uel.br\/economiaempresarial\/wp-json\/wp\/v2\/pages\/31","targetHints":{"allow":["GET"]}}],"collection":[{"href":"https:\/\/pos.uel.br\/economiaempresarial\/wp-json\/wp\/v2\/pages"}],"about":[{"href":"https:\/\/pos.uel.br\/economiaempresarial\/wp-json\/wp\/v2\/types\/page"}],"author":[{"embeddable":true,"href":"https:\/\/pos.uel.br\/economiaempresarial\/wp-json\/wp\/v2\/users\/7"}],"replies":[{"embeddable":true,"href":"https:\/\/pos.uel.br\/economiaempresarial\/wp-json\/wp\/v2\/comments?post=31"}],"version-history":[{"count":4,"href":"https:\/\/pos.uel.br\/economiaempresarial\/wp-json\/wp\/v2\/pages\/31\/revisions"}],"predecessor-version":[{"id":458,"href":"https:\/\/pos.uel.br\/economiaempresarial\/wp-json\/wp\/v2\/pages\/31\/revisions\/458"}],"wp:attachment":[{"href":"https:\/\/pos.uel.br\/economiaempresarial\/wp-json\/wp\/v2\/media?parent=31"}],"curies":[{"name":"wp","href":"https:\/\/api.w.org\/{rel}","templated":true}]}}