{"id":92,"date":"2024-10-07T10:42:38","date_gmt":"2024-10-07T13:42:38","guid":{"rendered":"https:\/\/pos.uel.br\/direito-negocial\/?page_id=92"},"modified":"2026-03-06T11:49:17","modified_gmt":"2026-03-06T14:49:17","slug":"alunos-titulados-egressos-2","status":"publish","type":"page","link":"https:\/\/pos.uel.br\/direito-negocial\/alunos-titulados-egressos-2\/","title":{"rendered":"Alunos Titulados\/Egressos"},"content":{"rendered":"\n<details class=\"wp-block-details is-layout-flow wp-block-details-is-layout-flow\"><summary><strong>OUTROS ANOS<\/strong><br><\/summary>\n<p><a href=\"https:\/\/www.uel.br\/pos\/mestradoemdireito\/pages\/mestrado-em-direito-negocial\/discentes-mestrado\/egressos-mestrado\/ingresso-em-2018.php\"><strong>INGRESSO EM 2018<\/strong><\/a><\/p>\n\n\n\n<p><strong><a href=\"http:\/\/www.uel.br\/pos\/mestradoemdireito\/pages\/discentes\/egressos\/ingresso-em-2017.php\">INGRESSO EM 2017<\/a><\/strong><\/p>\n\n\n\n<p><a href=\"http:\/\/www.uel.br\/pos\/mestradoemdireito\/pages\/discentes\/egressos\/ingresso-em-2016.php\"><strong>INGRESSO EM 2016<\/strong><\/a><\/p>\n\n\n\n<p><strong><a href=\"http:\/\/www.uel.br\/pos\/mestradoemdireito\/pages\/discentes\/egressos\/ingresso-em-2015.php\">INGRESSO EM 2015<\/a><\/strong><\/p>\n\n\n\n<p><a href=\"http:\/\/www.uel.br\/pos\/mestradoemdireito\/pages\/discentes\/egressos\/ingresso-em-2014.php\"><strong>INGRESSO EM 2014<\/strong><\/a><\/p>\n\n\n\n<p><a href=\"http:\/\/www.uel.br\/pos\/mestradoemdireito\/pages\/discentes\/egressos\/ingresso-em-2013.php\"><strong>INGRESSO EM 2013<\/strong><\/a><\/p>\n\n\n\n<p><a href=\"http:\/\/www.uel.br\/pos\/mestradoemdireito\/pages\/discentes\/egressos\/ingresso-em-2012.php\"><strong>INGRESSO EM 2012<\/strong><\/a>&nbsp;<\/p>\n\n\n\n<p><a href=\"http:\/\/www.uel.br\/pos\/mestradoemdireito\/pages\/discentes\/egressos\/ingresso-em-2011.php\"><strong>INGRESSO EM 2011<\/strong><\/a><\/p>\n\n\n\n<p><a href=\"http:\/\/www.uel.br\/pos\/mestradoemdireito\/pages\/discentes\/egressos\/ingresso-em-2010.php\"><strong>INGRESSO EM 2010<\/strong><\/a><\/p>\n\n\n\n<p><strong><a href=\"http:\/\/www.uel.br\/pos\/mestradoemdireito\/pages\/discentes\/egressos\/ingresso-em-2009.php\">INGRESSO EM&nbsp;2009<\/a><\/strong><\/p>\n\n\n\n<p><strong><a href=\"http:\/\/www.uel.br\/pos\/mestradoemdireito\/pages\/discentes\/egressos\/ingresso-em-2008.php\">INGRESSO EM &nbsp;2008<\/a><\/strong><\/p>\n\n\n\n<p><strong><a href=\"http:\/\/www.uel.br\/pos\/mestradoemdireito\/pages\/discentes\/egressos\/ingresso-em-2007.php\">INGRESSO EM &nbsp;2007<\/a><\/strong>&nbsp;<\/p>\n<\/details>\n\n\n\n<h2 class=\"wp-block-heading\">2023 \/ 2025<\/h2>\n\n\n\n<p>Alvaro Paix\u00e3o Costa <a href=\"http:\/\/lattes.cnpq.br\/6700171254422513\" data-type=\"link\" data-id=\"http:\/\/lattes.cnpq.br\/6700171254422513\">[curr\u00edculo lattes]<\/a><\/p>\n\n\n\n<p>Amanda Ferreira Nunes Rodrigues <a href=\"http:\/\/lattes.cnpq.br\/1540451482042987\" data-type=\"link\" data-id=\"http:\/\/lattes.cnpq.br\/1540451482042987\">[curr\u00edculo lattes]<\/a><\/p>\n\n\n\n<p>Amanda Ribas Gelinski <a href=\"http:\/\/lattes.cnpq.br\/9348296369892749\" data-type=\"link\" data-id=\"http:\/\/lattes.cnpq.br\/9348296369892749\">[curr\u00edculo lattes]<\/a><\/p>\n\n\n\n<p>Anna Luiza Massarutti Cremonezi <a href=\"http:\/\/lattes.cnpq.br\/9362064902278196\" data-type=\"link\" data-id=\"http:\/\/lattes.cnpq.br\/9362064902278196\">[curr\u00edculo lattes]<\/a><\/p>\n\n\n\n<p>Camila Carniato Genta <a href=\"http:\/\/lattes.cnpq.br\/4007453993799344\" data-type=\"link\" data-id=\"http:\/\/lattes.cnpq.br\/4007453993799344\">[curr\u00edculo lattes]<\/a><\/p>\n\n\n\n<p>Cristiane Camila Bonacin Garcia <a href=\"http:\/\/lattes.cnpq.br\/6371046718179710\" data-type=\"link\" data-id=\"http:\/\/lattes.cnpq.br\/6371046718179710\">[curr\u00edculo lattes]<\/a><\/p>\n\n\n\n<p>Dorival Assi Junior <a href=\"http:\/\/lattes.cnpq.br\/4298449211240187\" data-type=\"link\" data-id=\"http:\/\/lattes.cnpq.br\/4298449211240187\">[curr\u00edculo lattes]<\/a><\/p>\n\n\n\n<p>Estefano Bentes Gomes <a href=\"http:\/\/lattes.cnpq.br\/4912721642990354\" data-type=\"link\" data-id=\"http:\/\/lattes.cnpq.br\/4912721642990354\">[curr\u00edculo lattes]<\/a><\/p>\n\n\n\n<p>Felipe Gomes Silva <a href=\"http:\/\/lattes.cnpq.br\/4932009161181731\" data-type=\"link\" data-id=\"http:\/\/lattes.cnpq.br\/4932009161181731\">[curr\u00edculo lattes]<\/a><\/p>\n\n\n\n<p>Fernanda Batelochi Santos <a href=\"http:\/\/lattes.cnpq.br\/6935336192466270\" data-type=\"link\" data-id=\"http:\/\/lattes.cnpq.br\/6935336192466270\">[curr\u00edculo lattes]<\/a><\/p>\n\n\n\n<p>Guilherme Borges Cili\u00e3o <a href=\"http:\/\/lattes.cnpq.br\/5767235526220349\" data-type=\"link\" data-id=\"http:\/\/lattes.cnpq.br\/5767235526220349\">[curr\u00edculo lattes]<\/a><\/p>\n\n\n\n<p>Iani F\u00e1varo Casagrande <a href=\"http:\/\/lattes.cnpq.br\/9225689309874026\" data-type=\"link\" data-id=\"http:\/\/lattes.cnpq.br\/9225689309874026\">[curr\u00edculo lattes]<\/a><\/p>\n\n\n\n<p>Isabela Gautier Ono <a href=\"http:\/\/lattes.cnpq.br\/6192255243354195\" data-type=\"link\" data-id=\"http:\/\/lattes.cnpq.br\/6192255243354195\">[curr\u00edculo lattes]<\/a><\/p>\n\n\n\n<p>Jo\u00e3o Antonio Sartori Junior <a href=\"http:\/\/lattes.cnpq.br\/8725011731293096\" data-type=\"link\" data-id=\"http:\/\/lattes.cnpq.br\/8725011731293096\">[curr\u00edculo lattes]<\/a><\/p>\n\n\n\n<p>Julia Maria Feliciano <a href=\"http:\/\/lattes.cnpq.br\/7220931022680929\" data-type=\"link\" data-id=\"http:\/\/lattes.cnpq.br\/7220931022680929\">[curr\u00edculo lattes]<\/a><\/p>\n\n\n\n<p>Juliana Ducatti Scodro <a href=\"http:\/\/lattes.cnpq.br\/6558998943413268\" data-type=\"link\" data-id=\"http:\/\/lattes.cnpq.br\/6558998943413268\">[curr\u00edculo lattes]<\/a><\/p>\n\n\n\n<p>Lais Alves de Oliveira <a href=\"http:\/\/lattes.cnpq.br\/8242348924109486\" data-type=\"link\" data-id=\"http:\/\/lattes.cnpq.br\/8242348924109486\">[curr\u00edculo lattes]<\/a><\/p>\n\n\n\n<p>Larissa Gonzales Linhares <a href=\"http:\/\/lattes.cnpq.br\/3624345193593829\" data-type=\"link\" data-id=\"http:\/\/lattes.cnpq.br\/3624345193593829\">[curr\u00edculo lattes]<\/a><\/p>\n\n\n\n<p>Lucas Mendon\u00e7a Trevisan <a href=\"http:\/\/lattes.cnpq.br\/2145370954382689\" data-type=\"link\" data-id=\"http:\/\/lattes.cnpq.br\/2145370954382689\">[curr\u00edculo lattes]<\/a><\/p>\n\n\n\n<p>Luis Felipe Assun\u00e7\u00e3o de Oliveira Santos <a href=\"http:\/\/lattes.cnpq.br\/4521899999558304\" data-type=\"link\" data-id=\"http:\/\/lattes.cnpq.br\/4521899999558304\">[curr\u00edculo lattes]<\/a><\/p>\n\n\n\n<p>Luis Fernando Ferreira Marques <a href=\"http:\/\/lattes.cnpq.br\/9304724792445745\" data-type=\"link\" data-id=\"http:\/\/lattes.cnpq.br\/9304724792445745\">[curr\u00edculo lattes]<\/a><\/p>\n\n\n\n<p>Marcio Fernando Rodrigues <a href=\"http:\/\/lattes.cnpq.br\/4772062053739489\" data-type=\"link\" data-id=\"http:\/\/lattes.cnpq.br\/4772062053739489\">[curr\u00edculo lattes]<\/a><\/p>\n\n\n\n<p>Maria Eduarda Gobbo Andrades <a href=\"http:\/\/lattes.cnpq.br\/4758496761885372\" data-type=\"link\" data-id=\"http:\/\/lattes.cnpq.br\/4758496761885372\">[curr\u00edculo lattes]<\/a><\/p>\n\n\n\n<p>Mariana Alves Siqueira <a href=\"http:\/\/lattes.cnpq.br\/6413727119128389\" data-type=\"link\" data-id=\"http:\/\/lattes.cnpq.br\/6413727119128389\">[curr\u00edculo lattes]<\/a><\/p>\n\n\n\n<p>Marilia do Amaral Felizardo <a href=\"http:\/\/lattes.cnpq.br\/6834721941170164\" data-type=\"link\" data-id=\"http:\/\/lattes.cnpq.br\/6834721941170164\">[curr\u00edculo lattes]<\/a><\/p>\n\n\n\n<p>Matheus Filipe de Queiroz <a href=\"http:\/\/lattes.cnpq.br\/4145334736476847\" data-type=\"link\" data-id=\"http:\/\/lattes.cnpq.br\/4145334736476847\">[curr\u00edculo lattes]<\/a><\/p>\n\n\n\n<p>Mayara Ribeiro Simaro <a href=\"http:\/\/lattes.cnpq.br\/2110355493745533\" data-type=\"link\" data-id=\"http:\/\/lattes.cnpq.br\/2110355493745533\">[curr\u00edculo lattes]<\/a><\/p>\n\n\n\n<p>Pedro Egidyo Valle de Souza <a href=\"http:\/\/lattes.cnpq.br\/5509671282110988\" data-type=\"link\" data-id=\"http:\/\/lattes.cnpq.br\/5509671282110988\">[curr\u00edculo lattes]<\/a><\/p>\n\n\n\n<p>Stella Maris Guergolet de Moura <a href=\"http:\/\/lattes.cnpq.br\/9999530352262774\" data-type=\"link\" data-id=\"http:\/\/lattes.cnpq.br\/9999530352262774\">[curr\u00edculo lattes]<\/a><\/p>\n\n\n\n<p>Suelyn de Oliveira Castilho <a href=\"http:\/\/lattes.cnpq.br\/2532697078215016\" data-type=\"link\" data-id=\"http:\/\/lattes.cnpq.br\/2532697078215016\">[curr\u00edculo lattes]<\/a><\/p>\n\n\n\n<p>Vit\u00f3ria Valentini Marques <a href=\"http:\/\/lattes.cnpq.br\/2214157295947536\" data-type=\"link\" data-id=\"http:\/\/lattes.cnpq.br\/2214157295947536\">[curr\u00edculo lattes]<\/a><\/p>\n\n\n\n<hr class=\"wp-block-separator has-alpha-channel-opacity is-style-default\" \/>\n\n\n\n<h3 class=\"wp-block-heading\">2022 \/ 2024<\/h3>\n\n\n\n<p>Ana Fl\u00e1via Costa [Curr\u00edculo Lattes]<\/p>\n\n\n\n<p>Beatriz Ribeiro Lopes Barbon [<a href=\"http:\/\/lattes.cnpq.br\/9046308027653670\">Curr\u00edculo Lattes<\/a>]<\/p>\n\n\n\n<p>Brenda Carolina Mugnol &nbsp;[<a href=\"http:\/\/lattes.cnpq.br\/6053237258950724\">Curr\u00edculo Lattes<\/a>]&nbsp;<\/p>\n\n\n\n<p>C\u00e1ssia Aparecida Pimenta Meneguce &nbsp;[<a href=\"http:\/\/lattes.cnpq.br\/2080694498981349\">Curr\u00edculo Lattes<\/a>]&nbsp;<\/p>\n\n\n\n<p>Clarissa Gaspar Massi &nbsp;[<a href=\"http:\/\/lattes.cnpq.br\/0623471984447115\">Curr\u00edculo Lattes<\/a>]&nbsp;<\/p>\n\n\n\n<p>Desir\u00e9e Silva Nascimento &nbsp;[<a href=\"http:\/\/lattes.cnpq.br\/2250694759625156\">Curr\u00edculo Lattes<\/a>]<\/p>\n\n\n\n<p>Eduardo Roberto dos Santos Beletato &nbsp;[<a href=\"http:\/\/lattes.cnpq.br\/1410098372400061\">Curr\u00edculo Lattes<\/a>]&nbsp;<\/p>\n\n\n\n<p>Eliz\u00e2ngela Abigail S\u00f3cio Ribeiro &nbsp;[<a href=\"http:\/\/lattes.cnpq.br\/4559979875846213\">Curr\u00edculo Lattes<\/a>]<\/p>\n\n\n\n<p>Estella Ananda Neves &nbsp;[<a href=\"http:\/\/lattes.cnpq.br\/8853587877891721\">Curr\u00edculo Lattes<\/a>]<\/p>\n\n\n\n<p>Francisco Tadeu Lima Garcia [<a href=\"http:\/\/lattes.cnpq.br\/7452684753132270\">Curr\u00edculo Lattes<\/a>]&nbsp;&nbsp;<\/p>\n\n\n\n<p>Gabriela Eduarda Marques Silva&nbsp; [<a href=\"http:\/\/lattes.cnpq.br\/0528501695435050\">Curr\u00edculo Lattes<\/a>]&nbsp;&nbsp;<\/p>\n\n\n\n<p>Germano Matheus Codognotto da Cunha [<a href=\"http:\/\/lattes.cnpq.br\/5039660046261161\">Curr\u00edculo Lattes<\/a>]&nbsp;&nbsp;&nbsp;<\/p>\n\n\n\n<p>Gl\u00f3rya Maria Oldemburg de Miranda [<a href=\"http:\/\/lattes.cnpq.br\/0683240381783971\">Curr\u00edculo Lattes<\/a>]&nbsp;&nbsp;<\/p>\n\n\n\n<p>Guilherme Augusto Girotto [<a href=\"http:\/\/lattes.cnpq.br\/6681872663921593\">Curr\u00edculo Lattes<\/a>]<\/p>\n\n\n\n<p>Guilherme Henrique Giacomino Silva [Curr\u00edculo Lattes]<\/p>\n\n\n\n<p>Henrique Pinho de Souza Cruz [Curr\u00edculo Lattes]<\/p>\n\n\n\n<p>Isabeau Lobo Muniz Santos Gomes&nbsp; [<a href=\"http:\/\/lattes.cnpq.br\/8825898994155793\">Curr\u00edculo Lattes<\/a>]&nbsp;&nbsp;<\/p>\n\n\n\n<p>Jo\u00e3o Vitor Conti Parron [<a href=\"http:\/\/lattes.cnpq.br\/1530194874732983\">Curr\u00edculo Lattes<\/a>]&nbsp;&nbsp;<\/p>\n\n\n\n<p>Josilaine Aleteia de Andrade C\u00e9sar [<a href=\"http:\/\/lattes.cnpq.br\/1020034751913273\">Curr\u00edculo Lattes<\/a>]&nbsp;&nbsp;&nbsp;<\/p>\n\n\n\n<p>Julia Mariana Cunha Perini [<a href=\"http:\/\/lattes.cnpq.br\/7695140861104576\">Curr\u00edculo Lattes<\/a>]&nbsp;&nbsp;&nbsp;<\/p>\n\n\n\n<p>Natalia Branco Lopes Krawczun [<a href=\"http:\/\/lattes.cnpq.br\/5099464316771211\">Curr\u00edculo Lattes<\/a>]&nbsp;&nbsp;<\/p>\n\n\n\n<p>Ot\u00e1vio Augusto Reis Santos [<a href=\"http:\/\/lattes.cnpq.br\/8314869577653097\">Curr\u00edculo Lattes<\/a>]&nbsp;&nbsp;<\/p>\n\n\n\n<p>Priscila Pereira [Curr\u00edculo Lattes]<\/p>\n\n\n\n<p>Raul Durizzo de Oliveira [<a href=\"http:\/\/lattes.cnpq.br\/5887794614180307\">Curr\u00edculo Lattes<\/a>]&nbsp;&nbsp;<\/p>\n\n\n\n<p>Robson Fernando Sebold&nbsp; [<a href=\"http:\/\/lattes.cnpq.br\/9854296832467616\">Curr\u00edculo Lattes<\/a>]&nbsp;<\/p>\n\n\n\n<p>Simone Cristina Iza\u00edas da Cunha [<a href=\"http:\/\/lattes.cnpq.br\/2009718821363475\">Curr\u00edculo Lattes<\/a>]&nbsp;&nbsp;<\/p>\n\n\n\n<p>Sth\u00e9fany Beatriz Ferreira Bellan [<a href=\"http:\/\/lattes.cnpq.br\/7629051766350968\">Curr\u00edculo Lattes<\/a>]&nbsp;&nbsp;<\/p>\n\n\n\n<p>Taynah Regina do Nascimento [<a href=\"http:\/\/lattes.cnpq.br\/9449748160884761\">Curr\u00edculo Lattes<\/a>]&nbsp;&nbsp;<\/p>\n\n\n\n<p>Thiago Ridolfi Ferreira [<a href=\"http:\/\/lattes.cnpq.br\/8164711011489939\">Curr\u00edculo Lattes<\/a>]&nbsp; &nbsp;<\/p>\n\n\n\n<p>Viviana Samara Yoko Matsui [<a href=\"http:\/\/lattes.cnpq.br\/2317521970281608\">Curr\u00edculo Lattes<\/a>]&nbsp;&nbsp;<\/p>\n\n\n\n<hr class=\"wp-block-separator has-alpha-channel-opacity\" \/>\n\n\n\n<h3 class=\"wp-block-heading\">2021 \/ 2023<\/h3>\n\n\n\n<p>Ana Henriqueta Volta Pires [<a href=\"http:\/\/lattes.cnpq.br\/4813977710286847\">Curr\u00edculo Lattes<\/a>]<\/p>\n\n\n\n<p>Ana L\u00facia Maso Borba Navolar [<a href=\"http:\/\/lattes.cnpq.br\/1856249865553759\">Curr\u00edculo Lattes<\/a>]<\/p>\n\n\n\n<p>Arthur Lutiheri Baptista Nespoli [<a href=\"http:\/\/lattes.cnpq.br\/6376977651631667\">Curr\u00edculo Lattes<\/a>]<\/p>\n\n\n\n<p>Beatriz Scherpinski Fernandes [<a href=\"http:\/\/lattes.cnpq.br\/0541783142127324\">Curr\u00edculo Lattes<\/a>]<\/p>\n\n\n\n<p>Beatriz Vieira Muchon [<a href=\"http:\/\/lattes.cnpq.br\/3009559306638322\">Curr\u00edculo Lattes<\/a>]<\/p>\n\n\n\n<p>Fernanda Shimomura Zuffa [<a href=\"http:\/\/lattes.cnpq.br\/9077178803357470\">Curr\u00edculo Lattes<\/a>]<\/p>\n\n\n\n<p>Flavia Osmarin Tosti Menegon [<a href=\"http:\/\/lattes.cnpq.br\/6716440493735601\">Curr\u00edculo Lattes<\/a>]<\/p>\n\n\n\n<p>Franciele Barbosa Santos [<a href=\"http:\/\/lattes.cnpq.br\/9354730047449821\">Curr\u00edculo Lattes<\/a>]<\/p>\n\n\n\n<p>Fujie Kawasaki [<a href=\"http:\/\/lattes.cnpq.br\/6627954702614306\">Curr\u00edculo Lattes<\/a>]<\/p>\n\n\n\n<p>Isabela Nabas Schiavon [<a href=\"http:\/\/lattes.cnpq.br\/0354512315123360\">Curr\u00edculo Lattes<\/a>]<\/p>\n\n\n\n<p>Izadora Caroline Costa [<a href=\"http:\/\/lattes.cnpq.br\/7928528270442932\">Curr\u00edculo Lattes<\/a>]<\/p>\n\n\n\n<p>J\u00falia Gaioso Nascimento [<a href=\"http:\/\/lattes.cnpq.br\/7641989375100709\">Curr\u00edculo Lattes<\/a>]<\/p>\n\n\n\n<p>Lillian Zucolote de Oliveira [<a href=\"http:\/\/lattes.cnpq.br\/4313308498926987\">Curr\u00edculo Lattes<\/a>]<\/p>\n\n\n\n<p>Lucas Mendon\u00e7a Giuseppin [<a href=\"http:\/\/lattes.cnpq.br\/0990353122414014\">Curr\u00edculo Lattes<\/a>]<\/p>\n\n\n\n<p>Lucas Rafael da Silva Delvechio [<a href=\"http:\/\/lattes.cnpq.br\/8638269346560309\">Curr\u00edculo Lattes<\/a>]<\/p>\n\n\n\n<p>Marcelo Augusto da Silva [<a href=\"http:\/\/lattes.cnpq.br\/0196207049975405\">Curr\u00edculo Lattes<\/a>]<\/p>\n\n\n\n<p>M\u00e1rcia Hiromi Cavalcanti [<a href=\"http:\/\/lattes.cnpq.br\/7962359454467625\">Curr\u00edculo Lattes<\/a>]<\/p>\n\n\n\n<p>Maria Sonego Rezende [<a href=\"http:\/\/lattes.cnpq.br\/7288946096750472\">Curr\u00edculo Lattes<\/a>]<\/p>\n\n\n\n<p>Marques Aparecido Rosa [<a href=\"http:\/\/lattes.cnpq.br\/2189563520800746\">Curr\u00edculo Lattes<\/a>]<\/p>\n\n\n\n<p>Murilo Meneguello Nicolau [<a href=\"http:\/\/lattes.cnpq.br\/1896819632471920\">Curr\u00edculo Lattes<\/a>]<\/p>\n\n\n\n<p>N\u00e1dia Carolina Brencis Guimar\u00e3es [<a href=\"http:\/\/lattes.cnpq.br\/6300470018267877\">Curr\u00edculo Lattes<\/a>]<\/p>\n\n\n\n<p>Nath\u00e1lia Douradinho Lopes [<a href=\"http:\/\/lattes.cnpq.br\/3459124291350880\">Curr\u00edculo Lattes<\/a>]<\/p>\n\n\n\n<p>Nathalia Dalbianco Novaes Pereira [<a href=\"http:\/\/lattes.cnpq.br\/6468522567343229\">Curr\u00edculo Lattes<\/a>]<\/p>\n\n\n\n<p>Pedro Alberto Alves Maciel Filho [<a href=\"http:\/\/lattes.cnpq.br\/6436134468405961\">Curr\u00edculo Lattes<\/a>]<\/p>\n\n\n\n<p>Rafael Carvalho Neves Dos Santos [<a href=\"http:\/\/lattes.cnpq.br\/2535061111486843\">Curr\u00edculo Lattes<\/a>]<\/p>\n\n\n\n<p>Silvio Henrique Marques Junior [<a href=\"http:\/\/lattes.cnpq.br\/4054572055371156\">Curr\u00edculo Lattes<\/a>]<\/p>\n\n\n\n<p>Thais Depieri Yoshitani [<a href=\"http:\/\/lattes.cnpq.br\/3853131278136506\">Curr\u00edculo Lattes<\/a>]<\/p>\n\n\n\n<p>Vanessa Manganaro de Ara\u00fajo Almeron [<a href=\"http:\/\/lattes.cnpq.br\/4541000919626902\">Curr\u00edculo Lattes<\/a>]<\/p>\n\n\n\n<hr class=\"wp-block-separator has-alpha-channel-opacity\" \/>\n\n\n\n<h3 class=\"wp-block-heading\">2020 \/ 2022<\/h3>\n\n\n\n<p>Adriel Borges Simoni <a href=\"http:\/\/buscatextual.cnpq.br\/buscatextual\/busca.do?metodo=apresentar\">[Curr\u00edculo Lattes]<\/a><\/p>\n\n\n\n<p>Aline Cirilo Caldas <a href=\"http:\/\/buscatextual.cnpq.br\/buscatextual\/busca.do?metodo=apresentar\">[Curr\u00edculo Lattes]<\/a><\/p>\n\n\n\n<p>Alysson Moreira <a href=\"http:\/\/buscatextual.cnpq.br\/buscatextual\/busca.do?metodo=apresentar\">[Curr\u00edculo Lattes]<\/a><\/p>\n\n\n\n<p>Ana Luiza Mendes Mendon\u00e7a <a href=\"http:\/\/buscatextual.cnpq.br\/buscatextual\/busca.do?metodo=apresentar\">[Curr\u00edculo Lattes]<\/a><\/p>\n\n\n\n<p>Artur C\u00e9sar de Souza <a href=\"http:\/\/buscatextual.cnpq.br\/buscatextual\/busca.do?metodo=apresentar\">[Curr\u00edculo Lattes]<\/a><\/p>\n\n\n\n<p>Barbara Vier <a href=\"http:\/\/buscatextual.cnpq.br\/buscatextual\/busca.do?metodo=apresentar\">[Curr\u00edculo Lattes]<\/a><\/p>\n\n\n\n<p>Bruna Faria&nbsp;<a href=\"http:\/\/lattes.cnpq.br\/6061865980432417\" target=\"_blank\" rel=\"noreferrer noopener\">[Curr\u00edculo Lattes]<\/a><\/p>\n\n\n\n<p>Eduardo Bueno Rodrigues&nbsp;<a href=\"http:\/\/lattes.cnpq.br\/6654243308517888\" target=\"_blank\" rel=\"noreferrer noopener\">[Curr\u00edculo Lattes]<\/a><\/p>\n\n\n\n<p>Fabio Eduardo Biazon Abrantes <a href=\"http:\/\/buscatextual.cnpq.br\/buscatextual\/busca.do?metodo=apresentar\">[Curr\u00edculo Lattes]<\/a><\/p>\n\n\n\n<p>Indyanara Cristina Pini <a href=\"http:\/\/buscatextual.cnpq.br\/buscatextual\/busca.do?metodo=apresentar\">[Curr\u00edculo Lattes]<\/a><\/p>\n\n\n\n<p>Jo\u00e3o Borducchi Aguiar <a href=\"http:\/\/buscatextual.cnpq.br\/buscatextual\/busca.do?metodo=apresentar\">[Curr\u00edculo Lattes]<\/a><\/p>\n\n\n\n<p>Jo\u00e3o Pedro Gindro Braz <a href=\"http:\/\/buscatextual.cnpq.br\/buscatextual\/busca.do?metodo=apresentar\">[Curr\u00edculo Lattes]<\/a><\/p>\n\n\n\n<p>Julia Borges da Costa Abdalla <a href=\"http:\/\/buscatextual.cnpq.br\/buscatextual\/busca.do?metodo=apresentar\">[Curr\u00edculo Lattes]<\/a><\/p>\n\n\n\n<p>Kathleen Cristina Tie Scalassara <a href=\"http:\/\/buscatextual.cnpq.br\/buscatextual\/busca.do?metodo=apresentar\">[Curr\u00edculo Lattes]<\/a><\/p>\n\n\n\n<p>Luciana Ara\u00fajo Pedrosa <a href=\"http:\/\/buscatextual.cnpq.br\/buscatextual\/busca.do?metodo=apresentar\">[Curr\u00edculo Lattes]<\/a><\/p>\n\n\n\n<p>Luciane Delalibera Bim <a href=\"http:\/\/buscatextual.cnpq.br\/buscatextual\/busca.do?metodo=apresentar\">[Curr\u00edculo Lattes]<\/a><\/p>\n\n\n\n<p>Marcelo Pichioli Silveira <a href=\"http:\/\/buscatextual.cnpq.br\/buscatextual\/busca.do?metodo=apresentar\">[Curr\u00edculo Lattes]<\/a><\/p>\n\n\n\n<p>M\u00e1rcia Cristina Mileski Martins <a href=\"http:\/\/buscatextual.cnpq.br\/buscatextual\/busca.do?metodo=apresentar\">[Curr\u00edculo Lattes]<\/a><\/p>\n\n\n\n<p>Mar\u00edlia Barros Breda <a href=\"http:\/\/buscatextual.cnpq.br\/buscatextual\/busca.do?metodo=apresentar\">[Curr\u00edculo Lattes]<\/a><\/p>\n\n\n\n<p>Melissa Ferrari <a href=\"http:\/\/buscatextual.cnpq.br\/buscatextual\/busca.do?metodo=apresentar\">[Curr\u00edculo Lattes]<\/a><\/p>\n\n\n\n<p>Nat\u00e1lia de Almeida Feliciano <a href=\"http:\/\/buscatextual.cnpq.br\/buscatextual\/busca.do?metodo=apresentar\">[Curr\u00edculo Lattes]<\/a><\/p>\n\n\n\n<p>Rennan Herbet Musfata <a href=\"http:\/\/buscatextual.cnpq.br\/buscatextual\/busca.do?metodo=apresentar\">[Curr\u00edculo Lattes]<\/a><\/p>\n\n\n\n<p>Ricardo Benvenhu <a href=\"http:\/\/buscatextual.cnpq.br\/buscatextual\/busca.do?metodo=apresentar\">[Curr\u00edculo Lattes]<\/a><\/p>\n\n\n\n<p>Rodolfo Vassoler da Silva <a href=\"http:\/\/buscatextual.cnpq.br\/buscatextual\/busca.do?metodo=apresentar\">[Curr\u00edculo Lattes]<\/a><\/p>\n\n\n\n<p>Tatiane Avelino Cardoso <a href=\"http:\/\/buscatextual.cnpq.br\/buscatextual\/busca.do?metodo=apresentar\">[Curr\u00edculo Lattes]<\/a><\/p>\n\n\n\n<p>Vinicius Cheliga <a href=\"http:\/\/buscatextual.cnpq.br\/buscatextual\/busca.do?metodo=apresentar\">[Curr\u00edculo Lattes]<\/a><\/p>\n\n\n\n<p>Vinicius Medina Campos <a href=\"http:\/\/buscatextual.cnpq.br\/buscatextual\/busca.do?metodo=apresentar\">[Curr\u00edculo Lattes]<\/a><\/p>\n\n\n\n<p>Yagho Willian Prenzler de Souza <a href=\"http:\/\/buscatextual.cnpq.br\/buscatextual\/busca.do?metodo=apresentar\">[Curr\u00edculo Lattes]<\/a><\/p>\n\n\n\n<p>Yago Alves Bertacchini <a href=\"http:\/\/buscatextual.cnpq.br\/buscatextual\/busca.do?metodo=apresentar\">[Curr\u00edculo Lattes]<\/a><\/p>\n\n\n\n<p><\/p>\n\n\n\n<hr class=\"wp-block-separator has-alpha-channel-opacity\" \/>\n\n\n\n<h3 class=\"wp-block-heading\">2019 \/ 2021<\/h3>\n\n\n\n<p>Amanda Machado Sorgi&nbsp;<a href=\"http:\/\/lattes.cnpq.br\/5832001450513092\">[Curr\u00edculo Lattes]<\/a><\/p>\n\n\n\n<p>Ana Paula Nacke Paulino&nbsp;<a href=\"http:\/\/lattes.cnpq.br\/9890447479397664\">[Curr\u00edculo Lattes]<\/a><\/p>\n\n\n\n<p>Andr\u00e9 Pedroso Kasemirski&nbsp;<a href=\"http:\/\/lattes.cnpq.br\/1638273579842607\">[Curr\u00edculo Lattes]<\/a><\/p>\n\n\n\n<p>Ariella Kely Besing Motter <a href=\"http:\/\/lattes.cnpq.br\/7191555428113738\">[Curr\u00edculo Lattes]<\/a><\/p>\n\n\n\n<p>Arthur Lustosa Strozzi&nbsp;<a href=\"http:\/\/lattes.cnpq.br\/4526539045157031\">[Curr\u00edculo Lattes]<\/a><\/p>\n\n\n\n<p>Cl\u00e1udia da Rocha&nbsp;<a href=\"http:\/\/buscatextual.cnpq.br\/buscatextual\/busca.do?metodo=apresentar\">[Curr\u00edculo Lattes]<\/a><\/p>\n\n\n\n<p>Daniel Marinho Corr\u00eaa&nbsp;<a href=\"http:\/\/lattes.cnpq.br\/7430234179468606\">[Curr\u00edculo Lattes]<\/a><\/p>\n\n\n\n<p>F\u00e1bio Andr\u00e9 Testa&nbsp;<a href=\"http:\/\/lattes.cnpq.br\/2745426669898947\">[Curr\u00edculo Lattes]<\/a><\/p>\n\n\n\n<p>Fernando Ono Martins&nbsp;<a href=\"http:\/\/lattes.cnpq.br\/9305360220261533\">[Curr\u00edculo Lattes]<\/a><\/p>\n\n\n\n<p>Francisco Luis Hipolito Galli\ufeff&nbsp;<a href=\"http:\/\/buscatextual.cnpq.br\/buscatextual\/busca.do?metodo=apresentar\">[Curr\u00edculo Lattes]<\/a><\/p>\n\n\n\n<p>Francielly Podanoschi de Castro <a href=\"http:\/\/buscatextual.cnpq.br\/buscatextual\/visualizacv.do?id=K4713490P8&amp;tokenCaptchar=03AGdBq26fd16-d8AcEK0aLsdGSO_fAmHi-9PKm51DQQGLimPGb9GMfQF5F6BNha1Rk2OpRHc0YTzvlEDZ0cggcgGqkcYFHnw4Tyszm9oo49rhDXBZAwMgpIJ5zitNGsgIYVaYnK1YlhfQJqF3ZHmBWxnpJz9ONgb2brVvYp9YGA0GqFXgL1FjFKkgYF2beClGiL47kG4AS156kisJoqJPcEQM6rLyWraRdgPly69rIJSnylk1xKtLd1WZjL6nCdohPw6j7L891moZK3Mti_LX_I4IpytH9-7A0JLZDo3CFPliIsNhv7KZqG6VyXNT8UohAKisqeQj7QKr_0smUEfqP6XTYH3ofuV3WJxXcuB3xhWvoAfM_pGgyClElSjhD57BeK79op1VAEZJPfqYJdKOV1auT-32fHDGgdy3qXS3Pm99rHof0AAkLtEykXxGaElH38nU9DBoGsW9nxSfmiGuT5_6oIfHEGFt_z2mI1lvWc96kwoClYeFHeec_zb_Jq3uiUa-YZjSquDbfEW1jmajrlZJdKXr6lTtwywkmK9difSzTokrGp2h1qQ\">[Curr\u00edculo Lattes]<\/a><\/p>\n\n\n\n<p>Gustavo Gabriel Danieli Santos\ufeff&nbsp;<a href=\"http:\/\/buscatextual.cnpq.br\/buscatextual\/busca.do?metodo=apresentar\">[Curr\u00edculo Lattes]<\/a><\/p>\n\n\n\n<p>Izabella Affonso Costa\ufeff&nbsp;<a href=\"http:\/\/buscatextual.cnpq.br\/buscatextual\/busca.do?metodo=apresentar\">[Curr\u00edculo Lattes]<\/a><\/p>\n\n\n\n<p>Janaina Vandresen\ufeff&nbsp;<a href=\"http:\/\/buscatextual.cnpq.br\/buscatextual\/busca.do?metodo=apresentar\">[Curr\u00edculo Lattes]<\/a><\/p>\n\n\n\n<p>Jos\u00e9 Rodolfo Castelo de Rezende\ufeff&nbsp;<a href=\"http:\/\/buscatextual.cnpq.br\/buscatextual\/busca.do?metodo=apresentar\">[Curr\u00edculo Lattes]<\/a><\/p>\n\n\n\n<p>Kellen Cris Vacari Conchon\ufeff&nbsp;<a href=\"http:\/\/buscatextual.cnpq.br\/buscatextual\/busca.do?metodo=apresentar\">[Curr\u00edculo Lattes]<\/a><\/p>\n\n\n\n<p>Larissa Leandro Lara\ufeff&nbsp;<a href=\"http:\/\/buscatextual.cnpq.br\/buscatextual\/busca.do?metodo=apresentar\">[Curr\u00edculo Lattes]<\/a><\/p>\n\n\n\n<p>Let\u00edcia Rodrigues e Silva\ufeff&nbsp;<a href=\"http:\/\/buscatextual.cnpq.br\/buscatextual\/busca.do?metodo=apresentar\">[Curr\u00edculo Lattes]<\/a><\/p>\n\n\n\n<p>Mariane Silva Oliveira\ufeff&nbsp;<a href=\"http:\/\/buscatextual.cnpq.br\/buscatextual\/busca.do?metodo=apresentar\">[Curr\u00edculo Lattes]\ufeff<\/a><\/p>\n\n\n\n<p>Nathaly Giunta Borges\ufeff&nbsp;<a href=\"http:\/\/buscatextual.cnpq.br\/buscatextual\/busca.do?metodo=apresentar\">[Curr\u00edculo Lattes]<\/a><\/p>\n\n\n\n<p>Patr\u00edcia Gasparro Sevilha Greco\ufeff&nbsp;<a href=\"http:\/\/buscatextual.cnpq.br\/buscatextual\/busca.do?metodo=apresentar\">[Curr\u00edculo Lattes]<\/a><\/p>\n\n\n\n<p>Rafael Kenji Freiberger Nagashima&nbsp;<a href=\"http:\/\/buscatextual.cnpq.br\/buscatextual\/busca.do?metodo=apresentar\">[Curr\u00edculo Lattes]<\/a><\/p>\n\n\n\n<p>Rafaela Almeida Noble\ufeff&nbsp;<a href=\"http:\/\/buscatextual.cnpq.br\/buscatextual\/busca.do?metodo=apresentar\">[Curr\u00edculo Lattes]<\/a><\/p>\n\n\n\n<p>Renan Braghin&nbsp;\ufeff<a href=\"http:\/\/buscatextual.cnpq.br\/buscatextual\/busca.do?metodo=apresentar\">[Curr\u00edculo Lattes]<\/a><\/p>\n\n\n\n<p>Rodolfo Ign\u00e1cio Alicena\ufeff&nbsp;<a href=\"http:\/\/buscatextual.cnpq.br\/buscatextual\/busca.do?metodo=apresentar\">[Curr\u00edculo Lattes]<\/a><\/p>\n\n\n\n<p>Rodolfo Carvalho Neves dos Santos\ufeff&nbsp;<a href=\"http:\/\/buscatextual.cnpq.br\/buscatextual\/busca.do?metodo=apresentar\">[Curr\u00edculo Lattes]<\/a><\/p>\n\n\n\n<p>Tatiana Kolly Wasilewski Rodrigues\ufeff&nbsp;<a href=\"http:\/\/buscatextual.cnpq.br\/buscatextual\/busca.do?metodo=apresentar\">[Curr\u00edculo Lattes]<\/a><\/p>\n\n\n\n<p>Valdeci Eleuterio\ufeff&nbsp;<a href=\"http:\/\/buscatextual.cnpq.br\/buscatextual\/busca.do?metodo=apresentar\">[Curr\u00edculo Lattes]<\/a><\/p>\n\n\n\n<p>Vinicius Vilela dos Santos\ufeff&nbsp;<a href=\"http:\/\/buscatextual.cnpq.br\/buscatextual\/busca.do?metodo=apresentar\">[Curr\u00edculo Lattes]<\/a><\/p>\n\n\n\n<p>Vitor Gabriel Garnica\ufeff&nbsp;<a href=\"http:\/\/buscatextual.cnpq.br\/buscatextual\/busca.do?metodo=apresentar\">[Curr\u00edculo Lattes]<\/a><\/p>\n\n\n\n<h2 class=\"wp-block-heading\"><\/h2>\n","protected":false},"excerpt":{"rendered":"<p>2023 \/ 2025 Alvaro Paix\u00e3o Costa [curr\u00edculo lattes] Amanda Ferreira Nunes Rodrigues [curr\u00edculo lattes] Amanda Ribas Gelinski [curr\u00edculo lattes] Anna Luiza Massarutti Cremonezi [curr\u00edculo lattes] Camila Carniato Genta [curr\u00edculo lattes] Cristiane Camila Bonacin Garcia [curr\u00edculo lattes] Dorival Assi Junior [curr\u00edculo lattes] Estefano Bentes Gomes [curr\u00edculo lattes] Felipe Gomes Silva [curr\u00edculo lattes] Fernanda Batelochi Santos [curr\u00edculo [&hellip;]<\/p>\n","protected":false},"author":11,"featured_media":0,"parent":0,"menu_order":0,"comment_status":"closed","ping_status":"closed","template":"","meta":{"_acf_changed":false,"footnotes":""},"class_list":["post-92","page","type-page","status-publish","hentry"],"acf":[],"_links":{"self":[{"href":"https:\/\/pos.uel.br\/direito-negocial\/wp-json\/wp\/v2\/pages\/92","targetHints":{"allow":["GET"]}}],"collection":[{"href":"https:\/\/pos.uel.br\/direito-negocial\/wp-json\/wp\/v2\/pages"}],"about":[{"href":"https:\/\/pos.uel.br\/direito-negocial\/wp-json\/wp\/v2\/types\/page"}],"author":[{"embeddable":true,"href":"https:\/\/pos.uel.br\/direito-negocial\/wp-json\/wp\/v2\/users\/11"}],"replies":[{"embeddable":true,"href":"https:\/\/pos.uel.br\/direito-negocial\/wp-json\/wp\/v2\/comments?post=92"}],"version-history":[{"count":12,"href":"https:\/\/pos.uel.br\/direito-negocial\/wp-json\/wp\/v2\/pages\/92\/revisions"}],"predecessor-version":[{"id":4158,"href":"https:\/\/pos.uel.br\/direito-negocial\/wp-json\/wp\/v2\/pages\/92\/revisions\/4158"}],"wp:attachment":[{"href":"https:\/\/pos.uel.br\/direito-negocial\/wp-json\/wp\/v2\/media?parent=92"}],"curies":[{"name":"wp","href":"https:\/\/api.w.org\/{rel}","templated":true}]}}