{"id":89,"date":"2024-10-07T10:42:38","date_gmt":"2024-10-07T13:42:38","guid":{"rendered":"https:\/\/pos.uel.br\/direito-negocial\/?page_id=89"},"modified":"2025-07-07T09:08:59","modified_gmt":"2025-07-07T12:08:59","slug":"curriculo-e-disciplinas-2","status":"publish","type":"page","link":"https:\/\/pos.uel.br\/direito-negocial\/curriculo-e-disciplinas-2\/","title":{"rendered":"Curr\u00edculo e Disciplinas"},"content":{"rendered":"\n<div class=\"wp-block-columns is-layout-flex wp-container-core-columns-is-layout-9d6595d7 wp-block-columns-is-layout-flex\">\n<div class=\"wp-block-column is-layout-flow wp-block-column-is-layout-flow\"><\/div>\n\n\n\n<div class=\"wp-block-column is-layout-flow wp-block-column-is-layout-flow\"><\/div>\n<\/div>\n\n\n\n<hr class=\"wp-block-separator has-text-color has-secondary-accent-color has-alpha-channel-opacity has-secondary-accent-background-color has-background is-style-wide\" \/>\n\n\n\n<div class=\"wp-block-columns has-site-background-color has-primary-accent-background-color has-text-color has-background is-layout-flex wp-container-core-columns-is-layout-9d6595d7 wp-block-columns-is-layout-flex\">\n<div class=\"wp-block-column is-layout-flow wp-block-column-is-layout-flow\" style=\"flex-basis:33.33%\">\n<p class=\"has-small-font-size\"><strong>P\u00daBLICO ALVO<\/strong><\/p>\n\n\n\n<p class=\"has-small-font-size\">Poder\u00e3o candidatar-se ao Curso graduados ou graduandos em Direito, desde que comprovem a conclus\u00e3o da gradua\u00e7\u00e3o na data da matr\u00edcula.<\/p>\n\n\n\n<hr class=\"wp-block-separator has-alpha-channel-opacity is-style-wide\" \/>\n\n\n\n<p class=\"has-small-font-size\"><strong>N\u00daMERO DE VAGAS<\/strong><\/p>\n\n\n\n<p class=\"has-small-font-size\">30 (trinta) vagas<br><\/p>\n<\/div>\n\n\n\n<div class=\"wp-block-column is-layout-flow wp-block-column-is-layout-flow\" style=\"flex-basis:66.66%\">\n<p class=\"has-small-font-size\"><strong>INVESTIMENTO<\/strong><\/p>\n\n\n\n<p class=\"has-small-font-size\">Gratuito.<\/p>\n\n\n\n<p><\/p>\n\n\n\n<hr class=\"wp-block-separator has-alpha-channel-opacity is-style-wide\" \/>\n\n\n\n<p class=\"has-small-font-size\"><strong>IN\u00cdCIO E T\u00c9RMINO DAS AULAS | CURSO<\/strong><\/p>\n\n\n\n<p class=\"has-small-font-size\">O Programa de P\u00f3s Gradua\u00e7\u00e3o em Direito Negocial na modalidade de mestrado tem dura\u00e7\u00e3o de no m\u00ednimo 02 (dois) e no m\u00e1ximo de 04 (quatro) per\u00edodos letivos, com in\u00edcio das aulas em agosto. <\/p>\n<\/div>\n<\/div>\n\n\n\n<hr class=\"wp-block-separator has-text-color has-secondary-accent-color has-alpha-channel-opacity has-secondary-accent-background-color has-background is-style-wide\" \/>\n\n\n\n<div class=\"wp-block-columns is-layout-flex wp-container-core-columns-is-layout-9d6595d7 wp-block-columns-is-layout-flex\">\n<div class=\"wp-block-column is-layout-flow wp-block-column-is-layout-flow\">\n<p class=\"has-small-font-size\"><strong>ESTRUTURA CURRICULAR<\/strong><\/p>\n\n\n\n<p class=\"has-small-font-size\">O Curso ter\u00e1 a dura\u00e7\u00e3o de 735 (setecentos e trinta e cinco) horas, correspondentes a 49 (quarenta e nove) cr\u00e9ditos a serem desenvolvidos em no m\u00ednimo 2 (dois) e no m\u00e1ximo 04 (quatro) per\u00edodos letivos, obedecendo \u00e0 seguinte organiza\u00e7\u00e3o curricular<\/p>\n\n\n\n<p class=\"has-small-font-size\">a) 10 (dez) cr\u00e9ditos em disciplinas obrigat\u00f3rias; <\/p>\n\n\n\n<p class=\"has-small-font-size\">b) 08 (oito) cr\u00e9ditos em disciplinas eletivas da linha de pesquisa; <\/p>\n\n\n\n<p class=\"has-small-font-size\">c) 04 (quatro) cr\u00e9ditos em disciplinas complementares; <\/p>\n\n\n\n<p class=\"has-small-font-size\">d) 24 (vinte e quatro) cr\u00e9ditos em disserta\u00e7\u00e3o; <\/p>\n\n\n\n<p class=\"has-small-font-size\">e) 03 (tr\u00eas) cr\u00e9ditos de est\u00e1gio de doc\u00eancia na gradua\u00e7\u00e3o<\/p>\n\n\n\n<p><\/p>\n\n\n\n<p class=\"has-small-font-size\">O programa obedecer\u00e1 a seguinte organiza\u00e7\u00e3o curricular:<\/p>\n\n\n\n<p><strong>A) DISCIPLINAS OBRIGAT\u00d3RIAS:<\/strong><\/p>\n\n\n\n<figure class=\"wp-block-table has-small-font-size\"><table><tbody><tr><td class=\"has-text-align-center\" data-align=\"center\"><strong>C\u00f3digo<\/strong><\/td><td><strong>Disciplina<\/strong><\/td><td class=\"has-text-align-center\" data-align=\"center\"><strong>Cr\u00e9ditos<\/strong><\/td><td class=\"has-text-align-center\" data-align=\"center\"><strong>C.H.<\/strong><\/td><\/tr><tr><td class=\"has-text-align-center\" data-align=\"center\">2PRI368<\/td><td>Metodologia da Pesquisa Jur\u00eddico-Cient\u00edfica<\/td><td class=\"has-text-align-center\" data-align=\"center\">02<\/td><td class=\"has-text-align-center\" data-align=\"center\">30<\/td><\/tr><tr><td class=\"has-text-align-center\" data-align=\"center\">2PRI517<\/td><td>Fundamentos Filos\u00f3ficos do Direito Negocial<\/td><td class=\"has-text-align-center\" data-align=\"center\">03<\/td><td class=\"has-text-align-center\" data-align=\"center\">45<\/td><\/tr><tr><td class=\"has-text-align-center\" data-align=\"center\">2PRI519<\/td><td>Fundamentos Dogm\u00e1ticos dos Neg\u00f3cios Jur\u00eddicos<\/td><td class=\"has-text-align-center\" data-align=\"center\">03<\/td><td class=\"has-text-align-center\" data-align=\"center\">45<\/td><\/tr><tr><td class=\"has-text-align-center\" data-align=\"center\">2PUB473<\/td><td>Gest\u00e3o de Conflitos em Neg\u00f3cios Jur\u00eddicos P\u00fablicos e Privados<\/td><td class=\"has-text-align-center\" data-align=\"center\">02<\/td><td class=\"has-text-align-center\" data-align=\"center\">30<\/td><\/tr><\/tbody><\/table><\/figure>\n\n\n\n<p><strong>B) DISCIPLINAS ELETIVAS DA LINHA DE PESQUISA DO ESTUDANTE (exigem-se 8 cr\u00e9ditos):<\/strong><\/p>\n\n\n\n<p><strong>B.1) Rela\u00e7\u00f5es Negociais no Direito Privado<\/strong><\/p>\n\n\n\n<figure class=\"wp-block-table has-small-font-size\"><table><tbody><tr><td><strong>C\u00f3digo<\/strong><\/td><td><strong>Disciplina<\/strong><\/td><td class=\"has-text-align-center\" data-align=\"center\"><strong>Cr\u00e9ditos<\/strong><\/td><td class=\"has-text-align-center\" data-align=\"center\"><strong>C.H.<\/strong><\/td><\/tr><tr><td>2PRI454<\/td><td>A Empresa Contempor\u00e2nea e o Regime Jur\u00eddico Brasileiro<\/td><td class=\"has-text-align-center\" data-align=\"center\">02<\/td><td class=\"has-text-align-center\" data-align=\"center\">30<\/td><\/tr><tr><td>2PRI523<\/td><td>Inova\u00e7\u00e3o, Novas Tecnologias e Internet: Os Desafios do Direito Diante das Novas Formas Negociais<\/td><td class=\"has-text-align-center\" data-align=\"center\">02<\/td><td class=\"has-text-align-center\" data-align=\"center\">30<\/td><\/tr><tr><td>2PRI520<\/td><td>Neg\u00f3cios Jur\u00eddicos e Responsabilidade Civil<\/td><td class=\"has-text-align-center\" data-align=\"center\">02<\/td><td class=\"has-text-align-center\" data-align=\"center\">30<\/td><\/tr><tr><td>2PRI521<\/td><td>Neg\u00f3cios Jur\u00eddicos e Biodireito<\/td><td class=\"has-text-align-center\" data-align=\"center\">02<\/td><td class=\"has-text-align-center\" data-align=\"center\">30<\/td><\/tr><tr><td>2PRI536<\/td><td>Contratos Contempor\u00e2neos<\/td><td class=\"has-text-align-center\" data-align=\"center\">02<\/td><td class=\"has-text-align-center\" data-align=\"center\">30<\/td><\/tr><tr><td>2PRI537<\/td><td>Resolu\u00e7\u00e3o de Conflitos no Direito das Fam\u00edlias<\/td><td class=\"has-text-align-center\" data-align=\"center\">02<\/td><td class=\"has-text-align-center\" data-align=\"center\">30<\/td><\/tr><\/tbody><\/table><\/figure>\n\n\n\n<p><strong>B.2) Rela\u00e7\u00f5es Negociais no Direito P\u00fablico<\/strong><\/p>\n<\/div>\n<\/div>\n\n\n\n<figure class=\"wp-block-table has-small-font-size\"><table><tbody><tr><td><strong>C\u00f3digo<\/strong><\/td><td><strong>Disciplina<\/strong><\/td><td class=\"has-text-align-center\" data-align=\"center\"><strong>Cr\u00e9ditos<\/strong><\/td><td class=\"has-text-align-center\" data-align=\"center\"><strong>C.H.<\/strong><\/td><\/tr><tr><td>2PUB456<\/td><td>Meio Ambiente e Neg\u00f3cios Jur\u00eddicos<\/td><td class=\"has-text-align-center\" data-align=\"center\">02<\/td><td class=\"has-text-align-center\" data-align=\"center\">30<\/td><\/tr><tr><td>2PUB474<\/td><td>Rela\u00e7\u00f5es Negociais de Trabalho no Mundo Contempor\u00e2neo<\/td><td class=\"has-text-align-center\" data-align=\"center\">02<\/td><td class=\"has-text-align-center\" data-align=\"center\">30<\/td><\/tr><tr><td>2PUB455<\/td><td>Neg\u00f3cios Jur\u00eddicos e Acesso \u00e0 Justi\u00e7a<\/td><td class=\"has-text-align-center\" data-align=\"center\">02<\/td><td class=\"has-text-align-center\" data-align=\"center\">30<\/td><\/tr><tr><td>2PUB403<\/td><td>Hermen\u00eautica, Neg\u00f3cios Jur\u00eddicos e Princ\u00edpios Democr\u00e1ticos no C\u00f3digo de Processo Civil<\/td><td class=\"has-text-align-center\" data-align=\"center\">02<\/td><td class=\"has-text-align-center\" data-align=\"center\">30<\/td><\/tr><tr><td>2PUB454<\/td><td>O Direito Internacional em um Mundo em Transforma\u00e7\u00e3o: O papel das institui\u00e7\u00f5es que regulam o com\u00e9rcio, o direito e as rela\u00e7\u00f5es internacionais<\/td><td class=\"has-text-align-center\" data-align=\"center\">02<\/td><td class=\"has-text-align-center\" data-align=\"center\">30<\/td><\/tr><tr><td>2PUB453<\/td><td>Estado, Dom\u00ednio Eco\u00f4mico e Regula\u00e7\u00e3o dos Neg\u00f3cios Jur\u00eddicos<\/td><td class=\"has-text-align-center\" data-align=\"center\">02<\/td><td class=\"has-text-align-center\" data-align=\"center\">30<\/td><\/tr><\/tbody><\/table><\/figure>\n\n\n\n<p><strong>C) DISCIPLINAS COMPLEMENTARES (exigem-se 4 cr\u00e9ditos)<\/strong><\/p>\n\n\n\n<figure class=\"wp-block-table has-small-font-size\"><table><tbody><tr><td class=\"has-text-align-left\" data-align=\"left\"><strong>C\u00f3digo<\/strong><\/td><td><strong>Disciplina<\/strong><\/td><td class=\"has-text-align-center\" data-align=\"center\"><strong>Cr\u00e9ditos<\/strong><\/td><td class=\"has-text-align-center\" data-align=\"center\"><strong>C.H.<\/strong><\/td><\/tr><tr><td class=\"has-text-align-left\" data-align=\"left\">2PRI203<\/td><td>Semin\u00e1rios em Temas Jur\u00eddicos Contempor\u00e2neos I<\/td><td class=\"has-text-align-center\" data-align=\"center\">02<\/td><td class=\"has-text-align-center\" data-align=\"center\">30<\/td><\/tr><tr><td class=\"has-text-align-left\" data-align=\"left\">2PUB242<\/td><td>Semin\u00e1rios em Temas Jur\u00eddicos Contempor\u00e2neos II<\/td><td class=\"has-text-align-center\" data-align=\"center\">02<\/td><td class=\"has-text-align-center\" data-align=\"center\">30<\/td><\/tr><tr><td class=\"has-text-align-left\" data-align=\"left\">2PUB392<\/td><td>Economia, Direito e Democracia<\/td><td class=\"has-text-align-center\" data-align=\"center\">02<\/td><td class=\"has-text-align-center\" data-align=\"center\">30<\/td><\/tr><tr><td class=\"has-text-align-left\" data-align=\"left\">2PRI455<\/td><td>Responsabilidade Social Empresarial e Neg\u00f3cios Jur\u00eddicos<\/td><td class=\"has-text-align-center\" data-align=\"center\">02<\/td><td class=\"has-text-align-center\" data-align=\"center\">30<\/td><\/tr><tr><td class=\"has-text-align-left\" data-align=\"left\">2PRI538<\/td><td>Neg\u00f3cios Jur\u00eddicos Familiares e Sucess\u00f3rios<\/td><td class=\"has-text-align-center\" data-align=\"center\">02<\/td><td class=\"has-text-align-center\" data-align=\"center\">30<\/td><\/tr><tr><td class=\"has-text-align-left\" data-align=\"left\">2PUB380<\/td><td>Direito e Liberdade<\/td><td class=\"has-text-align-center\" data-align=\"center\">02<\/td><td class=\"has-text-align-center\" data-align=\"center\">30<\/td><\/tr><tr><td class=\"has-text-align-left\" data-align=\"left\">2PUB387<\/td><td>Teoria do Processo Civil Contempor\u00e2neo<\/td><td class=\"has-text-align-center\" data-align=\"center\">02<\/td><td class=\"has-text-align-center\" data-align=\"center\">30<\/td><\/tr><tr><td class=\"has-text-align-left\" data-align=\"left\">2PRI539<\/td><td>Gest\u00e3o de Conflitos sob a An\u00e1lise Econ\u00f4mica do Direito<\/td><td class=\"has-text-align-center\" data-align=\"center\">02<\/td><td class=\"has-text-align-center\" data-align=\"center\">30<\/td><\/tr><\/tbody><\/table><\/figure>\n\n\n\n<p><strong>D) DISSERTA\u00c7\u00c3O DE MESTRADO (exigem-se 24 cr\u00e9ditos)<\/strong><\/p>\n\n\n\n<p class=\"has-small-font-size\">Para os alunos da linha de Rela\u00e7\u00f5es Negociais de Direito Privado:<\/p>\n\n\n\n<figure class=\"wp-block-table has-small-font-size\"><table><tbody><tr><td><strong>C\u00f3digo<\/strong><\/td><td><strong>Disciplina<\/strong><\/td><td class=\"has-text-align-center\" data-align=\"center\"><strong>Cr\u00e9ditos<\/strong><\/td><td class=\"has-text-align-center\" data-align=\"center\"><strong>C.H.<\/strong><\/td><\/tr><tr><td>2PRI206<\/td><td>Disserta\u00e7\u00e3o I<\/td><td class=\"has-text-align-center\" data-align=\"center\">06<\/td><td class=\"has-text-align-center\" data-align=\"center\">90<\/td><\/tr><tr><td>2PRI207<\/td><td>Disserta\u00e7\u00e3o II<\/td><td class=\"has-text-align-center\" data-align=\"center\">06<\/td><td class=\"has-text-align-center\" data-align=\"center\">90<\/td><\/tr><tr><td>2PRI208<\/td><td>Disserta\u00e7\u00e3o III<\/td><td class=\"has-text-align-center\" data-align=\"center\">06<\/td><td class=\"has-text-align-center\" data-align=\"center\">90<\/td><\/tr><tr><td>2PRI209<\/td><td>Disserta\u00e7\u00e3o IV<\/td><td class=\"has-text-align-center\" data-align=\"center\">06<\/td><td class=\"has-text-align-center\" data-align=\"center\">90<\/td><\/tr><\/tbody><\/table><\/figure>\n\n\n\n<p class=\"has-small-font-size\">Para os alunos da linha de Rela\u00e7\u00f5es Negociais de Direito P\u00fablico:<\/p>\n\n\n\n<figure class=\"wp-block-table has-small-font-size\"><table><tbody><tr><td><strong>C\u00f3digo<\/strong><\/td><td><strong>Disciplina<\/strong><\/td><td class=\"has-text-align-center\" data-align=\"center\"><strong>Cr\u00e9ditos<\/strong><\/td><td class=\"has-text-align-center\" data-align=\"center\"><strong>C.H.<\/strong><\/td><\/tr><tr><td>2PUB247<\/td><td>Disserta\u00e7\u00e3o I<\/td><td class=\"has-text-align-center\" data-align=\"center\">06<\/td><td class=\"has-text-align-center\" data-align=\"center\">90<\/td><\/tr><tr><td>2PUB248<\/td><td>Disserta\u00e7\u00e3o II<\/td><td class=\"has-text-align-center\" data-align=\"center\">06<\/td><td class=\"has-text-align-center\" data-align=\"center\">90<\/td><\/tr><tr><td>2PUB249<\/td><td>Disserta\u00e7\u00e3o III<\/td><td class=\"has-text-align-center\" data-align=\"center\">06<\/td><td class=\"has-text-align-center\" data-align=\"center\">90<\/td><\/tr><tr><td>2PUB250<\/td><td>Disserta\u00e7\u00e3o IV<\/td><td class=\"has-text-align-center\" data-align=\"center\">06<\/td><td class=\"has-text-align-center\" data-align=\"center\">90<\/td><\/tr><\/tbody><\/table><\/figure>\n\n\n\n<p><strong>E) EST\u00c1GIO DE DOC\u00caNCIA NA GRADUA\u00c7\u00c3O (exigem-se 3 cr\u00e9ditos)<\/strong><\/p>\n\n\n\n<figure class=\"wp-block-table has-small-font-size\"><table><tbody><tr><td><strong>C\u00f3digo<\/strong><\/td><td><strong>Disciplina<\/strong><\/td><td class=\"has-text-align-center\" data-align=\"center\"><strong>Cr\u00e9ditos<\/strong><\/td><td class=\"has-text-align-center\" data-align=\"center\"><strong>C.H.<\/strong><\/td><\/tr><tr><td>2PRI441<\/td><td>Est\u00e1gio de Doc\u00eancia na Gradua\u00e7\u00e3o I<\/td><td class=\"has-text-align-center\" data-align=\"center\">03<\/td><td class=\"has-text-align-center\" data-align=\"center\">45<\/td><\/tr><tr><td>2PRI442<\/td><td>Est\u00e1gio de Doc\u00eancia na Gradua\u00e7\u00e3o II<\/td><td class=\"has-text-align-center\" data-align=\"center\">03<\/td><td class=\"has-text-align-center\" data-align=\"center\">45<\/td><\/tr><tr><td>2PUB355<\/td><td>Est\u00e1gio de Doc\u00eancia na Gradua\u00e7\u00e3o III<\/td><td class=\"has-text-align-center\" data-align=\"center\">03<\/td><td class=\"has-text-align-center\" data-align=\"center\">45<\/td><\/tr><\/tbody><\/table><\/figure>\n\n\n\n<div class=\"wp-block-uel-card\">\n<p class=\"has-site-background-color has-primary-accent-background-color has-text-color has-background has-link-color wp-elements-d8c1466a8648ba501c72574e6bf34fbb\"><strong>Para ser deferida a avalia\u00e7\u00e3o no exame de qualifica\u00e7\u00e3o, deve o mestrando cumprir ainda os seguintes requisitos:<\/strong><\/p>\n\n\n\n<p class=\"has-site-background-color has-primary-accent-background-color has-text-color has-background has-link-color has-small-font-size wp-elements-d1b647c0838da04731ce45514d25f765\">A) Requerer no Portal do Estudante o exame no prazo m\u00e1ximo de 20 meses a contar da data do ingresso no programa, salvo justificativa comprovada e aceita pelo orientador e coordenador;<\/p>\n\n\n\n<p class=\"has-site-background-color has-primary-accent-background-color has-text-color has-background has-link-color has-small-font-size wp-elements-eb5fbea6a5c32edfe6c56ceb4afa8d4c\">B) Ter sido aprovado no exame de profici\u00eancia em l\u00edngua estrangeira;<\/p>\n\n\n\n<p class=\"has-site-background-color has-primary-accent-background-color has-text-color has-background has-link-color has-small-font-size wp-elements-985d4c0b48a73672f08782460aa7160a\">C) Ter conclu\u00eddo os cr\u00e9ditos em disciplinas exigidos por esta delibera\u00e7\u00e3o;<\/p>\n\n\n\n<p class=\"has-site-background-color has-primary-accent-background-color has-text-color has-background has-link-color has-small-font-size wp-elements-68fbb80d39cfee9dbd476b7b10132b79\">D) Depositar na data do requerimento junto \u00e0 Secretaria do Programa, com anu\u00eancia do seu orientador, 2 (duas) vias do trabalho a serem encaminhadas aos membros da banca;<\/p>\n<\/div>\n\n\n\n<p><\/p>\n\n\n\n<hr class=\"wp-block-separator has-text-color has-secondary-accent-color has-alpha-channel-opacity has-secondary-accent-background-color has-background is-style-wide\" \/>\n\n\n\n<div class=\"wp-block-columns is-layout-flex wp-container-core-columns-is-layout-9d6595d7 wp-block-columns-is-layout-flex\">\n<div class=\"wp-block-column is-layout-flow wp-block-column-is-layout-flow\">\n<p><strong>CORPO DOCENTE<\/strong><\/p>\n\n\n\n<p><strong>DOCENTES PERMANENTES<\/strong><\/p>\n\n\n\n<p>Ana Claudia Corr\u00eaa Zuin Mattos Amaral&nbsp;<a href=\"http:\/\/lattes.cnpq.br\/2316621807060725\">[Curr\u00edculo Lattes]<\/a><\/p>\n\n\n\n<p>Clodomiro Jos\u00e9 Bannwart J\u00fanior&nbsp;<a href=\"http:\/\/lattes.cnpq.br\/6362687483868182\">[Curr\u00edculo Lattes]<\/a><\/p>\n\n\n\n<p>Daniela Braga Paiano&nbsp;<a href=\"http:\/\/lattes.cnpq.br\/0598909153586648\">[Curr\u00edculo Lattes]<\/a><\/p>\n\n\n\n<p>Elve Miguel Cenci&nbsp;<a href=\"http:\/\/lattes.cnpq.br\/0007556022902547\">[Curr\u00edculo Lattes]<\/a><\/p>\n\n\n\n<p>Lourival Jos\u00e9 de Oliveira <a href=\"http:\/\/lattes.cnpq.br\/0909877454780329\">[Curr\u00edculo Lattes]<\/a><\/p>\n\n\n\n<p>Luiz Alberto Pereira Ribeiro&nbsp;<a href=\"http:\/\/lattes.cnpq.br\/9670672705313325\">[Curr\u00edculo Lattes]<\/a><\/p>\n\n\n\n<p>Luiz Fernando Bellinetti&nbsp;<a href=\"http:\/\/lattes.cnpq.br\/6744744552154789\">[Curr\u00edculo Lattes]<\/a><\/p>\n\n\n\n<p>Marcos Antonio Striquer Soares&nbsp;<a href=\"http:\/\/lattes.cnpq.br\/9458143007250972\">[Curr\u00edculo Lattes]<\/a><\/p>\n\n\n\n<p>Marlene Kempfer&nbsp;<a href=\"http:\/\/lattes.cnpq.br\/7141753184018389\">[Curr\u00edculo Lattes]<\/a><\/p>\n\n\n\n<p>Miguel Etinger De Ara\u00fajo J\u00fanior&nbsp;<a href=\"http:\/\/lattes.cnpq.br\/3645279441325845\">[Curr\u00edculo Lattes]<\/a><\/p>\n\n\n\n<p>Patr\u00edcia Ayub da Costa <a href=\"http:\/\/lattes.cnpq.br\/7103427570893903\">[Curr\u00edculo Lattes]<\/a><\/p>\n\n\n\n<p>Rita De C\u00e1ssia Resquetti Tarifa Espolador&nbsp;<a href=\"http:\/\/lattes.cnpq.br\/3810986131039976\">[Curr\u00edculo Lattes]<\/a><\/p>\n\n\n\n<p>Roberto Wagner Marquesi&nbsp;<a href=\"http:\/\/lattes.cnpq.br\/8397135991802575\">[Curr\u00edculo Lattes]<\/a><\/p>\n\n\n\n<p>Rozane Da Rosa Cachapuz&nbsp;<a href=\"http:\/\/lattes.cnpq.br\/0378281231923148\">[Curr\u00edculo Lattes]<\/a><\/p>\n\n\n\n<p>T\u00e2nia Lobo Muniz&nbsp;<a href=\"http:\/\/lattes.cnpq.br\/4840316454306635\">[Curr\u00edculo Lattes]<\/a><\/p>\n\n\n\n<p>Tarcisio Teixeira&nbsp;<a href=\"http:\/\/lattes.cnpq.br\/4974808438124961\">[Curr\u00edculo Lattes]<\/a><\/p>\n\n\n\n<hr class=\"wp-block-separator has-alpha-channel-opacity\" \/>\n\n\n\n<p><strong>DOCENTES COLABORADORES&nbsp;<\/strong><\/p>\n\n\n\n<p>Bianco Zalmora Garcia <a href=\"http:\/\/lattes.cnpq.br\/0720480930303834\">[Curr\u00edculo Lattes]<\/a><\/p>\n\n\n\n<p>\u00c9rika Juliana Dmitruk <a href=\"http:\/\/lattes.cnpq.br\/6285648646291690\">[Curr\u00edculo Lattes]<\/a><\/p>\n\n\n\n<hr class=\"wp-block-separator has-alpha-channel-opacity\" \/>\n\n\n\n<p><strong>PROFESSORES VISITANTES<\/strong><\/p>\n\n\n\n<p>Ana Paula Silveira L\u00eado <a href=\"http:\/\/lattes.cnpq.br\/7127935869355471\">[Curr\u00edculo Lattes]<\/a><\/p>\n\n\n\n<p>Carlos Eduardo Pianovski Ruzyk <a href=\"http:\/\/lattes.cnpq.br\/1899419068096109\">[Curr\u00edculo Lattes]<\/a><\/p>\n\n\n\n<p>Eduardo Nunes de Souza <a href=\"http:\/\/lattes.cnpq.br\/2595665056664728\">[Curr\u00edculo Lattes]<\/a><\/p>\n\n\n\n<p>Fabiana Domingues Cardoso <a href=\"http:\/\/lattes.cnpq.br\/2625865406368089\">[Curr\u00edculo Lattes]<\/a><\/p>\n\n\n\n<p>Jo\u00e3o Victor Rozatti Longhi <a href=\"http:\/\/lattes.cnpq.br\/8670544472872110\">[Curr\u00edculo Lattes]<\/a><\/p>\n\n\n\n<p>Jos\u00e9 Faleiros Junior <a href=\"http:\/\/lattes.cnpq.br\/8003626279023743\">[Curr\u00edculo Lattes]<\/a><\/p>\n\n\n\n<p>Jos\u00e9 Fernando Sim\u00e3o <a href=\"http:\/\/lattes.cnpq.br\/0993841617086909\">[Curr\u00edculo Lattes]<\/a><\/p>\n\n\n\n<p>Juliana Pav\u00e3o <a href=\"http:\/\/lattes.cnpq.br\/0909452333779627\">[Curr\u00edculo Lattes]<\/a><\/p>\n\n\n\n<p>Maria Celia Nogueira Pinto e Borgo Buzneck <a href=\"http:\/\/lattes.cnpq.br\/4640696825514183\">[Curr\u00edculo Lattes]<\/a><\/p>\n\n\n\n<p>Maur\u00edcio Bunazar <a href=\"http:\/\/lattes.cnpq.br\/8102677573838816\">[Curr\u00edculo Lattes]<\/a><\/p>\n\n\n\n<p>Mirelle Neme Buzalaf <a href=\"http:\/\/lattes.cnpq.br\/5424272322840089\">[Curr\u00edculo Lattes]<\/a><\/p>\n\n\n\n<p>Nida Saleh Hatoum <a href=\"http:\/\/lattes.cnpq.br\/2492902046369459\">[Curr\u00edculo Lattes]<\/a><\/p>\n\n\n\n<p>Renata&nbsp;Vieira Meda <a href=\"http:\/\/lattes.cnpq.br\/7324411527308764\">[Curr\u00edculo Lattes]<\/a><\/p>\n\n\n\n<p>Rodrigo Reis Mazzei <a href=\"http:\/\/lattes.cnpq.br\/9840880011538012\">[Curr\u00edculo Lattes]<\/a><\/p>\n\n\n\n<p>Romualdo Baptista dos Santos <a href=\"http:\/\/lattes.cnpq.br\/9793059752324304\">[Curr\u00edculo Lattes]<\/a><\/p>\n\n\n\n<p>Taysa Schiocchet <a href=\"http:\/\/lattes.cnpq.br\/4551065746013148\">[Curr\u00edculo Lattes]<\/a><\/p>\n\n\n\n<p>Tha\u00eds Aranda Barrozo <a href=\"http:\/\/lattes.cnpq.br\/2812528339881929\">[Curr\u00edculo Lattes]<\/a><\/p>\n\n\n\n<p>Viviane Lomongi <a href=\"http:\/\/lattes.cnpq.br\/7446716710866412\">[Curr\u00edculo Lattes]<\/a><\/p>\n<\/div>\n<\/div>\n\n\n\n<div class=\"wp-block-columns alignwide is-layout-flex wp-container-core-columns-is-layout-9d6595d7 wp-block-columns-is-layout-flex\">\n<div class=\"wp-block-column has-site-background-background-color has-text-color has-background has-link-color wp-elements-bfa84b68db86a46f0a65c4b15d7a5ad9 is-layout-flow wp-block-column-is-layout-flow\" style=\"color:#000000;padding-top:2em;padding-right:2em;padding-bottom:2em;padding-left:2em\">\n<h2 class=\"wp-block-heading has-secondary-accent-color has-text-color\" id=\"single\" style=\"font-size:28px\"><strong><strong>AVALIA\u00c7\u00c3O<\/strong><\/strong><\/h2>\n\n\n\n<p class=\"has-normal-font-size\" style=\"line-height:1.5\"><strong><strong>NOTA E FREQU\u00caNCIA<\/strong><\/strong><\/p>\n\n\n\n<hr class=\"wp-block-separator has-text-color has-secondary-accent-color has-alpha-channel-opacity has-secondary-accent-background-color has-background is-style-wide\" \/>\n\n\n\n<ul class=\"wp-block-list has-small-font-size\">\n<li>Obedecer\u00e3o a normas constantes do <a href=\"https:\/\/www.uel.br\/pos\/bioenergia\/portal\/pages\/arquivos\/RegulamentoStrictoSensu2016.pdf\" data-type=\"link\" data-id=\"https:\/\/www.uel.br\/pos\/bioenergia\/portal\/pages\/arquivos\/RegulamentoStrictoSensu2016.pdf\">Regulamento dos Cursos de P\u00f3s-Gradua\u00e7\u00e3o&nbsp;<em>stricto sensu<\/em>&nbsp;da UEL<\/a>.<\/li>\n<\/ul>\n\n\n\n<div class=\"wp-block-buttons alignfull is-horizontal is-content-justification-center is-layout-flex wp-container-core-buttons-is-layout-499968f5 wp-block-buttons-is-layout-flex\"><\/div>\n<\/div>\n<\/div>\n\n\n\n<hr class=\"wp-block-separator has-text-color has-secondary-accent-color has-alpha-channel-opacity has-secondary-accent-background-color has-background is-style-wide\" \/>\n\n\n\n<h2 class=\"wp-block-heading has-text-align-center\">DELIBERA\u00c7\u00c3O DO CURSO DE MESTRADO EM DIREITO NEGOCIAL DA UEL<\/h2>\n\n\n\n<div data-wp-interactive=\"core\/file\" class=\"wp-block-file\"><object data-wp-bind--hidden=\"!state.hasPdfPreview\" hidden class=\"wp-block-file__embed\" data=\"https:\/\/pos.uel.br\/direito-negocial\/wp-content\/uploads\/2024\/10\/Deliberacao-21-2024-Reest-PPG-Dir-Negocial-M-1.pdf\" type=\"application\/pdf\" style=\"width:100%;height:600px\" aria-label=\"Incorporado de Delibera\u00e7\u00e3o 21 2024 - Reest PPG - Dir Negocial - M (1).\"><\/object><a id=\"wp-block-file--media-b42b97d0-649c-4bb7-b794-2f1512578b34\" href=\"https:\/\/pos.uel.br\/direito-negocial\/wp-content\/uploads\/2024\/10\/Deliberacao-21-2024-Reest-PPG-Dir-Negocial-M-1.pdf\">Delibera\u00e7\u00e3o 21 2024 &#8211; Reest PPG &#8211; Dir Negocial &#8211; M (1)<\/a><a href=\"https:\/\/pos.uel.br\/direito-negocial\/wp-content\/uploads\/2024\/10\/Deliberacao-21-2024-Reest-PPG-Dir-Negocial-M-1.pdf\" class=\"wp-block-file__button wp-element-button\" download aria-describedby=\"wp-block-file--media-b42b97d0-649c-4bb7-b794-2f1512578b34\">Baixar<\/a><\/div>\n\n\n\n<div class=\"wp-block-columns is-layout-flex wp-container-core-columns-is-layout-9d6595d7 wp-block-columns-is-layout-flex\">\n<div class=\"wp-block-column is-layout-flow wp-block-column-is-layout-flow\"><\/div>\n\n\n\n<div class=\"wp-block-column is-layout-flow wp-block-column-is-layout-flow\"><\/div>\n<\/div>\n\n\n\n<p class=\"has-text-align-center\"><strong>REGIMENTO INTERNO MESTRADO &#8211; RESOLU\u00c7\u00c3O CEPE N\u00ba 041\/2017<\/strong><\/p>\n\n\n\n<div data-wp-interactive=\"core\/file\" class=\"wp-block-file\"><object data-wp-bind--hidden=\"!state.hasPdfPreview\" hidden class=\"wp-block-file__embed\" data=\"https:\/\/pos.uel.br\/direito-negocial\/wp-content\/uploads\/2025\/07\/RESOLUCAOCEPE_041_2017.pdf\" type=\"application\/pdf\" style=\"width:100%;height:600px\" aria-label=\"Incorporado de RESOLUCAOCEPE_041_2017.\"><\/object><a id=\"wp-block-file--media-c1d8248d-3162-4f32-adc7-74dfd5998507\" href=\"https:\/\/pos.uel.br\/direito-negocial\/wp-content\/uploads\/2025\/07\/RESOLUCAOCEPE_041_2017.pdf\">RESOLUCAOCEPE_041_2017<\/a><a href=\"https:\/\/pos.uel.br\/direito-negocial\/wp-content\/uploads\/2025\/07\/RESOLUCAOCEPE_041_2017.pdf\" class=\"wp-block-file__button wp-element-button\" download aria-describedby=\"wp-block-file--media-c1d8248d-3162-4f32-adc7-74dfd5998507\">Baixar<\/a><\/div>\n\n\n\n<p class=\"has-text-align-center\"><strong>REGULAMENTO DOS PROGRAMAS DE P\u00d3S-GRADUA\u00c7\u00c3O <em>STRICTO SENSU<\/em> DA UEL<\/strong><\/p>\n\n\n\n<div data-wp-interactive=\"core\/file\" class=\"wp-block-file\"><object data-wp-bind--hidden=\"!state.hasPdfPreview\" hidden class=\"wp-block-file__embed\" data=\"https:\/\/pos.uel.br\/direito-negocial\/wp-content\/uploads\/2025\/07\/Programas-de-Pos-Graduacao-Stricto-sensu-Resolucao-CEPE-37-2016.pdf\" type=\"application\/pdf\" style=\"width:100%;height:600px\" aria-label=\"Incorporado de Programas-de-Pos-Graduacao-Stricto-sensu-Resolucao-CEPE-37-2016.\"><\/object><a id=\"wp-block-file--media-02b28737-8c62-462c-bf12-5cca7886794d\" href=\"https:\/\/pos.uel.br\/direito-negocial\/wp-content\/uploads\/2025\/07\/Programas-de-Pos-Graduacao-Stricto-sensu-Resolucao-CEPE-37-2016.pdf\">Programas-de-Pos-Graduacao-Stricto-sensu-Resolucao-CEPE-37-2016<\/a><a href=\"https:\/\/pos.uel.br\/direito-negocial\/wp-content\/uploads\/2025\/07\/Programas-de-Pos-Graduacao-Stricto-sensu-Resolucao-CEPE-37-2016.pdf\" class=\"wp-block-file__button wp-element-button\" download aria-describedby=\"wp-block-file--media-02b28737-8c62-462c-bf12-5cca7886794d\">Baixar<\/a><\/div>\n\n\n\n<hr class=\"wp-block-separator has-alpha-channel-opacity\" \/>\n\n\n<form role=\"search\" method=\"get\" action=\"https:\/\/pos.uel.br\/direito-negocial\/\" class=\"wp-block-search__button-outside wp-block-search__text-button alignright wp-block-search\"    ><label class=\"wp-block-search__label screen-reader-text\" for=\"wp-block-search__input-1\" >Pesquisar<\/label><div class=\"wp-block-search__inside-wrapper\"  style=\"width: 588px\"><input class=\"wp-block-search__input\" id=\"wp-block-search__input-1\" placeholder=\"\" value=\"\" type=\"search\" name=\"s\" required \/><button aria-label=\"Pesquisar\" class=\"wp-block-search__button has-background has-secondary-accent-background-color wp-element-button\" type=\"submit\" >Pesquisar<\/button><\/div><\/form>\n\n\n<div class=\"wp-block-buttons is-layout-flex wp-block-buttons-is-layout-flex\">\n<div class=\"wp-block-button aligncenter\"><a class=\"wp-block-button__link has-site-background-color has-secondary-accent-background-color has-text-color has-background wp-element-button\" href=\"https:\/\/pos.uel.br\/direitofamilia\/home_familia\/\"><strong>voltar ao topo<\/strong><\/a><\/div>\n<\/div>\n","protected":false},"excerpt":{"rendered":"<p>P\u00daBLICO ALVO Poder\u00e3o candidatar-se ao Curso graduados ou graduandos em Direito, desde que comprovem a conclus\u00e3o da gradua\u00e7\u00e3o na data da matr\u00edcula. N\u00daMERO DE VAGAS 30 (trinta) vagas INVESTIMENTO Gratuito. IN\u00cdCIO E T\u00c9RMINO DAS AULAS | CURSO O Programa de P\u00f3s Gradua\u00e7\u00e3o em Direito Negocial na modalidade de mestrado tem dura\u00e7\u00e3o de no m\u00ednimo 02 [&hellip;]<\/p>\n","protected":false},"author":11,"featured_media":0,"parent":0,"menu_order":0,"comment_status":"closed","ping_status":"closed","template":"","meta":{"_acf_changed":false,"footnotes":""},"class_list":["post-89","page","type-page","status-publish","hentry"],"acf":[],"_links":{"self":[{"href":"https:\/\/pos.uel.br\/direito-negocial\/wp-json\/wp\/v2\/pages\/89","targetHints":{"allow":["GET"]}}],"collection":[{"href":"https:\/\/pos.uel.br\/direito-negocial\/wp-json\/wp\/v2\/pages"}],"about":[{"href":"https:\/\/pos.uel.br\/direito-negocial\/wp-json\/wp\/v2\/types\/page"}],"author":[{"embeddable":true,"href":"https:\/\/pos.uel.br\/direito-negocial\/wp-json\/wp\/v2\/users\/11"}],"replies":[{"embeddable":true,"href":"https:\/\/pos.uel.br\/direito-negocial\/wp-json\/wp\/v2\/comments?post=89"}],"version-history":[{"count":24,"href":"https:\/\/pos.uel.br\/direito-negocial\/wp-json\/wp\/v2\/pages\/89\/revisions"}],"predecessor-version":[{"id":2197,"href":"https:\/\/pos.uel.br\/direito-negocial\/wp-json\/wp\/v2\/pages\/89\/revisions\/2197"}],"wp:attachment":[{"href":"https:\/\/pos.uel.br\/direito-negocial\/wp-json\/wp\/v2\/media?parent=89"}],"curies":[{"name":"wp","href":"https:\/\/api.w.org\/{rel}","templated":true}]}}