{"id":4405,"date":"2026-04-29T09:53:33","date_gmt":"2026-04-29T12:53:33","guid":{"rendered":"https:\/\/pos.uel.br\/direito-negocial\/?page_id=4405"},"modified":"2026-04-29T10:09:12","modified_gmt":"2026-04-29T13:09:12","slug":"premio-capes-de-tese-2026","status":"publish","type":"page","link":"https:\/\/pos.uel.br\/direito-negocial\/premio-capes-de-tese-2026\/","title":{"rendered":"Pr\u00eamio Capes de Tese \u2013 2026"},"content":{"rendered":"\n<p>Inscri\u00e7\u00f5es abertas para o Pr\u00eamio CAPES de Tese \u2013 Edi\u00e7\u00e3o 2026<\/p>\n\n\n\n<p>A Universidade Estadual de Londrina (UEL) informa que estar\u00e3o abertas, no per\u00edodo de 05 a 15 de maio de 2026, as inscri\u00e7\u00f5es para sele\u00e7\u00e3o interna de teses que representar\u00e3o a institui\u00e7\u00e3o no Pr\u00eamio CAPES de Teses \u2013 Edi\u00e7\u00e3o 2026, promovido pela Coordena\u00e7\u00e3o de Aperfei\u00e7oamento de Pessoal de N\u00edvel Superior (CAPES).<\/p>\n\n\n\n<p>O Pr\u00eamio CAPES de Teses tem como objetivo reconhecer as melhores teses de doutorado defendidas no Brasil, destacando trabalhos de excel\u00eancia e relev\u00e2ncia cient\u00edfica em diversas \u00e1reas do conhecimento. A iniciativa valoriza a produ\u00e7\u00e3o acad\u00eamica nacional e incentiva o desenvolvimento de pesquisas de alto impacto.<\/p>\n\n\n\n<p>Os interessados devem consultar o edital espec\u00edfico da UEL, bem como as orienta\u00e7\u00f5es de seus respectivos Programas de P\u00f3s-Gradua\u00e7\u00e3o, para verificar os crit\u00e9rios de participa\u00e7\u00e3o, documenta\u00e7\u00e3o exigida e procedimentos para inscri\u00e7\u00e3o.<\/p>\n\n\n\n<p>A UEL refor\u00e7a a import\u00e2ncia da participa\u00e7\u00e3o de seus egressos e programas de p\u00f3s-gradua\u00e7\u00e3o, incentivando a submiss\u00e3o de trabalhos que evidenciem a qualidade e a relev\u00e2ncia da pesquisa desenvolvida na institui\u00e7\u00e3o.<\/p>\n\n\n\n<p>Para mais informa\u00e7\u00f5es, acesse o edital ou entre em contato com a coordena\u00e7\u00e3o do seu programa de p\u00f3s-gradua\u00e7\u00e3o.<\/p>\n\n\n\n<h2 class=\"wp-block-heading has-text-align-center has-secondary-accent-color has-text-color has-medium-font-size\">Cronograma<\/h2>\n\n\n\n<figure class=\"wp-block-table has-small-font-size\"><table><thead><tr><td class=\"has-text-align-center\" data-align=\"center\"><strong>&nbsp;DOC<\/strong><\/td><td><strong>ATIVIDADES<\/strong><\/td><td class=\"has-text-align-center\" data-align=\"center\"><strong>DATA<\/strong> |<strong> PER\u00cdODO DE PUBLICA\u00c7\u00c3O<\/strong><\/td><td class=\"has-text-align-center\" data-align=\"center\"><strong>SITUA\u00c7\u00c3O ATUAL<\/strong><\/td><\/tr><\/thead><tbody><tr><td class=\"has-text-align-center\" data-align=\"center\"><a href=\"https:\/\/pos.uel.br\/direito-negocial\/wp-content\/uploads\/2026\/04\/Edital-PPGDN-06.2026-Pre\u0302mio-CAPES-de-Teses.docx.pdf\"><img decoding=\"async\" class=\"wp-image-412\" style=\"width: 25px\" src=\"https:\/\/pos.uel.br\/direitocivil\/wp-content\/uploads\/2022\/09\/paste_red1-e1663003698481.jpg\" alt=\"\"><\/a><\/td><td>Publica\u00e7\u00e3o do Edital<\/td><td class=\"has-text-align-center\" data-align=\"center\"><strong>29\/04\/2026<\/strong><\/td><td class=\"has-text-align-center\" data-align=\"center\">&nbsp;<strong>Imprescind\u00edvel Leitura!<\/strong><\/td><\/tr><tr><td class=\"has-text-align-center\" data-align=\"center\">&nbsp;<\/td><td>Per\u00edodo de inscri\u00e7\u00e3o para a etapa de sele\u00e7\u00e3o interna<\/td><td class=\"has-text-align-center\" data-align=\"center\"><strong>05\/05\/2026 &#8211; 15\/05\/2026<\/strong><\/td><td class=\"has-text-align-center\" data-align=\"center\">&nbsp;<\/td><\/tr><tr><td class=\"has-text-align-center\" data-align=\"center\">&nbsp;<\/td><td>Per\u00edodo de an\u00e1lise de documentos<\/td><td class=\"has-text-align-center\" data-align=\"center\"><strong>18\/05\/2026 &#8211; 21\/05\/2026<\/strong><\/td><td class=\"has-text-align-center\" data-align=\"center\">&nbsp;<\/td><\/tr><tr><td class=\"has-text-align-center\" data-align=\"center\">&nbsp;<\/td><td><strong>Divulga\u00e7\u00e3o do Resultado<\/strong><\/td><td class=\"has-text-align-center\" data-align=\"center\"><strong>22\/05\/2026<\/strong><\/td><td class=\"has-text-align-center\" data-align=\"center\">&nbsp;<\/td><\/tr><tr><td class=\"has-text-align-center\" data-align=\"center\">&nbsp;<\/td><td>Per\u00edodo para Recursos<\/td><td class=\"has-text-align-center\" data-align=\"center\"><strong>25\/05\/2026<\/strong><\/td><td class=\"has-text-align-center\" data-align=\"center\">&nbsp;<\/td><\/tr><tr><td class=\"has-text-align-center\" data-align=\"center\">&nbsp;<\/td><td>Resultado dos Recursos<\/td><td class=\"has-text-align-center\" data-align=\"center\"><strong>26\/05\/2026<\/strong><\/td><td class=\"has-text-align-center\" data-align=\"center\"><\/td><\/tr><tr><td class=\"has-text-align-center\" data-align=\"center\">&nbsp;<\/td><td>Inscri\u00e7\u00e3o da Tese selecionada pelo PPGDN<\/td><td class=\"has-text-align-center\" data-align=\"center\"><strong>27\/05\/2026 &#8211; 02\/06\/2026<\/strong><\/td><td class=\"has-text-align-center\" data-align=\"center\">&nbsp;<\/td><\/tr><\/tbody><\/table><\/figure>\n\n\n\n<hr class=\"wp-block-separator has-text-color has-secondary-accent-color has-alpha-channel-opacity has-secondary-accent-background-color has-background is-style-wide\" \/>\n\n\n\n<hr class=\"wp-block-separator has-text-color has-secondary-accent-color has-alpha-channel-opacity has-secondary-accent-background-color has-background\" \/>\n\n\n\n<div data-wp-interactive=\"core\/file\" class=\"wp-block-file\"><object data-wp-bind--hidden=\"!state.hasPdfPreview\" hidden class=\"wp-block-file__embed\" data=\"https:\/\/pos.uel.br\/direito-negocial\/wp-content\/uploads\/2026\/04\/Edital-PPGDN-06.2026-Pre\u0302mio-CAPES-de-Teses.docx.pdf\" type=\"application\/pdf\" style=\"width:100%;height:600px\" aria-label=\"Incorporado de Edital PPGDN 06.2026 - Pre\u0302mio CAPES de Teses.docx.\"><\/object><a id=\"wp-block-file--media-ebdd56b4-f1bf-420f-acb9-d7e67fe9225a\" href=\"https:\/\/pos.uel.br\/direito-negocial\/wp-content\/uploads\/2026\/04\/Edital-PPGDN-06.2026-Pre\u0302mio-CAPES-de-Teses.docx.pdf\">Edital PPGDN 06.2026 &#8211; Pre\u0302mio CAPES de Teses.docx<\/a><a href=\"https:\/\/pos.uel.br\/direito-negocial\/wp-content\/uploads\/2026\/04\/Edital-PPGDN-06.2026-Pre\u0302mio-CAPES-de-Teses.docx.pdf\" class=\"wp-block-file__button wp-element-button\" download aria-describedby=\"wp-block-file--media-ebdd56b4-f1bf-420f-acb9-d7e67fe9225a\">Baixar<\/a><\/div>\n\n\n\n<div data-wp-interactive=\"core\/file\" class=\"wp-block-file\"><object data-wp-bind--hidden=\"!state.hasPdfPreview\" hidden class=\"wp-block-file__embed\" data=\"https:\/\/pos.uel.br\/direito-negocial\/wp-content\/uploads\/2026\/04\/Anexo-I-Edital-CAPES-n.-14.2026-Pre\u0302mio-CAPES-de-Tese-Edic\u0327a\u0303o-2026.pdf\" type=\"application\/pdf\" style=\"width:100%;height:600px\" aria-label=\"Incorporado de Anexo I - Edital CAPES n. 14.2026 - Pre\u0302mio CAPES de Tese  - Edic\u0327a\u0303o 2026.\"><\/object><a id=\"wp-block-file--media-a7babb41-7de7-4914-9678-fc3433fc4b19\" href=\"https:\/\/pos.uel.br\/direito-negocial\/wp-content\/uploads\/2026\/04\/Anexo-I-Edital-CAPES-n.-14.2026-Pre\u0302mio-CAPES-de-Tese-Edic\u0327a\u0303o-2026.pdf\">Anexo I &#8211; Edital CAPES n. 14.2026 &#8211; Pre\u0302mio CAPES de Tese  &#8211; Edic\u0327a\u0303o 2026<\/a><a href=\"https:\/\/pos.uel.br\/direito-negocial\/wp-content\/uploads\/2026\/04\/Anexo-I-Edital-CAPES-n.-14.2026-Pre\u0302mio-CAPES-de-Tese-Edic\u0327a\u0303o-2026.pdf\" class=\"wp-block-file__button wp-element-button\" download aria-describedby=\"wp-block-file--media-a7babb41-7de7-4914-9678-fc3433fc4b19\">Baixar<\/a><\/div>\n\n\n\n<div data-wp-interactive=\"core\/file\" class=\"wp-block-file\"><object data-wp-bind--hidden=\"!state.hasPdfPreview\" hidden class=\"wp-block-file__embed\" data=\"https:\/\/pos.uel.br\/direito-negocial\/wp-content\/uploads\/2026\/04\/Anexo-II-Declarac\u0327a\u0303o-de-Participac\u0327a\u0303o.pdf\" type=\"application\/pdf\" style=\"width:100%;height:600px\" aria-label=\"Incorporado de Anexo II - Declarac\u0327a\u0303o de Participac\u0327a\u0303o.\"><\/object><a id=\"wp-block-file--media-53b63204-70c4-42d8-ac0d-6167842cc8a8\" href=\"https:\/\/pos.uel.br\/direito-negocial\/wp-content\/uploads\/2026\/04\/Anexo-II-Declarac\u0327a\u0303o-de-Participac\u0327a\u0303o.pdf\">Anexo II &#8211; Declarac\u0327a\u0303o de Participac\u0327a\u0303o<\/a><a href=\"https:\/\/pos.uel.br\/direito-negocial\/wp-content\/uploads\/2026\/04\/Anexo-II-Declarac\u0327a\u0303o-de-Participac\u0327a\u0303o.pdf\" class=\"wp-block-file__button wp-element-button\" download aria-describedby=\"wp-block-file--media-53b63204-70c4-42d8-ac0d-6167842cc8a8\">Baixar<\/a><\/div>\n\n\n\n<p><\/p>\n","protected":false},"excerpt":{"rendered":"<p>Inscri\u00e7\u00f5es abertas para o Pr\u00eamio CAPES de Tese \u2013 Edi\u00e7\u00e3o 2026 A Universidade Estadual de Londrina (UEL) informa que estar\u00e3o abertas, no per\u00edodo de 05 a 15 de maio de 2026, as inscri\u00e7\u00f5es para sele\u00e7\u00e3o interna de teses que representar\u00e3o a institui\u00e7\u00e3o no Pr\u00eamio CAPES de Teses \u2013 Edi\u00e7\u00e3o 2026, promovido pela Coordena\u00e7\u00e3o de Aperfei\u00e7oamento [&hellip;]<\/p>\n","protected":false},"author":9,"featured_media":0,"parent":0,"menu_order":0,"comment_status":"closed","ping_status":"closed","template":"","meta":{"_acf_changed":false,"footnotes":""},"class_list":["post-4405","page","type-page","status-publish","hentry"],"acf":[],"_links":{"self":[{"href":"https:\/\/pos.uel.br\/direito-negocial\/wp-json\/wp\/v2\/pages\/4405","targetHints":{"allow":["GET"]}}],"collection":[{"href":"https:\/\/pos.uel.br\/direito-negocial\/wp-json\/wp\/v2\/pages"}],"about":[{"href":"https:\/\/pos.uel.br\/direito-negocial\/wp-json\/wp\/v2\/types\/page"}],"author":[{"embeddable":true,"href":"https:\/\/pos.uel.br\/direito-negocial\/wp-json\/wp\/v2\/users\/9"}],"replies":[{"embeddable":true,"href":"https:\/\/pos.uel.br\/direito-negocial\/wp-json\/wp\/v2\/comments?post=4405"}],"version-history":[{"count":4,"href":"https:\/\/pos.uel.br\/direito-negocial\/wp-json\/wp\/v2\/pages\/4405\/revisions"}],"predecessor-version":[{"id":4416,"href":"https:\/\/pos.uel.br\/direito-negocial\/wp-json\/wp\/v2\/pages\/4405\/revisions\/4416"}],"wp:attachment":[{"href":"https:\/\/pos.uel.br\/direito-negocial\/wp-json\/wp\/v2\/media?parent=4405"}],"curies":[{"name":"wp","href":"https:\/\/api.w.org\/{rel}","templated":true}]}}