{"id":3204,"date":"2025-09-09T10:28:45","date_gmt":"2025-09-09T13:28:45","guid":{"rendered":"https:\/\/pos.uel.br\/direito-negocial\/?page_id=3204"},"modified":"2025-09-11T10:01:47","modified_gmt":"2025-09-11T13:01:47","slug":"qualificacao-mestrado","status":"publish","type":"page","link":"https:\/\/pos.uel.br\/direito-negocial\/qualificacao-mestrado\/","title":{"rendered":"Qualifica\u00e7\u00e3o | Mestrado"},"content":{"rendered":"\n<p><\/p>\n\n\n\n<div class=\"wp-block-group\"><div class=\"wp-block-group__inner-container is-layout-constrained wp-block-group-is-layout-constrained\">\n<h2 class=\"wp-block-heading\">2025<\/h2>\n\n\n\n<details class=\"wp-block-details is-layout-flow wp-block-details-is-layout-flow\"><summary>SOBERANIA EM TEMPOS DE DESGLOBALIZA\u00c7\u00c3O: o (re)significado do conceito cl\u00e1ssico e a regula\u00e7\u00e3o estatal dos neg\u00f3cios jur\u00eddicos<\/summary>\n<p><strong>JULIANA DUCATTI SCODRO<\/strong><\/p>\n\n\n\n<p>Data: 26\/06\/2025<\/p>\n\n\n\n<p>Hor\u00e1rio: 15h<\/p>\n\n\n\n<p>Local: Banca Remota<\/p>\n\n\n\n<p>Banca Examinadora: Prof. Dr. Elve Miguel Cenci (Orientador); Prof. Dr. Clodomiro Jos\u00e9 Bannwart J\u00fanior.<\/p>\n\n\n\n<p><\/p>\n<\/details>\n\n\n\n<details class=\"wp-block-details is-layout-flow wp-block-details-is-layout-flow\"><summary>JUSTI\u00c7A ELEITORIAL BRASILEIRA NO S\u00c9CULO XXI: fun\u00e7\u00f5es democr\u00e1ticas, inova\u00e7\u00f5es tecnol\u00f3gicas e novas pr\u00e1ticas de resolu\u00e7\u00e3o de conflitos<\/summary>\n<p><strong>CRISTIANE CAMILA BONACIN GARCIA<\/strong><\/p>\n\n\n\n<p>Data: 27\/07\/2025<\/p>\n\n\n\n<p>Hor\u00e1rio: 14h30<\/p>\n\n\n\n<p>Local: <\/p>\n\n\n\n<p>Banca Examinadora: Prof. Dr. Luiz Fernando Bellinetti (Orientador); Prof. Dr. Marcos Ant\u00f4nio Striquer Soares.<\/p>\n\n\n\n<p><\/p>\n<\/details>\n\n\n\n<details class=\"wp-block-details is-layout-flow wp-block-details-is-layout-flow\"><summary>TESTAMENTO VITAL: uma proposta do Direito para atender a vontade do paciente em situa\u00e7\u00e3o de terminalidade da vida<\/summary>\n<p><strong>M\u00c1RCIO FERNANDO RODRIGUES<\/strong><\/p>\n\n\n\n<p>Data: 03\/04\/2025<\/p>\n\n\n\n<p>Hor\u00e1rio: 14h<\/p>\n\n\n\n<p>Local: Sala 452 &#8211; CESA<\/p>\n\n\n\n<p>Banca Examinadora: Profa. Dra. Rita de C\u00e1ssia Resquetti Tarifa Espolador (Orientadora); Profa. Dra. Juliana Carvalho Pav\u00e3o.<\/p>\n\n\n\n<p><\/p>\n<\/details>\n\n\n\n<details class=\"wp-block-details is-layout-flow wp-block-details-is-layout-flow\"><summary>A FORMALIZA\u00c7\u00c3O ELETR\u00d4NICA DE NEG\u00d3CIOS JUR\u00cdDICOS: desafios regulat\u00f3rios, validade jur\u00eddica e seguran\u00e7a da assinatura digital<\/summary>\n<p><strong>PAULO HENRIQUE WALTRICK BARBOSA<\/strong><\/p>\n\n\n\n<p>Data: 02\/09\/2025<\/p>\n\n\n\n<p>Hor\u00e1rio: 10h<\/p>\n\n\n\n<p>Local: Sala 452 &#8211; CESA<\/p>\n\n\n\n<p>Banca Examinadora: Prof. Dr. Tarc\u00edsio Teixeira (Orientador); Prof. Dr. Alessandro Marinelli de Oliveira.<\/p>\n\n\n\n<p><\/p>\n<\/details>\n\n\n\n<details class=\"wp-block-details is-layout-flow wp-block-details-is-layout-flow\"><summary>O ESTUDO DOS LIMITES DA COLABORA\u00c7\u00c3O DE INTERESSE P\u00daBLICO: neg\u00f3cio jur\u00eddico entre Estado e Religi\u00e3o e amea\u00e7a a liberdade religiosa<\/summary>\n<p><strong>FERNANDA BATELOCHI SANTOS<\/strong><\/p>\n\n\n\n<p>Data: <\/p>\n\n\n\n<p>Hor\u00e1rio: 8h<\/p>\n\n\n\n<p>Local: Banca Remota<\/p>\n\n\n\n<p>Banca Examinadora: Prof. Dr. Marcos Ant\u00f4nio Striquer Soares (Orientador); Prof. Dr. Clodomiro Jos\u00e9 Bannwart J\u00fanior.<\/p>\n\n\n\n<p><\/p>\n<\/details>\n\n\n\n<details class=\"wp-block-details is-layout-flow wp-block-details-is-layout-flow\"><summary>APLCA\u00c7\u00c3O DA REPRESENTATIVIDADE ADEQUADA E DA EXECU\u00c7\u00c3O NEGOCIADA NOS PROCESSOS ESTRUTURAIS: uma an\u00e1lise a partir do caso: ACP das creches do munic\u00edpio de S\u00e3o Paulo<\/summary>\n<p><strong>VIT\u00d3RIA VALENTINI MARQUES<\/strong><\/p>\n\n\n\n<p>Data: <\/p>\n\n\n\n<p>Hor\u00e1rio: 14h10<\/p>\n\n\n\n<p>Local: Banca Remota<\/p>\n\n\n\n<p>Banca Examinadora: Prof. Dr. Luiz Alberto Pereira Ribeiro (Orientador); Prof. Dr. Luiz Fernando Bellinetti.<\/p>\n\n\n\n<p><\/p>\n<\/details>\n\n\n\n<details class=\"wp-block-details is-layout-flow wp-block-details-is-layout-flow\"><summary>A EFICI\u00caNCIA DO CONTRATO PARASSOCIAL COMO INSTRUMENTO DE GOVERNAN\u00c7A NA GEST\u00c3O DE CONFLITOS EM SOCIEDADES LIMITADA<\/summary>\n<p><strong>LU\u00cdS FERNANDO FERREIRA MARQUES<\/strong><\/p>\n\n\n\n<p>Data: <\/p>\n\n\n\n<p>Hor\u00e1rio: 17h30<\/p>\n\n\n\n<p>Local: Banca Remota<\/p>\n\n\n\n<p>Banca Examinadora: Profa. Dra. Patr\u00edcia Ayub da Costa (Orientadora); Profa. Dra. T\u00e2nia Lobo Muniz.<\/p>\n\n\n\n<p><\/p>\n<\/details>\n\n\n\n<details class=\"wp-block-details is-layout-flow wp-block-details-is-layout-flow\"><summary>GENTRIFICA\u00c7\u00c3O VERDE E A (RE)CONSTRU\u00c7\u00c3O DO ESPA\u00c7O URBANO: desafios e perspectivas para efetiva\u00e7\u00e3o do direito \u00e0 cidade contempor\u00e2neo<\/summary>\n<p><strong>ISABELA GAUTIER ONO<\/strong><\/p>\n\n\n\n<p>Data: <\/p>\n\n\n\n<p>Hor\u00e1rio: 10h<\/p>\n\n\n\n<p>Local: Banca Remota<\/p>\n\n\n\n<p>Banca Examinadora: Prof. Dr. Miguel Etinger de Araujo Junior (Orientador); Prof. Daniel Gaio.<\/p>\n\n\n\n<p><\/p>\n<\/details>\n<\/div><\/div>\n\n\n\n<details class=\"wp-block-details is-layout-flow wp-block-details-is-layout-flow\"><summary>DIREITOS DAS MULHERES BRASILEIRAS NO TELETRABALHO: O papel das conven\u00e7\u00f5es coletivas na promo\u00e7\u00e3o da igualdade.<\/summary>\n<p>    <strong>J\u00daLIA MARIA FELICIANO<\/strong><\/p>\n\n\n\n<p>Data: 20\/02\/2025<\/p>\n\n\n\n<p>Hor\u00e1rio: 14h<\/p>\n\n\n\n<p>Local: Sala 431 &#8211; CESA &#8211; UEL<\/p>\n\n\n\n<p>Banca Examinadora: Prof. Dr. Lourival Jos\u00e9 de Oliveira (Orientador); Prof. Dr. Luiz Alberto Pereira Ribeiro; Prof. Dra. Samia Moda Cirino<\/p>\n\n\n\n<p><\/p>\n<\/details>\n\n\n\n<details class=\"wp-block-details is-layout-flow wp-block-details-is-layout-flow\"><summary>NEG\u00d3CIO JUR\u00cdDICO PROCESSUAL NA RELA\u00c7\u00c3O DE CONSUMO: Da igualdade negocial no cen\u00e1rio processual consumerista<\/summary>\n<p>    <strong>\u00c1LVARO PAIX\u00c3O COSTA<\/strong><\/p>\n\n\n\n<p>Data: 29\/05\/2025<\/p>\n\n\n\n<p>Hor\u00e1rio: 14h<\/p>\n\n\n\n<p>Local: Virtual<\/p>\n\n\n\n<p>Banca Examinadora: Prof. Dr. Luiz Fernando Bellinetti-UEL (orientador); Prof. Dr. Luiz Alberto Pereira Ribeiro-UEL<\/p>\n<\/details>\n\n\n\n<details class=\"wp-block-details is-layout-flow wp-block-details-is-layout-flow\"><summary>CONTRATO DE TRABALHO DESPORTIVO: An\u00e1lise das San\u00e7\u00f5es Disciplinares de Multas a Atletas<\/summary>\n<p>LU\u00cdS FELIPE ASSUN\u00c7\u00c3O O. SANTOS<\/p>\n\n\n\n<p>Data: 19\/05\/2025<\/p>\n\n\n\n<p>Hor\u00e1rio: 14hl<\/p>\n\n\n\n<p>Local: 452 CESA<\/p>\n\n\n\n<p>Banca Examinadora: Prof. Dr. Lourival Jos\u00e9 de Oliveira (orientador); Profa. Dra . Renata Vieira Meda<\/p>\n<\/details>\n\n\n\n<details class=\"wp-block-details is-layout-flow wp-block-details-is-layout-flow\"><summary>ENTRE A NORMA E A PR\u00c1TICA CONCILIAT\u00d3RIA:&nbsp;O PAPEL DA DEFENSORIA P\u00daBLICA NO FORTALECIMENTO DO ACESSO \u00c0 JUSTI\u00c7A E DA AUTOCOMPOSI\u00c7\u00c3O\u201d<\/summary>\n<p>   <strong>Amanda Ferreira Nunes Rodrigues<\/strong><\/p>\n\n\n\n<p>Data: 17\/06\/2025<\/p>\n\n\n\n<p>Hor\u00e1rio: 19h<\/p>\n\n\n\n<p>Local: Virtual<\/p>\n\n\n\n<p>Banca Examinadora: Prof.(a) Dr.(a) T\u00e2nia Lobo Muniz (orientadora); Prof.(a) Dr.(a) Patr\u00edcia Ayub da Costa<\/p>\n<\/details>\n\n\n\n<details class=\"wp-block-details is-layout-flow wp-block-details-is-layout-flow\"><summary>O PAPEL DAS SOFT LAWS NA HARMONIZA\u00c7\u00c3O PROCEDIMENTAL PROBAT\u00d3RIA DA ARBITRAGEM COMERCIAL INTERNACIONAL<\/summary>\n<p>     <strong>Anna Luiza Massarutti Cremonezi<\/strong><\/p>\n\n\n\n<p>Data: 28\/04\/2025<\/p>\n\n\n\n<p>Hor\u00e1rio: 18h<\/p>\n\n\n\n<p>Local: Sala 452 CESA<\/p>\n\n\n\n<p>Banca Examinadora: Prof.(a) Dr.(a) Patr\u00edcia Ayub da Costas (orientadora); Prof.(a) Dr.(a) Tania Lobo Muniz<\/p>\n<\/details>\n\n\n\n<details class=\"wp-block-details is-layout-flow wp-block-details-is-layout-flow\"><summary>DEMOCRACIA E RELIGI\u00c3O: Uma proposta habermasiana de reconstru\u00e7\u00e3o dos neg\u00f3cios jur\u00eddicos constitutivos das institui\u00e7\u00f5es religiosas no Brasil<\/summary>\n<p><strong>     Dorival Assi Junior<\/strong><\/p>\n\n\n\n<p>Data: 16\/05\/2024<\/p>\n\n\n\n<p>Hor\u00e1rio: 10h<\/p>\n\n\n\n<p>Local: CESA 452<\/p>\n\n\n\n<p>Banca Examinadora: Prof.(a) Dr. (a) Clodomiro Jos\u00e9 Bannwart Junior (orientador); Prof.(a) Dr. (a) Elve Miguel Cenci.<\/p>\n<\/details>\n\n\n\n<details class=\"wp-block-details is-layout-flow wp-block-details-is-layout-flow\"><summary>INTELIG\u00caNCIA ARTIFICIAL GENERATIVA E OS DESAFIOS DA PROTE\u00c7\u00c3O DE DADOS NO E-COMMERCE<\/summary>\n<p>    <strong>ESTEFANO BENTES GOMES<\/strong><\/p>\n\n\n\n<p>Data: 24\/06\/2025<\/p>\n\n\n\n<p>Hor\u00e1rio: 09h<\/p>\n\n\n\n<p>Local: Virtual<\/p>\n\n\n\n<p>Banca Examinadora: Prof. Dr. Tarcisio Teixeira (orientador); Profa. Dra. Ana Paula Ruiz Silveira Ledo<\/p>\n<\/details>\n\n\n\n<details class=\"wp-block-details is-layout-flow wp-block-details-is-layout-flow\"><summary>SOBERANIA EM TEMPOS DE DESGLOBALIZA\u00c7\u00c3O: O (RE)SIGNIFICADO DO CONCEITO CL\u00c1SSICO E A REGULA\u00c7\u00c3O ESTATAL DOS NEG\u00d3CIOS JUR\u00cdDICOS<\/summary>\n<p>      <strong>Juliana Ducatti Scodro<\/strong><\/p>\n\n\n\n<p>Data: 26\/06\/2025<\/p>\n\n\n\n<p>Hor\u00e1rio: 15h<\/p>\n\n\n\n<p>Local: Virtual<\/p>\n\n\n\n<p>Banca Examinadora: Prof.(a) Dr.(a) Elve Miguel Cenci (orientador); Prof.(a) Dr.(a) Clodomiro Jos\u00e9 Bannwart J\u00fanior<\/p>\n<\/details>\n\n\n\n<details class=\"wp-block-details is-layout-flow wp-block-details-is-layout-flow\"><summary>RELA\u00c7\u00c3O FILIAL CONTR\u00c1RIA \u00c0 REALIDADEAFETIVA: (IM) POSSIBILIDADE DE DESFILIA\u00c7\u00c3O POR MEIO DE NEG\u00d3CIO JUR\u00cdDICO<\/summary>\n<p>     <strong>La\u00eds Alves de Oliveira<\/strong><\/p>\n\n\n\n<p>Data: 15\/05\/2025<\/p>\n\n\n\n<p>Hor\u00e1rio: 10h<\/p>\n\n\n\n<p>Local: virtual<\/p>\n\n\n\n<p>Banca Examinadora: Prof.(a) Dr.(a) Rozane da Rosa Cachapuz (orientadora): Prof.(a) Dr. (a) Clodomiro Jos\u00e9 Bannwart J\u00fanior<\/p>\n<\/details>\n\n\n\n<details class=\"wp-block-details is-layout-flow wp-block-details-is-layout-flow\"><summary>CONTRATO DE TERAPIA G\u00caNICA \u00c0 LUZ DOS NEG\u00d3CIOS (BIO)JUR\u00cdDICOS: Conflitos bio\u00e9ticos e a (im)possibilidade de mercantiliza\u00e7\u00e3o de interesses existenciais<\/summary>\n<p>     <strong>LUCAS MENDON\u00c7A TREVISAN<\/strong><\/p>\n\n\n\n<p>Data: 23\/05\/2025<\/p>\n\n\n\n<p>Hor\u00e1rio: 09h<\/p>\n\n\n\n<p>Local: Virtual<\/p>\n\n\n\n<p>Banca Examinadora: Prof.(a) Dr.(a) Rita de C\u00e1ssia Resquetti Tarifa Espolador (orientadora); Prof.(a) Dr.(a) Juliana Carvalho Pav\u00e3o.<\/p>\n<\/details>\n\n\n\n<details class=\"wp-block-details is-layout-flow wp-block-details-is-layout-flow\"><summary>A NATUREZA JUR\u00cdDICA DOS INFLUENCIADORES DIGITAIS E A CONSEQUENTE RESPONSABILIZA\u00c7\u00c3O CIVIL NOS CASOS EM QUE A PUBLICIDADE N\u00c3O CORRESPONDA AO QUE FOI PROMETIDO PELA CELEBRIDADE<\/summary>\n<p>    <strong>Maria Eduarda Gobbo Andrades<\/strong><\/p>\n\n\n\n<p>Data: 05\/06\/2025<\/p>\n\n\n\n<p>Hor\u00e1rio: 16h<\/p>\n\n\n\n<p>Local: Virtual<\/p>\n\n\n\n<p>Banca Examinadora: Prof.(a) Dr.(a) Ana Cl\u00e1udia Corr\u00eaa Zuin Mattos do Amaral (orientadora); Prof.(a) Dr.(a) Anderson de Azevedo<\/p>\n<\/details>\n\n\n\n<details class=\"wp-block-details is-layout-flow wp-block-details-is-layout-flow\"><summary>A RESPONSABILIDADE CIVIL PELO DANO EST\u00c9TICO NO SUBMUNDO DOS TRATAMENTOS EST\u00c9TICOS<\/summary>\n<p>      <strong>MARIANA ALVES SIQUEIRA<\/strong><\/p>\n\n\n\n<p>Data: 30\/06\/2025<\/p>\n\n\n\n<p>Hor\u00e1rio: 15h<\/p>\n\n\n\n<p>Local: 452 CESA<\/p>\n\n\n\n<p>Banca Examinadora: Prof.(a) Dr.(a) Ana Cl\u00e1udia Corr\u00eaa Zuin Mattos do Amaral (orientadora); Prof.(a) Dr.(a) Anderson Azevedo<\/p>\n<\/details>\n\n\n\n<details class=\"wp-block-details is-layout-flow wp-block-details-is-layout-flow\"><summary>FAM\u00cdLIA MULTIESP\u00c9CIE: A forma\u00e7\u00e3o e extin\u00e7\u00e3o pela contratualiza\u00e7\u00e3o das rela\u00e7\u00f5es familiares<\/summary>\n<p>      <strong>MATHEUS FILIPE DE QUEIROZ<\/strong><\/p>\n\n\n\n<p>Data: 25\/04\/2025<\/p>\n\n\n\n<p>Hor\u00e1rio: 10h<\/p>\n\n\n\n<p>Local: Virtual<\/p>\n\n\n\n<p>Banca Examinadora: Profa. Dra. DANIELA BRAGA PAIANO (orientadora); Profa. Dra. RITA DE C\u00c1SSIA RESQUETTI TARIFA ESPOLADOR<\/p>\n<\/details>\n\n\n\n<p><\/p>\n\n\n\n<details class=\"wp-block-details is-layout-flow wp-block-details-is-layout-flow\"><summary>POL\u00cdTICAS DE ENVIRONMENTAL, SOCIAL, GOVERNANCE (ESG) APLICADAS \u00e0S PR\u00c1TICAS EMPRESARIAIS E OS DESAFIOS PARA A REGULA\u00c7\u00c3O EM \u00c2MBITO ESTATAL E INTERNACIONAL<br><\/summary>\n<p> <strong>MAYARA RIBEIRO SIMARO<\/strong><\/p>\n\n\n\n<p>Data: 16\/06\/2025<\/p>\n\n\n\n<p>Hor\u00e1rio: 10h<\/p>\n\n\n\n<p>Local: 452 CESA<\/p>\n\n\n\n<p>Banca Examinadora: Prof.(a) Dr.(a) ELVE MIGUEL CENCI (orientador); Prof.(a) Dr.(a) CLODOMIRO BANWART<\/p>\n\n\n\n<p><\/p>\n<\/details>\n\n\n\n<details class=\"wp-block-details is-layout-flow wp-block-details-is-layout-flow\"><summary>AS M\u00daLTIPLAS PORTAS E O TRATAMENTO ADEQUADO DOS CONFLITOS: Os desafios e os centros judici\u00e1rios de solu\u00e7\u00e3o de conflitos e cidadania como instrumento na resolu\u00e7\u00e3o das demandas familiares<\/summary>\n<p>     <strong>PEDRO EGIDYO VALLE DE SOUZA<\/strong><\/p>\n\n\n\n<p>Data: 12\/05\/2025<\/p>\n\n\n\n<p>Hor\u00e1rio: 15h<\/p>\n\n\n\n<p>Local: Virtual<\/p>\n\n\n\n<p>Banca Examinadora: Prof.(a) Dr.(a) ROZANE DA ROSA CACHAPUZ (orientadora); Prof. (a) Dr. (a) PATRICIA AYUB DA COSTA<\/p>\n<\/details>\n\n\n\n<h2 class=\"wp-block-heading\">2021<\/h2>\n\n\n\n<details class=\"wp-block-details is-layout-flow wp-block-details-is-layout-flow\"><summary>PLENITUDE DA EXIST\u00caNCIA E A PROTE\u00c7\u00c3O DA INTEGRALIDADE DA PESSOA PELO DIREITO NEGOCIAL: A FUN\u00c7\u00c3O DAS DIRETIVAS ANTECIPADAS DE VONTADE E DOS CUIDADOS PALIATIVOS<\/summary>\n<p>      <strong>ALYSSON OLIVEIRA MOREIRA<\/strong><\/p>\n\n\n\n<p>Data: 16\/11\/2021<\/p>\n\n\n\n<p>Hor\u00e1rio: 09h40min<\/p>\n\n\n\n<p>Local: Virtual<\/p>\n\n\n\n<p>Banca Examinadora: Rita de C\u00e1ssia Resquetti Tarifa Espolador (Orientadora); Daniela Braga Paiano.<\/p>\n<\/details>\n\n\n\n<details class=\"wp-block-details is-layout-flow wp-block-details-is-layout-flow\"><summary>&#8212;&#8212;&#8212;&#8212;-<\/summary>\n<p>       <strong>AMANDA MACHADO SORGI<\/strong><\/p>\n\n\n\n<p>Data: 22\/06\/2021<\/p>\n\n\n\n<p>Hor\u00e1rio: 14:00h<\/p>\n\n\n\n<p>Local: Virtual<\/p>\n\n\n\n<p>Banca Examinadora: Luiz Fernando Bellinetti (Orientador); Luiz Alberto Ribeiro.<\/p>\n<\/details>\n\n\n\n<details class=\"wp-block-details is-layout-flow wp-block-details-is-layout-flow\"><summary>ACESSO \u00c0 JUSTI\u00c7A ATRAV\u00c9S DA MEDIA\u00c7\u00c3O EXTRAJUDICIAL FAMILIAR: APLICA\u00c7\u00c3O EM N\u00daCLEOS DE PR\u00c1TICA JUR\u00cdDICA<\/summary>\n<p>     <strong>ANA PAULA NACKE PAULINO<\/strong><\/p>\n\n\n\n<p>Data: 28\/09\/2021<\/p>\n\n\n\n<p>Hor\u00e1rio: 09h00min|<\/p>\n\n\n\n<p>Local: Virtual<\/p>\n\n\n\n<p>Banca Examinadora: Rozane da Rosa Cachapuz (Orientadora); Luiz Fernando Bellinetti.<\/p>\n<\/details>\n\n\n\n<details class=\"wp-block-details is-layout-flow wp-block-details-is-layout-flow\"><summary>A PROTE\u00c7\u00c3O DOS DADOS EMPRESARIAIS: A INAPLICABILIDADE DA LEI N\u00ba 13.709\/2018 AOS TIPOS EMPRESARIAIS<\/summary>\n<p>     <strong>ANDR\u00c9 PEDROSO KASEMIRSKI<\/strong><\/p>\n\n\n\n<p>Data: 13\/05\/2021<\/p>\n\n\n\n<p>Hor\u00e1rio: 08h30<\/p>\n\n\n\n<p>Local: Virtual<\/p>\n\n\n\n<p>Banca Examinadora: Tarcisio Teixeira (Orientador); Rita de C\u00e1ssia Resquetti Tarifa Espolador.<\/p>\n<\/details>\n\n\n\n<details class=\"wp-block-details is-layout-flow wp-block-details-is-layout-flow\"><summary>SEGURAN\u00c7A E SOBERANIA ALIMENTAR: INTERFACES ENTRE PRODU\u00c7\u00c3O AGR\u00cdCOLA E JUSTI\u00c7A AMBIENTAL NO MUNDO GLOBALIZADO<\/summary>\n<p>     <strong>ANDR\u00c9 PEDROSO KASEMIRSKI<\/strong><\/p>\n\n\n\n<p>Data: 25\/08\/2021<\/p>\n\n\n\n<p>Hor\u00e1rio: 09h00<\/p>\n\n\n\n<p>Local: Virtual<\/p>\n\n\n\n<p>Banca Examinadora: Miguel Etinger de Araujo Junior (Orientador); Elve Miguel Cenci<\/p>\n<\/details>\n\n\n\n<details class=\"wp-block-details is-layout-flow wp-block-details-is-layout-flow\"><summary>A CONSTRU\u00c7\u00c3O DO COMPLIANCE AMBIENTAL NO BRASIL POR MEIO DA \u00c9TICA DO DISCURSO<\/summary>\n<p>      <strong>FRANCIELLY PODANOSCHI DE CASTRO<\/strong><\/p>\n\n\n\n<p>Data: 23\/06\/2021<\/p>\n\n\n\n<p>Hor\u00e1rio: 10h00<\/p>\n\n\n\n<p>Local: Virtual<\/p>\n\n\n\n<p>Banca Examinadora: Clodomiro Jos\u00e9 Bannwart J\u00fanior (Orientador); Elve Miguel Cenci; Antonio Lorenzoni Netto.<\/p>\n<\/details>\n\n\n\n<p><\/p>\n","protected":false},"excerpt":{"rendered":"<p>2025 2021<\/p>\n","protected":false},"author":34,"featured_media":0,"parent":0,"menu_order":0,"comment_status":"closed","ping_status":"closed","template":"","meta":{"_acf_changed":false,"footnotes":""},"class_list":["post-3204","page","type-page","status-publish","hentry"],"acf":[],"_links":{"self":[{"href":"https:\/\/pos.uel.br\/direito-negocial\/wp-json\/wp\/v2\/pages\/3204","targetHints":{"allow":["GET"]}}],"collection":[{"href":"https:\/\/pos.uel.br\/direito-negocial\/wp-json\/wp\/v2\/pages"}],"about":[{"href":"https:\/\/pos.uel.br\/direito-negocial\/wp-json\/wp\/v2\/types\/page"}],"author":[{"embeddable":true,"href":"https:\/\/pos.uel.br\/direito-negocial\/wp-json\/wp\/v2\/users\/34"}],"replies":[{"embeddable":true,"href":"https:\/\/pos.uel.br\/direito-negocial\/wp-json\/wp\/v2\/comments?post=3204"}],"version-history":[{"count":8,"href":"https:\/\/pos.uel.br\/direito-negocial\/wp-json\/wp\/v2\/pages\/3204\/revisions"}],"predecessor-version":[{"id":3249,"href":"https:\/\/pos.uel.br\/direito-negocial\/wp-json\/wp\/v2\/pages\/3204\/revisions\/3249"}],"wp:attachment":[{"href":"https:\/\/pos.uel.br\/direito-negocial\/wp-json\/wp\/v2\/media?parent=3204"}],"curies":[{"name":"wp","href":"https:\/\/api.w.org\/{rel}","templated":true}]}}