{"id":3160,"date":"2025-09-09T09:29:06","date_gmt":"2025-09-09T12:29:06","guid":{"rendered":"https:\/\/pos.uel.br\/direito-negocial\/?page_id=3160"},"modified":"2026-03-05T10:41:49","modified_gmt":"2026-03-05T13:41:49","slug":"banca-de-defesa-doutorado","status":"publish","type":"page","link":"https:\/\/pos.uel.br\/direito-negocial\/banca-de-defesa-doutorado\/","title":{"rendered":"Banca de Defesa | Doutorado"},"content":{"rendered":"\n<p><\/p>\n\n\n\n<h2 class=\"wp-block-heading\">2026<\/h2>\n\n\n\n<details class=\"wp-block-details is-layout-flow wp-block-details-is-layout-flow\"><summary>MEDIA\u00c7\u00c3O E INTELIG\u00caNCIA ARTIFICIAL FRENTE \u00c0 RESOLU\u00c7\u00c3O DE CONFLITOS NO DIREITO DAS FAM\u00cdLIAS: DESAFIOS, POTENCIALIDADES E LIMITES DA IA NA CONSTRU\u00c7\u00c3O DO DI\u00c1LOGO E DOS NEG\u00d3CIOS JUR\u00cdDICOS FAMILIARES NO BRASIL<\/summary>\n<p><strong><strong><strong>Jos\u00e9 Ricardo Suter<\/strong><\/strong><\/strong><\/p>\n\n\n\n<p><strong>Local:<\/strong> Zoom<\/p>\n\n\n\n<p><strong>Hor\u00e1rio<\/strong>: 10h00<\/p>\n\n\n\n<p><strong>Data da Defesa:<\/strong> 27\/03\/2026<\/p>\n\n\n\n<p><strong>Banca Examinadora<\/strong><\/p>\n\n\n\n<p><strong>Orientadora<\/strong>: Prof. Dra. Rozane da Rosa Cachapuz<\/p>\n\n\n\n<p><strong>Coorientador<\/strong>: Prof. Dr. Luiz Fernando Bellinetti<\/p>\n\n\n\n<p><strong>Membro Externo<\/strong>: Prof. Dr. Pedro Lu\u00eds Piedade Novaes &#8211; Unitoledo Wyden<\/p>\n\n\n\n<p><strong>Membro Externo<\/strong>: Rosa Andrea Sim\u00f5es C\u00e2ndido Martins &#8211; Universidade de Coimbra<\/p>\n\n\n\n<p><strong>Membro Interno<\/strong>: Dra. Patr\u00edcia Ayub da Costa <\/p>\n\n\n\n<div class=\"wp-block-buttons is-layout-flex wp-container-core-buttons-is-layout-a74382ec wp-block-buttons-is-layout-flex\">\n<div class=\"wp-block-button\"><a class=\"wp-block-button__link wp-element-button\"><strong>ACESSAR<\/strong><\/a><\/div>\n<\/div>\n<\/details>\n\n\n\n<hr class=\"wp-block-separator has-alpha-channel-opacity is-style-wide\" \/>\n\n\n\n<h2 class=\"wp-block-heading\">2025<\/h2>\n\n\n\n<details class=\"wp-block-details is-layout-flow wp-block-details-is-layout-flow\"><summary>POSITIVISMO ENTRE KANT E KELSEN: PARADIGMAS FILOS\u00d3FICO, EPISTEMOL\u00d3GICO E LINGU\u00cdSTICO DO DIREITO POSITIVO E A FUN\u00c7\u00c3O CRIADORA DE DIREITOS NA NORMA NEGOCIAL<\/summary>\n<p><strong><strong><strong>Adyr Garcia Ferreira Netto<\/strong><\/strong><\/strong><\/p>\n\n\n\n<p><strong>Local:<\/strong> Universidade de Vigo \u2013 Campus Ourense \u2013 Espanha.<\/p>\n\n\n\n<p><strong>Data da Defesa:<\/strong> 10\/03\/2025<\/p>\n\n\n\n<p><strong>Banca Examinadora<\/strong><\/p>\n\n\n\n<p>Orientador: Prof. Dr. Clodomiro Jos\u00e9 Bannwart Junior<\/p>\n\n\n\n<p>Membro Externo: Prof. Dr. Gilvan Luiz Hansen<\/p>\n\n\n\n<p>Membro Externo: \u00c1nton Lois Fernandez Alvarez<\/p>\n\n\n\n<p>Membro Interno: Dr. Elve Miguel Cenci<\/p>\n\n\n\n<p>Membro Externo: Dr. Guillermo Su\u00e1rez Bl\u00e1zquez<\/p>\n\n\n\n<div class=\"wp-block-buttons is-layout-flex wp-container-core-buttons-is-layout-a74382ec wp-block-buttons-is-layout-flex\">\n<div class=\"wp-block-button\"><a class=\"wp-block-button__link wp-element-button\" href=\"https:\/\/repositorio.uel.br\/handle\/123456789\/18665\"><strong>ACESSAR<\/strong><\/a><\/div>\n<\/div>\n<\/details>\n\n\n\n<hr class=\"wp-block-separator has-alpha-channel-opacity is-style-wide\" \/>\n\n\n\n<details class=\"wp-block-details is-layout-flow wp-block-details-is-layout-flow\"><summary>CONTRIBUI\u00c7\u00c3O AMBIENTAL DE INTERVEN\u00c7\u00c3O SOBRE O DOM\u00cdNIO ECON\u00d4MICO<\/summary>\n<p><strong><strong>Fellipe Cianca Fortes<\/strong><\/strong><\/p>\n\n\n\n<p><strong>Local:<\/strong> Universidade Estadual de Londrina.<\/p>\n\n\n\n<p><strong>Data da Defesa:<\/strong> 11\/04\/2025<\/p>\n\n\n\n<p><strong>Banca Examinadora<\/strong><\/p>\n\n\n\n<p>Orientador: Prof\u00aa. Dr\u00aa. Marlene Kempfer<\/p>\n\n\n\n<p>Membro Externo: Prof. Dr. Carlos Renato Cunha<\/p>\n\n\n\n<p>Membro Externo: Maria de F\u00e1tima Ribeiro<\/p>\n\n\n\n<p>Membro Interno: Dr. Neil Hern\u00e1n Tejada Pacheco<\/p>\n\n\n\n<p>Membro Interno: Dr. Wagner Balera<\/p>\n\n\n\n<div class=\"wp-block-buttons is-layout-flex wp-container-core-buttons-is-layout-a74382ec wp-block-buttons-is-layout-flex\">\n<div class=\"wp-block-button\"><a class=\"wp-block-button__link wp-element-button\" href=\"https:\/\/repositorio.uel.br\/handle\/123456789\/18877\"><strong>ACESSAR<\/strong><\/a><\/div>\n<\/div>\n<\/details>\n\n\n\n<hr class=\"wp-block-separator has-alpha-channel-opacity is-style-wide\" \/>\n\n\n\n<details class=\"wp-block-details is-layout-flow wp-block-details-is-layout-flow\"><summary>A QUEST\u00c3O AGR\u00cdCOLA, O DISCURSO DE CONSENSO E A PERSPECTIVA DE DESENVOLVIMENTO NA ORGANIZA\u00c7\u00c3O MUNDIAL DO COM\u00c9RCIO<\/summary>\n<p><strong>Joice Duarte Gon\u00e7alves Bergamaschi<\/strong><\/p>\n\n\n\n<p><strong>Local:<\/strong> Universidade Estadual de Londrina.<\/p>\n\n\n\n<p><strong>Data da Defesa:<\/strong> 16\/05\/2025<\/p>\n\n\n\n<p><strong>Banca Examinadora<\/strong><\/p>\n\n\n\n<p>Orientador: Prof. Dr. Elve Miguel Cenci<\/p>\n\n\n\n<p>Membro Interno: Dr\u00aa Patricia Ayub da Costa<\/p>\n\n\n\n<p>Membro Externo: Dr\u00aa. Maria de Fatima Ribeiro<\/p>\n\n\n\n<p>Membro Externo: Prof. Dr. Wagner Luiz Menezes Lino<\/p>\n\n\n\n<p>Membro Externo: Dr. Rud\u00e1 Ryuiti Furukita Baptista.<\/p>\n\n\n\n<div class=\"wp-block-buttons is-layout-flex wp-container-core-buttons-is-layout-a74382ec wp-block-buttons-is-layout-flex\">\n<div class=\"wp-block-button\"><a class=\"wp-block-button__link wp-element-button\" href=\"https:\/\/repositorio.uel.br\/handle\/123456789\/18920\"><strong>ACESSAR<\/strong><\/a><\/div>\n<\/div>\n<\/details>\n\n\n\n<hr class=\"wp-block-separator has-alpha-channel-opacity is-style-wide\" \/>\n\n\n\n<details class=\"wp-block-details is-layout-flow wp-block-details-is-layout-flow\"><summary>TOMADA DE DECIS\u00c3O EM CUIDADOS DE SA\u00daDE: COMUNICA\u00c7\u00c3O, INFORMA\u00c7\u00c3O E VALIDADE JUR\u00cdDICA<\/summary>\n<p>        <strong>Aracelli Mesquita Bandolin Bermejo<\/strong><\/p>\n\n\n\n<p><strong>Local: <\/strong>Universidade Estadual de Londrina.<\/p>\n\n\n\n<p><strong>Data da Defesa:<\/strong> 30\/04\/2025<\/p>\n\n\n\n<p><strong>Banca Examinadora<\/strong><\/p>\n\n\n\n<p>Orientador: Prof\u00aa. Dr\u00aa. Rita de C\u00e1ssia Resquetti Tarifa Espolador<\/p>\n\n\n\n<p>Membro Interno: Daniela Paiano.<\/p>\n\n\n\n<p>Membro Externo: Juliana Carvalho Pav\u00e3o &nbsp;<\/p>\n\n\n\n<p>Membro Externo: Igor de Lucena Mascarenhas<\/p>\n\n\n\n<p>Membro Externo: Marcos Liboni<\/p>\n\n\n\n<div class=\"wp-block-buttons is-layout-flex wp-container-core-buttons-is-layout-a74382ec wp-block-buttons-is-layout-flex\">\n<div class=\"wp-block-button\"><a class=\"wp-block-button__link wp-element-button\"><strong>ACESSAR<\/strong><\/a><\/div>\n<\/div>\n<\/details>\n\n\n\n<hr class=\"wp-block-separator has-alpha-channel-opacity is-style-wide\" \/>\n\n\n\n<details class=\"wp-block-details is-layout-flow wp-block-details-is-layout-flow\"><summary>DOS CONTRATOS AGR\u00c1RIOS E AS FIGURAS PARCELARES DA BOA-F\u00c9 OBJETIVA: A APLICABILIDADE DO DUTY TO MITIGATE TO LOSS<\/summary>\n<p>         <strong>Adiloar Franco Zemuner<\/strong><\/p>\n\n\n\n<p><strong>Local: <\/strong>Universidade Estadual de Londrina.<\/p>\n\n\n\n<p><strong>Data da Defesa:<\/strong> 04\/07\/2025<\/p>\n\n\n\n<p><strong>Banca Examinadora<\/strong><\/p>\n\n\n\n<p>Orientador: Prof\u00aa. Dr\u00aa. Daniela Paiano.<\/p>\n\n\n\n<p>Membro Interno: Prof\u00aa. Dr\u00aa. Rita de Cassia Resquetti Tarifa Espolador<\/p>\n\n\n\n<p>Membro Interno: Dr\u00aa. Alessandra Cristina Furlan<\/p>\n\n\n\n<p>Membro Externo: Dr\u00aa. Sandra Regina Carvalho &nbsp;<\/p>\n\n\n\n<p>Membro Externo: Dr. Alessandro Marinelli de Oliveira<\/p>\n\n\n\n<div class=\"wp-block-buttons is-layout-flex wp-container-core-buttons-is-layout-a74382ec wp-block-buttons-is-layout-flex\">\n<div class=\"wp-block-button\"><a class=\"wp-block-button__link wp-element-button\"><strong>ACESSAR<\/strong><\/a><\/div>\n<\/div>\n<\/details>\n\n\n\n<hr class=\"wp-block-separator has-alpha-channel-opacity is-style-wide\" \/>\n\n\n\n<details class=\"wp-block-details is-layout-flow wp-block-details-is-layout-flow\"><summary>A FORMA\u00c7\u00c3O DA RATIO DECIDENDI DOS PRECEDENTES E A ATIVIDADE TRANSINDIVIDUAL NO SISTEMA RECURSAL BRASILEIRO: A CONVERG\u00caNCIA ENTRE ARGUMENTA\u00c7\u00c3O JUR\u00cdDICA, FILOSOFIA DA LINGUAGEM, PROCEDIMENTALISMO, SUBSTANCIALISMO E HERMEN\u00caUTICA NA CONSTRU\u00c7\u00c3O DAS DECIS\u00d5ES JUDICIAIS COM EFIC\u00c1CIA TRANSINDIVIDUAL<\/summary>\n<p>          <strong>Willian Zendrini Buzingnani<\/strong><\/p>\n\n\n\n<p><strong>Local: <\/strong>Universidade Estadual de Londrina.<\/p>\n\n\n\n<p><strong>Data da Defesa:<\/strong> 09\/07\/2025<\/p>\n\n\n\n<p><strong>Hor\u00e1rio: <\/strong>17h<\/p>\n\n\n\n<p><strong>Banca Examinadora<\/strong><\/p>\n\n\n\n<p>Orientador: Prof. Dr. Dr. Luiz Fernando Bellinetti<\/p>\n\n\n\n<p>Membro Interno: Prof. Dr. Elve Miguel Cenci<\/p>\n\n\n\n<p>Membro Interno: Prof\u00aa. Dra. Patr\u00edcia Ayub da Costa<\/p>\n\n\n\n<p>Membro Externo: Dr. Clayton de Albuquerque Maranh\u00e3o<\/p>\n\n\n\n<p>Membro Externo: Dr. Jos\u00e9 Miguel Garcia Medina<\/p>\n\n\n\n<div class=\"wp-block-buttons is-layout-flex wp-container-core-buttons-is-layout-a74382ec wp-block-buttons-is-layout-flex\">\n<div class=\"wp-block-button\"><a class=\"wp-block-button__link wp-element-button\"><strong>ACESSAR<\/strong><\/a><\/div>\n<\/div>\n<\/details>\n","protected":false},"excerpt":{"rendered":"<p>2026 2025<\/p>\n","protected":false},"author":34,"featured_media":0,"parent":0,"menu_order":0,"comment_status":"closed","ping_status":"closed","template":"","meta":{"_acf_changed":false,"footnotes":""},"class_list":["post-3160","page","type-page","status-publish","hentry"],"acf":[],"_links":{"self":[{"href":"https:\/\/pos.uel.br\/direito-negocial\/wp-json\/wp\/v2\/pages\/3160","targetHints":{"allow":["GET"]}}],"collection":[{"href":"https:\/\/pos.uel.br\/direito-negocial\/wp-json\/wp\/v2\/pages"}],"about":[{"href":"https:\/\/pos.uel.br\/direito-negocial\/wp-json\/wp\/v2\/types\/page"}],"author":[{"embeddable":true,"href":"https:\/\/pos.uel.br\/direito-negocial\/wp-json\/wp\/v2\/users\/34"}],"replies":[{"embeddable":true,"href":"https:\/\/pos.uel.br\/direito-negocial\/wp-json\/wp\/v2\/comments?post=3160"}],"version-history":[{"count":17,"href":"https:\/\/pos.uel.br\/direito-negocial\/wp-json\/wp\/v2\/pages\/3160\/revisions"}],"predecessor-version":[{"id":4143,"href":"https:\/\/pos.uel.br\/direito-negocial\/wp-json\/wp\/v2\/pages\/3160\/revisions\/4143"}],"wp:attachment":[{"href":"https:\/\/pos.uel.br\/direito-negocial\/wp-json\/wp\/v2\/media?parent=3160"}],"curies":[{"name":"wp","href":"https:\/\/api.w.org\/{rel}","templated":true}]}}