{"id":276,"date":"2024-10-11T08:51:51","date_gmt":"2024-10-11T11:51:51","guid":{"rendered":"https:\/\/pos.uel.br\/direito-negocial\/?page_id=276"},"modified":"2025-09-16T13:46:07","modified_gmt":"2025-09-16T16:46:07","slug":"noticias-old","status":"publish","type":"page","link":"https:\/\/pos.uel.br\/direito-negocial\/noticias-old\/","title":{"rendered":"Arquivo de not\u00edcias"},"content":{"rendered":"\n<p class=\"has-text-align-right\"><\/p>\n\n\n\n<h2 class=\"wp-block-heading has-text-align-center\">Mestrandos do PPPGD\/UEL realizam palestra no Dia do Combate ao Bullying e \u00e0 Viol\u00eancia nas Escolas<\/h2>\n\n\n\n<div class=\"wp-block-media-text is-stacked-on-mobile\"><figure class=\"wp-block-media-text__media\"><img loading=\"lazy\" decoding=\"async\" width=\"900\" height=\"1024\" src=\"https:\/\/pos.uel.br\/direito-negocial\/wp-content\/uploads\/2025\/04\/Imagem-do-WhatsApp-de-2025-04-07-as-20.32.35_8cc74014-900x1024.jpg\" alt=\"\" class=\"wp-image-1643 size-full\" srcset=\"https:\/\/pos.uel.br\/direito-negocial\/wp-content\/uploads\/2025\/04\/Imagem-do-WhatsApp-de-2025-04-07-as-20.32.35_8cc74014-900x1024.jpg 900w, https:\/\/pos.uel.br\/direito-negocial\/wp-content\/uploads\/2025\/04\/Imagem-do-WhatsApp-de-2025-04-07-as-20.32.35_8cc74014-264x300.jpg 264w, https:\/\/pos.uel.br\/direito-negocial\/wp-content\/uploads\/2025\/04\/Imagem-do-WhatsApp-de-2025-04-07-as-20.32.35_8cc74014-768x874.jpg 768w, https:\/\/pos.uel.br\/direito-negocial\/wp-content\/uploads\/2025\/04\/Imagem-do-WhatsApp-de-2025-04-07-as-20.32.35_8cc74014.jpg 1170w\" sizes=\"auto, (max-width: 900px) 100vw, 900px\" \/><\/figure><div class=\"wp-block-media-text__content\">\n<p class=\"has-text-align-center\">No dia 7 de abril, em alus\u00e3o ao Dia Nacional de Combate ao Bullying e \u00e0 Viol\u00eancia nas Escolas, os mestrandos Maria Eduarda Gobbo Andrades e Matheus Filipe de Queiroz, do Programa de P\u00f3s-Gradua\u00e7\u00e3o em Direito Negocial da Universidade Estadual de Londrina (PPPGD\/UEL), ministraram uma palestra no Col\u00e9gio Estadual Theoth\u00f4lio Brand\u00e3o Vilela, em Ibipor\u00e3 (PR).<\/p>\n\n\n\n<p class=\"has-text-align-center\">A atividade foi direcionada aos alunos do 6\u00ba ano do Ensino Fundamental at\u00e9 o 3\u00ba ano do Ensino M\u00e9dio e teve como tema \u201cAs consequ\u00eancias jur\u00eddicas do bullying\u201d. De forma clara e did\u00e1tica, os palestrantes explicaram como o bullying pode gerar implica\u00e7\u00f5es legais, abordando tamb\u00e9m a import\u00e2ncia da empatia, do respeito m\u00fatuo e da promo\u00e7\u00e3o de um ambiente escolar saud\u00e1vel e seguro.<\/p>\n\n\n\n<p class=\"has-text-align-center\">A a\u00e7\u00e3o refor\u00e7a o papel social do PPPGD\/UEL, incentivando a aproxima\u00e7\u00e3o entre universidade e comunidade por meio da educa\u00e7\u00e3o em direitos e da conscientiza\u00e7\u00e3o dos jovens sobre seus deveres e responsabilidades na constru\u00e7\u00e3o de uma conviv\u00eancia mais justa&nbsp;e&nbsp;solid\u00e1ria.<\/p>\n\n\n\n<p class=\"has-text-align-right\">07 de abril de 2025.<\/p>\n\n\n\n<p class=\"has-text-align-right\">Fonte: Comunica\u00e7\u00e3o PPGDN-UEL<\/p>\n\n\n\n<p class=\"has-text-align-right\"><\/p>\n<\/div><\/div>\n\n\n\n<h2 class=\"wp-block-heading has-text-align-center\"><strong>Egressa do Mestrado em Direito Negocial da UEL promove palestra sobre agroneg\u00f3cio na ExpoLondrina<\/strong><\/h2>\n\n\n\n<div class=\"wp-block-media-text is-stacked-on-mobile\"><figure class=\"wp-block-media-text__media\"><img loading=\"lazy\" decoding=\"async\" width=\"819\" height=\"1024\" src=\"https:\/\/pos.uel.br\/direito-negocial\/wp-content\/uploads\/2025\/04\/agro-819x1024.jpg\" alt=\"\" class=\"wp-image-1628 size-full\" srcset=\"https:\/\/pos.uel.br\/direito-negocial\/wp-content\/uploads\/2025\/04\/agro-819x1024.jpg 819w, https:\/\/pos.uel.br\/direito-negocial\/wp-content\/uploads\/2025\/04\/agro-240x300.jpg 240w, https:\/\/pos.uel.br\/direito-negocial\/wp-content\/uploads\/2025\/04\/agro-768x960.jpg 768w, https:\/\/pos.uel.br\/direito-negocial\/wp-content\/uploads\/2025\/04\/agro.jpg 1080w\" sizes=\"auto, (max-width: 819px) 100vw, 819px\" \/><\/figure><div class=\"wp-block-media-text__content\">\n<p>A advogada Rafaela Parra, egressa do Mestrado em Direito Negocial da Universidade Estadual de Londrina (UEL), ser\u00e1 uma das protagonistas da programa\u00e7\u00e3o da ExpoLondrina 2025. Ela conduz, no dia <strong>8 de abril<\/strong>, \u00e0s <strong>9h<\/strong>, a palestra <strong>\u201cAgro, a alma do neg\u00f3cio: Oportunidades de A a Z\u201d<\/strong>, no Pavilh\u00e3o Smart Agro.<\/p>\n\n\n\n<p>Ao lado de Rubens In\u00e1cio, diretor da TXC e Texas Center, Rafaela Parra trar\u00e1 uma abordagem pr\u00e1tica e estrat\u00e9gica sobre o universo do agroneg\u00f3cio, revelando como essa cadeia vai al\u00e9m das commodities, alcan\u00e7ando setores como o varejo e a advocacia. O bate-papo promete insights sobre <strong>carreira, marketing, branding, estrat\u00e9gia e vendas<\/strong>, com foco nas oportunidades que o agro oferece para diferentes perfis profissionais.<\/p>\n\n\n\n<p>A programa\u00e7\u00e3o inclui tamb\u00e9m o <strong>lan\u00e7amento do livro<\/strong> de autoria de Parra, <strong>\u201cConhecimento n\u00e3o tem atalho\u201d<\/strong>, que re\u00fane reflex\u00f5es sobre mercado, forma\u00e7\u00e3o jur\u00eddica e posicionamento estrat\u00e9gico. A manh\u00e3 se encerra com uma sess\u00e3o de aut\u00f3grafos aberta ao p\u00fablico.<\/p>\n\n\n\n<p>Para estudantes, profissionais do Direito, empreendedores e interessados na interse\u00e7\u00e3o entre neg\u00f3cios e campo, o evento \u00e9 um convite \u00e0 atualiza\u00e7\u00e3o e ao networking de qualidade. As inscri\u00e7\u00f5es s\u00e3o gratuitas e podem ser feitas pelo e-mail: <a href=\"mailto:rp@rparra.com.br\"><strong>rp@rparra.com.br<\/strong><\/a>.<\/p>\n\n\n\n<p>O Programa de Mestrado em Direito Negocial da UEL parabeniza Rafaela Parra por sua trajet\u00f3ria inspiradora e se orgulha de t\u00ea-la como egressa. Seu protagonismo no cen\u00e1rio jur\u00eddico e empresarial \u00e9 motivo de alegria para toda a comunidade acad\u00eamica.<\/p>\n\n\n\n<p class=\"has-text-align-right\">07 de abril de 2025.<\/p>\n\n\n\n<p class=\"has-text-align-right\">Fonte: Comunica\u00e7\u00e3o PPGDN-UEL<\/p>\n\n\n\n<p><\/p>\n<\/div><\/div>\n\n\n\n<hr class=\"wp-block-separator has-alpha-channel-opacity is-style-dots\" \/>\n\n\n\n<h2 class=\"wp-block-heading has-text-align-center\"><strong>VI Congresso de Gest\u00e3o de Conflitos movimenta o CESA com debates de alto n\u00edvel<\/strong><\/h2>\n\n\n\n<p><\/p>\n\n\n\n<p>O Anfiteatro do CESA foi palco, no dia 3 de abril, do <strong>VI Congresso de Gest\u00e3o de Conflitos<\/strong>, promovido pela Universidade Estadual de Londrina (UEL) em parceria com o Instituto Brasileiro de Gest\u00e3o de Conflitos (IBGCONF). O evento reuniu professores, pesquisadores, alunos e profissionais do Direito em uma programa\u00e7\u00e3o intensa e repleta de conte\u00fado qualificado.<\/p>\n\n\n\n<p>Com o audit\u00f3rio cheio e um p\u00fablico engajado, o congresso foi marcado por discuss\u00f5es aprofundadas sobre m\u00e9todos adequados de resolu\u00e7\u00e3o de conflitos, inova\u00e7\u00e3o no sistema de justi\u00e7a e os desafios da media\u00e7\u00e3o e arbitragem no cen\u00e1rio contempor\u00e2neo.<\/p>\n\n\n\n<p>Estiveram presentes grandes nomes da \u00e1rea, como as professoras Tania Lobo Muniz, Patr\u00edcia Ayub e Rita Espolador, al\u00e9m da doutoranda Suzane, entre outras presen\u00e7as ilustres que contribu\u00edram com reflex\u00f5es instigantes e experi\u00eancias pr\u00e1ticas.<\/p>\n\n\n\n<p>O evento refor\u00e7ou o compromisso da UEL e do IBGCONF com a forma\u00e7\u00e3o cr\u00edtica e atualizada dos profissionais do Direito, promovendo um ambiente de troca de ideias, crescimento intelectual e fortalecimento da cultura de paz.<\/p>\n\n\n\n<p>O VI Congresso de Gest\u00e3o de Conflitos foi um verdadeiro sucesso \u2014 repleto de aprendizado, conex\u00f5es e entusiasmo acad\u00eamico. Parab\u00e9ns a todos os envolvidos por mais uma edi\u00e7\u00e3o memor\u00e1vel!<\/p>\n\n\n\n<p><\/p>\n\n\n\n<figure class=\"wp-block-gallery has-nested-images columns-default is-cropped wp-block-gallery-1 is-layout-flex wp-block-gallery-is-layout-flex\">\n<figure class=\"wp-block-image size-large\"><img loading=\"lazy\" decoding=\"async\" width=\"768\" height=\"1024\" data-id=\"1631\" src=\"https:\/\/pos.uel.br\/direito-negocial\/wp-content\/uploads\/2025\/04\/tania-768x1024.jpg\" alt=\"\" class=\"wp-image-1631\" srcset=\"https:\/\/pos.uel.br\/direito-negocial\/wp-content\/uploads\/2025\/04\/tania-768x1024.jpg 768w, https:\/\/pos.uel.br\/direito-negocial\/wp-content\/uploads\/2025\/04\/tania-225x300.jpg 225w, https:\/\/pos.uel.br\/direito-negocial\/wp-content\/uploads\/2025\/04\/tania-1152x1536.jpg 1152w, https:\/\/pos.uel.br\/direito-negocial\/wp-content\/uploads\/2025\/04\/tania.jpg 1200w\" sizes=\"auto, (max-width: 768px) 100vw, 768px\" \/><\/figure>\n\n\n\n<figure class=\"wp-block-image size-large\"><img loading=\"lazy\" decoding=\"async\" width=\"724\" height=\"1024\" data-id=\"1632\" src=\"https:\/\/pos.uel.br\/direito-negocial\/wp-content\/uploads\/2025\/04\/banner-tania3-724x1024.jpg\" alt=\"\" class=\"wp-image-1632\" srcset=\"https:\/\/pos.uel.br\/direito-negocial\/wp-content\/uploads\/2025\/04\/banner-tania3-724x1024.jpg 724w, https:\/\/pos.uel.br\/direito-negocial\/wp-content\/uploads\/2025\/04\/banner-tania3-212x300.jpg 212w, https:\/\/pos.uel.br\/direito-negocial\/wp-content\/uploads\/2025\/04\/banner-tania3-768x1086.jpg 768w, https:\/\/pos.uel.br\/direito-negocial\/wp-content\/uploads\/2025\/04\/banner-tania3-1087x1536.jpg 1087w, https:\/\/pos.uel.br\/direito-negocial\/wp-content\/uploads\/2025\/04\/banner-tania3.jpg 1132w\" sizes=\"auto, (max-width: 724px) 100vw, 724px\" \/><\/figure>\n\n\n\n<figure class=\"wp-block-image size-large\"><img loading=\"lazy\" decoding=\"async\" width=\"1024\" height=\"768\" data-id=\"1633\" src=\"https:\/\/pos.uel.br\/direito-negocial\/wp-content\/uploads\/2025\/04\/tania22-1024x768.jpg\" alt=\"\" class=\"wp-image-1633\" srcset=\"https:\/\/pos.uel.br\/direito-negocial\/wp-content\/uploads\/2025\/04\/tania22-1024x768.jpg 1024w, https:\/\/pos.uel.br\/direito-negocial\/wp-content\/uploads\/2025\/04\/tania22-300x225.jpg 300w, https:\/\/pos.uel.br\/direito-negocial\/wp-content\/uploads\/2025\/04\/tania22-768x576.jpg 768w, https:\/\/pos.uel.br\/direito-negocial\/wp-content\/uploads\/2025\/04\/tania22-1536x1152.jpg 1536w, https:\/\/pos.uel.br\/direito-negocial\/wp-content\/uploads\/2025\/04\/tania22.jpg 1600w\" sizes=\"auto, (max-width: 1024px) 100vw, 1024px\" \/><\/figure>\n<\/figure>\n\n\n\n<p class=\"has-text-align-right\">03 de abril de 2025.<\/p>\n\n\n\n<p class=\"has-text-align-right\">Fonte: Comunica\u00e7\u00e3o PPGDN-UEL<\/p>\n\n\n\n<hr class=\"wp-block-separator has-alpha-channel-opacity is-style-dots\" \/>\n\n\n\n<h2 class=\"wp-block-heading has-text-align-center\"><strong>UEL recebe especialista internacional em negocia\u00e7\u00e3o para aula aberta sobre solu\u00e7\u00e3o de conflitos<\/strong><\/h2>\n\n\n\n<p><\/p>\n\n\n\n<p>No dia 2 de abril, \u00e0s 17h, a Universidade Estadual de Londrina (UEL) promoveu uma <strong>aula aberta da disciplina &#8220;Meios Alternativos de Solu\u00e7\u00e3o de Conflitos&#8221;<\/strong>, com a participa\u00e7\u00e3o especial do renomado professor <strong>Alexandre Palermo Sim\u00f5es<\/strong>. O encontro aconteceu na Sala 404 do CESA (t\u00e9rreo) e reuniu estudantes, docentes e profissionais interessados em m\u00e9todos eficazes de resolu\u00e7\u00e3o de disputas.<\/p>\n\n\n\n<p>Com uma trajet\u00f3ria internacional, Alexandre Palermo \u00e9 advogado, mediador, negociador, facilitador, \u00e1rbitro e professor. Em sua forma\u00e7\u00e3o de excel\u00eancia, obteve certifica\u00e7\u00f5es em \u201cAdvanced Negotiation\u201d pela University of California \u2013 Berkeley (2010), Harvard University (2018) e Pepperdine University (2019) \u2014 refer\u00eancias mundiais em negocia\u00e7\u00e3o e resolu\u00e7\u00e3o de conflitos.<\/p>\n\n\n\n<p>A aula foi marcada por um di\u00e1logo profundo sobre pr\u00e1ticas contempor\u00e2neas de media\u00e7\u00e3o e negocia\u00e7\u00e3o, trazendo exemplos reais e t\u00e9cnicas consagradas nas maiores escolas de Direito e neg\u00f3cios do mundo. A presen\u00e7a de Palermo foi uma oportunidade \u00fanica para os alunos e a comunidade acad\u00eamica se conectarem com abordagens globais e inovadoras da \u00e1rea.<\/p>\n\n\n\n<p>A UEL reafirma seu compromisso com a forma\u00e7\u00e3o de excel\u00eancia e celebra mais uma iniciativa que coloca seus estudantes em contato direto com profissionais de destaque no cen\u00e1rio nacional e internacional.<\/p>\n\n\n<div class=\"wp-block-image\">\n<figure class=\"aligncenter size-large is-resized\"><img loading=\"lazy\" decoding=\"async\" width=\"1024\" height=\"1024\" src=\"https:\/\/pos.uel.br\/direito-negocial\/wp-content\/uploads\/2025\/04\/alexandre-1024x1024.jpg\" alt=\"\" class=\"wp-image-1635\" style=\"width:655px;height:auto\" srcset=\"https:\/\/pos.uel.br\/direito-negocial\/wp-content\/uploads\/2025\/04\/alexandre-1024x1024.jpg 1024w, https:\/\/pos.uel.br\/direito-negocial\/wp-content\/uploads\/2025\/04\/alexandre-300x300.jpg 300w, https:\/\/pos.uel.br\/direito-negocial\/wp-content\/uploads\/2025\/04\/alexandre-150x150.jpg 150w, https:\/\/pos.uel.br\/direito-negocial\/wp-content\/uploads\/2025\/04\/alexandre-768x768.jpg 768w, https:\/\/pos.uel.br\/direito-negocial\/wp-content\/uploads\/2025\/04\/alexandre.jpg 1080w\" sizes=\"auto, (max-width: 1024px) 100vw, 1024px\" \/><\/figure>\n<\/div>\n\n\n<p class=\"has-text-align-right\">02 de abril de 2025.<\/p>\n\n\n\n<p class=\"has-text-align-right\">Fonte: Comunica\u00e7\u00e3o PPGDN-UEL<\/p>\n\n\n\n<hr class=\"wp-block-separator has-alpha-channel-opacity is-style-dots\" \/>\n\n\n\n<h2 class=\"wp-block-heading has-text-align-center\">Doutorando Marcos Ticianelli ministra palestra na Aula Magna do Curso de Direito<\/h2>\n\n\n\n<div class=\"wp-block-media-text is-stacked-on-mobile\"><figure class=\"wp-block-media-text__media\"><img loading=\"lazy\" decoding=\"async\" width=\"768\" height=\"1024\" src=\"https:\/\/pos.uel.br\/direito-negocial\/wp-content\/uploads\/2025\/04\/ticianelli-768x1024.jpg\" alt=\"\" class=\"wp-image-1637 size-full\" srcset=\"https:\/\/pos.uel.br\/direito-negocial\/wp-content\/uploads\/2025\/04\/ticianelli-768x1024.jpg 768w, https:\/\/pos.uel.br\/direito-negocial\/wp-content\/uploads\/2025\/04\/ticianelli-225x300.jpg 225w, https:\/\/pos.uel.br\/direito-negocial\/wp-content\/uploads\/2025\/04\/ticianelli.jpg 960w\" sizes=\"auto, (max-width: 768px) 100vw, 768px\" \/><\/figure><div class=\"wp-block-media-text__content\">\n<p>Na \u00faltima ter\u00e7a-feira, 01 de abril de 2025, o Curso de Direito recebeu o doutorando Marcos Ticianelli para a Aula Magna do semestre letivo. O evento, realizado no audit\u00f3rio principal da institui\u00e7\u00e3o, contou com a presen\u00e7a de professores, alunos e autoridades acad\u00eamicas.<\/p>\n\n\n\n<p><\/p>\n\n\n\n<p>A palestra foi marcada por um di\u00e1logo direto com os estudantes, que puderam participar com perguntas e considera\u00e7\u00f5es ao final da exposi\u00e7\u00e3o. Para a coordena\u00e7\u00e3o do curso, a presen\u00e7a do doutorando enriqueceu o in\u00edcio das atividades acad\u00eamicas e fortaleceu o compromisso da gradua\u00e7\u00e3o com uma forma\u00e7\u00e3o cr\u00edtica e atualizada.<\/p>\n\n\n\n<p class=\"has-text-align-right\">01 de abril de 2025.<\/p>\n\n\n\n<p class=\"has-text-align-right\">Fonte: Comunica\u00e7\u00e3o PPGDN-UEL<\/p>\n<\/div><\/div>\n\n\n\n<hr class=\"wp-block-separator has-alpha-channel-opacity is-style-dots\" \/>\n\n\n\n<h2 class=\"wp-block-heading has-text-align-center\">UEL firma conv\u00eanio internacional com a UNIR &#8211; Universidade Internacional de La Rioja, da Espanha<\/h2>\n\n\n\n<p><\/p>\n\n\n\n<p><strong>Parceria visa fortalecer a coopera\u00e7\u00e3o acad\u00eamica, cient\u00edfica, tecnol\u00f3gica e cultural entre as institui\u00e7\u00f5es<\/strong><\/p>\n\n\n\n<p>A Universidade Estadual de Londrina (UEL) firmou um conv\u00eanio com a Universidad Internacional de La Rioja (UNIR), da Espanha, com o objetivo de promover a coopera\u00e7\u00e3o acad\u00eamico-cient\u00edfica, tecnol\u00f3gica, sociocultural e de inova\u00e7\u00e3o entre as institui\u00e7\u00f5es. O documento, assinado pela reitora da UEL, professora Marta Regina Gimenez Favaro, e pelo reitor da UNIR, professor Jos\u00e9 Mar\u00eda V\u00e1zquez Garc\u00eda-Pe\u00f1uela, marca um importante passo na internacionaliza\u00e7\u00e3o da universidade paranaense.<\/p>\n\n\n\n<p>O protocolo de inten\u00e7\u00f5es prev\u00ea o desenvolvimento conjunto de projetos, programas e atividades em \u00e1reas de interesse m\u00fatuo. Entre as formas de implementa\u00e7\u00e3o da parceria, est\u00e3o previstas reuni\u00f5es t\u00e9cnicas para defini\u00e7\u00e3o das a\u00e7\u00f5es colaborativas e a celebra\u00e7\u00e3o de instrumentos jur\u00eddicos espec\u00edficos acompanhados de planos de trabalho.<\/p>\n\n\n\n<p>Al\u00e9m disso, o acordo contempla o incentivo ao interc\u00e2mbio de informa\u00e7\u00f5es, mobilidade acad\u00eamica de docentes, discentes e t\u00e9cnicos, e a promo\u00e7\u00e3o de pesquisas e a\u00e7\u00f5es de extens\u00e3o e inova\u00e7\u00e3o.<\/p>\n\n\n\n<p>Com validade de cinco anos, o conv\u00eanio refor\u00e7a o compromisso da UEL com a amplia\u00e7\u00e3o de sua atua\u00e7\u00e3o internacional e o fortalecimento de redes de coopera\u00e7\u00e3o cient\u00edfica e educacional.<\/p>\n\n\n\n<p class=\"has-text-align-right\" id=\"block-ad4efd8e-6b7e-4023-82ec-f88254322148\">31 de mar\u00e7o de 2025.<\/p>\n\n\n\n<p class=\"has-text-align-right\" id=\"block-0b4481b8-8be4-4f2b-a111-6388e0dff658\">Fonte: Comunica\u00e7\u00e3o PPGDN-UEL<\/p>\n\n\n\n<hr class=\"wp-block-separator has-alpha-channel-opacity is-style-dots\" \/>\n\n\n<div class=\"wp-block-image\">\n<figure class=\"aligncenter size-large is-resized\"><img loading=\"lazy\" decoding=\"async\" width=\"1024\" height=\"1024\" src=\"https:\/\/pos.uel.br\/direito-negocial\/wp-content\/uploads\/2025\/04\/Imagem-do-WhatsApp-de-2025-04-07-as-20.01.49_59d41bca-1024x1024.jpg\" alt=\"\" class=\"wp-image-1639\" style=\"width:551px;height:auto\" srcset=\"https:\/\/pos.uel.br\/direito-negocial\/wp-content\/uploads\/2025\/04\/Imagem-do-WhatsApp-de-2025-04-07-as-20.01.49_59d41bca-1024x1024.jpg 1024w, https:\/\/pos.uel.br\/direito-negocial\/wp-content\/uploads\/2025\/04\/Imagem-do-WhatsApp-de-2025-04-07-as-20.01.49_59d41bca-300x300.jpg 300w, https:\/\/pos.uel.br\/direito-negocial\/wp-content\/uploads\/2025\/04\/Imagem-do-WhatsApp-de-2025-04-07-as-20.01.49_59d41bca-150x150.jpg 150w, https:\/\/pos.uel.br\/direito-negocial\/wp-content\/uploads\/2025\/04\/Imagem-do-WhatsApp-de-2025-04-07-as-20.01.49_59d41bca-768x768.jpg 768w, https:\/\/pos.uel.br\/direito-negocial\/wp-content\/uploads\/2025\/04\/Imagem-do-WhatsApp-de-2025-04-07-as-20.01.49_59d41bca.jpg 1080w\" sizes=\"auto, (max-width: 1024px) 100vw, 1024px\" \/><\/figure>\n<\/div>\n\n\n<hr class=\"wp-block-separator has-alpha-channel-opacity is-style-dots\" \/>\n\n\n\n<h2 class=\"wp-block-heading\"><strong>PPGDN-UEL forma seu primeiro Doutor em Direito Negocial<\/strong><\/h2>\n\n\n\n<p><\/p>\n\n\n\n<figure class=\"wp-block-gallery has-nested-images columns-default is-cropped wp-block-gallery-2 is-layout-flex wp-block-gallery-is-layout-flex\">\n<figure class=\"wp-block-image size-large\"><img loading=\"lazy\" decoding=\"async\" width=\"768\" height=\"1024\" data-id=\"1475\" src=\"https:\/\/pos.uel.br\/direito-negocial\/wp-content\/uploads\/2025\/03\/ady2-768x1024.jpg\" alt=\"\" class=\"wp-image-1475\" srcset=\"https:\/\/pos.uel.br\/direito-negocial\/wp-content\/uploads\/2025\/03\/ady2-768x1024.jpg 768w, https:\/\/pos.uel.br\/direito-negocial\/wp-content\/uploads\/2025\/03\/ady2-225x300.jpg 225w, https:\/\/pos.uel.br\/direito-negocial\/wp-content\/uploads\/2025\/03\/ady2-1152x1536.jpg 1152w, https:\/\/pos.uel.br\/direito-negocial\/wp-content\/uploads\/2025\/03\/ady2.jpg 1200w\" sizes=\"auto, (max-width: 768px) 100vw, 768px\" \/><\/figure>\n\n\n\n<figure class=\"wp-block-image size-large\"><img loading=\"lazy\" decoding=\"async\" width=\"768\" height=\"1024\" data-id=\"1473\" src=\"https:\/\/pos.uel.br\/direito-negocial\/wp-content\/uploads\/2025\/03\/adyr3-768x1024.jpg\" alt=\"\" class=\"wp-image-1473\" srcset=\"https:\/\/pos.uel.br\/direito-negocial\/wp-content\/uploads\/2025\/03\/adyr3-768x1024.jpg 768w, https:\/\/pos.uel.br\/direito-negocial\/wp-content\/uploads\/2025\/03\/adyr3-225x300.jpg 225w, https:\/\/pos.uel.br\/direito-negocial\/wp-content\/uploads\/2025\/03\/adyr3-1152x1536.jpg 1152w, https:\/\/pos.uel.br\/direito-negocial\/wp-content\/uploads\/2025\/03\/adyr3.jpg 1200w\" sizes=\"auto, (max-width: 768px) 100vw, 768px\" \/><\/figure>\n\n\n\n<figure class=\"wp-block-image size-large\"><img loading=\"lazy\" decoding=\"async\" width=\"768\" height=\"1024\" data-id=\"1474\" src=\"https:\/\/pos.uel.br\/direito-negocial\/wp-content\/uploads\/2025\/03\/dyr1-768x1024.jpg\" alt=\"\" class=\"wp-image-1474\" srcset=\"https:\/\/pos.uel.br\/direito-negocial\/wp-content\/uploads\/2025\/03\/dyr1-768x1024.jpg 768w, https:\/\/pos.uel.br\/direito-negocial\/wp-content\/uploads\/2025\/03\/dyr1-225x300.jpg 225w, https:\/\/pos.uel.br\/direito-negocial\/wp-content\/uploads\/2025\/03\/dyr1-1152x1536.jpg 1152w, https:\/\/pos.uel.br\/direito-negocial\/wp-content\/uploads\/2025\/03\/dyr1.jpg 1200w\" sizes=\"auto, (max-width: 768px) 100vw, 768px\" \/><\/figure>\n<\/figure>\n\n\n\n<p>O Programa de P\u00f3s-Gradua\u00e7\u00e3o em Direito Negocial da Universidade Estadual de Londrina (PPGDN-UEL) alcan\u00e7ou um marco hist\u00f3rico com a defesa da primeira tese de doutorado do programa. No dia <strong>10 de mar\u00e7o de 2025<\/strong>, <strong>Adyr Garcia Ferreira Netto<\/strong> defendeu sua tese na <strong>Universidade de Vigo (UVIGO), na cidade de Ourense, Espanha<\/strong>, durante um evento acad\u00eamico promovido pela institui\u00e7\u00e3o espanhola.<\/p>\n\n\n\n<p>A tese, intitulada <strong>&#8220;Positivismo entre Kant e Kelsen: paradigmas filos\u00f3fico, epistemol\u00f3gico e lingu\u00edstico do direito positivo e a fun\u00e7\u00e3o&#8221;<\/strong>, explorou as bases do conhecimento jur\u00eddico e suas implica\u00e7\u00f5es no campo do Direito Negocial. O trabalho foi orientado pelo professor <strong>Clodomiro Jos\u00e9 Bannwart J\u00fanior<\/strong>, que tamb\u00e9m \u00e9 coordenador do PPG em Direito Negocial.<\/p>\n\n\n\n<h2 class=\"wp-block-heading\"><strong>Banca Examinadora<\/strong><\/h2>\n\n\n\n<p>A banca de defesa contou com a presen\u00e7a de renomados professores do Brasil e da Espanha, demonstrando o alto n\u00edvel de internacionaliza\u00e7\u00e3o do programa:<\/p>\n\n\n\n<p>\u2714\ufe0f <strong>Prof. Clodomiro Jos\u00e9 Bannwart J\u00fanior<\/strong> \u2013 Orientador (UEL)\n\u2714\ufe0f <strong>Prof. Elve Miguel Cenci<\/strong> \u2013 Universidade Estadual de Londrina (UEL)\n\u2714\ufe0f <strong>Prof. Gilvan Luiz Hansen<\/strong> \u2013 Universidade Federal Fluminense (UFF)\n\u2714\ufe0f <strong>Prof. \u00c1nton Lois Fernandez Alvarez<\/strong> \u2013 Universidade de Vigo (UVIGO)\n\u2714\ufe0f <strong>Prof. Guillermo Su\u00e1rez Bl\u00e1zquez<\/strong> \u2013 Universidade de Vigo (UVIGO)<\/p>\n\n\n\n<h2 class=\"wp-block-heading\"><strong>Uma conquista com significado especial<\/strong><\/h2>\n\n\n\n<p>Para <strong>Adyr Garcia Ferreira Netto<\/strong>, essa conquista possui um significado ainda maior. Seu pai, <strong>Adyr Sebasti\u00e3o Ferreira<\/strong>, foi professor de Direito na UEL entre as d\u00e9cadas de 1970 e 1980, tendo lecionado para diversos docentes que ajudaram a consolidar o curso de Direito na institui\u00e7\u00e3o. Dessa forma, a aprova\u00e7\u00e3o de sua tese representa n\u00e3o apenas um avan\u00e7o acad\u00eamico, mas tamb\u00e9m um legado familiar na hist\u00f3ria do Direito na UEL.<\/p>\n\n\n\n<h2 class=\"wp-block-heading\"><strong>Marco para o PPGDN-UEL<\/strong><\/h2>\n\n\n\n<p>A defesa da primeira tese de doutorado simboliza um grande passo para o PPGDN-UEL, refor\u00e7ando sua posi\u00e7\u00e3o como um centro de excel\u00eancia na pesquisa jur\u00eddica e ampliando sua proje\u00e7\u00e3o internacional. O evento na UVIGO destacou a qualidade das pesquisas desenvolvidas no programa e fortaleceu a colabora\u00e7\u00e3o acad\u00eamica entre Brasil e Espanha.<\/p>\n\n\n\n<p>Com essa conquista, o PPGDN-UEL segue consolidando sua miss\u00e3o de formar doutores altamente qualificados e contribuir para o avan\u00e7o do conhecimento jur\u00eddico. Parabenizamos <strong>Adyr Garcia Ferreira Netto<\/strong> por essa hist\u00f3rica realiza\u00e7\u00e3o!<\/p>\n\n\n\n<p class=\"has-text-align-right\">10 de mar\u00e7o de 2025.<\/p>\n\n\n\n<p class=\"has-text-align-right\">Fonte: Comunica\u00e7\u00e3o PPGDN-UEL<\/p>\n\n\n\n<hr class=\"wp-block-separator has-alpha-channel-opacity is-style-dots\" \/>\n\n\n\n<h2 class=\"wp-block-heading\">A Revista do Direito P\u00fablico (RDP), vinculada ao Programa de Mestrado e Doutorado da Universidade Estadual de Londrina (UEL), est\u00e1 em busca de pareceristas<\/h2>\n\n\n\n<div class=\"wp-block-media-text is-stacked-on-mobile\"><figure class=\"wp-block-media-text__media\"><img loading=\"lazy\" decoding=\"async\" width=\"1024\" height=\"1024\" src=\"https:\/\/pos.uel.br\/direito-negocial\/wp-content\/uploads\/2025\/03\/parecerista-suter-1024x1024.jpg\" alt=\"\" class=\"wp-image-1469 size-full\" srcset=\"https:\/\/pos.uel.br\/direito-negocial\/wp-content\/uploads\/2025\/03\/parecerista-suter-1024x1024.jpg 1024w, https:\/\/pos.uel.br\/direito-negocial\/wp-content\/uploads\/2025\/03\/parecerista-suter-300x300.jpg 300w, https:\/\/pos.uel.br\/direito-negocial\/wp-content\/uploads\/2025\/03\/parecerista-suter-150x150.jpg 150w, https:\/\/pos.uel.br\/direito-negocial\/wp-content\/uploads\/2025\/03\/parecerista-suter-768x768.jpg 768w, https:\/\/pos.uel.br\/direito-negocial\/wp-content\/uploads\/2025\/03\/parecerista-suter.jpg 1080w\" sizes=\"auto, (max-width: 1024px) 100vw, 1024px\" \/><\/figure><div class=\"wp-block-media-text__content\">\n<p>Prezados(as) juristas, professores(as) e pesquisadores(as),<\/p>\n\n\n\n<p>A Revista do Direito P\u00fablico (RDP), vinculada ao Programa de Mestrado e Doutorado da Universidade Estadual de Londrina (UEL), est\u00e1 em busca de profissionais comprometidos(as) e qualificados(as) para integrar nossa equipe de pareceristas. Nossa revista, reconhecida pela excel\u00eancia acad\u00eamica e pelo rigor cient\u00edfico, convida especialistas que contribuam com an\u00e1lises cr\u00edticas e fundamentadas para o aprimoramento da produ\u00e7\u00e3o jur\u00eddica.<\/p>\n\n\n\n<p>Perfil do Parecerista:\n\u2022\u2060 \u2060Doutor em Direito com significativa experi\u00eancia em pesquisa jur\u00eddica;\n\u2022\u2060 \u2060Hist\u00f3rico de atua\u00e7\u00e3o acad\u00eamica e publica\u00e7\u00f5es na \u00e1rea;\n\u2022\u2060 \u2060Comprometimento com prazos, imparcialidade e \u00e9tica na avalia\u00e7\u00e3o.<\/p>\n\n\n\n<p>\ud83d\udcc6 Prazo para Inscri\u00e7\u00e3o:\nAs inscri\u00e7\u00f5es estar\u00e3o abertas at\u00e9 31\/03\/2025.<\/p>\n\n\n\n<p>\ud83d\udce7 Como Participar:\nInteressados(as) devem se cadastrar na plataforma da Revista atrav\u00e9s do link: https:\/\/ojs.uel.br\/revistas\/uel\/index.php\/direitopub\/user\/register e, em seguida, enviar um e-mail para rdpubuel@uel.br. No assunto do e-mail, utilize &#8220;Parecerista &#8211; Revista RDP\/UEL&#8221;. No corpo do e-mail, inclua as seguintes informa\u00e7\u00f5es para cadastro como avaliador:\na) Nome completo;\nb) E-mail e telefone para contato;\nc) Titula\u00e7\u00e3o;\nd) Afilia\u00e7\u00e3o institucional;\ne) \u00c1rea de interesse;\nf) Link do curr\u00edculo Lattes.<\/p>\n\n\n\n<p>Agradecemos seu interesse e contamos com sua valiosa colabora\u00e7\u00e3o para fortalecer o debate acad\u00eamico em Direito.<\/p>\n<\/div><\/div>\n\n\n\n<h2 class=\"wp-block-heading\">O PPGDN\/UEL avan\u00e7a mais um passo rumo \u00e0 internacionaliza\u00e7\u00e3o<\/h2>\n\n\n\n<div class=\"wp-block-media-text is-stacked-on-mobile\"><figure class=\"wp-block-media-text__media\"><img loading=\"lazy\" decoding=\"async\" width=\"1024\" height=\"768\" src=\"https:\/\/pos.uel.br\/direito-negocial\/wp-content\/uploads\/2025\/03\/fotos-convenio-1-1024x768.jpg\" alt=\"\" class=\"wp-image-1458 size-full\" srcset=\"https:\/\/pos.uel.br\/direito-negocial\/wp-content\/uploads\/2025\/03\/fotos-convenio-1-1024x768.jpg 1024w, https:\/\/pos.uel.br\/direito-negocial\/wp-content\/uploads\/2025\/03\/fotos-convenio-1-300x225.jpg 300w, https:\/\/pos.uel.br\/direito-negocial\/wp-content\/uploads\/2025\/03\/fotos-convenio-1-768x576.jpg 768w, https:\/\/pos.uel.br\/direito-negocial\/wp-content\/uploads\/2025\/03\/fotos-convenio-1-1536x1152.jpg 1536w, https:\/\/pos.uel.br\/direito-negocial\/wp-content\/uploads\/2025\/03\/fotos-convenio-1.jpg 1600w\" sizes=\"auto, (max-width: 1024px) 100vw, 1024px\" \/><\/figure><div class=\"wp-block-media-text__content\">\n<p>Nosso coordenador, Professor Clodomiro Jos\u00e9 Bannwart, est\u00e1 na Universidade de Vigo, na Espanha, onde, junto ao Professor Gilvan Luiz Hansen (Diretor Acad\u00eamico do VI SIDECIED) e ao Professor Javier Rodr\u00edguez Rajo (Vice-reitor do Campus de Ourense), firmou um importante conv\u00eanio entre a Universidade Estadual de Londrina e a Universidade de Vigo.<\/p>\n\n\n\n<p>Essa parceria fortalece nossas conex\u00f5es acad\u00eamicas e abre novas oportunidades para pesquisa e coopera\u00e7\u00e3o internacional. Um grande motivo de orgulho para o nosso&nbsp;programa!<\/p>\n\n\n\n<figure class=\"wp-block-image size-large\"><img loading=\"lazy\" decoding=\"async\" width=\"1024\" height=\"768\" src=\"https:\/\/pos.uel.br\/direito-negocial\/wp-content\/uploads\/2025\/03\/convenio2-1024x768.jpg\" alt=\"\" class=\"wp-image-1471\" srcset=\"https:\/\/pos.uel.br\/direito-negocial\/wp-content\/uploads\/2025\/03\/convenio2-1024x768.jpg 1024w, https:\/\/pos.uel.br\/direito-negocial\/wp-content\/uploads\/2025\/03\/convenio2-300x225.jpg 300w, https:\/\/pos.uel.br\/direito-negocial\/wp-content\/uploads\/2025\/03\/convenio2-768x576.jpg 768w, https:\/\/pos.uel.br\/direito-negocial\/wp-content\/uploads\/2025\/03\/convenio2-1536x1152.jpg 1536w, https:\/\/pos.uel.br\/direito-negocial\/wp-content\/uploads\/2025\/03\/convenio2.jpg 1600w\" sizes=\"auto, (max-width: 1024px) 100vw, 1024px\" \/><\/figure>\n\n\n\n<p><\/p>\n\n\n\n<p class=\"has-text-align-right\">10 de mar\u00e7o de 2025.<\/p>\n\n\n\n<p class=\"has-text-align-right\">Fonte: Comunica\u00e7\u00e3o PPGDN-UEL<\/p>\n<\/div><\/div>\n\n\n\n<hr class=\"wp-block-separator has-alpha-channel-opacity is-style-dots\" \/>\n\n\n\n<h2 class=\"wp-block-heading\"><strong>Doutorandos da UEL apresentam pesquisas no Ciclo Internacional de Palestras na Espanha<\/strong><\/h2>\n\n\n\n<p>O Programa de P\u00f3s-Gradua\u00e7\u00e3o em Direito Negocial da Universidade Estadual de Londrina (PPGDN-UEL) continua ampliando sua proje\u00e7\u00e3o internacional. No pr\u00f3ximo dia <strong>13 de mar\u00e7o de 2025<\/strong>, a Universidade de Vigo &#8211; Campus Ourense, na Espanha, receber\u00e1 os doutorandos da UEL para o <strong>Ciclo Internacional de Palestras<\/strong>.<\/p>\n\n\n\n<p>A participa\u00e7\u00e3o no evento representa um passo significativo para a internacionaliza\u00e7\u00e3o do programa, proporcionando um interc\u00e2mbio acad\u00eamico entre pesquisadores brasileiros e europeus. Durante as apresenta\u00e7\u00f5es, os doutorandos abordar\u00e3o temas de alta relev\u00e2ncia jur\u00eddica, trazendo discuss\u00f5es contempor\u00e2neas que impactam o Direito Negocial.<\/p>\n\n\n\n<h2 class=\"wp-block-heading\"><strong>Programa\u00e7\u00e3o Oficial<\/strong><\/h2>\n\n\n\n<h3 class=\"wp-block-heading\"><strong>\ud83d\udccd Espanha (10h &#8211; 13h)<\/strong><\/h3>\n\n\n\n<p>\ud83d\udd39 <strong>10h00<\/strong> &#8211; Solenidade de Abertura\n\ud83d\udd39 <strong>10h30<\/strong> &#8211; <strong>Andr\u00e9 Pedroso Kasemirski<\/strong>\n\ud83d\udccc <em>Tema:<\/em> Os Limites e Efeitos da Desinforma\u00e7\u00e3o nos Neg\u00f3cios Jur\u00eddicos e no Uso Pragm\u00e1tico da Raz\u00e3o<\/p>\n\n\n\n<p>\ud83d\udd39 <strong>11h00<\/strong> &#8211; <strong>Ivan Martins Trist\u00e3o<\/strong>\n\ud83d\udccc <em>Tema:<\/em> Neg\u00f3cios Jur\u00eddicos Coletivos Processuais<\/p>\n\n\n\n<p>\ud83d\udd39 <strong>11h30<\/strong> &#8211; <strong>Philippe Ant\u00f4nio Azedo Monteiro<\/strong>\n\ud83d\udccc <em>Tema:<\/em> A For\u00e7a dos Neg\u00f3cios Jur\u00eddicos Empresariais para a Efetividade das Conquistas Democr\u00e1ticas em Direitos Fundamentais<\/p>\n\n\n\n<h3 class=\"wp-block-heading\"><strong>\ud83d\udccd Brasil (6h &#8211; 9h)<\/strong><\/h3>\n\n\n\n<p>\ud83d\udd39 <strong>12h00<\/strong> &#8211; <strong>Temis Chenso da S. Rabelo Pedroso<\/strong>\n\ud83d\udccc <em>Tema:<\/em> Internet das Coisas e seus Desafios Regulat\u00f3rios: Uma An\u00e1lise do Cen\u00e1rio Jur\u00eddico do Brasil, Estados Unidos e Uni\u00e3o Europeia<\/p>\n\n\n\n<p>\ud83d\udd39 <strong>12h30<\/strong> &#8211; <strong>Daniel Marinho Corr\u00eaa<\/strong>\n\ud83d\udccc <em>Tema:<\/em> Do Dano Biol\u00f3gico aos Danos Extrapatrimoniais: A Parametriza\u00e7\u00e3o no Direito Comparado e os Caminhos da Quantifica\u00e7\u00e3o<\/p>\n\n\n\n<h2 class=\"wp-block-heading\"><strong>Compromisso com a Internacionaliza\u00e7\u00e3o<\/strong><\/h2>\n\n\n\n<p>O <strong>Ciclo Internacional de Palestras<\/strong> reafirma o compromisso da UEL com a <strong>excel\u00eancia acad\u00eamica e a internacionaliza\u00e7\u00e3o do conhecimento jur\u00eddico<\/strong>. Ao permitir que seus doutorandos compartilhem suas pesquisas em um ambiente global, o PPGDN-UEL amplia sua influ\u00eancia acad\u00eamica e fortalece os la\u00e7os com institui\u00e7\u00f5es estrangeiras.<\/p>\n\n\n\n<p>A comunidade acad\u00eamica celebra essa conquista e deseja aos participantes muito sucesso em suas apresenta\u00e7\u00f5es. Que este evento seja um marco na trajet\u00f3ria dos doutorandos e reforce a relev\u00e2ncia do PPGDN-UEL no cen\u00e1rio acad\u00eamico internacional! \ud83d\ude80\u2728<\/p>\n\n\n\n<figure class=\"wp-block-gallery has-nested-images columns-default is-cropped wp-block-gallery-3 is-layout-flex wp-block-gallery-is-layout-flex\">\n<figure class=\"wp-block-image size-large\"><img loading=\"lazy\" decoding=\"async\" width=\"1024\" height=\"1024\" data-id=\"1466\" src=\"https:\/\/pos.uel.br\/direito-negocial\/wp-content\/uploads\/2025\/03\/ciclo1-1024x1024.jpg\" alt=\"\" class=\"wp-image-1466\" srcset=\"https:\/\/pos.uel.br\/direito-negocial\/wp-content\/uploads\/2025\/03\/ciclo1-1024x1024.jpg 1024w, https:\/\/pos.uel.br\/direito-negocial\/wp-content\/uploads\/2025\/03\/ciclo1-300x300.jpg 300w, https:\/\/pos.uel.br\/direito-negocial\/wp-content\/uploads\/2025\/03\/ciclo1-150x150.jpg 150w, https:\/\/pos.uel.br\/direito-negocial\/wp-content\/uploads\/2025\/03\/ciclo1-768x768.jpg 768w, https:\/\/pos.uel.br\/direito-negocial\/wp-content\/uploads\/2025\/03\/ciclo1.jpg 1080w\" sizes=\"auto, (max-width: 1024px) 100vw, 1024px\" \/><\/figure>\n\n\n\n<figure class=\"wp-block-image size-large\"><img loading=\"lazy\" decoding=\"async\" width=\"1024\" height=\"1024\" data-id=\"1467\" src=\"https:\/\/pos.uel.br\/direito-negocial\/wp-content\/uploads\/2025\/03\/ciclo2-1024x1024.jpg\" alt=\"\" class=\"wp-image-1467\" srcset=\"https:\/\/pos.uel.br\/direito-negocial\/wp-content\/uploads\/2025\/03\/ciclo2-1024x1024.jpg 1024w, https:\/\/pos.uel.br\/direito-negocial\/wp-content\/uploads\/2025\/03\/ciclo2-300x300.jpg 300w, https:\/\/pos.uel.br\/direito-negocial\/wp-content\/uploads\/2025\/03\/ciclo2-150x150.jpg 150w, https:\/\/pos.uel.br\/direito-negocial\/wp-content\/uploads\/2025\/03\/ciclo2-768x768.jpg 768w, https:\/\/pos.uel.br\/direito-negocial\/wp-content\/uploads\/2025\/03\/ciclo2.jpg 1080w\" sizes=\"auto, (max-width: 1024px) 100vw, 1024px\" \/><\/figure>\n<\/figure>\n\n\n\n<p class=\"has-text-align-right\">06 de mar\u00e7o de 2025.<\/p>\n\n\n\n<p class=\"has-text-align-right\">Fonte: Comunica\u00e7\u00e3o PPGDN-UEL<\/p>\n\n\n\n<hr class=\"wp-block-separator has-alpha-channel-opacity is-style-dots\" \/>\n\n\n\n<h2 class=\"wp-block-heading\">Doutoranda da UEL realiza interc\u00e2mbio acad\u00eamico na It\u00e1lia e doa livro \u00e0 biblioteca da Sapienza di Roma<\/h2>\n\n\n\n<p><\/p>\n\n\n\n<p>A internacionaliza\u00e7\u00e3o acad\u00eamica segue sendo um dos pilares do Programa de P\u00f3s-Gradua\u00e7\u00e3o em Direito Negocial da Universidade Estadual de Londrina (PPGDN\/UEL). A doutoranda Izabella, orientada pela Professora Ana Cl\u00e1udia Zuin Mattos do Amaral, esteve recentemente na Sapienza Universit\u00e0 di Roma \u2013 Dipartimento di Scienze Giuridiche, onde aprofundou suas pesquisas sobre quantifica\u00e7\u00e3o dos danos extrapatrimoniais.<\/p>\n\n\n\n<p>Durante sua visita \u00e0 institui\u00e7\u00e3o italiana, Izabella tamb\u00e9m realizou a entrega de seu livro <em>&#8220;Em Busca do T\u00e9los Perdido&#8221;<\/em>, fruto de sua disserta\u00e7\u00e3o de mestrado no PPGDN\/UEL, para o acervo da Biblioteca Interdipartimentale di Scienze Giuridiche, Sezione Diritto Privato. A inclus\u00e3o da obra no acervo da renomada universidade refor\u00e7a a relev\u00e2ncia da pesquisa desenvolvida no programa de p\u00f3s-gradua\u00e7\u00e3o brasileiro.<\/p>\n\n\n\n<p>Al\u00e9m da doa\u00e7\u00e3o do livro, a doutoranda teve acesso a importantes materiais de estudo sobre o direito italiano no Instituto de Direito Privado da Sapienza. A experi\u00eancia contribuiu significativamente para o aprofundamento de sua pesquisa e evidencia o compromisso do PPGDN\/UEL com a excel\u00eancia acad\u00eamica e a internacionaliza\u00e7\u00e3o.<\/p>\n\n\n\n<p>O feito foi celebrado pelo programa, que destacou o orgulho pela trajet\u00f3ria de Izabella e sua dedica\u00e7\u00e3o \u00e0 pesquisa. &#8220;Parab\u00e9ns, Izabella! Que sua pesquisa continue rendendo grandes frutos!&#8221;, destacou a publica\u00e7\u00e3o oficial do PPGDN\/UEL nas redes sociais.<\/p>\n\n\n\n<p>Essa conquista ressalta a import\u00e2ncia do interc\u00e2mbio acad\u00eamico e da coopera\u00e7\u00e3o entre institui\u00e7\u00f5es de ensino superior, promovendo avan\u00e7os significativos na \u00e1rea do Direito e fortalecendo a presen\u00e7a da UEL no cen\u00e1rio acad\u00eamico internacional.<\/p>\n\n\n\n<figure class=\"wp-block-gallery has-nested-images columns-default is-cropped wp-block-gallery-4 is-layout-flex wp-block-gallery-is-layout-flex\">\n<figure class=\"wp-block-image size-large\"><img loading=\"lazy\" decoding=\"async\" width=\"1024\" height=\"768\" data-id=\"1460\" src=\"https:\/\/pos.uel.br\/direito-negocial\/wp-content\/uploads\/2025\/03\/iza-na-faculdade-1024x768.jpg\" alt=\"\" class=\"wp-image-1460\" srcset=\"https:\/\/pos.uel.br\/direito-negocial\/wp-content\/uploads\/2025\/03\/iza-na-faculdade-1024x768.jpg 1024w, https:\/\/pos.uel.br\/direito-negocial\/wp-content\/uploads\/2025\/03\/iza-na-faculdade-300x225.jpg 300w, https:\/\/pos.uel.br\/direito-negocial\/wp-content\/uploads\/2025\/03\/iza-na-faculdade-768x576.jpg 768w, https:\/\/pos.uel.br\/direito-negocial\/wp-content\/uploads\/2025\/03\/iza-na-faculdade-1536x1152.jpg 1536w, https:\/\/pos.uel.br\/direito-negocial\/wp-content\/uploads\/2025\/03\/iza-na-faculdade.jpg 1600w\" sizes=\"auto, (max-width: 1024px) 100vw, 1024px\" \/><\/figure>\n\n\n\n<figure class=\"wp-block-image size-large\"><img loading=\"lazy\" decoding=\"async\" width=\"768\" height=\"1024\" data-id=\"1462\" src=\"https:\/\/pos.uel.br\/direito-negocial\/wp-content\/uploads\/2025\/03\/livros-iza-768x1024.jpg\" alt=\"\" class=\"wp-image-1462\" srcset=\"https:\/\/pos.uel.br\/direito-negocial\/wp-content\/uploads\/2025\/03\/livros-iza-768x1024.jpg 768w, https:\/\/pos.uel.br\/direito-negocial\/wp-content\/uploads\/2025\/03\/livros-iza-225x300.jpg 225w, https:\/\/pos.uel.br\/direito-negocial\/wp-content\/uploads\/2025\/03\/livros-iza-1152x1536.jpg 1152w, https:\/\/pos.uel.br\/direito-negocial\/wp-content\/uploads\/2025\/03\/livros-iza.jpg 1200w\" sizes=\"auto, (max-width: 768px) 100vw, 768px\" \/><\/figure>\n\n\n\n<figure class=\"wp-block-image size-large\"><img loading=\"lazy\" decoding=\"async\" width=\"768\" height=\"1024\" data-id=\"1461\" src=\"https:\/\/pos.uel.br\/direito-negocial\/wp-content\/uploads\/2025\/03\/iza-entrega-livros-768x1024.jpg\" alt=\"\" class=\"wp-image-1461\" srcset=\"https:\/\/pos.uel.br\/direito-negocial\/wp-content\/uploads\/2025\/03\/iza-entrega-livros-768x1024.jpg 768w, https:\/\/pos.uel.br\/direito-negocial\/wp-content\/uploads\/2025\/03\/iza-entrega-livros-225x300.jpg 225w, https:\/\/pos.uel.br\/direito-negocial\/wp-content\/uploads\/2025\/03\/iza-entrega-livros-1152x1536.jpg 1152w, https:\/\/pos.uel.br\/direito-negocial\/wp-content\/uploads\/2025\/03\/iza-entrega-livros.jpg 1200w\" sizes=\"auto, (max-width: 768px) 100vw, 768px\" \/><\/figure>\n\n\n\n<figure class=\"wp-block-image size-large\"><img loading=\"lazy\" decoding=\"async\" width=\"768\" height=\"1024\" data-id=\"1463\" src=\"https:\/\/pos.uel.br\/direito-negocial\/wp-content\/uploads\/2025\/03\/iza-no-departamento-768x1024.jpg\" alt=\"\" class=\"wp-image-1463\" srcset=\"https:\/\/pos.uel.br\/direito-negocial\/wp-content\/uploads\/2025\/03\/iza-no-departamento-768x1024.jpg 768w, https:\/\/pos.uel.br\/direito-negocial\/wp-content\/uploads\/2025\/03\/iza-no-departamento-225x300.jpg 225w, https:\/\/pos.uel.br\/direito-negocial\/wp-content\/uploads\/2025\/03\/iza-no-departamento-1152x1536.jpg 1152w, https:\/\/pos.uel.br\/direito-negocial\/wp-content\/uploads\/2025\/03\/iza-no-departamento.jpg 1200w\" sizes=\"auto, (max-width: 768px) 100vw, 768px\" \/><\/figure>\n\n\n\n<figure class=\"wp-block-image size-large\"><img loading=\"lazy\" decoding=\"async\" width=\"768\" height=\"1024\" data-id=\"1464\" src=\"https:\/\/pos.uel.br\/direito-negocial\/wp-content\/uploads\/2025\/03\/mais-iza-768x1024.jpg\" alt=\"\" class=\"wp-image-1464\" srcset=\"https:\/\/pos.uel.br\/direito-negocial\/wp-content\/uploads\/2025\/03\/mais-iza-768x1024.jpg 768w, https:\/\/pos.uel.br\/direito-negocial\/wp-content\/uploads\/2025\/03\/mais-iza-225x300.jpg 225w, https:\/\/pos.uel.br\/direito-negocial\/wp-content\/uploads\/2025\/03\/mais-iza-1152x1536.jpg 1152w, https:\/\/pos.uel.br\/direito-negocial\/wp-content\/uploads\/2025\/03\/mais-iza.jpg 1200w\" sizes=\"auto, (max-width: 768px) 100vw, 768px\" \/><\/figure>\n<\/figure>\n\n\n\n<p class=\"has-text-align-right\">05 de mar\u00e7o de 2025.<\/p>\n\n\n\n<p class=\"has-text-align-right\">Fonte: Comunica\u00e7\u00e3o PPGDN-UEL<\/p>\n\n\n\n<hr class=\"wp-block-separator has-alpha-channel-opacity is-style-dots\" \/>\n\n\n\n<h2 class=\"wp-block-heading\">Adiloar Franco Zemuner e Aracelli Mesquita Bandolin Bermejo avan\u00e7am para a reta final de seus doutorados<\/h2>\n\n\n\n<figure class=\"wp-block-image size-large is-resized\"><img loading=\"lazy\" decoding=\"async\" width=\"1024\" height=\"711\" src=\"https:\/\/pos.uel.br\/direito-negocial\/wp-content\/uploads\/2025\/02\/banca-Aracelli-2-1024x711.jpg\" alt=\"\" class=\"wp-image-1418\" style=\"width:583px;height:auto\" srcset=\"https:\/\/pos.uel.br\/direito-negocial\/wp-content\/uploads\/2025\/02\/banca-Aracelli-2-1024x711.jpg 1024w, https:\/\/pos.uel.br\/direito-negocial\/wp-content\/uploads\/2025\/02\/banca-Aracelli-2-300x208.jpg 300w, https:\/\/pos.uel.br\/direito-negocial\/wp-content\/uploads\/2025\/02\/banca-Aracelli-2-768x533.jpg 768w, https:\/\/pos.uel.br\/direito-negocial\/wp-content\/uploads\/2025\/02\/banca-Aracelli-2-1536x1067.jpg 1536w, https:\/\/pos.uel.br\/direito-negocial\/wp-content\/uploads\/2025\/02\/banca-Aracelli-2.jpg 1600w\" sizes=\"auto, (max-width: 1024px) 100vw, 1024px\" \/><\/figure>\n\n\n\n<figure class=\"wp-block-image size-large is-resized\"><img loading=\"lazy\" decoding=\"async\" width=\"1024\" height=\"768\" src=\"https:\/\/pos.uel.br\/direito-negocial\/wp-content\/uploads\/2025\/02\/banca-adiloar-3-1024x768.jpg\" alt=\"\" class=\"wp-image-1421\" style=\"width:587px;height:auto\" srcset=\"https:\/\/pos.uel.br\/direito-negocial\/wp-content\/uploads\/2025\/02\/banca-adiloar-3-1024x768.jpg 1024w, https:\/\/pos.uel.br\/direito-negocial\/wp-content\/uploads\/2025\/02\/banca-adiloar-3-300x225.jpg 300w, https:\/\/pos.uel.br\/direito-negocial\/wp-content\/uploads\/2025\/02\/banca-adiloar-3-768x576.jpg 768w, https:\/\/pos.uel.br\/direito-negocial\/wp-content\/uploads\/2025\/02\/banca-adiloar-3-1536x1152.jpg 1536w, https:\/\/pos.uel.br\/direito-negocial\/wp-content\/uploads\/2025\/02\/banca-adiloar-3.jpg 1600w\" sizes=\"auto, (max-width: 1024px) 100vw, 1024px\" \/><\/figure>\n\n\n\n<p>As doutorandas Adiloar Franco Zemuner e Aracelli Mesquita Bandolin Bermejo deram mais um passo importante rumo \u00e0 conquista do t\u00edtulo de Doutoras pelo PPGDN-UEL. Ambas conclu\u00edram etapas decisivas de seus trabalhos e agora se preparam para a defesa de suas pesquisas.<\/p>\n\n\n\n<p>Aracelli Mesquita Bandolin Bermejo desenvolveu a pesquisa intitulada <em>Gest\u00e3o de Conflitos Bio\u00e9ticos e Autonomia do Paciente<\/em>, sob a orienta\u00e7\u00e3o da professora Rita de C\u00e1ssia Resquetti Tarifa Espolador. Sua banca de qualifica\u00e7\u00e3o foi composta pelos professores Daniela Braga Paiano, Juliana Pav\u00e3o, Igor Mascarenhas e Rita de C\u00e1ssia Resquetti Tarifa Espolador.<\/p>\n\n\n\n<p>J\u00e1 Adiloar Franco Zemuner trabalhou com o tema <em>Dos contratos agr\u00e1rios e as figuras parcelares da boa-f\u00e9 objetiva: a aplicabilidade do duty to mitigate to the loss<\/em>, com a orienta\u00e7\u00e3o da professora Daniela Braga Paiano. A banca de qualifica\u00e7\u00e3o foi composta por Daniela Braga Paiano, Alessandra Cristina Furlan e Rita de C\u00e1ssia Resquetti Tarifa Espolador.<\/p>\n\n\n\n<p>O PPGDN-UEL parabeniza as doutorandas por essa importante conquista e deseja sucesso na reta final de suas pesquisas.<\/p>\n\n\n\n<p class=\"has-text-align-right\">17 de fevereiro de 2025.<\/p>\n\n\n\n<p class=\"has-text-align-right\">Fonte: Comunica\u00e7\u00e3o PPGDN-UEL<\/p>\n\n\n\n<p><\/p>\n\n\n\n<h2 class=\"wp-block-heading\">Projeto aprovado: AgroLegado &#8211; Planejamento Sucess\u00f3rio<\/h2>\n\n\n\n<p><\/p>\n\n\n\n<p>O Programa de Mestrado em Direito Negocial da Universidade Estadual de Londrina (UEL) tem a satisfa\u00e7\u00e3o de divulgar a aprova\u00e7\u00e3o do projeto <strong>AgroLegado &#8211; Planejamento Sucess\u00f3rio<\/strong>, desenvolvido pela aluna do mestrado <strong>Suelyn de Oliveira Castilho<\/strong>, sob orienta\u00e7\u00e3o da professora Daniela Paiano. O projeto foi selecionado para participa\u00e7\u00e3o no <strong>Hackathon Smart Agro 2025<\/strong>, evento que ocorrer\u00e1 durante a <strong>63\u00aa Exposi\u00e7\u00e3o Agropecu\u00e1ria e Agroindustrial de Londrina (ExpoLondrina 2025)<\/strong>, no Parque Ney Braga Eventos, em Londrina-PR, nos dias 11, 12 e 13 de abril de 2025.<\/p>\n\n\n\n<p><strong>Hackathon Smart Agro 2025: Incentivando a Inova\u00e7\u00e3o no Agroneg\u00f3cio<\/strong><\/p>\n\n\n\n<p>A <strong>Sociedade Rural do Paran\u00e1 (SRP)<\/strong>, em parceria com a governan\u00e7a <strong>Agro Valley<\/strong> e o <strong>Servi\u00e7o de Apoio \u00e0s Micro e Pequenas Empresas do Estado do Paran\u00e1 (SEBRAE\/PR)<\/strong>, promove o Hackathon Smart Agro 2025, cujo objetivo \u00e9 identificar e apoiar pesquisas acad\u00eamicas com potencial de transforma\u00e7\u00e3o em startups voltadas ao agroneg\u00f3cio. A iniciativa visa fomentar a integra\u00e7\u00e3o entre estudantes, pesquisadores, profissionais e empresas do setor, incentivando a cria\u00e7\u00e3o de solu\u00e7\u00f5es tecnol\u00f3gicas aplic\u00e1veis \u00e0s \u00e1reas de agroneg\u00f3cio, biotecnologia, transforma\u00e7\u00e3o digital e alimentos.<\/p>\n\n\n\n<p><strong>Sobre o Projeto AgroLegado<\/strong><\/p>\n\n\n\n<p>O projeto <strong>AgroLegado &#8211; Planejamento Sucess\u00f3rio<\/strong> prop\u00f5e solu\u00e7\u00f5es inovadoras para um dos desafios mais relevantes do agroneg\u00f3cio brasileiro: a sucess\u00e3o empresarial e patrimonial. A pesquisa desenvolvida por <strong>Suelyn de Oliveira Castilho<\/strong> busca desenvolver uma startup pra cria\u00e7\u00e3o de um aplicativo que ajude o produtor rural a fazer o planejamento sucess\u00f3rio.<\/p>\n\n\n\n<p>A aprova\u00e7\u00e3o deste projeto no Hackathon Smart Agro 2025 representa um reconhecimento \u00e0 relev\u00e2ncia do planejamento sucess\u00f3rio dentro do agroneg\u00f3cio e destaca a import\u00e2ncia das pesquisas desenvolvidas no Mestrado em Direito Negocial da UEL.<\/p>\n\n\n\n<p><strong>Pr\u00f3ximos Passos<\/strong><\/p>\n\n\n\n<p>O Hackathon Smart Agro 2025 proporcionar\u00e1 aos participantes mentorias especializadas, networking com profissionais do setor e oportunidades de desenvolvimento de startups. Durante o evento, as equipes selecionadas apresentar\u00e3o suas solu\u00e7\u00f5es inovadoras para um comit\u00ea de avaliadores, podendo conquistar apoio para a implanta\u00e7\u00e3o de suas ideias.<\/p>\n\n\n\n<p>Parabenizamos <strong>Suelyn de Oliveira Castilho<\/strong> e sua orientadora pela aprova\u00e7\u00e3o do projeto e desejamos sucesso no Hackathon Smart Agro 2025! Seguiremos acompanhando e divulgando as conquistas dos nossos pesquisadores.<\/p>\n\n\n\n<div class=\"wp-block-columns is-layout-flex wp-container-core-columns-is-layout-9d6595d7 wp-block-columns-is-layout-flex\">\n<div class=\"wp-block-column is-layout-flow wp-block-column-is-layout-flow\"><div class=\"wp-block-image\">\n<figure class=\"aligncenter size-large is-resized\"><img loading=\"lazy\" decoding=\"async\" width=\"761\" height=\"1024\" src=\"https:\/\/pos.uel.br\/direito-negocial\/wp-content\/uploads\/2025\/02\/WhatsApp-Image-2025-02-17-at-21.00.34-761x1024.jpeg\" alt=\"\" class=\"wp-image-1394\" style=\"width:429px;height:auto\" srcset=\"https:\/\/pos.uel.br\/direito-negocial\/wp-content\/uploads\/2025\/02\/WhatsApp-Image-2025-02-17-at-21.00.34-761x1024.jpeg 761w, https:\/\/pos.uel.br\/direito-negocial\/wp-content\/uploads\/2025\/02\/WhatsApp-Image-2025-02-17-at-21.00.34-223x300.jpeg 223w, https:\/\/pos.uel.br\/direito-negocial\/wp-content\/uploads\/2025\/02\/WhatsApp-Image-2025-02-17-at-21.00.34-768x1033.jpeg 768w, https:\/\/pos.uel.br\/direito-negocial\/wp-content\/uploads\/2025\/02\/WhatsApp-Image-2025-02-17-at-21.00.34-1141x1536.jpeg 1141w, https:\/\/pos.uel.br\/direito-negocial\/wp-content\/uploads\/2025\/02\/WhatsApp-Image-2025-02-17-at-21.00.34.jpeg 1189w\" sizes=\"auto, (max-width: 761px) 100vw, 761px\" \/><figcaption class=\"wp-element-caption\">Professora Dra. Daniela Paiano<\/figcaption><\/figure>\n<\/div><\/div>\n\n\n\n<div class=\"wp-block-column is-layout-flow wp-block-column-is-layout-flow\"><div class=\"wp-block-image\">\n<figure class=\"aligncenter size-large is-resized\"><img loading=\"lazy\" decoding=\"async\" width=\"682\" height=\"1024\" src=\"https:\/\/pos.uel.br\/direito-negocial\/wp-content\/uploads\/2025\/02\/WhatsApp-Image-2025-02-17-at-20.53.51-682x1024.jpeg\" alt=\"\" class=\"wp-image-1392\" style=\"width:382px;height:auto\" srcset=\"https:\/\/pos.uel.br\/direito-negocial\/wp-content\/uploads\/2025\/02\/WhatsApp-Image-2025-02-17-at-20.53.51-682x1024.jpeg 682w, https:\/\/pos.uel.br\/direito-negocial\/wp-content\/uploads\/2025\/02\/WhatsApp-Image-2025-02-17-at-20.53.51-200x300.jpeg 200w, https:\/\/pos.uel.br\/direito-negocial\/wp-content\/uploads\/2025\/02\/WhatsApp-Image-2025-02-17-at-20.53.51-768x1153.jpeg 768w, https:\/\/pos.uel.br\/direito-negocial\/wp-content\/uploads\/2025\/02\/WhatsApp-Image-2025-02-17-at-20.53.51-1023x1536.jpeg 1023w, https:\/\/pos.uel.br\/direito-negocial\/wp-content\/uploads\/2025\/02\/WhatsApp-Image-2025-02-17-at-20.53.51.jpeg 1066w\" sizes=\"auto, (max-width: 682px) 100vw, 682px\" \/><figcaption class=\"wp-element-caption\">Mestranda Suelyn de Oliveira Castilho<\/figcaption><\/figure>\n<\/div><\/div>\n<\/div>\n\n\n\n<p class=\"has-text-align-right\">17 de fevereiro de 2025.<\/p>\n\n\n\n<p class=\"has-text-align-right\">Fonte: Comunica\u00e7\u00e3o PPGDN-UEL<\/p>\n\n\n\n<h2 class=\"wp-block-heading\"><strong>Professores da UEL e UNIR discutem parceria internacional<\/strong><\/h2>\n\n\n\n<div class=\"wp-block-media-text is-stacked-on-mobile\"><figure class=\"wp-block-media-text__media\"><img loading=\"lazy\" decoding=\"async\" width=\"1024\" height=\"768\" src=\"https:\/\/pos.uel.br\/direito-negocial\/wp-content\/uploads\/2025\/02\/Imagem-do-WhatsApp-de-2025-02-17-as-10.39.52_619452f8-1024x768.jpg\" alt=\"\" class=\"wp-image-1388 size-full\" srcset=\"https:\/\/pos.uel.br\/direito-negocial\/wp-content\/uploads\/2025\/02\/Imagem-do-WhatsApp-de-2025-02-17-as-10.39.52_619452f8-1024x768.jpg 1024w, https:\/\/pos.uel.br\/direito-negocial\/wp-content\/uploads\/2025\/02\/Imagem-do-WhatsApp-de-2025-02-17-as-10.39.52_619452f8-300x225.jpg 300w, https:\/\/pos.uel.br\/direito-negocial\/wp-content\/uploads\/2025\/02\/Imagem-do-WhatsApp-de-2025-02-17-as-10.39.52_619452f8-768x576.jpg 768w, https:\/\/pos.uel.br\/direito-negocial\/wp-content\/uploads\/2025\/02\/Imagem-do-WhatsApp-de-2025-02-17-as-10.39.52_619452f8-1536x1152.jpg 1536w, https:\/\/pos.uel.br\/direito-negocial\/wp-content\/uploads\/2025\/02\/Imagem-do-WhatsApp-de-2025-02-17-as-10.39.52_619452f8.jpg 1600w\" sizes=\"auto, (max-width: 1024px) 100vw, 1024px\" \/><\/figure><div class=\"wp-block-media-text__content\">\n<p><strong>Professores do PPGDN-UEL e UNIR discutem parceria internacional<\/strong><\/p>\n\n\n\n<p>No dia 13 de fevereiro de 2025, professores da Universidade Estadual de Londrina (UEL) e da Universidad Internacional de La Rioja (UNIR), da Espanha, realizaram uma reuni\u00e3o online para discutir colabora\u00e7\u00e3o acad\u00eamica e a assinatura de um conv\u00eanio entre as institui\u00e7\u00f5es.<\/p>\n\n\n\n<p>Os professores Alberto Olivares e Laura Magalh\u00e3es Andrade, da UNIR, apresentaram suas \u00e1reas de pesquisa, focadas em sustentabilidade. A professora Laura informou que deixar\u00e1 a coordena\u00e7\u00e3o do Mestrado em Ordena\u00e7\u00e3o do Territ\u00f3rio para assumir novas fun\u00e7\u00f5es.<\/p>\n\n\n\n<p>Os professores Miguel Etinger de Ara\u00fajo Junior, Luiz Alberto Pereira Ribeiro, Lourival Jos\u00e9 de Oliveira e Marlene Kempfer, do PPGDN-UEL, participaram do encontro. Professor Miguel exp\u00f4s os dados do Programa de Mestrado e Doutorado em Direito Negocial, sugerindo atividades conjuntas como:<\/p>\n\n\n\n<ul class=\"wp-block-list\">\n \t<li style=\"list-style-type: none\">\n<ul class=\"wp-block-list\">\n\n<li>Produ\u00e7\u00e3o acad\u00eamica;<\/li>\n<\/ul>\n<\/li>\n<\/ul>\n\n\n<ul class=\"wp-block-list\">\n \t<li style=\"list-style-type: none\">\n<ul class=\"wp-block-list\">\n \t<li>Interc\u00e2mbio entre docentes e discentes;<\/li>\n<\/ul>\n<\/li>\n<\/ul>\n\n\n<ul class=\"wp-block-list\">\n \t<li style=\"list-style-type: none\">\n<ul class=\"wp-block-list\">\n \t<li>Eventos conjuntos.<\/li>\n<\/ul>\n<\/li>\n<\/ul>\n\n\n\n\n<p>O professor Alberto Olivares sugeriu a produ\u00e7\u00e3o de um livro e uma edi\u00e7\u00e3o especial de peri\u00f3dicos acad\u00eamicos, al\u00e9m de informar sobre um edital do Governo Espanhol para projetos de pesquisa.<\/p>\n\n\n\n<p>Para avan\u00e7ar na parceria, professor Miguel enviou um documento com os projetos de pesquisa da PPGDN-UEL e consultou a Assessoria de Rela\u00e7\u00f5es Internacionais (ARI), que est\u00e1 providenciando os tr\u00e2mites necess\u00e1rios para a formaliza\u00e7\u00e3o do conv\u00eanio.<\/p>\n\n\n\n<p>Essa parceria visa ampliar a inser\u00e7\u00e3o internacional da PPGDN-UEL, fortalecendo o interc\u00e2mbio acad\u00eamico e a pesquisa conjunta.<\/p>\n\n\n\n<p class=\"has-text-align-right\">17 de fevereiro de 2025.<\/p>\n\n\n\n<p class=\"has-text-align-right\">Fonte: Comunica\u00e7\u00e3o PPGDN-UEL<\/p>\n<\/div><\/div>\n\n\n\n<p><\/p>\n\n\n\n<h2 class=\"wp-block-heading\">CONPEDI 2025: Confira as Datas dos Pr\u00f3ximos Eventos Oficiais<\/h2>\n\n\n\n<div class=\"wp-block-media-text has-media-on-the-right is-stacked-on-mobile\"><div class=\"wp-block-media-text__content\">\n<p>O <strong>Conselho Nacional de Pesquisa e P\u00f3s-Gradua\u00e7\u00e3o em Direito (CONPEDI)<\/strong> j\u00e1 divulgou as datas dos eventos oficiais para 2025. A programa\u00e7\u00e3o contar\u00e1 com quatro encontros que abrangem discuss\u00f5es nacionais e internacionais sobre os rumos da pesquisa jur\u00eddica.<\/p>\n\n\n\n<p>Confira a agenda:<\/p>\n\n\n\n<p>\ud83d\udccc <strong>28 a 30 de maio<\/strong> \u2013 <em>I International Experience<\/em> (Perugia, It\u00e1lia)\n\ud83d\udccc <strong>24 a 28 de junho<\/strong> \u2013 <em>VIII Encontro Virtual do CONPEDI<\/em>\n\ud83d\udccc <strong>10 a 12 de setembro<\/strong> \u2013 <em>XIV Encontro Internacional<\/em> (Barcelos, Portugal)\n\ud83d\udccc <strong>26 a 28 de novembro<\/strong> \u2013 <em>XXXII Congresso Nacional<\/em> (S\u00e3o Paulo, SP)<\/p>\n\n\n\n<p>Os eventos s\u00e3o fundamentais para fomentar a pesquisa jur\u00eddica e fortalecer o di\u00e1logo entre pesquisadores, docentes e estudantes.<\/p>\n\n\n\n<p>Maiores informa\u00e7\u00f5es podem ser encontradas no site oficial do CONPEDI: <a href=\"https:\/\/conpedi.org.br\/\">https:\/\/conpedi.org.br\/<\/a><\/p>\n\n\n\n<p class=\"has-text-align-right\">17 de fevereiro de 2025.<\/p>\n\n\n\n<p class=\"has-text-align-right\">Fonte: Comunica\u00e7\u00e3o PPGDN-UEL<\/p>\n<\/div><figure class=\"wp-block-media-text__media\"><img loading=\"lazy\" decoding=\"async\" width=\"819\" height=\"1024\" src=\"https:\/\/pos.uel.br\/direito-negocial\/wp-content\/uploads\/2025\/02\/Imagem-do-WhatsApp-de-2025-02-17-as-10.25.43_64d2866b-819x1024.jpg\" alt=\"\" class=\"wp-image-1385 size-full\" srcset=\"https:\/\/pos.uel.br\/direito-negocial\/wp-content\/uploads\/2025\/02\/Imagem-do-WhatsApp-de-2025-02-17-as-10.25.43_64d2866b-819x1024.jpg 819w, https:\/\/pos.uel.br\/direito-negocial\/wp-content\/uploads\/2025\/02\/Imagem-do-WhatsApp-de-2025-02-17-as-10.25.43_64d2866b-240x300.jpg 240w, https:\/\/pos.uel.br\/direito-negocial\/wp-content\/uploads\/2025\/02\/Imagem-do-WhatsApp-de-2025-02-17-as-10.25.43_64d2866b-768x960.jpg 768w, https:\/\/pos.uel.br\/direito-negocial\/wp-content\/uploads\/2025\/02\/Imagem-do-WhatsApp-de-2025-02-17-as-10.25.43_64d2866b.jpg 1080w\" sizes=\"auto, (max-width: 819px) 100vw, 819px\" \/><\/figure><\/div>\n\n\n\n<p><\/p>\n\n\n\n<h2 class=\"wp-block-heading\">PROGRAMA DE P\u00d3S-GRADUA\u00c7\u00c3O EM DIREITO NEGOCIAL LAMENTA O FALECIMENTO DE RAFAEL DE MELLO BENVENHU, FILHO DO EGRESSO RICARDO BENVENHU<\/h2>\n\n\n\n<div class=\"wp-block-media-text is-stacked-on-mobile\"><figure class=\"wp-block-media-text__media\"><img loading=\"lazy\" decoding=\"async\" width=\"1024\" height=\"1024\" src=\"https:\/\/pos.uel.br\/direito-negocial\/wp-content\/uploads\/2025\/02\/Instagram-post-luto-delicado-preto-1024x1024.png\" alt=\"\" class=\"wp-image-1334 size-full\" srcset=\"https:\/\/pos.uel.br\/direito-negocial\/wp-content\/uploads\/2025\/02\/Instagram-post-luto-delicado-preto-1024x1024.png 1024w, https:\/\/pos.uel.br\/direito-negocial\/wp-content\/uploads\/2025\/02\/Instagram-post-luto-delicado-preto-300x300.png 300w, https:\/\/pos.uel.br\/direito-negocial\/wp-content\/uploads\/2025\/02\/Instagram-post-luto-delicado-preto-150x150.png 150w, https:\/\/pos.uel.br\/direito-negocial\/wp-content\/uploads\/2025\/02\/Instagram-post-luto-delicado-preto-768x768.png 768w, https:\/\/pos.uel.br\/direito-negocial\/wp-content\/uploads\/2025\/02\/Instagram-post-luto-delicado-preto.png 1080w\" sizes=\"auto, (max-width: 1024px) 100vw, 1024px\" \/><\/figure><div class=\"wp-block-media-text__content\">\n<p>Com profundo pesar, o Programa de P\u00f3s-Gradua\u00e7\u00e3o em Direito Negocial da Universidade Estadual de Londrina se solidariza com o Promotor de Justi\u00e7a Ricardo Benvenhu, egresso do nosso mestrado, e sua fam\u00edlia, pelo falecimento de seu filho, Rafael de Mello Benvenhu, aos 12 anos, ocorrido em 09 de fevereiro de 2025.<\/p>\n\n\n\n<p>Neste momento de dor imensur\u00e1vel, expressamos nossas mais sinceras condol\u00eancias e desejamos que encontrem conforto no amor e na uni\u00e3o de familiares e amigos.<\/p>\n\n\n\n<p>Toda a comunidade acad\u00eamica se une em solidariedade \u00e0 fam\u00edlia&nbsp;Benvenhu.<\/p>\n\n\n\n<p class=\"has-text-align-right\">10 de fevereiro de 2025.<\/p>\n\n\n\n<p class=\"has-text-align-right\">Fonte: Comunica\u00e7\u00e3o PPGDN-UELComunica\u00e7\u00e3o PPGDN-UEL<\/p>\n<\/div><\/div>\n\n\n\n<p><\/p>\n\n\n\n<h2 class=\"wp-block-heading has-text-align-left\">PPG EM DIREITO NEGOCIAL FORMA PRIMEIRA TURMA DE DOUTORADO<\/h2>\n\n\n\n<div class=\"wp-block-media-text is-stacked-on-mobile\"><figure class=\"wp-block-media-text__media\"><img loading=\"lazy\" decoding=\"async\" width=\"1024\" height=\"683\" src=\"https:\/\/pos.uel.br\/direito-negocial\/wp-content\/uploads\/2025\/02\/Ppg-em-direito-negocial-forma-primeira-turma-de-doutorado-2.jpg-1024x683.webp\" alt=\"\" class=\"wp-image-1324 size-full\" srcset=\"https:\/\/pos.uel.br\/direito-negocial\/wp-content\/uploads\/2025\/02\/Ppg-em-direito-negocial-forma-primeira-turma-de-doutorado-2.jpg-1024x683.webp 1024w, https:\/\/pos.uel.br\/direito-negocial\/wp-content\/uploads\/2025\/02\/Ppg-em-direito-negocial-forma-primeira-turma-de-doutorado-2.jpg-300x200.webp 300w, https:\/\/pos.uel.br\/direito-negocial\/wp-content\/uploads\/2025\/02\/Ppg-em-direito-negocial-forma-primeira-turma-de-doutorado-2.jpg-768x512.webp 768w, https:\/\/pos.uel.br\/direito-negocial\/wp-content\/uploads\/2025\/02\/Ppg-em-direito-negocial-forma-primeira-turma-de-doutorado-2.jpg.webp 1124w\" sizes=\"auto, (max-width: 1024px) 100vw, 1024px\" \/><\/figure><div class=\"wp-block-media-text__content\">\n<p>O&nbsp;<a href=\"https:\/\/www.instagram.com\/ppgdnuel\/\" target=\"_blank\" rel=\"noreferrer noopener\">Programa de P\u00f3s-Gradua\u00e7\u00e3o (PPG) em Direito Negocial<\/a>&nbsp;da UEL forma sua primeira turma de doutorado em 2025. O PPG foi criado em 1978, contando apenas com o curso de mestrado at\u00e9 2021. Naquele ano, as atividades do doutorado iniciaram com seis estudantes, que entregam o trabalho at\u00e9 o final de fevereiro.<\/p>\n\n\n\n<p>A primeira turma \u00e9 formada pelos doutorandos Adiloar Franco Zemuner, Adyr Garcia Ferreira Netto, Aracelli Mesquita Bandolin Bermejo, Fellipe Cianca Fortes, Joice Duarte Gon\u00e7alves Bergamaschi e Wilian Zendrini Buzingnani.<\/p>\n\n\n\n<p>A primeira tese a ser defendida ser\u00e1&nbsp;de Adyr Garcia Ferreira Netto, sob orienta\u00e7\u00e3o do professor Clodomiro Jos\u00e9 Bannwart J\u00fanior, que tamb\u00e9m \u00e9 coordenador do PPG em Direito Negocial. A banca ser\u00e1 realizada no dia 10 de mar\u00e7o na Universidade de Vigo (UVIGO), na cidade de Ourense, na Espanha, e vai fazer parte de um evento da institui\u00e7\u00e3o espanhola. Al\u00e9m do orientador, tamb\u00e9m participar\u00e3o da&nbsp;banca de defesa&nbsp;os professores Elve Miguel Cenci, da UEL, Gilvan Luiz Hansen, da Universidade Federal Fluminense (UFF), \u00c1nton Lois Fernandez Alvarez, da UVIGO, e Guillermo Su\u00e1rez Bl\u00e1zquez, tamb\u00e9m da UVIGO.<\/p>\n\n\n\n<p>Com o t\u00edtulo \u201cPositivismo entre Kant e Kelsen: paradigmas filos\u00f3fico, epistemol\u00f3gico e lingu\u00edstico do direito positivo e a fun\u00e7\u00e3o\u201d, o trabalho trata sobre as bases do conhecimento jur\u00eddico. Para o doutorando, esse momento tem um significado especial, j\u00e1 que seu pai, Adyr Sebasti\u00e3o Ferreira, foi professor de Direito na UEL entre as d\u00e9cadas de 1970 e 1980 e deu aula para v\u00e1rios outros docentes do curso.<\/p>\n\n\n\n<p class=\"has-text-align-right\">10 de fevereiro de 2025.<\/p>\n\n\n\n<p class=\"has-text-align-right\">Fonte: O Perobal<\/p>\n<\/div><\/div>\n\n\n\n<h2 class=\"wp-block-heading\">LAN\u00c7AMENTO DO LIVRO \u201cMULTIPARENTALIDADE: ESPA\u00c7OS EM CONSTRU\u00c7\u00c3O\u201d, DA PROFESSORA DANIELA BRAGA PAIANO, ANALISA OS DESDOBRAMENTOS JUR\u00cdDICOS NO BRASIL<\/h2>\n\n\n\n<div class=\"wp-block-media-text is-stacked-on-mobile\"><figure class=\"wp-block-media-text__media\"><img loading=\"lazy\" decoding=\"async\" width=\"686\" height=\"1024\" src=\"https:\/\/pos.uel.br\/direito-negocial\/wp-content\/uploads\/2025\/02\/livro-dani-686x1024.jpg\" alt=\"\" class=\"wp-image-1242 size-full\" srcset=\"https:\/\/pos.uel.br\/direito-negocial\/wp-content\/uploads\/2025\/02\/livro-dani-686x1024.jpg 686w, https:\/\/pos.uel.br\/direito-negocial\/wp-content\/uploads\/2025\/02\/livro-dani-201x300.jpg 201w, https:\/\/pos.uel.br\/direito-negocial\/wp-content\/uploads\/2025\/02\/livro-dani-768x1146.jpg 768w, https:\/\/pos.uel.br\/direito-negocial\/wp-content\/uploads\/2025\/02\/livro-dani-1029x1536.jpg 1029w, https:\/\/pos.uel.br\/direito-negocial\/wp-content\/uploads\/2025\/02\/livro-dani.jpg 1056w\" sizes=\"auto, (max-width: 686px) 100vw, 686px\" \/><\/figure><div class=\"wp-block-media-text__content\">\n<p>Na \u00faltima semana, houve a publica\u00e7\u00e3o do livro \u201cMULTIPARENTALIDADE: ESPA\u00c7OS EM CONSTRU\u00c7\u00c3O\u201d, de autoria da Professora Dra. Daniela Braga Paiano, lotada no Departamento de Direito Privado, da Universidade Estadual de Londrina.\nA obra \u00e9 fruto do est\u00e1gio de p\u00f3s-doutorado realizado pela professora, entre 2021 e 2022, na Faculdade de Direito da Universidade de S\u00e3o Paulo (USP) sob supervis\u00e3o do Prof. Dr. Eduardo Tomasevicius Filho, cujo pref\u00e1cio da obra \u00e9 assinado por ele.<\/p>\n\n\n\n<p>O livro, lan\u00e7ado pela Editora Foco tem como objetivo analisar os aspectos contempor\u00e2neos da multiparentalidade no Direito Brasileiro, sendo n\u00e3o apenas uma continuidade do estudo de doutorado defendido pela professora em 2016, mas tamb\u00e9m como uma an\u00e1lise das premissas anteriores ao julgamento da tese no STF, incluindo seus desdobramentos e os aspectos jurisprudenciais.<\/p>\n\n\n\n<p>A multiparentalidade, de acordo com a Dra. Daniela Braga Paiano, pode ser entendida como \u201ca possibilidade jur\u00eddica de uma pessoa ter em seu registro m\u00faltiplos v\u00ednculos parentais \u2013 biol\u00f3gico e socioafetivo, estampando, deste modo, sua realidade de vida\u201d .<\/p>\n\n\n\n<p>A obra \u00e9 estruturada em quatro partes. Primeiramente, aborda a introdu\u00e7\u00e3o do tema da multiparentalidade no STF (Tema 622), o julgamento do caso paradigma (RE n\u00ba 898.060) e, por meio da an\u00e1lise de decis\u00f5es judiciais, identifica as tend\u00eancias da jurisprud\u00eancia desde ent\u00e3o. Em seguida, examina a possibilidade de reconhecimento multiparental de forma extrajudicial, os provimentos do CNJ e apresenta alguns dados estat\u00edsticos, especialmente do Tribunal de Justi\u00e7a do Estado de S\u00e3o Paulo, que al\u00e9m de ser um dos maiores do pa\u00eds, foi o local em que a professora realizou o est\u00e1gio p\u00f3s-doutoral. Na sequ\u00eancia, discute as quest\u00f5es ainda em aberto sobre a tem\u00e1tica e, por fim, trata da proposta de revis\u00e3o e altera\u00e7\u00e3o do C\u00f3digo Civil para o reconhecimento expresso da multiparentalidade.<\/p>\n\n\n\n<p>A discuss\u00e3o central da obra est\u00e1 envolvida em responder quais os efeitos pr\u00e1ticos o julgamento do STF trouxe, tanto na esfera judicial quanto extrajudicial, para a multiparentalidade. A obra busca analisar se a multiparentalidade est\u00e1 ou n\u00e3o sendo aplicada em todo o Brasil e ao que se verifica, novos casos tem alcan\u00e7ado o Poder Judici\u00e1rio, tornando a multiparentalidade um assunto que \u201cn\u00e3o sai da moda\u201d. Assim, a inten\u00e7\u00e3o da professora com a obra \u00e9 justamente apresentar justificativa e solu\u00e7\u00f5es para \u201cpacificar\u201d quest\u00f5es pol\u00eamicas e gerar o debate na comunidade jur\u00eddica e acad\u00eamica.<\/p>\n\n\n\n<p class=\"has-text-align-right\">03 de fevereiro de 2025<\/p>\n\n\n\n<p class=\"has-text-align-right\">Fonte: Comunica\u00e7\u00e3o PPGDN-UEL<\/p>\n<\/div><\/div>\n\n\n\n<p><\/p>\n\n\n\n<h2 class=\"wp-block-heading\">III SEMIN\u00c1RIO \u00cdTALO-BRASILEIRO DE DIREITOS FUNDAMENTAIS PROMOVE DEBATE SOBRE ACESSO \u00c0 JUSTI\u00c7A E SUSTENTABILIDADE NA UNIVERSIT\u00c1 DEGLI STUDI DI PADOVA<\/h2>\n\n\n\n<div class=\"wp-block-media-text is-stacked-on-mobile\"><figure class=\"wp-block-media-text__media\"><img loading=\"lazy\" decoding=\"async\" width=\"1024\" height=\"561\" src=\"https:\/\/pos.uel.br\/direito-negocial\/wp-content\/uploads\/2025\/01\/Imagem-do-WhatsApp-de-2025-01-27-as-11.09.22_24bcf606-1024x561.jpg\" alt=\"\" class=\"wp-image-1204 size-full\" srcset=\"https:\/\/pos.uel.br\/direito-negocial\/wp-content\/uploads\/2025\/01\/Imagem-do-WhatsApp-de-2025-01-27-as-11.09.22_24bcf606-1024x561.jpg 1024w, https:\/\/pos.uel.br\/direito-negocial\/wp-content\/uploads\/2025\/01\/Imagem-do-WhatsApp-de-2025-01-27-as-11.09.22_24bcf606-300x164.jpg 300w, https:\/\/pos.uel.br\/direito-negocial\/wp-content\/uploads\/2025\/01\/Imagem-do-WhatsApp-de-2025-01-27-as-11.09.22_24bcf606-768x421.jpg 768w, https:\/\/pos.uel.br\/direito-negocial\/wp-content\/uploads\/2025\/01\/Imagem-do-WhatsApp-de-2025-01-27-as-11.09.22_24bcf606.jpg 1280w\" sizes=\"auto, (max-width: 1024px) 100vw, 1024px\" \/><\/figure><div class=\"wp-block-media-text__content\">\n<p>Nos dias 24 e 25 de janeiro, a Universit\u00e0 degli Studi di Padova, na It\u00e1lia, recebeu o III Semin\u00e1rio \u00cdtalo-Brasileiro de Direitos Fundamentais, um evento h\u00edbrido que reuniu pesquisadores e especialistas para discutir temas relevantes no cen\u00e1rio jur\u00eddico contempor\u00e2neo.<\/p>\n\n\n\n<p>Dentre as atividades realizadas, o Grupo de Trabalho (GT) sobre Acesso \u00e0 Justi\u00e7a, coordenado pela Profa. La\u00eds e pela Profa. T\u00e2nia Lobo Muniz, foi destaque no s\u00e1bado, dia 25. As professoras, al\u00e9m de conduzirem o GT, apresentaram trabalhos em parceria com orientandos do programa de mestrado da Universidade Estadual de Londrina (UEL).<\/p>\n\n\n\n<p>Os trabalhos apresentados inclu\u00edram:<\/p>\n\n\n\n<ul class=\"wp-block-list\">\n \t<li style=\"list-style-type: none\">\n<ul class=\"wp-block-list\">\n\n<li><strong>&#8220;Efetividade e efici\u00eancia: o novo paradigma do acesso \u00e0 justi\u00e7a na p\u00f3s-modernidade&#8221;<\/strong>, elaborado por Lu\u00eds Fernando Ferreira Marques e Patr\u00edcia Ayub da Costa.<\/li>\n<\/ul>\n<\/li>\n<\/ul>\n\n\n<ul class=\"wp-block-list\">\n \t<li style=\"list-style-type: none\">\n<ul class=\"wp-block-list\">\n \t<li><strong>&#8220;Tutelas da evid\u00eancia e acesso \u00e0 justi\u00e7a: invertendo o \u00f4nus do tempo no cen\u00e1rio processual contempor\u00e2neo&#8221;<\/strong>, de autoria de Patr\u00edcia Ayub da Costa, T\u00e2nia Lobo Muniz e Andr\u00e9 Leonardo Santos Manchur.<\/li>\n<\/ul>\n<\/li>\n<\/ul>\n\n\n\n\n<p>Al\u00e9m disso, as alunas Jussara Romero e Isabela Ono enriqueceram o evento com suas apresenta\u00e7\u00f5es:<\/p>\n\n\n\n<ul class=\"wp-block-list\">\n \t<li style=\"list-style-type: none\">\n<ul class=\"wp-block-list\">\n\n<li><strong>&#8220;A regulamenta\u00e7\u00e3o jur\u00eddica das solu\u00e7\u00f5es baseadas na natureza (SBNs): Brasil e It\u00e1lia&#8221;<\/strong>.<\/li>\n<\/ul>\n<\/li>\n<\/ul>\n\n\n<ul class=\"wp-block-list\">\n \t<li style=\"list-style-type: none\">\n<ul class=\"wp-block-list\">\n \t<li><strong>&#8220;O Direito \u00e0 cidade e a constru\u00e7\u00e3o do espa\u00e7o urbano a partir do bem viver: as solu\u00e7\u00f5es baseadas na natureza&#8221;<\/strong>.<\/li>\n<\/ul>\n<\/li>\n<\/ul>\n\n\n\n\n<p>O semin\u00e1rio promoveu um interc\u00e2mbio intelectual entre Brasil e It\u00e1lia, abordando quest\u00f5es fundamentais como o acesso \u00e0 justi\u00e7a, os desafios do sistema jur\u00eddico na contemporaneidade e a sustentabilidade urbana. A realiza\u00e7\u00e3o do evento reafirma o compromisso das institui\u00e7\u00f5es participantes com o avan\u00e7o acad\u00eamico e a coopera\u00e7\u00e3o internacional.<\/p>\n\n\n\n<p><\/p>\n\n\n\n<p class=\"has-text-align-right\">24 de janeiro de 2025<\/p>\n\n\n\n<p class=\"has-text-align-right\">Fonte: Comunica\u00e7\u00e3o PPGDN-UEL<\/p>\n<\/div><\/div>\n\n\n\n<p><\/p>\n\n\n\n<h2 class=\"wp-block-heading\">PPGDN-UEL CELEBRA A ENTREGA DA PRIMEIRA TESE DE DOUTORADO<\/h2>\n\n\n\n<div class=\"wp-block-media-text is-stacked-on-mobile\"><figure class=\"wp-block-media-text__media\"><img loading=\"lazy\" decoding=\"async\" width=\"828\" height=\"861\" src=\"https:\/\/pos.uel.br\/direito-negocial\/wp-content\/uploads\/2025\/01\/Imagem-do-WhatsApp-de-2025-01-27-as-09.52.08_6936109c.jpg\" alt=\"\" class=\"wp-image-1195 size-full\" srcset=\"https:\/\/pos.uel.br\/direito-negocial\/wp-content\/uploads\/2025\/01\/Imagem-do-WhatsApp-de-2025-01-27-as-09.52.08_6936109c.jpg 828w, https:\/\/pos.uel.br\/direito-negocial\/wp-content\/uploads\/2025\/01\/Imagem-do-WhatsApp-de-2025-01-27-as-09.52.08_6936109c-289x300.jpg 289w, https:\/\/pos.uel.br\/direito-negocial\/wp-content\/uploads\/2025\/01\/Imagem-do-WhatsApp-de-2025-01-27-as-09.52.08_6936109c-768x799.jpg 768w\" sizes=\"auto, (max-width: 828px) 100vw, 828px\" \/><\/figure><div class=\"wp-block-media-text__content\">\n<p><\/p>\n\n\n\n<p><\/p>\n\n\n\n<p><\/p>\n\n\n\n<p>Hoje celebramos um marco hist\u00f3rico para o Programa de P\u00f3s-Gradua\u00e7\u00e3o em Direito Negocial: a entrega da primeira tese de doutorado.<\/p>\n\n\n\n<p>O aluno Adyr Garcia Ferreira Neto, sob a orienta\u00e7\u00e3o do Prof. Dr. Clodomiro Jos\u00e9 Bannwart J\u00fanior, entregou a tese intitulada <strong>&#8220;Positivismo entre Kant e Kelsen: paradigmas filos\u00f3ficos, epistemol\u00f3gicos e lingu\u00edsticos do direito positivo e a fun\u00e7\u00e3o criadora de direitos da norma negocial&#8221;<\/strong>.<\/p>\n\n\n\n<p>A defesa da tese est\u00e1 marcada para o dia <strong>10 de mar\u00e7o de 2025<\/strong>, em Ourense, na Espanha.<\/p>\n\n\n\n<p>A banca examinadora ser\u00e1 composta pelos seguintes professores:<\/p>\n\n\n\n<ul class=\"wp-block-list\">\n \t<li style=\"list-style-type: none\">\n<ul class=\"wp-block-list\">\n\n<li><strong>Prof. Dr. Clodomiro Jos\u00e9 Bannwart J\u00fanior<\/strong>, da Universidade Estadual de Londrina (UEL);<\/li>\n<\/ul>\n<\/li>\n<\/ul>\n\n\n<ul class=\"wp-block-list\">\n \t<li style=\"list-style-type: none\">\n<ul class=\"wp-block-list\">\n \t<li><strong>Prof. Dr. Elve Miguel Cenci<\/strong>, da Universidade Estadual de Londrina (UEL);<\/li>\n<\/ul>\n<\/li>\n<\/ul>\n\n\n<ul class=\"wp-block-list\">\n \t<li style=\"list-style-type: none\">\n<ul class=\"wp-block-list\">\n \t<li><strong>Prof. Dr. Gilvan Luiz Hansen<\/strong>, da Universidade Federal Fluminense (UFF);<\/li>\n<\/ul>\n<\/li>\n<\/ul>\n\n\n<ul class=\"wp-block-list\">\n \t<li style=\"list-style-type: none\">\n<ul class=\"wp-block-list\">\n \t<li><strong>Prof. Dr. \u00c1nton Lois Fernandez Alvarez<\/strong>, da Universidad de Vigo (UVIGO);<\/li>\n<\/ul>\n<\/li>\n<\/ul>\n\n\n<ul class=\"wp-block-list\">\n \t<li style=\"list-style-type: none\">\n<ul class=\"wp-block-list\">\n \t<li><strong>Prof. Dr. Guillermo Su\u00e1rez Bl\u00e1zquez<\/strong>, da Universidad de Vigo (UVIGO).<\/li>\n<\/ul>\n<\/li>\n<\/ul>\n\n\n\n\n<p>Parabenizamos o aluno Adyr Garcia Ferreira Neto por essa conquista not\u00e1vel e desejamos muito sucesso na defesa de sua tese!<\/p>\n\n\n\n<p class=\"has-text-align-right\">24 de janeiro de 2025<\/p>\n\n\n\n<p class=\"has-text-align-right\">Fonte: Comunica\u00e7\u00e3o PPGDN-UEL<\/p>\n<\/div><\/div>\n\n\n\n<!--nextpage-->\n\n\n\n<h2 class=\"wp-block-heading\">PROFESSORA MARLENE KEMPFER E O DOUTORANDO PHILIPPE MONTEIRO PALESTRAM NO EVENTO: &#8220;I JORNADAS LATINOAMERICANAS\u201d<\/h2>\n\n\n\n<div class=\"wp-block-media-text is-stacked-on-mobile\"><figure class=\"wp-block-media-text__media\"><img loading=\"lazy\" decoding=\"async\" width=\"1024\" height=\"768\" src=\"https:\/\/pos.uel.br\/direito-negocial\/wp-content\/uploads\/2025\/01\/Imagem-do-WhatsApp-de-2025-01-27-as-08.36.59_e69196c7-1024x768.jpg\" alt=\"\" class=\"wp-image-1193 size-full\" srcset=\"https:\/\/pos.uel.br\/direito-negocial\/wp-content\/uploads\/2025\/01\/Imagem-do-WhatsApp-de-2025-01-27-as-08.36.59_e69196c7-1024x768.jpg 1024w, https:\/\/pos.uel.br\/direito-negocial\/wp-content\/uploads\/2025\/01\/Imagem-do-WhatsApp-de-2025-01-27-as-08.36.59_e69196c7-300x225.jpg 300w, https:\/\/pos.uel.br\/direito-negocial\/wp-content\/uploads\/2025\/01\/Imagem-do-WhatsApp-de-2025-01-27-as-08.36.59_e69196c7-768x576.jpg 768w, https:\/\/pos.uel.br\/direito-negocial\/wp-content\/uploads\/2025\/01\/Imagem-do-WhatsApp-de-2025-01-27-as-08.36.59_e69196c7-1536x1152.jpg 1536w, https:\/\/pos.uel.br\/direito-negocial\/wp-content\/uploads\/2025\/01\/Imagem-do-WhatsApp-de-2025-01-27-as-08.36.59_e69196c7.jpg 1600w\" sizes=\"auto, (max-width: 1024px) 100vw, 1024px\" \/><\/figure><div class=\"wp-block-media-text__content\">\n<p class=\"has-text-align-left\">A professora Marlene Kempfer e o doutorando Philippe Monteiro, do Programa de P\u00f3s-Gradua\u00e7\u00e3o em Direito Negocial (PPGDNUEL), palestraram no evento: \u201cI JORNADAS LATINOAMERICANAS\u201d realizado hoje (23\/01\/2025) em Toledo-Espanha, promovido pela Universidade P\u00fablica de Castilla-La Mancha (UCLM), na Espanha. Palestras: \u201c(IN)EFICACIA DEL SISTEMA JUR\u00cdDICO AMBIENTAL DE LA FEDERACI\u00d3N BRASILE\u00d1A: (DES)CONSIDERACI\u00d3N DE LA RACIONALIDAD DE LOS SISTEMAS DE LA TIERRA\u201d e \u201cLit\u00edgios Clim\u00e1ticos no Brasil em face da Responsabilidade Extracontratual Empresarial: (Des)Compromisso&nbsp;Democr\u00e1tico\u201d.<\/p>\n\n\n\n<p><\/p>\n\n\n\n<p class=\"has-text-align-right\">24 de janeiro de 2025<\/p>\n\n\n\n<p class=\"has-text-align-right\">Fonte: Comunica\u00e7\u00e3o PPGDN-UEL<\/p>\n<\/div><\/div>\n\n\n\n<p><\/p>\n\n\n\n<h2 class=\"wp-block-heading\">CHAMADA PARA PUBLICA\u00c7\u00c3O DE ARTIGOS E RESENHAS NA REVISTA SCIENTIA IURIS<\/h2>\n\n\n\n<div class=\"wp-block-media-text is-stacked-on-mobile\"><figure class=\"wp-block-media-text__media\"><img loading=\"lazy\" decoding=\"async\" width=\"189\" height=\"267\" src=\"https:\/\/pos.uel.br\/direito-negocial\/wp-content\/uploads\/2025\/01\/images.jpeg\" alt=\"\" class=\"wp-image-1094 size-full\" \/><\/figure><div class=\"wp-block-media-text__content\">\n<p>A Revista Scientia Iuris est\u00e1 recebendo submiss\u00f5es de artigos e resenhas in\u00e9ditos, com temas relacionados ao Direito Negocial, para as edi\u00e7\u00f5es de 2025.<\/p>\n\n\n\n<p><strong>Requisitos para Submiss\u00e3o<\/strong><\/p>\n\n\n\n<p><em>Autores:<\/em> Os textos devem ser submetidos por autores com titula\u00e7\u00e3o m\u00ednima de Mestrando(a), sendo obrigat\u00f3rio que estejam acompanhados de, ao menos, um autor com t\u00edtulo de Doutor(a). S\u00e3o permitidos at\u00e9 3 (tr\u00eas) autores por artigo.<\/p>\n\n\n\n<p><em>Crit\u00e9rios de avalia\u00e7\u00e3o:<\/em> Os trabalhos ser\u00e3o analisados pelo m\u00e9todo Double-blind peer review e devem atender aos crit\u00e9rios metodol\u00f3gicos exigidos e \u00e0 linha editorial da revista.<\/p>\n\n\n\n<p><strong>Envio dos Trabalhos<\/strong><\/p>\n\n\n\n<p>Os artigos e resenhas devem ser submetidos exclusivamente pela p\u00e1gina da revista no endere\u00e7o eletr\u00f4nico:\n<a href=\"https:\/\/ojs.uel.br\/revistas\/uel\/index.php\/iuris\/about\/submissions\">https:\/\/ojs.uel.br\/revistas\/uel\/index.php\/iuris\/about\/submissions<\/a><\/p>\n\n\n\n<p><strong>Contato e Normas<\/strong><\/p>\n\n\n\n<p><em>E-mail para contato t\u00e9cnico:<\/em> revistamdireito@uel.br\n<em>Normas para publica\u00e7\u00e3o:<\/em> Dispon\u00edveis no endere\u00e7o:\n<a href=\"http:\/\/www.uel.br\/revistas\/uel\/index.php\/iuris\/about\/submissions#authorGuidelines\">http:\/\/www.uel.br\/revistas\/uel\/index.php\/iuris\/about\/submissions#authorGuidelines<\/a><\/p>\n\n\n\n<p>A Revista adota fluxo cont\u00ednuo para recep\u00e7\u00e3o dos trabalhos.<\/p>\n\n\n\n<p>Aproveite a oportunidade para divulgar suas pesquisas<\/p>\n\n\n\n<p><\/p>\n\n\n\n<p class=\"has-text-align-right\">14 de janeiro de 2025<\/p>\n\n\n\n<p class=\"has-text-align-right\">Fonte: Comunica\u00e7\u00e3o PPGDN-UEL<\/p>\n<\/div><\/div>\n\n\n\n<p><\/p>\n\n\n\n<h2 class=\"wp-block-heading\">PPGDN-UEL \u00c9 REPRESENTADO EM CONGRESSO SOBRE INTELIG\u00caNCIA ARTIFICIAL NO JUDICI\u00c1RIO<\/h2>\n\n\n\n<p><\/p>\n\n\n\n<div class=\"wp-block-media-text is-stacked-on-mobile\"><figure class=\"wp-block-media-text__media\"><img loading=\"lazy\" decoding=\"async\" width=\"1024\" height=\"1024\" src=\"https:\/\/pos.uel.br\/direito-negocial\/wp-content\/uploads\/2025\/01\/WhatsApp-Image-2025-01-14-at-11.29.59-1024x1024.jpeg\" alt=\"\" class=\"wp-image-1092 size-full\" srcset=\"https:\/\/pos.uel.br\/direito-negocial\/wp-content\/uploads\/2025\/01\/WhatsApp-Image-2025-01-14-at-11.29.59-1024x1024.jpeg 1024w, https:\/\/pos.uel.br\/direito-negocial\/wp-content\/uploads\/2025\/01\/WhatsApp-Image-2025-01-14-at-11.29.59-300x300.jpeg 300w, https:\/\/pos.uel.br\/direito-negocial\/wp-content\/uploads\/2025\/01\/WhatsApp-Image-2025-01-14-at-11.29.59-150x150.jpeg 150w, https:\/\/pos.uel.br\/direito-negocial\/wp-content\/uploads\/2025\/01\/WhatsApp-Image-2025-01-14-at-11.29.59-768x768.jpeg 768w, https:\/\/pos.uel.br\/direito-negocial\/wp-content\/uploads\/2025\/01\/WhatsApp-Image-2025-01-14-at-11.29.59.jpeg 1080w\" sizes=\"auto, (max-width: 1024px) 100vw, 1024px\" \/><\/figure><div class=\"wp-block-media-text__content\">\n<p>Entre os dias 15 e 17 de janeiro de 2025, o Tribunal de Justi\u00e7a do Paran\u00e1 (TJPR) promover\u00e1 o I Congresso de Inova\u00e7\u00e3o em Intelig\u00eancia Artificial no Judici\u00e1rio, em Foz do Igua\u00e7u\/PR. O evento reunir\u00e1 magistrados, pesquisadores, desenvolvedores de tecnologia, advogados e acad\u00eamicos para debater as melhores pr\u00e1ticas, al\u00e9m dos desafios t\u00e9cnicos e \u00e9ticos da implementa\u00e7\u00e3o da intelig\u00eancia artificial no sistema de justi\u00e7a.<\/p>\n\n\n\n<p>O encontro ser\u00e1 uma oportunidade \u00fanica para compartilhar experi\u00eancias, explorar solu\u00e7\u00f5es inovadoras e tra\u00e7ar estrat\u00e9gias para integrar as tecnologias de IA ao Judici\u00e1rio, com o objetivo de fortalecer a justi\u00e7a e proporcionar uma presta\u00e7\u00e3o jurisdicional mais eficiente, c\u00e9lere e justa.<\/p>\n\n\n\n<p>O Programa de P\u00f3s-Gradua\u00e7\u00e3o em Direito Negocial da UEL (PPGDN-UEL) ser\u00e1 representado pelo doutorando Daniel Marinho Corr\u00eaa, que participar\u00e1 do Painel Lanlink de Boas Pr\u00e1ticas em Intelig\u00eancia Artificial. Durante o painel, Daniel apresentar\u00e1 sua pesquisa intitulada &#8220;A Integra\u00e7\u00e3o de Intelig\u00eancia Artificial na Parametriza\u00e7\u00e3o de Danos Extrapatrimoniais&#8221;, contribuindo com reflex\u00f5es relevantes e pr\u00e1ticas sobre o tema.<\/p>\n\n\n\n<p>O PPGDN-UEL parabeniza o doutorando pela participa\u00e7\u00e3o e deseja sucesso na apresenta\u00e7\u00e3o!<\/p>\n\n\n\n<p><\/p>\n\n\n\n<p class=\"has-text-align-right\">14 de janeiro de 2025<\/p>\n\n\n\n<p class=\"has-text-align-right\">Fonte: Comunica\u00e7\u00e3o PPGDN-UEL<\/p>\n<\/div><\/div>\n\n\n\n<p><\/p>\n\n\n\n<p><\/p>\n\n\n\n<h2 class=\"wp-block-heading\">PROFESSORA MARLENE KEMPFER E DOUTORANDO PHILIPPE MONTEIRO PARTICIPAM DE CURSO NA ESPANHA SOBRE LIT\u00cdGIOS CLIM\u00c1TICOS E SUSTENTABILIDADE<\/h2>\n\n\n\n<p><\/p>\n\n\n\n<div class=\"wp-block-media-text is-stacked-on-mobile\"><figure class=\"wp-block-media-text__media\"><img loading=\"lazy\" decoding=\"async\" width=\"768\" height=\"1024\" src=\"https:\/\/pos.uel.br\/direito-negocial\/wp-content\/uploads\/2025\/01\/b12e1301-001f-48f6-84a8-fae2c1498302-768x1024.jpeg\" alt=\"\" class=\"wp-image-1090 size-full\" srcset=\"https:\/\/pos.uel.br\/direito-negocial\/wp-content\/uploads\/2025\/01\/b12e1301-001f-48f6-84a8-fae2c1498302-768x1024.jpeg 768w, https:\/\/pos.uel.br\/direito-negocial\/wp-content\/uploads\/2025\/01\/b12e1301-001f-48f6-84a8-fae2c1498302-225x300.jpeg 225w, https:\/\/pos.uel.br\/direito-negocial\/wp-content\/uploads\/2025\/01\/b12e1301-001f-48f6-84a8-fae2c1498302-1152x1536.jpeg 1152w, https:\/\/pos.uel.br\/direito-negocial\/wp-content\/uploads\/2025\/01\/b12e1301-001f-48f6-84a8-fae2c1498302-1536x2048.jpeg 1536w, https:\/\/pos.uel.br\/direito-negocial\/wp-content\/uploads\/2025\/01\/b12e1301-001f-48f6-84a8-fae2c1498302-scaled.jpeg 1920w\" sizes=\"auto, (max-width: 768px) 100vw, 768px\" \/><\/figure><div class=\"wp-block-media-text__content\">\n<p>A professora Marlene Kempfer e o doutorando Philippe Monteiro, do Programa de P\u00f3s-Gradua\u00e7\u00e3o em Direito Negocial (PPGDNUEL), est\u00e3o participando do curso \u201cLitigaci\u00f3n clim\u00e1tica y responsabilidad social empresarial en materia de sostenibilidad\u201d (Lit\u00edgios clim\u00e1ticos e responsabilidade social empresarial em mat\u00e9ria de sustentabilidade), promovido pela Universidade de Castilla-La Mancha (UCLM), na Espanha.<\/p>\n\n\n\n<p>O curso \u00e9 coordenado pela Prof. Dra. Sagrario Berm\u00fadez Ballesteros e pela Prof. Dra. Helena Palomino Moraleda, e dirigido pela Prof. Dra. Encarna Cordero Lobato.<\/p>\n\n\n\n<p>O programa aborda temas como os riscos clim\u00e1ticos sob a perspectiva empresarial, a responsabilidade da administra\u00e7\u00e3o p\u00fablica e das empresas, al\u00e9m de ferramentas jur\u00eddicas para mitigar os efeitos das mudan\u00e7as clim\u00e1ticas. Entre os t\u00f3picos discutidos est\u00e3o o greenwashing e o financiamento verde.<\/p>\n\n\n\n<p>A participa\u00e7\u00e3o no curso refor\u00e7a a atua\u00e7\u00e3o do nosso Programa de P\u00f3s-gradua\u00e7\u00e3o em Direito Negocial no campo das discuss\u00f5es jur\u00eddicas internacionais e evidencia nosso compromisso com quest\u00f5es ambientais e de sustentabilidade.<\/p>\n\n\n\n<p><\/p>\n\n\n\n<p class=\"has-text-align-right\">14 de janeiro de 2025<\/p>\n\n\n\n<p class=\"has-text-align-right\">Fonte: Comunica\u00e7\u00e3o PPGDN-UEL<\/p>\n<\/div><\/div>\n\n\n\n<h2 class=\"wp-block-heading\">PPGDN-UEL PARABENIZA A NOVA GEST\u00c3O DA UNIVERSIDADE CAT\u00d3LICA DE SANTA MARIA (UCSM), AREQUIPA, PERU<\/h2>\n\n\n\n<div class=\"wp-block-media-text is-stacked-on-mobile\"><figure class=\"wp-block-media-text__media\"><img loading=\"lazy\" decoding=\"async\" width=\"1013\" height=\"1024\" src=\"https:\/\/pos.uel.br\/direito-negocial\/wp-content\/uploads\/2025\/01\/fe2e6d23-db10-4828-9de6-71cba1f1683e-1013x1024.jpeg\" alt=\"\" class=\"wp-image-1080 size-full\" srcset=\"https:\/\/pos.uel.br\/direito-negocial\/wp-content\/uploads\/2025\/01\/fe2e6d23-db10-4828-9de6-71cba1f1683e-1013x1024.jpeg 1013w, https:\/\/pos.uel.br\/direito-negocial\/wp-content\/uploads\/2025\/01\/fe2e6d23-db10-4828-9de6-71cba1f1683e-297x300.jpeg 297w, https:\/\/pos.uel.br\/direito-negocial\/wp-content\/uploads\/2025\/01\/fe2e6d23-db10-4828-9de6-71cba1f1683e-768x776.jpeg 768w, https:\/\/pos.uel.br\/direito-negocial\/wp-content\/uploads\/2025\/01\/fe2e6d23-db10-4828-9de6-71cba1f1683e.jpeg 1284w\" sizes=\"auto, (max-width: 1013px) 100vw, 1013px\" \/><\/figure><div class=\"wp-block-media-text__content\">\n<p class=\"has-text-align-left\">O Programa de P\u00f3s-Gradua\u00e7\u00e3o em Direito Negocial da Universidade Estadual de Londrina (PPGDN\/UEL), que mant\u00e9m conv\u00eanio acad\u00eamico com a Universidade Cat\u00f3lica de Santa Maria (UCSM), Arequipa, Peru, felicita o Dr. Jorge Luis C\u00e1ceres Arce, eleito como novo reitor da UCSM em assembleia universit\u00e1ria realizada no dia 10 de janeiro de 2025.<\/p>\n\n\n\n<p class=\"has-text-align-left\">O novo reitor ser\u00e1 acompanhado por uma equipe de pr\u00f3-reitores composta por:<\/p>\n\n\n\n<p class=\"has-text-align-left\">Dr. Jos\u00e9 Villanueva, Vice-Reitor Acad\u00eamico;\nDr. M\u00e1ximo Rondon, Vice-Reitor de Investiga\u00e7\u00e3o; e\nDr. Fernando Farf\u00e1n, Vice-Reitor Administrativo.<\/p>\n\n\n\n<p class=\"has-text-align-left\">Expressamos nossos votos de sucesso ao reitor e sua equipe na condu\u00e7\u00e3o dos trabalhos em prol do desenvolvimento acad\u00eamico, cient\u00edfico e institucional.<\/p>\n\n\n\n<p class=\"has-text-align-left\">Estamos confiantes de que essa parceria entre as institui\u00e7\u00f5es continuar\u00e1 a gerar frutos positivos para a comunidade acad\u00eamica de ambas as universidades.<\/p>\n\n\n\n<p><\/p>\n\n\n\n<p class=\"has-text-align-right\">13 de janeiro de 2025<\/p>\n\n\n\n<p class=\"has-text-align-right\">Fonte: Comunica\u00e7\u00e3o PPGDN-UEL<\/p>\n<\/div><\/div>\n\n\n\n<p><\/p>\n\n\n\n<h2 class=\"wp-block-heading\">PPGDNUEL REALIZA EVENTO SOBRE AUTOAVALIA\u00c7\u00c3O NA PR\u00d3XIMA SEXTA-FEIRA (13\/12)<\/h2>\n\n\n\n<p><\/p>\n\n\n\n<p>No dia <strong>13 de dezembro<\/strong>, \u00e0s <strong>08h30<\/strong>, o <strong>Programa de P\u00f3s-Gradua\u00e7\u00e3o em Direito Negocial da Universidade Estadual de Londrina (PPGDNUEL)<\/strong> promover\u00e1 um importante encontro sobre <strong>autoavalia\u00e7\u00e3o do programa<\/strong>. O evento acontecer\u00e1 na <strong>Sala 431<\/strong> e ser\u00e1 uma oportunidade para toda a comunidade acad\u00eamica se engajar no processo de desenvolvimento do programa.<\/p>\n\n\n\n<p>Durante a reuni\u00e3o, ser\u00e3o abordados temas como:\n\u2705 O funcionamento do processo de autoavalia\u00e7\u00e3o;\n\u2705 A import\u00e2ncia da autoavalia\u00e7\u00e3o para o aprimoramento acad\u00eamico;\n\u2705 A an\u00e1lise dos dados do ano de 2023;\n\u2705 Estrat\u00e9gias tra\u00e7adas para futuras melhorias.<\/p>\n\n\n\n<p>O evento busca promover um di\u00e1logo aberto entre estudantes, professores e a coordena\u00e7\u00e3o, visando fortalecer ainda mais o programa.<\/p>\n\n\n\n<p>\ud83d\udce2 <strong>Sua participa\u00e7\u00e3o \u00e9 essencial para construir um PPGD cada vez mais eficiente e alinhado \u00e0s necessidades acad\u00eamicas!<\/strong><\/p>\n\n\n\n<figure class=\"wp-block-gallery has-nested-images columns-default is-cropped wp-block-gallery-5 is-layout-flex wp-block-gallery-is-layout-flex\">\n<figure class=\"wp-block-image size-large\"><img loading=\"lazy\" decoding=\"async\" width=\"1024\" height=\"1024\" data-id=\"1042\" src=\"https:\/\/pos.uel.br\/direito-negocial\/wp-content\/uploads\/2024\/12\/Imagem-do-WhatsApp-de-2024-12-09-as-16.06.48_747f1c76-1024x1024.jpg\" alt=\"\" class=\"wp-image-1042\" srcset=\"https:\/\/pos.uel.br\/direito-negocial\/wp-content\/uploads\/2024\/12\/Imagem-do-WhatsApp-de-2024-12-09-as-16.06.48_747f1c76-1024x1024.jpg 1024w, https:\/\/pos.uel.br\/direito-negocial\/wp-content\/uploads\/2024\/12\/Imagem-do-WhatsApp-de-2024-12-09-as-16.06.48_747f1c76-300x300.jpg 300w, https:\/\/pos.uel.br\/direito-negocial\/wp-content\/uploads\/2024\/12\/Imagem-do-WhatsApp-de-2024-12-09-as-16.06.48_747f1c76-150x150.jpg 150w, https:\/\/pos.uel.br\/direito-negocial\/wp-content\/uploads\/2024\/12\/Imagem-do-WhatsApp-de-2024-12-09-as-16.06.48_747f1c76-768x768.jpg 768w, https:\/\/pos.uel.br\/direito-negocial\/wp-content\/uploads\/2024\/12\/Imagem-do-WhatsApp-de-2024-12-09-as-16.06.48_747f1c76.jpg 1080w\" sizes=\"auto, (max-width: 1024px) 100vw, 1024px\" \/><\/figure>\n<\/figure>\n\n\n\n<p class=\"has-text-align-right\">09 de dezembro de 2024<\/p>\n\n\n\n<p class=\"has-text-align-right\">Fonte: Comunica\u00e7\u00e3o PPGDN-UEL<\/p>\n\n\n\n<h2 class=\"wp-block-heading\">A PRIMEIRA BANCA DE DOUTORADO DO PROGRAMA DE P\u00d3S-GRADUA\u00c7\u00c3O EM DIREITO NEGOCIAL DA UEL OCORRER\u00c1 EM OURENSE, NA ESPANHA!<\/h2>\n\n\n\n<p><\/p>\n\n\n\n<figure class=\"wp-block-image size-large\"><img loading=\"lazy\" decoding=\"async\" width=\"1024\" height=\"1024\" src=\"https:\/\/pos.uel.br\/direito-negocial\/wp-content\/uploads\/2024\/12\/Imagem-do-WhatsApp-de-2024-12-06-as-13.31.58_dd5467ad-1024x1024.jpg\" alt=\"\" class=\"wp-image-1039\" srcset=\"https:\/\/pos.uel.br\/direito-negocial\/wp-content\/uploads\/2024\/12\/Imagem-do-WhatsApp-de-2024-12-06-as-13.31.58_dd5467ad-1024x1024.jpg 1024w, https:\/\/pos.uel.br\/direito-negocial\/wp-content\/uploads\/2024\/12\/Imagem-do-WhatsApp-de-2024-12-06-as-13.31.58_dd5467ad-300x300.jpg 300w, https:\/\/pos.uel.br\/direito-negocial\/wp-content\/uploads\/2024\/12\/Imagem-do-WhatsApp-de-2024-12-06-as-13.31.58_dd5467ad-150x150.jpg 150w, https:\/\/pos.uel.br\/direito-negocial\/wp-content\/uploads\/2024\/12\/Imagem-do-WhatsApp-de-2024-12-06-as-13.31.58_dd5467ad-768x768.jpg 768w, https:\/\/pos.uel.br\/direito-negocial\/wp-content\/uploads\/2024\/12\/Imagem-do-WhatsApp-de-2024-12-06-as-13.31.58_dd5467ad.jpg 1080w\" sizes=\"auto, (max-width: 1024px) 100vw, 1024px\" \/><\/figure>\n\n\n\n<hr class=\"wp-block-separator has-alpha-channel-opacity\" \/>\n\n\n\n<h2 class=\"wp-block-heading\">PROF. DR. CLODOMIRO BANNWART FAZ O PREF\u00c1CIO DO LIVRO &#8220;LONDRINA E SEUS OLHARES: 90 ANOS&#8221;<\/h2>\n\n\n\n<p>No dia 5 de dezembro de 2024, no VSTA Mobili\u00e1rio, ocorreu o lan\u00e7amento do livro <em>&#8220;Londrina e seus olhares: 90 anos&#8221;<\/em>, organizado por Livia Spriz\u00e3o de Oliveira. O evento contou com a participa\u00e7\u00e3o do Prof. Dr. Clodomiro Jos\u00e9 Bannwart Junior, coordenador do Programa de P\u00f3s-Gradua\u00e7\u00e3o em Direito Negocial da UEL, respons\u00e1vel pelo pref\u00e1cio da obra, e da Magn\u00edfica Reitora da Universidade Estadual de Londrina, Profa. Dra. Marta Regina F\u00e1varo, que tamb\u00e9m contribuiu como autora. A publica\u00e7\u00e3o re\u00fane relatos de renomadas personalidades de Londrina, que compartilharam suas hist\u00f3rias nessa obra marcante.<\/p>\n\n\n\n<figure class=\"wp-block-gallery has-nested-images columns-default is-cropped wp-block-gallery-6 is-layout-flex wp-block-gallery-is-layout-flex\">\n<figure class=\"wp-block-image size-large\"><img loading=\"lazy\" decoding=\"async\" width=\"768\" height=\"1024\" data-id=\"1033\" src=\"https:\/\/pos.uel.br\/direito-negocial\/wp-content\/uploads\/2024\/12\/WhatsApp-Image-2024-12-06-at-10.56.18-768x1024.jpeg\" alt=\"\" class=\"wp-image-1033\" srcset=\"https:\/\/pos.uel.br\/direito-negocial\/wp-content\/uploads\/2024\/12\/WhatsApp-Image-2024-12-06-at-10.56.18-768x1024.jpeg 768w, https:\/\/pos.uel.br\/direito-negocial\/wp-content\/uploads\/2024\/12\/WhatsApp-Image-2024-12-06-at-10.56.18-225x300.jpeg 225w, https:\/\/pos.uel.br\/direito-negocial\/wp-content\/uploads\/2024\/12\/WhatsApp-Image-2024-12-06-at-10.56.18.jpeg 960w\" sizes=\"auto, (max-width: 768px) 100vw, 768px\" \/><\/figure>\n\n\n\n<figure class=\"wp-block-image size-full\"><img loading=\"lazy\" decoding=\"async\" width=\"960\" height=\"540\" data-id=\"1034\" src=\"https:\/\/pos.uel.br\/direito-negocial\/wp-content\/uploads\/2024\/12\/WhatsApp-Image-2024-12-06-at-10.52.34-1.jpeg\" alt=\"\" class=\"wp-image-1034\" srcset=\"https:\/\/pos.uel.br\/direito-negocial\/wp-content\/uploads\/2024\/12\/WhatsApp-Image-2024-12-06-at-10.52.34-1.jpeg 960w, https:\/\/pos.uel.br\/direito-negocial\/wp-content\/uploads\/2024\/12\/WhatsApp-Image-2024-12-06-at-10.52.34-1-300x169.jpeg 300w, https:\/\/pos.uel.br\/direito-negocial\/wp-content\/uploads\/2024\/12\/WhatsApp-Image-2024-12-06-at-10.52.34-1-768x432.jpeg 768w\" sizes=\"auto, (max-width: 960px) 100vw, 960px\" \/><\/figure>\n<\/figure>\n\n\n\n<p class=\"has-text-align-right\">06 de dezembro de 2024<\/p>\n\n\n\n<p class=\"has-text-align-right\">Fonte: Comunica\u00e7\u00e3o PPGDN-UEL<\/p>\n\n\n\n<hr class=\"wp-block-separator has-alpha-channel-opacity\" \/>\n\n\n\n<h2 class=\"wp-block-heading\">PROFESSORA DRA. RITA TARIFA ESPOLADOR PALESTRA NO CONGRESSO NACIONAL DO INSTITUTO MIGUEL KFOURI NETO &#8211; DIREITO M\u00c9DICO E DA SA\u00daDE<\/h2>\n\n\n\n<p>Durante os dias 28 e 29 de novembro de 2024 ocorreu o Congresso Nacional do Instituto Miguel Kfouri Neto &#8211; Direito M\u00e9dico e da Sa\u00fade, que aconteceu na sede do Tribunal de Justi\u00e7a do Estado do Paran\u00e1, na cidade de Curitiba.<\/p>\n\n\n\n<p>O evento contou com palestrantes de todo o Brasil, inclusive a nossa professora do PPGDNUEL Rita Tarifa Espolador, que proferiu a fala sobre a &#8220;Responsabilidade Civil m\u00e9dica em reprodu\u00e7\u00e3o assistida&#8221;, no painel &#8220;Debates Contempor\u00e2neos em Responsabilidade M\u00e9dica&#8221;.<\/p>\n\n\n\n<figure class=\"wp-block-gallery has-nested-images columns-default is-cropped wp-block-gallery-7 is-layout-flex wp-block-gallery-is-layout-flex\">\n<figure class=\"wp-block-image size-large\"><img loading=\"lazy\" decoding=\"async\" width=\"576\" height=\"1024\" data-id=\"1024\" src=\"https:\/\/pos.uel.br\/direito-negocial\/wp-content\/uploads\/2024\/12\/WhatsApp-Image-2024-12-05-at-08.51.44-576x1024.jpeg\" alt=\"\" class=\"wp-image-1024\" srcset=\"https:\/\/pos.uel.br\/direito-negocial\/wp-content\/uploads\/2024\/12\/WhatsApp-Image-2024-12-05-at-08.51.44-576x1024.jpeg 576w, https:\/\/pos.uel.br\/direito-negocial\/wp-content\/uploads\/2024\/12\/WhatsApp-Image-2024-12-05-at-08.51.44-169x300.jpeg 169w, https:\/\/pos.uel.br\/direito-negocial\/wp-content\/uploads\/2024\/12\/WhatsApp-Image-2024-12-05-at-08.51.44-768x1365.jpeg 768w, https:\/\/pos.uel.br\/direito-negocial\/wp-content\/uploads\/2024\/12\/WhatsApp-Image-2024-12-05-at-08.51.44-864x1536.jpeg 864w, https:\/\/pos.uel.br\/direito-negocial\/wp-content\/uploads\/2024\/12\/WhatsApp-Image-2024-12-05-at-08.51.44.jpeg 900w\" sizes=\"auto, (max-width: 576px) 100vw, 576px\" \/><\/figure>\n\n\n\n<figure class=\"wp-block-image size-large\"><img loading=\"lazy\" decoding=\"async\" width=\"576\" height=\"1024\" data-id=\"1026\" src=\"https:\/\/pos.uel.br\/direito-negocial\/wp-content\/uploads\/2024\/12\/WhatsApp-Image-2024-12-05-at-08.51.43-576x1024.jpeg\" alt=\"\" class=\"wp-image-1026\" srcset=\"https:\/\/pos.uel.br\/direito-negocial\/wp-content\/uploads\/2024\/12\/WhatsApp-Image-2024-12-05-at-08.51.43-576x1024.jpeg 576w, https:\/\/pos.uel.br\/direito-negocial\/wp-content\/uploads\/2024\/12\/WhatsApp-Image-2024-12-05-at-08.51.43-169x300.jpeg 169w, https:\/\/pos.uel.br\/direito-negocial\/wp-content\/uploads\/2024\/12\/WhatsApp-Image-2024-12-05-at-08.51.43-768x1365.jpeg 768w, https:\/\/pos.uel.br\/direito-negocial\/wp-content\/uploads\/2024\/12\/WhatsApp-Image-2024-12-05-at-08.51.43-864x1536.jpeg 864w, https:\/\/pos.uel.br\/direito-negocial\/wp-content\/uploads\/2024\/12\/WhatsApp-Image-2024-12-05-at-08.51.43.jpeg 900w\" sizes=\"auto, (max-width: 576px) 100vw, 576px\" \/><\/figure>\n\n\n\n<figure class=\"wp-block-image size-large\"><img loading=\"lazy\" decoding=\"async\" width=\"768\" height=\"1024\" data-id=\"1025\" src=\"https:\/\/pos.uel.br\/direito-negocial\/wp-content\/uploads\/2024\/12\/WhatsApp-Image-2024-12-02-at-16.46.31-768x1024.jpeg\" alt=\"\" class=\"wp-image-1025\" srcset=\"https:\/\/pos.uel.br\/direito-negocial\/wp-content\/uploads\/2024\/12\/WhatsApp-Image-2024-12-02-at-16.46.31-768x1024.jpeg 768w, https:\/\/pos.uel.br\/direito-negocial\/wp-content\/uploads\/2024\/12\/WhatsApp-Image-2024-12-02-at-16.46.31-225x300.jpeg 225w, https:\/\/pos.uel.br\/direito-negocial\/wp-content\/uploads\/2024\/12\/WhatsApp-Image-2024-12-02-at-16.46.31-1152x1536.jpeg 1152w, https:\/\/pos.uel.br\/direito-negocial\/wp-content\/uploads\/2024\/12\/WhatsApp-Image-2024-12-02-at-16.46.31.jpeg 1200w\" sizes=\"auto, (max-width: 768px) 100vw, 768px\" \/><\/figure>\n\n\n\n<figure class=\"wp-block-image size-large\"><img loading=\"lazy\" decoding=\"async\" width=\"768\" height=\"1024\" data-id=\"1027\" src=\"https:\/\/pos.uel.br\/direito-negocial\/wp-content\/uploads\/2024\/12\/WhatsApp-Image-2024-12-02-at-16.46.27-768x1024.jpeg\" alt=\"\" class=\"wp-image-1027\" srcset=\"https:\/\/pos.uel.br\/direito-negocial\/wp-content\/uploads\/2024\/12\/WhatsApp-Image-2024-12-02-at-16.46.27-768x1024.jpeg 768w, https:\/\/pos.uel.br\/direito-negocial\/wp-content\/uploads\/2024\/12\/WhatsApp-Image-2024-12-02-at-16.46.27-225x300.jpeg 225w, https:\/\/pos.uel.br\/direito-negocial\/wp-content\/uploads\/2024\/12\/WhatsApp-Image-2024-12-02-at-16.46.27-1152x1536.jpeg 1152w, https:\/\/pos.uel.br\/direito-negocial\/wp-content\/uploads\/2024\/12\/WhatsApp-Image-2024-12-02-at-16.46.27.jpeg 1200w\" sizes=\"auto, (max-width: 768px) 100vw, 768px\" \/><figcaption class=\"wp-element-caption\">Na foto, a professora Rita Tarifa ao lado da professora Fernanda Schaeffer<\/figcaption><\/figure>\n<\/figure>\n\n\n\n<p><\/p>\n\n\n\n<p class=\"has-text-align-right\">05 de dezembro de 2024<\/p>\n\n\n\n<p class=\"has-text-align-right\">Fonte: Comunica\u00e7\u00e3o PPGDN-UEL<\/p>\n\n\n\n<hr class=\"wp-block-separator has-alpha-channel-opacity\" \/>\n\n\n\n<h2 class=\"wp-block-heading\">PPGDN UEL PARTICIPA DO XXXI CONGRESSO NACIONAL DO CONPEDI EM BRAS\u00cdLIA<\/h2>\n\n\n\n<p>Entre os dias <strong>27 e 29 de novembro de 2024<\/strong>, o <strong>XXXI Congresso Nacional do CONPEDI (Conselho Nacional de Pesquisa e P\u00f3s-Gradua\u00e7\u00e3o em Direito)<\/strong> reuniu pesquisadores de todo o pa\u00eds em Bras\u00edlia-DF, com o tema central <strong>\u201cDireito: Um Olhar a Partir da Inova\u00e7\u00e3o e das Novas Tecnologias\u201d<\/strong>.<\/p>\n\n\n\n<p>O <strong>Programa de P\u00f3s-Gradua\u00e7\u00e3o em Direito Negocial da Universidade Estadual de Londrina (PPGDNUEL)<\/strong> marcou presen\u00e7a no evento com a apresenta\u00e7\u00e3o de artigos cient\u00edficos por seus alunos de mestrado e doutorado: <strong>\u00c1lvaro Paix\u00e3o Costa<\/strong>, <strong>Augusto de Lima Camargo<\/strong>, <strong>Cristiane Camila Bonacin Garcia<\/strong>, <strong>Dorival Assi Junior<\/strong>, <strong>Guilherme Borges Cili\u00e3o<\/strong>, <strong>Gustavo Roberto Dias Tonia<\/strong>, <strong>Izabella Affonso Costa<\/strong>, <strong>Jo\u00e3o Gabriel Guimar\u00e3es de Almeida<\/strong>, <strong>J\u00falia Maria Feliciano<\/strong>, <strong>Mayara Ribeiro Simaro<\/strong>, <strong>Nathalia Godoy Rodrigues<\/strong>, <strong>Paulo Henrique Waltrick Barbosa<\/strong> e <strong>Renan de Quintal<\/strong>. Os alunos foram acompanhados pelos professores do programa, <strong>Prof. Dr. Clodomiro Jos\u00e9 Bannwart Junior<\/strong> e <strong>Prof. Dr. Luiz Fernando Bellinetti<\/strong>.<\/p>\n\n\n\n<h3 class=\"wp-block-heading\">F\u00f3rum de Coordenadores de PPGDs<\/h3>\n\n\n\n<p>O coordenador do programa, <strong>Prof. Dr. Clodomiro Jos\u00e9 Bannwart Junior<\/strong>, tamb\u00e9m participou do <strong>F\u00f3rum de Coordenadores(as) de PPGDs<\/strong>, espa\u00e7o destinado ao debate sobre as demandas e desafios da pesquisa jur\u00eddica no Brasil.<\/p>\n\n\n\n<h3 class=\"wp-block-heading\">Visita t\u00e9cnica ao TSE e STF<\/h3>\n\n\n\n<p>Al\u00e9m das atividades acad\u00eamicas, o grupo realizou uma <strong>visita t\u00e9cnica ao Tribunal Superior Eleitoral (TSE)<\/strong> e acompanhou uma <strong>sess\u00e3o de julgamento no Supremo Tribunal Federal (STF)<\/strong>. A pauta incluiu um tema de grande relev\u00e2ncia no cen\u00e1rio jur\u00eddico atual: a responsabilidade civil das plataformas digitais por conte\u00fados de terceiros e a possibilidade de remo\u00e7\u00e3o de conte\u00fados ofensivos ou que incitem \u00f3dio mediante notifica\u00e7\u00e3o extrajudicial, dispensando determina\u00e7\u00e3o judicial.<\/p>\n\n\n\n<p>A participa\u00e7\u00e3o no Congresso do CONPEDI e as experi\u00eancias proporcionadas refor\u00e7am o compromisso do PPGDNUEL com a pesquisa de qualidade, a forma\u00e7\u00e3o acad\u00eamica e a inser\u00e7\u00e3o nos debates jur\u00eddicos contempor\u00e2neos.<\/p>\n\n\n\n<figure class=\"wp-block-gallery has-nested-images columns-default is-cropped wp-block-gallery-8 is-layout-flex wp-block-gallery-is-layout-flex\">\n<figure class=\"wp-block-image size-large\"><img loading=\"lazy\" decoding=\"async\" width=\"768\" height=\"1024\" data-id=\"1012\" src=\"https:\/\/pos.uel.br\/direito-negocial\/wp-content\/uploads\/2024\/12\/Imagem-do-WhatsApp-de-2024-12-02-as-11.07.32_30818c37-768x1024.jpg\" alt=\"\" class=\"wp-image-1012\" srcset=\"https:\/\/pos.uel.br\/direito-negocial\/wp-content\/uploads\/2024\/12\/Imagem-do-WhatsApp-de-2024-12-02-as-11.07.32_30818c37-768x1024.jpg 768w, https:\/\/pos.uel.br\/direito-negocial\/wp-content\/uploads\/2024\/12\/Imagem-do-WhatsApp-de-2024-12-02-as-11.07.32_30818c37-225x300.jpg 225w, https:\/\/pos.uel.br\/direito-negocial\/wp-content\/uploads\/2024\/12\/Imagem-do-WhatsApp-de-2024-12-02-as-11.07.32_30818c37-1152x1536.jpg 1152w, https:\/\/pos.uel.br\/direito-negocial\/wp-content\/uploads\/2024\/12\/Imagem-do-WhatsApp-de-2024-12-02-as-11.07.32_30818c37.jpg 1200w\" sizes=\"auto, (max-width: 768px) 100vw, 768px\" \/><\/figure>\n\n\n\n<figure class=\"wp-block-image size-large\"><img loading=\"lazy\" decoding=\"async\" width=\"1024\" height=\"768\" data-id=\"1021\" src=\"https:\/\/pos.uel.br\/direito-negocial\/wp-content\/uploads\/2024\/12\/Imagem-do-WhatsApp-de-2024-12-02-as-11.07.33_083100c1-1024x768.jpg\" alt=\"\" class=\"wp-image-1021\" srcset=\"https:\/\/pos.uel.br\/direito-negocial\/wp-content\/uploads\/2024\/12\/Imagem-do-WhatsApp-de-2024-12-02-as-11.07.33_083100c1-1024x768.jpg 1024w, https:\/\/pos.uel.br\/direito-negocial\/wp-content\/uploads\/2024\/12\/Imagem-do-WhatsApp-de-2024-12-02-as-11.07.33_083100c1-300x225.jpg 300w, https:\/\/pos.uel.br\/direito-negocial\/wp-content\/uploads\/2024\/12\/Imagem-do-WhatsApp-de-2024-12-02-as-11.07.33_083100c1-768x576.jpg 768w, https:\/\/pos.uel.br\/direito-negocial\/wp-content\/uploads\/2024\/12\/Imagem-do-WhatsApp-de-2024-12-02-as-11.07.33_083100c1.jpg 1280w\" sizes=\"auto, (max-width: 1024px) 100vw, 1024px\" \/><\/figure>\n\n\n\n<figure class=\"wp-block-image size-large\"><img loading=\"lazy\" decoding=\"async\" width=\"1024\" height=\"768\" data-id=\"1019\" src=\"https:\/\/pos.uel.br\/direito-negocial\/wp-content\/uploads\/2024\/12\/Imagem-do-WhatsApp-de-2024-12-02-as-11.07.33_47334b24-1024x768.jpg\" alt=\"\" class=\"wp-image-1019\" srcset=\"https:\/\/pos.uel.br\/direito-negocial\/wp-content\/uploads\/2024\/12\/Imagem-do-WhatsApp-de-2024-12-02-as-11.07.33_47334b24-1024x768.jpg 1024w, https:\/\/pos.uel.br\/direito-negocial\/wp-content\/uploads\/2024\/12\/Imagem-do-WhatsApp-de-2024-12-02-as-11.07.33_47334b24-300x225.jpg 300w, https:\/\/pos.uel.br\/direito-negocial\/wp-content\/uploads\/2024\/12\/Imagem-do-WhatsApp-de-2024-12-02-as-11.07.33_47334b24-768x576.jpg 768w, https:\/\/pos.uel.br\/direito-negocial\/wp-content\/uploads\/2024\/12\/Imagem-do-WhatsApp-de-2024-12-02-as-11.07.33_47334b24.jpg 1280w\" sizes=\"auto, (max-width: 1024px) 100vw, 1024px\" \/><\/figure>\n\n\n\n<figure class=\"wp-block-image size-large\"><img loading=\"lazy\" decoding=\"async\" width=\"768\" height=\"1024\" data-id=\"1016\" src=\"https:\/\/pos.uel.br\/direito-negocial\/wp-content\/uploads\/2024\/12\/Imagem-do-WhatsApp-de-2024-12-02-as-11.07.32_73813018-768x1024.jpg\" alt=\"\" class=\"wp-image-1016\" srcset=\"https:\/\/pos.uel.br\/direito-negocial\/wp-content\/uploads\/2024\/12\/Imagem-do-WhatsApp-de-2024-12-02-as-11.07.32_73813018-768x1024.jpg 768w, https:\/\/pos.uel.br\/direito-negocial\/wp-content\/uploads\/2024\/12\/Imagem-do-WhatsApp-de-2024-12-02-as-11.07.32_73813018-225x300.jpg 225w, https:\/\/pos.uel.br\/direito-negocial\/wp-content\/uploads\/2024\/12\/Imagem-do-WhatsApp-de-2024-12-02-as-11.07.32_73813018.jpg 960w\" sizes=\"auto, (max-width: 768px) 100vw, 768px\" \/><\/figure>\n\n\n\n<figure class=\"wp-block-image size-large\"><img loading=\"lazy\" decoding=\"async\" width=\"459\" height=\"1024\" data-id=\"1015\" src=\"https:\/\/pos.uel.br\/direito-negocial\/wp-content\/uploads\/2024\/12\/WhatsApp-Image-2024-12-02-at-09.18.41-2-459x1024.jpeg\" alt=\"\" class=\"wp-image-1015\" srcset=\"https:\/\/pos.uel.br\/direito-negocial\/wp-content\/uploads\/2024\/12\/WhatsApp-Image-2024-12-02-at-09.18.41-2-459x1024.jpeg 459w, https:\/\/pos.uel.br\/direito-negocial\/wp-content\/uploads\/2024\/12\/WhatsApp-Image-2024-12-02-at-09.18.41-2-135x300.jpeg 135w, https:\/\/pos.uel.br\/direito-negocial\/wp-content\/uploads\/2024\/12\/WhatsApp-Image-2024-12-02-at-09.18.41-2.jpeg 574w\" sizes=\"auto, (max-width: 459px) 100vw, 459px\" \/><\/figure>\n\n\n\n<figure class=\"wp-block-image size-large\"><img loading=\"lazy\" decoding=\"async\" width=\"1024\" height=\"768\" data-id=\"1018\" src=\"https:\/\/pos.uel.br\/direito-negocial\/wp-content\/uploads\/2024\/12\/WhatsApp-Image-2024-12-02-at-09.18.56-1024x768.jpeg\" alt=\"\" class=\"wp-image-1018\" srcset=\"https:\/\/pos.uel.br\/direito-negocial\/wp-content\/uploads\/2024\/12\/WhatsApp-Image-2024-12-02-at-09.18.56-1024x768.jpeg 1024w, https:\/\/pos.uel.br\/direito-negocial\/wp-content\/uploads\/2024\/12\/WhatsApp-Image-2024-12-02-at-09.18.56-300x225.jpeg 300w, https:\/\/pos.uel.br\/direito-negocial\/wp-content\/uploads\/2024\/12\/WhatsApp-Image-2024-12-02-at-09.18.56-768x576.jpeg 768w, https:\/\/pos.uel.br\/direito-negocial\/wp-content\/uploads\/2024\/12\/WhatsApp-Image-2024-12-02-at-09.18.56-1536x1152.jpeg 1536w, https:\/\/pos.uel.br\/direito-negocial\/wp-content\/uploads\/2024\/12\/WhatsApp-Image-2024-12-02-at-09.18.56.jpeg 1600w\" sizes=\"auto, (max-width: 1024px) 100vw, 1024px\" \/><\/figure>\n\n\n\n<figure class=\"wp-block-image size-large\"><img loading=\"lazy\" decoding=\"async\" width=\"459\" height=\"1024\" data-id=\"1013\" src=\"https:\/\/pos.uel.br\/direito-negocial\/wp-content\/uploads\/2024\/12\/WhatsApp-Image-2024-12-02-at-09.18.40-459x1024.jpeg\" alt=\"\" class=\"wp-image-1013\" srcset=\"https:\/\/pos.uel.br\/direito-negocial\/wp-content\/uploads\/2024\/12\/WhatsApp-Image-2024-12-02-at-09.18.40-459x1024.jpeg 459w, https:\/\/pos.uel.br\/direito-negocial\/wp-content\/uploads\/2024\/12\/WhatsApp-Image-2024-12-02-at-09.18.40-135x300.jpeg 135w, https:\/\/pos.uel.br\/direito-negocial\/wp-content\/uploads\/2024\/12\/WhatsApp-Image-2024-12-02-at-09.18.40.jpeg 574w\" sizes=\"auto, (max-width: 459px) 100vw, 459px\" \/><\/figure>\n\n\n\n<figure class=\"wp-block-image size-large\"><img loading=\"lazy\" decoding=\"async\" width=\"768\" height=\"1024\" data-id=\"1014\" src=\"https:\/\/pos.uel.br\/direito-negocial\/wp-content\/uploads\/2024\/12\/WhatsApp-Image-2024-12-02-at-09.19.07-1-768x1024.jpeg\" alt=\"\" class=\"wp-image-1014\" srcset=\"https:\/\/pos.uel.br\/direito-negocial\/wp-content\/uploads\/2024\/12\/WhatsApp-Image-2024-12-02-at-09.19.07-1-768x1024.jpeg 768w, https:\/\/pos.uel.br\/direito-negocial\/wp-content\/uploads\/2024\/12\/WhatsApp-Image-2024-12-02-at-09.19.07-1-225x300.jpeg 225w, https:\/\/pos.uel.br\/direito-negocial\/wp-content\/uploads\/2024\/12\/WhatsApp-Image-2024-12-02-at-09.19.07-1-1152x1536.jpeg 1152w, https:\/\/pos.uel.br\/direito-negocial\/wp-content\/uploads\/2024\/12\/WhatsApp-Image-2024-12-02-at-09.19.07-1.jpeg 1200w\" sizes=\"auto, (max-width: 768px) 100vw, 768px\" \/><\/figure>\n\n\n\n<figure class=\"wp-block-image size-large\"><img loading=\"lazy\" decoding=\"async\" width=\"1024\" height=\"682\" data-id=\"1017\" src=\"https:\/\/pos.uel.br\/direito-negocial\/wp-content\/uploads\/2024\/12\/WhatsApp-Image-2024-12-02-at-10.11.11-1024x682.jpeg\" alt=\"\" class=\"wp-image-1017\" srcset=\"https:\/\/pos.uel.br\/direito-negocial\/wp-content\/uploads\/2024\/12\/WhatsApp-Image-2024-12-02-at-10.11.11-1024x682.jpeg 1024w, https:\/\/pos.uel.br\/direito-negocial\/wp-content\/uploads\/2024\/12\/WhatsApp-Image-2024-12-02-at-10.11.11-300x200.jpeg 300w, https:\/\/pos.uel.br\/direito-negocial\/wp-content\/uploads\/2024\/12\/WhatsApp-Image-2024-12-02-at-10.11.11-768x512.jpeg 768w, https:\/\/pos.uel.br\/direito-negocial\/wp-content\/uploads\/2024\/12\/WhatsApp-Image-2024-12-02-at-10.11.11-1536x1023.jpeg 1536w, https:\/\/pos.uel.br\/direito-negocial\/wp-content\/uploads\/2024\/12\/WhatsApp-Image-2024-12-02-at-10.11.11.jpeg 1600w\" sizes=\"auto, (max-width: 1024px) 100vw, 1024px\" \/><\/figure>\n\n\n\n<figure class=\"wp-block-image size-large\"><img loading=\"lazy\" decoding=\"async\" width=\"768\" height=\"1024\" data-id=\"1020\" src=\"https:\/\/pos.uel.br\/direito-negocial\/wp-content\/uploads\/2024\/12\/WhatsApp-Image-2024-12-02-at-10.11.44-768x1024.jpeg\" alt=\"\" class=\"wp-image-1020\" srcset=\"https:\/\/pos.uel.br\/direito-negocial\/wp-content\/uploads\/2024\/12\/WhatsApp-Image-2024-12-02-at-10.11.44-768x1024.jpeg 768w, https:\/\/pos.uel.br\/direito-negocial\/wp-content\/uploads\/2024\/12\/WhatsApp-Image-2024-12-02-at-10.11.44-225x300.jpeg 225w, https:\/\/pos.uel.br\/direito-negocial\/wp-content\/uploads\/2024\/12\/WhatsApp-Image-2024-12-02-at-10.11.44.jpeg 960w\" sizes=\"auto, (max-width: 768px) 100vw, 768px\" \/><\/figure>\n<\/figure>\n\n\n\n<p class=\"has-text-align-right\">29 de novembro de 2024.<\/p>\n\n\n\n<p class=\"has-text-align-right\">Fonte: Comunica\u00e7\u00e3o PPGDN-UEL<\/p>\n\n\n\n<h2 class=\"wp-block-heading\">PROGRAMA DE P\u00d3S-GRADUA\u00c7\u00c3O EM DIREITO NEGOCIAL LAMENTA O FALECIMENTO DO EGRESSO HUGO CRIVILIM AGUDO<\/h2>\n\n\n\n<figure class=\"wp-block-gallery has-nested-images columns-default is-cropped wp-block-gallery-9 is-layout-flex wp-block-gallery-is-layout-flex\">\n<figure class=\"wp-block-image size-large\"><img loading=\"lazy\" decoding=\"async\" width=\"828\" height=\"799\" data-id=\"1010\" src=\"https:\/\/pos.uel.br\/direito-negocial\/wp-content\/uploads\/2024\/12\/Imagem-do-WhatsApp-de-2024-12-02-as-10.55.32_31735622.jpg\" alt=\"\" class=\"wp-image-1010\" srcset=\"https:\/\/pos.uel.br\/direito-negocial\/wp-content\/uploads\/2024\/12\/Imagem-do-WhatsApp-de-2024-12-02-as-10.55.32_31735622.jpg 828w, https:\/\/pos.uel.br\/direito-negocial\/wp-content\/uploads\/2024\/12\/Imagem-do-WhatsApp-de-2024-12-02-as-10.55.32_31735622-300x289.jpg 300w, https:\/\/pos.uel.br\/direito-negocial\/wp-content\/uploads\/2024\/12\/Imagem-do-WhatsApp-de-2024-12-02-as-10.55.32_31735622-768x741.jpg 768w\" sizes=\"auto, (max-width: 828px) 100vw, 828px\" \/><\/figure>\n<\/figure>\n\n\n\n<p>\u00c9 com imenso pesar que o <strong>Programa de P\u00f3s-Gradua\u00e7\u00e3o em Direito Negocial da Universidade Estadual de Londrina (UEL)<\/strong> comunica o falecimento de seu egresso, o jovem advogado <strong>Hugo Crivilim Agudo<\/strong>, ocorrido neste domingo.<\/p>\n\n\n\n<p>Hugo deixa um legado de gentileza, generosidade, dedica\u00e7\u00e3o, intelig\u00eancia e um sorriso que iluminava os momentos compartilhados. Sua aus\u00eancia f\u00edsica traz dor e saudade, mas \u00e9 na f\u00e9 que encontramos for\u00e7as para enfrentar a dist\u00e2ncia e guardar na mem\u00f3ria os momentos de conviv\u00eancia e aprendizado.<\/p>\n\n\n\n<p>Como lembrou Santo Agostinho, \u201ca medida do amor \u00e9 amar sem medida\u201d, e, embora a separa\u00e7\u00e3o seja dif\u00edcil, seguimos fortalecidos pela certeza de que o amor transcende a exist\u00eancia terrena.<\/p>\n\n\n\n<p>Inspirados pela passagem de Mateus 14:22, onde Jesus convida os disc\u00edpulos a atravessarem para a outra margem, recordamos que a vida \u00e9 uma travessia. Apesar das tempestades e das noites escuras, \u00e9 a f\u00e9 que nos guia na busca pela luz que se acende na eternidade, onde Cristo prometeu que haveria vida em abund\u00e2ncia (Jo\u00e3o 10:10).<\/p>\n\n\n\n<p>Que um dia fa\u00e7a sentido a can\u00e7\u00e3o de Padre Zezinho: <em>\u201cH\u00e1 um barco esquecido na praia e j\u00e1 n\u00e3o leva ningu\u00e9m a pescar; e de repente aparece Jesus e pouco a pouco se acende uma luz\u201d<\/em>.<\/p>\n\n\n\n<p>O PPGDNUEL presta suas condol\u00eancias e se solidariza com os familiares e amigos de Hugo, desejando que encontrem consolo e conforto neste momento de dor.<\/p>\n\n\n\n<p>Hugo ser\u00e1 eternamente lembrado por todos que tiveram o privil\u00e9gio de conhec\u00ea-lo. \ud83d\udda4<\/p>\n\n\n\n<p class=\"has-text-align-right\">24 de novembro de 2024.<\/p>\n\n\n\n<p class=\"has-text-align-right\">Fonte: Comunica\u00e7\u00e3o PPGDN-UEL<\/p>\n\n\n\n<h2 class=\"wp-block-heading\">PPGDN -UEL MARCA PRESEN\u00c7A NO I CONGRESSO CIENT\u00cdFICO DO IBDFAM<\/h2>\n\n\n\n<p><\/p>\n\n\n\n<p>Nos dias <strong>21 e 22 de novembro de 2024<\/strong>, a Faculdade de Direito da Universidade de S\u00e3o Paulo (USP) sediou o <strong>I Congresso Cient\u00edfico da Comiss\u00e3o de Pesquisa do Instituto Brasileiro de Direito de Fam\u00edlia (IBDFAM)<\/strong>, com o tema <strong>\u201cFam\u00edlia como Direito Fundamental\u201d<\/strong>. O evento contou com a participa\u00e7\u00e3o de professores e estudantes do Programa de P\u00f3s-Gradua\u00e7\u00e3o em Direito Negocial da Universidade Estadual de Londrina (UEL).<\/p>\n\n\n\n<p>Entre os participantes, destacou-se a professora <strong>Daniela Braga Paiano<\/strong>, do Departamento de Direito Privado da UEL, acompanhada pelos estudantes <strong>Arthur Lustosa Strozzi<\/strong>, <strong>Isabela Nabas Schiavon<\/strong> e <strong>Josiane Aparecida Caxa<\/strong>, membros da Comiss\u00e3o de Pesquisa do IBDFAM.<\/p>\n\n\n\n<h3 class=\"wp-block-heading\">Lan\u00e7amento de obra coletiva<\/h3>\n\n\n\n<p>Como parte da programa\u00e7\u00e3o, foi lan\u00e7ado o livro <strong>\u201cDireito de Fam\u00edlia e das Sucess\u00f5es: interface com os Direitos Fundamentais\u201d<\/strong>, fruto de uma parceria entre a Comiss\u00e3o de Pesquisa do IBDFAM e o grupo de pesquisa Direito Civil na Sociedade em Rede da USP, do qual a professora Daniela \u00e9 integrante.<\/p>\n\n\n\n<p>O livro re\u00fane temas relevantes, como autoinsemina\u00e7\u00e3o, afeto e desafeto, bens e heran\u00e7a digital, poliamor e rompimento familiar. A professora Daniela contribuiu com o cap\u00edtulo <strong>\u201cA autoinsemina\u00e7\u00e3o como forma de planejamento familiar fundada no princ\u00edpio da dignidade da pessoa humana\u201d<\/strong>.<\/p>\n\n\n\n<h3 class=\"wp-block-heading\">Apresenta\u00e7\u00f5es de trabalhos acad\u00eamicos<\/h3>\n\n\n\n<p>O congresso tamb\u00e9m foi palco para a apresenta\u00e7\u00e3o de trabalhos acad\u00eamicos de alunos da UEL. Destaque para o doutorando <strong>Arthur Lustosa Strozzi<\/strong>, que, ao lado das graduandas <strong>J\u00falia Callipo<\/strong> e <strong>Roberta Col\u00e1cio<\/strong>, apresentou a pesquisa <strong>\u201cMovimento Desconecta: a mobiliza\u00e7\u00e3o da entidade familiar para a prote\u00e7\u00e3o dos direitos da crian\u00e7a e do adolescente na era digital\u201d<\/strong> no Grupo de Trabalho (GT) <strong>\u201cDireito Humano Fundamental e vulnerabilidade na fam\u00edlia\u201d<\/strong>.<\/p>\n\n\n\n<p>Outro trabalho relevante foi <strong>\u201cAcolhimento de crian\u00e7as e adolescentes em situa\u00e7\u00e3o de vulnerabilidade: desafios jur\u00eddicos e sociais\u201d<\/strong>, das graduandas <strong>J\u00falia de Oliveira Motta Matsubara<\/strong> e <strong>Mariana Moyses Caetano<\/strong>, com orienta\u00e7\u00e3o da professora Daniela.<\/p>\n\n\n\n<p>No mesmo GT, a pesquisa <strong>\u201cA vulnerabilidade da fam\u00edlia no contexto dos neg\u00f3cios biojur\u00eddicos e a responsabilidade das cl\u00ednicas de reprodu\u00e7\u00e3o humana assistida no Brasil\u201d<\/strong>, apresentada por <strong>Camila Garcia de Souza<\/strong> e orientada pela professora <strong>Rita de C\u00e1ssia Resquetti Tarifa Espolador<\/strong>, foi escolhida como o <strong>melhor trabalho do evento<\/strong>.<\/p>\n\n\n\n<p>Outros destaques inclu\u00edram:<\/p>\n\n\n\n<ul class=\"wp-block-list\">\n \t<li style=\"list-style-type: none\">\n<ul class=\"wp-block-list\">\n\n<li><strong>GT: Direito Humano Fundamental e rela\u00e7\u00f5es familiares patrimoniais<\/strong>\n\n<ul class=\"wp-block-list\">\n \t<li style=\"list-style-type: none\">\n<ul class=\"wp-block-list\">\n\n<li><em>\u201cSepara\u00e7\u00e3o obrigat\u00f3ria de bens para maiores de 70 anos\u201d<\/em>, de <strong>Matheus Vendrame Monti<\/strong>, <strong>Rafaela Pacheco Torrezan<\/strong> e <strong>Arthur Lustosa Strozzi<\/strong>.<\/li>\n<\/ul>\n<\/li>\n<\/ul>\n\n\n<ul class=\"wp-block-list\">\n \t<li style=\"list-style-type: none\">\n<ul class=\"wp-block-list\">\n \t<li><em>\u201cDa multiparentalidade, sua extrajudicializa\u00e7\u00e3o e a proposta de altera\u00e7\u00e3o do c\u00f3digo civil\u201d<\/em>, de <strong>Marcelle Chicarelli da Costa<\/strong>, <strong>Gustavo Roberto Dias Tonia<\/strong> e professora <strong>Daniela Braga Paiano<\/strong>.<\/li>\n<\/ul>\n<\/li>\n<\/ul>\n\n\n<\/li>\n<\/ul>\n<\/li>\n<\/ul>\n\n\n<ul class=\"wp-block-list\">\n \t<li style=\"list-style-type: none\">\n<ul class=\"wp-block-list\">\n \t<li><strong>GT: Direito Humano Fundamental e rela\u00e7\u00f5es familiares existenciais<\/strong>\n\n<ul class=\"wp-block-list\">\n \t<li style=\"list-style-type: none\">\n<ul class=\"wp-block-list\">\n\n<li><em>\u201cO direito fundamental de autodetermina\u00e7\u00e3o familiar e a coparentalidade\u201d<\/em>, do egresso do mestrado <strong>Guilherme Augusto Girotto<\/strong>.<\/li>\n<\/ul>\n<\/li>\n<\/ul>\n\n\n<\/li>\n<\/ul>\n<\/li>\n<\/ul>\n\n\n\n\n<p>A participa\u00e7\u00e3o da UEL no evento evidencia a qualidade da pesquisa desenvolvida na institui\u00e7\u00e3o, reafirmando o compromisso do PPGDNUEL com a produ\u00e7\u00e3o cient\u00edfica e o avan\u00e7o do Direito de Fam\u00edlia no Brasil.<\/p>\n\n\n\n<figure class=\"wp-block-gallery has-nested-images columns-default is-cropped wp-block-gallery-10 is-layout-flex wp-block-gallery-is-layout-flex\">\n<figure class=\"wp-block-image size-large\"><img loading=\"lazy\" decoding=\"async\" width=\"609\" height=\"868\" data-id=\"1005\" src=\"https:\/\/pos.uel.br\/direito-negocial\/wp-content\/uploads\/2024\/12\/Imagem-do-WhatsApp-de-2024-12-02-as-10.47.00_0fbc2bd8.jpg\" alt=\"\" class=\"wp-image-1005\" srcset=\"https:\/\/pos.uel.br\/direito-negocial\/wp-content\/uploads\/2024\/12\/Imagem-do-WhatsApp-de-2024-12-02-as-10.47.00_0fbc2bd8.jpg 609w, https:\/\/pos.uel.br\/direito-negocial\/wp-content\/uploads\/2024\/12\/Imagem-do-WhatsApp-de-2024-12-02-as-10.47.00_0fbc2bd8-210x300.jpg 210w\" sizes=\"auto, (max-width: 609px) 100vw, 609px\" \/><\/figure>\n\n\n\n\n\n<figure class=\"wp-block-image size-large\"><img loading=\"lazy\" decoding=\"async\" width=\"568\" height=\"691\" data-id=\"1006\" src=\"https:\/\/pos.uel.br\/direito-negocial\/wp-content\/uploads\/2024\/12\/Imagem-do-WhatsApp-de-2024-12-02-as-10.46.58_a7617a28.jpg\" alt=\"\" class=\"wp-image-1006\" srcset=\"https:\/\/pos.uel.br\/direito-negocial\/wp-content\/uploads\/2024\/12\/Imagem-do-WhatsApp-de-2024-12-02-as-10.46.58_a7617a28.jpg 568w, https:\/\/pos.uel.br\/direito-negocial\/wp-content\/uploads\/2024\/12\/Imagem-do-WhatsApp-de-2024-12-02-as-10.46.58_a7617a28-247x300.jpg 247w\" sizes=\"auto, (max-width: 568px) 100vw, 568px\" \/><\/figure>\n\n\n\n<figure class=\"wp-block-image size-large\"><img loading=\"lazy\" decoding=\"async\" width=\"586\" height=\"861\" data-id=\"1007\" src=\"https:\/\/pos.uel.br\/direito-negocial\/wp-content\/uploads\/2024\/12\/Imagem-do-WhatsApp-de-2024-12-02-as-10.46.59_1c5a3343.jpg\" alt=\"\" class=\"wp-image-1007\" srcset=\"https:\/\/pos.uel.br\/direito-negocial\/wp-content\/uploads\/2024\/12\/Imagem-do-WhatsApp-de-2024-12-02-as-10.46.59_1c5a3343.jpg 586w, https:\/\/pos.uel.br\/direito-negocial\/wp-content\/uploads\/2024\/12\/Imagem-do-WhatsApp-de-2024-12-02-as-10.46.59_1c5a3343-204x300.jpg 204w\" sizes=\"auto, (max-width: 586px) 100vw, 586px\" \/><\/figure>\n\n\n\n<figure class=\"wp-block-image size-large\"><img loading=\"lazy\" decoding=\"async\" width=\"607\" height=\"752\" data-id=\"1008\" src=\"https:\/\/pos.uel.br\/direito-negocial\/wp-content\/uploads\/2024\/12\/Imagem-do-WhatsApp-de-2024-12-02-as-10.46.59_90db4876.jpg\" alt=\"\" class=\"wp-image-1008\" srcset=\"https:\/\/pos.uel.br\/direito-negocial\/wp-content\/uploads\/2024\/12\/Imagem-do-WhatsApp-de-2024-12-02-as-10.46.59_90db4876.jpg 607w, https:\/\/pos.uel.br\/direito-negocial\/wp-content\/uploads\/2024\/12\/Imagem-do-WhatsApp-de-2024-12-02-as-10.46.59_90db4876-242x300.jpg 242w\" sizes=\"auto, (max-width: 607px) 100vw, 607px\" \/><\/figure>\n<\/figure>\n\n\n\n<p class=\"has-text-align-right\">22 de novembro de 2024.<\/p>\n\n\n\n<p class=\"has-text-align-right\">Fonte: Comunica\u00e7\u00e3o PPGDN-UEL<\/p>\n\n\n\n<h2 class=\"wp-block-heading has-text-align-left\">PROGRAMA DE P\u00d3S-GRADUA\u00c7\u00c3O EM DIREITO NEGOCIAL DA UEL RECEBEU O PROFESSOR DR. ANTON LOIS FERNANDES ALVAREZ PARA AULA MAGNA SOBRE ESTADO CONTEMPOR\u00c2NEO<\/h2>\n\n\n\n<p>No dia 21 de novembro de 2024, o Programa de P\u00f3s-Gradua\u00e7\u00e3o em Direito Negocial da Universidade Estadual de Londrina (PPGDNUEL) teve a honra de receber o renomado Prof. Dr. Anton Lois Fernandes Alvarez, da Universidad de Vigo, Espanha \ud83c\uddea\ud83c\uddf8. O acad\u00eamico ministrou uma inspiradora aula magna com o tema <strong>\u201cPerspectivas do Estado Contempor\u00e2neo\u201d<\/strong>, abordando quest\u00f5es relevantes e atuais para o Direito e a sociedade.<\/p>\n\n\n\n<p>O evento contou com a participa\u00e7\u00e3o ativa de debatedores convidados e de um p\u00fablico engajado, composto por professores, pesquisadores e alunos do programa. A presen\u00e7a do professor espanhol refor\u00e7a os la\u00e7os entre o PPGDNUEL e a Universidad de Vigo, parceiros em um conv\u00eanio que promove a mobilidade acad\u00eamica e a troca de conhecimentos entre as duas institui\u00e7\u00f5es.<\/p>\n\n\n\n<p>&#8220;Estamos muito felizes com essa oportunidade de internacionaliza\u00e7\u00e3o. Esse evento demonstra a for\u00e7a do nosso programa na constru\u00e7\u00e3o de pontes acad\u00eamicas que ultrapassam fronteiras!&#8221;, celebrou a coordena\u00e7\u00e3o do PPGDNUEL.<\/p>\n\n\n\n<p>O encontro marcou mais um passo importante no fortalecimento da parceria internacional, reafirmando o compromisso do PPGDNUEL com a excel\u00eancia acad\u00eamica e a inser\u00e7\u00e3o global.<\/p>\n\n\n\n<figure class=\"wp-block-gallery has-nested-images columns-default is-cropped wp-block-gallery-11 is-layout-flex wp-block-gallery-is-layout-flex\">\n<figure class=\"wp-block-image size-large\"><img loading=\"lazy\" decoding=\"async\" width=\"796\" height=\"792\" data-id=\"1001\" src=\"https:\/\/pos.uel.br\/direito-negocial\/wp-content\/uploads\/2024\/12\/Imagem-do-WhatsApp-de-2024-12-02-as-10.19.45_fc23d6a6-2.jpg\" alt=\"\" class=\"wp-image-1001\" srcset=\"https:\/\/pos.uel.br\/direito-negocial\/wp-content\/uploads\/2024\/12\/Imagem-do-WhatsApp-de-2024-12-02-as-10.19.45_fc23d6a6-2.jpg 796w, https:\/\/pos.uel.br\/direito-negocial\/wp-content\/uploads\/2024\/12\/Imagem-do-WhatsApp-de-2024-12-02-as-10.19.45_fc23d6a6-2-300x298.jpg 300w, https:\/\/pos.uel.br\/direito-negocial\/wp-content\/uploads\/2024\/12\/Imagem-do-WhatsApp-de-2024-12-02-as-10.19.45_fc23d6a6-2-150x150.jpg 150w, https:\/\/pos.uel.br\/direito-negocial\/wp-content\/uploads\/2024\/12\/Imagem-do-WhatsApp-de-2024-12-02-as-10.19.45_fc23d6a6-2-768x764.jpg 768w\" sizes=\"auto, (max-width: 796px) 100vw, 796px\" \/><\/figure>\n\n\n\n<figure class=\"wp-block-image size-large\"><img loading=\"lazy\" decoding=\"async\" width=\"828\" height=\"864\" data-id=\"1002\" src=\"https:\/\/pos.uel.br\/direito-negocial\/wp-content\/uploads\/2024\/12\/Imagem-do-WhatsApp-de-2024-12-02-as-10.19.45_6af00a35-2.jpg\" alt=\"\" class=\"wp-image-1002\" srcset=\"https:\/\/pos.uel.br\/direito-negocial\/wp-content\/uploads\/2024\/12\/Imagem-do-WhatsApp-de-2024-12-02-as-10.19.45_6af00a35-2.jpg 828w, https:\/\/pos.uel.br\/direito-negocial\/wp-content\/uploads\/2024\/12\/Imagem-do-WhatsApp-de-2024-12-02-as-10.19.45_6af00a35-2-288x300.jpg 288w, https:\/\/pos.uel.br\/direito-negocial\/wp-content\/uploads\/2024\/12\/Imagem-do-WhatsApp-de-2024-12-02-as-10.19.45_6af00a35-2-768x801.jpg 768w\" sizes=\"auto, (max-width: 828px) 100vw, 828px\" \/><\/figure>\n\n\n\n<figure class=\"wp-block-image size-large\"><img loading=\"lazy\" decoding=\"async\" width=\"740\" height=\"725\" data-id=\"1003\" src=\"https:\/\/pos.uel.br\/direito-negocial\/wp-content\/uploads\/2024\/12\/Imagem-do-WhatsApp-de-2024-12-02-as-10.19.43_b6bf84ea-2.jpg\" alt=\"\" class=\"wp-image-1003\" srcset=\"https:\/\/pos.uel.br\/direito-negocial\/wp-content\/uploads\/2024\/12\/Imagem-do-WhatsApp-de-2024-12-02-as-10.19.43_b6bf84ea-2.jpg 740w, https:\/\/pos.uel.br\/direito-negocial\/wp-content\/uploads\/2024\/12\/Imagem-do-WhatsApp-de-2024-12-02-as-10.19.43_b6bf84ea-2-300x294.jpg 300w\" sizes=\"auto, (max-width: 740px) 100vw, 740px\" \/><\/figure>\n<\/figure>\n\n\n\n<p class=\"has-text-align-right\">21 de novembro de 2024.<\/p>\n\n\n\n<p class=\"has-text-align-right\">Fonte: Comunica\u00e7\u00e3o PPGDN-UEL<\/p>\n\n\n\n<h2 class=\"wp-block-heading\">EVENTO DE 46 ANOS DO PROGRAMA DE P\u00d3S-GRADUA\u00c7\u00c3O EM DIREITO NEGOCIAL DA UEL &#8211; HOMENAGEM AO PROF. DR. JOS\u00c9 LAURINDO DE SOUZA<\/h2>\n\n\n\n<figure class=\"wp-block-gallery has-nested-images columns-default is-cropped wp-block-gallery-12 is-layout-flex wp-block-gallery-is-layout-flex\"><\/figure>\n\n\n\n<p>No dia 08 de novembro de 2024 aconteceu o evento de comemora\u00e7\u00e3o aos 46 anos do Programa de P\u00f3s-Gradua\u00e7\u00e3o em Direito Negocial. A mesa de abertura contou com a presen\u00e7a da Magn\u00edfica Reitora da Universidade Estadual de Londrina, Marta Regina Gimenez Favaro, a procuradora jur\u00eddica da UEL, Tania Lobo Muniz e os coordenadores dos Programas de P\u00f3s Gradua\u00e7\u00e3o em Direito, Clodomiro Jos\u00e9 Bannwart J\u00fanior (UEL) e Jos\u00e9 Laurindo de Souza (UNICURITIBA).<\/p>\n\n\n\n<p>O evento contou com as seguintes palestras:<\/p>\n\n\n\n<p><strong>Tabeli\u00e3o Daniel Driessen J\u00fanior<\/strong>: Conta Garantia Notarial: As similutes com Escrow Account<\/p>\n\n\n\n<p><strong>Prof. Dr. Elve Miguel Cenci<\/strong>: Liberdade de Express\u00e3o e Fake News<\/p>\n\n\n\n<p><strong>Prof. Dr. Clodomiro Jos\u00e9 Bannwart Junior<\/strong>: A democracia na modernidade perif\u00e9rica<\/p>\n\n\n\n<p><strong>Prof. Dr. Gustavo Swain Kfouri<\/strong>: A fun\u00e7\u00e3o da justi\u00e7a eleitoral e a Resolu\u00e7\u00e3o n\u00ba 936\/2024 &#8211; e TRE\/PR<\/p>\n\n\n\n<p><strong>Tabeli\u00e3o Jos\u00e9 Luiz Germano<\/strong>: Os institutos da adjudica\u00e7\u00e3o compuls\u00f3ria e do usucapi\u00e3o extrajudicial<\/p>\n\n\n\n<p><strong>Desembargador Prof. Dr. Jos\u00e9 Laurindo de Souza Netto<\/strong>: M\u00e9todos Consensuais de Solu\u00e7\u00e3o de Conflitos<\/p>\n\n\n\n<p>Ademais, estavam presentes as ilustres autoridades: MM. Juiz Mauro Henrique Veltrini Ticianelli, MM. Juiz Luiz Val\u00e9rio dos Santos e MM. Juiz Marcos Jos\u00e9 Vieira.<\/p>\n\n\n\n<p>Na oportunidade houve o lan\u00e7amento do livro &#8220;Direito e Raz\u00e3o Comunicativa&#8221;, fruto da disciplina Responsabilidade Social Empresarial e Neg\u00f3cios Jur\u00eddicos, ministrada pelo Prof. Dr. Clodomiro Jos\u00e9 Bannwart J\u00fanior no Mestrado em Direito Negocial, com a participa\u00e7\u00e3o de alunos.<\/p>\n\n\n\n<p class=\"has-text-align-right\">08 de novembro de 2024.<\/p>\n\n\n\n<p class=\"has-text-align-right\">Fonte: Comunica\u00e7\u00e3o PPGDN-UEL<\/p>\n\n\n\n<figure class=\"wp-block-gallery has-nested-images columns-default is-cropped wp-block-gallery-13 is-layout-flex wp-block-gallery-is-layout-flex\">\n<figure class=\"wp-block-image size-large\"><img loading=\"lazy\" decoding=\"async\" width=\"768\" height=\"1024\" data-id=\"979\" src=\"https:\/\/pos.uel.br\/direito-negocial\/wp-content\/uploads\/2024\/11\/WhatsApp-Image-2024-11-28-at-08.54.27-768x1024.jpeg\" alt=\"\" class=\"wp-image-979\" srcset=\"https:\/\/pos.uel.br\/direito-negocial\/wp-content\/uploads\/2024\/11\/WhatsApp-Image-2024-11-28-at-08.54.27-768x1024.jpeg 768w, https:\/\/pos.uel.br\/direito-negocial\/wp-content\/uploads\/2024\/11\/WhatsApp-Image-2024-11-28-at-08.54.27-225x300.jpeg 225w, https:\/\/pos.uel.br\/direito-negocial\/wp-content\/uploads\/2024\/11\/WhatsApp-Image-2024-11-28-at-08.54.27-1152x1536.jpeg 1152w, https:\/\/pos.uel.br\/direito-negocial\/wp-content\/uploads\/2024\/11\/WhatsApp-Image-2024-11-28-at-08.54.27-1536x2048.jpeg 1536w, https:\/\/pos.uel.br\/direito-negocial\/wp-content\/uploads\/2024\/11\/WhatsApp-Image-2024-11-28-at-08.54.27-scaled.jpeg 1920w\" sizes=\"auto, (max-width: 768px) 100vw, 768px\" \/><\/figure>\n\n\n\n<figure class=\"wp-block-image size-large\"><img loading=\"lazy\" decoding=\"async\" width=\"768\" height=\"1024\" data-id=\"981\" src=\"https:\/\/pos.uel.br\/direito-negocial\/wp-content\/uploads\/2024\/11\/WhatsApp-Image-2024-11-28-at-08.54.24-1-768x1024.jpeg\" alt=\"\" class=\"wp-image-981\" srcset=\"https:\/\/pos.uel.br\/direito-negocial\/wp-content\/uploads\/2024\/11\/WhatsApp-Image-2024-11-28-at-08.54.24-1-768x1024.jpeg 768w, https:\/\/pos.uel.br\/direito-negocial\/wp-content\/uploads\/2024\/11\/WhatsApp-Image-2024-11-28-at-08.54.24-1-225x300.jpeg 225w, https:\/\/pos.uel.br\/direito-negocial\/wp-content\/uploads\/2024\/11\/WhatsApp-Image-2024-11-28-at-08.54.24-1-1152x1536.jpeg 1152w, https:\/\/pos.uel.br\/direito-negocial\/wp-content\/uploads\/2024\/11\/WhatsApp-Image-2024-11-28-at-08.54.24-1-1536x2048.jpeg 1536w, https:\/\/pos.uel.br\/direito-negocial\/wp-content\/uploads\/2024\/11\/WhatsApp-Image-2024-11-28-at-08.54.24-1-scaled.jpeg 1920w\" sizes=\"auto, (max-width: 768px) 100vw, 768px\" \/><\/figure>\n\n\n\n<figure class=\"wp-block-image size-large\"><img loading=\"lazy\" decoding=\"async\" width=\"768\" height=\"1024\" data-id=\"980\" src=\"https:\/\/pos.uel.br\/direito-negocial\/wp-content\/uploads\/2024\/11\/WhatsApp-Image-2024-11-28-at-08.54.24-768x1024.jpeg\" alt=\"\" class=\"wp-image-980\" srcset=\"https:\/\/pos.uel.br\/direito-negocial\/wp-content\/uploads\/2024\/11\/WhatsApp-Image-2024-11-28-at-08.54.24-768x1024.jpeg 768w, https:\/\/pos.uel.br\/direito-negocial\/wp-content\/uploads\/2024\/11\/WhatsApp-Image-2024-11-28-at-08.54.24-225x300.jpeg 225w, https:\/\/pos.uel.br\/direito-negocial\/wp-content\/uploads\/2024\/11\/WhatsApp-Image-2024-11-28-at-08.54.24-1152x1536.jpeg 1152w, https:\/\/pos.uel.br\/direito-negocial\/wp-content\/uploads\/2024\/11\/WhatsApp-Image-2024-11-28-at-08.54.24-1536x2048.jpeg 1536w, https:\/\/pos.uel.br\/direito-negocial\/wp-content\/uploads\/2024\/11\/WhatsApp-Image-2024-11-28-at-08.54.24-scaled.jpeg 1920w\" sizes=\"auto, (max-width: 768px) 100vw, 768px\" \/><\/figure>\n\n\n\n<figure class=\"wp-block-image size-large\"><img loading=\"lazy\" decoding=\"async\" width=\"768\" height=\"1024\" data-id=\"978\" src=\"https:\/\/pos.uel.br\/direito-negocial\/wp-content\/uploads\/2024\/11\/WhatsApp-Image-2024-11-28-at-08.54.23-768x1024.jpeg\" alt=\"\" class=\"wp-image-978\" srcset=\"https:\/\/pos.uel.br\/direito-negocial\/wp-content\/uploads\/2024\/11\/WhatsApp-Image-2024-11-28-at-08.54.23-768x1024.jpeg 768w, https:\/\/pos.uel.br\/direito-negocial\/wp-content\/uploads\/2024\/11\/WhatsApp-Image-2024-11-28-at-08.54.23-225x300.jpeg 225w, https:\/\/pos.uel.br\/direito-negocial\/wp-content\/uploads\/2024\/11\/WhatsApp-Image-2024-11-28-at-08.54.23-1152x1536.jpeg 1152w, https:\/\/pos.uel.br\/direito-negocial\/wp-content\/uploads\/2024\/11\/WhatsApp-Image-2024-11-28-at-08.54.23-1536x2048.jpeg 1536w, https:\/\/pos.uel.br\/direito-negocial\/wp-content\/uploads\/2024\/11\/WhatsApp-Image-2024-11-28-at-08.54.23-scaled.jpeg 1920w\" sizes=\"auto, (max-width: 768px) 100vw, 768px\" \/><\/figure>\n\n\n\n<figure class=\"wp-block-image size-large\"><img loading=\"lazy\" decoding=\"async\" width=\"1024\" height=\"768\" data-id=\"982\" src=\"https:\/\/pos.uel.br\/direito-negocial\/wp-content\/uploads\/2024\/11\/WhatsApp-Image-2024-11-28-at-08.54.20-1024x768.jpeg\" alt=\"\" class=\"wp-image-982\" srcset=\"https:\/\/pos.uel.br\/direito-negocial\/wp-content\/uploads\/2024\/11\/WhatsApp-Image-2024-11-28-at-08.54.20-1024x768.jpeg 1024w, https:\/\/pos.uel.br\/direito-negocial\/wp-content\/uploads\/2024\/11\/WhatsApp-Image-2024-11-28-at-08.54.20-300x225.jpeg 300w, https:\/\/pos.uel.br\/direito-negocial\/wp-content\/uploads\/2024\/11\/WhatsApp-Image-2024-11-28-at-08.54.20-768x576.jpeg 768w, https:\/\/pos.uel.br\/direito-negocial\/wp-content\/uploads\/2024\/11\/WhatsApp-Image-2024-11-28-at-08.54.20-1536x1152.jpeg 1536w, https:\/\/pos.uel.br\/direito-negocial\/wp-content\/uploads\/2024\/11\/WhatsApp-Image-2024-11-28-at-08.54.20-2048x1536.jpeg 2048w\" sizes=\"auto, (max-width: 1024px) 100vw, 1024px\" \/><\/figure>\n\n\n\n<figure class=\"wp-block-image size-large\"><img loading=\"lazy\" decoding=\"async\" width=\"768\" height=\"1024\" data-id=\"985\" src=\"https:\/\/pos.uel.br\/direito-negocial\/wp-content\/uploads\/2024\/11\/WhatsApp-Image-2024-11-28-at-08.54.18-2-768x1024.jpeg\" alt=\"\" class=\"wp-image-985\" srcset=\"https:\/\/pos.uel.br\/direito-negocial\/wp-content\/uploads\/2024\/11\/WhatsApp-Image-2024-11-28-at-08.54.18-2-768x1024.jpeg 768w, https:\/\/pos.uel.br\/direito-negocial\/wp-content\/uploads\/2024\/11\/WhatsApp-Image-2024-11-28-at-08.54.18-2-225x300.jpeg 225w, https:\/\/pos.uel.br\/direito-negocial\/wp-content\/uploads\/2024\/11\/WhatsApp-Image-2024-11-28-at-08.54.18-2-1152x1536.jpeg 1152w, https:\/\/pos.uel.br\/direito-negocial\/wp-content\/uploads\/2024\/11\/WhatsApp-Image-2024-11-28-at-08.54.18-2-1536x2048.jpeg 1536w, https:\/\/pos.uel.br\/direito-negocial\/wp-content\/uploads\/2024\/11\/WhatsApp-Image-2024-11-28-at-08.54.18-2-scaled.jpeg 1920w\" sizes=\"auto, (max-width: 768px) 100vw, 768px\" \/><\/figure>\n\n\n\n<figure class=\"wp-block-image size-large\"><img loading=\"lazy\" decoding=\"async\" width=\"768\" height=\"1024\" data-id=\"986\" src=\"https:\/\/pos.uel.br\/direito-negocial\/wp-content\/uploads\/2024\/11\/WhatsApp-Image-2024-11-28-at-08.54.18-1-768x1024.jpeg\" alt=\"\" class=\"wp-image-986\" srcset=\"https:\/\/pos.uel.br\/direito-negocial\/wp-content\/uploads\/2024\/11\/WhatsApp-Image-2024-11-28-at-08.54.18-1-768x1024.jpeg 768w, https:\/\/pos.uel.br\/direito-negocial\/wp-content\/uploads\/2024\/11\/WhatsApp-Image-2024-11-28-at-08.54.18-1-225x300.jpeg 225w, https:\/\/pos.uel.br\/direito-negocial\/wp-content\/uploads\/2024\/11\/WhatsApp-Image-2024-11-28-at-08.54.18-1-1152x1536.jpeg 1152w, https:\/\/pos.uel.br\/direito-negocial\/wp-content\/uploads\/2024\/11\/WhatsApp-Image-2024-11-28-at-08.54.18-1-1536x2048.jpeg 1536w, https:\/\/pos.uel.br\/direito-negocial\/wp-content\/uploads\/2024\/11\/WhatsApp-Image-2024-11-28-at-08.54.18-1-scaled.jpeg 1920w\" sizes=\"auto, (max-width: 768px) 100vw, 768px\" \/><\/figure>\n\n\n\n<figure class=\"wp-block-image size-large\"><img loading=\"lazy\" decoding=\"async\" width=\"576\" height=\"1024\" data-id=\"987\" src=\"https:\/\/pos.uel.br\/direito-negocial\/wp-content\/uploads\/2024\/11\/WhatsApp-Image-2024-11-28-at-08.54.18-576x1024.jpeg\" alt=\"\" class=\"wp-image-987\" srcset=\"https:\/\/pos.uel.br\/direito-negocial\/wp-content\/uploads\/2024\/11\/WhatsApp-Image-2024-11-28-at-08.54.18-576x1024.jpeg 576w, https:\/\/pos.uel.br\/direito-negocial\/wp-content\/uploads\/2024\/11\/WhatsApp-Image-2024-11-28-at-08.54.18-169x300.jpeg 169w, https:\/\/pos.uel.br\/direito-negocial\/wp-content\/uploads\/2024\/11\/WhatsApp-Image-2024-11-28-at-08.54.18-768x1365.jpeg 768w, https:\/\/pos.uel.br\/direito-negocial\/wp-content\/uploads\/2024\/11\/WhatsApp-Image-2024-11-28-at-08.54.18-864x1536.jpeg 864w, https:\/\/pos.uel.br\/direito-negocial\/wp-content\/uploads\/2024\/11\/WhatsApp-Image-2024-11-28-at-08.54.18-1152x2048.jpeg 1152w, https:\/\/pos.uel.br\/direito-negocial\/wp-content\/uploads\/2024\/11\/WhatsApp-Image-2024-11-28-at-08.54.18.jpeg 1170w\" sizes=\"auto, (max-width: 576px) 100vw, 576px\" \/><\/figure>\n\n\n\n<figure class=\"wp-block-image size-large\"><img loading=\"lazy\" decoding=\"async\" width=\"576\" height=\"1024\" data-id=\"988\" src=\"https:\/\/pos.uel.br\/direito-negocial\/wp-content\/uploads\/2024\/11\/WhatsApp-Image-2024-11-28-at-08.54.17-1-576x1024.jpeg\" alt=\"\" class=\"wp-image-988\" srcset=\"https:\/\/pos.uel.br\/direito-negocial\/wp-content\/uploads\/2024\/11\/WhatsApp-Image-2024-11-28-at-08.54.17-1-576x1024.jpeg 576w, https:\/\/pos.uel.br\/direito-negocial\/wp-content\/uploads\/2024\/11\/WhatsApp-Image-2024-11-28-at-08.54.17-1-169x300.jpeg 169w, https:\/\/pos.uel.br\/direito-negocial\/wp-content\/uploads\/2024\/11\/WhatsApp-Image-2024-11-28-at-08.54.17-1-768x1365.jpeg 768w, https:\/\/pos.uel.br\/direito-negocial\/wp-content\/uploads\/2024\/11\/WhatsApp-Image-2024-11-28-at-08.54.17-1-864x1536.jpeg 864w, https:\/\/pos.uel.br\/direito-negocial\/wp-content\/uploads\/2024\/11\/WhatsApp-Image-2024-11-28-at-08.54.17-1-1152x2048.jpeg 1152w, https:\/\/pos.uel.br\/direito-negocial\/wp-content\/uploads\/2024\/11\/WhatsApp-Image-2024-11-28-at-08.54.17-1.jpeg 1170w\" sizes=\"auto, (max-width: 576px) 100vw, 576px\" \/><\/figure>\n\n\n\n<figure class=\"wp-block-image size-large\"><img loading=\"lazy\" decoding=\"async\" width=\"768\" height=\"1024\" data-id=\"989\" src=\"https:\/\/pos.uel.br\/direito-negocial\/wp-content\/uploads\/2024\/11\/WhatsApp-Image-2024-11-28-at-08.54.17-768x1024.jpeg\" alt=\"\" class=\"wp-image-989\" srcset=\"https:\/\/pos.uel.br\/direito-negocial\/wp-content\/uploads\/2024\/11\/WhatsApp-Image-2024-11-28-at-08.54.17-768x1024.jpeg 768w, https:\/\/pos.uel.br\/direito-negocial\/wp-content\/uploads\/2024\/11\/WhatsApp-Image-2024-11-28-at-08.54.17-225x300.jpeg 225w, https:\/\/pos.uel.br\/direito-negocial\/wp-content\/uploads\/2024\/11\/WhatsApp-Image-2024-11-28-at-08.54.17-1152x1536.jpeg 1152w, https:\/\/pos.uel.br\/direito-negocial\/wp-content\/uploads\/2024\/11\/WhatsApp-Image-2024-11-28-at-08.54.17-1536x2048.jpeg 1536w, https:\/\/pos.uel.br\/direito-negocial\/wp-content\/uploads\/2024\/11\/WhatsApp-Image-2024-11-28-at-08.54.17-scaled.jpeg 1920w\" sizes=\"auto, (max-width: 768px) 100vw, 768px\" \/><\/figure>\n<\/figure>\n\n\n\n<hr class=\"wp-block-separator has-alpha-channel-opacity\" \/>\n\n\n\n<h2 class=\"wp-block-heading\">LIVRO &#8220;DIREITO &amp; RAZ\u00c3O COMUNICATIVA&#8221; \u00c9 LAN\u00c7ADO E TRAZ REFLEX\u00d5ES SOBRE \u00c9TICA E RESPONSABILIDADE SOCIAL NOS NEG\u00d3CIOS JUR\u00cdDICOS<\/h2>\n\n\n\n<figure class=\"wp-block-gallery has-nested-images columns-default is-cropped wp-block-gallery-14 is-layout-flex wp-block-gallery-is-layout-flex\">\n<figure class=\"wp-block-image size-large\"><img loading=\"lazy\" decoding=\"async\" width=\"819\" height=\"1024\" data-id=\"883\" src=\"https:\/\/pos.uel.br\/direito-negocial\/wp-content\/uploads\/2024\/11\/WhatsApp-Image-2024-11-07-at-08.57.32-819x1024.jpeg\" alt=\"\" class=\"wp-image-883\" srcset=\"https:\/\/pos.uel.br\/direito-negocial\/wp-content\/uploads\/2024\/11\/WhatsApp-Image-2024-11-07-at-08.57.32-819x1024.jpeg 819w, https:\/\/pos.uel.br\/direito-negocial\/wp-content\/uploads\/2024\/11\/WhatsApp-Image-2024-11-07-at-08.57.32-240x300.jpeg 240w, https:\/\/pos.uel.br\/direito-negocial\/wp-content\/uploads\/2024\/11\/WhatsApp-Image-2024-11-07-at-08.57.32-768x960.jpeg 768w, https:\/\/pos.uel.br\/direito-negocial\/wp-content\/uploads\/2024\/11\/WhatsApp-Image-2024-11-07-at-08.57.32-1229x1536.jpeg 1229w, https:\/\/pos.uel.br\/direito-negocial\/wp-content\/uploads\/2024\/11\/WhatsApp-Image-2024-11-07-at-08.57.32.jpeg 1280w\" sizes=\"auto, (max-width: 819px) 100vw, 819px\" \/><\/figure>\n\n\n\n<figure class=\"wp-block-image size-large\"><img loading=\"lazy\" decoding=\"async\" width=\"683\" height=\"1024\" data-id=\"882\" src=\"https:\/\/pos.uel.br\/direito-negocial\/wp-content\/uploads\/2024\/11\/Imagem-do-WhatsApp-de-2024-11-07-as-08.56.40_df01f321-1-683x1024.jpg\" alt=\"\" class=\"wp-image-882\" srcset=\"https:\/\/pos.uel.br\/direito-negocial\/wp-content\/uploads\/2024\/11\/Imagem-do-WhatsApp-de-2024-11-07-as-08.56.40_df01f321-1-683x1024.jpg 683w, https:\/\/pos.uel.br\/direito-negocial\/wp-content\/uploads\/2024\/11\/Imagem-do-WhatsApp-de-2024-11-07-as-08.56.40_df01f321-1-200x300.jpg 200w, https:\/\/pos.uel.br\/direito-negocial\/wp-content\/uploads\/2024\/11\/Imagem-do-WhatsApp-de-2024-11-07-as-08.56.40_df01f321-1-768x1152.jpg 768w, https:\/\/pos.uel.br\/direito-negocial\/wp-content\/uploads\/2024\/11\/Imagem-do-WhatsApp-de-2024-11-07-as-08.56.40_df01f321-1-1024x1536.jpg 1024w, https:\/\/pos.uel.br\/direito-negocial\/wp-content\/uploads\/2024\/11\/Imagem-do-WhatsApp-de-2024-11-07-as-08.56.40_df01f321-1.jpg 1067w\" sizes=\"auto, (max-width: 683px) 100vw, 683px\" \/><\/figure>\n<\/figure>\n\n\n\n<p>Est\u00e1 sendo lan\u00e7ado o livro <em>&#8220;Direito &amp; Raz\u00e3o Comunicativa&#8221;<\/em>, uma obra que explora as complexas intera\u00e7\u00f5es entre \u00e9tica e responsabilidade social nos neg\u00f3cios jur\u00eddicos. Organizado pelo professor Clodomiro J. Bannwart J\u00fanior e pelos alunos Andr\u00e9 Pedroso Kasemirsk e Thiago Ridolfi Ferreira, o livro conta com ilustra\u00e7\u00f5es de Iani F\u00e1varo Casagrande e pref\u00e1cio de Ricardo Lebbos Favoreto.<\/p>\n\n\n\n<p>Publicado pela Editora Engenho das Letras, o livro \u00e9 fruto dos estudos realizados pelos alunos na disciplina \u201c\u00c9tica e Responsabilidade Social nos Neg\u00f3cios Jur\u00eddicos,\u201d ministrada pelo professor Clodomiro Bannwart Junior, no programa de Mestrado em Direito Negocial da Universidade Estadual de Londrina (UEL).<\/p>\n\n\n\n<p>A colet\u00e2nea reflete a pesquisa acad\u00eamica de alto n\u00edvel conduzida pelo professor e alunos, que foram estimulados a investigar e discutir como o compromisso \u00e9tico pode moldar pr\u00e1ticas empresariais e jur\u00eddicas mais justas e transparentes. As ilustra\u00e7\u00f5es e o design visual, assinados por Iani F\u00e1varo Casagrande, complementam o conte\u00fado t\u00e9cnico e te\u00f3rico, tornando a leitura mais acess\u00edvel e instigante.<\/p>\n\n\n\n<p>A obra j\u00e1 \u00e9 refer\u00eancia para acad\u00eamicos, juristas e profissionais interessados em \u00e9tica e responsabilidade social, contribuindo significativamente para a reflex\u00e3o e forma\u00e7\u00e3o de pr\u00e1ticas jur\u00eddicas respons\u00e1veis.<\/p>\n\n\n\n<p>Parab\u00e9ns aos autores!<\/p>\n\n\n\n<p class=\"has-text-align-right\">08 de novembro de 2024.<\/p>\n\n\n\n<p class=\"has-text-align-right\">Fonte: Comunica\u00e7\u00e3o PPGDN-UEL<\/p>\n\n\n\n<hr class=\"wp-block-separator has-alpha-channel-opacity\" \/>\n\n\n\n<h2 class=\"wp-block-heading\">COLET\u00c2NEA &#8220;DIREITO CIVIL NA PR\u00c1TICA&#8221; RE\u00daNE AN\u00c1LISES DE JULGADOS POR ALUNOS E PROFESSORES DO PROGRAMA<\/h2>\n\n\n\n<figure class=\"wp-block-gallery has-nested-images columns-default is-cropped wp-block-gallery-15 is-layout-flex wp-block-gallery-is-layout-flex\">\n<figure class=\"wp-block-image size-large\"><img loading=\"lazy\" decoding=\"async\" width=\"1024\" height=\"895\" data-id=\"892\" src=\"https:\/\/pos.uel.br\/direito-negocial\/wp-content\/uploads\/2024\/11\/1666-Juliana-Carvalho-Pavao-3d_671179225d5ff9_78579288-1-1024x895.jpg\" alt=\"\" class=\"wp-image-892\" srcset=\"https:\/\/pos.uel.br\/direito-negocial\/wp-content\/uploads\/2024\/11\/1666-Juliana-Carvalho-Pavao-3d_671179225d5ff9_78579288-1-1024x895.jpg 1024w, https:\/\/pos.uel.br\/direito-negocial\/wp-content\/uploads\/2024\/11\/1666-Juliana-Carvalho-Pavao-3d_671179225d5ff9_78579288-1-300x262.jpg 300w, https:\/\/pos.uel.br\/direito-negocial\/wp-content\/uploads\/2024\/11\/1666-Juliana-Carvalho-Pavao-3d_671179225d5ff9_78579288-1-768x671.jpg 768w, https:\/\/pos.uel.br\/direito-negocial\/wp-content\/uploads\/2024\/11\/1666-Juliana-Carvalho-Pavao-3d_671179225d5ff9_78579288-1.jpg 1280w\" sizes=\"auto, (max-width: 1024px) 100vw, 1024px\" \/><\/figure>\n\n\n\n<figure class=\"wp-block-image size-large\"><img loading=\"lazy\" decoding=\"async\" width=\"722\" height=\"1024\" data-id=\"893\" src=\"https:\/\/pos.uel.br\/direito-negocial\/wp-content\/uploads\/2024\/11\/1666-Juliana-Carvalho-Pavao-frente_6711791e51a284_59019416-1-722x1024.jpg\" alt=\"\" class=\"wp-image-893\" srcset=\"https:\/\/pos.uel.br\/direito-negocial\/wp-content\/uploads\/2024\/11\/1666-Juliana-Carvalho-Pavao-frente_6711791e51a284_59019416-1-722x1024.jpg 722w, https:\/\/pos.uel.br\/direito-negocial\/wp-content\/uploads\/2024\/11\/1666-Juliana-Carvalho-Pavao-frente_6711791e51a284_59019416-1-212x300.jpg 212w, https:\/\/pos.uel.br\/direito-negocial\/wp-content\/uploads\/2024\/11\/1666-Juliana-Carvalho-Pavao-frente_6711791e51a284_59019416-1-768x1089.jpg 768w, https:\/\/pos.uel.br\/direito-negocial\/wp-content\/uploads\/2024\/11\/1666-Juliana-Carvalho-Pavao-frente_6711791e51a284_59019416-1-1083x1536.jpg 1083w, https:\/\/pos.uel.br\/direito-negocial\/wp-content\/uploads\/2024\/11\/1666-Juliana-Carvalho-Pavao-frente_6711791e51a284_59019416-1.jpg 1280w\" sizes=\"auto, (max-width: 722px) 100vw, 722px\" \/><\/figure>\n<\/figure>\n\n\n\n<p>A colet\u00e2nea <em>&#8220;Direito Civil na Pr\u00e1tica&#8221;<\/em>, organizada pelas professoras Juliana Carvalho Pav\u00e3o e Rita de C\u00e1ssia Resquetti Tarifa Espolador, re\u00fane uma s\u00e9rie de artigos produzidos por alunos e professores da Universidade Estadual de Londrina (UEL). Com o objetivo de transmitir conhecimento jur\u00eddico de forma acess\u00edvel e aplicada, a obra explora aspectos essenciais do Direito Civil por meio da an\u00e1lise de casos concretos.<\/p>\n\n\n\n<p>Entre os temas abordados, destacam-se quest\u00f5es como testamento vital, regime de separa\u00e7\u00e3o de bens, contratos existenciais e transfus\u00e3o de sangue, proporcionando uma vis\u00e3o pr\u00e1tica e detalhada desses assuntos. A colet\u00e2nea pretende contribuir tanto para a forma\u00e7\u00e3o acad\u00eamica quanto para a compreens\u00e3o de aspectos jur\u00eddicos relevantes no cotidiano, facilitando o aprendizado pr\u00e1tico do Direito Civil.<\/p>\n\n\n\n<p class=\"has-text-align-right\">06 de novembro de 2024.<\/p>\n\n\n\n<p class=\"has-text-align-right\">Fonte: Comunica\u00e7\u00e3o PPGDN-UEL<\/p>\n\n\n\n<hr class=\"wp-block-separator has-alpha-channel-opacity\" \/>\n\n\n\n<h2 class=\"wp-block-heading\">UNIVERSIDADE RECEBE COMITIVA DA UNIVERSIDADE CAT\u00d3LICA DE SANTA MARIA (UCMS), DE AREQUIPA, PERU, PARA DISCUTIR PROJETOS DE PARCERIA PARA 2025 E 2026<\/h2>\n\n\n\n<figure class=\"wp-block-gallery has-nested-images columns-default is-cropped wp-block-gallery-16 is-layout-flex wp-block-gallery-is-layout-flex\">\n<figure class=\"wp-block-image size-large\"><img loading=\"lazy\" decoding=\"async\" width=\"1024\" height=\"646\" data-id=\"873\" src=\"https:\/\/pos.uel.br\/direito-negocial\/wp-content\/uploads\/2024\/11\/WhatsApp-Image-2024-10-31-at-16.22.07-1024x646.jpeg\" alt=\"\" class=\"wp-image-873\" srcset=\"https:\/\/pos.uel.br\/direito-negocial\/wp-content\/uploads\/2024\/11\/WhatsApp-Image-2024-10-31-at-16.22.07-1024x646.jpeg 1024w, https:\/\/pos.uel.br\/direito-negocial\/wp-content\/uploads\/2024\/11\/WhatsApp-Image-2024-10-31-at-16.22.07-300x189.jpeg 300w, https:\/\/pos.uel.br\/direito-negocial\/wp-content\/uploads\/2024\/11\/WhatsApp-Image-2024-10-31-at-16.22.07-768x484.jpeg 768w, https:\/\/pos.uel.br\/direito-negocial\/wp-content\/uploads\/2024\/11\/WhatsApp-Image-2024-10-31-at-16.22.07-1536x969.jpeg 1536w, https:\/\/pos.uel.br\/direito-negocial\/wp-content\/uploads\/2024\/11\/WhatsApp-Image-2024-10-31-at-16.22.07.jpeg 1600w\" sizes=\"auto, (max-width: 1024px) 100vw, 1024px\" \/><\/figure>\n\n\n\n<figure class=\"wp-block-image size-large\"><img loading=\"lazy\" decoding=\"async\" width=\"768\" height=\"1024\" data-id=\"872\" src=\"https:\/\/pos.uel.br\/direito-negocial\/wp-content\/uploads\/2024\/11\/WhatsApp-Image-2024-10-31-at-16.34.59-768x1024.jpeg\" alt=\"\" class=\"wp-image-872\" srcset=\"https:\/\/pos.uel.br\/direito-negocial\/wp-content\/uploads\/2024\/11\/WhatsApp-Image-2024-10-31-at-16.34.59-768x1024.jpeg 768w, https:\/\/pos.uel.br\/direito-negocial\/wp-content\/uploads\/2024\/11\/WhatsApp-Image-2024-10-31-at-16.34.59-225x300.jpeg 225w, https:\/\/pos.uel.br\/direito-negocial\/wp-content\/uploads\/2024\/11\/WhatsApp-Image-2024-10-31-at-16.34.59.jpeg 960w\" sizes=\"auto, (max-width: 768px) 100vw, 768px\" \/><\/figure>\n<\/figure>\n\n\n\n<p>A Universidade recebeu nesta semana a comitiva da Universidade Cat\u00f3lica de Santa Maria (UCMS), de Arequipa, no Peru, para tratar de projetos conjuntos previstos para 2025 e 2026. A visita marca mais um passo na parceria estabelecida entre as duas institui\u00e7\u00f5es em abril deste ano, com o objetivo de promover a coopera\u00e7\u00e3o acad\u00eamica, cient\u00edfica e cultural entre Brasil e Peru.<\/p>\n\n\n\n<p>Durante o encontro, representantes das duas universidades discutiram iniciativas que incluem interc\u00e2mbio de alunos e professores, programas de pesquisa colaborativa e eventos acad\u00eamicos voltados para o compartilhamento de conhecimento. A visita tamb\u00e9m refor\u00e7a o compromisso m\u00fatuo de fortalecer la\u00e7os institucionais, impulsionando o desenvolvimento de projetos inovadores e relevantes para ambas as comunidades acad\u00eamicas.<\/p>\n\n\n\n<p>Esses projetos dever\u00e3o contribuir para o fortalecimento da internacionaliza\u00e7\u00e3o, promovendo experi\u00eancias enriquecedoras para estudantes e pesquisadores dos dois pa\u00edses.<\/p>\n\n\n\n<p class=\"has-text-align-right\">05 de novembro de 2024.<\/p>\n\n\n\n<p class=\"has-text-align-right\">Fonte: Comunica\u00e7\u00e3o PPGDN-UEL<\/p>\n\n\n\n<hr class=\"wp-block-separator has-alpha-channel-opacity\" \/>\n\n\n\n<h2 class=\"wp-block-heading\">UEL LAN\u00c7A EDITAL PARA MAIS DE 30 CURSOS DE ESPECIALIZA\u00c7\u00c3O E MBA EM 2025<\/h2>\n\n\n\n<p><\/p>\n\n\n\n<p>A Pr\u00f3-Reitoria de Pesquisa e P\u00f3s-Gradua\u00e7\u00e3o (ProPPG) da Universidade Estadual de Londrina (UEL) publicou o Edital PROPPG\/DPG\/DAM N\u00ba 046\/2024, que abre inscri\u00e7\u00f5es para mais de 30 cursos de especializa\u00e7\u00e3o, com in\u00edcio previsto para 10 de mar\u00e7o de 2025. As inscri\u00e7\u00f5es, realizadas exclusivamente pela internet, devem seguir os prazos estabelecidos nos editais espec\u00edficos de cada curso, dispon\u00edveis na p\u00e1gina da ProPPG.<\/p>\n\n\n\n<p>Para que a inscri\u00e7\u00e3o seja deferida, os candidatos precisam efetuar o pagamento de uma taxa no valor de R$ 81,00 no momento da inscri\u00e7\u00e3o. Al\u00e9m disso, \u00e9 necess\u00e1rio enviar os seguintes documentos: c\u00e9dula de identidade, CPF, documento militar para candidatos de at\u00e9 45 anos, certid\u00e3o de nascimento ou casamento, e c\u00f3pia frente e verso do diploma de gradua\u00e7\u00e3o. Documentos adicionais podem ser exigidos conforme o edital de cada curso.<\/p>\n\n\n\n<p>Informa\u00e7\u00f5es completas sobre o per\u00edodo de inscri\u00e7\u00e3o, n\u00famero de vagas, crit\u00e9rios de sele\u00e7\u00e3o e datas de divulga\u00e7\u00e3o dos resultados est\u00e3o detalhadas nos editais espec\u00edficos.<\/p>\n\n\n\n<p>Para maiores informa\u00e7\u00f5es acesse o site: <a href=\"https:\/\/operobal.uel.br\/ultimas\/2024\/11\/04\/universidade-abre-inscricoes-para-cursos-de-especializacao-e-mba\/\">https:\/\/operobal.uel.br\/ultimas\/2024\/11\/04\/universidade-abre-inscricoes-para-cursos-de-especializacao-e-mba\/<\/a><\/p>\n\n\n\n<p class=\"has-text-align-right\">04 de novembro de 2024.<\/p>\n\n\n\n<p class=\"has-text-align-right\">Fonte: Comunica\u00e7\u00e3o PPGDN-UEL<\/p>\n\n\n\n<hr class=\"wp-block-separator has-alpha-channel-opacity\" \/>\n\n\n\n<h2 class=\"wp-block-heading\">DOCENTE DO PROGRAMA PALESTRA EM CONGRESSO DE RESPONSABILIDADE CIVIL ORGANIZADO PELA ESCOLA PAULISTA DA MAGISTRATURA E INSTITUTO BRASILEIRO DE ESTUDOS DE RESPONSABILIDADE CIVIL (IBERC)<\/h2>\n\n\n\n<div class=\"wp-block-group\"><div class=\"wp-block-group__inner-container is-layout-constrained wp-block-group-is-layout-constrained\">\n<div class=\"wp-block-uel-card\"><\/div>\n\n\n\n<figure class=\"wp-block-gallery has-nested-images columns-default is-cropped wp-block-gallery-17 is-layout-flex wp-block-gallery-is-layout-flex\">\n<figure class=\"wp-block-image size-large\"><img loading=\"lazy\" decoding=\"async\" width=\"1024\" height=\"576\" data-id=\"953\" src=\"https:\/\/pos.uel.br\/direito-negocial\/wp-content\/uploads\/2024\/11\/WhatsApp-Image-2024-11-08-at-06.37.57-1-1024x576.jpeg\" alt=\"\" class=\"wp-image-953\" srcset=\"https:\/\/pos.uel.br\/direito-negocial\/wp-content\/uploads\/2024\/11\/WhatsApp-Image-2024-11-08-at-06.37.57-1-1024x576.jpeg 1024w, https:\/\/pos.uel.br\/direito-negocial\/wp-content\/uploads\/2024\/11\/WhatsApp-Image-2024-11-08-at-06.37.57-1-300x169.jpeg 300w, https:\/\/pos.uel.br\/direito-negocial\/wp-content\/uploads\/2024\/11\/WhatsApp-Image-2024-11-08-at-06.37.57-1-768x432.jpeg 768w, https:\/\/pos.uel.br\/direito-negocial\/wp-content\/uploads\/2024\/11\/WhatsApp-Image-2024-11-08-at-06.37.57-1.jpeg 1280w\" sizes=\"auto, (max-width: 1024px) 100vw, 1024px\" \/><\/figure>\n\n\n\n<figure class=\"wp-block-image size-large\"><img loading=\"lazy\" decoding=\"async\" width=\"1024\" height=\"518\" data-id=\"954\" src=\"https:\/\/pos.uel.br\/direito-negocial\/wp-content\/uploads\/2024\/11\/WhatsApp-Image-2024-11-08-at-06.37.57-1-1-1024x518.jpeg\" alt=\"\" class=\"wp-image-954\" srcset=\"https:\/\/pos.uel.br\/direito-negocial\/wp-content\/uploads\/2024\/11\/WhatsApp-Image-2024-11-08-at-06.37.57-1-1-1024x518.jpeg 1024w, https:\/\/pos.uel.br\/direito-negocial\/wp-content\/uploads\/2024\/11\/WhatsApp-Image-2024-11-08-at-06.37.57-1-1-300x152.jpeg 300w, https:\/\/pos.uel.br\/direito-negocial\/wp-content\/uploads\/2024\/11\/WhatsApp-Image-2024-11-08-at-06.37.57-1-1-768x388.jpeg 768w, https:\/\/pos.uel.br\/direito-negocial\/wp-content\/uploads\/2024\/11\/WhatsApp-Image-2024-11-08-at-06.37.57-1-1.jpeg 1280w\" sizes=\"auto, (max-width: 1024px) 100vw, 1024px\" \/><\/figure>\n\n\n\n<figure class=\"wp-block-image size-large\"><img loading=\"lazy\" decoding=\"async\" width=\"768\" height=\"1024\" data-id=\"955\" src=\"https:\/\/pos.uel.br\/direito-negocial\/wp-content\/uploads\/2024\/11\/WhatsApp-Image-2024-11-08-at-06.38.34-768x1024.jpeg\" alt=\"\" class=\"wp-image-955\" srcset=\"https:\/\/pos.uel.br\/direito-negocial\/wp-content\/uploads\/2024\/11\/WhatsApp-Image-2024-11-08-at-06.38.34-768x1024.jpeg 768w, https:\/\/pos.uel.br\/direito-negocial\/wp-content\/uploads\/2024\/11\/WhatsApp-Image-2024-11-08-at-06.38.34-225x300.jpeg 225w, https:\/\/pos.uel.br\/direito-negocial\/wp-content\/uploads\/2024\/11\/WhatsApp-Image-2024-11-08-at-06.38.34-1152x1536.jpeg 1152w, https:\/\/pos.uel.br\/direito-negocial\/wp-content\/uploads\/2024\/11\/WhatsApp-Image-2024-11-08-at-06.38.34.jpeg 1200w\" sizes=\"auto, (max-width: 768px) 100vw, 768px\" \/><\/figure>\n<\/figure>\n<\/div><\/div>\n\n\n\n<p>Nos dias 24 e 25 de outubro de 2024 as alunas do PPGDN, Iani F\u00e1varo Casagrande e Izabella Affonso Costa, acompanhadas do Mestre Guilherme Augusto Girotto, prestigiaram a Profa. Dra. Daniela Braga Paiano, que palestrou no Congresso Paulista de Responsabilidade Civil do Instituto Brasileiro de Estudos de Responsabilidade Civil e da Escola Paulista da Magistratura. Na oportunidade, a professora exp\u00f4s sobre a responsabilidade civil em casos de viol\u00eancia dom\u00e9stica, alertando para os casos contempor\u00e2neos e os patamares que o montante indenizat\u00f3rio pode chegar. O evento tamb\u00e9m contou com o palestras de diversos professores e desembargadores renomados em todo o pa\u00eds.<\/p>\n\n\n\n<p>Leia mais em: <a href=\"https:\/\/operobal.uel.br\/ultimas\/2024\/11\/04\/docente-aborda-direito-a-indenizacao-em-casos-envolvendo-violencia-domestica-em-evento-nacional\/\">https:\/\/operobal.uel.br\/ultimas\/2024\/11\/04\/docente-aborda-direito-a-indenizacao-em-casos-envolvendo-violencia-domestica-em-evento-nacional\/<\/a><\/p>\n\n\n\n<p class=\"has-text-align-right\">25 de outubro de 2024.<\/p>\n\n\n\n<p class=\"has-text-align-right\">Fonte: Comunica\u00e7\u00e3o PPGDN-UEL<\/p>\n\n\n\n<hr class=\"wp-block-separator has-alpha-channel-opacity\" \/>\n\n\n\n<h2 class=\"wp-block-heading\">PROGRAMA DE P\u00d3S-GRADUA\u00c7\u00c3O EM DIREITO NEGOCIAL DA UEL COMEMORA 46 ANOS EM EVENTO QUE ACONTECER\u00c1 NO PR\u00d3XIMO DIA 08\/11\/2024<\/h2>\n\n\n\n<p>No dia 8 de novembro de 2024, o Programa de P\u00f3s-Gradua\u00e7\u00e3o em Direito Negocial da Universidade Estadual de Londrina (UEL) celebrar\u00e1 seus 46 anos de hist\u00f3ria em um evento especial. A comemora\u00e7\u00e3o ocorrer\u00e1 na Sala dos Conselhos da Reitoria da UEL, das 9h \u00e0s 11h30, em parceria com a UNICURITIBA.<\/p>\n\n\n\n<p>As inscri\u00e7\u00f5es est\u00e3o abertas e podem ser realizadas no site oficial da UEL.<\/p>\n\n\n\n<p>Confira abaixo a programa\u00e7\u00e3o.<\/p>\n\n\n\n<figure class=\"wp-block-gallery has-nested-images columns-default is-cropped wp-block-gallery-18 is-layout-flex wp-block-gallery-is-layout-flex\">\n<figure class=\"wp-block-image size-large\"><img loading=\"lazy\" decoding=\"async\" width=\"1024\" height=\"1024\" data-id=\"885\" src=\"https:\/\/pos.uel.br\/direito-negocial\/wp-content\/uploads\/2024\/11\/WhatsApp-Image-2024-11-01-at-15.28.23-1024x1024.jpeg\" alt=\"\" class=\"wp-image-885\" srcset=\"https:\/\/pos.uel.br\/direito-negocial\/wp-content\/uploads\/2024\/11\/WhatsApp-Image-2024-11-01-at-15.28.23-1024x1024.jpeg 1024w, https:\/\/pos.uel.br\/direito-negocial\/wp-content\/uploads\/2024\/11\/WhatsApp-Image-2024-11-01-at-15.28.23-300x300.jpeg 300w, https:\/\/pos.uel.br\/direito-negocial\/wp-content\/uploads\/2024\/11\/WhatsApp-Image-2024-11-01-at-15.28.23-150x150.jpeg 150w, https:\/\/pos.uel.br\/direito-negocial\/wp-content\/uploads\/2024\/11\/WhatsApp-Image-2024-11-01-at-15.28.23-768x768.jpeg 768w, https:\/\/pos.uel.br\/direito-negocial\/wp-content\/uploads\/2024\/11\/WhatsApp-Image-2024-11-01-at-15.28.23.jpeg 1080w\" sizes=\"auto, (max-width: 1024px) 100vw, 1024px\" \/><\/figure>\n\n\n\n<figure class=\"wp-block-image size-large\"><img loading=\"lazy\" decoding=\"async\" width=\"1024\" height=\"1024\" data-id=\"886\" src=\"https:\/\/pos.uel.br\/direito-negocial\/wp-content\/uploads\/2024\/11\/WhatsApp-Image-2024-11-01-at-15.28.22-1024x1024.jpeg\" alt=\"\" class=\"wp-image-886\" srcset=\"https:\/\/pos.uel.br\/direito-negocial\/wp-content\/uploads\/2024\/11\/WhatsApp-Image-2024-11-01-at-15.28.22-1024x1024.jpeg 1024w, https:\/\/pos.uel.br\/direito-negocial\/wp-content\/uploads\/2024\/11\/WhatsApp-Image-2024-11-01-at-15.28.22-300x300.jpeg 300w, https:\/\/pos.uel.br\/direito-negocial\/wp-content\/uploads\/2024\/11\/WhatsApp-Image-2024-11-01-at-15.28.22-150x150.jpeg 150w, https:\/\/pos.uel.br\/direito-negocial\/wp-content\/uploads\/2024\/11\/WhatsApp-Image-2024-11-01-at-15.28.22-768x768.jpeg 768w, https:\/\/pos.uel.br\/direito-negocial\/wp-content\/uploads\/2024\/11\/WhatsApp-Image-2024-11-01-at-15.28.22.jpeg 1080w\" sizes=\"auto, (max-width: 1024px) 100vw, 1024px\" \/><\/figure>\n\n\n\n<figure class=\"wp-block-image size-large\"><img loading=\"lazy\" decoding=\"async\" width=\"1024\" height=\"1024\" data-id=\"887\" src=\"https:\/\/pos.uel.br\/direito-negocial\/wp-content\/uploads\/2024\/11\/WhatsApp-Image-2024-11-01-at-15.28.21-1024x1024.jpeg\" alt=\"\" class=\"wp-image-887\" srcset=\"https:\/\/pos.uel.br\/direito-negocial\/wp-content\/uploads\/2024\/11\/WhatsApp-Image-2024-11-01-at-15.28.21-1024x1024.jpeg 1024w, https:\/\/pos.uel.br\/direito-negocial\/wp-content\/uploads\/2024\/11\/WhatsApp-Image-2024-11-01-at-15.28.21-300x300.jpeg 300w, https:\/\/pos.uel.br\/direito-negocial\/wp-content\/uploads\/2024\/11\/WhatsApp-Image-2024-11-01-at-15.28.21-150x150.jpeg 150w, https:\/\/pos.uel.br\/direito-negocial\/wp-content\/uploads\/2024\/11\/WhatsApp-Image-2024-11-01-at-15.28.21-768x768.jpeg 768w, https:\/\/pos.uel.br\/direito-negocial\/wp-content\/uploads\/2024\/11\/WhatsApp-Image-2024-11-01-at-15.28.21.jpeg 1080w\" sizes=\"auto, (max-width: 1024px) 100vw, 1024px\" \/><\/figure>\n<\/figure>\n\n\n\n<p class=\"has-text-align-right\">18 de outubro de 2024.<\/p>\n\n\n\n<p class=\"has-text-align-right\">Fonte: Comunica\u00e7\u00e3o PPGDN-UEL<\/p>\n\n\n\n<hr class=\"wp-block-separator has-alpha-channel-opacity\" \/>\n\n\n\n<h2 class=\"wp-block-heading\">PROFESSORAS REPRESENTAM UNIVERSIDADE EM VISITAS E EVENTOS ACAD\u00caMICOS EM PORTUGAL E ESPANHA<\/h2>\n\n\n\n<figure class=\"wp-block-gallery has-nested-images columns-default is-cropped wp-block-gallery-19 is-layout-flex wp-block-gallery-is-layout-flex\">\n<figure class=\"wp-block-image size-large\"><img loading=\"lazy\" decoding=\"async\" width=\"828\" height=\"816\" data-id=\"876\" src=\"https:\/\/pos.uel.br\/direito-negocial\/wp-content\/uploads\/2024\/11\/WhatsApp-Image-2024-11-07-at-14.31.12.jpeg\" alt=\"\" class=\"wp-image-876\" srcset=\"https:\/\/pos.uel.br\/direito-negocial\/wp-content\/uploads\/2024\/11\/WhatsApp-Image-2024-11-07-at-14.31.12.jpeg 828w, https:\/\/pos.uel.br\/direito-negocial\/wp-content\/uploads\/2024\/11\/WhatsApp-Image-2024-11-07-at-14.31.12-300x296.jpeg 300w, https:\/\/pos.uel.br\/direito-negocial\/wp-content\/uploads\/2024\/11\/WhatsApp-Image-2024-11-07-at-14.31.12-768x757.jpeg 768w\" sizes=\"auto, (max-width: 828px) 100vw, 828px\" \/><\/figure>\n\n\n\n<figure class=\"wp-block-image size-large\"><img loading=\"lazy\" decoding=\"async\" width=\"828\" height=\"793\" data-id=\"877\" src=\"https:\/\/pos.uel.br\/direito-negocial\/wp-content\/uploads\/2024\/11\/WhatsApp-Image-2024-11-07-at-14.31.10-2.jpeg\" alt=\"\" class=\"wp-image-877\" srcset=\"https:\/\/pos.uel.br\/direito-negocial\/wp-content\/uploads\/2024\/11\/WhatsApp-Image-2024-11-07-at-14.31.10-2.jpeg 828w, https:\/\/pos.uel.br\/direito-negocial\/wp-content\/uploads\/2024\/11\/WhatsApp-Image-2024-11-07-at-14.31.10-2-300x287.jpeg 300w, https:\/\/pos.uel.br\/direito-negocial\/wp-content\/uploads\/2024\/11\/WhatsApp-Image-2024-11-07-at-14.31.10-2-768x736.jpeg 768w\" sizes=\"auto, (max-width: 828px) 100vw, 828px\" \/><\/figure>\n\n\n\n<figure class=\"wp-block-image size-large\"><img loading=\"lazy\" decoding=\"async\" width=\"828\" height=\"1006\" data-id=\"879\" src=\"https:\/\/pos.uel.br\/direito-negocial\/wp-content\/uploads\/2024\/11\/WhatsApp-Image-2024-11-07-at-14.31.10-1.jpeg\" alt=\"\" class=\"wp-image-879\" srcset=\"https:\/\/pos.uel.br\/direito-negocial\/wp-content\/uploads\/2024\/11\/WhatsApp-Image-2024-11-07-at-14.31.10-1.jpeg 828w, https:\/\/pos.uel.br\/direito-negocial\/wp-content\/uploads\/2024\/11\/WhatsApp-Image-2024-11-07-at-14.31.10-1-247x300.jpeg 247w, https:\/\/pos.uel.br\/direito-negocial\/wp-content\/uploads\/2024\/11\/WhatsApp-Image-2024-11-07-at-14.31.10-1-768x933.jpeg 768w\" sizes=\"auto, (max-width: 828px) 100vw, 828px\" \/><\/figure>\n\n\n\n<figure class=\"wp-block-image size-large\"><img loading=\"lazy\" decoding=\"async\" width=\"822\" height=\"1024\" data-id=\"880\" src=\"https:\/\/pos.uel.br\/direito-negocial\/wp-content\/uploads\/2024\/11\/WhatsApp-Image-2024-11-07-at-14.31.10-822x1024.jpeg\" alt=\"\" class=\"wp-image-880\" srcset=\"https:\/\/pos.uel.br\/direito-negocial\/wp-content\/uploads\/2024\/11\/WhatsApp-Image-2024-11-07-at-14.31.10-822x1024.jpeg 822w, https:\/\/pos.uel.br\/direito-negocial\/wp-content\/uploads\/2024\/11\/WhatsApp-Image-2024-11-07-at-14.31.10-241x300.jpeg 241w, https:\/\/pos.uel.br\/direito-negocial\/wp-content\/uploads\/2024\/11\/WhatsApp-Image-2024-11-07-at-14.31.10-768x957.jpeg 768w, https:\/\/pos.uel.br\/direito-negocial\/wp-content\/uploads\/2024\/11\/WhatsApp-Image-2024-11-07-at-14.31.10.jpeg 828w\" sizes=\"auto, (max-width: 822px) 100vw, 822px\" \/><\/figure>\n\n\n\n<figure class=\"wp-block-image size-large\"><img loading=\"lazy\" decoding=\"async\" width=\"828\" height=\"797\" data-id=\"878\" src=\"https:\/\/pos.uel.br\/direito-negocial\/wp-content\/uploads\/2024\/11\/WhatsApp-Image-2024-11-07-at-14.31.08.jpeg\" alt=\"\" class=\"wp-image-878\" srcset=\"https:\/\/pos.uel.br\/direito-negocial\/wp-content\/uploads\/2024\/11\/WhatsApp-Image-2024-11-07-at-14.31.08.jpeg 828w, https:\/\/pos.uel.br\/direito-negocial\/wp-content\/uploads\/2024\/11\/WhatsApp-Image-2024-11-07-at-14.31.08-300x289.jpeg 300w, https:\/\/pos.uel.br\/direito-negocial\/wp-content\/uploads\/2024\/11\/WhatsApp-Image-2024-11-07-at-14.31.08-768x739.jpeg 768w\" sizes=\"auto, (max-width: 828px) 100vw, 828px\" \/><\/figure>\n<\/figure>\n\n\n\n<p>As professoras Patr\u00edcia Ayub, Tania Lobo Muniz e Temis Chenso realizaram uma visita institucional \u00e0 Universidade Portucalense, onde foram recebidas pelo professor Renato Lovato e pela diretora do curso de Direito, professora Maria Manuela Silva. A agenda marcou um importante passo para o fortalecimento de la\u00e7os acad\u00eamicos e institucionais entre as institui\u00e7\u00f5es.<\/p>\n\n\n\n<p>Nos dias 14 e 15 de outubro, as professoras participaram como palestrantes no Semin\u00e1rio Internacional &#8220;Justi\u00e7a e Estado de Direito Contempor\u00e2neo&#8221;, realizado na Universidade de Vigo, em Ourense, na Espanha. As palestras tamb\u00e9m contaram com contribui\u00e7\u00f5es virtuais dos professores Clodomiro Bannwart e Elve Cenci, que enriqueceram o evento com discuss\u00f5es sobre o cen\u00e1rio atual da justi\u00e7a e o estado de direito.<\/p>\n\n\n\n<p>A jornada continuou nos dias 16, 17 e 18 de outubro na Universidade do Minho, em Braga, Portugal, onde as professoras participaram do IX Congresso Internacional para o Estudo da Media\u00e7\u00e3o e do Conflito. Durante o congresso, elas apresentaram trabalhos acad\u00eamicos, contribuindo para o interc\u00e2mbio de conhecimento e fortalecendo o papel da media\u00e7\u00e3o e da resolu\u00e7\u00e3o de conflitos na sociedade contempor\u00e2nea.<\/p>\n\n\n\n<p>Essas a\u00e7\u00f5es refor\u00e7am o processo de internacionaliza\u00e7\u00e3o do nosso programa de pesquisa e p\u00f3s-gradua\u00e7\u00e3o, ressaltando sua relev\u00e2ncia e impacto em n\u00edvel regional, nacional e internacional.<\/p>\n\n\n\n<p class=\"has-text-align-right\">18 de outubro de 2024.<\/p>\n\n\n\n<p class=\"has-text-align-right\">Fonte: Comunica\u00e7\u00e3o PPGDN-UEL<\/p>\n\n\n\n<hr class=\"wp-block-separator has-alpha-channel-opacity\" \/>\n\n\n\n<h2 class=\"wp-block-heading\">PROFA. DRA. RITA DE C\u00c1SSIA TARIFA ESPOLADOR PALESTRA NA VIII SEMANA JUR\u00cdDICA DA UNOPAR ANHANGUERA DE LONDRINA<\/h2>\n\n\n\n<figure class=\"wp-block-gallery has-nested-images columns-default is-cropped wp-block-gallery-20 is-layout-flex wp-block-gallery-is-layout-flex\">\n<figure class=\"wp-block-image size-large\"><img loading=\"lazy\" decoding=\"async\" width=\"813\" height=\"613\" data-id=\"281\" src=\"https:\/\/pos.uel.br\/direito-negocial\/wp-content\/uploads\/2024\/10\/WhatsApp-Image-2024-10-11-at-11.07.20.jpeg\" alt=\"\" class=\"wp-image-281\" srcset=\"https:\/\/pos.uel.br\/direito-negocial\/wp-content\/uploads\/2024\/10\/WhatsApp-Image-2024-10-11-at-11.07.20.jpeg 813w, https:\/\/pos.uel.br\/direito-negocial\/wp-content\/uploads\/2024\/10\/WhatsApp-Image-2024-10-11-at-11.07.20-300x226.jpeg 300w, https:\/\/pos.uel.br\/direito-negocial\/wp-content\/uploads\/2024\/10\/WhatsApp-Image-2024-10-11-at-11.07.20-768x579.jpeg 768w\" sizes=\"auto, (max-width: 813px) 100vw, 813px\" \/><figcaption class=\"wp-element-caption\">Profa. Rita palestrando na VIII Semana Jur\u00eddica da UNOPAR ANHANGUERA LONDRINA<\/figcaption><\/figure>\n\n\n\n<figure class=\"wp-block-image size-large\"><img loading=\"lazy\" decoding=\"async\" width=\"785\" height=\"542\" data-id=\"280\" src=\"https:\/\/pos.uel.br\/direito-negocial\/wp-content\/uploads\/2024\/10\/WhatsApp-Image-2024-10-11-at-11.07.42.jpeg\" alt=\"\" class=\"wp-image-280\" srcset=\"https:\/\/pos.uel.br\/direito-negocial\/wp-content\/uploads\/2024\/10\/WhatsApp-Image-2024-10-11-at-11.07.42.jpeg 785w, https:\/\/pos.uel.br\/direito-negocial\/wp-content\/uploads\/2024\/10\/WhatsApp-Image-2024-10-11-at-11.07.42-300x207.jpeg 300w, https:\/\/pos.uel.br\/direito-negocial\/wp-content\/uploads\/2024\/10\/WhatsApp-Image-2024-10-11-at-11.07.42-768x530.jpeg 768w\" sizes=\"auto, (max-width: 785px) 100vw, 785px\" \/><figcaption class=\"wp-element-caption\">Profa. Rita ao lado dos Profs. Guilherme Garbin, Daniel Colnago e Bruno Fuga.<\/figcaption><\/figure>\n<\/figure>\n\n\n\n<p class=\"has-text-align-right\">11 de outubro de 2024.<\/p>\n\n\n\n<p class=\"has-text-align-right\">Fonte: Comunica\u00e7\u00e3o PPGDN-UEL<\/p>\n\n\n\n<hr class=\"wp-block-separator has-alpha-channel-opacity\" \/>\n\n\n\n<h2 class=\"wp-block-heading\">A NOSSA DOUTORANDA PROFA. TEMIS CHENSO PEDROSO PALESTROU NA VIII SEMANA JUR\u00cdDICA DA UNOPAR ANHANGUERA LONDRINA<\/h2>\n\n\n\n<figure class=\"wp-block-gallery has-nested-images columns-default is-cropped wp-block-gallery-21 is-layout-flex wp-block-gallery-is-layout-flex\">\n<figure class=\"wp-block-image size-large\"><img loading=\"lazy\" decoding=\"async\" width=\"797\" height=\"798\" data-id=\"286\" src=\"https:\/\/pos.uel.br\/direito-negocial\/wp-content\/uploads\/2024\/10\/WhatsApp-Image-2024-10-11-at-11.13.41.jpeg\" alt=\"\" class=\"wp-image-286\" srcset=\"https:\/\/pos.uel.br\/direito-negocial\/wp-content\/uploads\/2024\/10\/WhatsApp-Image-2024-10-11-at-11.13.41.jpeg 797w, https:\/\/pos.uel.br\/direito-negocial\/wp-content\/uploads\/2024\/10\/WhatsApp-Image-2024-10-11-at-11.13.41-300x300.jpeg 300w, https:\/\/pos.uel.br\/direito-negocial\/wp-content\/uploads\/2024\/10\/WhatsApp-Image-2024-10-11-at-11.13.41-150x150.jpeg 150w, https:\/\/pos.uel.br\/direito-negocial\/wp-content\/uploads\/2024\/10\/WhatsApp-Image-2024-10-11-at-11.13.41-768x769.jpeg 768w\" sizes=\"auto, (max-width: 797px) 100vw, 797px\" \/><\/figure>\n\n\n\n<figure class=\"wp-block-image size-large\"><img loading=\"lazy\" decoding=\"async\" width=\"836\" height=\"783\" data-id=\"285\" src=\"https:\/\/pos.uel.br\/direito-negocial\/wp-content\/uploads\/2024\/10\/WhatsApp-Image-2024-10-11-at-11.14.06.jpeg\" alt=\"\" class=\"wp-image-285\" srcset=\"https:\/\/pos.uel.br\/direito-negocial\/wp-content\/uploads\/2024\/10\/WhatsApp-Image-2024-10-11-at-11.14.06.jpeg 836w, https:\/\/pos.uel.br\/direito-negocial\/wp-content\/uploads\/2024\/10\/WhatsApp-Image-2024-10-11-at-11.14.06-300x281.jpeg 300w, https:\/\/pos.uel.br\/direito-negocial\/wp-content\/uploads\/2024\/10\/WhatsApp-Image-2024-10-11-at-11.14.06-768x719.jpeg 768w\" sizes=\"auto, (max-width: 836px) 100vw, 836px\" \/><\/figure>\n<\/figure>\n\n\n\n<p class=\"has-text-align-right\">11 de outubro de 2024.<\/p>\n\n\n\n<p class=\"has-text-align-right\">Fonte: Comunica\u00e7\u00e3o PPGDN-UEL<\/p>\n\n\n\n<hr class=\"wp-block-separator has-alpha-channel-opacity\" \/>\n\n\n\n<h2 class=\"wp-block-heading\">PROF. DR. CLODOMIRO BANNWART PALESTRA NA VIII SEMANA JUR\u00cdDICA DA UNOPAR ANHANGUERA LONDRINA<\/h2>\n\n\n\n<figure class=\"wp-block-gallery has-nested-images columns-default is-cropped wp-block-gallery-22 is-layout-flex wp-block-gallery-is-layout-flex\">\n<figure class=\"wp-block-image size-large\"><img loading=\"lazy\" decoding=\"async\" width=\"485\" height=\"453\" data-id=\"292\" src=\"https:\/\/pos.uel.br\/direito-negocial\/wp-content\/uploads\/2024\/10\/WhatsApp-Image-2024-10-11-at-11.29.34.jpeg\" alt=\"\" class=\"wp-image-292\" srcset=\"https:\/\/pos.uel.br\/direito-negocial\/wp-content\/uploads\/2024\/10\/WhatsApp-Image-2024-10-11-at-11.29.34.jpeg 485w, https:\/\/pos.uel.br\/direito-negocial\/wp-content\/uploads\/2024\/10\/WhatsApp-Image-2024-10-11-at-11.29.34-300x280.jpeg 300w\" sizes=\"auto, (max-width: 485px) 100vw, 485px\" \/><figcaption class=\"wp-element-caption\">Prof. Clodomiro palestrou sobre o Direito e Pol\u00edtica na Modernidade Perif\u00e9rica a partir de uma leitura de Jurgen Habermas e Marcelo Neves.<\/figcaption><\/figure>\n\n\n\n<figure class=\"wp-block-image size-large\"><img loading=\"lazy\" decoding=\"async\" width=\"501\" height=\"452\" data-id=\"291\" src=\"https:\/\/pos.uel.br\/direito-negocial\/wp-content\/uploads\/2024\/10\/WhatsApp-Image-2024-10-11-at-11.29.35.jpeg\" alt=\"\" class=\"wp-image-291\" srcset=\"https:\/\/pos.uel.br\/direito-negocial\/wp-content\/uploads\/2024\/10\/WhatsApp-Image-2024-10-11-at-11.29.35.jpeg 501w, https:\/\/pos.uel.br\/direito-negocial\/wp-content\/uploads\/2024\/10\/WhatsApp-Image-2024-10-11-at-11.29.35-300x271.jpeg 300w\" sizes=\"auto, (max-width: 501px) 100vw, 501px\" \/><figcaption class=\"wp-element-caption\">Prof. Clodomiro ao lado do Prof. Rud\u00e1.<\/figcaption><\/figure>\n<\/figure>\n\n\n\n<p class=\"has-text-align-right\">11 de outubro de 2024.<\/p>\n\n\n\n<p class=\"has-text-align-right\">Fonte: Comunica\u00e7\u00e3o PPGDN-UEL<\/p>\n\n\n\n<hr class=\"wp-block-separator has-alpha-channel-opacity\" \/>\n\n\n\n<h2 class=\"wp-block-heading\">NESTA SEMANA, A PROFA. DANIELA BRAGA PAIANO SE TORNOU PROFESSORA ASSOCIADA DA UNIVERSIDADE ESTADUAL DE LONDRINA<\/h2>\n\n\n\n<figure class=\"wp-block-image size-full\"><img loading=\"lazy\" decoding=\"async\" width=\"880\" height=\"675\" src=\"https:\/\/pos.uel.br\/direito-negocial\/wp-content\/uploads\/2024\/10\/WhatsApp-Image-2024-10-11-at-11.45.49.jpeg\" alt=\"\" class=\"wp-image-295\" srcset=\"https:\/\/pos.uel.br\/direito-negocial\/wp-content\/uploads\/2024\/10\/WhatsApp-Image-2024-10-11-at-11.45.49.jpeg 880w, https:\/\/pos.uel.br\/direito-negocial\/wp-content\/uploads\/2024\/10\/WhatsApp-Image-2024-10-11-at-11.45.49-300x230.jpeg 300w, https:\/\/pos.uel.br\/direito-negocial\/wp-content\/uploads\/2024\/10\/WhatsApp-Image-2024-10-11-at-11.45.49-768x589.jpeg 768w\" sizes=\"auto, (max-width: 880px) 100vw, 880px\" \/><figcaption class=\"wp-element-caption\">A banca foi composta pelas Profas. da casa Luciana Mendes Pereira e Rita de Cassia Tarifa Espolador e a Profa. externa Alessandra Furlan (UENP).<\/figcaption><\/figure>\n\n\n\n<p class=\"has-text-align-right\">11 de outubro de 2024.<\/p>\n\n\n\n<p class=\"has-text-align-right\">Fonte: Comunica\u00e7\u00e3o PPGDN-UEL<\/p>\n\n\n\n<hr class=\"wp-block-separator has-alpha-channel-opacity\" \/>\n\n\n\n<h2 class=\"wp-block-heading\">NA SEGUNDA-FEIRA (07\/10) O DOUTORANDO PROF. ARTHUR LUSTOSA STROZZI PALESTROU NA SEMANA JUR\u00cdDICA DA UNOPAR ANHANGUERA DE ARAPONGAS<\/h2>\n\n\n\n<figure class=\"wp-block-gallery has-nested-images columns-default is-cropped wp-block-gallery-23 is-layout-flex wp-block-gallery-is-layout-flex\">\n<figure class=\"wp-block-image size-large\"><img loading=\"lazy\" decoding=\"async\" width=\"788\" height=\"796\" data-id=\"298\" src=\"https:\/\/pos.uel.br\/direito-negocial\/wp-content\/uploads\/2024\/10\/WhatsApp-Image-2024-10-11-at-11.49.36.jpeg\" alt=\"\" class=\"wp-image-298\" srcset=\"https:\/\/pos.uel.br\/direito-negocial\/wp-content\/uploads\/2024\/10\/WhatsApp-Image-2024-10-11-at-11.49.36.jpeg 788w, https:\/\/pos.uel.br\/direito-negocial\/wp-content\/uploads\/2024\/10\/WhatsApp-Image-2024-10-11-at-11.49.36-297x300.jpeg 297w, https:\/\/pos.uel.br\/direito-negocial\/wp-content\/uploads\/2024\/10\/WhatsApp-Image-2024-10-11-at-11.49.36-768x776.jpeg 768w\" sizes=\"auto, (max-width: 788px) 100vw, 788px\" \/><\/figure>\n\n\n\n<figure class=\"wp-block-image size-large\"><img loading=\"lazy\" decoding=\"async\" width=\"822\" height=\"719\" data-id=\"299\" src=\"https:\/\/pos.uel.br\/direito-negocial\/wp-content\/uploads\/2024\/10\/WhatsApp-Image-2024-10-11-at-11.49.08-1.jpeg\" alt=\"\" class=\"wp-image-299\" srcset=\"https:\/\/pos.uel.br\/direito-negocial\/wp-content\/uploads\/2024\/10\/WhatsApp-Image-2024-10-11-at-11.49.08-1.jpeg 822w, https:\/\/pos.uel.br\/direito-negocial\/wp-content\/uploads\/2024\/10\/WhatsApp-Image-2024-10-11-at-11.49.08-1-300x262.jpeg 300w, https:\/\/pos.uel.br\/direito-negocial\/wp-content\/uploads\/2024\/10\/WhatsApp-Image-2024-10-11-at-11.49.08-1-768x672.jpeg 768w\" sizes=\"auto, (max-width: 822px) 100vw, 822px\" \/><\/figure>\n<\/figure>\n\n\n\n<p class=\"has-text-align-right\">11 de outubro de 2024.<\/p>\n\n\n\n<p class=\"has-text-align-right\">Fonte: Comunica\u00e7\u00e3o PPGDN-UEL<\/p>\n\n\n\n<h2 class=\"wp-block-heading\">DOUTORANDA JOICE DUARTE GON\u00c7ALVES BERGAMASCHI QUALIFICA TESE<\/h2>\n\n\n\n<p><\/p>\n\n\n\n<p>O PPGDN-UEL celebra mais um avan\u00e7o acad\u00eamico com a qualifica\u00e7\u00e3o da tese da doutoranda Joice Duarte Gon\u00e7alves Bergamaschi. A qualifica\u00e7\u00e3o representa um passo fundamental na trajet\u00f3ria acad\u00eamica, consolidando a pesquisa em desenvolvimento e preparando-a para a defesa final.<\/p>\n\n\n\n<p>No dia 08 de outubro de 2024, \u00e0s 19h, a qualifica\u00e7\u00e3o foi realizada na sala Banca Remota, no Centro de Estudos Sociais Aplicados da Universidade Estadual de Londrina. A banca examinadora, designada pela Comiss\u00e3o Coordenadora do Doutorado em Direito Negocial, foi composta pelos professores T\u00e2nia Lobo Muniz, Clodomiro Jos\u00e9 Bannwart Junior, Elve Miguel Cenci e Wagner Luiz Menezes Lino.<\/p>\n\n\n\n<p>Ap\u00f3s a apresenta\u00e7\u00e3o do trabalho intitulado <em>Os subs\u00eddios agr\u00edcolas e a perspectiva cosmopolita de desenvolvimento na Organiza\u00e7\u00e3o Mundial do Com\u00e9rcio<\/em>, a doutoranda respondeu \u00e0s argui\u00e7\u00f5es da banca. Encerradas as discuss\u00f5es, o julgamento foi realizado e, computadas as notas, a candidata foi considerada aprovada.<\/p>\n\n\n\n<p>A comunidade acad\u00eamica parabeniza a doutoranda por essa importante etapa e deseja sucesso na continuidade de seus estudos e contribui\u00e7\u00f5es para a pesquisa jur\u00eddica.<\/p>\n\n\n\n<figure class=\"wp-block-gallery has-nested-images columns-default is-cropped wp-block-gallery-24 is-layout-flex wp-block-gallery-is-layout-flex\">\n<figure class=\"wp-block-image size-large\"><img loading=\"lazy\" decoding=\"async\" width=\"200\" height=\"200\" data-id=\"1434\" src=\"https:\/\/pos.uel.br\/direito-negocial\/wp-content\/uploads\/2025\/02\/Prof-Wagner.jpg\" alt=\"\" class=\"wp-image-1434\" srcset=\"https:\/\/pos.uel.br\/direito-negocial\/wp-content\/uploads\/2025\/02\/Prof-Wagner.jpg 200w, https:\/\/pos.uel.br\/direito-negocial\/wp-content\/uploads\/2025\/02\/Prof-Wagner-150x150.jpg 150w\" sizes=\"auto, (max-width: 200px) 100vw, 200px\" \/><figcaption class=\"wp-element-caption\">Professor WAGNER LUIZ MENEZES LINO<\/figcaption><\/figure>\n\n\n\n<figure class=\"wp-block-image size-large\"><img loading=\"lazy\" decoding=\"async\" width=\"224\" height=\"224\" data-id=\"1435\" src=\"https:\/\/pos.uel.br\/direito-negocial\/wp-content\/uploads\/2025\/02\/Prof.-Tania.jpg\" alt=\"\" class=\"wp-image-1435\" srcset=\"https:\/\/pos.uel.br\/direito-negocial\/wp-content\/uploads\/2025\/02\/Prof.-Tania.jpg 224w, https:\/\/pos.uel.br\/direito-negocial\/wp-content\/uploads\/2025\/02\/Prof.-Tania-150x150.jpg 150w\" sizes=\"auto, (max-width: 224px) 100vw, 224px\" \/><figcaption class=\"wp-element-caption\">Professora T\u00c2NIA LOBO MUNIZ<\/figcaption><\/figure>\n\n\n\n<figure class=\"wp-block-image size-large\"><img loading=\"lazy\" decoding=\"async\" width=\"225\" height=\"225\" data-id=\"1436\" src=\"https:\/\/pos.uel.br\/direito-negocial\/wp-content\/uploads\/2025\/02\/Prof.-Clodomiro.jpg\" alt=\"\" class=\"wp-image-1436\" srcset=\"https:\/\/pos.uel.br\/direito-negocial\/wp-content\/uploads\/2025\/02\/Prof.-Clodomiro.jpg 225w, https:\/\/pos.uel.br\/direito-negocial\/wp-content\/uploads\/2025\/02\/Prof.-Clodomiro-150x150.jpg 150w\" sizes=\"auto, (max-width: 225px) 100vw, 225px\" \/><figcaption class=\"wp-element-caption\">Professor CLODOMIRO BANNWART JUNIOR<\/figcaption><\/figure>\n\n\n\n<figure class=\"wp-block-image size-large\"><img loading=\"lazy\" decoding=\"async\" width=\"200\" height=\"200\" data-id=\"1437\" src=\"https:\/\/pos.uel.br\/direito-negocial\/wp-content\/uploads\/2025\/02\/Joice.jpg\" alt=\"\" class=\"wp-image-1437\" srcset=\"https:\/\/pos.uel.br\/direito-negocial\/wp-content\/uploads\/2025\/02\/Joice.jpg 200w, https:\/\/pos.uel.br\/direito-negocial\/wp-content\/uploads\/2025\/02\/Joice-150x150.jpg 150w\" sizes=\"auto, (max-width: 200px) 100vw, 200px\" \/><figcaption class=\"wp-element-caption\">Doutoranda JOICE DUARTE GON\u00c7ALVES BERGAMASCHI<\/figcaption><\/figure>\n\n\n\n<figure class=\"wp-block-image size-large\"><img loading=\"lazy\" decoding=\"async\" width=\"225\" height=\"225\" data-id=\"1438\" src=\"https:\/\/pos.uel.br\/direito-negocial\/wp-content\/uploads\/2025\/02\/Prof-Elve.jpg\" alt=\"\" class=\"wp-image-1438\" srcset=\"https:\/\/pos.uel.br\/direito-negocial\/wp-content\/uploads\/2025\/02\/Prof-Elve.jpg 225w, https:\/\/pos.uel.br\/direito-negocial\/wp-content\/uploads\/2025\/02\/Prof-Elve-150x150.jpg 150w\" sizes=\"auto, (max-width: 225px) 100vw, 225px\" \/><figcaption class=\"wp-element-caption\">Professor ELVE MIGUEL CENCI<\/figcaption><\/figure>\n<\/figure>\n\n\n\n<p class=\"has-text-align-right\">10 de outubro de 2025.<\/p>\n\n\n\n<p class=\"has-text-align-right\">Fonte: Comunica\u00e7\u00e3o PPGDN-UEL<\/p>\n\n\n\n<hr class=\"wp-block-separator has-alpha-channel-opacity\" \/>\n\n\n\n<h2 class=\"wp-block-heading\">PROGRAMA DE MESTRADO E DOUTORADO EM DIREITO NEGOCIAL DA UEL RECEBE A PROFESSORA LET\u00cdCIA BADDAUY<\/h2>\n\n\n\n<figure class=\"wp-block-gallery has-nested-images columns-default is-cropped wp-block-gallery-25 is-layout-flex wp-block-gallery-is-layout-flex\">\n<figure class=\"wp-block-image size-large\"><img loading=\"lazy\" decoding=\"async\" width=\"742\" height=\"707\" data-id=\"365\" src=\"https:\/\/pos.uel.br\/direito-negocial\/wp-content\/uploads\/2024\/10\/c9c62e5a-cd77-46c1-881a-546f0c71aa99.jpeg\" alt=\"\" class=\"wp-image-365\" srcset=\"https:\/\/pos.uel.br\/direito-negocial\/wp-content\/uploads\/2024\/10\/c9c62e5a-cd77-46c1-881a-546f0c71aa99.jpeg 742w, https:\/\/pos.uel.br\/direito-negocial\/wp-content\/uploads\/2024\/10\/c9c62e5a-cd77-46c1-881a-546f0c71aa99-300x286.jpeg 300w\" sizes=\"auto, (max-width: 742px) 100vw, 742px\" \/><\/figure>\n\n\n\n<figure class=\"wp-block-image size-large\"><img loading=\"lazy\" decoding=\"async\" width=\"828\" height=\"673\" data-id=\"364\" src=\"https:\/\/pos.uel.br\/direito-negocial\/wp-content\/uploads\/2024\/10\/fdd96cb6-e2e1-4b2e-88d8-d73372841d7b.jpeg\" alt=\"\" class=\"wp-image-364\" srcset=\"https:\/\/pos.uel.br\/direito-negocial\/wp-content\/uploads\/2024\/10\/fdd96cb6-e2e1-4b2e-88d8-d73372841d7b.jpeg 828w, https:\/\/pos.uel.br\/direito-negocial\/wp-content\/uploads\/2024\/10\/fdd96cb6-e2e1-4b2e-88d8-d73372841d7b-300x244.jpeg 300w, https:\/\/pos.uel.br\/direito-negocial\/wp-content\/uploads\/2024\/10\/fdd96cb6-e2e1-4b2e-88d8-d73372841d7b-768x624.jpeg 768w\" sizes=\"auto, (max-width: 828px) 100vw, 828px\" \/><\/figure>\n\n\n\n<figure class=\"wp-block-image size-large\"><img loading=\"lazy\" decoding=\"async\" width=\"828\" height=\"697\" data-id=\"366\" src=\"https:\/\/pos.uel.br\/direito-negocial\/wp-content\/uploads\/2024\/10\/7b24ba4a-bb81-4d4f-b44d-450810ea5cc2.jpeg\" alt=\"\" class=\"wp-image-366\" srcset=\"https:\/\/pos.uel.br\/direito-negocial\/wp-content\/uploads\/2024\/10\/7b24ba4a-bb81-4d4f-b44d-450810ea5cc2.jpeg 828w, https:\/\/pos.uel.br\/direito-negocial\/wp-content\/uploads\/2024\/10\/7b24ba4a-bb81-4d4f-b44d-450810ea5cc2-300x253.jpeg 300w, https:\/\/pos.uel.br\/direito-negocial\/wp-content\/uploads\/2024\/10\/7b24ba4a-bb81-4d4f-b44d-450810ea5cc2-768x646.jpeg 768w\" sizes=\"auto, (max-width: 828px) 100vw, 828px\" \/><\/figure>\n<\/figure>\n\n\n\n<p>O Programa de Mestrado e Doutorado em Direito Negocial da Universidade Estadual de Londrina recebeu um grande presente! \ud83c\udf81\ud83c\udf8a<\/p>\n\n\n\n<p>Na data de hoje, a Professora Let\u00edcia Baddauy, representando a Professora Fl\u00e1via Trentini, presenteou o programa com um exemplar da obra <strong>\u201cRegulatory Barriers for the Implementation of Brazilian Climate Policies in the Afolu Sector: Forest Code, ABC Plan, and Renovabio\u201d<\/strong>.<\/p>\n\n\n\n<p>O programa agradece pela valiosa contribui\u00e7\u00e3o, que certamente enriquecer\u00e1 ainda mais o acervo de pesquisas e estudos.<\/p>\n\n\n\n<p class=\"has-text-align-right\">29 de setembro de 2023.<\/p>\n\n\n\n<p class=\"has-text-align-right\">Fonte: Comunica\u00e7\u00e3o PPGDN-UEL<\/p>\n\n\n\n<hr class=\"wp-block-separator has-alpha-channel-opacity\" \/>\n\n\n\n<h2 class=\"wp-block-heading\">VICE-COORDENADORA DO PROGRAMA DE MESTRADO E DOUTORADO EM DIREITO NEGOCIAL DA UEL REALIZA LAN\u00c7AMENTO DO LIVRO &#8220;T\u00c1TICAS DE GUERRILHA NA ARBITRAGEM INTERNACIONAL&#8221;<\/h2>\n\n\n\n<figure class=\"wp-block-gallery has-nested-images columns-default is-cropped wp-block-gallery-26 is-layout-flex wp-block-gallery-is-layout-flex\">\n<figure class=\"wp-block-image size-large\"><img loading=\"lazy\" decoding=\"async\" width=\"828\" height=\"902\" data-id=\"361\" src=\"https:\/\/pos.uel.br\/direito-negocial\/wp-content\/uploads\/2024\/10\/WhatsApp-Image-2024-10-18-at-16.51.07.jpeg\" alt=\"\" class=\"wp-image-361\" srcset=\"https:\/\/pos.uel.br\/direito-negocial\/wp-content\/uploads\/2024\/10\/WhatsApp-Image-2024-10-18-at-16.51.07.jpeg 828w, https:\/\/pos.uel.br\/direito-negocial\/wp-content\/uploads\/2024\/10\/WhatsApp-Image-2024-10-18-at-16.51.07-275x300.jpeg 275w, https:\/\/pos.uel.br\/direito-negocial\/wp-content\/uploads\/2024\/10\/WhatsApp-Image-2024-10-18-at-16.51.07-768x837.jpeg 768w\" sizes=\"auto, (max-width: 828px) 100vw, 828px\" \/><\/figure>\n\n\n\n<figure class=\"wp-block-image size-large\"><img loading=\"lazy\" decoding=\"async\" width=\"828\" height=\"850\" data-id=\"362\" src=\"https:\/\/pos.uel.br\/direito-negocial\/wp-content\/uploads\/2024\/10\/WhatsApp-Image-2024-10-18-at-16.51.06.jpeg\" alt=\"\" class=\"wp-image-362\" srcset=\"https:\/\/pos.uel.br\/direito-negocial\/wp-content\/uploads\/2024\/10\/WhatsApp-Image-2024-10-18-at-16.51.06.jpeg 828w, https:\/\/pos.uel.br\/direito-negocial\/wp-content\/uploads\/2024\/10\/WhatsApp-Image-2024-10-18-at-16.51.06-292x300.jpeg 292w, https:\/\/pos.uel.br\/direito-negocial\/wp-content\/uploads\/2024\/10\/WhatsApp-Image-2024-10-18-at-16.51.06-768x788.jpeg 768w\" sizes=\"auto, (max-width: 828px) 100vw, 828px\" \/><\/figure>\n<\/figure>\n\n\n\n<p>Estamos em festa! \ud83c\udf89\ud83e\udd73<\/p>\n\n\n\n<p>No dia 19, foi lan\u00e7ado o livro <strong>\u201cT\u00e1ticas de Guerrilha na Arbitragem Internacional\u201d<\/strong>, publicado pela Editora Thoth. A obra \u00e9 de autoria da Professora Patr\u00edcia Ayub da Costa, vice-coordenadora do Programa de Mestrado e Doutorado em Direito Negocial da UEL.<\/p>\n\n\n\n<p>Parab\u00e9ns, professora! Que suas pesquisas continuem a enriquecer a sociedade de forma generosa e impactante. \ud83d\udd2c\ud83d\udc9a<\/p>\n\n\n\n<p class=\"has-text-align-right\">19 de setembro de 2023<\/p>\n\n\n\n<p class=\"has-text-align-right\">Fonte: Comunica\u00e7\u00e3o PPGDN-UEL<\/p>\n\n\n\n<hr class=\"wp-block-separator has-alpha-channel-opacity\" \/>\n\n\n\n<h2 class=\"wp-block-heading\">PROGRAMA DE MESTRADO E DOUTORADO EM DIREITO NEGOCIAL PARTICIPA DE HOMENAGEM AO PROFESSOR DR. ZULMAR FACHIN<\/h2>\n\n\n\n<figure class=\"wp-block-gallery has-nested-images columns-default is-cropped wp-block-gallery-27 is-layout-flex wp-block-gallery-is-layout-flex\">\n<figure class=\"wp-block-image size-large\"><img loading=\"lazy\" decoding=\"async\" width=\"828\" height=\"554\" data-id=\"353\" src=\"https:\/\/pos.uel.br\/direito-negocial\/wp-content\/uploads\/2024\/10\/WhatsApp-Image-2024-10-18-at-16.45.43.jpeg\" alt=\"\" class=\"wp-image-353\" srcset=\"https:\/\/pos.uel.br\/direito-negocial\/wp-content\/uploads\/2024\/10\/WhatsApp-Image-2024-10-18-at-16.45.43.jpeg 828w, https:\/\/pos.uel.br\/direito-negocial\/wp-content\/uploads\/2024\/10\/WhatsApp-Image-2024-10-18-at-16.45.43-300x201.jpeg 300w, https:\/\/pos.uel.br\/direito-negocial\/wp-content\/uploads\/2024\/10\/WhatsApp-Image-2024-10-18-at-16.45.43-768x514.jpeg 768w\" sizes=\"auto, (max-width: 828px) 100vw, 828px\" \/><\/figure>\n\n\n\n<figure class=\"wp-block-image size-large\"><img loading=\"lazy\" decoding=\"async\" width=\"810\" height=\"604\" data-id=\"355\" src=\"https:\/\/pos.uel.br\/direito-negocial\/wp-content\/uploads\/2024\/10\/WhatsApp-Image-2024-10-18-at-16.45.42-1.jpeg\" alt=\"\" class=\"wp-image-355\" srcset=\"https:\/\/pos.uel.br\/direito-negocial\/wp-content\/uploads\/2024\/10\/WhatsApp-Image-2024-10-18-at-16.45.42-1.jpeg 810w, https:\/\/pos.uel.br\/direito-negocial\/wp-content\/uploads\/2024\/10\/WhatsApp-Image-2024-10-18-at-16.45.42-1-300x224.jpeg 300w, https:\/\/pos.uel.br\/direito-negocial\/wp-content\/uploads\/2024\/10\/WhatsApp-Image-2024-10-18-at-16.45.42-1-768x573.jpeg 768w\" sizes=\"auto, (max-width: 810px) 100vw, 810px\" \/><\/figure>\n\n\n\n<figure class=\"wp-block-image size-large\"><img loading=\"lazy\" decoding=\"async\" width=\"822\" height=\"604\" data-id=\"354\" src=\"https:\/\/pos.uel.br\/direito-negocial\/wp-content\/uploads\/2024\/10\/WhatsApp-Image-2024-10-18-at-16.45.42.jpeg\" alt=\"\" class=\"wp-image-354\" srcset=\"https:\/\/pos.uel.br\/direito-negocial\/wp-content\/uploads\/2024\/10\/WhatsApp-Image-2024-10-18-at-16.45.42.jpeg 822w, https:\/\/pos.uel.br\/direito-negocial\/wp-content\/uploads\/2024\/10\/WhatsApp-Image-2024-10-18-at-16.45.42-300x220.jpeg 300w, https:\/\/pos.uel.br\/direito-negocial\/wp-content\/uploads\/2024\/10\/WhatsApp-Image-2024-10-18-at-16.45.42-768x564.jpeg 768w\" sizes=\"auto, (max-width: 822px) 100vw, 822px\" \/><\/figure>\n\n\n\n<figure class=\"wp-block-image size-large\"><img loading=\"lazy\" decoding=\"async\" width=\"787\" height=\"598\" data-id=\"351\" src=\"https:\/\/pos.uel.br\/direito-negocial\/wp-content\/uploads\/2024\/10\/WhatsApp-Image-2024-10-18-at-16.45.41.jpeg\" alt=\"\" class=\"wp-image-351\" srcset=\"https:\/\/pos.uel.br\/direito-negocial\/wp-content\/uploads\/2024\/10\/WhatsApp-Image-2024-10-18-at-16.45.41.jpeg 787w, https:\/\/pos.uel.br\/direito-negocial\/wp-content\/uploads\/2024\/10\/WhatsApp-Image-2024-10-18-at-16.45.41-300x228.jpeg 300w, https:\/\/pos.uel.br\/direito-negocial\/wp-content\/uploads\/2024\/10\/WhatsApp-Image-2024-10-18-at-16.45.41-768x584.jpeg 768w\" sizes=\"auto, (max-width: 787px) 100vw, 787px\" \/><\/figure>\n\n\n\n<figure class=\"wp-block-image size-large\"><img loading=\"lazy\" decoding=\"async\" width=\"828\" height=\"591\" data-id=\"352\" src=\"https:\/\/pos.uel.br\/direito-negocial\/wp-content\/uploads\/2024\/10\/WhatsApp-Image-2024-10-18-at-16.45.40-1.jpeg\" alt=\"\" class=\"wp-image-352\" srcset=\"https:\/\/pos.uel.br\/direito-negocial\/wp-content\/uploads\/2024\/10\/WhatsApp-Image-2024-10-18-at-16.45.40-1.jpeg 828w, https:\/\/pos.uel.br\/direito-negocial\/wp-content\/uploads\/2024\/10\/WhatsApp-Image-2024-10-18-at-16.45.40-1-300x214.jpeg 300w, https:\/\/pos.uel.br\/direito-negocial\/wp-content\/uploads\/2024\/10\/WhatsApp-Image-2024-10-18-at-16.45.40-1-768x548.jpeg 768w\" sizes=\"auto, (max-width: 828px) 100vw, 828px\" \/><\/figure>\n\n\n\n<figure class=\"wp-block-image size-large\"><img loading=\"lazy\" decoding=\"async\" width=\"808\" height=\"580\" data-id=\"356\" src=\"https:\/\/pos.uel.br\/direito-negocial\/wp-content\/uploads\/2024\/10\/WhatsApp-Image-2024-10-18-at-16.45.40.jpeg\" alt=\"\" class=\"wp-image-356\" srcset=\"https:\/\/pos.uel.br\/direito-negocial\/wp-content\/uploads\/2024\/10\/WhatsApp-Image-2024-10-18-at-16.45.40.jpeg 808w, https:\/\/pos.uel.br\/direito-negocial\/wp-content\/uploads\/2024\/10\/WhatsApp-Image-2024-10-18-at-16.45.40-300x215.jpeg 300w, https:\/\/pos.uel.br\/direito-negocial\/wp-content\/uploads\/2024\/10\/WhatsApp-Image-2024-10-18-at-16.45.40-768x551.jpeg 768w\" sizes=\"auto, (max-width: 808px) 100vw, 808px\" \/><\/figure>\n\n\n\n<figure class=\"wp-block-image size-large\"><img loading=\"lazy\" decoding=\"async\" width=\"773\" height=\"471\" data-id=\"357\" src=\"https:\/\/pos.uel.br\/direito-negocial\/wp-content\/uploads\/2024\/10\/WhatsApp-Image-2024-10-18-at-16.45.39-1.jpeg\" alt=\"\" class=\"wp-image-357\" srcset=\"https:\/\/pos.uel.br\/direito-negocial\/wp-content\/uploads\/2024\/10\/WhatsApp-Image-2024-10-18-at-16.45.39-1.jpeg 773w, https:\/\/pos.uel.br\/direito-negocial\/wp-content\/uploads\/2024\/10\/WhatsApp-Image-2024-10-18-at-16.45.39-1-300x183.jpeg 300w, https:\/\/pos.uel.br\/direito-negocial\/wp-content\/uploads\/2024\/10\/WhatsApp-Image-2024-10-18-at-16.45.39-1-768x468.jpeg 768w\" sizes=\"auto, (max-width: 773px) 100vw, 773px\" \/><\/figure>\n\n\n\n<figure class=\"wp-block-image size-large\"><img loading=\"lazy\" decoding=\"async\" width=\"664\" height=\"527\" data-id=\"358\" src=\"https:\/\/pos.uel.br\/direito-negocial\/wp-content\/uploads\/2024\/10\/WhatsApp-Image-2024-10-18-at-16.45.39.jpeg\" alt=\"\" class=\"wp-image-358\" srcset=\"https:\/\/pos.uel.br\/direito-negocial\/wp-content\/uploads\/2024\/10\/WhatsApp-Image-2024-10-18-at-16.45.39.jpeg 664w, https:\/\/pos.uel.br\/direito-negocial\/wp-content\/uploads\/2024\/10\/WhatsApp-Image-2024-10-18-at-16.45.39-300x238.jpeg 300w\" sizes=\"auto, (max-width: 664px) 100vw, 664px\" \/><\/figure>\n\n\n\n<figure class=\"wp-block-image size-large\"><img loading=\"lazy\" decoding=\"async\" width=\"822\" height=\"437\" data-id=\"359\" src=\"https:\/\/pos.uel.br\/direito-negocial\/wp-content\/uploads\/2024\/10\/WhatsApp-Image-2024-10-18-at-16.45.38.jpeg\" alt=\"\" class=\"wp-image-359\" srcset=\"https:\/\/pos.uel.br\/direito-negocial\/wp-content\/uploads\/2024\/10\/WhatsApp-Image-2024-10-18-at-16.45.38.jpeg 822w, https:\/\/pos.uel.br\/direito-negocial\/wp-content\/uploads\/2024\/10\/WhatsApp-Image-2024-10-18-at-16.45.38-300x159.jpeg 300w, https:\/\/pos.uel.br\/direito-negocial\/wp-content\/uploads\/2024\/10\/WhatsApp-Image-2024-10-18-at-16.45.38-768x408.jpeg 768w\" sizes=\"auto, (max-width: 822px) 100vw, 822px\" \/><\/figure>\n<\/figure>\n\n\n\n<p>No dia 18 de setembro de 2023, \u00e0s 19h30, foi realizado no anfiteatro do Centro de Estudos Sociais Aplicados (Cesa) um evento em homenagem ao Prof. Dr. Zulmar Fachin, em reconhecimento aos anos de dedica\u00e7\u00e3o \u00e0 Universidade Estadual de Londrina (UEL).<\/p>\n\n\n\n<p>O Programa de P\u00f3s-Gradua\u00e7\u00e3o em Direito Negocial (PPGDN-UEL), representado pelo Prof. Dr. Clodomiro Bannwart, prestou uma emocionante homenagem com um discurso repleto de admira\u00e7\u00e3o. A mestranda Viviana Matsui, do PPGDN-UEL, tamb\u00e9m participou da cerim\u00f4nia, juntamente com o residente t\u00e9cnico em gest\u00e3o p\u00fablica, Rafael Vargas Aglio, ambos respons\u00e1veis pelo cerimonial do evento.<\/p>\n\n\n\n<p>Em agradecimento pelos anos de servi\u00e7os prestados, a funcion\u00e1ria Kerly P., representando os discentes, docentes e demais funcion\u00e1rios da UEL, entregou ao professor Zulmar Fachin uma placa de homenagem.<\/p>\n\n\n\n<p>Agradecimentos especiais ao Prof. Miguel Belinati, atual diretor do Cesa, pelo convite e pela organiza\u00e7\u00e3o do evento.<\/p>\n\n\n\n<p class=\"has-text-align-right\">18 de setembro de 2023<\/p>\n\n\n\n<p class=\"has-text-align-right\">FONTE: Comunica\u00e7\u00e3o PPGDN-UEL<\/p>\n\n\n\n<hr class=\"wp-block-separator has-alpha-channel-opacity\" \/>\n\n\n\n<h2 class=\"wp-block-heading\">PROGRAMA DE MESTRADO E DOUTORADO EM DIREITO NEGOCIAL, REPRESENTADO PELA PROFESSORA DANIELA BRAGA PAIANO, PARTICIPA DE DISCIPLINA EM CONJUNTO COM OS PPGDs DA UFPR E DA UFRGS NA UNIVERSIDADE FEDERAL DO PARAN\u00c1<\/h2>\n\n\n\n<figure class=\"wp-block-gallery has-nested-images columns-default is-cropped wp-block-gallery-28 is-layout-flex wp-block-gallery-is-layout-flex\">\n<figure class=\"wp-block-image size-large\"><img loading=\"lazy\" decoding=\"async\" width=\"769\" height=\"635\" data-id=\"342\" src=\"https:\/\/pos.uel.br\/direito-negocial\/wp-content\/uploads\/2024\/10\/WhatsApp-Image-2024-10-18-at-16.12.25-1.jpeg\" alt=\"\" class=\"wp-image-342\" srcset=\"https:\/\/pos.uel.br\/direito-negocial\/wp-content\/uploads\/2024\/10\/WhatsApp-Image-2024-10-18-at-16.12.25-1.jpeg 769w, https:\/\/pos.uel.br\/direito-negocial\/wp-content\/uploads\/2024\/10\/WhatsApp-Image-2024-10-18-at-16.12.25-1-300x248.jpeg 300w\" sizes=\"auto, (max-width: 769px) 100vw, 769px\" \/><\/figure>\n\n\n\n<figure class=\"wp-block-image size-large\"><img loading=\"lazy\" decoding=\"async\" width=\"828\" height=\"647\" data-id=\"344\" src=\"https:\/\/pos.uel.br\/direito-negocial\/wp-content\/uploads\/2024\/10\/WhatsApp-Image-2024-10-18-at-16.12.25.jpeg\" alt=\"\" class=\"wp-image-344\" srcset=\"https:\/\/pos.uel.br\/direito-negocial\/wp-content\/uploads\/2024\/10\/WhatsApp-Image-2024-10-18-at-16.12.25.jpeg 828w, https:\/\/pos.uel.br\/direito-negocial\/wp-content\/uploads\/2024\/10\/WhatsApp-Image-2024-10-18-at-16.12.25-300x234.jpeg 300w, https:\/\/pos.uel.br\/direito-negocial\/wp-content\/uploads\/2024\/10\/WhatsApp-Image-2024-10-18-at-16.12.25-768x600.jpeg 768w\" sizes=\"auto, (max-width: 828px) 100vw, 828px\" \/><\/figure>\n\n\n\n<figure class=\"wp-block-image size-large\"><img loading=\"lazy\" decoding=\"async\" width=\"828\" height=\"618\" data-id=\"345\" src=\"https:\/\/pos.uel.br\/direito-negocial\/wp-content\/uploads\/2024\/10\/WhatsApp-Image-2024-10-18-at-16.12.24-2.jpeg\" alt=\"\" class=\"wp-image-345\" srcset=\"https:\/\/pos.uel.br\/direito-negocial\/wp-content\/uploads\/2024\/10\/WhatsApp-Image-2024-10-18-at-16.12.24-2.jpeg 828w, https:\/\/pos.uel.br\/direito-negocial\/wp-content\/uploads\/2024\/10\/WhatsApp-Image-2024-10-18-at-16.12.24-2-300x224.jpeg 300w, https:\/\/pos.uel.br\/direito-negocial\/wp-content\/uploads\/2024\/10\/WhatsApp-Image-2024-10-18-at-16.12.24-2-768x573.jpeg 768w\" sizes=\"auto, (max-width: 828px) 100vw, 828px\" \/><\/figure>\n\n\n\n<figure class=\"wp-block-image size-large\"><img loading=\"lazy\" decoding=\"async\" width=\"604\" height=\"680\" data-id=\"343\" src=\"https:\/\/pos.uel.br\/direito-negocial\/wp-content\/uploads\/2024\/10\/WhatsApp-Image-2024-10-18-at-16.12.24-1.jpeg\" alt=\"\" class=\"wp-image-343\" srcset=\"https:\/\/pos.uel.br\/direito-negocial\/wp-content\/uploads\/2024\/10\/WhatsApp-Image-2024-10-18-at-16.12.24-1.jpeg 604w, https:\/\/pos.uel.br\/direito-negocial\/wp-content\/uploads\/2024\/10\/WhatsApp-Image-2024-10-18-at-16.12.24-1-266x300.jpeg 266w\" sizes=\"auto, (max-width: 604px) 100vw, 604px\" \/><\/figure>\n\n\n\n<figure class=\"wp-block-image size-large\"><img loading=\"lazy\" decoding=\"async\" width=\"828\" height=\"631\" data-id=\"346\" src=\"https:\/\/pos.uel.br\/direito-negocial\/wp-content\/uploads\/2024\/10\/WhatsApp-Image-2024-10-18-at-16.12.24.jpeg\" alt=\"\" class=\"wp-image-346\" srcset=\"https:\/\/pos.uel.br\/direito-negocial\/wp-content\/uploads\/2024\/10\/WhatsApp-Image-2024-10-18-at-16.12.24.jpeg 828w, https:\/\/pos.uel.br\/direito-negocial\/wp-content\/uploads\/2024\/10\/WhatsApp-Image-2024-10-18-at-16.12.24-300x229.jpeg 300w, https:\/\/pos.uel.br\/direito-negocial\/wp-content\/uploads\/2024\/10\/WhatsApp-Image-2024-10-18-at-16.12.24-768x585.jpeg 768w\" sizes=\"auto, (max-width: 828px) 100vw, 828px\" \/><\/figure>\n<\/figure>\n\n\n\n<p>Nesta semana, o Programa de P\u00f3s-Gradua\u00e7\u00e3o em Direito Negocial (PPGDN) da Universidade Estadual de Londrina (UEL), representado pela professora Daniela Braga Paiano, em colabora\u00e7\u00e3o com os Programas de P\u00f3s-Gradua\u00e7\u00e3o em Direito (PPGD) da Universidade Federal do Paran\u00e1 (UFPR), sob a lideran\u00e7a da professora Mar\u00edlia Pedroso Xavier, e da Universidade Federal do Rio Grande do Sul (UFRGS), com a professora Simone Tassinari, ministrou uma disciplina conjunta sobre o Direito de Fam\u00edlia contempor\u00e2neo, com foco na contratualiza\u00e7\u00e3o, extrajudicializa\u00e7\u00e3o e deslegaliza\u00e7\u00e3o.<\/p>\n\n\n\n<p>As aulas foram realizadas presencialmente na Universidade Federal do Paran\u00e1, com a participa\u00e7\u00e3o de alunos da UEL que se deslocaram at\u00e9 Curitiba, al\u00e9m da op\u00e7\u00e3o de acompanhamento simult\u00e2neo em formato virtual.<\/p>\n\n\n\n<p>No mesmo dia, a professora Daniela Braga Paiano tamb\u00e9m integrou a banca de defesa da tese de doutorado do discente Hermano Faustino, intitulada &#8220;Ado\u00e7\u00e3o intuitu personae: a entrega direta como direito da mulher.&#8221;<\/p>\n\n\n\n<p class=\"has-text-align-right\">15 de setembro de 2023<\/p>\n\n\n\n<p class=\"has-text-align-right\">Fonte: Comunica\u00e7\u00e3o PPGDN-UEL<\/p>\n\n\n\n<hr class=\"wp-block-separator has-alpha-channel-opacity\" \/>\n\n\n\n<h2 class=\"wp-block-heading\">EST\u00c1 ABERTO PROCESSO SELETIVO PARA ALUNO REGULAR DO PROGRAMA DE DOUTORADO EM DIREITO NEGOCIAL DA UEL<\/h2>\n\n\n\n<figure class=\"wp-block-gallery has-nested-images columns-default is-cropped wp-block-gallery-29 is-layout-flex wp-block-gallery-is-layout-flex\">\n<figure class=\"wp-block-image size-large\"><img loading=\"lazy\" decoding=\"async\" width=\"1024\" height=\"1024\" data-id=\"341\" src=\"https:\/\/pos.uel.br\/direito-negocial\/wp-content\/uploads\/2024\/10\/Post-feed-1-1024x1024.png\" alt=\"\" class=\"wp-image-341\" srcset=\"https:\/\/pos.uel.br\/direito-negocial\/wp-content\/uploads\/2024\/10\/Post-feed-1-1024x1024.png 1024w, https:\/\/pos.uel.br\/direito-negocial\/wp-content\/uploads\/2024\/10\/Post-feed-1-300x300.png 300w, https:\/\/pos.uel.br\/direito-negocial\/wp-content\/uploads\/2024\/10\/Post-feed-1-150x150.png 150w, https:\/\/pos.uel.br\/direito-negocial\/wp-content\/uploads\/2024\/10\/Post-feed-1-768x768.png 768w, https:\/\/pos.uel.br\/direito-negocial\/wp-content\/uploads\/2024\/10\/Post-feed-1.png 1080w\" sizes=\"auto, (max-width: 1024px) 100vw, 1024px\" \/><\/figure>\n<\/figure>\n\n\n\n<p class=\"has-text-align-right\">01 de setembro de 2023.<\/p>\n\n\n\n<p class=\"has-text-align-right\">Fonte: Comunica\u00e7\u00e3o&nbsp;PPGDN-UEL<\/p>\n\n\n\n<hr class=\"wp-block-separator has-alpha-channel-opacity\" \/>\n\n\n\n<h2 class=\"wp-block-heading\">PROGRAMA DE MESTRADO E DOUTORADO EM DIREITO NEGOCIAL SEDIA III ENCONTRO INTERNACIONAL DA REFAM<\/h2>\n\n\n\n<figure class=\"wp-block-gallery has-nested-images columns-default is-cropped wp-block-gallery-30 is-layout-flex wp-block-gallery-is-layout-flex\">\n<figure class=\"wp-block-image size-large\"><img loading=\"lazy\" decoding=\"async\" width=\"1024\" height=\"1024\" data-id=\"340\" src=\"https:\/\/pos.uel.br\/direito-negocial\/wp-content\/uploads\/2024\/10\/REFAM-1024x1024.jpg\" alt=\"\" class=\"wp-image-340\" srcset=\"https:\/\/pos.uel.br\/direito-negocial\/wp-content\/uploads\/2024\/10\/REFAM-1024x1024.jpg 1024w, https:\/\/pos.uel.br\/direito-negocial\/wp-content\/uploads\/2024\/10\/REFAM-300x300.jpg 300w, https:\/\/pos.uel.br\/direito-negocial\/wp-content\/uploads\/2024\/10\/REFAM-150x150.jpg 150w, https:\/\/pos.uel.br\/direito-negocial\/wp-content\/uploads\/2024\/10\/REFAM-768x768.jpg 768w, https:\/\/pos.uel.br\/direito-negocial\/wp-content\/uploads\/2024\/10\/REFAM.jpg 1080w\" sizes=\"auto, (max-width: 1024px) 100vw, 1024px\" \/><\/figure>\n<\/figure>\n\n\n\n<p class=\"has-text-align-right\">01 de setembro de 2023.<\/p>\n\n\n\n<p class=\"has-text-align-right\">Fonte: Comunica\u00e7\u00e3o&nbsp;PPGDN-UEL<\/p>\n\n\n\n<hr class=\"wp-block-separator has-alpha-channel-opacity\" \/>\n\n\n\n<h2 class=\"wp-block-heading\">PROGRAMA DE MESTRADO E DOUTORADO EM DIREITO NEGOCIAL DA UEL REALIZA CICLO DE PALESTRAS<\/h2>\n\n\n\n<figure class=\"wp-block-gallery has-nested-images columns-default is-cropped wp-block-gallery-31 is-layout-flex wp-block-gallery-is-layout-flex\">\n<figure class=\"wp-block-image size-large\"><img loading=\"lazy\" decoding=\"async\" width=\"576\" height=\"1024\" data-id=\"338\" src=\"https:\/\/pos.uel.br\/direito-negocial\/wp-content\/uploads\/2024\/10\/CICLO-ATUAL-576x1024.jpg\" alt=\"\" class=\"wp-image-338\" srcset=\"https:\/\/pos.uel.br\/direito-negocial\/wp-content\/uploads\/2024\/10\/CICLO-ATUAL-576x1024.jpg 576w, https:\/\/pos.uel.br\/direito-negocial\/wp-content\/uploads\/2024\/10\/CICLO-ATUAL-169x300.jpg 169w, https:\/\/pos.uel.br\/direito-negocial\/wp-content\/uploads\/2024\/10\/CICLO-ATUAL.jpg 720w\" sizes=\"auto, (max-width: 576px) 100vw, 576px\" \/><\/figure>\n<\/figure>\n\n\n\n<p class=\"has-text-align-right\">18 de agosto de 2023.<\/p>\n\n\n\n<p class=\"has-text-align-right\">Fonte: Comunica\u00e7\u00e3o&nbsp;PPGDN-UEL<\/p>\n\n\n\n<h2 class=\"wp-block-heading\">PROGRAMA DE MESTRADO E DOUTORADO EM DIREITO NEGOCIAL DA UEL REALIZA I ENCONTRO CIENT\u00cdFICO DE EGRESSOS<\/h2>\n\n\n\n<figure class=\"wp-block-gallery has-nested-images columns-default is-cropped wp-block-gallery-32 is-layout-flex wp-block-gallery-is-layout-flex\">\n<figure class=\"wp-block-image size-large\"><img loading=\"lazy\" decoding=\"async\" width=\"1024\" height=\"1024\" data-id=\"331\" src=\"https:\/\/pos.uel.br\/direito-negocial\/wp-content\/uploads\/2024\/10\/1-1-1-1024x1024.png\" alt=\"\" class=\"wp-image-331\" srcset=\"https:\/\/pos.uel.br\/direito-negocial\/wp-content\/uploads\/2024\/10\/1-1-1-1024x1024.png 1024w, https:\/\/pos.uel.br\/direito-negocial\/wp-content\/uploads\/2024\/10\/1-1-1-300x300.png 300w, https:\/\/pos.uel.br\/direito-negocial\/wp-content\/uploads\/2024\/10\/1-1-1-150x150.png 150w, https:\/\/pos.uel.br\/direito-negocial\/wp-content\/uploads\/2024\/10\/1-1-1-768x768.png 768w, https:\/\/pos.uel.br\/direito-negocial\/wp-content\/uploads\/2024\/10\/1-1-1.png 1080w\" sizes=\"auto, (max-width: 1024px) 100vw, 1024px\" \/><\/figure>\n\n\n\n<figure class=\"wp-block-image size-large\"><img loading=\"lazy\" decoding=\"async\" width=\"1024\" height=\"1024\" data-id=\"334\" src=\"https:\/\/pos.uel.br\/direito-negocial\/wp-content\/uploads\/2024\/10\/25-de-maio-1-1024x1024.png\" alt=\"\" class=\"wp-image-334\" srcset=\"https:\/\/pos.uel.br\/direito-negocial\/wp-content\/uploads\/2024\/10\/25-de-maio-1-1024x1024.png 1024w, https:\/\/pos.uel.br\/direito-negocial\/wp-content\/uploads\/2024\/10\/25-de-maio-1-300x300.png 300w, https:\/\/pos.uel.br\/direito-negocial\/wp-content\/uploads\/2024\/10\/25-de-maio-1-150x150.png 150w, https:\/\/pos.uel.br\/direito-negocial\/wp-content\/uploads\/2024\/10\/25-de-maio-1-768x768.png 768w, https:\/\/pos.uel.br\/direito-negocial\/wp-content\/uploads\/2024\/10\/25-de-maio-1.png 1080w\" sizes=\"auto, (max-width: 1024px) 100vw, 1024px\" \/><\/figure>\n\n\n\n<figure class=\"wp-block-image size-large\"><img loading=\"lazy\" decoding=\"async\" width=\"1024\" height=\"1024\" data-id=\"333\" src=\"https:\/\/pos.uel.br\/direito-negocial\/wp-content\/uploads\/2024\/10\/3-1-1024x1024.png\" alt=\"\" class=\"wp-image-333\" srcset=\"https:\/\/pos.uel.br\/direito-negocial\/wp-content\/uploads\/2024\/10\/3-1-1024x1024.png 1024w, https:\/\/pos.uel.br\/direito-negocial\/wp-content\/uploads\/2024\/10\/3-1-300x300.png 300w, https:\/\/pos.uel.br\/direito-negocial\/wp-content\/uploads\/2024\/10\/3-1-150x150.png 150w, https:\/\/pos.uel.br\/direito-negocial\/wp-content\/uploads\/2024\/10\/3-1-768x768.png 768w, https:\/\/pos.uel.br\/direito-negocial\/wp-content\/uploads\/2024\/10\/3-1.png 1080w\" sizes=\"auto, (max-width: 1024px) 100vw, 1024px\" \/><\/figure>\n\n\n\n<figure class=\"wp-block-image size-large\"><img loading=\"lazy\" decoding=\"async\" width=\"1024\" height=\"1024\" data-id=\"332\" src=\"https:\/\/pos.uel.br\/direito-negocial\/wp-content\/uploads\/2024\/10\/4-1-1024x1024.png\" alt=\"\" class=\"wp-image-332\" srcset=\"https:\/\/pos.uel.br\/direito-negocial\/wp-content\/uploads\/2024\/10\/4-1-1024x1024.png 1024w, https:\/\/pos.uel.br\/direito-negocial\/wp-content\/uploads\/2024\/10\/4-1-300x300.png 300w, https:\/\/pos.uel.br\/direito-negocial\/wp-content\/uploads\/2024\/10\/4-1-150x150.png 150w, https:\/\/pos.uel.br\/direito-negocial\/wp-content\/uploads\/2024\/10\/4-1-768x768.png 768w, https:\/\/pos.uel.br\/direito-negocial\/wp-content\/uploads\/2024\/10\/4-1.png 1080w\" sizes=\"auto, (max-width: 1024px) 100vw, 1024px\" \/><\/figure>\n<\/figure>\n\n\n\n<p class=\"has-text-align-right\">17 de agosto de 2023.<\/p>\n\n\n\n<p class=\"has-text-align-right\">Fonte: Comunica\u00e7\u00e3o&nbsp;PPGDN-UEL<\/p>\n\n\n\n<p><\/p>\n\n\n\n<hr class=\"wp-block-separator has-alpha-channel-opacity\" \/>\n","protected":false},"excerpt":{"rendered":"<p>Mestrandos do PPPGD\/UEL realizam palestra no Dia do Combate ao Bullying e \u00e0 Viol\u00eancia nas Escolas No dia 7 de abril, em alus\u00e3o ao Dia Nacional de Combate ao Bullying e \u00e0 Viol\u00eancia nas Escolas, os mestrandos Maria Eduarda Gobbo Andrades e Matheus Filipe de Queiroz, do Programa de P\u00f3s-Gradua\u00e7\u00e3o em Direito Negocial da Universidade [&hellip;]<\/p>\n","protected":false},"author":12,"featured_media":0,"parent":0,"menu_order":0,"comment_status":"closed","ping_status":"closed","template":"","meta":{"_acf_changed":false,"footnotes":""},"class_list":["post-276","page","type-page","status-publish","hentry"],"acf":[],"_links":{"self":[{"href":"https:\/\/pos.uel.br\/direito-negocial\/wp-json\/wp\/v2\/pages\/276","targetHints":{"allow":["GET"]}}],"collection":[{"href":"https:\/\/pos.uel.br\/direito-negocial\/wp-json\/wp\/v2\/pages"}],"about":[{"href":"https:\/\/pos.uel.br\/direito-negocial\/wp-json\/wp\/v2\/types\/page"}],"author":[{"embeddable":true,"href":"https:\/\/pos.uel.br\/direito-negocial\/wp-json\/wp\/v2\/users\/12"}],"replies":[{"embeddable":true,"href":"https:\/\/pos.uel.br\/direito-negocial\/wp-json\/wp\/v2\/comments?post=276"}],"version-history":[{"count":210,"href":"https:\/\/pos.uel.br\/direito-negocial\/wp-json\/wp\/v2\/pages\/276\/revisions"}],"predecessor-version":[{"id":3321,"href":"https:\/\/pos.uel.br\/direito-negocial\/wp-json\/wp\/v2\/pages\/276\/revisions\/3321"}],"wp:attachment":[{"href":"https:\/\/pos.uel.br\/direito-negocial\/wp-json\/wp\/v2\/media?parent=276"}],"curies":[{"name":"wp","href":"https:\/\/api.w.org\/{rel}","templated":true}]}}