{"id":2684,"date":"2025-08-27T16:50:39","date_gmt":"2025-08-27T19:50:39","guid":{"rendered":"https:\/\/pos.uel.br\/direito-negocial\/?page_id=2684"},"modified":"2025-09-19T17:24:24","modified_gmt":"2025-09-19T20:24:24","slug":"noticias","status":"publish","type":"page","link":"https:\/\/pos.uel.br\/direito-negocial\/noticias\/","title":{"rendered":"Not\u00edcias"},"content":{"rendered":"\n<div class=\"wp-block-query is-layout-flow wp-block-query-is-layout-flow\"><ul class=\"wp-block-post-template is-layout-flow wp-block-post-template-is-layout-flow\"><li class=\"wp-block-post post-4421 post type-post status-publish format-standard has-post-thumbnail hentry category-sem-categoria\">\n\n<div class=\"wp-block-columns are-vertically-aligned-center is-layout-flex wp-container-core-columns-is-layout-9d6595d7 wp-block-columns-is-layout-flex\">\n<div class=\"wp-block-column is-vertically-aligned-center is-layout-flow wp-block-column-is-layout-flow\" style=\"flex-basis:25%\"><figure class=\"wp-block-post-featured-image\"><a href=\"https:\/\/pos.uel.br\/direito-negocial\/sem-categoria\/2026\/04\/29\/ppgdn-uel-promove-palestra-internacional-sobre-negociacao-coletiva-supranacional\/\" target=\"_self\"  ><img loading=\"lazy\" decoding=\"async\" width=\"308\" height=\"559\" src=\"https:\/\/pos.uel.br\/direito-negocial\/wp-content\/uploads\/2026\/04\/WhatsApp-Image-2026-04-29-at-10.14.48-1.jpeg\" class=\"attachment-post-thumbnail size-post-thumbnail wp-post-image\" alt=\"PPGDN\/UEL promove palestra internacional sobre negocia\u00e7\u00e3o coletiva supranacional\" style=\"object-fit:cover;\" srcset=\"https:\/\/pos.uel.br\/direito-negocial\/wp-content\/uploads\/2026\/04\/WhatsApp-Image-2026-04-29-at-10.14.48-1.jpeg 308w, https:\/\/pos.uel.br\/direito-negocial\/wp-content\/uploads\/2026\/04\/WhatsApp-Image-2026-04-29-at-10.14.48-1-165x300.jpeg 165w\" sizes=\"auto, (max-width: 308px) 100vw, 308px\" \/><\/a><\/figure><\/div>\n\n\n\n<div class=\"wp-block-column is-vertically-aligned-center is-layout-flow wp-block-column-is-layout-flow\" style=\"flex-basis:75%\"><h2 class=\"wp-block-post-title\"><a href=\"https:\/\/pos.uel.br\/direito-negocial\/sem-categoria\/2026\/04\/29\/ppgdn-uel-promove-palestra-internacional-sobre-negociacao-coletiva-supranacional\/\" target=\"_self\" >PPGDN\/UEL promove palestra internacional sobre negocia\u00e7\u00e3o coletiva supranacional<\/a><\/h2>\n\n<div style=\"font-style:normal;font-weight:400;\" class=\"has-link-color wp-elements-80415acda567362a2ee2a1ddcd642577 wp-block-post-date has-text-color has-secondary-accent-color has-small-font-size\"><time datetime=\"2026-04-29T10:23:12-03:00\">29 de abril de 2026<\/time><\/div>\n\n<div class=\"wp-block-post-excerpt\"><p class=\"wp-block-post-excerpt__excerpt\">Programa de Mestrado e Doutorado em Direito Negocial da UEL recebe professor internacional para palestra sobre negocia\u00e7\u00e3o coletiva supranacional No dia 28 de abril de 2026, a Universidade teve a honra de receber o professor Alejandro Castello, da Universidad de la Rep\u00fablica (UDELAR), para ministrar a palestra intitulada \u201cNegociaci\u00f3n colectiva supranacional\u201d. O evento proporcionou \u00e0&hellip; <\/p><\/div><\/div>\n<\/div>\n\n<\/li><li class=\"wp-block-post post-4418 post type-post status-publish format-standard has-post-thumbnail hentry category-sem-categoria\">\n\n<div class=\"wp-block-columns are-vertically-aligned-center is-layout-flex wp-container-core-columns-is-layout-9d6595d7 wp-block-columns-is-layout-flex\">\n<div class=\"wp-block-column is-vertically-aligned-center is-layout-flow wp-block-column-is-layout-flow\" style=\"flex-basis:25%\"><figure class=\"wp-block-post-featured-image\"><a href=\"https:\/\/pos.uel.br\/direito-negocial\/sem-categoria\/2026\/04\/29\/premio-capes-de-tese-edicao-2026\/\" target=\"_self\"  ><img loading=\"lazy\" decoding=\"async\" width=\"500\" height=\"284\" src=\"https:\/\/pos.uel.br\/direito-negocial\/wp-content\/uploads\/2026\/04\/capestese-marca-500.jpg\" class=\"attachment-post-thumbnail size-post-thumbnail wp-post-image\" alt=\"Pr\u00eamio CAPES de Tese \u2013 Edi\u00e7\u00e3o 2026\" style=\"object-fit:cover;\" srcset=\"https:\/\/pos.uel.br\/direito-negocial\/wp-content\/uploads\/2026\/04\/capestese-marca-500.jpg 500w, https:\/\/pos.uel.br\/direito-negocial\/wp-content\/uploads\/2026\/04\/capestese-marca-500-300x170.jpg 300w\" sizes=\"auto, (max-width: 500px) 100vw, 500px\" \/><\/a><\/figure><\/div>\n\n\n\n<div class=\"wp-block-column is-vertically-aligned-center is-layout-flow wp-block-column-is-layout-flow\" style=\"flex-basis:75%\"><h2 class=\"wp-block-post-title\"><a href=\"https:\/\/pos.uel.br\/direito-negocial\/sem-categoria\/2026\/04\/29\/premio-capes-de-tese-edicao-2026\/\" target=\"_self\" >Pr\u00eamio CAPES de Tese \u2013 Edi\u00e7\u00e3o 2026<\/a><\/h2>\n\n<div style=\"font-style:normal;font-weight:400;\" class=\"has-link-color wp-elements-80415acda567362a2ee2a1ddcd642577 wp-block-post-date has-text-color has-secondary-accent-color has-small-font-size\"><time datetime=\"2026-04-29T10:16:35-03:00\">29 de abril de 2026<\/time><\/div>\n\n<div class=\"wp-block-post-excerpt\"><p class=\"wp-block-post-excerpt__excerpt\">Inscri\u00e7\u00f5es abertas para o Pr\u00eamio CAPES de Tese \u2013 Edi\u00e7\u00e3o 2026 A Universidade Estadual de Londrina (UEL) informa que estar\u00e3o abertas, no per\u00edodo de 05 a 15 de maio de 2026, as inscri\u00e7\u00f5es para sele\u00e7\u00e3o interna de teses que representar\u00e3o a institui\u00e7\u00e3o no Pr\u00eamio CAPES de Teses \u2013 Edi\u00e7\u00e3o 2026, promovido pela Coordena\u00e7\u00e3o de Aperfei\u00e7oamento&hellip; <\/p><\/div><\/div>\n<\/div>\n\n<\/li><li class=\"wp-block-post post-4390 post type-post status-publish format-standard has-post-thumbnail hentry category-sem-categoria\">\n\n<div class=\"wp-block-columns are-vertically-aligned-center is-layout-flex wp-container-core-columns-is-layout-9d6595d7 wp-block-columns-is-layout-flex\">\n<div class=\"wp-block-column is-vertically-aligned-center is-layout-flow wp-block-column-is-layout-flow\" style=\"flex-basis:25%\"><figure class=\"wp-block-post-featured-image\"><a href=\"https:\/\/pos.uel.br\/direito-negocial\/sem-categoria\/2026\/04\/27\/ppgdn-uel-participa-do-v-simposio-brasil-paraguai-de-direito-internacional-e-desenvolvimento\/\" target=\"_self\"  ><img loading=\"lazy\" decoding=\"async\" width=\"1280\" height=\"960\" src=\"https:\/\/pos.uel.br\/direito-negocial\/wp-content\/uploads\/2026\/04\/WhatsApp-Image-2026-04-11-at-20.34.41-2.jpeg\" class=\"attachment-post-thumbnail size-post-thumbnail wp-post-image\" alt=\"PPGDN\/UEL participa do V Simp\u00f3sio Brasil\u2013Paraguai de Direito Internacional e Desenvolvimento\" style=\"object-fit:cover;\" srcset=\"https:\/\/pos.uel.br\/direito-negocial\/wp-content\/uploads\/2026\/04\/WhatsApp-Image-2026-04-11-at-20.34.41-2.jpeg 1280w, https:\/\/pos.uel.br\/direito-negocial\/wp-content\/uploads\/2026\/04\/WhatsApp-Image-2026-04-11-at-20.34.41-2-300x225.jpeg 300w, https:\/\/pos.uel.br\/direito-negocial\/wp-content\/uploads\/2026\/04\/WhatsApp-Image-2026-04-11-at-20.34.41-2-1024x768.jpeg 1024w, https:\/\/pos.uel.br\/direito-negocial\/wp-content\/uploads\/2026\/04\/WhatsApp-Image-2026-04-11-at-20.34.41-2-768x576.jpeg 768w\" sizes=\"auto, (max-width: 1280px) 100vw, 1280px\" \/><\/a><\/figure><\/div>\n\n\n\n<div class=\"wp-block-column is-vertically-aligned-center is-layout-flow wp-block-column-is-layout-flow\" style=\"flex-basis:75%\"><h2 class=\"wp-block-post-title\"><a href=\"https:\/\/pos.uel.br\/direito-negocial\/sem-categoria\/2026\/04\/27\/ppgdn-uel-participa-do-v-simposio-brasil-paraguai-de-direito-internacional-e-desenvolvimento\/\" target=\"_self\" >PPGDN\/UEL participa do V Simp\u00f3sio Brasil\u2013Paraguai de Direito Internacional e Desenvolvimento<\/a><\/h2>\n\n<div style=\"font-style:normal;font-weight:400;\" class=\"has-link-color wp-elements-80415acda567362a2ee2a1ddcd642577 wp-block-post-date has-text-color has-secondary-accent-color has-small-font-size\"><time datetime=\"2026-04-27T10:37:59-03:00\">27 de abril de 2026<\/time><\/div>\n\n<div class=\"wp-block-post-excerpt\"><p class=\"wp-block-post-excerpt__excerpt\">O Programa de P\u00f3s-Gradua\u00e7\u00e3o em Direito Negocial da Universidade Estadual de Londrina (PPGDN\/UEL), em parceria com a Universidad Nacional de Canindey\u00fa (UNICAN), participou do V Simp\u00f3sio Brasil\u2013Paraguai de Direito Internacional e Desenvolvimento, realizado entre os dias 07 e 11 de abril, na cidade de Saltos del Guair\u00e1, no Paraguai. O evento reuniu docentes, pesquisadores e&hellip; <\/p><\/div><\/div>\n<\/div>\n\n<\/li><li class=\"wp-block-post post-4383 post type-post status-publish format-standard has-post-thumbnail hentry category-sem-categoria\">\n\n<div class=\"wp-block-columns are-vertically-aligned-center is-layout-flex wp-container-core-columns-is-layout-9d6595d7 wp-block-columns-is-layout-flex\">\n<div class=\"wp-block-column is-vertically-aligned-center is-layout-flow wp-block-column-is-layout-flow\" style=\"flex-basis:25%\"><figure class=\"wp-block-post-featured-image\"><a href=\"https:\/\/pos.uel.br\/direito-negocial\/sem-categoria\/2026\/04\/26\/londrina-recebe-a-8a-edicao-do-congresso-brasileiro-de-gestao-de-conflitos-em-maio-de-2026\/\" target=\"_self\"  ><img loading=\"lazy\" decoding=\"async\" width=\"1131\" height=\"1600\" src=\"https:\/\/pos.uel.br\/direito-negocial\/wp-content\/uploads\/2026\/04\/WhatsApp-Image-2026-04-24-at-20.40.06.jpeg\" class=\"attachment-post-thumbnail size-post-thumbnail wp-post-image\" alt=\"Londrina recebe a 8\u00aa edi\u00e7\u00e3o do Congresso Brasileiro de Gest\u00e3o de Conflitos em maio de 2026\" style=\"object-fit:cover;\" srcset=\"https:\/\/pos.uel.br\/direito-negocial\/wp-content\/uploads\/2026\/04\/WhatsApp-Image-2026-04-24-at-20.40.06.jpeg 1131w, https:\/\/pos.uel.br\/direito-negocial\/wp-content\/uploads\/2026\/04\/WhatsApp-Image-2026-04-24-at-20.40.06-212x300.jpeg 212w, https:\/\/pos.uel.br\/direito-negocial\/wp-content\/uploads\/2026\/04\/WhatsApp-Image-2026-04-24-at-20.40.06-724x1024.jpeg 724w, https:\/\/pos.uel.br\/direito-negocial\/wp-content\/uploads\/2026\/04\/WhatsApp-Image-2026-04-24-at-20.40.06-768x1086.jpeg 768w, https:\/\/pos.uel.br\/direito-negocial\/wp-content\/uploads\/2026\/04\/WhatsApp-Image-2026-04-24-at-20.40.06-1086x1536.jpeg 1086w\" sizes=\"auto, (max-width: 1131px) 100vw, 1131px\" \/><\/a><\/figure><\/div>\n\n\n\n<div class=\"wp-block-column is-vertically-aligned-center is-layout-flow wp-block-column-is-layout-flow\" style=\"flex-basis:75%\"><h2 class=\"wp-block-post-title\"><a href=\"https:\/\/pos.uel.br\/direito-negocial\/sem-categoria\/2026\/04\/26\/londrina-recebe-a-8a-edicao-do-congresso-brasileiro-de-gestao-de-conflitos-em-maio-de-2026\/\" target=\"_self\" >Londrina recebe a 8\u00aa edi\u00e7\u00e3o do Congresso Brasileiro de Gest\u00e3o de Conflitos em maio de 2026<\/a><\/h2>\n\n<div style=\"font-style:normal;font-weight:400;\" class=\"has-link-color wp-elements-80415acda567362a2ee2a1ddcd642577 wp-block-post-date has-text-color has-secondary-accent-color has-small-font-size\"><time datetime=\"2026-04-26T19:57:08-03:00\">26 de abril de 2026<\/time><\/div>\n\n<div class=\"wp-block-post-excerpt\"><p class=\"wp-block-post-excerpt__excerpt\">Entre os dias 13 e 15 de maio de 2026, a cidade de Londrina (PR) ser\u00e1 palco da oitava edi\u00e7\u00e3o do Congresso Brasileiro de Gest\u00e3o de Conflitos (CBGConf), um dos principais eventos do pa\u00eds voltados \u00e0 media\u00e7\u00e3o, arbitragem e pr\u00e1ticas consensuais. Com o tema \u201cA cultura do consenso e a efici\u00eancia na resolu\u00e7\u00e3o de conflitos\u201d,&hellip; <\/p><\/div><\/div>\n<\/div>\n\n<\/li><li class=\"wp-block-post post-4379 post type-post status-publish format-standard has-post-thumbnail hentry category-sem-categoria\">\n\n<div class=\"wp-block-columns are-vertically-aligned-center is-layout-flex wp-container-core-columns-is-layout-9d6595d7 wp-block-columns-is-layout-flex\">\n<div class=\"wp-block-column is-vertically-aligned-center is-layout-flow wp-block-column-is-layout-flow\" style=\"flex-basis:25%\"><figure class=\"wp-block-post-featured-image\"><a href=\"https:\/\/pos.uel.br\/direito-negocial\/sem-categoria\/2026\/04\/23\/ppgdn-e-iberojur-promovem-simposio-luso-brasileiro-sobre-gestao-de-conflitos\/\" target=\"_self\"  ><img loading=\"lazy\" decoding=\"async\" width=\"1080\" height=\"1080\" src=\"https:\/\/pos.uel.br\/direito-negocial\/wp-content\/uploads\/2026\/04\/WhatsApp-Image-2026-03-26-at-13.08.55.jpeg\" class=\"attachment-post-thumbnail size-post-thumbnail wp-post-image\" alt=\"PPGDN e IBEROJUR promovem Simp\u00f3sio Luso-Brasileiro sobre Gest\u00e3o de Conflitos\" style=\"object-fit:cover;\" srcset=\"https:\/\/pos.uel.br\/direito-negocial\/wp-content\/uploads\/2026\/04\/WhatsApp-Image-2026-03-26-at-13.08.55.jpeg 1080w, https:\/\/pos.uel.br\/direito-negocial\/wp-content\/uploads\/2026\/04\/WhatsApp-Image-2026-03-26-at-13.08.55-300x300.jpeg 300w, https:\/\/pos.uel.br\/direito-negocial\/wp-content\/uploads\/2026\/04\/WhatsApp-Image-2026-03-26-at-13.08.55-1024x1024.jpeg 1024w, https:\/\/pos.uel.br\/direito-negocial\/wp-content\/uploads\/2026\/04\/WhatsApp-Image-2026-03-26-at-13.08.55-150x150.jpeg 150w, https:\/\/pos.uel.br\/direito-negocial\/wp-content\/uploads\/2026\/04\/WhatsApp-Image-2026-03-26-at-13.08.55-768x768.jpeg 768w\" sizes=\"auto, (max-width: 1080px) 100vw, 1080px\" \/><\/a><\/figure><\/div>\n\n\n\n<div class=\"wp-block-column is-vertically-aligned-center is-layout-flow wp-block-column-is-layout-flow\" style=\"flex-basis:75%\"><h2 class=\"wp-block-post-title\"><a href=\"https:\/\/pos.uel.br\/direito-negocial\/sem-categoria\/2026\/04\/23\/ppgdn-e-iberojur-promovem-simposio-luso-brasileiro-sobre-gestao-de-conflitos\/\" target=\"_self\" >PPGDN e IBEROJUR promovem Simp\u00f3sio Luso-Brasileiro sobre Gest\u00e3o de Conflitos<\/a><\/h2>\n\n<div style=\"font-style:normal;font-weight:400;\" class=\"has-link-color wp-elements-80415acda567362a2ee2a1ddcd642577 wp-block-post-date has-text-color has-secondary-accent-color has-small-font-size\"><time datetime=\"2026-04-23T11:47:51-03:00\">23 de abril de 2026<\/time><\/div>\n\n<div class=\"wp-block-post-excerpt\"><p class=\"wp-block-post-excerpt__excerpt\">O Programa de P\u00f3s-Gradua\u00e7\u00e3o em Direito Negocial da Universidade Estadual de Londrina (PPGDN\/UEL) promoveu, no dia 7 de abril, o Simp\u00f3sio Luso-Brasileiro sobre Gest\u00e3o de Conflitos, reunindo especialistas para discutir diferentes perspectivas sobre os mecanismos contempor\u00e2neos de resolu\u00e7\u00e3o de disputas. O evento foi realizado \u00e0s 8h30, na sala 446 do Centro de Estudos Sociais Aplicados&hellip; <\/p><\/div><\/div>\n<\/div>\n\n<\/li><li class=\"wp-block-post post-4349 post type-post status-publish format-standard has-post-thumbnail hentry category-sem-categoria\">\n\n<div class=\"wp-block-columns are-vertically-aligned-center is-layout-flex wp-container-core-columns-is-layout-9d6595d7 wp-block-columns-is-layout-flex\">\n<div class=\"wp-block-column is-vertically-aligned-center is-layout-flow wp-block-column-is-layout-flow\" style=\"flex-basis:25%\"><figure class=\"wp-block-post-featured-image\"><a href=\"https:\/\/pos.uel.br\/direito-negocial\/sem-categoria\/2026\/04\/08\/evento-analisa-ligacoes-entre-meio-ambiente-e-tecnologia-com-transmissao-via-youtube-do-ppgdn\/\" target=\"_self\"  ><img loading=\"lazy\" decoding=\"async\" width=\"1240\" height=\"1755\" src=\"https:\/\/pos.uel.br\/direito-negocial\/wp-content\/uploads\/2026\/04\/Cartaz_Direito-Ambiental_page-0001-1.jpg\" class=\"attachment-post-thumbnail size-post-thumbnail wp-post-image\" alt=\"Evento analisa liga\u00e7\u00f5es entre meio ambiente e tecnologia, com transmiss\u00e3o via Youtube do PPGDN\" style=\"object-fit:cover;\" srcset=\"https:\/\/pos.uel.br\/direito-negocial\/wp-content\/uploads\/2026\/04\/Cartaz_Direito-Ambiental_page-0001-1.jpg 1240w, https:\/\/pos.uel.br\/direito-negocial\/wp-content\/uploads\/2026\/04\/Cartaz_Direito-Ambiental_page-0001-1-212x300.jpg 212w, https:\/\/pos.uel.br\/direito-negocial\/wp-content\/uploads\/2026\/04\/Cartaz_Direito-Ambiental_page-0001-1-724x1024.jpg 724w, https:\/\/pos.uel.br\/direito-negocial\/wp-content\/uploads\/2026\/04\/Cartaz_Direito-Ambiental_page-0001-1-768x1087.jpg 768w, https:\/\/pos.uel.br\/direito-negocial\/wp-content\/uploads\/2026\/04\/Cartaz_Direito-Ambiental_page-0001-1-1085x1536.jpg 1085w\" sizes=\"auto, (max-width: 1240px) 100vw, 1240px\" \/><\/a><\/figure><\/div>\n\n\n\n<div class=\"wp-block-column is-vertically-aligned-center is-layout-flow wp-block-column-is-layout-flow\" style=\"flex-basis:75%\"><h2 class=\"wp-block-post-title\"><a href=\"https:\/\/pos.uel.br\/direito-negocial\/sem-categoria\/2026\/04\/08\/evento-analisa-ligacoes-entre-meio-ambiente-e-tecnologia-com-transmissao-via-youtube-do-ppgdn\/\" target=\"_self\" >Evento analisa liga\u00e7\u00f5es entre meio ambiente e tecnologia, com transmiss\u00e3o via Youtube do PPGDN<\/a><\/h2>\n\n<div style=\"font-style:normal;font-weight:400;\" class=\"has-link-color wp-elements-80415acda567362a2ee2a1ddcd642577 wp-block-post-date has-text-color has-secondary-accent-color has-small-font-size\"><time datetime=\"2026-04-08T17:13:04-03:00\">8 de abril de 2026<\/time><\/div>\n\n<div class=\"wp-block-post-excerpt\"><p class=\"wp-block-post-excerpt__excerpt\">Entre os dias 13 a 19 da Abril, das 8h \u00e0s 19h, ocorrer\u00e1 o X ENCONTRO NACIONAL DE PESQUISADORES EM DIREITO AMBIENTAL E DESENVOLVIMENTO SUSTENT\u00c1VEL: A GEST\u00c3O SUSTENT\u00c1VEL DA SOCIEDADE DA INFORMA\u00c7\u00c3O EM FACE DA TUTELA CONSTITUCIONAL DO MEIO AMBIENTE DIGITAL, com transmiss\u00e3o online (e ao vivo) pelo Youtube do PPGDN, no link: https:\/\/www.youtube.com\/@mestradoedoutoradoemdireit3184\/featured O&hellip; <\/p><\/div><\/div>\n<\/div>\n\n<\/li><li class=\"wp-block-post post-4207 post type-post status-publish format-standard has-post-thumbnail hentry category-sem-categoria\">\n\n<div class=\"wp-block-columns are-vertically-aligned-center is-layout-flex wp-container-core-columns-is-layout-9d6595d7 wp-block-columns-is-layout-flex\">\n<div class=\"wp-block-column is-vertically-aligned-center is-layout-flow wp-block-column-is-layout-flow\" style=\"flex-basis:25%\"><figure class=\"wp-block-post-featured-image\"><a href=\"https:\/\/pos.uel.br\/direito-negocial\/sem-categoria\/2026\/03\/18\/ppgdn-uel-abre-o-ano-letivo-de-2026-com-lancamento-de-livros-e-reflexao-filosofica\/\" target=\"_self\"  ><img loading=\"lazy\" decoding=\"async\" width=\"1280\" height=\"854\" src=\"https:\/\/pos.uel.br\/direito-negocial\/wp-content\/uploads\/2026\/03\/WhatsApp-Image-2026-03-17-at-23.10.46.jpeg\" class=\"attachment-post-thumbnail size-post-thumbnail wp-post-image\" alt=\"PPGDN\/UEL abre o ano letivo de 2026 com lan\u00e7amento de livros e reflex\u00e3o filos\u00f3fica\" style=\"object-fit:cover;\" srcset=\"https:\/\/pos.uel.br\/direito-negocial\/wp-content\/uploads\/2026\/03\/WhatsApp-Image-2026-03-17-at-23.10.46.jpeg 1280w, https:\/\/pos.uel.br\/direito-negocial\/wp-content\/uploads\/2026\/03\/WhatsApp-Image-2026-03-17-at-23.10.46-300x200.jpeg 300w, https:\/\/pos.uel.br\/direito-negocial\/wp-content\/uploads\/2026\/03\/WhatsApp-Image-2026-03-17-at-23.10.46-1024x683.jpeg 1024w, https:\/\/pos.uel.br\/direito-negocial\/wp-content\/uploads\/2026\/03\/WhatsApp-Image-2026-03-17-at-23.10.46-768x512.jpeg 768w\" sizes=\"auto, (max-width: 1280px) 100vw, 1280px\" \/><\/a><\/figure><\/div>\n\n\n\n<div class=\"wp-block-column is-vertically-aligned-center is-layout-flow wp-block-column-is-layout-flow\" style=\"flex-basis:75%\"><h2 class=\"wp-block-post-title\"><a href=\"https:\/\/pos.uel.br\/direito-negocial\/sem-categoria\/2026\/03\/18\/ppgdn-uel-abre-o-ano-letivo-de-2026-com-lancamento-de-livros-e-reflexao-filosofica\/\" target=\"_self\" >PPGDN\/UEL abre o ano letivo de 2026 com lan\u00e7amento de livros e reflex\u00e3o filos\u00f3fica<\/a><\/h2>\n\n<div style=\"font-style:normal;font-weight:400;\" class=\"has-link-color wp-elements-80415acda567362a2ee2a1ddcd642577 wp-block-post-date has-text-color has-secondary-accent-color has-small-font-size\"><time datetime=\"2026-03-18T15:35:15-03:00\">18 de mar\u00e7o de 2026<\/time><\/div>\n\n<div class=\"wp-block-post-excerpt\"><p class=\"wp-block-post-excerpt__excerpt\">O Programa de P\u00f3s-Gradua\u00e7\u00e3o em Direito Negocial da Universidade Estadual de Londrina (PPGDN\/UEL) realizou, no dia 16 de mar\u00e7o, a abertura oficial do ano letivo de 2026, em evento realizado no Anfiteatro do CESA, que reuniu docentes, discentes e convidados. A programa\u00e7\u00e3o contou com um momento de reflex\u00e3o filos\u00f3fica, conduzido pelo professor Dr. Clodomiro Bannwart,&hellip; <\/p><\/div><\/div>\n<\/div>\n\n<\/li><li class=\"wp-block-post post-4201 post type-post status-publish format-standard has-post-thumbnail hentry category-sem-categoria\">\n\n<div class=\"wp-block-columns are-vertically-aligned-center is-layout-flex wp-container-core-columns-is-layout-9d6595d7 wp-block-columns-is-layout-flex\">\n<div class=\"wp-block-column is-vertically-aligned-center is-layout-flow wp-block-column-is-layout-flow\" style=\"flex-basis:25%\"><figure class=\"wp-block-post-featured-image\"><a href=\"https:\/\/pos.uel.br\/direito-negocial\/sem-categoria\/2026\/03\/12\/parceria-entre-o-projeto-jusconexao-uel-e-o-programa-de-pos-graduacao-em-direito-negocial-da-uel\/\" target=\"_self\"  ><img loading=\"lazy\" decoding=\"async\" width=\"828\" height=\"827\" src=\"https:\/\/pos.uel.br\/direito-negocial\/wp-content\/uploads\/2026\/03\/image.jpeg\" class=\"attachment-post-thumbnail size-post-thumbnail wp-post-image\" alt=\"Parceria entre o projeto JusConex\u00e3o &#8211; UEL e o Programa de P\u00f3s-Gradua\u00e7\u00e3o em Direito Negocial da UEL\" style=\"object-fit:cover;\" srcset=\"https:\/\/pos.uel.br\/direito-negocial\/wp-content\/uploads\/2026\/03\/image.jpeg 828w, https:\/\/pos.uel.br\/direito-negocial\/wp-content\/uploads\/2026\/03\/image-300x300.jpeg 300w, https:\/\/pos.uel.br\/direito-negocial\/wp-content\/uploads\/2026\/03\/image-150x150.jpeg 150w, https:\/\/pos.uel.br\/direito-negocial\/wp-content\/uploads\/2026\/03\/image-768x767.jpeg 768w\" sizes=\"auto, (max-width: 828px) 100vw, 828px\" \/><\/a><\/figure><\/div>\n\n\n\n<div class=\"wp-block-column is-vertically-aligned-center is-layout-flow wp-block-column-is-layout-flow\" style=\"flex-basis:75%\"><h2 class=\"wp-block-post-title\"><a href=\"https:\/\/pos.uel.br\/direito-negocial\/sem-categoria\/2026\/03\/12\/parceria-entre-o-projeto-jusconexao-uel-e-o-programa-de-pos-graduacao-em-direito-negocial-da-uel\/\" target=\"_self\" >Parceria entre o projeto JusConex\u00e3o &#8211; UEL e o Programa de P\u00f3s-Gradua\u00e7\u00e3o em Direito Negocial da UEL<\/a><\/h2>\n\n<div style=\"font-style:normal;font-weight:400;\" class=\"has-link-color wp-elements-80415acda567362a2ee2a1ddcd642577 wp-block-post-date has-text-color has-secondary-accent-color has-small-font-size\"><time datetime=\"2026-03-12T11:04:56-03:00\">12 de mar\u00e7o de 2026<\/time><\/div>\n\n<div class=\"wp-block-post-excerpt\"><p class=\"wp-block-post-excerpt__excerpt\">O Programa de P\u00f3s-Gradua\u00e7\u00e3o em Direito Negocial (PPGDN) da Universidade Estadual de Londrina (UEL) firmou, neste ano, uma parceria institucional com o projeto de extens\u00e3o JusConex\u00e3o &#8211; UEL, iniciativa vinculada ao curso de Direito da universidade voltada \u00e0 democratiza\u00e7\u00e3o do conhecimento jur\u00eddico e \u00e0 divulga\u00e7\u00e3o de temas do Direito para a comunidade acad\u00eamica e para&hellip; <\/p><\/div><\/div>\n<\/div>\n\n<\/li><li class=\"wp-block-post post-4194 post type-post status-publish format-standard has-post-thumbnail hentry category-sem-categoria\">\n\n<div class=\"wp-block-columns are-vertically-aligned-center is-layout-flex wp-container-core-columns-is-layout-9d6595d7 wp-block-columns-is-layout-flex\">\n<div class=\"wp-block-column is-vertically-aligned-center is-layout-flow wp-block-column-is-layout-flow\" style=\"flex-basis:25%\"><figure class=\"wp-block-post-featured-image\"><a href=\"https:\/\/pos.uel.br\/direito-negocial\/sem-categoria\/2026\/03\/10\/acordo-de-cooperacao-entre-brasil-e-angola\/\" target=\"_self\"  ><img loading=\"lazy\" decoding=\"async\" width=\"900\" height=\"1600\" src=\"https:\/\/pos.uel.br\/direito-negocial\/wp-content\/uploads\/2026\/03\/WhatsApp-Image-2026-03-10-at-11.33.21.jpeg\" class=\"attachment-post-thumbnail size-post-thumbnail wp-post-image\" alt=\"Acordo de coopera\u00e7\u00e3o entre Brasil e Angola\" style=\"object-fit:cover;\" srcset=\"https:\/\/pos.uel.br\/direito-negocial\/wp-content\/uploads\/2026\/03\/WhatsApp-Image-2026-03-10-at-11.33.21.jpeg 900w, https:\/\/pos.uel.br\/direito-negocial\/wp-content\/uploads\/2026\/03\/WhatsApp-Image-2026-03-10-at-11.33.21-169x300.jpeg 169w, https:\/\/pos.uel.br\/direito-negocial\/wp-content\/uploads\/2026\/03\/WhatsApp-Image-2026-03-10-at-11.33.21-576x1024.jpeg 576w, https:\/\/pos.uel.br\/direito-negocial\/wp-content\/uploads\/2026\/03\/WhatsApp-Image-2026-03-10-at-11.33.21-768x1365.jpeg 768w, https:\/\/pos.uel.br\/direito-negocial\/wp-content\/uploads\/2026\/03\/WhatsApp-Image-2026-03-10-at-11.33.21-864x1536.jpeg 864w\" sizes=\"auto, (max-width: 900px) 100vw, 900px\" \/><\/a><\/figure><\/div>\n\n\n\n<div class=\"wp-block-column is-vertically-aligned-center is-layout-flow wp-block-column-is-layout-flow\" style=\"flex-basis:75%\"><h2 class=\"wp-block-post-title\"><a href=\"https:\/\/pos.uel.br\/direito-negocial\/sem-categoria\/2026\/03\/10\/acordo-de-cooperacao-entre-brasil-e-angola\/\" target=\"_self\" >Acordo de coopera\u00e7\u00e3o entre Brasil e Angola<\/a><\/h2>\n\n<div style=\"font-style:normal;font-weight:400;\" class=\"has-link-color wp-elements-80415acda567362a2ee2a1ddcd642577 wp-block-post-date has-text-color has-secondary-accent-color has-small-font-size\"><time datetime=\"2026-03-10T11:44:47-03:00\">10 de mar\u00e7o de 2026<\/time><\/div>\n\n<div class=\"wp-block-post-excerpt\"><p class=\"wp-block-post-excerpt__excerpt\">O coordenador do PPGDN da UEL, professor Dr. Clodomiro Bannwart, participou, no dia de hoje (10\/03\/2026), de uma reuni\u00e3o que contou com a presen\u00e7a do vice-reitor Airton Jos\u00e9 Petris, da procuradora jur\u00eddica T\u00e2nia Lobo e do chefe do Escrit\u00f3rio de Apoio \u00e0 Pesquisa da PROPPG, Prof. Dr. Claudemir Zucareli, da Universidade Estadual de Londrina, al\u00e9m&hellip; <\/p><\/div><\/div>\n<\/div>\n\n<\/li><li class=\"wp-block-post post-4037 post type-post status-publish format-standard has-post-thumbnail hentry category-sem-categoria\">\n\n<div class=\"wp-block-columns are-vertically-aligned-center is-layout-flex wp-container-core-columns-is-layout-9d6595d7 wp-block-columns-is-layout-flex\">\n<div class=\"wp-block-column is-vertically-aligned-center is-layout-flow wp-block-column-is-layout-flow\" style=\"flex-basis:25%\"><figure class=\"wp-block-post-featured-image\"><a href=\"https:\/\/pos.uel.br\/direito-negocial\/sem-categoria\/2026\/02\/19\/prorrogadas-as-inscricoes-ao-processo-seletivo-de-mestrado-do-protag\/\" target=\"_self\"  ><img loading=\"lazy\" decoding=\"async\" width=\"1140\" height=\"298\" src=\"https:\/\/pos.uel.br\/direito-negocial\/wp-content\/uploads\/2026\/02\/Captura-de-Tela-2026-02-19-a\u0300s-09.34.31.png\" class=\"attachment-post-thumbnail size-post-thumbnail wp-post-image\" alt=\"Prorrogadas as inscri\u00e7\u00f5es do PROTAG\" style=\"object-fit:cover;\" srcset=\"https:\/\/pos.uel.br\/direito-negocial\/wp-content\/uploads\/2026\/02\/Captura-de-Tela-2026-02-19-a\u0300s-09.34.31.png 1140w, https:\/\/pos.uel.br\/direito-negocial\/wp-content\/uploads\/2026\/02\/Captura-de-Tela-2026-02-19-a\u0300s-09.34.31-300x78.png 300w, https:\/\/pos.uel.br\/direito-negocial\/wp-content\/uploads\/2026\/02\/Captura-de-Tela-2026-02-19-a\u0300s-09.34.31-1024x268.png 1024w, https:\/\/pos.uel.br\/direito-negocial\/wp-content\/uploads\/2026\/02\/Captura-de-Tela-2026-02-19-a\u0300s-09.34.31-768x201.png 768w\" sizes=\"auto, (max-width: 1140px) 100vw, 1140px\" \/><\/a><\/figure><\/div>\n\n\n\n<div class=\"wp-block-column is-vertically-aligned-center is-layout-flow wp-block-column-is-layout-flow\" style=\"flex-basis:75%\"><h2 class=\"wp-block-post-title\"><a href=\"https:\/\/pos.uel.br\/direito-negocial\/sem-categoria\/2026\/02\/19\/prorrogadas-as-inscricoes-ao-processo-seletivo-de-mestrado-do-protag\/\" target=\"_self\" >Prorrogadas as inscri\u00e7\u00f5es do PROTAG<\/a><\/h2>\n\n<div style=\"font-style:normal;font-weight:400;\" class=\"has-link-color wp-elements-80415acda567362a2ee2a1ddcd642577 wp-block-post-date has-text-color has-secondary-accent-color has-small-font-size\"><time datetime=\"2026-02-19T09:33:33-03:00\">19 de fevereiro de 2026<\/time><\/div>\n\n<div class=\"wp-block-post-excerpt\"><p class=\"wp-block-post-excerpt__excerpt\">Na quinta-feira (19.02.2026), foram prorrogadas as inscri\u00e7\u00f5es do processo seletivo de Mestrado do PROTAG destinados aos servidores do Poder Executivo do Estado do Paran\u00e1. O novo per\u00edodo de inscri\u00e7\u00f5es ocorrer\u00e1 entre os dias 19\/02\/2026 e 25\/02\/2026, fazendo-se imprescind\u00edvel a leitura do edital, que pode ser acessado no link abaixo. <\/p><\/div><\/div>\n<\/div>\n\n<\/li><\/ul>\n\n<nav class=\"wp-block-query-pagination is-content-justification-center is-layout-flex wp-container-core-query-pagination-is-layout-16018d1d wp-block-query-pagination-is-layout-flex\" aria-label=\"Pagina\u00e7\u00e3o\">\n\n\n<div class=\"wp-block-query-pagination-numbers\"><span aria-current=\"page\" class=\"page-numbers current\">1<\/span>\n<a class=\"page-numbers\" href=\"?query-45-page=2\">2<\/a>\n<a class=\"page-numbers\" href=\"?query-45-page=3\">3<\/a>\n<span class=\"page-numbers dots\">&hellip;<\/span>\n<a class=\"page-numbers\" href=\"?query-45-page=12\">12<\/a><\/div>\n\n<a href=\"\/direito-negocial\/wp-json\/wp\/v2\/pages\/2684?query-45-page=2\" class=\"wp-block-query-pagination-next\">Pr\u00f3xima p\u00e1gina<\/a>\n<\/nav><\/div>\n\n\n\n<div style=\"height:100px\" aria-hidden=\"true\" class=\"wp-block-spacer\"><\/div>\n\n\n\n<h2 class=\"wp-block-heading has-primary-accent-color has-text-color has-link-color wp-elements-643ee1d6629d17258f0d095c3fe03fcb\"><strong>Pesquisar por m\u00eas<\/strong><\/h2>\n\n\n<div class=\"wp-block-archives-dropdown wp-block-archives\"><label for=\"wp-block-archives-1\" class=\"wp-block-archives__label screen-reader-text\">Arquivos<\/label>\n\t\t<select id=\"wp-block-archives-1\" name=\"archive-dropdown\">\n\t\t<option value=\"\">Selecionar o m\u00eas<\/option>\t<option value='https:\/\/pos.uel.br\/direito-negocial\/2026\/04\/'> abril 2026 &nbsp;(6)<\/option>\n\t<option value='https:\/\/pos.uel.br\/direito-negocial\/2026\/03\/'> mar\u00e7o 2026 &nbsp;(3)<\/option>\n\t<option value='https:\/\/pos.uel.br\/direito-negocial\/2026\/02\/'> fevereiro 2026 &nbsp;(2)<\/option>\n\t<option value='https:\/\/pos.uel.br\/direito-negocial\/2026\/01\/'> janeiro 2026 &nbsp;(2)<\/option>\n\t<option value='https:\/\/pos.uel.br\/direito-negocial\/2025\/12\/'> dezembro 2025 &nbsp;(7)<\/option>\n\t<option value='https:\/\/pos.uel.br\/direito-negocial\/2025\/11\/'> novembro 2025 &nbsp;(9)<\/option>\n\t<option value='https:\/\/pos.uel.br\/direito-negocial\/2025\/10\/'> outubro 2025 &nbsp;(11)<\/option>\n\t<option value='https:\/\/pos.uel.br\/direito-negocial\/2025\/09\/'> setembro 2025 &nbsp;(10)<\/option>\n\t<option value='https:\/\/pos.uel.br\/direito-negocial\/2025\/08\/'> agosto 2025 &nbsp;(19)<\/option>\n\t<option value='https:\/\/pos.uel.br\/direito-negocial\/2025\/07\/'> julho 2025 &nbsp;(10)<\/option>\n\t<option value='https:\/\/pos.uel.br\/direito-negocial\/2025\/06\/'> junho 2025 &nbsp;(9)<\/option>\n\t<option value='https:\/\/pos.uel.br\/direito-negocial\/2025\/05\/'> maio 2025 &nbsp;(17)<\/option>\n\t<option value='https:\/\/pos.uel.br\/direito-negocial\/2025\/04\/'> abril 2025 &nbsp;(8)<\/option>\n\t<option value='https:\/\/pos.uel.br\/direito-negocial\/2025\/03\/'> mar\u00e7o 2025 &nbsp;(1)<\/option>\n<\/select><script>\n( ( [ dropdownId, homeUrl ] ) => {\n\t\tconst dropdown = document.getElementById( dropdownId );\n\t\tfunction onSelectChange() {\n\t\t\tsetTimeout( () => {\n\t\t\t\tif ( 'escape' === dropdown.dataset.lastkey ) {\n\t\t\t\t\treturn;\n\t\t\t\t}\n\t\t\t\tif ( dropdown.value ) {\n\t\t\t\t\tlocation.href = dropdown.value;\n\t\t\t\t}\n\t\t\t}, 250 );\n\t\t}\n\t\tfunction onKeyUp( event ) {\n\t\t\tif ( 'Escape' === event.key ) {\n\t\t\t\tdropdown.dataset.lastkey = 'escape';\n\t\t\t} else {\n\t\t\t\tdelete dropdown.dataset.lastkey;\n\t\t\t}\n\t\t}\n\t\tfunction onClick() {\n\t\t\tdelete dropdown.dataset.lastkey;\n\t\t}\n\t\tdropdown.addEventListener( 'keyup', onKeyUp );\n\t\tdropdown.addEventListener( 'click', onClick );\n\t\tdropdown.addEventListener( 'change', onSelectChange );\n\t} )( [\"wp-block-archives-1\",\"https:\/\/pos.uel.br\/direito-negocial\"] );\n\/\/# sourceURL=block_core_archives_build_dropdown_script\n<\/script>\n<\/div>\n\n\n<hr class=\"wp-block-separator has-alpha-channel-opacity\" \/>\n\n\n\n<h2 class=\"wp-block-heading has-primary-accent-color has-text-color has-link-color wp-elements-66a21fb342460c1cae05a1b7f54d7cf3\">Pesquisar por dia<\/h2>\n\n\n<div class=\"wp-block-calendar\"><table id=\"wp-calendar\" class=\"wp-calendar-table\">\n\t<caption>abril 2026<\/caption>\n\t<thead>\n\t<tr>\n\t\t<th scope=\"col\" aria-label=\"domingo\">D<\/th>\n\t\t<th scope=\"col\" aria-label=\"segunda-feira\">S<\/th>\n\t\t<th scope=\"col\" aria-label=\"ter\u00e7a-feira\">T<\/th>\n\t\t<th scope=\"col\" aria-label=\"quarta-feira\">Q<\/th>\n\t\t<th scope=\"col\" aria-label=\"quinta-feira\">Q<\/th>\n\t\t<th scope=\"col\" aria-label=\"sexta-feira\">S<\/th>\n\t\t<th scope=\"col\" aria-label=\"s\u00e1bado\">S<\/th>\n\t<\/tr>\n\t<\/thead>\n\t<tbody>\n\t<tr>\n\t\t<td colspan=\"3\" class=\"pad\">&nbsp;<\/td><td>1<\/td><td>2<\/td><td>3<\/td><td>4<\/td>\n\t<\/tr>\n\t<tr>\n\t\t<td>5<\/td><td>6<\/td><td>7<\/td><td><a href=\"https:\/\/pos.uel.br\/direito-negocial\/2026\/04\/08\/\" aria-label=\"Posts publicados em 8 de April de 2026\">8<\/a><\/td><td>9<\/td><td>10<\/td><td>11<\/td>\n\t<\/tr>\n\t<tr>\n\t\t<td>12<\/td><td>13<\/td><td>14<\/td><td>15<\/td><td>16<\/td><td>17<\/td><td>18<\/td>\n\t<\/tr>\n\t<tr>\n\t\t<td>19<\/td><td>20<\/td><td>21<\/td><td>22<\/td><td><a href=\"https:\/\/pos.uel.br\/direito-negocial\/2026\/04\/23\/\" aria-label=\"Posts publicados em 23 de April de 2026\">23<\/a><\/td><td>24<\/td><td>25<\/td>\n\t<\/tr>\n\t<tr>\n\t\t<td><a href=\"https:\/\/pos.uel.br\/direito-negocial\/2026\/04\/26\/\" aria-label=\"Posts publicados em 26 de April de 2026\">26<\/a><\/td><td><a href=\"https:\/\/pos.uel.br\/direito-negocial\/2026\/04\/27\/\" aria-label=\"Posts publicados em 27 de April de 2026\">27<\/a><\/td><td>28<\/td><td id=\"today\"><a href=\"https:\/\/pos.uel.br\/direito-negocial\/2026\/04\/29\/\" aria-label=\"Posts publicados em 29 de April de 2026\">29<\/a><\/td><td>30<\/td>\n\t\t<td class=\"pad\" colspan=\"2\">&nbsp;<\/td>\n\t<\/tr>\n\t<\/tbody>\n\t<\/table><nav aria-label=\"Meses anteriores e seguintes\" class=\"wp-calendar-nav\">\n\t\t<span class=\"wp-calendar-nav-prev\"><a href=\"https:\/\/pos.uel.br\/direito-negocial\/2026\/03\/\">&laquo; mar<\/a><\/span>\n\t\t<span class=\"pad\">&nbsp;<\/span>\n\t\t<span class=\"wp-calendar-nav-next\">&nbsp;<\/span>\n\t<\/nav><\/div>","protected":false},"excerpt":{"rendered":"<p>Pesquisar por m\u00eas Pesquisar por dia<\/p>\n","protected":false},"author":16,"featured_media":0,"parent":0,"menu_order":0,"comment_status":"closed","ping_status":"closed","template":"","meta":{"_acf_changed":false,"footnotes":""},"class_list":["post-2684","page","type-page","status-publish","hentry"],"acf":[],"_links":{"self":[{"href":"https:\/\/pos.uel.br\/direito-negocial\/wp-json\/wp\/v2\/pages\/2684","targetHints":{"allow":["GET"]}}],"collection":[{"href":"https:\/\/pos.uel.br\/direito-negocial\/wp-json\/wp\/v2\/pages"}],"about":[{"href":"https:\/\/pos.uel.br\/direito-negocial\/wp-json\/wp\/v2\/types\/page"}],"author":[{"embeddable":true,"href":"https:\/\/pos.uel.br\/direito-negocial\/wp-json\/wp\/v2\/users\/16"}],"replies":[{"embeddable":true,"href":"https:\/\/pos.uel.br\/direito-negocial\/wp-json\/wp\/v2\/comments?post=2684"}],"version-history":[{"count":20,"href":"https:\/\/pos.uel.br\/direito-negocial\/wp-json\/wp\/v2\/pages\/2684\/revisions"}],"predecessor-version":[{"id":3792,"href":"https:\/\/pos.uel.br\/direito-negocial\/wp-json\/wp\/v2\/pages\/2684\/revisions\/3792"}],"wp:attachment":[{"href":"https:\/\/pos.uel.br\/direito-negocial\/wp-json\/wp\/v2\/media?parent=2684"}],"curies":[{"name":"wp","href":"https:\/\/api.w.org\/{rel}","templated":true}]}}