{"id":2649,"date":"2025-08-26T10:56:20","date_gmt":"2025-08-26T13:56:20","guid":{"rendered":"https:\/\/pos.uel.br\/direito-negocial\/?page_id=2649"},"modified":"2025-10-09T13:25:28","modified_gmt":"2025-10-09T16:25:28","slug":"noticias-principal","status":"publish","type":"page","link":"https:\/\/pos.uel.br\/direito-negocial\/","title":{"rendered":"Not\u00edcias"},"content":{"rendered":"\n<div class=\"wp-block-query is-layout-flow wp-block-query-is-layout-flow\"><ul class=\"has-link-color columns-2 wp-elements-ac30f0545f8312bef0dd636da090edab wp-block-post-template has-text-color has-primary-accent-color has-small-font-size is-layout-grid wp-container-core-post-template-is-layout-f6ab3723 wp-block-post-template-is-layout-grid\"><li class=\"wp-block-post post-4427 post type-post status-publish format-standard has-post-thumbnail hentry category-sem-categoria\">\n\n<div class=\"wp-block-columns has-site-background-background-color has-background is-layout-flex wp-container-core-columns-is-layout-9d6595d7 wp-block-columns-is-layout-flex wp-elements-ac30f0545f8312bef0dd636da090edab\">\n<div class=\"wp-block-column is-vertically-aligned-center is-layout-flow wp-block-column-is-layout-flow\" style=\"flex-basis:25%\"><figure style=\"aspect-ratio:3\/4;\" class=\"alignfull wp-block-post-featured-image wp-duotone-unset-1\"><a href=\"https:\/\/pos.uel.br\/direito-negocial\/sem-categoria\/2026\/04\/30\/prorrogadas-as-inscricoes-de-submissoes-para-o-vi-ciged-2026-e-o-vii-sidecied-2026\/\" target=\"_blank\"  ><img loading=\"lazy\" decoding=\"async\" width=\"1131\" height=\"1600\" src=\"https:\/\/pos.uel.br\/direito-negocial\/wp-content\/uploads\/2026\/04\/WhatsApp-Image-2026-04-30-at-09.26.14-1.jpeg\" class=\"attachment-full size-full wp-post-image\" alt=\"Prorrogadas as inscri\u00e7\u00f5es para submiss\u00f5es de resumos expandidos para o VI CIGED 2026 e o VII SIDeCiED 2026\" style=\"width:100%;height:100%;object-fit:cover;\" srcset=\"https:\/\/pos.uel.br\/direito-negocial\/wp-content\/uploads\/2026\/04\/WhatsApp-Image-2026-04-30-at-09.26.14-1.jpeg 1131w, https:\/\/pos.uel.br\/direito-negocial\/wp-content\/uploads\/2026\/04\/WhatsApp-Image-2026-04-30-at-09.26.14-1-212x300.jpeg 212w, https:\/\/pos.uel.br\/direito-negocial\/wp-content\/uploads\/2026\/04\/WhatsApp-Image-2026-04-30-at-09.26.14-1-724x1024.jpeg 724w, https:\/\/pos.uel.br\/direito-negocial\/wp-content\/uploads\/2026\/04\/WhatsApp-Image-2026-04-30-at-09.26.14-1-768x1086.jpeg 768w, https:\/\/pos.uel.br\/direito-negocial\/wp-content\/uploads\/2026\/04\/WhatsApp-Image-2026-04-30-at-09.26.14-1-1086x1536.jpeg 1086w\" sizes=\"auto, (max-width: 1131px) 100vw, 1131px\" \/><\/a><\/figure><\/div>\n\n\n\n<div class=\"wp-block-column is-vertically-aligned-center is-layout-flow wp-block-column-is-layout-flow\" style=\"flex-basis:75%\"><h2 class=\"wp-block-post-title has-medium-font-size\"><a href=\"https:\/\/pos.uel.br\/direito-negocial\/sem-categoria\/2026\/04\/30\/prorrogadas-as-inscricoes-de-submissoes-para-o-vi-ciged-2026-e-o-vii-sidecied-2026\/\" target=\"_blank\" >Prorrogadas as inscri\u00e7\u00f5es para submiss\u00f5es de resumos expandidos para o VI CIGED 2026 e o VII SIDeCiED 2026<\/a><\/h2>\n\n<div class=\"wp-block-post-date\"><time datetime=\"2026-04-30T09:31:33-03:00\">30 de abril de 2026<\/time><\/div><\/div>\n<\/div>\n\n<\/li><li class=\"wp-block-post post-4421 post type-post status-publish format-standard has-post-thumbnail hentry category-sem-categoria\">\n\n<div class=\"wp-block-columns has-site-background-background-color has-background is-layout-flex wp-container-core-columns-is-layout-9d6595d7 wp-block-columns-is-layout-flex wp-elements-ac30f0545f8312bef0dd636da090edab\">\n<div class=\"wp-block-column is-vertically-aligned-center is-layout-flow wp-block-column-is-layout-flow\" style=\"flex-basis:25%\"><figure style=\"aspect-ratio:3\/4;\" class=\"alignfull wp-block-post-featured-image wp-duotone-unset-2\"><a href=\"https:\/\/pos.uel.br\/direito-negocial\/sem-categoria\/2026\/04\/29\/ppgdn-uel-promove-palestra-internacional-sobre-negociacao-coletiva-supranacional\/\" target=\"_blank\"  ><img loading=\"lazy\" decoding=\"async\" width=\"308\" height=\"559\" src=\"https:\/\/pos.uel.br\/direito-negocial\/wp-content\/uploads\/2026\/04\/WhatsApp-Image-2026-04-29-at-10.14.48-1.jpeg\" class=\"attachment-full size-full wp-post-image\" alt=\"Projeto de Pesquisa coordenado pelo professor Dr. Lourival Jos\u00e9 de Oliveira promove palestra internacional sobre negocia\u00e7\u00e3o coletiva supranacional\" style=\"width:100%;height:100%;object-fit:cover;\" srcset=\"https:\/\/pos.uel.br\/direito-negocial\/wp-content\/uploads\/2026\/04\/WhatsApp-Image-2026-04-29-at-10.14.48-1.jpeg 308w, https:\/\/pos.uel.br\/direito-negocial\/wp-content\/uploads\/2026\/04\/WhatsApp-Image-2026-04-29-at-10.14.48-1-165x300.jpeg 165w\" sizes=\"auto, (max-width: 308px) 100vw, 308px\" \/><\/a><\/figure><\/div>\n\n\n\n<div class=\"wp-block-column is-vertically-aligned-center is-layout-flow wp-block-column-is-layout-flow\" style=\"flex-basis:75%\"><h2 class=\"wp-block-post-title has-medium-font-size\"><a href=\"https:\/\/pos.uel.br\/direito-negocial\/sem-categoria\/2026\/04\/29\/ppgdn-uel-promove-palestra-internacional-sobre-negociacao-coletiva-supranacional\/\" target=\"_blank\" >Projeto de Pesquisa coordenado pelo professor Dr. Lourival Jos\u00e9 de Oliveira promove palestra internacional sobre negocia\u00e7\u00e3o coletiva supranacional<\/a><\/h2>\n\n<div class=\"wp-block-post-date\"><time datetime=\"2026-04-29T10:23:12-03:00\">29 de abril de 2026<\/time><\/div><\/div>\n<\/div>\n\n<\/li><li class=\"wp-block-post post-4418 post type-post status-publish format-standard has-post-thumbnail hentry category-sem-categoria\">\n\n<div class=\"wp-block-columns has-site-background-background-color has-background is-layout-flex wp-container-core-columns-is-layout-9d6595d7 wp-block-columns-is-layout-flex wp-elements-ac30f0545f8312bef0dd636da090edab\">\n<div class=\"wp-block-column is-vertically-aligned-center is-layout-flow wp-block-column-is-layout-flow\" style=\"flex-basis:25%\"><figure style=\"aspect-ratio:3\/4;\" class=\"alignfull wp-block-post-featured-image wp-duotone-unset-3\"><a href=\"https:\/\/pos.uel.br\/direito-negocial\/sem-categoria\/2026\/04\/29\/premio-capes-de-tese-edicao-2026\/\" target=\"_blank\"  ><img loading=\"lazy\" decoding=\"async\" width=\"500\" height=\"284\" src=\"https:\/\/pos.uel.br\/direito-negocial\/wp-content\/uploads\/2026\/04\/capestese-marca-500.jpg\" class=\"attachment-full size-full wp-post-image\" alt=\"Pr\u00eamio CAPES de Tese \u2013 Edi\u00e7\u00e3o 2026\" style=\"width:100%;height:100%;object-fit:cover;\" srcset=\"https:\/\/pos.uel.br\/direito-negocial\/wp-content\/uploads\/2026\/04\/capestese-marca-500.jpg 500w, https:\/\/pos.uel.br\/direito-negocial\/wp-content\/uploads\/2026\/04\/capestese-marca-500-300x170.jpg 300w\" sizes=\"auto, (max-width: 500px) 100vw, 500px\" \/><\/a><\/figure><\/div>\n\n\n\n<div class=\"wp-block-column is-vertically-aligned-center is-layout-flow wp-block-column-is-layout-flow\" style=\"flex-basis:75%\"><h2 class=\"wp-block-post-title has-medium-font-size\"><a href=\"https:\/\/pos.uel.br\/direito-negocial\/sem-categoria\/2026\/04\/29\/premio-capes-de-tese-edicao-2026\/\" target=\"_blank\" >Pr\u00eamio CAPES de Tese \u2013 Edi\u00e7\u00e3o 2026<\/a><\/h2>\n\n<div class=\"wp-block-post-date\"><time datetime=\"2026-04-29T10:16:35-03:00\">29 de abril de 2026<\/time><\/div><\/div>\n<\/div>\n\n<\/li><li class=\"wp-block-post post-4390 post type-post status-publish format-standard has-post-thumbnail hentry category-sem-categoria\">\n\n<div class=\"wp-block-columns has-site-background-background-color has-background is-layout-flex wp-container-core-columns-is-layout-9d6595d7 wp-block-columns-is-layout-flex wp-elements-ac30f0545f8312bef0dd636da090edab\">\n<div class=\"wp-block-column is-vertically-aligned-center is-layout-flow wp-block-column-is-layout-flow\" style=\"flex-basis:25%\"><figure style=\"aspect-ratio:3\/4;\" class=\"alignfull wp-block-post-featured-image wp-duotone-unset-4\"><a href=\"https:\/\/pos.uel.br\/direito-negocial\/sem-categoria\/2026\/04\/27\/ppgdn-uel-participa-do-v-simposio-brasil-paraguai-de-direito-internacional-e-desenvolvimento\/\" target=\"_blank\"  ><img loading=\"lazy\" decoding=\"async\" width=\"1280\" height=\"960\" src=\"https:\/\/pos.uel.br\/direito-negocial\/wp-content\/uploads\/2026\/04\/WhatsApp-Image-2026-04-11-at-20.34.41-2.jpeg\" class=\"attachment-full size-full wp-post-image\" alt=\"PPGDN\/UEL participa do V Simp\u00f3sio Brasil\u2013Paraguai de Direito Internacional e Desenvolvimento\" style=\"width:100%;height:100%;object-fit:cover;\" srcset=\"https:\/\/pos.uel.br\/direito-negocial\/wp-content\/uploads\/2026\/04\/WhatsApp-Image-2026-04-11-at-20.34.41-2.jpeg 1280w, https:\/\/pos.uel.br\/direito-negocial\/wp-content\/uploads\/2026\/04\/WhatsApp-Image-2026-04-11-at-20.34.41-2-300x225.jpeg 300w, https:\/\/pos.uel.br\/direito-negocial\/wp-content\/uploads\/2026\/04\/WhatsApp-Image-2026-04-11-at-20.34.41-2-1024x768.jpeg 1024w, https:\/\/pos.uel.br\/direito-negocial\/wp-content\/uploads\/2026\/04\/WhatsApp-Image-2026-04-11-at-20.34.41-2-768x576.jpeg 768w\" sizes=\"auto, (max-width: 1280px) 100vw, 1280px\" \/><\/a><\/figure><\/div>\n\n\n\n<div class=\"wp-block-column is-vertically-aligned-center is-layout-flow wp-block-column-is-layout-flow\" style=\"flex-basis:75%\"><h2 class=\"wp-block-post-title has-medium-font-size\"><a href=\"https:\/\/pos.uel.br\/direito-negocial\/sem-categoria\/2026\/04\/27\/ppgdn-uel-participa-do-v-simposio-brasil-paraguai-de-direito-internacional-e-desenvolvimento\/\" target=\"_blank\" >PPGDN\/UEL participa do V Simp\u00f3sio Brasil\u2013Paraguai de Direito Internacional e Desenvolvimento<\/a><\/h2>\n\n<div class=\"wp-block-post-date\"><time datetime=\"2026-04-27T10:37:59-03:00\">27 de abril de 2026<\/time><\/div><\/div>\n<\/div>\n\n<\/li><li class=\"wp-block-post post-4383 post type-post status-publish format-standard has-post-thumbnail hentry category-sem-categoria\">\n\n<div class=\"wp-block-columns has-site-background-background-color has-background is-layout-flex wp-container-core-columns-is-layout-9d6595d7 wp-block-columns-is-layout-flex wp-elements-ac30f0545f8312bef0dd636da090edab\">\n<div class=\"wp-block-column is-vertically-aligned-center is-layout-flow wp-block-column-is-layout-flow\" style=\"flex-basis:25%\"><figure style=\"aspect-ratio:3\/4;\" class=\"alignfull wp-block-post-featured-image wp-duotone-unset-5\"><a href=\"https:\/\/pos.uel.br\/direito-negocial\/sem-categoria\/2026\/04\/26\/londrina-recebe-a-8a-edicao-do-congresso-brasileiro-de-gestao-de-conflitos-em-maio-de-2026\/\" target=\"_blank\"  ><img loading=\"lazy\" decoding=\"async\" width=\"1131\" height=\"1600\" src=\"https:\/\/pos.uel.br\/direito-negocial\/wp-content\/uploads\/2026\/04\/WhatsApp-Image-2026-04-24-at-20.40.06.jpeg\" class=\"attachment-full size-full wp-post-image\" alt=\"Londrina recebe a 8\u00aa edi\u00e7\u00e3o do Congresso Brasileiro de Gest\u00e3o de Conflitos em maio de 2026\" style=\"width:100%;height:100%;object-fit:cover;\" srcset=\"https:\/\/pos.uel.br\/direito-negocial\/wp-content\/uploads\/2026\/04\/WhatsApp-Image-2026-04-24-at-20.40.06.jpeg 1131w, https:\/\/pos.uel.br\/direito-negocial\/wp-content\/uploads\/2026\/04\/WhatsApp-Image-2026-04-24-at-20.40.06-212x300.jpeg 212w, https:\/\/pos.uel.br\/direito-negocial\/wp-content\/uploads\/2026\/04\/WhatsApp-Image-2026-04-24-at-20.40.06-724x1024.jpeg 724w, https:\/\/pos.uel.br\/direito-negocial\/wp-content\/uploads\/2026\/04\/WhatsApp-Image-2026-04-24-at-20.40.06-768x1086.jpeg 768w, https:\/\/pos.uel.br\/direito-negocial\/wp-content\/uploads\/2026\/04\/WhatsApp-Image-2026-04-24-at-20.40.06-1086x1536.jpeg 1086w\" sizes=\"auto, (max-width: 1131px) 100vw, 1131px\" \/><\/a><\/figure><\/div>\n\n\n\n<div class=\"wp-block-column is-vertically-aligned-center is-layout-flow wp-block-column-is-layout-flow\" style=\"flex-basis:75%\"><h2 class=\"wp-block-post-title has-medium-font-size\"><a href=\"https:\/\/pos.uel.br\/direito-negocial\/sem-categoria\/2026\/04\/26\/londrina-recebe-a-8a-edicao-do-congresso-brasileiro-de-gestao-de-conflitos-em-maio-de-2026\/\" target=\"_blank\" >Londrina recebe a 8\u00aa edi\u00e7\u00e3o do Congresso Brasileiro de Gest\u00e3o de Conflitos em maio de 2026<\/a><\/h2>\n\n<div class=\"wp-block-post-date\"><time datetime=\"2026-04-26T19:57:08-03:00\">26 de abril de 2026<\/time><\/div><\/div>\n<\/div>\n\n<\/li><li class=\"wp-block-post post-4379 post type-post status-publish format-standard has-post-thumbnail hentry category-sem-categoria\">\n\n<div class=\"wp-block-columns has-site-background-background-color has-background is-layout-flex wp-container-core-columns-is-layout-9d6595d7 wp-block-columns-is-layout-flex wp-elements-ac30f0545f8312bef0dd636da090edab\">\n<div class=\"wp-block-column is-vertically-aligned-center is-layout-flow wp-block-column-is-layout-flow\" style=\"flex-basis:25%\"><figure style=\"aspect-ratio:3\/4;\" class=\"alignfull wp-block-post-featured-image wp-duotone-unset-6\"><a href=\"https:\/\/pos.uel.br\/direito-negocial\/sem-categoria\/2026\/04\/23\/ppgdn-e-iberojur-promovem-simposio-luso-brasileiro-sobre-gestao-de-conflitos\/\" target=\"_blank\"  ><img loading=\"lazy\" decoding=\"async\" width=\"1080\" height=\"1080\" src=\"https:\/\/pos.uel.br\/direito-negocial\/wp-content\/uploads\/2026\/04\/WhatsApp-Image-2026-03-26-at-13.08.55.jpeg\" class=\"attachment-full size-full wp-post-image\" alt=\"PPGDN e IBEROJUR promovem Simp\u00f3sio Luso-Brasileiro sobre Gest\u00e3o de Conflitos\" style=\"width:100%;height:100%;object-fit:cover;\" srcset=\"https:\/\/pos.uel.br\/direito-negocial\/wp-content\/uploads\/2026\/04\/WhatsApp-Image-2026-03-26-at-13.08.55.jpeg 1080w, https:\/\/pos.uel.br\/direito-negocial\/wp-content\/uploads\/2026\/04\/WhatsApp-Image-2026-03-26-at-13.08.55-300x300.jpeg 300w, https:\/\/pos.uel.br\/direito-negocial\/wp-content\/uploads\/2026\/04\/WhatsApp-Image-2026-03-26-at-13.08.55-1024x1024.jpeg 1024w, https:\/\/pos.uel.br\/direito-negocial\/wp-content\/uploads\/2026\/04\/WhatsApp-Image-2026-03-26-at-13.08.55-150x150.jpeg 150w, https:\/\/pos.uel.br\/direito-negocial\/wp-content\/uploads\/2026\/04\/WhatsApp-Image-2026-03-26-at-13.08.55-768x768.jpeg 768w\" sizes=\"auto, (max-width: 1080px) 100vw, 1080px\" \/><\/a><\/figure><\/div>\n\n\n\n<div class=\"wp-block-column is-vertically-aligned-center is-layout-flow wp-block-column-is-layout-flow\" style=\"flex-basis:75%\"><h2 class=\"wp-block-post-title has-medium-font-size\"><a href=\"https:\/\/pos.uel.br\/direito-negocial\/sem-categoria\/2026\/04\/23\/ppgdn-e-iberojur-promovem-simposio-luso-brasileiro-sobre-gestao-de-conflitos\/\" target=\"_blank\" >PPGDN e IBEROJUR promovem Simp\u00f3sio Luso-Brasileiro sobre Gest\u00e3o de Conflitos<\/a><\/h2>\n\n<div class=\"wp-block-post-date\"><time datetime=\"2026-04-23T11:47:51-03:00\">23 de abril de 2026<\/time><\/div><\/div>\n<\/div>\n\n<\/li><\/ul><\/div>\n\n\n\n<div class=\"wp-block-buttons is-content-justification-center is-layout-flex wp-container-core-buttons-is-layout-16018d1d wp-block-buttons-is-layout-flex\">\n<div class=\"wp-block-button is-style-fill\"><a class=\"wp-block-button__link has-primary-accent-background-color has-background has-text-align-right wp-element-button\" href=\"https:\/\/pos.uel.br\/direito-negocial\/noticias\/\">Leia mais<\/a><\/div>\n<\/div>\n\n\n\n<p><\/p>\n","protected":false},"excerpt":{"rendered":"","protected":false},"author":16,"featured_media":0,"parent":0,"menu_order":0,"comment_status":"closed","ping_status":"closed","template":"","meta":{"_acf_changed":false,"footnotes":""},"class_list":["post-2649","page","type-page","status-publish","hentry"],"acf":[],"_links":{"self":[{"href":"https:\/\/pos.uel.br\/direito-negocial\/wp-json\/wp\/v2\/pages\/2649","targetHints":{"allow":["GET"]}}],"collection":[{"href":"https:\/\/pos.uel.br\/direito-negocial\/wp-json\/wp\/v2\/pages"}],"about":[{"href":"https:\/\/pos.uel.br\/direito-negocial\/wp-json\/wp\/v2\/types\/page"}],"author":[{"embeddable":true,"href":"https:\/\/pos.uel.br\/direito-negocial\/wp-json\/wp\/v2\/users\/16"}],"replies":[{"embeddable":true,"href":"https:\/\/pos.uel.br\/direito-negocial\/wp-json\/wp\/v2\/comments?post=2649"}],"version-history":[{"count":25,"href":"https:\/\/pos.uel.br\/direito-negocial\/wp-json\/wp\/v2\/pages\/2649\/revisions"}],"predecessor-version":[{"id":3817,"href":"https:\/\/pos.uel.br\/direito-negocial\/wp-json\/wp\/v2\/pages\/2649\/revisions\/3817"}],"wp:attachment":[{"href":"https:\/\/pos.uel.br\/direito-negocial\/wp-json\/wp\/v2\/media?parent=2649"}],"curies":[{"name":"wp","href":"https:\/\/api.w.org\/{rel}","templated":true}]}}