{"id":240,"date":"2024-10-07T11:06:55","date_gmt":"2024-10-07T14:06:55","guid":{"rendered":"https:\/\/pos.uel.br\/direito-negocial\/?page_id=240"},"modified":"2026-04-08T10:39:36","modified_gmt":"2026-04-08T13:39:36","slug":"portarias-2","status":"publish","type":"page","link":"https:\/\/pos.uel.br\/direito-negocial\/portarias-2\/","title":{"rendered":"PORTARIAS"},"content":{"rendered":"\n<p><\/p>\n\n\n\n<h2 class=\"wp-block-heading\"><strong>PORTARIA 01\/2026 &#8211; ATUALIZA O QUADRO DE HOR\u00c1RIOS DE PERMAN\u00caNCIA DOS BOLSITAS<\/strong><\/h2>\n\n\n\n<div data-wp-interactive=\"core\/file\" class=\"wp-block-file\"><object data-wp-bind--hidden=\"!state.hasPdfPreview\" hidden class=\"wp-block-file__embed\" data=\"https:\/\/pos.uel.br\/direito-negocial\/wp-content\/uploads\/2026\/04\/Portaria-01-2026-Atualiza-o-quadro-de-hora\u0301rios.pdf\" type=\"application\/pdf\" style=\"width:100%;height:600px\" aria-label=\"Incorporado de Portaria-01-2026-Atualiza o quadro de hora\u0301rios.\"><\/object><a id=\"wp-block-file--media-1a70385f-0da8-47b6-a8ad-2318abf0a88b\" href=\"https:\/\/pos.uel.br\/direito-negocial\/wp-content\/uploads\/2026\/04\/Portaria-01-2026-Atualiza-o-quadro-de-hora\u0301rios.pdf\">Portaria-01-2026-Atualiza o quadro de hora\u0301rios<\/a><a href=\"https:\/\/pos.uel.br\/direito-negocial\/wp-content\/uploads\/2026\/04\/Portaria-01-2026-Atualiza-o-quadro-de-hora\u0301rios.pdf\" class=\"wp-block-file__button wp-element-button\" download aria-describedby=\"wp-block-file--media-1a70385f-0da8-47b6-a8ad-2318abf0a88b\">Baixar<\/a><\/div>\n\n\n\n<h2 class=\"wp-block-heading\"><strong>PORTARIA 12\/2025 &#8211; RECESSO<\/strong> ACAD\u00caMICO E O REGIME DE ATIVIDADES REMOTAS NO PER\u00cdODO DE 20 DE DEZEMBRO A 18 DE FEVEREIRO<\/h2>\n\n\n\n<div data-wp-interactive=\"core\/file\" class=\"wp-block-file\"><object data-wp-bind--hidden=\"!state.hasPdfPreview\" hidden class=\"wp-block-file__embed\" data=\"https:\/\/pos.uel.br\/direito-negocial\/wp-content\/uploads\/2025\/12\/Portaria-12-2025-Recesso-Academico-e-Atividades.docx.pdf\" type=\"application\/pdf\" style=\"width:100%;height:600px\" aria-label=\"Incorporado de Portaria-12-2025-Recesso Acad\u00eamico e Atividades.docx.\"><\/object><a id=\"wp-block-file--media-4ac2d0f1-9880-4ade-b63a-c6b1880eb7d1\" href=\"https:\/\/pos.uel.br\/direito-negocial\/wp-content\/uploads\/2025\/12\/Portaria-12-2025-Recesso-Academico-e-Atividades.docx.pdf\">Portaria-12-2025-Recesso Acad\u00eamico e Atividades.docx<\/a><a href=\"https:\/\/pos.uel.br\/direito-negocial\/wp-content\/uploads\/2025\/12\/Portaria-12-2025-Recesso-Academico-e-Atividades.docx.pdf\" class=\"wp-block-file__button wp-element-button\" download aria-describedby=\"wp-block-file--media-4ac2d0f1-9880-4ade-b63a-c6b1880eb7d1\">Baixar<\/a><\/div>\n\n\n\n<h2 class=\"wp-block-heading\">PORTARIA 11\/2025 &#8211; COMISS\u00c3O DE AUTOAVALIA\u00c7\u00c3O<\/h2>\n\n\n\n<div data-wp-interactive=\"core\/file\" class=\"wp-block-file\"><object data-wp-bind--hidden=\"!state.hasPdfPreview\" hidden class=\"wp-block-file__embed\" data=\"https:\/\/pos.uel.br\/direito-negocial\/wp-content\/uploads\/2025\/11\/Portaria_11-2025_-_Comissoes_Autoavaliacao.docx_29_assinado.pdf\" type=\"application\/pdf\" style=\"width:100%;height:600px\" aria-label=\"Incorporado de Portaria_11-2025_-_Comissoes_Autoavaliacao.docx_29_assinado.\"><\/object><a id=\"wp-block-file--media-f2bb530f-f900-4d0d-b696-4b321925f753\" href=\"https:\/\/pos.uel.br\/direito-negocial\/wp-content\/uploads\/2025\/11\/Portaria_11-2025_-_Comissoes_Autoavaliacao.docx_29_assinado.pdf\">Portaria_11-2025_-_Comissoes_Autoavaliacao.docx_29_assinado<\/a><a href=\"https:\/\/pos.uel.br\/direito-negocial\/wp-content\/uploads\/2025\/11\/Portaria_11-2025_-_Comissoes_Autoavaliacao.docx_29_assinado.pdf\" class=\"wp-block-file__button wp-element-button\" download aria-describedby=\"wp-block-file--media-f2bb530f-f900-4d0d-b696-4b321925f753\">Baixar<\/a><\/div>\n\n\n\n<h2 class=\"wp-block-heading\">PORTARIA 10\/2025 &#8211; COMISS\u00d5ES DO PROGRAMA DE P\u00d3S-GRADUA\u00c7\u00c3O<\/h2>\n\n\n\n<div data-wp-interactive=\"core\/file\" class=\"wp-block-file\"><object data-wp-bind--hidden=\"!state.hasPdfPreview\" hidden class=\"wp-block-file__embed\" data=\"https:\/\/pos.uel.br\/direito-negocial\/wp-content\/uploads\/2025\/09\/Portaria-10-2025-Comisso\u0303es-4.pdf\" type=\"application\/pdf\" style=\"width:100%;height:600px\" aria-label=\"Incorporado de Portaria-10-2025-Comisso\u0303es.\"><\/object><a id=\"wp-block-file--media-a4fa8f97-3079-4d9f-941c-d9414206500f\" href=\"https:\/\/pos.uel.br\/direito-negocial\/wp-content\/uploads\/2025\/09\/Portaria-10-2025-Comisso\u0303es-4.pdf\">Portaria-10-2025-Comisso\u0303es<\/a><a href=\"https:\/\/pos.uel.br\/direito-negocial\/wp-content\/uploads\/2025\/09\/Portaria-10-2025-Comisso\u0303es-4.pdf\" class=\"wp-block-file__button wp-element-button\" download aria-describedby=\"wp-block-file--media-a4fa8f97-3079-4d9f-941c-d9414206500f\">Baixar<\/a><\/div>\n\n\n\n<h2 class=\"wp-block-heading\">PORTARIA 09\/2025 &#8211; QUADRO DE HOR\u00c1RIOS PERMAN\u00caNCIA BOLSISTAS (PRESENCIAL)<\/h2>\n\n\n\n<div data-wp-interactive=\"core\/file\" class=\"wp-block-file\"><object data-wp-bind--hidden=\"!state.hasPdfPreview\" hidden class=\"wp-block-file__embed\" data=\"https:\/\/pos.uel.br\/direito-negocial\/wp-content\/uploads\/2025\/08\/PORTARIA-09-2025-ALTERACAO-QUADRO-PERMANENCIA-SEGUNDO-SEMESTRE-2025.2-3.pdf\" type=\"application\/pdf\" style=\"width:100%;height:600px\" aria-label=\"Incorporado de PORTARIA-09-2025-ALTERA\u00c7\u00c3O-QUADRO-PERMANENCIA-SEGUNDO-SEMESTRE-2025.2 (3).\"><\/object><a id=\"wp-block-file--media-6e2eac19-8517-4462-89e7-c6fbeb4e03c1\" href=\"https:\/\/pos.uel.br\/direito-negocial\/wp-content\/uploads\/2025\/08\/PORTARIA-09-2025-ALTERACAO-QUADRO-PERMANENCIA-SEGUNDO-SEMESTRE-2025.2-3.pdf\">PORTARIA-09-2025-ALTERA\u00c7\u00c3O-QUADRO-PERMANENCIA-SEGUNDO-SEMESTRE-2025.2 (3)<\/a><a href=\"https:\/\/pos.uel.br\/direito-negocial\/wp-content\/uploads\/2025\/08\/PORTARIA-09-2025-ALTERACAO-QUADRO-PERMANENCIA-SEGUNDO-SEMESTRE-2025.2-3.pdf\" class=\"wp-block-file__button wp-element-button\" download aria-describedby=\"wp-block-file--media-6e2eac19-8517-4462-89e7-c6fbeb4e03c1\">Baixar<\/a><\/div>\n\n\n\n<h2 class=\"wp-block-heading\">PORTARIA 08\/2025 &#8211; QUADRO DE HOR\u00c1RIOS PERMAN\u00caNCIA BOLSISTAS (PRESENCIAL)<\/h2>\n\n\n\n<div data-wp-interactive=\"core\/file\" class=\"wp-block-file\"><object data-wp-bind--hidden=\"!state.hasPdfPreview\" hidden class=\"wp-block-file__embed\" data=\"https:\/\/pos.uel.br\/direito-negocial\/wp-content\/uploads\/2025\/08\/PORTARIA-08-2025-QUADRO-PERMANENCIA-SEGUNDO-SEMESTRE-2025.2.pdf\" type=\"application\/pdf\" style=\"width:100%;height:600px\" aria-label=\"Incorporado de PORTARIA 08-2025 - QUADRO PERMAN\u00caNCIA SEGUNDO SEMESTRE 2025.2.\"><\/object><a id=\"wp-block-file--media-178569d1-bd31-4e31-a169-ff2996b5b542\" href=\"https:\/\/pos.uel.br\/direito-negocial\/wp-content\/uploads\/2025\/08\/PORTARIA-08-2025-QUADRO-PERMANENCIA-SEGUNDO-SEMESTRE-2025.2.pdf\">PORTARIA 08-2025 &#8211; QUADRO PERMAN\u00caNCIA SEGUNDO SEMESTRE 2025.2<\/a><a href=\"https:\/\/pos.uel.br\/direito-negocial\/wp-content\/uploads\/2025\/08\/PORTARIA-08-2025-QUADRO-PERMANENCIA-SEGUNDO-SEMESTRE-2025.2.pdf\" class=\"wp-block-file__button wp-element-button\" download aria-describedby=\"wp-block-file--media-178569d1-bd31-4e31-a169-ff2996b5b542\">Baixar<\/a><\/div>\n\n\n\n<h2 class=\"wp-block-heading\">PORTARIA 07\/2025 &#8211; COMISS\u00d5ES DO PPGDN\/UEL<\/h2>\n\n\n\n<div data-wp-interactive=\"core\/file\" class=\"wp-block-file\"><object data-wp-bind--hidden=\"!state.hasPdfPreview\" hidden class=\"wp-block-file__embed\" data=\"https:\/\/pos.uel.br\/direito-negocial\/wp-content\/uploads\/2025\/08\/Portaria-07-2025-Comissoes-1.pdf\" type=\"application\/pdf\" style=\"width:100%;height:600px\" aria-label=\"Incorporado de Portaria 07-2025 - Comiss\u00f5es.\"><\/object><a id=\"wp-block-file--media-d19adc6a-93f2-4131-97e7-f3a877418022\" href=\"https:\/\/pos.uel.br\/direito-negocial\/wp-content\/uploads\/2025\/08\/Portaria-07-2025-Comissoes-1.pdf\">Portaria 07-2025 &#8211; Comiss\u00f5es<\/a><a href=\"https:\/\/pos.uel.br\/direito-negocial\/wp-content\/uploads\/2025\/08\/Portaria-07-2025-Comissoes-1.pdf\" class=\"wp-block-file__button wp-element-button\" download aria-describedby=\"wp-block-file--media-d19adc6a-93f2-4131-97e7-f3a877418022\">Baixar<\/a><\/div>\n\n\n\n<h2 class=\"wp-block-heading\">PORTARIA 06\/2025 &#8211; QUADRO DE HOR\u00c1RIOS PERMAN\u00caNCIA BOLSISTAS<\/h2>\n\n\n\n<div data-wp-interactive=\"core\/file\" class=\"wp-block-file\"><object data-wp-bind--hidden=\"!state.hasPdfPreview\" hidden class=\"wp-block-file__embed\" data=\"https:\/\/pos.uel.br\/direito-negocial\/wp-content\/uploads\/2025\/04\/Modelo-Portaria-Quadro-Permanencia-Bolsistas.docx.pdf\" type=\"application\/pdf\" style=\"width:100%;height:600px\" aria-label=\"Incorporado de Modelo Portaria Quadro Perman\u00eancia Bolsistas.docx.\"><\/object><a id=\"wp-block-file--media-03165aaa-0d48-467d-981e-74a3b31367ce\" href=\"https:\/\/pos.uel.br\/direito-negocial\/wp-content\/uploads\/2025\/04\/Modelo-Portaria-Quadro-Permanencia-Bolsistas.docx.pdf\">Modelo Portaria Quadro Perman\u00eancia Bolsistas.docx<\/a><a href=\"https:\/\/pos.uel.br\/direito-negocial\/wp-content\/uploads\/2025\/04\/Modelo-Portaria-Quadro-Permanencia-Bolsistas.docx.pdf\" class=\"wp-block-file__button wp-element-button\" download aria-describedby=\"wp-block-file--media-03165aaa-0d48-467d-981e-74a3b31367ce\">Baixar<\/a><\/div>\n\n\n\n<div data-wp-interactive=\"core\/file\" class=\"wp-block-file\"><object data-wp-bind--hidden=\"!state.hasPdfPreview\" hidden class=\"wp-block-file__embed\" data=\"https:\/\/pos.uel.br\/direito-negocial\/wp-content\/uploads\/2025\/05\/Portaria-01-2025-HORARIO-PERMANENCIA-BOLSISTAS.pdf\" type=\"application\/pdf\" style=\"width:100%;height:600px\" aria-label=\"Incorporado de Portaria 01-2025 HOR\u00c1RIO PERMAN\u00caNCIA BOLSISTAS.\"><\/object><a id=\"wp-block-file--media-fc9db3d9-cdc7-47f6-b91c-e6f88d31fe3b\" href=\"https:\/\/pos.uel.br\/direito-negocial\/wp-content\/uploads\/2025\/05\/Portaria-01-2025-HORARIO-PERMANENCIA-BOLSISTAS.pdf\">Portaria 01-2025 HOR\u00c1RIO PERMAN\u00caNCIA BOLSISTAS<\/a><a href=\"https:\/\/pos.uel.br\/direito-negocial\/wp-content\/uploads\/2025\/05\/Portaria-01-2025-HORARIO-PERMANENCIA-BOLSISTAS.pdf\" class=\"wp-block-file__button wp-element-button\" download aria-describedby=\"wp-block-file--media-fc9db3d9-cdc7-47f6-b91c-e6f88d31fe3b\">Baixar<\/a><\/div>\n\n\n\n<p><\/p>\n\n\n\n<div data-wp-interactive=\"core\/file\" class=\"wp-block-file\"><object data-wp-bind--hidden=\"!state.hasPdfPreview\" hidden class=\"wp-block-file__embed\" data=\"https:\/\/pos.uel.br\/direito-negocial\/wp-content\/uploads\/2025\/05\/Portaria-10-2024-Horario-permanencia.docx.pdf\" type=\"application\/pdf\" style=\"width:100%;height:600px\" aria-label=\"Incorporado de Portaria 10-2024 - Hor\u00e1rio perman\u00eancia.docx.\"><\/object><a id=\"wp-block-file--media-9de705c3-d9d6-42f1-9949-b7c8b514c9ef\" href=\"https:\/\/pos.uel.br\/direito-negocial\/wp-content\/uploads\/2025\/05\/Portaria-10-2024-Horario-permanencia.docx.pdf\">Portaria 10-2024 &#8211; Hor\u00e1rio perman\u00eancia.docx<\/a><a href=\"https:\/\/pos.uel.br\/direito-negocial\/wp-content\/uploads\/2025\/05\/Portaria-10-2024-Horario-permanencia.docx.pdf\" class=\"wp-block-file__button wp-element-button\" download aria-describedby=\"wp-block-file--media-9de705c3-d9d6-42f1-9949-b7c8b514c9ef\">Baixar<\/a><\/div>\n\n\n\n<h2 class=\"wp-block-heading\">PORTARIA COMISS\u00c3O DE BOLSAS DE P\u00d3S-GRADUA\u00c7\u00c3O<\/h2>\n\n\n\n<div data-wp-interactive=\"core\/file\" class=\"wp-block-file\"><object data-wp-bind--hidden=\"!state.hasPdfPreview\" hidden class=\"wp-block-file__embed\" data=\"https:\/\/pos.uel.br\/direito-negocial\/wp-content\/uploads\/2025\/02\/Portaria-n.-04-2024-COMISSA\u0303O-DE-BOLSAS.pdf\" type=\"application\/pdf\" style=\"width:100%;height:600px\" aria-label=\"Incorporado de Portaria n. 04-2024 - COMISSA\u0303O DE BOLSAS.\"><\/object><a id=\"wp-block-file--media-5e140855-fede-4a14-9cb0-52847fbdbfd0\" href=\"https:\/\/pos.uel.br\/direito-negocial\/wp-content\/uploads\/2025\/02\/Portaria-n.-04-2024-COMISSA\u0303O-DE-BOLSAS.pdf\">Portaria n. 04-2024 &#8211; COMISSA\u0303O DE BOLSAS<\/a><a href=\"https:\/\/pos.uel.br\/direito-negocial\/wp-content\/uploads\/2025\/02\/Portaria-n.-04-2024-COMISSA\u0303O-DE-BOLSAS.pdf\" class=\"wp-block-file__button wp-element-button\" download aria-describedby=\"wp-block-file--media-5e140855-fede-4a14-9cb0-52847fbdbfd0\">Baixar<\/a><\/div>\n\n\n\n<p><\/p>\n\n\n\n<h2 class=\"wp-block-heading\">PORTARIA 05\/2025 &#8211; ESTABELECE OS CRIT\u00c9RIOS DE PRODU\u00c7\u00c3O INTELECTUAL E PUBLICA\u00c7\u00d5ES PARA OBTEN\u00c7\u00c3O DO T\u00cdTULO DE MESTRE E DOUTOR<\/h2>\n\n\n\n<div data-wp-interactive=\"core\/file\" class=\"wp-block-file\"><object data-wp-bind--hidden=\"!state.hasPdfPreview\" hidden class=\"wp-block-file__embed\" data=\"https:\/\/pos.uel.br\/direito-negocial\/wp-content\/uploads\/2025\/01\/PORTARIA-05-2025-REQUISITOS-PUBLICACOES.pdf\" type=\"application\/pdf\" style=\"width:100%;height:600px\" aria-label=\"Incorporado de PORTARIA 05 2025 REQUISITOS PUBLICA\u00c7\u00d5ES.\"><\/object><a id=\"wp-block-file--media-042f46fd-d580-4597-982b-326e6591f802\" href=\"https:\/\/pos.uel.br\/direito-negocial\/wp-content\/uploads\/2025\/01\/PORTARIA-05-2025-REQUISITOS-PUBLICACOES.pdf\">PORTARIA 05 2025 REQUISITOS PUBLICA\u00c7\u00d5ES<\/a><a href=\"https:\/\/pos.uel.br\/direito-negocial\/wp-content\/uploads\/2025\/01\/PORTARIA-05-2025-REQUISITOS-PUBLICACOES.pdf\" class=\"wp-block-file__button wp-element-button\" download aria-describedby=\"wp-block-file--media-042f46fd-d580-4597-982b-326e6591f802\">Baixar<\/a><\/div>\n\n\n\n<hr class=\"wp-block-separator has-alpha-channel-opacity\" \/>\n\n\n\n<p><\/p>\n\n\n\n<div data-wp-interactive=\"core\/file\" class=\"wp-block-file\"><object data-wp-bind--hidden=\"!state.hasPdfPreview\" hidden class=\"wp-block-file__embed\" data=\"https:\/\/pos.uel.br\/direito-negocial\/wp-content\/uploads\/2025\/05\/PORTARIA-05_2024.docx-1.pdf\" type=\"application\/pdf\" style=\"width:100%;height:600px\" aria-label=\"Incorporado de PORTARIA 05_2024.docx (1).\"><\/object><a id=\"wp-block-file--media-bbedfa79-9777-404c-a6be-137b6a66d502\" href=\"https:\/\/pos.uel.br\/direito-negocial\/wp-content\/uploads\/2025\/05\/PORTARIA-05_2024.docx-1.pdf\">PORTARIA 05_2024.docx (1)<\/a><a href=\"https:\/\/pos.uel.br\/direito-negocial\/wp-content\/uploads\/2025\/05\/PORTARIA-05_2024.docx-1.pdf\" class=\"wp-block-file__button wp-element-button\" download aria-describedby=\"wp-block-file--media-bbedfa79-9777-404c-a6be-137b6a66d502\">Baixar<\/a><\/div>\n\n\n\n<h2 class=\"wp-block-heading\">PORTARIA 04\/2025 &#8211; PADRONIZA\u00c7\u00c3O DE PROCEDIMENTOS DE PRORROGA\u00c7\u00c3O<\/h2>\n\n\n\n<div data-wp-interactive=\"core\/file\" class=\"wp-block-file\"><object data-wp-bind--hidden=\"!state.hasPdfPreview\" hidden class=\"wp-block-file__embed\" data=\"https:\/\/pos.uel.br\/direito-negocial\/wp-content\/uploads\/2025\/01\/Portaria-4-25-Prorrogacao.pdf\" type=\"application\/pdf\" style=\"width:100%;height:600px\" aria-label=\"Incorporado de Portaria 4-25 (Prorroga\u00e7\u00e3o).\"><\/object><a id=\"wp-block-file--media-4e16134f-b277-46b4-9b4e-8d61ba6c500b\" href=\"https:\/\/pos.uel.br\/direito-negocial\/wp-content\/uploads\/2025\/01\/Portaria-4-25-Prorrogacao.pdf\">Portaria 4-25 (Prorroga\u00e7\u00e3o)<\/a><a href=\"https:\/\/pos.uel.br\/direito-negocial\/wp-content\/uploads\/2025\/01\/Portaria-4-25-Prorrogacao.pdf\" class=\"wp-block-file__button wp-element-button\" download aria-describedby=\"wp-block-file--media-4e16134f-b277-46b4-9b4e-8d61ba6c500b\">Baixar<\/a><\/div>\n\n\n\n<hr class=\"wp-block-separator has-alpha-channel-opacity\" \/>\n\n\n\n<h2 class=\"wp-block-heading\">PORTARIA 03\/2025 &#8211; INSTITUI LIMITE PARA QUALIFICA\u00c7\u00c3O E DEFESA DE DISSERTA\u00c7\u00c3O<\/h2>\n\n\n\n<p><\/p>\n\n\n\n<div data-wp-interactive=\"core\/file\" class=\"wp-block-file\"><object data-wp-bind--hidden=\"!state.hasPdfPreview\" hidden class=\"wp-block-file__embed\" data=\"https:\/\/pos.uel.br\/direito-negocial\/wp-content\/uploads\/2025\/01\/PORTARIA-03_2025-limite-para-entrega-de-dissertacao.docx.pdf\" type=\"application\/pdf\" style=\"width:100%;height:600px\" aria-label=\"Incorporado de PORTARIA 03_2025 - limite para entrega de disserta\u00e7\u00e3o.docx.\"><\/object><a id=\"wp-block-file--media-5bdfd333-b985-4c65-b091-17ab2322a7e3\" href=\"https:\/\/pos.uel.br\/direito-negocial\/wp-content\/uploads\/2025\/01\/PORTARIA-03_2025-limite-para-entrega-de-dissertacao.docx.pdf\">PORTARIA 03_2025 &#8211; limite para entrega de disserta\u00e7\u00e3o.docx<\/a><a href=\"https:\/\/pos.uel.br\/direito-negocial\/wp-content\/uploads\/2025\/01\/PORTARIA-03_2025-limite-para-entrega-de-dissertacao.docx.pdf\" class=\"wp-block-file__button wp-element-button\" download aria-describedby=\"wp-block-file--media-5bdfd333-b985-4c65-b091-17ab2322a7e3\">Baixar<\/a><\/div>\n\n\n\n<hr class=\"wp-block-separator has-alpha-channel-opacity\" \/>\n\n\n\n<h2 class=\"wp-block-heading\">COMISS\u00d5ES<\/h2>\n\n\n\n<p>O Programa de P\u00f3s-Gradua\u00e7\u00e3o em Direito Negocial da Universidade Estadual de Londrina (UEL), em sua esfera administrativa, \u00e9 dividido em comiss\u00f5es para assegurar que todo o trabalho seja efetivado, as quais s\u00e3o integradas por docentes e discentes bolsistas e separadas do seguinte modo: <\/p>\n\n\n\n<h2 class=\"wp-block-heading\">COMISS\u00c3O DE AUTOAVALIA\u00c7\u00c3O<\/h2>\n\n\n\n<div data-wp-interactive=\"core\/file\" class=\"wp-block-file\"><object data-wp-bind--hidden=\"!state.hasPdfPreview\" hidden class=\"wp-block-file__embed\" data=\"https:\/\/pos.uel.br\/direito-negocial\/wp-content\/uploads\/2024\/11\/PORTARIA-15_2024-COMISSAO-AVALIACAO.docx.pdf\" type=\"application\/pdf\" style=\"width:100%;height:600px\" aria-label=\"Incorporado de PORTARIA 15_2024 - COMISS\u00c3O AVALIA\u00c7\u00c3O.docx.\"><\/object><a id=\"wp-block-file--media-e0bfe446-5b61-4d25-876a-b13ca65f5ca0\" href=\"https:\/\/pos.uel.br\/direito-negocial\/wp-content\/uploads\/2024\/11\/PORTARIA-15_2024-COMISSAO-AVALIACAO.docx.pdf\">PORTARIA 15_2024 &#8211; COMISS\u00c3O AVALIA\u00c7\u00c3O.docx<\/a><a href=\"https:\/\/pos.uel.br\/direito-negocial\/wp-content\/uploads\/2024\/11\/PORTARIA-15_2024-COMISSAO-AVALIACAO.docx.pdf\" class=\"wp-block-file__button wp-element-button\" download aria-describedby=\"wp-block-file--media-e0bfe446-5b61-4d25-876a-b13ca65f5ca0\">Baixar<\/a><\/div>\n\n\n\n<hr class=\"wp-block-separator has-alpha-channel-opacity\" \/>\n\n\n\n<div data-wp-interactive=\"core\/file\" class=\"wp-block-file\"><object data-wp-bind--hidden=\"!state.hasPdfPreview\" hidden class=\"wp-block-file__embed\" data=\"https:\/\/pos.uel.br\/direito-negocial\/wp-content\/uploads\/2025\/05\/PORTARIA-07_2024-COMISSAO-AVALIACAO.docx.pdf\" type=\"application\/pdf\" style=\"width:100%;height:600px\" aria-label=\"Incorporado de PORTARIA 07_2024 - COMISS\u00c3O AVALIA\u00c7\u00c3O.docx.\"><\/object><a id=\"wp-block-file--media-ca38576c-edcb-4961-877e-5d458bcc66a8\" href=\"https:\/\/pos.uel.br\/direito-negocial\/wp-content\/uploads\/2025\/05\/PORTARIA-07_2024-COMISSAO-AVALIACAO.docx.pdf\">PORTARIA 07_2024 &#8211; COMISS\u00c3O AVALIA\u00c7\u00c3O.docx<\/a><a href=\"https:\/\/pos.uel.br\/direito-negocial\/wp-content\/uploads\/2025\/05\/PORTARIA-07_2024-COMISSAO-AVALIACAO.docx.pdf\" class=\"wp-block-file__button wp-element-button\" download aria-describedby=\"wp-block-file--media-ca38576c-edcb-4961-877e-5d458bcc66a8\">Baixar<\/a><\/div>\n\n\n\n<p><\/p>\n\n\n\n<h2 class=\"wp-block-heading\">COMISS\u00c3O DE APOIO A REVISTA DE DIREITO P\u00daBLICO<\/h2>\n\n\n\n<p><\/p>\n\n\n\n<div data-wp-interactive=\"core\/file\" class=\"wp-block-file\"><object data-wp-bind--hidden=\"!state.hasPdfPreview\" hidden class=\"wp-block-file__embed\" data=\"https:\/\/pos.uel.br\/direito-negocial\/wp-content\/uploads\/2024\/11\/Portaria-12_2024-Revista-direito-publico.docx.pdf\" type=\"application\/pdf\" style=\"width:100%;height:600px\" aria-label=\"Incorporado de Portaria 12_2024 - Revista direito p\u00fablico.docx.\"><\/object><a id=\"wp-block-file--media-89f6a41a-bb9d-45ff-bd95-67ed9874c9a7\" href=\"https:\/\/pos.uel.br\/direito-negocial\/wp-content\/uploads\/2024\/11\/Portaria-12_2024-Revista-direito-publico.docx.pdf\">Portaria 12_2024 &#8211; Revista direito p\u00fablico.docx<\/a><a href=\"https:\/\/pos.uel.br\/direito-negocial\/wp-content\/uploads\/2024\/11\/Portaria-12_2024-Revista-direito-publico.docx.pdf\" class=\"wp-block-file__button wp-element-button\" download aria-describedby=\"wp-block-file--media-89f6a41a-bb9d-45ff-bd95-67ed9874c9a7\">Baixar<\/a><\/div>\n\n\n\n<hr class=\"wp-block-separator has-alpha-channel-opacity\" \/>\n\n\n\n<h2 class=\"wp-block-heading\">COMISS\u00c3O DE APOIO A REVISTA SCIENTIA IURIS<\/h2>\n\n\n\n<p><\/p>\n\n\n\n<div data-wp-interactive=\"core\/file\" class=\"wp-block-file\"><object data-wp-bind--hidden=\"!state.hasPdfPreview\" hidden class=\"wp-block-file__embed\" data=\"https:\/\/pos.uel.br\/direito-negocial\/wp-content\/uploads\/2025\/01\/Portaria-12_2024-Revista-Scientia-Iuris.pdf\" type=\"application\/pdf\" style=\"width:100%;height:600px\" aria-label=\"Incorporado de Portaria 12_2024 - Revista Scientia Iuris.\"><\/object><a id=\"wp-block-file--media-3321558d-d81d-4976-bd4e-7cb2a690da65\" href=\"https:\/\/pos.uel.br\/direito-negocial\/wp-content\/uploads\/2025\/01\/Portaria-12_2024-Revista-Scientia-Iuris.pdf\">Portaria 12_2024 &#8211; Revista Scientia Iuris<\/a><a href=\"https:\/\/pos.uel.br\/direito-negocial\/wp-content\/uploads\/2025\/01\/Portaria-12_2024-Revista-Scientia-Iuris.pdf\" class=\"wp-block-file__button wp-element-button\" download aria-describedby=\"wp-block-file--media-3321558d-d81d-4976-bd4e-7cb2a690da65\">Baixar<\/a><\/div>\n\n\n\n<hr class=\"wp-block-separator has-alpha-channel-opacity\" \/>\n\n\n\n<h2 class=\"wp-block-heading\">COMISS\u00c3O DE CONV\u00caNIOS<\/h2>\n\n\n\n<p><\/p>\n\n\n\n<div data-wp-interactive=\"core\/file\" class=\"wp-block-file\"><object data-wp-bind--hidden=\"!state.hasPdfPreview\" hidden class=\"wp-block-file__embed\" data=\"https:\/\/pos.uel.br\/direito-negocial\/wp-content\/uploads\/2024\/11\/PORTARIA-09_2024-COMISSAO-CONVENIOS.docx.pdf\" type=\"application\/pdf\" style=\"width:100%;height:600px\" aria-label=\"Incorporado de PORTARIA 09_2024 - COMISS\u00c3O CONV\u00caNIOS.docx.\"><\/object><a id=\"wp-block-file--media-84f419aa-f3c4-488a-afc2-65a4ad90b263\" href=\"https:\/\/pos.uel.br\/direito-negocial\/wp-content\/uploads\/2024\/11\/PORTARIA-09_2024-COMISSAO-CONVENIOS.docx.pdf\">PORTARIA 09_2024 &#8211; COMISS\u00c3O CONV\u00caNIOS.docx<\/a><a href=\"https:\/\/pos.uel.br\/direito-negocial\/wp-content\/uploads\/2024\/11\/PORTARIA-09_2024-COMISSAO-CONVENIOS.docx.pdf\" class=\"wp-block-file__button wp-element-button\" download aria-describedby=\"wp-block-file--media-84f419aa-f3c4-488a-afc2-65a4ad90b263\">Baixar<\/a><\/div>\n\n\n\n<hr class=\"wp-block-separator has-alpha-channel-opacity\" \/>\n\n\n\n<h2 class=\"wp-block-heading\">COMISS\u00c3O DE COMUNICA\u00c7\u00c3O<\/h2>\n\n\n\n<p><\/p>\n\n\n\n<div data-wp-interactive=\"core\/file\" class=\"wp-block-file\"><object data-wp-bind--hidden=\"!state.hasPdfPreview\" hidden class=\"wp-block-file__embed\" data=\"https:\/\/pos.uel.br\/direito-negocial\/wp-content\/uploads\/2024\/11\/Portaria-08_2024-Assessoria-de-imprensa.docx.pdf\" type=\"application\/pdf\" style=\"width:100%;height:600px\" aria-label=\"Incorporado de Portaria 08_2024 - Assessoria de imprensa.docx.\"><\/object><a id=\"wp-block-file--media-66b726ac-67d3-458e-b9eb-713256d3ba51\" href=\"https:\/\/pos.uel.br\/direito-negocial\/wp-content\/uploads\/2024\/11\/Portaria-08_2024-Assessoria-de-imprensa.docx.pdf\">Portaria 08_2024 &#8211; Assessoria de imprensa.docx<\/a><a href=\"https:\/\/pos.uel.br\/direito-negocial\/wp-content\/uploads\/2024\/11\/Portaria-08_2024-Assessoria-de-imprensa.docx.pdf\" class=\"wp-block-file__button wp-element-button\" download aria-describedby=\"wp-block-file--media-66b726ac-67d3-458e-b9eb-713256d3ba51\">Baixar<\/a><\/div>\n\n\n\n<hr class=\"wp-block-separator has-alpha-channel-opacity\" \/>\n\n\n\n<h2 class=\"wp-block-heading\">COMISS\u00c3O DE FINAN\u00c7AS<\/h2>\n\n\n\n<div data-wp-interactive=\"core\/file\" class=\"wp-block-file\"><object data-wp-bind--hidden=\"!state.hasPdfPreview\" hidden class=\"wp-block-file__embed\" data=\"https:\/\/pos.uel.br\/direito-negocial\/wp-content\/uploads\/2025\/01\/PORTARIA-02-2025-COMISSAO-DE-FINANCAS.pdf\" type=\"application\/pdf\" style=\"width:100%;height:600px\" aria-label=\"Incorporado de PORTARIA 02 2025 - COMISS\u00c3O DE FINAN\u00c7AS.\"><\/object><a id=\"wp-block-file--media-f823ef31-227a-4068-8df1-c7fa8b176117\" href=\"https:\/\/pos.uel.br\/direito-negocial\/wp-content\/uploads\/2025\/01\/PORTARIA-02-2025-COMISSAO-DE-FINANCAS.pdf\">PORTARIA 02 2025 &#8211; COMISS\u00c3O DE FINAN\u00c7AS<\/a><a href=\"https:\/\/pos.uel.br\/direito-negocial\/wp-content\/uploads\/2025\/01\/PORTARIA-02-2025-COMISSAO-DE-FINANCAS.pdf\" class=\"wp-block-file__button wp-element-button\" download aria-describedby=\"wp-block-file--media-f823ef31-227a-4068-8df1-c7fa8b176117\">Baixar<\/a><\/div>\n\n\n\n<div data-wp-interactive=\"core\/file\" class=\"wp-block-file\"><object data-wp-bind--hidden=\"!state.hasPdfPreview\" hidden class=\"wp-block-file__embed\" data=\"https:\/\/pos.uel.br\/direito-negocial\/wp-content\/uploads\/2025\/05\/Portaria-02-2024-COMISSAO-DE-FINANCAS-1.pdf\" type=\"application\/pdf\" style=\"width:100%;height:600px\" aria-label=\"Incorporado de Portaria 02-2024 COMISS\u00c3O DE FINAN\u00c7AS.\"><\/object><a id=\"wp-block-file--media-ae31889f-3a67-475e-b7e4-95a79f14e3c2\" href=\"https:\/\/pos.uel.br\/direito-negocial\/wp-content\/uploads\/2025\/05\/Portaria-02-2024-COMISSAO-DE-FINANCAS-1.pdf\">Portaria 02-2024 COMISS\u00c3O DE FINAN\u00c7AS<\/a><a href=\"https:\/\/pos.uel.br\/direito-negocial\/wp-content\/uploads\/2025\/05\/Portaria-02-2024-COMISSAO-DE-FINANCAS-1.pdf\" class=\"wp-block-file__button wp-element-button\" download aria-describedby=\"wp-block-file--media-ae31889f-3a67-475e-b7e4-95a79f14e3c2\">Baixar<\/a><\/div>\n\n\n\n<h2 class=\"wp-block-heading\">PORTARIA DESIGNA\u00c7\u00c3O MEMBRO PARA NESPJ E LAPECH <\/h2>\n\n\n\n<p><\/p>\n\n\n\n<div data-wp-interactive=\"core\/file\" class=\"wp-block-file\"><object data-wp-bind--hidden=\"!state.hasPdfPreview\" hidden class=\"wp-block-file__embed\" data=\"https:\/\/pos.uel.br\/direito-negocial\/wp-content\/uploads\/2025\/05\/Portaria-11-2023.pdf\" type=\"application\/pdf\" style=\"width:100%;height:600px\" aria-label=\"Incorporado de Portaria 11-2023.\"><\/object><a id=\"wp-block-file--media-875cf7b5-857b-4b97-ac25-5158f7ac85d9\" href=\"https:\/\/pos.uel.br\/direito-negocial\/wp-content\/uploads\/2025\/05\/Portaria-11-2023.pdf\">Portaria 11-2023<\/a><a href=\"https:\/\/pos.uel.br\/direito-negocial\/wp-content\/uploads\/2025\/05\/Portaria-11-2023.pdf\" class=\"wp-block-file__button wp-element-button\" download aria-describedby=\"wp-block-file--media-875cf7b5-857b-4b97-ac25-5158f7ac85d9\">Baixar<\/a><\/div>\n\n\n\n<p><\/p>\n\n\n\n<div data-wp-interactive=\"core\/file\" class=\"wp-block-file\"><object data-wp-bind--hidden=\"!state.hasPdfPreview\" hidden class=\"wp-block-file__embed\" data=\"https:\/\/pos.uel.br\/direito-negocial\/wp-content\/uploads\/2025\/05\/Portaria-01-2024-NOMEACAO-MARLENE-KEMPFER-LAPECH.pdf\" type=\"application\/pdf\" style=\"width:100%;height:600px\" aria-label=\"Incorporado de Portaria 01-2024 NOMEA\u00c7\u00c3O MARLENE KEMPFER LAPECH.\"><\/object><a id=\"wp-block-file--media-cdecf35c-8e83-444c-bb93-93a6541c344d\" href=\"https:\/\/pos.uel.br\/direito-negocial\/wp-content\/uploads\/2025\/05\/Portaria-01-2024-NOMEACAO-MARLENE-KEMPFER-LAPECH.pdf\">Portaria 01-2024 NOMEA\u00c7\u00c3O MARLENE KEMPFER LAPECH<\/a><a href=\"https:\/\/pos.uel.br\/direito-negocial\/wp-content\/uploads\/2025\/05\/Portaria-01-2024-NOMEACAO-MARLENE-KEMPFER-LAPECH.pdf\" class=\"wp-block-file__button wp-element-button\" download aria-describedby=\"wp-block-file--media-cdecf35c-8e83-444c-bb93-93a6541c344d\">Baixar<\/a><\/div>\n\n\n\n<p><\/p>\n\n\n\n<h2 class=\"wp-block-heading\">PORTARIA MODELO SOLICITA\u00c7\u00c3O VERBAS<\/h2>\n\n\n\n<div data-wp-interactive=\"core\/file\" class=\"wp-block-file\"><object data-wp-bind--hidden=\"!state.hasPdfPreview\" hidden class=\"wp-block-file__embed\" data=\"https:\/\/pos.uel.br\/direito-negocial\/wp-content\/uploads\/2025\/05\/PORTARIA-12-SOLICITACAO-DE-VERBAS.pdf\" type=\"application\/pdf\" style=\"width:100%;height:600px\" aria-label=\"Incorporado de PORTARIA 12 - SOLICITA\u00c7\u00c3O DE VERBAS.\"><\/object><a id=\"wp-block-file--media-3aaac10c-f965-46b9-ae79-9b4c739ed852\" href=\"https:\/\/pos.uel.br\/direito-negocial\/wp-content\/uploads\/2025\/05\/PORTARIA-12-SOLICITACAO-DE-VERBAS.pdf\">PORTARIA 12 &#8211; SOLICITA\u00c7\u00c3O DE VERBAS<\/a><a href=\"https:\/\/pos.uel.br\/direito-negocial\/wp-content\/uploads\/2025\/05\/PORTARIA-12-SOLICITACAO-DE-VERBAS.pdf\" class=\"wp-block-file__button wp-element-button\" download aria-describedby=\"wp-block-file--media-3aaac10c-f965-46b9-ae79-9b4c739ed852\">Baixar<\/a><\/div>\n\n\n\n<p><\/p>\n\n\n\n<h2 class=\"wp-block-heading\">PORTARIAS GERAIS<\/h2>\n\n\n\n<div data-wp-interactive=\"core\/file\" class=\"wp-block-file\"><object data-wp-bind--hidden=\"!state.hasPdfPreview\" hidden class=\"wp-block-file__embed\" data=\"https:\/\/pos.uel.br\/direito-negocial\/wp-content\/uploads\/2025\/05\/Portaria-13-2023.pdf\" type=\"application\/pdf\" style=\"width:100%;height:600px\" aria-label=\"Incorporado de Portaria 13-2023.\"><\/object><a id=\"wp-block-file--media-bbb3dcc2-5670-4815-baa7-82168e3dc5cb\" href=\"https:\/\/pos.uel.br\/direito-negocial\/wp-content\/uploads\/2025\/05\/Portaria-13-2023.pdf\">Portaria 13-2023<\/a><a href=\"https:\/\/pos.uel.br\/direito-negocial\/wp-content\/uploads\/2025\/05\/Portaria-13-2023.pdf\" class=\"wp-block-file__button wp-element-button\" download aria-describedby=\"wp-block-file--media-bbb3dcc2-5670-4815-baa7-82168e3dc5cb\">Baixar<\/a><\/div>\n","protected":false},"excerpt":{"rendered":"<p>PORTARIA 01\/2026 &#8211; ATUALIZA O QUADRO DE HOR\u00c1RIOS DE PERMAN\u00caNCIA DOS BOLSITAS PORTARIA 12\/2025 &#8211; RECESSO ACAD\u00caMICO E O REGIME DE ATIVIDADES REMOTAS NO PER\u00cdODO DE 20 DE DEZEMBRO A 18 DE FEVEREIRO PORTARIA 11\/2025 &#8211; COMISS\u00c3O DE AUTOAVALIA\u00c7\u00c3O PORTARIA 10\/2025 &#8211; COMISS\u00d5ES DO PROGRAMA DE P\u00d3S-GRADUA\u00c7\u00c3O PORTARIA 09\/2025 &#8211; QUADRO DE HOR\u00c1RIOS PERMAN\u00caNCIA BOLSISTAS [&hellip;]<\/p>\n","protected":false},"author":11,"featured_media":0,"parent":0,"menu_order":0,"comment_status":"closed","ping_status":"closed","template":"","meta":{"_acf_changed":false,"footnotes":""},"class_list":["post-240","page","type-page","status-publish","hentry"],"acf":[],"_links":{"self":[{"href":"https:\/\/pos.uel.br\/direito-negocial\/wp-json\/wp\/v2\/pages\/240","targetHints":{"allow":["GET"]}}],"collection":[{"href":"https:\/\/pos.uel.br\/direito-negocial\/wp-json\/wp\/v2\/pages"}],"about":[{"href":"https:\/\/pos.uel.br\/direito-negocial\/wp-json\/wp\/v2\/types\/page"}],"author":[{"embeddable":true,"href":"https:\/\/pos.uel.br\/direito-negocial\/wp-json\/wp\/v2\/users\/11"}],"replies":[{"embeddable":true,"href":"https:\/\/pos.uel.br\/direito-negocial\/wp-json\/wp\/v2\/comments?post=240"}],"version-history":[{"count":27,"href":"https:\/\/pos.uel.br\/direito-negocial\/wp-json\/wp\/v2\/pages\/240\/revisions"}],"predecessor-version":[{"id":4322,"href":"https:\/\/pos.uel.br\/direito-negocial\/wp-json\/wp\/v2\/pages\/240\/revisions\/4322"}],"wp:attachment":[{"href":"https:\/\/pos.uel.br\/direito-negocial\/wp-json\/wp\/v2\/media?parent=240"}],"curies":[{"name":"wp","href":"https:\/\/api.w.org\/{rel}","templated":true}]}}