{"id":2337,"date":"2025-07-31T10:41:35","date_gmt":"2025-07-31T13:41:35","guid":{"rendered":"https:\/\/pos.uel.br\/direito-negocial\/?page_id=2337"},"modified":"2026-02-24T12:43:15","modified_gmt":"2026-02-24T15:43:15","slug":"bolsas-fundacao-araucaria","status":"publish","type":"page","link":"https:\/\/pos.uel.br\/direito-negocial\/bolsas-2\/bolsas-fundacao-araucaria\/","title":{"rendered":"Bolsas Funda\u00e7\u00e3o Arauc\u00e1ria"},"content":{"rendered":"<div class=\"wp-block-image\">\n<figure class=\"aligncenter size-large is-resized\"><img loading=\"lazy\" decoding=\"async\" width=\"1024\" height=\"420\" src=\"https:\/\/pos.uel.br\/direito-negocial\/wp-content\/uploads\/2025\/07\/logofa-4-1024x420.png\" alt=\"\" class=\"wp-image-2345\" style=\"width:317px;height:auto\" srcset=\"https:\/\/pos.uel.br\/direito-negocial\/wp-content\/uploads\/2025\/07\/logofa-4-1024x420.png 1024w, https:\/\/pos.uel.br\/direito-negocial\/wp-content\/uploads\/2025\/07\/logofa-4-300x123.png 300w, https:\/\/pos.uel.br\/direito-negocial\/wp-content\/uploads\/2025\/07\/logofa-4-768x315.png 768w, https:\/\/pos.uel.br\/direito-negocial\/wp-content\/uploads\/2025\/07\/logofa-4-1536x630.png 1536w, https:\/\/pos.uel.br\/direito-negocial\/wp-content\/uploads\/2025\/07\/logofa-4-2048x840.png 2048w\" sizes=\"auto, (max-width: 1024px) 100vw, 1024px\" \/><\/figure>\n<\/div>\n\n\n<p>A Funda\u00e7\u00e3o Arauc\u00e1ria de Apoio ao Desenvolvimento Cient\u00edfico e Tecnol\u00f3gico do Estado do Paran\u00e1 (FA) integra o conjunto das Funda\u00e7\u00f5es Estaduais de Amparo \u00e0 Pesquisa do Brasil e \u00e9 membro do Conselho Nacional das Funda\u00e7\u00f5es de Amparo \u00e0 Pesquisa (Confap). A funda\u00e7\u00e3o tem como objetivo promover o desenvolvimento social, econ\u00f4mico e ambiental do Estado do Paran\u00e1, por meio do fomento \u00e0 ci\u00eancia, tecnologia e inova\u00e7\u00e3o. Suas iniciativas s\u00e3o viabilizadas por Chamadas P\u00fablicas de Projetos (CP\u2019s) e Processos de Inexigibilidade de Chamamento P\u00fablico (PI\u2019s), ambos com avalia\u00e7\u00e3o de m\u00e9rito cient\u00edfico realizada por pares.<\/p>\n\n\n\n<h4 class=\"wp-block-heading\">Inscri\u00e7\u00f5es<\/h4>\n\n\n\n<p>As inscri\u00e7\u00f5es para concess\u00e3o de bolsas ocorrem ap\u00f3s a entrada de novos ingressantes no Mestrado e Doutorado, com abertura de edital devidamente publicado no site do Programa de Mestrado em Direito Negocial, sendo admitidas as inscri\u00e7\u00f5es de alunos regulares matriculados no Programa de Mestrado em Direito Negocial, com as especifica\u00e7\u00f5es de cada processo seletivo adequadamente especificado no edital do processo seletivo em aberto.&nbsp;<\/p>\n\n\n\n<h4 class=\"wp-block-heading\">Crit\u00e9rios<\/h4>\n\n\n\n<p>As bolsas ser\u00e3o distribu\u00eddas entre os docentes de acordo com a ordem dos seguintes crit\u00e9rios:&nbsp;<\/p>\n\n\n\n<blockquote class=\"wp-block-quote is-layout-flow wp-block-quote-is-layout-flow\">\n<p>1\u00ba \u2013 atividades acad\u00eamico-administrativas pelas quais os docentes e discentes ficariam respons\u00e1veis&nbsp;<\/p>\n\n\n\n<p>2\u00ba \u2013 produ\u00e7\u00e3o acad\u00eamico-cient\u00edfica conforme pontua\u00e7\u00e3o da CAPES para avalia\u00e7\u00e3o do curso&nbsp;<\/p>\n\n\n\n<p>3\u00ba \u2013 n\u00famero de orientandos&nbsp;<\/p>\n\n\n\n<p>4\u00ba \u2013 carga hor\u00e1ria no Programa<\/p>\n<\/blockquote>\n\n\n\n<p>Para obter a bolsa, os orientandos dever\u00e3o atender aos seguintes requisitos:<\/p>\n\n\n\n<p>1. O candidato aprovado dever\u00e1 ter resid\u00eancia na Regi\u00e3o Metropolitana de Londrina\/PR, conforme Portaria n. 79, de 28 de abril de 2023 que revogou o inc. X do art. 9\u00ba da Portaria n. 76, de abril de 2010.&nbsp;<\/p>\n\n\n\n<p>2. \u00c9 permitido o exerc\u00edcio de atividade acad\u00eamica profissional remunerada em Institui\u00e7\u00e3o de Ensino Superior, desde que exer\u00e7a carga hor\u00e1ria m\u00e1xima de 20 (vinte) horas-aula semanais.&nbsp;<\/p>\n\n\n\n<p>3. O candidato dever\u00e1 apresentar rendimento acad\u00eamico satisfat\u00f3rio n\u00e3o podendo ser reprovado em qualquer disciplina a partir da concess\u00e3o da bolsa.<\/p>\n\n\n\n<h4 class=\"wp-block-heading\">Fases do processo seletivo<\/h4>\n\n\n\n<p><strong>Inscri\u00e7\u00e3o<\/strong><\/p>\n\n\n\n<p>Documentos a serem enviados, dentro do prazo, nos seguintes endere\u00e7os eletr\u00f4nicos:&nbsp;<a href=\"mailto:mestrados@uel.br\">mestrados@uel.br<\/a>&nbsp;e&nbsp;<a href=\"mailto:ppgdireitouel@uel.br\">ppgdireitouel@uel.br<\/a>&nbsp;<\/p>\n\n\n\n<ul class=\"wp-block-list\">\n<li>Comprovante de resid\u00eancia na regi\u00e3o metropolitana de Londrina, Paran\u00e1, tais como conta de luz, telefone ou declara\u00e7\u00e3o do locador do im\u00f3vel, com firma reconhecida em cart\u00f3rio.\n<ul class=\"wp-block-list\">\n<li>O comprovante de resid\u00eancia poder\u00e1 ser apresentado no momento da concess\u00e3o da bolsa para o estudante selecionado, sendo-lhe condi\u00e7\u00e3o obrigat\u00f3ria.<\/li>\n<\/ul>\n<\/li>\n\n\n\n<li>Declara\u00e7\u00e3o que ateste a inexist\u00eancia de percep\u00e7\u00e3o de rendimentos de qualquer natureza, e caso possua v\u00ednculo empregat\u00edcio, declara\u00e7\u00e3o de que est\u00e1 liberado dessas atividades, sem vencimentos, seja no ato da entrega dos documentos ou no ato de eventual contempla\u00e7\u00e3o, observando o art. 7\u00ba da Portaria CAPES n. 133, de 10 de julho de 2023.<\/li>\n\n\n\n<li>Declara\u00e7\u00e3o de n\u00e3o ser funcion\u00e1rio ou servidor (docente, pesquisador ou t\u00e9cnico) da institui\u00e7\u00e3o onde realiza a p\u00f3s-gradua\u00e7\u00e3o;<\/li>\n\n\n\n<li>Comprovante de matr\u00edcula como aluno regular deste Programa de Mestrado e Doutorado, sendo permitida a apresenta\u00e7\u00e3o do comprovante de matr\u00edcula extra\u00eddo online, pelo site da Universidade Estadual de Londrina.<\/li>\n<\/ul>\n\n\n\n<p><strong>Entrevista<\/strong><\/p>\n\n\n\n<p>A entrevista ocorrer\u00e1 na modalidade presencial, nas salas do Programa de P\u00f3s-gradua\u00e7\u00e3o em Direito Negocial, no Centro de Estudos Sociais Aplicados da UEL<\/p>\n\n\n\n<p>Nesta oportunidade, ser\u00e1 arguido sobre comprometimento do candidato com as atividades, especialmente, disponibilidade de tempo para dedica\u00e7\u00e3o em perman\u00eancia presencial neste Programa de Mestrado, bem como acerca de atribui\u00e7\u00f5es para atividades em grupo com os demais discentes e docentes.<\/p>\n\n\n\n<p><strong>Convoca\u00e7\u00e3o<\/strong><\/p>\n\n\n\n<p>A classifica\u00e7\u00e3o dos candidatos levar\u00e1 em considera\u00e7\u00e3o a maior pontua\u00e7\u00e3o final (nota fina geral) \u2013 NFG, conforme f\u00f3rmula abaixo:<\/p>\n\n\n\n<p>&nbsp;NFG = NPPD + NPO + (NE x 2)&nbsp;<\/p>\n\n\n\n<p>Onde:&nbsp;<\/p>\n\n\n\n<p><strong>NFG<\/strong>&nbsp;\u2013 NOTA FINAL GERAL&nbsp;<\/p>\n\n\n\n<p><strong>NPPD&nbsp;<\/strong>\u2013 NOTA DO PR\u00c9-PROJETO DE DISSERTA\u00c7\u00c3O NO PROCESSO SELETIVO DE INGRESSO COMO ALUNO REGULAR&nbsp;<\/p>\n\n\n\n<p><strong>NPO<\/strong>&nbsp;\u2013 NOTA DA PROVA ORAL NO PROCESSO SELETIVO DE INGRESSO COMO ALUNO REGULAR&nbsp;<strong>NE<\/strong>&nbsp;\u2013 NOTA DA ENTREVISTA NO PROCESSO SELETIVO PARA CONCESS\u00c3O DE BOLSA<\/p>\n\n\n\n<p>Os alunos selecionados ser\u00e3o convocados de acordo com a ordem de classifica\u00e7\u00e3o deste processo seletivo e \u00e0 medida que forem disponibilizadas as bolsas pelo Programa de Mestrado e Doutorado em Direito Negocial, conforme vagas nas linhas e projetos de pesquisa.<\/p>\n\n\n\n<h4 class=\"wp-block-heading\"><strong>Atribui\u00e7\u00f5es<\/strong><\/h4>\n\n\n\n<ul class=\"wp-block-list\">\n<li>Cumprir com o hor\u00e1rio de perman\u00eancia estabelecido pela Coordena\u00e7\u00e3o deste Programa de Mestrado.\n<ul class=\"wp-block-list\">\n<li>Esta perman\u00eancia considera a disposi\u00e7\u00e3o do aluno bolsista, no m\u00ednimo, em dois per\u00edodos, al\u00e9m do hor\u00e1rio regular de aula e est\u00e1gio em doc\u00eancia na gradua\u00e7\u00e3o. Essa perman\u00eancia deve ser cumprida nas depend\u00eancias da institui\u00e7\u00e3o. O bolsista desenvolver\u00e1 as atividades de forma remota quando persistir, por raz\u00f5es extraordin\u00e1rias, a suspens\u00e3o das atividades no campus.&nbsp;<\/li>\n<\/ul>\n<\/li>\n\n\n\n<li>Participar de eventos acad\u00eamicos por meio da apresenta\u00e7\u00e3o de trabalhos e publica\u00e7\u00e3o de artigos cient\u00edficos.&nbsp;<\/li>\n\n\n\n<li>Zelar pela boa condu\u00e7\u00e3o das atividades desempenhadas por este Programa de P\u00f3s-gradua\u00e7\u00e3o em Direito Negocial, especialmente no cumprimento de prazos, estabelecidos pela coordena\u00e7\u00e3o.&nbsp;<\/li>\n\n\n\n<li>Realizar, de forma eficiente e correta, as tarefas que lhe forem submetidas.&nbsp;<\/li>\n\n\n\n<li>Comparecer \u00e0s reuni\u00f5es quando solicitado pela Coordena\u00e7\u00e3o deste Programa de P\u00f3s-gradua\u00e7\u00e3o em Direito Negocial.&nbsp;<\/li>\n\n\n\n<li>Ter bom desempenho nas disciplinas cursadas como aluno regular neste Programa de Mestrado.&nbsp;<\/li>\n\n\n\n<li>Ser\u00e1 desligado do Programa de Bolsas o aluno que reprovar em qualquer disciplina.<\/li>\n<\/ul>\n\n\n\n<h4 class=\"wp-block-heading\"><strong>Exig\u00eancias<\/strong><\/h4>\n\n\n\n<ul class=\"wp-block-list\">\n<li>As atividades realizadas como aluno bolsista n\u00e3o prejudicar\u00e3o os hor\u00e1rios de aulas do Programa de Mestrado e do Est\u00e1gio em Doc\u00eancia.&nbsp;<\/li>\n\n\n\n<li>O aluno bolsista dever\u00e1 ser aprovado no exame de qualifica\u00e7\u00e3o, conforme estabelecido nas normas internas, e aprovado na defesa de disserta\u00e7\u00e3o no prazo regulamentar de 24 meses, contados do seu ingresso como aluno regular do programa, n\u00e3o sendo admitido pedido de prorroga\u00e7\u00e3o deste prazo, salvo situa\u00e7\u00f5es excepcionais a serem analisadas pelo Colegiado do Programa de P\u00f3s-gradua\u00e7\u00e3o em Direito Negocial<\/li>\n<\/ul>\n\n\n\n<hr class=\"wp-block-separator has-alpha-channel-opacity\" \/>\n\n\n\n<h2 class=\"wp-block-heading has-text-align-center\">BOLSISTAS EM VIG\u00caNCIA<\/h2>\n\n\n\n<p class=\"has-text-align-center\"><strong>MESTRADO<\/strong><\/p>\n\n\n\n<p><strong>FERNANDO MURILO LOUREN\u00c7O ROQUE<\/strong> &#8211; Data de In\u00edcio: 08\/2025 \/ Data de T\u00e9rmino: 07\/2027<\/p>\n\n\n\n<p><\/p>\n\n\n\n<hr class=\"wp-block-separator has-alpha-channel-opacity\" \/>\n\n\n\n<h2 class=\"wp-block-heading has-text-align-center\"><strong>EGRESSOS BOLSISTAS<\/strong><\/h2>\n\n\n\n<p class=\"has-text-align-center\"><strong>MESTRADO<\/strong><\/p>\n\n\n\n<p class=\"has-text-align-left\"><strong>2025<\/strong><\/p>\n\n\n\n<p><strong>LUCAS MATHEUS ALVES<\/strong> \u2013 Data de In\u00edcio: 03\/2025 \/ Data de T\u00e9rmino: 07\/2025<\/p>\n\n\n\n<p><\/p>\n\n\n\n<p><\/p>\n","protected":false},"excerpt":{"rendered":"<p>A Funda\u00e7\u00e3o Arauc\u00e1ria de Apoio ao Desenvolvimento Cient\u00edfico e Tecnol\u00f3gico do Estado do Paran\u00e1 (FA) integra o conjunto das Funda\u00e7\u00f5es Estaduais de Amparo \u00e0 Pesquisa do Brasil e \u00e9 membro do Conselho Nacional das Funda\u00e7\u00f5es de Amparo \u00e0 Pesquisa (Confap). A funda\u00e7\u00e3o tem como objetivo promover o desenvolvimento social, econ\u00f4mico e ambiental do Estado do [&hellip;]<\/p>\n","protected":false},"author":20,"featured_media":0,"parent":2178,"menu_order":0,"comment_status":"closed","ping_status":"closed","template":"","meta":{"_acf_changed":false,"footnotes":""},"class_list":["post-2337","page","type-page","status-publish","hentry"],"acf":[],"_links":{"self":[{"href":"https:\/\/pos.uel.br\/direito-negocial\/wp-json\/wp\/v2\/pages\/2337","targetHints":{"allow":["GET"]}}],"collection":[{"href":"https:\/\/pos.uel.br\/direito-negocial\/wp-json\/wp\/v2\/pages"}],"about":[{"href":"https:\/\/pos.uel.br\/direito-negocial\/wp-json\/wp\/v2\/types\/page"}],"author":[{"embeddable":true,"href":"https:\/\/pos.uel.br\/direito-negocial\/wp-json\/wp\/v2\/users\/20"}],"replies":[{"embeddable":true,"href":"https:\/\/pos.uel.br\/direito-negocial\/wp-json\/wp\/v2\/comments?post=2337"}],"version-history":[{"count":16,"href":"https:\/\/pos.uel.br\/direito-negocial\/wp-json\/wp\/v2\/pages\/2337\/revisions"}],"predecessor-version":[{"id":4062,"href":"https:\/\/pos.uel.br\/direito-negocial\/wp-json\/wp\/v2\/pages\/2337\/revisions\/4062"}],"up":[{"embeddable":true,"href":"https:\/\/pos.uel.br\/direito-negocial\/wp-json\/wp\/v2\/pages\/2178"}],"wp:attachment":[{"href":"https:\/\/pos.uel.br\/direito-negocial\/wp-json\/wp\/v2\/media?parent=2337"}],"curies":[{"name":"wp","href":"https:\/\/api.w.org\/{rel}","templated":true}]}}