{"id":209,"date":"2024-10-07T10:54:17","date_gmt":"2024-10-07T13:54:17","guid":{"rendered":"https:\/\/pos.uel.br\/direito-negocial\/?page_id=209"},"modified":"2025-03-25T13:42:07","modified_gmt":"2025-03-25T16:42:07","slug":"conpedi","status":"publish","type":"page","link":"https:\/\/pos.uel.br\/direito-negocial\/producoes-do-programa\/conpedi\/","title":{"rendered":"CONPEDI"},"content":{"rendered":"\n<p><\/p>\n\n\n\n<p><strong>XIII ENCONTRO INTERNACIONAL DO CONPEDI URUGUAI \u2013 MONTEVID\u00c9U<\/strong><\/p>\n\n\n\n<p>AUTONOMIA DO PACIENTE: UM OLHAR SOBRE O DEBATE DA BIO\u00c9TICA E DO BIODIREITO NO BRASIL PATIENT AUTONOMY &#8211; Elve Miguel Cenci Ianara Cardoso De Lima (dispon\u00edvel em: <a href=\"http:\/\/site.conpedi.org.br\/publicacoes\/9105o6b2\/d44o4fdp\/Hi62r5pC1sOXJpUu.pdf\">http:\/\/site.conpedi.org.br\/publicacoes\/9105o6b2\/d44o4fdp\/Hi62r5pC1sOXJpUu.pdf<\/a>)<\/p>\n\n\n\n<p>A LUTA PELA TERRA NO BRASIL (O MOVIMENTO DOS TRABALHADORES RURAIS SEM-TERRA E A FUN\u00c7\u00c3O SOCIOECON\u00d4MICA DA POSSE) &#8211; Ana Paula Ruiz Silveira L\u00eado e Roberto Wagner Marquesi &nbsp;(dispon\u00edvel em: <a href=\"http:\/\/site.conpedi.org.br\/publicacoes\/9105o6b2\/vn314s46\/DXC5YAg5l5l02uEI.pdf\">http:\/\/site.conpedi.org.br\/publicacoes\/9105o6b2\/vn314s46\/DXC5YAg5l5l02uEI.pdf<\/a>)<\/p>\n\n\n\n<p>O CONCEITO ATUAL DE SOBERANIA E SUA IMPLICA\u00c7\u00c3O NO DIREITO AMBIENTAL INTERNACIONAL &#8211; Miguel Etinger De Araujo Junior e Camila Cardoso Lima (dispon\u00edvel em: <a href=\"http:\/\/site.conpedi.org.br\/publicacoes\/9105o6b2\/t1724k8f\/F2UeDYvI8G1Nk152.pdf\">http:\/\/site.conpedi.org.br\/publicacoes\/9105o6b2\/t1724k8f\/F2UeDYvI8G1Nk152.pdf<\/a>)<\/p>\n\n\n\n<p>A INCID\u00caNCIA DA BOA-F\u00c9 OBJETIVA NOS PLANOS DE EXIST\u00caNCIA, VALIDADE E EFIC\u00c1CIA DO CONTRATO DE SEGURO &#8211; Evelise Veronese dos Santos e Rita de Cassia Resquetti Tarifa Espolador (dispon\u00edvel em: <a href=\"http:\/\/site.conpedi.org.br\/publicacoes\/9105o6b2\/ujz5v2j4\/3R3xlaK5FCtbrMY3.pdf\">http:\/\/site.conpedi.org.br\/publicacoes\/9105o6b2\/ujz5v2j4\/3R3xlaK5FCtbrMY3.pdf<\/a>)<\/p>\n\n\n\n<p>INTIMIDA\u00c7\u00d5ES SISTEM\u00c1TICAS NO AMBIENTE ESCOLAR E PLURIOFENSIVIDADE: UM ESTUDO DAS CONSEQU\u00caNCIAS JUR\u00cdDICAS EXTRAPATRIMONIAIS DA CONDUTA BULLYING &#8211; Vitor de Medeiros Mar\u00e7al e Ana Cl\u00e1udia Corr\u00eaa Zuin Mattos do Amaral (dispon\u00edvel em: http:\/\/site.conpedi.org.br\/publicacoes\/9105o6b2\/ve2g1rgp\/My5mP7w46OcQb1SV.pdf)<\/p>\n\n\n\n<p>UMA AN\u00c1LISE SOBRE A PROTE\u00c7\u00c3O DOS DIREITOS \u00c0 IGUALDADE E \u00c0 DIFEREN\u00c7A NO CONSTITUCIONALISMO MODERNO &#8211; Marcos Ant\u00f4nio Striquer Soares e Andr\u00e9 Salles de Faria (dispon\u00edvel em: http:\/\/site.conpedi.org.br\/publicacoes\/9105o6b2\/vw9172hi\/whW547jKgx26207W.pdf)<\/p>\n\n\n\n<p>OS CONTRATOS ELETR\u00d4NICOS E OS DEVERES ANEXOS: ASPECTOS DA BOAF\u00c9 OBJETIVA E AS NOVAS &#8211; Tarcisio Teixeira e Isabela Cristina Sabo &nbsp;(dispon\u00edvel em: <a href=\"http:\/\/site.conpedi.org.br\/publicacoes\/9105o6b2\/v4u5j0t6\/E9hIh8tFEKe3bcNb.pdf\">http:\/\/site.conpedi.org.br\/publicacoes\/9105o6b2\/v4u5j0t6\/E9hIh8tFEKe3bcNb.pdf<\/a>)<\/p>\n\n\n\n<p>MEDIA\u00c7\u00c3O E CONCILIA\u00c7\u00c3O COMO MEIOS DE RESOLU\u00c7\u00c3O DE CONFLITOS E ACESSO \u00c0 JUSTI\u00c7A &#8211; Jos\u00e9 Ricardo Suter e Rozane Da Rosa Cachapuz&nbsp; (dispon\u00edvel em: http:\/\/site.conpedi.org.br\/publicacoes\/9105o6b2\/6jq67a8y\/TzWt600OYV30917l.pdf)<\/p>\n\n\n\n<p>\u00c9TICA E MORAL NAS EMPRESAS: O ACORDO DE LENI\u00caNCIA COMO INSTRUMENTO JUR\u00cdDICO E ECON\u00d4MICO PARA A PRESERVA\u00c7\u00c3O DAS EMPRESAS EM UM MUNDO GLOBALIZADO &#8211; Fernando Augusto Sormani Barbugiani Luiz Fernando Bellinetti (dispon\u00edvel em: http:\/\/site.conpedi.org.br\/publicacoes\/9105o6b2\/6jq67a8y\/Gyqr1gvconV09o9m.pdf)<\/p>\n\n\n\n<p><\/p>\n\n\n\n<p><\/p>\n\n\n\n<p><strong>XXX CONGRESSO NACIONAL DO CONPEDI FORTALEZA \u2013 CE<\/strong><\/p>\n\n\n\n<p>DA POSSIBILIDADE JUR\u00cdDICA DA REN\u00daNCIA AO DUPLO GRAU DE JURISDI\u00c7\u00c3O &#8211; \u00c1lvaro Paixao Costa e Luiz Fernando Bellinetti &nbsp;(dispon\u00edvel em: http:\/\/site.conpedi.org.br\/publicacoes\/pxt3v6m5\/70kd1g28\/L4FW5MH1I4Lw203v.pdf)<\/p>\n\n\n\n<p>UNI\u00c3O EST\u00c1VEL HOMOAFETIVA E O TEMA 1072 DO SUPREMO TRIBUNAL FEDERAL: A POSSIBILIDADE DE CONCESS\u00c3O DE LICEN\u00c7A-MATERNIDADE \u00c0 M\u00c3E N\u00c3O GESTANTE E A VEDA\u00c7\u00c3O DA DUPLA LICEN\u00c7A-MATERNIDADE &#8211; Eduardo Roberto dos Santos Beletato e Rozane Da Rosa Cachapuz (dispon\u00edvel em: http:\/\/site.conpedi.org.br\/publicacoes\/pxt3v6m5\/680vqik6\/d6ryZ042BNKI4MvN.pdf)<\/p>\n\n\n\n<p>O REGIME DA SEPARA\u00c7\u00c3O OBRIGAT\u00d3RIA DE BENS E A POSSIBILIDADE DE PACTO ANTENUPCIAL MAIS RESTRITIVO &#8211; Jo\u00e3o Antonio Sartori J\u00fanior, Matheus Filipe De Queiroz e Daniela Braga Paiano (dispon\u00edvel em: http:\/\/site.conpedi.org.br\/publicacoes\/pxt3v6m5\/680vqik6\/159kb16gn78pMNmS.pdf)<\/p>\n\n\n\n<p>A CONTRATUALIZA\u00c7\u00c3O DAS RELA\u00c7\u00d5ES FAMILIARES: O DIREITO DE FAM\u00cdLIA M\u00cdNIMO E O PAPEL DE PROTE\u00c7\u00c3O DO ESTADO &#8211; Matheus Filipe De Queiroz, Jo\u00e3o Antonio Sartori J\u00fanior e Daniela Braga Paiano (dispon\u00edvel em: http:\/\/site.conpedi.org.br\/publicacoes\/pxt3v6m5\/680vqik6\/KxE5V8G0ne6GNu9X.pdf)<\/p>\n\n\n\n<p>O DIREITO NEGOCIAL CONTEMPOR\u00c2NEO E A FUN\u00c7\u00c3O SOCIAL REGISTRAL &#8211; Jo\u00e3o Antonio Sartori J\u00fanior, Matheus Filipe De Queiroz e Daniela Braga Paiano (dispon\u00edvel em: <a href=\"http:\/\/site.conpedi.org.br\/publicacoes\/pxt3v6m5\/62k15iij\/P0lEgAZ2XCmFsVJ3.pdf\">http:\/\/site.conpedi.org.br\/publicacoes\/pxt3v6m5\/62k15iij\/P0lEgAZ2XCmFsVJ3.pdf<\/a>)<\/p>\n\n\n\n<p>DESIGUALDADE E DEMOCRACIA NA ERA DIGITAL: UMA REFLEX\u00c3O CR\u00cdTICA \u00c0 LUZ DO DIREITO NEGOCIAL &#8211; Fl\u00e1vio Bento, Marcia Hiromi Cavalcanti e Clodomiro Jos\u00e9 Bannwart J\u00fanior&nbsp; (dispon\u00edvel em: http:\/\/site.conpedi.org.br\/publicacoes\/pxt3v6m5\/3b8uy5v6\/49Z39wW25205qdGG.pdf)<\/p>\n\n\n\n<p>ACORDOS FIRMADOS PELO MINIST\u00c9RIO P\u00daBLICO BASEADOS NOS PRINC\u00cdPIOS DA PARTICIPA\u00c7\u00c3O E DA COOPERA\u00c7\u00c3O, UTILIZANDO-SE DE REGRAS DE JUSTIFICA\u00c7\u00c3O PROPOSTAS NA TEORIA DA ARGUMENTA\u00c7\u00c3O DE ROBERT ALEXY &#8211; Josilaine Aleteia De Andrade Cesar e &nbsp;Luiz Fernando Bellinetti&nbsp; (dispon\u00edvel em: <a href=\"http:\/\/site.conpedi.org.br\/publicacoes\/pxt3v6m5\/2q9hve06\/04907vN3ypAZ338p.pdf\">http:\/\/site.conpedi.org.br\/publicacoes\/pxt3v6m5\/2q9hve06\/04907vN3ypAZ338p.pdf<\/a>)<\/p>\n\n\n\n<p>A LEGITIMIDADE ATIVA PARA A MODIFICA\u00c7\u00c3O DA TESE FIRMADA NO INCIDENTE DE RESOLU\u00c7\u00c3O DE DEMANDAS REPETITIVAS: UMA AFRONTA AO ACESSO \u00c0 JUSTI\u00c7A &#8211; Guilherme Henrique Giacomino Silva e Luiz Fernando Bellinetti (dispon\u00edvel em: http:\/\/site.conpedi.org.br\/publicacoes\/pxt3v6m5\/2q9hve06\/Ten4b11OMXB0F5rJ.pdf)<\/p>\n","protected":false},"excerpt":{"rendered":"<p>XIII ENCONTRO INTERNACIONAL DO CONPEDI URUGUAI \u2013 MONTEVID\u00c9U AUTONOMIA DO PACIENTE: UM OLHAR SOBRE O DEBATE DA BIO\u00c9TICA E DO BIODIREITO NO BRASIL PATIENT AUTONOMY &#8211; Elve Miguel Cenci Ianara Cardoso De Lima (dispon\u00edvel em: http:\/\/site.conpedi.org.br\/publicacoes\/9105o6b2\/d44o4fdp\/Hi62r5pC1sOXJpUu.pdf) A LUTA PELA TERRA NO BRASIL (O MOVIMENTO DOS TRABALHADORES RURAIS SEM-TERRA E A FUN\u00c7\u00c3O SOCIOECON\u00d4MICA DA POSSE) &#8211; [&hellip;]<\/p>\n","protected":false},"author":11,"featured_media":0,"parent":208,"menu_order":0,"comment_status":"closed","ping_status":"closed","template":"","meta":{"_acf_changed":false,"footnotes":""},"class_list":["post-209","page","type-page","status-publish","hentry"],"acf":[],"_links":{"self":[{"href":"https:\/\/pos.uel.br\/direito-negocial\/wp-json\/wp\/v2\/pages\/209","targetHints":{"allow":["GET"]}}],"collection":[{"href":"https:\/\/pos.uel.br\/direito-negocial\/wp-json\/wp\/v2\/pages"}],"about":[{"href":"https:\/\/pos.uel.br\/direito-negocial\/wp-json\/wp\/v2\/types\/page"}],"author":[{"embeddable":true,"href":"https:\/\/pos.uel.br\/direito-negocial\/wp-json\/wp\/v2\/users\/11"}],"replies":[{"embeddable":true,"href":"https:\/\/pos.uel.br\/direito-negocial\/wp-json\/wp\/v2\/comments?post=209"}],"version-history":[{"count":3,"href":"https:\/\/pos.uel.br\/direito-negocial\/wp-json\/wp\/v2\/pages\/209\/revisions"}],"predecessor-version":[{"id":1715,"href":"https:\/\/pos.uel.br\/direito-negocial\/wp-json\/wp\/v2\/pages\/209\/revisions\/1715"}],"up":[{"embeddable":true,"href":"https:\/\/pos.uel.br\/direito-negocial\/wp-json\/wp\/v2\/pages\/208"}],"wp:attachment":[{"href":"https:\/\/pos.uel.br\/direito-negocial\/wp-json\/wp\/v2\/media?parent=209"}],"curies":[{"name":"wp","href":"https:\/\/api.w.org\/{rel}","templated":true}]}}