{"id":1350,"date":"2025-02-13T20:16:55","date_gmt":"2025-02-13T23:16:55","guid":{"rendered":"https:\/\/pos.uel.br\/direito-negocial\/?page_id=1350"},"modified":"2025-10-02T17:23:33","modified_gmt":"2025-10-02T20:23:33","slug":"mestrado-4","status":"publish","type":"page","link":"https:\/\/pos.uel.br\/direito-negocial\/mestrado-4\/","title":{"rendered":"Mestrado"},"content":{"rendered":"\n<div style=\"height:35px\" aria-hidden=\"true\" class=\"wp-block-spacer\"><\/div>\n\n\n\n<h2 class=\"wp-block-heading\">Bancas de defesa &#8211; <strong>2025<\/strong><\/h2>\n\n\n\n<details class=\"wp-block-details is-layout-flow wp-block-details-is-layout-flow\"><summary>AUTONOMIA PRIVADA NAS RELA\u00c7\u00d5ES FAMILIARES A POSSIBILIDADE DE FORMALIZA\u00c7\u00c3O DO CONTRATO DE CONVIV\u00caNCIA POR ADOLESCENTES MAIORES DE 16 ANOS<\/summary>\n<p><strong>JULIA MARIANA CUNHA PERINI<\/strong><\/p>\n\n\n\n<p><strong>Local:<\/strong>\u00a0Universidade Estadual de Londrina.<\/p>\n\n\n\n<p><strong>Data da Defesa:<\/strong>\u00a026\/09\/2025 &#8211; 13H | Online<\/p>\n\n\n\n<p><strong>Banca Examinadora<\/strong><\/p>\n\n\n\n<p>Orientador: Profa. Dra. Daniela Braga Paiano <\/p>\n\n\n\n<p>Membro Externo: Prof. Dra. Juliana Carvalho Pav\u00e3o<\/p>\n\n\n\n<p>Membro Externo: Prof. Dra. Ana Paula Ruiz Silveira Ledo<\/p>\n\n\n\n<div class=\"wp-block-buttons is-layout-flex wp-container-core-buttons-is-layout-a74382ec wp-block-buttons-is-layout-flex\">\n<div class=\"wp-block-button\"><a class=\"wp-block-button__link wp-element-button\"><strong>ACESSAR<\/strong><\/a><\/div>\n<\/div>\n<\/details>\n\n\n\n<hr class=\"wp-block-separator has-alpha-channel-opacity is-style-wide\" \/>\n\n\n\n<details class=\"wp-block-details is-layout-flow wp-block-details-is-layout-flow\"><summary>APLICA\u00c7\u00c3O DA REPRESENTATIVIDADE ADEQUADA E DA EXECU\u00c7\u00c3O NEGOCIADA NOS PROCESSOS ESTRUTURAIS: UMA AN\u00c1LISE A PARTIR DO CASO (ACP DAS CRECHES DO MUNIC\u00cdPIO DE S\u00c3O PAULO) <\/summary>\n<p><strong>VITORIA VALENTINI MARQUES<\/strong><\/p>\n\n\n\n<p><strong>Local:<\/strong>\u00a0Universidade Estadual de Londrina.<\/p>\n\n\n\n<p><strong>Data da Defesa:<\/strong>\u00a016\/07\/2025 &#8211; 14H | Online<\/p>\n\n\n\n<p><strong>Banca Examinadora<\/strong><\/p>\n\n\n\n<p>Orientador: Prof. Dr. Luiz Alberto Pereira Ribeiro <\/p>\n\n\n\n<p>Membro Interno: Prof. Dr. Luis Fernando Belinetti<\/p>\n\n\n\n<p>Membro Externo: Prof. Dr. Paulo Henrique Guilman Tanizawa<\/p>\n\n\n\n<div class=\"wp-block-buttons is-layout-flex wp-container-core-buttons-is-layout-a74382ec wp-block-buttons-is-layout-flex\">\n<div class=\"wp-block-button\"><a class=\"wp-block-button__link wp-element-button\"><strong>ACESSAR<\/strong><\/a><\/div>\n<\/div>\n<\/details>\n\n\n\n<hr class=\"wp-block-separator has-alpha-channel-opacity is-style-wide\" \/>\n\n\n\n<details class=\"wp-block-details is-layout-flow wp-block-details-is-layout-flow\"><summary>A NATUREZA JUR\u00cdDICA DOS INFLUENCIADORES DIGITAIS E A CONSEQUENTE RESPONSABILIZA\u00c7\u00c3O CIVIL NOS CASOS EM QUE A PUBLICIDADE N\u00c3O CORRESPONDA AO QUE FOI PROMETIDO PELA CELEBRIDADE<\/summary>\n<p><strong>MARIA EDUARDA GOBBO ANDRADES<\/strong><\/p>\n\n\n\n<p><strong>Local:<\/strong>\u00a0Universidade Estadual de Londrina &#8211; Sala 452.<\/p>\n\n\n\n<p><strong>Data da Defesa:<\/strong>\u00a006\/09\/2025 &#8211; 9h <\/p>\n\n\n\n<p><strong>Banca Examinadora<\/strong><\/p>\n\n\n\n<p>Orientador: Profa. Dra. Ana Cl\u00e1udia Correia Zuin Mattos do Amaral <\/p>\n\n\n\n<p>Membro Externo: Prof. Dr. Anderson de Azevedo<\/p>\n\n\n\n<p>Membro Externo: Prof. Dr. Jo\u00e3o Victor Rozatti Longhi<\/p>\n\n\n\n<div class=\"wp-block-buttons is-layout-flex wp-container-core-buttons-is-layout-a74382ec wp-block-buttons-is-layout-flex\">\n<div class=\"wp-block-button\"><a class=\"wp-block-button__link wp-element-button\"><strong>ACESSAR<\/strong><\/a><\/div>\n<\/div>\n<\/details>\n\n\n\n<hr class=\"wp-block-separator has-alpha-channel-opacity is-style-wide\" \/>\n\n\n\n<details class=\"wp-block-details is-layout-flow wp-block-details-is-layout-flow\"><summary>NEG\u00d3CIO JUR\u00cdDICO PROCESSUAL NA RELA\u00c7\u00c3O DE CONSUMO: DA IGUALDADE NEGOCIAL NO CEN\u00c1RIO PROCESSUAL CONSUMERISTA<\/summary>\n<p><strong>\u00c1LVARO PAIX\u00c3O COSTA<\/strong><\/p>\n\n\n\n<p><strong>Local:<\/strong>\u00a0Universidade Estaudal de Londrina.<\/p>\n\n\n\n<p><strong>Data da Defesa:<\/strong>\u00a006\/08\/2025 &#8211; Online<\/p>\n\n\n\n<p><strong>Banca Examinadora<\/strong><\/p>\n\n\n\n<p>Orientador: Prof. Dr. Luiz Fernando Bellinetti-UEL <\/p>\n\n\n\n<p>Membro interno: Prof. Dr. Luiz Alberto Pereira Ribeiro<\/p>\n\n\n\n<p>Membro Externo: Prof. Dr. Celso Hiroshi Locohama<\/p>\n\n\n\n<div class=\"wp-block-buttons is-layout-flex wp-container-core-buttons-is-layout-a74382ec wp-block-buttons-is-layout-flex\">\n<div class=\"wp-block-button\"><a class=\"wp-block-button__link wp-element-button\"><strong>ACESSAR<\/strong><\/a><\/div>\n<\/div>\n<\/details>\n\n\n\n<hr class=\"wp-block-separator has-alpha-channel-opacity is-style-wide\" \/>\n\n\n\n<details class=\"wp-block-details is-layout-flow wp-block-details-is-layout-flow\"><summary>DEMOCRACIA E RELIGI\u00c3O UMA PROPOSTA HABERMASIANA DE RECONSTRU\u00c7\u00c3O DOS NEG\u00d3CIOS JUR\u00cdDICOS CONSTITUTIVOS DAS ORGANIZA\u00c7\u00d5ES RELIGIOSAS NO BRASIL<\/summary>\n<p><strong>DORIVAL ASSIS J\u00daNIOR<\/strong><\/p>\n\n\n\n<p><strong>Local:<\/strong>&nbsp;Universidade de Vigo \u2013 Campus Ourense \u2013 Espanha.<\/p>\n\n\n\n<p><strong>Data da Defesa:<\/strong>\u00a013\/08\/2025 &#8211; 9h | Online<\/p>\n\n\n\n<p><strong>Banca Examinadora<\/strong><\/p>\n\n\n\n<p>Orientador: Prof. Dr. Clodomiro Jos\u00e9 Bannwart Junior<\/p>\n\n\n\n<p>Membro Externo: Prof. Dr. Roosevelt Arraes<\/p>\n\n\n\n<p>Membro Interno: Dr. Elve Miguel Cenci<\/p>\n\n\n\n<div class=\"wp-block-buttons is-layout-flex wp-container-core-buttons-is-layout-a74382ec wp-block-buttons-is-layout-flex\">\n<div class=\"wp-block-button\"><a class=\"wp-block-button__link wp-element-button\"><strong>ACESSAR<\/strong><\/a><\/div>\n<\/div>\n<\/details>\n\n\n\n<hr class=\"wp-block-separator has-alpha-channel-opacity is-style-wide\" \/>\n\n\n\n<details class=\"wp-block-details is-layout-flow wp-block-details-is-layout-flow\"><summary>DIRETIVAS ANTECIPADAS DE VONTADE: UMA PROPOSTA DO DIREITO PARA ATENDER A VONTADE DO PACIENTE EM SITUA\u00c7\u00c3O DE TERMINALIDADE DA VIDA<\/summary>\n<p><strong>M\u00c1RCIO FERNANDO RODRIGUES<\/strong> <\/p>\n\n\n\n<p><strong>Local:<\/strong>\u00a0Universidade Estadual de Londrina<\/p>\n\n\n\n<p><strong>Data da Defesa:<\/strong>\u00a013\/08\/2025 &#8211; 17h30 | Online<\/p>\n\n\n\n<p><strong>Banca Examinadora<\/strong><\/p>\n\n\n\n<p>Orientador: Profa. Dra. Rita de C\u00e1ssia Resquetti Tarifa Espolador <\/p>\n\n\n\n<p>Membro Interno: Profa. Dra. Daniela Braga Paiano<\/p>\n\n\n\n<p>Membro Externo: Profa. Dra. Juliana Carvalho Pav\u00e3o<\/p>\n\n\n\n<div class=\"wp-block-buttons is-layout-flex wp-container-core-buttons-is-layout-a74382ec wp-block-buttons-is-layout-flex\">\n<div class=\"wp-block-button\"><a class=\"wp-block-button__link wp-element-button\"><strong>ACESSAR<\/strong><\/a><\/div>\n<\/div>\n<\/details>\n\n\n\n<hr class=\"wp-block-separator has-alpha-channel-opacity is-style-wide\" \/>\n\n\n\n<details class=\"wp-block-details is-layout-flow wp-block-details-is-layout-flow\"><summary>DIREITOS DAS MULHERES BRASILEIRAS NO TELETRABALHO: O PAPEL DAS NEGOCIA\u00c7\u00d5ES COLETIVAS NA PROMO\u00c7\u00c3O DA IGUALDADE DE G\u00caNERO<\/summary>\n<p><strong>JULIA MARIA FELICIANO<\/strong><\/p>\n\n\n\n<p><strong>Local:<\/strong>\u00a0Universidade Estadual de Londrina<\/p>\n\n\n\n<p><strong>Data da Defesa:<\/strong>\u00a017\/07\/2025<\/p>\n\n\n\n<p><strong>Banca Examinadora<\/strong><\/p>\n\n\n\n<p>Orientador: Prof. Dr. Lourival Jos\u00e9 de Oliveira<\/p>\n\n\n\n<p>Membro Interno: Prof. Dr. Luiz Alberto Pereira<\/p>\n\n\n\n<p>Membro Externo: Profa. Dra. Samia Moda Cirino<\/p>\n\n\n\n<div class=\"wp-block-buttons is-layout-flex wp-container-core-buttons-is-layout-a74382ec wp-block-buttons-is-layout-flex\">\n<div class=\"wp-block-button\"><a class=\"wp-block-button__link wp-element-button\"><strong>ACESSAR<\/strong><\/a><\/div>\n<\/div>\n<\/details>\n\n\n\n<hr class=\"wp-block-separator has-alpha-channel-opacity is-style-wide\" \/>\n\n\n\n<details class=\"wp-block-details is-layout-flow wp-block-details-is-layout-flow\"><summary>CONTRATO DE TRABALHO DESPORTIVO: POSSIBILIDADE DE NEGOCIA\u00c7\u00c3O CONTRATUAL DE SAN\u00c7\u00d5ES DISCIPLINARES APLICADAS AOS ATLETAS DE FUTEBOL NO BRASIL<\/summary>\n<p><strong>LU\u00cdS FELIPE ASSUN\u00c7\u00c3O O. SANTOS<\/strong><\/p>\n\n\n\n<p><strong>Local:<\/strong> Universidade Estadual de Londrina<\/p>\n\n\n\n<p><strong>Data da Defesa: <\/strong>14\/07\/2025<\/p>\n\n\n\n<p><strong>Banca Examinadora<\/strong><\/p>\n\n\n\n<p>Orientador: Prof. Dr. Lourival Jos\u00e9 de Oliveira<\/p>\n\n\n\n<p>Membro Externo: Profa. Dra. Renata Vieira Meda<\/p>\n\n\n\n<p>Membro Externo: Profa. Dra. Renata Cristina de Oliveira Alencar Silva<\/p>\n\n\n\n<div class=\"wp-block-buttons is-layout-flex wp-container-core-buttons-is-layout-a74382ec wp-block-buttons-is-layout-flex\">\n<div class=\"wp-block-button\"><a class=\"wp-block-button__link wp-element-button\"><strong>ACESSAR<\/strong><\/a><\/div>\n<\/div>\n<\/details>\n\n\n\n<hr class=\"wp-block-separator has-alpha-channel-opacity is-style-wide\" \/>\n\n\n\n<details class=\"wp-block-details is-layout-flow wp-block-details-is-layout-flow\"><summary>CONTRATO DE TERAPIA G\u00caNICA \u00c0 LUZ DOS NEG\u00d3CIOS (BIO) JUR\u00cdDICOS: CONFLITOS BIO\u00c9TICOS E A (IM) POSSIBILIDADE DE MERCANTILIZA\u00c7\u00c3O DE INTERESSES EXISTENCIAIS <\/summary>\n<p><strong>LUCAS MENDON\u00c7A TREVISAN<\/strong> <\/p>\n\n\n\n<p><strong>Local:<\/strong> Universidade Estadual de Londrina<\/p>\n\n\n\n<p><strong>Data da Defesa:<\/strong> 13\/09\/2025 &#8211; 17h30 | Online<\/p>\n\n\n\n<p><strong>Banca Examinadora<\/strong><\/p>\n\n\n\n<p>Orientador: Profa. Dra. Rita de C\u00e1ssia Resquetti Tarifa Espolador<\/p>\n\n\n\n<p>Membro Externo: Profa. Dra. Cl\u00e1udia Regina de Oliveira Magalh\u00e3es da Silva Loureiro<\/p>\n\n\n\n<p>Membro Externo: Profa. Dra. Juliana Carvalho Pav\u00e3o<\/p>\n\n\n\n<div class=\"wp-block-buttons is-layout-flex wp-container-core-buttons-is-layout-a74382ec wp-block-buttons-is-layout-flex\">\n<div class=\"wp-block-button\"><a class=\"wp-block-button__link wp-element-button\"><strong>ACESSAR<\/strong><\/a><\/div>\n<\/div>\n<\/details>\n\n\n\n<hr class=\"wp-block-separator has-alpha-channel-opacity is-style-wide\" \/>\n\n\n\n<details class=\"wp-block-details is-layout-flow wp-block-details-is-layout-flow\"><summary>ENTRE A NORMA E A PR\u00c1TICA CONCILIAT\u00d3RIA: O PAPEL DA DEFENSORIA P\u00daBLICA NO FORTALECIMENTO DO ACESSO \u00c0 JUSTI\u00c7A E DA AUTOCOMPOSI\u00c7\u00c3O <\/summary>\n<p><strong>AMANDA FERREIRA NUNES RODRIGUES <\/strong> <\/p>\n\n\n\n<p><strong>Local:<\/strong> Universidade Estadual de Londrina<\/p>\n\n\n\n<p><strong>Data da Defesa:<\/strong> 08\/08\/2025 &#8211; 9h | Online<\/p>\n\n\n\n<p><strong>Banca Examinadora<\/strong><\/p>\n\n\n\n<p>Orientador: Profa. Dra. T\u00e2nia Lobo Muniz <\/p>\n\n\n\n<p>Membro Interno: Profa. Dra. Patr\u00edcia Ayub da Costa<\/p>\n\n\n\n<p>Membro Externo: Profa. Dra. Mireli Neme Buzalaf<\/p>\n\n\n\n<div class=\"wp-block-buttons is-layout-flex wp-container-core-buttons-is-layout-a74382ec wp-block-buttons-is-layout-flex\">\n<div class=\"wp-block-button\"><a class=\"wp-block-button__link wp-element-button\"><strong>ACESSAR<\/strong><\/a><\/div>\n<\/div>\n<\/details>\n\n\n\n<hr class=\"wp-block-separator has-alpha-channel-opacity is-style-wide\" \/>\n\n\n\n<details class=\"wp-block-details is-layout-flow wp-block-details-is-layout-flow\"><summary>O ESTUDO DOS LIMITES DA COLABORA\u00c7\u00c3O DE INTERESSE P\u00daBLICO: NEG\u00d3CIO JUR\u00cdDICO ENTRE ESTADO E RELIGI\u00c3O E AMEA\u00c7A \u00c0 LIBERDADE RELIGIOSA<\/summary>\n<p><strong>Fernanda Betelochi Santos<\/strong><\/p>\n\n\n\n<p><strong>Local:<\/strong>\u00a0Universidade Estadual de Londrina<\/p>\n\n\n\n<p><strong>Data da Defesa:<\/strong>\u00a009\/09\/2025 &#8211; 8h30 | Online<\/p>\n\n\n\n<p><strong>Banca Examinadora<\/strong><\/p>\n\n\n\n<p>Orientador: Prof. Dr. Marcos Ant\u00f4nio Striquer Soares<\/p>\n\n\n\n<p>Membro Interno: Prof. Dr. Clodomiro Jos\u00e9 Bannwart J\u00fanior<\/p>\n\n\n\n<p>Membro Externo: Profa. Dra. Cl\u00e1udia Neves Silva<\/p>\n\n\n\n<div class=\"wp-block-buttons is-layout-flex wp-container-core-buttons-is-layout-a74382ec wp-block-buttons-is-layout-flex\">\n<div class=\"wp-block-button\"><a class=\"wp-block-button__link wp-element-button\"><strong>ACESSAR<\/strong><\/a><\/div>\n<\/div>\n<\/details>\n\n\n\n<hr class=\"wp-block-separator has-alpha-channel-opacity is-style-wide\" \/>\n\n\n\n<details class=\"wp-block-details is-layout-flow wp-block-details-is-layout-flow\"><summary>O PAPEL DA <em>SOFT LAWS<\/em> NA HARMONIZA\u00c7\u00c3O PROCEDIMENTAL PROBAT\u00d3RIA DA ARBITRAGEM COMERCIAL INTERNACIONAL<\/summary>\n<p><strong>Anna Luiza Massarutti Cremoneze<\/strong><\/p>\n\n\n\n<p><strong>Local:<\/strong>&nbsp;Universidade de Vigo \u2013 Campus Ourense \u2013 Espanha.<\/p>\n\n\n\n<p><strong>Data da Defesa:<\/strong>\u00a02025<\/p>\n\n\n\n<p><strong>Banca Examinadora<\/strong><\/p>\n\n\n\n<p>Orientador: Profa. Dra. Patr\u00edcia Ayub da Costa<\/p>\n\n\n\n<p>Membro Interno: Profa. Dra. T\u00e2nia Lobo Muniz<\/p>\n\n\n\n<p>Membro Externo: Profa. Dra. Tha\u00eds Amoroso Pachoal<\/p>\n\n\n\n<div class=\"wp-block-buttons is-layout-flex wp-container-core-buttons-is-layout-a74382ec wp-block-buttons-is-layout-flex\">\n<div class=\"wp-block-button\"><a class=\"wp-block-button__link wp-element-button\"><strong>ACESSAR<\/strong><\/a><\/div>\n<\/div>\n<\/details>\n\n\n\n<hr class=\"wp-block-separator has-alpha-channel-opacity is-style-wide\" \/>\n\n\n\n<details class=\"wp-block-details is-layout-flow wp-block-details-is-layout-flow\"><summary>O SISTEMA MULTIPORTAS E SEUS DESAFIOS: PERSPECTIVAS NO TRATAMENTO ADEQUADO DOS CONFLITOS FAMILIARES PERANTE OS CEJUSCS PR\u00d3 E PR\u00c9 NO ESTADO DO PARAN\u00c1<\/summary>\n<p><strong>Pedro Egidyo Valle de Souza<\/strong><\/p>\n\n\n\n<p><strong>Local:<\/strong>\u00a0Universidade Estadual de Londrina <\/p>\n\n\n\n<p><strong>Data da Defesa:<\/strong>\u00a030\/06\/2025<\/p>\n\n\n\n<p><strong>Banca Examinadora<\/strong><\/p>\n\n\n\n<p>Orientador: Profa. Dra. Rozane da Rosa Cachapuz <\/p>\n\n\n\n<p>Membro Interno: Profa. Dra. Patr\u00edcia Ayub da Costa<\/p>\n\n\n\n<p>Membro Externo: Profa. Dra. Mar\u00edlia Pedroso Xavier<\/p>\n\n\n\n<div class=\"wp-block-buttons is-layout-flex wp-container-core-buttons-is-layout-a74382ec wp-block-buttons-is-layout-flex\">\n<div class=\"wp-block-button\"><a class=\"wp-block-button__link wp-element-button\" href=\"https:\/\/repositorio.uel.br\/handle\/123456789\/18937\"><strong>ACESSAR<\/strong><\/a><\/div>\n<\/div>\n<\/details>\n\n\n\n<hr class=\"wp-block-separator has-alpha-channel-opacity is-style-wide\" \/>\n\n\n\n<details class=\"wp-block-details is-layout-flow wp-block-details-is-layout-flow\"><summary>POL\u00cdTICA ENVIRONMENTAL, SOCIAL GOVERNANCE (ESG) APLICADAS \u00c0S PR\u00c1TICAS EMPRESARIAIS E OS DESAFIOS PARA REGULA\u00c7\u00c3O EM \u00c2MBITO ESTATAL E INTERNACIONAL <\/summary>\n<p><strong>Mayara Ribeiro Simario<\/strong><\/p>\n\n\n\n<p><strong>Local:<\/strong>&nbsp;Universidade Estadual de Londrina.<\/p>\n\n\n\n<p><strong>Data da Defesa:<\/strong>\u00a012\/09\/2025 &#8211; 19h30 | Online<\/p>\n\n\n\n<p><strong>Banca Examinadora<\/strong><\/p>\n\n\n\n<p>Orientador: Prof. Dr. Elve Miguel Cenci<\/p>\n\n\n\n<p>Membro Interno: Prof. Dr. Clodomiro Jos\u00e9 Bannwart J\u00fanior<\/p>\n\n\n\n<p>Membro Externo: Prof. Dr. Gilvan Luis Hansen<\/p>\n\n\n\n<div class=\"wp-block-buttons is-layout-flex wp-container-core-buttons-is-layout-a74382ec wp-block-buttons-is-layout-flex\">\n<div class=\"wp-block-button\"><a class=\"wp-block-button__link wp-element-button\"><strong>ACESSAR<\/strong><\/a><\/div>\n<\/div>\n<\/details>\n\n\n\n<hr class=\"wp-block-separator has-alpha-channel-opacity is-style-wide\" \/>\n\n\n\n<details class=\"wp-block-details is-layout-flow wp-block-details-is-layout-flow\"><summary>RELA\u00c7\u00c3O FILIAL CONTR\u00c1RIA \u00c0 AFETIVIDADE: POSSIBILIDADE DE DESFILIA\u00c7\u00c3O POR MEIO DE NEG\u00d3CIO JUR\u00cdDICO<\/summary>\n<p><strong>La\u00eds Alves de Oliveira<\/strong><\/p>\n\n\n\n<p><strong>Local:<\/strong>&nbsp;Universidade Estadual de Londrina.<\/p>\n\n\n\n<p><strong>Data da Defesa:<\/strong>\u00a001\/08\/2025 &#8211; 10h | Online<\/p>\n\n\n\n<p><strong>Banca Examinadora<\/strong><\/p>\n\n\n\n<p>Orientador: Profa. Dra. Rozane da Rosa Cachapuz<\/p>\n\n\n\n<p>Membro Interno: Prof. Dr. Clodomiro Jos\u00e9 Bannwart J\u00fanior<\/p>\n\n\n\n<p>Membro Externo: Profa. Dra. Gisele Caversan Beltrami Marcatto<\/p>\n\n\n\n<div class=\"wp-block-buttons is-layout-flex wp-container-core-buttons-is-layout-a74382ec wp-block-buttons-is-layout-flex\">\n<div class=\"wp-block-button\"><a class=\"wp-block-button__link wp-element-button\"><strong>ACESSAR<\/strong><\/a><\/div>\n<\/div>\n<\/details>\n\n\n\n<hr class=\"wp-block-separator has-alpha-channel-opacity is-style-wide\" \/>\n\n\n\n<details class=\"wp-block-details is-layout-flow wp-block-details-is-layout-flow\"><summary>SOBERANIA EM TEMPOS DE DESGLOBALIZA\u00c7\u00c3O A RESSIGNIFICA\u00c7\u00c3O DO CONCEITO CL\u00c1SSICO E A REGULA\u00c7\u00c3O ESTATAL DOS NEG\u00d3CIOS JUR\u00cdDICOS <\/summary>\n<p><strong>Juliana Ducatti Escodro<\/strong><\/p>\n\n\n\n<p><strong>Local:<\/strong>&nbsp;Universidade Estadual de Londrina.<\/p>\n\n\n\n<p><strong>Data da Defesa:<\/strong>\u00a027\/08\/2025 &#8211; 9h | Online<\/p>\n\n\n\n<p><strong>Banca Examinadora<\/strong><\/p>\n\n\n\n<p>Orientador: Prof. Dr. Elve Miguel Cenci <\/p>\n\n\n\n<p>Membro Interno: Prof. Dr. Clodomiro Jos\u00e9 Bannwart J\u00fanior<\/p>\n\n\n\n<p>Membro Externo: Prof. Dr. Gilvan Luis Hansen<\/p>\n\n\n\n<div class=\"wp-block-buttons is-layout-flex wp-container-core-buttons-is-layout-a74382ec wp-block-buttons-is-layout-flex\">\n<div class=\"wp-block-button\"><a class=\"wp-block-button__link wp-element-button\"><strong>ACESSAR<\/strong><\/a><\/div>\n<\/div>\n<\/details>\n\n\n\n<hr class=\"wp-block-separator has-alpha-channel-opacity is-style-wide\" \/>\n\n\n\n<div style=\"height:100px\" aria-hidden=\"true\" class=\"wp-block-spacer\"><\/div>\n\n\n\n<!--nextpage-->\n\n\n\n<h2 class=\"wp-block-heading\">Bancas de defesa &#8211;<strong>2024<\/strong><\/h2>\n\n\n\n<p><\/p>\n\n\n\n<details class=\"wp-block-details is-layout-flow wp-block-details-is-layout-flow\"><summary>A (IN)VIABILIDADE DA FUN\u00c7\u00c3O DECIS\u00d3RIA DA INTELIG\u00caNCIA ARTIFICIAL FRENTE AO PRINC\u00cdPIO DA IMPARCIALIDADE DO JUIZ: UMA AN\u00c1LISE PROCESSUAL CIVIL CONTEMPOR\u00c2NEA<\/summary>\n<p><strong>Estella Ananda Neves<\/strong><\/p>\n\n\n\n<p>Data da Defesa: 30\/08\/2024<\/p>\n\n\n\n<p>Banca Examinadora: Luiz Alberto Pereira Ribeiro (Orientador); Elve Miguel Cenci; Paulo Henrique Guilman Tanizawa (Membro Externo)<\/p>\n\n\n\n<div class=\"wp-block-buttons is-layout-flex wp-container-core-buttons-is-layout-a74382ec wp-block-buttons-is-layout-flex\">\n<div class=\"wp-block-button\"><a class=\"wp-block-button__link wp-element-button\" href=\"https:\/\/repositorio.uel.br\/handle\/123456789\/18166\"><strong>ACESSAR<\/strong><\/a><\/div>\n<\/div>\n<\/details>\n\n\n\n<hr class=\"wp-block-separator has-alpha-channel-opacity is-style-wide\" \/>\n\n\n\n<details class=\"wp-block-details is-layout-flow wp-block-details-is-layout-flow\"><summary>DESEMPENHO DOS CEJUSC\u2019S PARAN\u00c1 NOS ANOS DE 2019, 2020 E 2021: OBST\u00c1CULOS E PERSPECTIVAS<\/summary>\n<p><strong>Isabeau Lobo Muniz Santos Gomes<\/strong><\/p>\n\n\n\n<p>Data da Defesa: 29\/08\/2024<\/p>\n\n\n\n<p>Banca Examinadora: Tania Lobo Muniz (Orientadora); Patricia Ayub da Costa Ligmanovski; Fabiana Marion Spengler (Membro Externo)<\/p>\n\n\n\n<div class=\"wp-block-buttons is-layout-flex wp-container-core-buttons-is-layout-a74382ec wp-block-buttons-is-layout-flex\">\n<div class=\"wp-block-button\"><a class=\"wp-block-button__link wp-element-button\" href=\"https:\/\/repositorio.uel.br\/handle\/123456789\/18158\"><strong>ACESSAR<\/strong><\/a><\/div>\n<\/div>\n<\/details>\n\n\n\n<hr class=\"wp-block-separator has-alpha-channel-opacity is-style-wide\" \/>\n\n\n\n<details class=\"wp-block-details is-layout-flow wp-block-details-is-layout-flow\"><summary>COMPLIANCE TRABALHISTA COMUNICACIONAL<\/summary>\n<p><strong>Natalia Branco Lopes Krawczun<\/strong><\/p>\n\n\n\n<p>Data da Defesa: 26\/08\/2024<\/p>\n\n\n\n<p>Banca Examinadora: Clodomiro Jos\u00e9 Bannwart J\u00fanior (Orientador); Elve Miguel Cenci; Gilvan Luiz Hansen (Membro Externo)<\/p>\n\n\n\n<div class=\"wp-block-buttons is-layout-flex wp-container-core-buttons-is-layout-a74382ec wp-block-buttons-is-layout-flex\">\n<div class=\"wp-block-button\"><a class=\"wp-block-button__link wp-element-button\" href=\"https:\/\/repositorio.uel.br\/handle\/123456789\/18162\"><strong>ACESSAR<\/strong><\/a><\/div>\n<\/div>\n<\/details>\n\n\n\n<hr class=\"wp-block-separator has-alpha-channel-opacity is-style-wide\" \/>\n\n\n\n<details class=\"wp-block-details is-layout-flow wp-block-details-is-layout-flow\"><summary>PERSPECTIVAS DE UMA MORAL EMPRESARIAL: A RESPONSABILIDADE SOCIAL COMO ORIENTADORA DA VONTADE NEGOCIAL<\/summary>\n<p><strong>Thiago Ridolfi Ferreira<\/strong><\/p>\n\n\n\n<p>Data da Defesa: 26\/08\/2024<\/p>\n\n\n\n<p>Banca Examinadora: Clodomiro Jos\u00e9 Bannwart J\u00fanior (Orientador); Elve Miguel Cenci; Gilvan Luiz Hansen (Membro Externo)<\/p>\n\n\n\n<div class=\"wp-block-buttons is-layout-flex wp-container-core-buttons-is-layout-a74382ec wp-block-buttons-is-layout-flex\">\n<div class=\"wp-block-button\"><a class=\"wp-block-button__link wp-element-button\" href=\"https:\/\/repositorio.uel.br\/handle\/123456789\/18164\"><strong>ACESSAR<\/strong><\/a><\/div>\n<\/div>\n<\/details>\n\n\n\n<hr class=\"wp-block-separator has-alpha-channel-opacity is-style-wide\" \/>\n\n\n\n<details class=\"wp-block-details is-layout-flow wp-block-details-is-layout-flow\"><summary>A CELEBRA\u00c7\u00c3O DE NEG\u00d3CIOS JUR\u00cdDICOS PELA FAZENDA P\u00daBLICA: NOVAS PERSPECTIVAS NO ESTADO DEMOCR\u00c1TICO DE DIREITO<\/summary>\n<p><strong>Beatriz Ribeiro Lopes Barbon<\/strong><\/p>\n\n\n\n<p>Data da Defesa: 16\/08\/2024<\/p>\n\n\n\n<p>Banca Examinadora: Luiz Alberto Pereira Ribeiro (Orientador); Elve Miguel Cenci; Paulo Henrique Guilman Tanizawa (Membro Externo)<\/p>\n\n\n\n<div class=\"wp-block-buttons is-layout-flex wp-container-core-buttons-is-layout-a74382ec wp-block-buttons-is-layout-flex\">\n<div class=\"wp-block-button\"><a class=\"wp-block-button__link wp-element-button\" href=\"https:\/\/repositorio.uel.br\/handle\/123456789\/18146\"><strong>ACESSAR<\/strong><\/a><\/div>\n<\/div>\n<\/details>\n\n\n\n<hr class=\"wp-block-separator has-alpha-channel-opacity is-style-wide\" \/>\n\n\n\n<details class=\"wp-block-details is-layout-flow wp-block-details-is-layout-flow\"><summary>A CONTRATUALIZA\u00c7\u00c3O DA UNI\u00c3O EST\u00c1VEL: a necessidade da instrumentaliza\u00e7\u00e3o das rela\u00e7\u00f5es jur\u00eddico- familiares \u00e0 luz do direito estrangeiro<\/summary>\n<p><strong>Gabriela Eduarda Marques Silva<\/strong><\/p>\n\n\n\n<p>Data da Defesa: 12\/08\/2024<\/p>\n\n\n\n<p>Banca Examinadora: Daniela Braga Paiano (Orientadora); Rita de C\u00e1ssia Resquetti Tarifa Espolador; Juliana Carvalho Pav\u00e3o (Membro Externo).<\/p>\n\n\n\n<div class=\"wp-block-buttons is-layout-flex wp-container-core-buttons-is-layout-a74382ec wp-block-buttons-is-layout-flex\">\n<div class=\"wp-block-button\"><a class=\"wp-block-button__link wp-element-button\"><strong>ACESSAR<\/strong><\/a><\/div>\n<\/div>\n<\/details>\n\n\n\n<hr class=\"wp-block-separator has-alpha-channel-opacity is-style-wide\" \/>\n\n\n\n<details class=\"wp-block-details is-layout-flow wp-block-details-is-layout-flow\"><summary>A MEDIA\u00c7\u00c3O COMO INSTRUMENTO ADEQUADO PARA O RECONHECIMENTO DA MULTIPARENTALIDADE<\/summary>\n<p><strong>Eduardo Roberto dos Santos Beletato<\/strong><\/p>\n\n\n\n<p>Data da Defesa: 09\/08\/2024<\/p>\n\n\n\n<p>Banca Examinadora: Rozane da Rosa Cachapuz (Orientadora); Daniela Braga Paiano; Renata Capriolli Zocatelli Queiroz Passi (Membro Externo)<\/p>\n\n\n\n<div class=\"wp-block-buttons is-layout-flex wp-container-core-buttons-is-layout-a74382ec wp-block-buttons-is-layout-flex\">\n<div class=\"wp-block-button\"><a class=\"wp-block-button__link wp-element-button\" href=\"https:\/\/repositorio.uel.br\/handle\/123456789\/18159\"><strong>ACESSAR<\/strong><\/a><\/div>\n<\/div>\n<\/details>\n\n\n\n<hr class=\"wp-block-separator has-alpha-channel-opacity is-style-wide\" \/>\n\n\n\n<details class=\"wp-block-details is-layout-flow wp-block-details-is-layout-flow\"><summary>ENTRE V\u00cdNCULOS MATRIMONIAIS E HERAN\u00c7A: A VALIDADE DA REN\u00daNCIA \u00c0 CONCORR\u00caNCIA SUCESS\u00d3RIA NO PACTO ANTENUPCIAL<\/summary>\n<p><strong>Glorya Maria Oldemburg de Miranda<\/strong><\/p>\n\n\n\n<p>Data da Defesa: 31\/07\/2024<\/p>\n\n\n\n<p>Banca Examinadora: Daniela Braga Paiano (Orientadora); Conrado Paulino da Rosa (Membro Externo); Juliana Carvalho Pav\u00e3o (Membro Externo)<\/p>\n\n\n\n<div class=\"wp-block-buttons is-layout-flex wp-container-core-buttons-is-layout-a74382ec wp-block-buttons-is-layout-flex\">\n<div class=\"wp-block-button\"><a class=\"wp-block-button__link wp-element-button\" href=\"https:\/\/repositorio.uel.br\/handle\/123456789\/18167\"><strong>ACESSAR<\/strong><\/a><\/div>\n<\/div>\n<\/details>\n\n\n\n<hr class=\"wp-block-separator has-alpha-channel-opacity is-style-wide\" \/>\n\n\n\n<details class=\"wp-block-details is-layout-flow wp-block-details-is-layout-flow\"><summary>A INSUFICI\u00caNCIA DOS MECANISMOS DE REPRESS\u00c3O \u00c0 MANIPULA\u00c7\u00c3O DO QU\u00d3RUM ASSEMBLEAR MEDIANTE CESS\u00c3O DE CR\u00c9DITO SIMULADA NA LEI DE RECUPERA\u00c7\u00d5ES JUDICIAIS<\/summary>\n<p><strong>Francisco Tadeu Lima Garcia<\/strong><\/p>\n\n\n\n<p>Data da Defesa: 29\/07\/2024<\/p>\n\n\n\n<p>Banca Examinadora: Roberto Wagner Marquesi (Orientador); Jos\u00e9 Eduardo Melhen (Membro Externo); Alessandra Cristina Furlan (Membro Externo)<\/p>\n\n\n\n<div class=\"wp-block-buttons is-layout-flex wp-container-core-buttons-is-layout-a74382ec wp-block-buttons-is-layout-flex\">\n<div class=\"wp-block-button\"><a class=\"wp-block-button__link wp-element-button\"><strong>ACESSAR<\/strong><\/a><\/div>\n<\/div>\n<\/details>\n\n\n\n<hr class=\"wp-block-separator has-alpha-channel-opacity is-style-wide\" \/>\n\n\n\n<details class=\"wp-block-details is-layout-flow wp-block-details-is-layout-flow\"><summary>ATUA\u00c7\u00c3O EXTRAJUDICIAL DO MINIST\u00c9RIO P\u00daBLICO EM PROBLEMAS ESTRUTURAIS NA PROTE\u00c7\u00c3O AOS DIREITOS DA CRIAN\u00c7A E DO ADOLESCENTE<\/summary>\n<p><strong>Josilaine Aleteia de Andrade Cesar<\/strong><\/p>\n\n\n\n<p>Data da Defesa: 26\/07\/2024<\/p>\n\n\n\n<p>Banca Examinadora: Luiz Fernando Bellinetti (Orientador); Luiz Alberto Pereira Ribeiro; Clayton de Albuquerque Maranh\u00e3o (Membro Exerno)<\/p>\n\n\n\n<div class=\"wp-block-buttons is-layout-flex wp-container-core-buttons-is-layout-a74382ec wp-block-buttons-is-layout-flex\">\n<div class=\"wp-block-button\"><a class=\"wp-block-button__link wp-element-button\" href=\"https:\/\/repositorio.uel.br\/handle\/123456789\/18161\"><strong>ACESSAR<\/strong><\/a><\/div>\n<\/div>\n<\/details>\n\n\n\n<hr class=\"wp-block-separator has-alpha-channel-opacity is-style-wide\" \/>\n\n\n\n<details class=\"wp-block-details is-layout-flow wp-block-details-is-layout-flow\"><summary>RENEGOCIA\u00c7\u00c3O DE CONTRATOS DE COMMODITIES A TERMO EM TEMPOS DE CALAMIDADE \u00c0 LUZ DA BOA F\u00c9 OBJETIVA<\/summary>\n<p><strong>Sthefany Beatriz Ferreira Bellan<\/strong><\/p>\n\n\n\n<p>Data da Defesa: 22\/07\/2024<\/p>\n\n\n\n<p>Banca Examinadora: Daniela Braga Paiano (Orientadora); F\u00e1bio Ricardo Rodrigues Brasilino (Membro Externo); Karina Nunes Fritz (Membro Externo)<\/p>\n\n\n\n<div class=\"wp-block-buttons is-layout-flex wp-container-core-buttons-is-layout-a74382ec wp-block-buttons-is-layout-flex\">\n<div class=\"wp-block-button\"><a class=\"wp-block-button__link wp-element-button\" href=\"https:\/\/repositorio.uel.br\/handle\/123456789\/18160\"><strong>ACESSAR<\/strong><\/a><\/div>\n<\/div>\n<\/details>\n\n\n\n<hr class=\"wp-block-separator has-alpha-channel-opacity is-style-wide\" \/>\n\n\n\n<details class=\"wp-block-details is-layout-flow wp-block-details-is-layout-flow\"><summary>GESTA\u00c7\u00c3O DE SUBSTITUI\u00c7\u00c3O \u00c0 LUZ DOS NEG\u00d3CIOS (BIO)JUR\u00cdDICOS<\/summary>\n<p><strong>CASSIA APARECIDA PIMENTA MENEGUCE<\/strong><\/p>\n\n\n\n<p>Data da Defesa: 15\/07\/2024<\/p>\n\n\n\n<p>Banca Examinadora: Rita de C\u00e1ssia Resquetti Tarifa Espolador (Orientadora); Juliana Carvalho Pav\u00e3o (Membro Externo); Claudia Regina de Oliveira Magalh\u00e3es da Silva Loureiro (Membro Externo)<\/p>\n\n\n\n<div class=\"wp-block-buttons is-layout-flex wp-container-core-buttons-is-layout-a74382ec wp-block-buttons-is-layout-flex\">\n<div class=\"wp-block-button\"><a class=\"wp-block-button__link wp-element-button\" href=\"https:\/\/repositorio.uel.br\/handle\/123456789\/18169\"><strong>ACESSAR<\/strong><\/a><\/div>\n<\/div>\n<\/details>\n\n\n\n<hr class=\"wp-block-separator has-alpha-channel-opacity is-style-wide\" \/>\n\n\n\n<details class=\"wp-block-details is-layout-flow wp-block-details-is-layout-flow\"><summary>O INCIDENTE DE RESOLU\u00c7\u00c3O DE DEMANDAS REPETITIVAS COMO INSTRUMENTO CONTRA A LITIG\u00c2NCIA MASSIVA<\/summary>\n<p><strong>Guilherme Henrique Giacomino Silva<\/strong><\/p>\n\n\n\n<p>Data da Defesa: 08\/07\/2024<\/p>\n\n\n\n<p>Banca Examinadora: Luiz Fernando Bellinetti (Orientador); Patricia Ayub da Costa Ligmanovski; Bruno Augusto Sampaio Fuga (Membro Externo)<\/p>\n\n\n\n<div class=\"wp-block-buttons is-layout-flex wp-container-core-buttons-is-layout-a74382ec wp-block-buttons-is-layout-flex\">\n<div class=\"wp-block-button\"><a class=\"wp-block-button__link wp-element-button\" href=\"https:\/\/repositorio.uel.br\/handle\/123456789\/18157\"><strong>ACESSAR<\/strong><\/a><\/div>\n<\/div>\n<\/details>\n\n\n\n<hr class=\"wp-block-separator has-alpha-channel-opacity is-style-wide\" \/>\n\n\n\n<details class=\"wp-block-details is-layout-flow wp-block-details-is-layout-flow\"><summary>O CONTRATO DE COPARENTALIDADE NO CONTEXTO P\u00d3S-MODERNO DO DIREITO DAS FAM\u00cdLIAS<\/summary>\n<p><strong>GUILHERME AUGUSTO GIROTTO<\/strong><\/p>\n\n\n\n<p>Data da Defesa: 24\/06\/2024<\/p>\n\n\n\n<p>Banca Examinadora: Daniela Braga Paiano (Orientadora); Rita de C\u00e1ssia Resquetti Tarifa Espolador; Eduardo Tamasevicius Filho (Membro Externo)<\/p>\n\n\n\n<div class=\"wp-block-buttons is-layout-flex wp-container-core-buttons-is-layout-a74382ec wp-block-buttons-is-layout-flex\">\n<div class=\"wp-block-button\"><a class=\"wp-block-button__link wp-element-button\"><strong>ACESSAR<\/strong><\/a><\/div>\n<\/div>\n<\/details>\n\n\n\n<hr class=\"wp-block-separator has-alpha-channel-opacity is-style-wide\" \/>\n\n\n\n<details class=\"wp-block-details is-layout-flow wp-block-details-is-layout-flow\"><summary>A REGULAMENTA\u00c7\u00c3O DA CANNABIS MEDICINAL BRASILEIRA<\/summary>\n<p><strong>Murilo Meneguello Nicolau<\/strong><\/p>\n\n\n\n<p>Data da Defesa: 22\/04\/2024<\/p>\n\n\n\n<p>Banca Examinadora: Rita de C\u00e1ssia Resquetti Tarifa Espolador (Orientadora); Daniela Braga Paiano; Claudia Regina de Oliveira Magalh\u00e3es da Silva Loureiro (Membro Externo)<\/p>\n\n\n\n<div class=\"wp-block-buttons is-layout-flex wp-container-core-buttons-is-layout-a74382ec wp-block-buttons-is-layout-flex\">\n<div class=\"wp-block-button\"><a class=\"wp-block-button__link wp-element-button\" href=\"https:\/\/repositorio.uel.br\/handle\/123456789\/18171\"><strong>ACESSAR<\/strong><\/a><\/div>\n<\/div>\n<\/details>\n\n\n\n<hr class=\"wp-block-separator has-alpha-channel-opacity is-style-wide\" \/>\n\n\n\n<details class=\"wp-block-details is-layout-flow wp-block-details-is-layout-flow\"><summary>LITIGANTES HABITUAIS E A\u00c7\u00d5ES INDENIZAT\u00d3RIAS CONSUMERISTAS EM MASSA: an\u00e1lise da multiplicidade da ind\u00fastria do dano moral.<br><\/summary>\n<p><strong>FL\u00c1VIA COSTA SORDI<\/strong><\/p>\n\n\n\n<p>Data: 12\/08\/2024<\/p>\n\n\n\n<p>Hor\u00e1rio: 16h<\/p>\n\n\n\n<p>Local: Online<\/p>\n\n\n\n<p>Banca Examinadora: Dra.Ana Claudia Correa Zuin Mattos Do Amaral (Orientadora), Dra. Jussara Suzi Assis B. Nasser Ferreira e Dra. Maria C\u00e9lia Nogueira Pinto E Borgo Bzuneck.<\/p>\n\n\n\n<div class=\"wp-block-buttons is-layout-flex wp-container-core-buttons-is-layout-a74382ec wp-block-buttons-is-layout-flex\">\n<div class=\"wp-block-button\"><a class=\"wp-block-button__link wp-element-button\"><strong>ACESSAR<\/strong><\/a><\/div>\n<\/div>\n<\/details>\n\n\n\n<hr class=\"wp-block-separator has-alpha-channel-opacity is-style-wide\" \/>\n\n\n\n<details class=\"wp-block-details is-layout-flow wp-block-details-is-layout-flow\"><summary>DISCIPLINA JUR\u00cdDICA DO OPERADOR DE DADOS: atua\u00e7\u00e3o em rela\u00e7\u00e3o a anonimiza\u00e7\u00e3o e pseudonimiza\u00e7\u00e3o de dados.<br><\/summary>\n<p><strong>BRENDA CAROLINA VICENTINI MUGNOL<\/strong><\/p>\n\n\n\n<p>Data: 07\/11\/2024<\/p>\n\n\n\n<p>Hor\u00e1rio: 14h<\/p>\n\n\n\n<p>Local: Online<\/p>\n\n\n\n<p>Banca Examinadora: Dr. Tarcisio Teixeira (Orientador), Patricia Eliane Da Rosa Sardeto e Renata Capriolli Zocatelli Queiroz.<\/p>\n\n\n\n<div class=\"wp-block-buttons is-layout-flex wp-container-core-buttons-is-layout-a74382ec wp-block-buttons-is-layout-flex\">\n<div class=\"wp-block-button\"><a class=\"wp-block-button__link wp-element-button\" href=\"https:\/\/repositorio.uel.br\/handle\/123456789\/18503\"><strong>ACESSAR<\/strong><\/a><\/div>\n<\/div>\n<\/details>\n\n\n\n<hr class=\"wp-block-separator has-alpha-channel-opacity is-style-wide\" \/>\n\n\n\n<details class=\"wp-block-details is-layout-flow wp-block-details-is-layout-flow\"><summary>(CHAVE POR CHAVE) NO DIREITO \u00c0 MORADIA EM \u00c1REA DE PRESERVA\u00c7\u00c3O PERMANENTE URBANA EM LONDRINA- PR.<br><\/summary>\n<p><strong>CLARISSA GASPAR MASS&nbsp;<\/strong><\/p>\n\n\n\n<p>Data: 22\/11\/2024<\/p>\n\n\n\n<p>Hor\u00e1rio: 08h<\/p>\n\n\n\n<p>Local: Online<\/p>\n\n\n\n<p>Banca Examinadora: Dr. Miguel Etinger De Araujo Junior (Orientador), Dra. Laura Magalh\u00e3es De Andrade e Dr. Elve Miguel Cenci.<\/p>\n\n\n\n<div class=\"wp-block-buttons is-layout-flex wp-container-core-buttons-is-layout-a74382ec wp-block-buttons-is-layout-flex\">\n<div class=\"wp-block-button\"><a class=\"wp-block-button__link wp-element-button\" href=\"https:\/\/repositorio.uel.br\/handle\/123456789\/18549\"><strong>ACESSAR<\/strong><\/a><\/div>\n<\/div>\n<\/details>\n\n\n\n<hr class=\"wp-block-separator has-alpha-channel-opacity is-style-wide\" \/>\n\n\n\n<details class=\"wp-block-details is-layout-flow wp-block-details-is-layout-flow\"><summary>A APLICA\u00c7\u00c3O DE UMA INDENIZA\u00c7\u00c3O PELO DANO EXISTENCIAL AO CONSUMIDOR SUPERENDIVIDADO EM DECORR\u00caNCIA DAS PR\u00c1TICAS ABUSIVAS DAS INSTITUI\u00c7\u00d5ES FINANCEIRA.<br><\/summary>\n<p><strong>DESIR\u00c9E SILVA NASCIMENTO<\/strong><\/p>\n\n\n\n<p>Data: 21\/10\/2024<\/p>\n\n\n\n<p>Hor\u00e1rio: 16h<\/p>\n\n\n\n<p>Local: Sala 452 \u2013 CESA \u2013 UEL<\/p>\n\n\n\n<p>Banca Examinadora: Dra. Ana Claudia Correa Zuin Mattos Do Amaral (Orientadora), Dra. Jussara Suzi Assis B. Nasser Ferreira e Dra. Maria C\u00e9lia Nogueira Pinto E Borgo Bzuneck.<\/p>\n\n\n\n<div class=\"wp-block-buttons is-layout-flex wp-container-core-buttons-is-layout-a74382ec wp-block-buttons-is-layout-flex\">\n<div class=\"wp-block-button\"><a class=\"wp-block-button__link wp-element-button\" href=\"https:\/\/repositorio.uel.br\/handle\/123456789\/18518\"><strong>ACESSAR<\/strong><\/a><\/div>\n<\/div>\n<\/details>\n\n\n\n<hr class=\"wp-block-separator has-alpha-channel-opacity is-style-wide\" \/>\n\n\n\n<details class=\"wp-block-details is-layout-flow wp-block-details-is-layout-flow\"><summary>MEDIA\u00c7\u00c3O COMO PROCEDIMENTO PARA RESOLU\u00c7\u00c3O DE CONFLITOS FAMILIARES DE GUARDA E CONVIV\u00caNCIA: Do efetivo Acesso \u00e0 Justi\u00e7a.<br><\/summary>\n<p><strong>ELIZ\u00c2NGELA ABIGAIL S\u00d3CIO RIBEIRO<\/strong><\/p>\n\n\n\n<p>Data: 30\/09\/2024<\/p>\n\n\n\n<p>Hor\u00e1rio: 15h30<\/p>\n\n\n\n<p>Local: Online<\/p>\n\n\n\n<p>Banca Examinadora: Dra. Rozane Da Rosa Cachapuz (Orientadora), Dra. Mar\u00edlia Pedroso Xavier e Dr. Luiz Alberto Pereira Ribeiro.<\/p>\n\n\n\n<div class=\"wp-block-buttons is-layout-flex wp-container-core-buttons-is-layout-a74382ec wp-block-buttons-is-layout-flex\">\n<div class=\"wp-block-button\"><a class=\"wp-block-button__link wp-element-button\" href=\"https:\/\/repositorio.uel.br\/handle\/123456789\/18211\"><strong>ACESSAR<\/strong><\/a><\/div>\n<\/div>\n<\/details>\n\n\n\n<hr class=\"wp-block-separator has-alpha-channel-opacity is-style-wide\" \/>\n\n\n\n<details class=\"wp-block-details is-layout-flow wp-block-details-is-layout-flow\"><summary>O USO DOS NEG\u00d3CIOS BIOJUR\u00cdDICOS NAS TERAPIAS GEN\u00c9TICAS<br><\/summary>\n<p><strong>GERMANO MATHEUS CODOGNOTTO DA CUNHA<\/strong><\/p>\n\n\n\n<p>Data: 14\/08\/2024<\/p>\n\n\n\n<p>Hor\u00e1rio: 10h<\/p>\n\n\n\n<p>Local: Sala 452 \u2013 CESA \u2013 UEL<\/p>\n\n\n\n<p>Banca Examinadora: Prof.\u00aa Dr.\u00aa Rita de C\u00e1ssia Resquetti Tarifa Espolador (Orientadora), Prof. Dr. Elve Miguel Cenci e Prof.\u00aa Dr.\u00aa Nilza Maria Diniz.&nbsp;<\/p>\n\n\n\n<div class=\"wp-block-buttons is-layout-flex wp-container-core-buttons-is-layout-a74382ec wp-block-buttons-is-layout-flex\">\n<div class=\"wp-block-button\"><a class=\"wp-block-button__link wp-element-button\" href=\"https:\/\/repositorio.uel.br\/handle\/123456789\/18155\"><strong>ACESSAR<\/strong><\/a><\/div>\n<\/div>\n<\/details>\n\n\n\n<hr class=\"wp-block-separator has-alpha-channel-opacity is-style-wide\" \/>\n\n\n\n<details class=\"wp-block-details is-layout-flow wp-block-details-is-layout-flow\"><summary>O DUMPING SOCIAL E O DIREITO NEGOCIAL EM MUNDO GLOBALIZADO.<br><\/summary>\n<p><strong>HENRIQUE PINHO DE SOUSA CRUZ<\/strong><\/p>\n\n\n\n<p>Data: 30\/10\/2024<\/p>\n\n\n\n<p>Hor\u00e1rio: 15h30<\/p>\n\n\n\n<p>Local: Online<\/p>\n\n\n\n<p>Banca Examinadora: Dr. Elve Miguel Cenci (Orientador), Dr. Gilvan Luiz Hansen e Dr. Luiz Alberto Pereira Ribeiro.<\/p>\n\n\n\n<div class=\"wp-block-buttons is-layout-flex wp-container-core-buttons-is-layout-a74382ec wp-block-buttons-is-layout-flex\">\n<div class=\"wp-block-button\"><a class=\"wp-block-button__link wp-element-button\" href=\"https:\/\/repositorio.uel.br\/handle\/123456789\/18666\"><strong>ACESSAR<\/strong><\/a><\/div>\n<\/div>\n<\/details>\n\n\n\n<hr class=\"wp-block-separator has-alpha-channel-opacity is-style-wide\" \/>\n\n\n\n<details class=\"wp-block-details is-layout-flow wp-block-details-is-layout-flow\"><summary>EXECU\u00c7\u00c3O CIVIL E TECNOLOGIA DA INFORMA\u00c7\u00c3O: CAMINHOS PARA A EFETIVIDADE DA TUTELA EXECUTIVA.<br><\/summary>\n<p><strong>JO\u00c3O VITOR CONTI PARRON<\/strong><\/p>\n\n\n\n<p>Data: 12\/11\/2024<\/p>\n\n\n\n<p>Hor\u00e1rio: 14h<\/p>\n\n\n\n<p>Local: Online<\/p>\n\n\n\n<p>Banca Examinadora: Dr. Tarcisio Teixeira (Orientador),&nbsp; Dr. Luiz Alberto Pereira Ribeiro e Dr. Paulo Henrique Guilman Tanizawa.<\/p>\n\n\n\n<div class=\"wp-block-buttons is-layout-flex wp-container-core-buttons-is-layout-a74382ec wp-block-buttons-is-layout-flex\">\n<div class=\"wp-block-button\"><a class=\"wp-block-button__link wp-element-button\" href=\"https:\/\/repositorio.uel.br\/handle\/123456789\/18519\"><strong>ACESSAR<\/strong><\/a><\/div>\n<\/div>\n<\/details>\n\n\n\n<hr class=\"wp-block-separator has-alpha-channel-opacity is-style-wide\" \/>\n\n\n\n<details class=\"wp-block-details is-layout-flow wp-block-details-is-layout-flow\"><summary>O MODELO BRASILEIRO DE LIBERDADE APLICADO \u00c0 ANULABILIDADE NEGOCIAL.<br><\/summary>\n<p><strong>OTAVIO AUGUSTO REIS SANTOS<\/strong><\/p>\n\n\n\n<p>Data: 18\/10\/2024<\/p>\n\n\n\n<p>Hor\u00e1rio: 10h<\/p>\n\n\n\n<p>Local: Online<\/p>\n\n\n\n<p>Banca Examinadora: Dr. Marcos Antonio Striquer Soares (Orientador), Dra. Caroline Feliz Sarraf Ferri e Dr. Elve Miguel Cenci.<\/p>\n\n\n\n<div class=\"wp-block-buttons is-layout-flex wp-container-core-buttons-is-layout-a74382ec wp-block-buttons-is-layout-flex\">\n<div class=\"wp-block-button\"><a class=\"wp-block-button__link wp-element-button\" href=\"https:\/\/repositorio.uel.br\/handle\/123456789\/18487\"><strong>ACESSAR<\/strong><\/a><\/div>\n<\/div>\n<\/details>\n\n\n\n<hr class=\"wp-block-separator has-alpha-channel-opacity is-style-wide\" \/>\n\n\n\n<details class=\"wp-block-details is-layout-flow wp-block-details-is-layout-flow\"><summary>LIBERALISMO, LIBERDADE E INDIVIDUALISMO: uma an\u00e1lise cr\u00edtica do neg\u00f3cio jur\u00eddico.<\/summary>\n<p><strong>RAUL DURIZZO DE OLIVEIRA<\/strong><\/p>\n\n\n\n<p>Data: 06\/09\/2024<\/p>\n\n\n\n<p>Hor\u00e1rio: 08h30<\/p>\n\n\n\n<p>Local: Sala 452 \u2013 CESA \u2013 UEL<\/p>\n\n\n\n<p>Banca Examinadora:Dr. Marcos Antonio Striquer Soares (Orientador), Dr. Clodomiro Jose Bannwart Junior e Dr. Joaquim Jos\u00e9 De Moraes Neto.<\/p>\n\n\n\n<div class=\"wp-block-buttons is-layout-flex wp-container-core-buttons-is-layout-a74382ec wp-block-buttons-is-layout-flex\">\n<div class=\"wp-block-button\"><a class=\"wp-block-button__link wp-element-button\" href=\"https:\/\/repositorio.uel.br\/handle\/123456789\/18232\"><strong>ACESSAR<\/strong><\/a><\/div>\n<\/div>\n<\/details>\n\n\n\n<hr class=\"wp-block-separator has-alpha-channel-opacity is-style-wide\" \/>\n\n\n\n<details class=\"wp-block-details is-layout-flow wp-block-details-is-layout-flow\"><summary>NEG\u00d3CIOS JUR\u00cdDICOS COOPERATIVOS E A CRISE DE IDENTIDADE DO COOPERATIVISMO NO BRASIL<br><\/summary>\n<p><strong>ROBSON FERNANDO SEBOLD<\/strong><\/p>\n\n\n\n<p>Data: 30\/10\/2024<\/p>\n\n\n\n<p>Hor\u00e1rio: 10h<\/p>\n\n\n\n<p>Local: Online<\/p>\n\n\n\n<p>Banca Examinadora: Dra. Marlene Kempfer (Orientadora),&nbsp; Dr. Jose Miguel Garcia Medina e&nbsp; Dr. Lara Caxico Martins.<\/p>\n\n\n\n<div class=\"wp-block-buttons is-layout-flex wp-container-core-buttons-is-layout-a74382ec wp-block-buttons-is-layout-flex\">\n<div class=\"wp-block-button\"><a class=\"wp-block-button__link wp-element-button\" href=\"https:\/\/repositorio.uel.br\/handle\/123456789\/18454\"><strong>ACESSAR<\/strong><\/a><\/div>\n<\/div>\n<\/details>\n\n\n\n<hr class=\"wp-block-separator has-alpha-channel-opacity is-style-wide\" \/>\n\n\n\n<details class=\"wp-block-details is-layout-flow wp-block-details-is-layout-flow\"><summary>IMPLEMENTA\u00c7\u00c3O DA SUSTENTABILIDADE NOS NEG\u00d3CIOS JUR\u00cdDICOS: UM ESTUDO SOBRE AS COOPERATIVAS DE MATERIAIS RECICL\u00c1VEIS EM LONDRINA.<br><\/summary>\n<p><strong>VIVIANA SAMARA YOKO MATSUI<\/strong><\/p>\n\n\n\n<p>Data: 10\/09\/2024<\/p>\n\n\n\n<p>Hor\u00e1rio: 09h<\/p>\n\n\n\n<p>Local:&nbsp; Online<\/p>\n\n\n\n<p>Banca Examinadora: Dr. Miguel Etinger De Araujo Junior (Orientador), Dr. Bruno Soeiro Vieira e Dr. Elve Miguel Cenci.<\/p>\n\n\n\n<div class=\"wp-block-buttons is-layout-flex wp-container-core-buttons-is-layout-a74382ec wp-block-buttons-is-layout-flex\">\n<div class=\"wp-block-button\"><a class=\"wp-block-button__link wp-element-button\" href=\"https:\/\/repositorio.uel.br\/handle\/123456789\/18502\"><strong>ACESSAR<\/strong><\/a><\/div>\n<\/div>\n<\/details>\n\n\n\n<div style=\"height:52px\" aria-hidden=\"true\" class=\"wp-block-spacer\"><\/div>\n\n\n\n<!--nextpage-->\n\n\n\n<h2 class=\"wp-block-heading\">Bancas de defesa &#8211; <strong>2023<\/strong><\/h2>\n\n\n\n<p><\/p>\n\n\n\n<details class=\"wp-block-details is-layout-flow wp-block-details-is-layout-flow\"><summary>NEG\u00d3CIOS JUR\u00cdDICOS P\u00daBLICOS SUSTENT\u00c1VEIS NA AGRICULTURA FAMILIAR BRASILEIRA: FOMENTO AO DESENVOLVIMENTO SOCIOECON\u00d4MICO E AMBIENTAL<\/summary>\n<p>LUCAS RAFAEL DA SILVA DELVECHIO<\/p>\n\n\n\n<p>Data da Defesa: 18\/12\/2023<\/p>\n\n\n\n<p>Banca Examinadora: Miguel Etinger de Araujo Junior (Orientador); Marlena Kempfer; Ligia Maria Silva Melo de Casimiro (Membro Externo)<\/p>\n\n\n\n<div class=\"wp-block-buttons is-layout-flex wp-container-core-buttons-is-layout-a74382ec wp-block-buttons-is-layout-flex\">\n<div class=\"wp-block-button\"><a class=\"wp-block-button__link wp-element-button\"><strong>ACESSAR<\/strong><\/a><\/div>\n<\/div>\n<\/details>\n\n\n\n<hr class=\"wp-block-separator has-alpha-channel-opacity is-style-wide\" \/>\n\n\n\n<details class=\"wp-block-details is-layout-flow wp-block-details-is-layout-flow\"><summary>A EFICI\u00caNCIA DOS DISPUTE BOARDS NOS CONTRATOS ADMINISTRATIVOS DE INFRAESTRUTURA SOB A \u00d3TICA DA AN\u00c1LISE ECON\u00d4MICA DO DIREITO<\/summary>\n<p>NATHALIA DALBIANCO NOVAES PEREIRA<\/p>\n\n\n\n<p>Data da Defesa: 12\/12\/2024<\/p>\n\n\n\n<p>Banca Examinadora: Tania Lobo Muniz (Orientadora); Patricia Ayub da Costa Ligmanovski; Jenifer Alfaro Borges (Membro Externo)<\/p>\n\n\n\n<div class=\"wp-block-buttons is-layout-flex wp-container-core-buttons-is-layout-a74382ec wp-block-buttons-is-layout-flex\">\n<div class=\"wp-block-button\"><a class=\"wp-block-button__link wp-element-button\"><strong>ACESSAR<\/strong><\/a><\/div>\n<\/div>\n<\/details>\n\n\n\n<hr class=\"wp-block-separator has-alpha-channel-opacity is-style-wide\" \/>\n\n\n\n<details class=\"wp-block-details is-layout-flow wp-block-details-is-layout-flow\"><summary>CRISE NO \u00d3RG\u00c3O DE APELA\u00c7\u00c3O DA OMC: (IN)SEGURAN\u00c7A NA SOCIEDADE INTERNACIONAL E A URG\u00caNCIA DE ALTERNATIVAS PARA A RETOMADA DO SEU FUNCIONAMENTO<\/summary>\n<p>Maria Sonego Rezende <\/p>\n\n\n\n<p>Data da Defesa: 12\/12\/2023<\/p>\n\n\n\n<p>Banca Examinadora: Tania Lobo Muniz (Orientadora); Patricia Ayub da Costa Ligmanovski; Silvia Regina Tacla (Membro Externo)<\/p>\n\n\n\n<div class=\"wp-block-buttons is-layout-flex wp-container-core-buttons-is-layout-a74382ec wp-block-buttons-is-layout-flex\">\n<div class=\"wp-block-button\"><a class=\"wp-block-button__link wp-element-button\"><strong>ACESSAR<\/strong><\/a><\/div>\n<\/div>\n<\/details>\n\n\n\n<hr class=\"wp-block-separator has-alpha-channel-opacity is-style-wide\" \/>\n\n\n\n<details class=\"wp-block-details is-layout-flow wp-block-details-is-layout-flow\"><summary>RELA\u00c7\u00d5ES DE TRABALHO SOB A CONFIGURA\u00c7\u00c3O DO MODELO DE NEG\u00d3CIOS DAS PLATAFORMAS DIGITAIS: O PAPEL DO ESTADO PARA ASSEGURAR A PROTE\u00c7\u00c3O SOCIAL AO TRABALHADOR<\/summary>\n<p>NATHALIA DOURADINHO LOPES<\/p>\n\n\n\n<p>Data da Defesa: 07\/12\/2023<\/p>\n\n\n\n<p>Banca Examinadora: Elve Miguel Cenci (Orientador); Luiz Alberto Pereira Ribeiro; Jouberto de Quadros Pessoa Cavalcante (Membro Externo)<\/p>\n\n\n\n<div class=\"wp-block-buttons is-layout-flex wp-container-core-buttons-is-layout-a74382ec wp-block-buttons-is-layout-flex\">\n<div class=\"wp-block-button\"><a class=\"wp-block-button__link wp-element-button\"><strong>ACESSAR<\/strong><\/a><\/div>\n<\/div>\n<\/details>\n\n\n\n<hr class=\"wp-block-separator has-alpha-channel-opacity is-style-wide\" \/>\n\n\n\n<details class=\"wp-block-details is-layout-flow wp-block-details-is-layout-flow\"><summary>TEORIA DA MITIGA\u00c7\u00c3O: AN\u00c1LISE ACERCA DA [IM]POSSIBILIDADE DE SUA IMPLEMENTA\u00c7\u00c3O NOS NEG\u00d3CIOS JUR\u00cdDICOS BRASILEIROS<\/summary>\n<p>ANA LUCIA MASO BORBA NAVOLAR<\/p>\n\n\n\n<p>Data da Defesa: 08\/11\/2023<\/p>\n\n\n\n<p>Banca Examinadora: Rita de C\u00e1ssia Resquetti Tarifa Espolador (Orientadora); Claudia Regina de Oliveira Magalh\u00e3es da Silva Loureiro (Membro Externo); Fernando Moreira Freitas da Silva (Membro Externo)<\/p>\n\n\n\n<div class=\"wp-block-buttons is-layout-flex wp-container-core-buttons-is-layout-a74382ec wp-block-buttons-is-layout-flex\">\n<div class=\"wp-block-button\"><a class=\"wp-block-button__link wp-element-button\"><strong>ACESSAR<\/strong><\/a><\/div>\n<\/div>\n<\/details>\n\n\n\n<hr class=\"wp-block-separator has-alpha-channel-opacity is-style-wide\" \/>\n\n\n\n<details class=\"wp-block-details is-layout-flow wp-block-details-is-layout-flow\"><summary>DANO MORAL POR PERDA DE UMA CHANCE<\/summary>\n<p>NADIA CAROLINA BRENCIS GUIMARAES<\/p>\n\n\n\n<p>Data da Defesa: 20\/10\/2023<\/p>\n\n\n\n<p>Banca Examinadora: Ana Claudia Correa Zuin Mattos do Amaral (Orientadora); Daniela Braga Paiano; Fernando Moreira Freitas da Silva (Membro Exerno)<\/p>\n\n\n\n<div class=\"wp-block-buttons is-layout-flex wp-container-core-buttons-is-layout-a74382ec wp-block-buttons-is-layout-flex\">\n<div class=\"wp-block-button\"><a class=\"wp-block-button__link wp-element-button\"><strong>ACESSAR<\/strong><\/a><\/div>\n<\/div>\n<\/details>\n\n\n\n<hr class=\"wp-block-separator has-alpha-channel-opacity is-style-wide\" \/>\n\n\n\n<details class=\"wp-block-details is-layout-flow wp-block-details-is-layout-flow\"><summary>DOA\u00c7\u00c3O DE \u00d3RG\u00c3OS E TECIDOS POST MORTEM: A POSSIBILIDADE DE GARANTIA DO CUMPRIMENTO DA VONTADE DO DOADOR POR MEIO DAS DIRETIVAS ANTECIPADAS DA VONTADE FRENTE A EXIG\u00caNCIA DA AUTORIZA\u00c7\u00c3O FAMILIAR<\/summary>\n<p>Julia Gaioso Nascimento <\/p>\n\n\n\n<p>Data da Defesa: 18\/10\/2023<\/p>\n\n\n\n<p>Banca Examinadora: Rita de C\u00e1ssia Resquetti Tarifa Espolador (Orientadora); Daniela Braga Paiano; Luciana Mendes Pereira (Membro Externo)<\/p>\n\n\n\n<div class=\"wp-block-buttons is-layout-flex wp-container-core-buttons-is-layout-a74382ec wp-block-buttons-is-layout-flex\">\n<div class=\"wp-block-button\"><a class=\"wp-block-button__link wp-element-button\"><strong>ACESSAR<\/strong><\/a><\/div>\n<\/div>\n<\/details>\n\n\n\n<hr class=\"wp-block-separator has-alpha-channel-opacity is-style-wide\" \/>\n\n\n\n<details class=\"wp-block-details is-layout-flow wp-block-details-is-layout-flow\"><summary>O CONTRATO DE TRABALHO SOB A TR\u00cdADE: ESTADO, MERCADO E DIREITO<\/summary>\n<p>Fujie Kaqasaki <\/p>\n\n\n\n<p>Data da Defesa: 16\/10\/2023<\/p>\n\n\n\n<p>Banca Examinadora: Elve Miguel Cenci (Orientador); Luiz Alberto Pereira Ribeiro; Jouberto de Quadros Pessoa Cavalcante (Membro Externo)<\/p>\n\n\n\n<div class=\"wp-block-buttons is-layout-flex wp-container-core-buttons-is-layout-a74382ec wp-block-buttons-is-layout-flex\">\n<div class=\"wp-block-button\"><a class=\"wp-block-button__link wp-element-button\"><strong>ACESSAR<\/strong><\/a><\/div>\n<\/div>\n<\/details>\n\n\n\n<hr class=\"wp-block-separator has-alpha-channel-opacity is-style-wide\" \/>\n\n\n\n<details class=\"wp-block-details is-layout-flow wp-block-details-is-layout-flow\"><summary>SISTEMA DE GEST\u00c3O DOS SERVI\u00c7OS P\u00daBLICOS DE \u00c1GUA E ESGOTO PARA O ESTADO AMBIENTAL BRASILEIRO: SEGURAN\u00c7A H\u00cdDRICA E UNIVERSALIZA\u00c7\u00c3O<\/summary>\n<p>LUCAS MENDONCA GIUSEPPIN<\/p>\n\n\n\n<p>Data da Defesa: 28\/09\/2023<\/p>\n\n\n\n<p>Banca Examinadora: Marlene Kempfer (Orientadora); Aur\u00e9lio Tomaz da Silva Briltes (Membro Externo); Maur\u00edcio Moreira dos Santos (Membro Externo)<\/p>\n\n\n\n<div class=\"wp-block-buttons is-layout-flex wp-container-core-buttons-is-layout-a74382ec wp-block-buttons-is-layout-flex\">\n<div class=\"wp-block-button\"><a class=\"wp-block-button__link wp-element-button\"><strong>ACESSAR<\/strong><\/a><\/div>\n<\/div>\n<\/details>\n\n\n\n<hr class=\"wp-block-separator has-alpha-channel-opacity is-style-wide\" \/>\n\n\n\n<details class=\"wp-block-details is-layout-flow wp-block-details-is-layout-flow\"><summary>DANO IMORAL NO SISTEMA DE RESPONSABILIZA\u00c7\u00c3O CIVIL BRASILEIRO<\/summary>\n<p>Artur Lutiheri Baptista Nespoli <\/p>\n\n\n\n<p>Data da Defesa: 21\/09\/2023<\/p>\n\n\n\n<p>Banca Examinadora: Ana Claudia Correa Zuin Mattos do Amaral (Orientadora); Daniela Braga Paiano; Jussara Suzi Assis Borges Nasser Ferreira (Membro Externo)<\/p>\n\n\n\n<div class=\"wp-block-buttons is-layout-flex wp-container-core-buttons-is-layout-a74382ec wp-block-buttons-is-layout-flex\">\n<div class=\"wp-block-button\"><a class=\"wp-block-button__link wp-element-button\"><strong>ACESSAR<\/strong><\/a><\/div>\n<\/div>\n<\/details>\n\n\n\n<hr class=\"wp-block-separator has-alpha-channel-opacity is-style-wide\" \/>\n\n\n\n<details class=\"wp-block-details is-layout-flow wp-block-details-is-layout-flow\"><summary>A LIBERDADE NO COOPERATIVISMO AGROINDUSTRIAL: UM ESTUDO SOBRE A VIABILIZA\u00c7\u00c3O DOS NEG\u00d3CIOS JUR\u00cdDICOS COOPERATIVOS A PARTIR DO SISTEMA DECIS\u00d3RIO<\/summary>\n<p>Ana Henriqueta Volta Pires <\/p>\n\n\n\n<p>Data da Defesa: 18\/09\/2023<\/p>\n\n\n\n<p>Banca Examinadora: Marcos Antonio Striquer Soares (Orientador); Luiz Alberto Pereira Ribeiro; Jos\u00e9 Sebasti\u00e3o de Oliveira (Membro Externo)<\/p>\n\n\n\n<div class=\"wp-block-buttons is-layout-flex wp-container-core-buttons-is-layout-a74382ec wp-block-buttons-is-layout-flex\">\n<div class=\"wp-block-button\"><a class=\"wp-block-button__link wp-element-button\"><strong>ACESSAR<\/strong><\/a><\/div>\n<\/div>\n<\/details>\n\n\n\n<hr class=\"wp-block-separator has-alpha-channel-opacity is-style-wide\" \/>\n\n\n\n<details class=\"wp-block-details is-layout-flow wp-block-details-is-layout-flow\"><summary>DA FAM\u00cdLIA HOMOAFETIVA E DAS DIFICULDADES PARA A SUA DISCIPLINA JUR\u00cdDICA ANTE \u00c0 AUS\u00caNCIA DE LEGISLA\u00c7\u00c3O ESPEC\u00cdFICA<\/summary>\n<p>Marques Aparecido Rosa <\/p>\n\n\n\n<p>Data da Defesa: 12\/09\/2023<\/p>\n\n\n\n<p>Banca Examinadora: Rozane da Rosa Cachapuz (Orientadora); Luiz Fernando Bellinetti; Anderson de Azevedo (Membro Externo)<\/p>\n\n\n\n<div class=\"wp-block-buttons is-layout-flex wp-container-core-buttons-is-layout-a74382ec wp-block-buttons-is-layout-flex\">\n<div class=\"wp-block-button\"><a class=\"wp-block-button__link wp-element-button\"><strong>ACESSAR<\/strong><\/a><\/div>\n<\/div>\n<\/details>\n\n\n\n<hr class=\"wp-block-separator has-alpha-channel-opacity is-style-wide\" \/>\n\n\n\n<details class=\"wp-block-details is-layout-flow wp-block-details-is-layout-flow\"><summary>A CRISE DO ESTADO NA ERA DA FINANCEIRIZA\u00c7\u00c3O DOS DADOS: UMA ABORDAGEM CR\u00cdTICA SOB A TEORIA SOCIAL DE HABERMAS APLICADA AO DIREITO NEGOCIAL<\/summary>\n<p>Marcia Hiromi Cavalcanti <\/p>\n\n\n\n<p>Data da Defesa: 31\/08\/2023<\/p>\n\n\n\n<p>Banca Examinadora: Clodomiro Jos\u00e9 Bannwart Junior (Orientador); Elve Miguel Cenci; Gilvan Luiz Hansen (Membro Externo)<\/p>\n\n\n\n<div class=\"wp-block-buttons is-layout-flex wp-container-core-buttons-is-layout-a74382ec wp-block-buttons-is-layout-flex\">\n<div class=\"wp-block-button\"><a class=\"wp-block-button__link wp-element-button\"><strong>ACESSAR<\/strong><\/a><\/div>\n<\/div>\n<\/details>\n\n\n\n<hr class=\"wp-block-separator has-alpha-channel-opacity is-style-wide\" \/>\n\n\n\n<details class=\"wp-block-details is-layout-flow wp-block-details-is-layout-flow\"><summary>A MEDIA\u00c7\u00c3O COMO INSTRUMENTO DE PROMO\u00c7\u00c3O DE CIDADES E COMUNIDADES SUSTENT\u00c1VEIS<\/summary>\n<p>Izadora Caroline Costa <\/p>\n\n\n\n<p>Data da Defesa: 31\/08\/2023<\/p>\n\n\n\n<p>Banca Examinadora: Miguel Etinger de Araujo Junior (Orientador); Tania Lobo Muniz; Cecilio Arnaldo Rivas Ayala (Membro Externo)<\/p>\n\n\n\n<div class=\"wp-block-buttons is-layout-flex wp-container-core-buttons-is-layout-a74382ec wp-block-buttons-is-layout-flex\">\n<div class=\"wp-block-button\"><a class=\"wp-block-button__link wp-element-button\"><strong>ACESSAR<\/strong><\/a><\/div>\n<\/div>\n<\/details>\n\n\n\n<hr class=\"wp-block-separator has-alpha-channel-opacity is-style-wide\" \/>\n\n\n\n<details class=\"wp-block-details is-layout-flow wp-block-details-is-layout-flow\"><summary>A FISCALIZA\u00c7\u00c3O DAS RELA\u00c7\u00d5ES NEGOCIAIS DO PODER P\u00daBLICO PELOS OBSERVAT\u00d3RIOS SOCIAIS E SEUS EFEITOS SOBRE A LIBERDADE<\/summary>\n<p>Rafael Carvalho Neves dos Santos <\/p>\n\n\n\n<p>Data da Defesa: 28\/08\/2023<\/p>\n\n\n\n<p>Banca Examinadora: Marcos Antonio Striquer Soares (Orientador); Elve Miguel Cenci; Rubens Becak (Membro Externo) <\/p>\n\n\n\n<div class=\"wp-block-buttons is-layout-flex wp-container-core-buttons-is-layout-a74382ec wp-block-buttons-is-layout-flex\">\n<div class=\"wp-block-button\"><a class=\"wp-block-button__link wp-element-button\"><strong>ACESSAR<\/strong><\/a><\/div>\n<\/div>\n<\/details>\n\n\n\n<hr class=\"wp-block-separator has-alpha-channel-opacity is-style-wide\" \/>\n\n\n\n<details class=\"wp-block-details is-layout-flow wp-block-details-is-layout-flow\"><summary>DIREITO \u00c0 REVIS\u00c3O DE DECIS\u00d5ES AUTOMATIZADAS: (IN)EFETIVIDADE DO DIREITO DO TITULAR DE DADOS PESSOAIS FRENTE AO REGIME JUR\u00cdDICO BRASILEIRO<\/summary>\n<p>Fernanda Shimomura Zuffa <\/p>\n\n\n\n<p>Data da Defesa: 08\/08\/2023<\/p>\n\n\n\n<p>Banca Examinadora: Tarcisio Teixeira (Orientador); Marcos Antonio Striquer Soares; Alvaro Augusto Camilo Mariano (Membro Externo)<\/p>\n\n\n\n<div class=\"wp-block-buttons is-layout-flex wp-container-core-buttons-is-layout-a74382ec wp-block-buttons-is-layout-flex\">\n<div class=\"wp-block-button\"><a class=\"wp-block-button__link wp-element-button\"><strong>ACESSAR<\/strong><\/a><\/div>\n<\/div>\n<\/details>\n\n\n\n<hr class=\"wp-block-separator has-alpha-channel-opacity is-style-wide\" \/>\n\n\n\n<details class=\"wp-block-details is-layout-flow wp-block-details-is-layout-flow\"><summary>SISTEMA MULTIPORTAS DE JUSTI\u00c7A: O CONSELHO NACIONAL DE JUSTI\u00c7A COMO \u00d3RG\u00c3O FORMULADOR DE POL\u00cdTICAS JUDICI\u00c1RIAS DIRECIONADAS AOS MEIOS ADEQUADOS DE RESOLU\u00c7\u00c3O DE CONFLITOS TRANSINDIVIDUAIS NO \u00c2MBITO DO C\u00d3DIGO DE PROCESSO CIVIL DE 2015<\/summary>\n<p>Flavia Osmarin Tosti Menegon <\/p>\n\n\n\n<p>Data da Defesa: 07\/08\/2023<\/p>\n\n\n\n<p>Banca Examinadora: Luiz Fernando Bellinetti (Orientador); Rozane da Rosa Cachapuz; Jos\u00e9 Miguel Garcia Medina (Membro Externo)<\/p>\n\n\n\n<div class=\"wp-block-buttons is-layout-flex wp-container-core-buttons-is-layout-a74382ec wp-block-buttons-is-layout-flex\">\n<div class=\"wp-block-button\"><a class=\"wp-block-button__link wp-element-button\"><strong>ACESSAR<\/strong><\/a><\/div>\n<\/div>\n<\/details>\n\n\n\n<hr class=\"wp-block-separator has-alpha-channel-opacity is-style-wide\" \/>\n\n\n\n<details class=\"wp-block-details is-layout-flow wp-block-details-is-layout-flow\"><summary>A (IN)COMPATIBILIDADE DOS SMART CONTRACTS \u00c0 LUZ DA TEORIA DO DIREITO NEGOCIAL<\/summary>\n<p>Pedro Alberto Alves Maciel Filho <\/p>\n\n\n\n<p>Data da Defesa: 31\/07\/2023<\/p>\n\n\n\n<p>Banca Examinadora: Tarcisio Teixeira (Orientador); Rita de C\u00e1ssia Resquetti Tarifa Espolador; Claudia Regina de Oliveira Magalh\u00e3es da Silva Loureiro (Membro Externo)<\/p>\n\n\n\n<div class=\"wp-block-buttons is-layout-flex wp-container-core-buttons-is-layout-a74382ec wp-block-buttons-is-layout-flex\">\n<div class=\"wp-block-button\"><a class=\"wp-block-button__link wp-element-button\"><strong>ACESSAR<\/strong><\/a><\/div>\n<\/div>\n<\/details>\n\n\n\n<hr class=\"wp-block-separator has-alpha-channel-opacity is-style-wide\" \/>\n\n\n\n<details class=\"wp-block-details is-layout-flow wp-block-details-is-layout-flow\"><summary>A PARTICIPA\u00c7\u00c3O COLETIVA E A REPRESENTA\u00c7\u00c3O ADEQUADA EM PROCESSOS COLETIVOS ESTRUTURAIS: MECANISMOS PARA AFERI\u00c7\u00c3O DE INTERESSES DA COLETIVIDADE OU DE GRUPOS<\/summary>\n<p>Silvio Henrique Marques Junior <\/p>\n\n\n\n<p>Data da Defesa: 31\/07\/2023<\/p>\n\n\n\n<p>Banca Examinadora: Luiz Alberto Pereira Ribeiro (Orientador); Luiz Fernando Bellinetti; Thais Aranda Barrozo (Membro Externo)<\/p>\n\n\n\n<div class=\"wp-block-buttons is-layout-flex wp-container-core-buttons-is-layout-a74382ec wp-block-buttons-is-layout-flex\">\n<div class=\"wp-block-button\"><a class=\"wp-block-button__link wp-element-button\"><strong>ACESSAR<\/strong><\/a><\/div>\n<\/div>\n<\/details>\n\n\n\n<hr class=\"wp-block-separator has-alpha-channel-opacity is-style-wide\" \/>\n\n\n\n<details class=\"wp-block-details is-layout-flow wp-block-details-is-layout-flow\"><summary>O MINIST\u00c9RIO P\u00daBLICO E O SISTEMA MULTIPORTAS: TERMO DE AJUSTAMENTO DE CONDUTA E RECOMENDA\u00c7\u00c3O ADMINISTRATIVA PARA A SOLU\u00c7\u00c3O DE CONFLITOS COLETIVOS<\/summary>\n<p>Vanessa Manganaro de Araujo Almeron <\/p>\n\n\n\n<p>Data da Defesa: 31\/07\/2023<\/p>\n\n\n\n<p>Banca Examinadora: Luiz Fernando Bellinetti (Orientador); Luiz Alberto Pereira Ribeiro; Osmar Vieira da Silva (Membro Externo) <\/p>\n\n\n\n<div class=\"wp-block-buttons is-layout-flex wp-container-core-buttons-is-layout-a74382ec wp-block-buttons-is-layout-flex\">\n<div class=\"wp-block-button\"><a class=\"wp-block-button__link wp-element-button\"><strong>ACESSAR<\/strong><\/a><\/div>\n<\/div>\n<\/details>\n\n\n\n<hr class=\"wp-block-separator has-alpha-channel-opacity is-style-wide\" \/>\n\n\n\n<details class=\"wp-block-details is-layout-flow wp-block-details-is-layout-flow\"><summary>REN\u00daNCIA DA CONCORR\u00caNCIA SUCESS\u00d3RIA DO C\u00d4NJUGE NO PACTO ANTENUPCIAL<\/summary>\n<p>Isabela Nabas Schiavon <\/p>\n\n\n\n<p>Data da Defesa: 28\/07\/2023<\/p>\n\n\n\n<p>Banca Examinadora: Daniela Braga Paiano (Orientadora); Doris Ghilardi (Membro Externo); Eduardo Tomasevicius Filho (Membro Externo)<\/p>\n\n\n\n<div class=\"wp-block-buttons is-layout-flex wp-container-core-buttons-is-layout-a74382ec wp-block-buttons-is-layout-flex\">\n<div class=\"wp-block-button\"><a class=\"wp-block-button__link wp-element-button\"><strong>ACESSAR<\/strong><\/a><\/div>\n<\/div>\n<\/details>\n\n\n\n<hr class=\"wp-block-separator has-alpha-channel-opacity is-style-wide\" \/>\n\n\n\n<details class=\"wp-block-details is-layout-flow wp-block-details-is-layout-flow\"><summary>DAS RELA\u00c7\u00d5ES FAMILIARES DE BAIXA RENDA E O ACESSO \u00c0 JUSTI\u00c7A: A VIOLA\u00c7\u00c3O DA DIGNIDADE DA PESSOA HUMANA<\/summary>\n<p>Marcelo Augusto de Silva <\/p>\n\n\n\n<p>Data da Defesa: 19\/07\/2023<\/p>\n\n\n\n<p>Banca Examinadora: Rozane da Rosa Cachapuz (Orientadora); Daniela Braga Paiano; Cleide Aparecida Gomes Rodrigues Fermentao (Membro Externo) <\/p>\n\n\n\n<div class=\"wp-block-buttons is-layout-flex wp-container-core-buttons-is-layout-a74382ec wp-block-buttons-is-layout-flex\">\n<div class=\"wp-block-button\"><a class=\"wp-block-button__link wp-element-button\"><strong>ACESSAR<\/strong><\/a><\/div>\n<\/div>\n<\/details>\n\n\n\n<hr class=\"wp-block-separator has-alpha-channel-opacity is-style-wide\" \/>\n\n\n\n<details class=\"wp-block-details is-layout-flow wp-block-details-is-layout-flow\"><summary>O SIGNIFICADO RACIONAL DA VINCULA\u00c7\u00c3O ATRIBU\u00cdDO PELO CPC\/2015: A ADER\u00caNCIA RESOLUTIVA DA TESE JUR\u00cdDICA AOS LIT\u00cdGIOS REPETITIVOS<\/summary>\n<p>Thais Depieri Yoshitani <\/p>\n\n\n\n<p>Data da Defesa: 11\/07\/2023<\/p>\n\n\n\n<p>Banca Examinadora: Luiz Alberto Pereira Ribeiro (Orientador); Thais Aranda Barrozo (Membro Externo); Paulo Henrique Guilman Tanizawa (Membro Externo)<\/p>\n\n\n\n<div class=\"wp-block-buttons is-layout-flex wp-container-core-buttons-is-layout-a74382ec wp-block-buttons-is-layout-flex\">\n<div class=\"wp-block-button\"><a class=\"wp-block-button__link wp-element-button\"><strong>ACESSAR<\/strong><\/a><\/div>\n<\/div>\n<\/details>\n\n\n\n<hr class=\"wp-block-separator has-alpha-channel-opacity is-style-wide\" \/>\n\n\n\n<details class=\"wp-block-details is-layout-flow wp-block-details-is-layout-flow\"><summary>MODULA\u00c7\u00c3O DA AUTODETERMINA\u00c7\u00c3O NOS NEG\u00d3CIOS BIOJUR\u00cdDICOS TRANSUMANISTAS<\/summary>\n<p>Beatriz Vieira Muchon Crivilim <\/p>\n\n\n\n<p>Data da Defesa: 13\/06\/2023<\/p>\n\n\n\n<p>Banca Examinadora: Rita de C\u00e1ssia Resquetti Tarifa Espolador (Orientadora); Daniela Braga Paiano; Gisele Caversan Beltrami Marcato (Membro Externo) <\/p>\n\n\n\n<div class=\"wp-block-buttons is-layout-flex wp-container-core-buttons-is-layout-a74382ec wp-block-buttons-is-layout-flex\">\n<div class=\"wp-block-button\"><a class=\"wp-block-button__link wp-element-button\"><strong>ACESSAR<\/strong><\/a><\/div>\n<\/div>\n<\/details>\n\n\n\n<hr class=\"wp-block-separator has-alpha-channel-opacity is-style-wide\" \/>\n\n\n\n<details class=\"wp-block-details is-layout-flow wp-block-details-is-layout-flow\"><summary>PROCESSO ESTRUTURAL COMO INSTRUMENTO DEMOCR\u00c1TICO DE CONCRETIZA\u00c7\u00c3O DOS DIREITOS FUNDAMENTAIS DOS TRABALHADORES NO BRASIL<\/summary>\n<p>Lillian Zucolote de Oliveira <\/p>\n\n\n\n<p>Data da Defesa: 13\/06\/2023<\/p>\n\n\n\n<p>Banca Examinadora: Luiz Alberto Pereira Ribeiro (Orientador); Thais Aranda Barrozo (Membro Externo); Paulo Henrique Guilman Tanizawa (Membro Externo)<\/p>\n\n\n\n<div class=\"wp-block-buttons is-layout-flex wp-container-core-buttons-is-layout-a74382ec wp-block-buttons-is-layout-flex\">\n<div class=\"wp-block-button\"><a class=\"wp-block-button__link wp-element-button\"><strong>ACESSAR<\/strong><\/a><\/div>\n<\/div>\n<\/details>\n\n\n\n<hr class=\"wp-block-separator has-alpha-channel-opacity is-style-wide\" \/>\n\n\n\n<details class=\"wp-block-details is-layout-flow wp-block-details-is-layout-flow\"><summary>RELA\u00c7\u00d5ES AFETIVAS E FAMILIARES CONTEMPOR\u00c2NEAS: O CONTRATO DE NAMORO COMO INSTRUMENTO DA AUTODETERMINA\u00c7\u00c3O<\/summary>\n<p>Beatriz Scherpinski Fernandes <\/p>\n\n\n\n<p>Data da Defesa: 12\/06\/2023<\/p>\n\n\n\n<p>Banca Examinadora: Daniela Braga Paiano (Orientadora); Alessandra Cristina Furlan (Membro Externo); Marilia Pedroso Xavier (Membro Externo)<\/p>\n\n\n\n<div class=\"wp-block-buttons is-layout-flex wp-container-core-buttons-is-layout-a74382ec wp-block-buttons-is-layout-flex\">\n<div class=\"wp-block-button\"><a class=\"wp-block-button__link wp-element-button\"><strong>ACESSAR<\/strong><\/a><\/div>\n<\/div>\n<\/details>\n\n\n\n<hr class=\"wp-block-separator has-alpha-channel-opacity is-style-wide\" \/>\n\n\n\n<details class=\"wp-block-details is-layout-flow wp-block-details-is-layout-flow\"><summary>O AMOR NA P\u00d3S-MODERNIDADE: CONTRATO DE NAMORO COMO INSTRUMENTO H\u00c1BIL PARA A CONCRETIZA\u00c7\u00c3O DA AUTONOMIA PRIVADA E DA AUTODETERMINA\u00c7\u00c3O<\/summary>\n<p>Franciele Barbosa Santos <\/p>\n\n\n\n<p>Data da Defesa: 06\/06\/2023<\/p>\n\n\n\n<p>Banca Examinadora: Daniela Braga Paiano (Orientadora); Rita de C\u00e1ssia Resquetti Tarifa Espolador; Fernando Moreira Freitas da Silva <\/p>\n\n\n\n<div class=\"wp-block-buttons is-layout-flex wp-container-core-buttons-is-layout-a74382ec wp-block-buttons-is-layout-flex\">\n<div class=\"wp-block-button\"><a class=\"wp-block-button__link wp-element-button\"><strong>ACESSAR<\/strong><\/a><\/div>\n<\/div>\n<\/details>\n\n\n\n<hr class=\"wp-block-separator has-alpha-channel-opacity is-style-wide\" \/>\n\n\n\n<details class=\"wp-block-details is-layout-flow wp-block-details-is-layout-flow\"><summary>AFRODI\u00c1SPORA \u00c0 ORDEM CONSTITUCIONAL BRASILEIRA DE 1988: OS DESAFIOS DO QUILOMBO JUR\u00cdDICO PARA O ETNODESENVOLVIMENTO<\/summary>\n<p>Kathleen Cristina Tie Scalassara <\/p>\n\n\n\n<p>Data da Defesa: 25\/04\/2023<\/p>\n\n\n\n<p>Banca Examinadora: Marlene Kempfer (Orientadora); Miguel Etinger de Araujo Junior; Leandro Franklin Gorsdorf (Membro Externo)<\/p>\n\n\n\n<div class=\"wp-block-buttons is-layout-flex wp-container-core-buttons-is-layout-a74382ec wp-block-buttons-is-layout-flex\">\n<div class=\"wp-block-button\"><a class=\"wp-block-button__link wp-element-button\"><strong>ACESSAR<\/strong><\/a><\/div>\n<\/div>\n<\/details>\n\n\n\n<hr class=\"wp-block-separator has-alpha-channel-opacity is-style-wide\" \/>\n\n\n\n<details class=\"wp-block-details is-layout-flow wp-block-details-is-layout-flow\"><summary>A EMPRESA SOCIALMENTE RESPONS\u00c1VEL COMO INSTRUMENTO DE REGULA\u00c7\u00c3O DAS EMPRESAS TRANSNACIONAIS<\/summary>\n<p>Julia Borges da Costa Abdalla <\/p>\n\n\n\n<p>Data da Defesa: 03\/03\/2023<\/p>\n\n\n\n<p>Banca Examinadora: Elve Miguel Cenci (Orientador); Luiz Alberto Pereira Ribeiro; Renata Capriolli Zocatelli Queiroz Passi (Membro Externo) <\/p>\n\n\n\n<div class=\"wp-block-buttons is-layout-flex wp-container-core-buttons-is-layout-a74382ec wp-block-buttons-is-layout-flex\">\n<div class=\"wp-block-button\"><a class=\"wp-block-button__link wp-element-button\"><strong>ACESSAR<\/strong><\/a><\/div>\n<\/div>\n<\/details>\n\n\n\n<hr class=\"wp-block-separator has-alpha-channel-opacity is-style-wide\" \/>\n\n\n\n<details class=\"wp-block-details is-layout-flow wp-block-details-is-layout-flow\"><summary>SOCIEDADE DA INFORMA\u00c7\u00c3O: A PROTE\u00c7\u00c3O DE DADOS POR MEIO DO COMPLIANCE<\/summary>\n<p>Natalia de Almeida Feliciano <\/p>\n\n\n\n<p>Data da Defesa: 02\/03\/2023<\/p>\n\n\n\n<p>Banca Examinadora: Clodomiro Jos\u00e9 Bannwart Junior (Orientador); Marcos Antonio Striquer Soares; Ricardo Lebbos Favoreto (Membro Externo) <\/p>\n\n\n\n<div class=\"wp-block-buttons is-layout-flex wp-container-core-buttons-is-layout-a74382ec wp-block-buttons-is-layout-flex\">\n<div class=\"wp-block-button\"><a class=\"wp-block-button__link wp-element-button\"><strong>ACESSAR<\/strong><\/a><\/div>\n<\/div>\n<\/details>\n\n\n\n<hr class=\"wp-block-separator has-alpha-channel-opacity is-style-wide\" \/>\n\n\n\n<details class=\"wp-block-details is-layout-flow wp-block-details-is-layout-flow\"><summary>INTERFACES DA GLOBALIZA\u00c7\u00c3O ECON\u00d4MICA NA SOBERANIA DECIS\u00d3RIA DO ESTADO-NA\u00c7\u00c3O<\/summary>\n<p>Rennan Herbert Mustafa <\/p>\n\n\n\n<p>Data da Defesa: 31\/01\/2023<\/p>\n\n\n\n<p>Banca Examinadora: Elve Miguel Cenci (Orientador); Gilvan Luiz Hansen (Membro Externo); Juliana Kiyosen Nakayama (Membro Externo)<\/p>\n\n\n\n<div class=\"wp-block-buttons is-layout-flex wp-container-core-buttons-is-layout-a74382ec wp-block-buttons-is-layout-flex\">\n<div class=\"wp-block-button\"><a class=\"wp-block-button__link wp-element-button\"><strong>ACESSAR<\/strong><\/a><\/div>\n<\/div>\n<\/details>\n\n\n\n<hr class=\"wp-block-separator has-alpha-channel-opacity is-style-wide\" \/>\n\n\n\n<details class=\"wp-block-details is-layout-flow wp-block-details-is-layout-flow\"><summary>\u00c9TICA DO DISCURSO E COMPLIANCE COMO CATALISADORES DE REDU\u00c7\u00c3O DE SONEGA\u00c7\u00c3O FISCAL<\/summary>\n<p>Luciana Araujo Pedrosa <\/p>\n\n\n\n<p>Data da Defesa: 20\/01\/2023<\/p>\n\n\n\n<p>Banca Examinadora: Clodomiro Jos\u00e9 Bannwart Junior (Orientador); Jo\u00e3o Luiz Martins Esteves (Membro Externo); Maria de Fatima Ribeiro (Membro Externo)<\/p>\n\n\n\n<div class=\"wp-block-buttons is-layout-flex wp-container-core-buttons-is-layout-a74382ec wp-block-buttons-is-layout-flex\">\n<div class=\"wp-block-button\"><a class=\"wp-block-button__link wp-element-button\"><strong>ACESSAR<\/strong><\/a><\/div>\n<\/div>\n<\/details>\n\n\n\n<div style=\"height:48px\" aria-hidden=\"true\" class=\"wp-block-spacer\"><\/div>\n\n\n\n<!--nextpage-->\n\n\n\n<h2 class=\"wp-block-heading\">Bancas de defesa &#8211; <strong>2022<\/strong><\/h2>\n\n\n\n<p><\/p>\n\n\n\n<details class=\"wp-block-details is-layout-flow wp-block-details-is-layout-flow\"><summary>A GLOBALIZA\u00c7\u00c3O, REGULA\u00c7\u00c3O TRANSNACIONAL E A EXTRATERRITORIALIDADE DAS NORMAS: A ATUA\u00c7\u00c3O DOS ATORES DE MERCADO<\/summary>\n<p><strong>Eduardo Bueno Rodrigues<\/strong><\/p>\n\n\n\n<p>Data da Defesa: 20\/12\/2022<\/p>\n\n\n\n<p>Banca Examinadora: Tania Lobo Muniz (Orientadora); Patricia Ayub da Costa Ligmanovski; Wagner Luiz Menezes Lino (Membro Externo)<\/p>\n\n\n\n<div class=\"wp-block-buttons is-layout-flex wp-container-core-buttons-is-layout-a74382ec wp-block-buttons-is-layout-flex\">\n<div class=\"wp-block-button\"><a class=\"wp-block-button__link wp-element-button\"><strong>ACESSAR<\/strong><\/a><\/div>\n<\/div>\n<\/details>\n\n\n\n<hr class=\"wp-block-separator has-alpha-channel-opacity is-style-wide\" \/>\n\n\n\n<details class=\"wp-block-details is-layout-flow wp-block-details-is-layout-flow\"><summary>O SISTEMA DE SOLU\u00c7\u00c3O DE CONTROV\u00c9RSIAS DA OMC: A PARALISA\u00c7\u00c3O DO \u00d3RG\u00c3O DE APELA\u00c7\u00c3O E O USO DA ARBITRAGEM<\/summary>\n<p><strong>Bruna Faria<\/strong><\/p>\n\n\n\n<p>Data da Defesa: 20\/12\/2022<\/p>\n\n\n\n<p>Banca Examinadora: Tania Lobo Muniz (Orientadora); Patricia Ayub da Costa Ligmanovski; Wagner Luiz Menezes Lino (Membro Externo)<\/p>\n\n\n\n<div class=\"wp-block-buttons is-layout-flex wp-container-core-buttons-is-layout-a74382ec wp-block-buttons-is-layout-flex\">\n<div class=\"wp-block-button\"><a class=\"wp-block-button__link wp-element-button\"><strong>ACESSAR<\/strong><\/a><\/div>\n<\/div>\n<\/details>\n\n\n\n<hr class=\"wp-block-separator has-alpha-channel-opacity is-style-wide\" \/>\n\n\n\n<details class=\"wp-block-details is-layout-flow wp-block-details-is-layout-flow\"><summary>A LIBERDADE E A INTERFER\u00caNCIA DO ESTADO NOS NEG\u00d3CIOS JUR\u00cdDICOS: UMA AN\u00c1LISE A PARTIR DAS TEORIAS LIBERAL E REPUBLICANA<\/summary>\n<p><strong>Yago Alves Bertacchini<\/strong><\/p>\n\n\n\n<p>Data da Defesa: 15\/12\/2022<\/p>\n\n\n\n<p>Banca Examinadora: Marcos Antonio Striquer Soares (Orientador); Elve Miguel Cenci; Jessica Amanda Fachin (Membro Externo)<\/p>\n\n\n\n<div class=\"wp-block-buttons is-layout-flex wp-container-core-buttons-is-layout-a74382ec wp-block-buttons-is-layout-flex\">\n<div class=\"wp-block-button\"><a class=\"wp-block-button__link wp-element-button\"><strong>ACESSAR<\/strong><\/a><\/div>\n<\/div>\n<\/details>\n\n\n\n<hr class=\"wp-block-separator has-alpha-channel-opacity is-style-wide\" \/>\n\n\n\n<details class=\"wp-block-details is-layout-flow wp-block-details-is-layout-flow\"><summary>A POL\u00cdTICA DE DESENVOLVIMENTO ECON\u00d4MICO SUSTENT\u00c1VEL NA ZONA DE AMORTECIMENTO DO PARQUE ESTADUAL MATA DOS GODOY EM LONDRINA, PARAN\u00c1, BRASIL: O PLANO DIRETOR MUNICIPAL COMO BASE PARA A\u00c7\u00d5ES CONCRETAS DE PROTE\u00c7\u00c3O AMBIENTAL<\/summary>\n<p><strong>Aline Cirilo Caldas<\/strong><\/p>\n\n\n\n<p>Data da Defesa: 13\/12\/2022<\/p>\n\n\n\n<p>Banca Examinadora: Miguel Etinger de Araujo Junior (Orientador); Elve Miguel Cenci; Ana Cl\u00e1udia Duarte Pinheiro (Membro Externo)<\/p>\n\n\n\n<div class=\"wp-block-buttons is-layout-flex wp-container-core-buttons-is-layout-a74382ec wp-block-buttons-is-layout-flex\">\n<div class=\"wp-block-button\"><a class=\"wp-block-button__link wp-element-button\"><strong>ACESSAR<\/strong><\/a><\/div>\n<\/div>\n<\/details>\n\n\n\n<hr class=\"wp-block-separator has-alpha-channel-opacity is-style-wide\" \/>\n\n\n\n<details class=\"wp-block-details is-layout-flow wp-block-details-is-layout-flow\"><summary>A PRIMAZIA PELA INDENIZA\u00c7\u00c3O N\u00c3O MONET\u00c1RIA DO DANO MORAL: UMA NECESS\u00c1RIA INTEGRA\u00c7\u00c3O MATERIAL E PROCESSUAL CIVIL<\/summary>\n<p><strong>Jo\u00e3o Pedro Gindro Braz<\/strong><\/p>\n\n\n\n<p>Data da Defesa: 05\/12\/2022<\/p>\n\n\n\n<p>Banca Examinadora: Ana Cl\u00e1udia Correa Zuin Mattos do Amaral (Orientadora); Daniela Braga Paiano; Jussara Suzi Assis Borges Nasser Ferreira (Membro Externo)<\/p>\n\n\n\n<div class=\"wp-block-buttons is-layout-flex wp-container-core-buttons-is-layout-a74382ec wp-block-buttons-is-layout-flex\">\n<div class=\"wp-block-button\"><a class=\"wp-block-button__link wp-element-button\"><strong>ACESSAR<\/strong><\/a><\/div>\n<\/div>\n<\/details>\n\n\n\n<hr class=\"wp-block-separator has-alpha-channel-opacity is-style-wide\" \/>\n\n\n\n<details class=\"wp-block-details is-layout-flow wp-block-details-is-layout-flow\"><summary>IMPACTOS DOS CONTRATOS FUTUROS DE SOJA NA FUN\u00c7\u00c3O SOCIOECON\u00d4MICA DA TERRA<\/summary>\n<p><strong>Yagho Willian Prenzler de Souza<\/strong><\/p>\n\n\n\n<p>Data da Defesa: 05\/12\/2022<\/p>\n\n\n\n<p>Banca Examinadora: Roberto Wagner Marquesi (Orientador); Rita de C\u00e1ssia Resquetti Tarifa Espolador; Rene Erick Sampar (Membro Externo)<\/p>\n\n\n\n<div class=\"wp-block-buttons is-layout-flex wp-container-core-buttons-is-layout-a74382ec wp-block-buttons-is-layout-flex\">\n<div class=\"wp-block-button\"><a class=\"wp-block-button__link wp-element-button\"><strong>ACESSAR<\/strong><\/a><\/div>\n<\/div>\n<\/details>\n\n\n\n<hr class=\"wp-block-separator has-alpha-channel-opacity is-style-wide\" \/>\n\n\n\n<details class=\"wp-block-details is-layout-flow wp-block-details-is-layout-flow\"><summary>POSSIBILIDADES DE EFETIVA\u00c7\u00c3O DO ESTATUTO DA METR\u00d3POLE &#8211; LEI N\u00ba 13.089\/2015: contribui\u00e7\u00f5es para a regi\u00e3o metropolitana de Londrina\/PR<\/summary>\n<p><strong>BARBARA VIER<\/strong><\/p>\n\n\n\n<p>Data da Defesa: 05\/12\/2022<\/p>\n\n\n\n<p>Banca Examinadora: Miguel Etinger de Araujo Junior (Orientador); Daniela Braga Paiano; Zulmar Ant\u00f4nio Fachin (Membro Externo)<\/p>\n\n\n\n<div class=\"wp-block-buttons is-layout-flex wp-container-core-buttons-is-layout-a74382ec wp-block-buttons-is-layout-flex\">\n<div class=\"wp-block-button\"><a class=\"wp-block-button__link wp-element-button\"><strong>ACESSAR<\/strong><\/a><\/div>\n<\/div>\n<\/details>\n\n\n\n<hr class=\"wp-block-separator has-alpha-channel-opacity is-style-wide\" \/>\n\n\n\n<details class=\"wp-block-details is-layout-flow wp-block-details-is-layout-flow\"><summary>A REVIS\u00c3O CONTRATUAL E O DEVER DE RENEGOCIAR COMO FORMAS DE RESTABELECER O EQUIL\u00cdBRIO DAS RELA\u00c7\u00d5ES CONTRATUAIS EM TEMPOS DE PANDEMIA DE COVID-19<\/summary>\n<p><strong>Marilia Barros Breda<\/strong><\/p>\n\n\n\n<p>Data da Defesa: 30\/11\/2022<\/p>\n\n\n\n<p>Banca Examinadora: Roberto Wagner Marquesi (Orientador); Daniela Braga Paiano; Paulo Henrique Guilmen Tanizawa (Membro Externo)<\/p>\n\n\n\n<div class=\"wp-block-buttons is-layout-flex wp-container-core-buttons-is-layout-a74382ec wp-block-buttons-is-layout-flex\">\n<div class=\"wp-block-button\"><a class=\"wp-block-button__link wp-element-button\"><strong>ACESSAR<\/strong><\/a><\/div>\n<\/div>\n<\/details>\n\n\n\n<hr class=\"wp-block-separator has-alpha-channel-opacity is-style-wide\" \/>\n\n\n\n<details class=\"wp-block-details is-layout-flow wp-block-details-is-layout-flow\"><summary>TERAPIA GEN\u00c9TICA PREDITIVA E LIBERDADE(S): APORTE CR\u00cdTICO PARA UMA RELEITURA DA DIMENS\u00c3O NEGOCIAL DA EXISTENCIALIDADE HUMANA<\/summary>\n<p><strong>Melissa Mayumi Sayama Ferrari<\/strong><\/p>\n\n\n\n<p>Data da Defesa: 30\/11\/2022<\/p>\n\n\n\n<p>Banca Examinadora: Rita de C\u00e1ssia Resquetti Tarifa Espolador (Orientadora); Ana Cl\u00e1udia Correa Zuin Mattos do Amaral; Marcos Jorge Catalan (Membro Externo)<\/p>\n\n\n\n<div class=\"wp-block-buttons is-layout-flex wp-container-core-buttons-is-layout-a74382ec wp-block-buttons-is-layout-flex\">\n<div class=\"wp-block-button\"><a class=\"wp-block-button__link wp-element-button\"><strong>ACESSAR<\/strong><\/a><\/div>\n<\/div>\n<\/details>\n\n\n\n<hr class=\"wp-block-separator has-alpha-channel-opacity is-style-wide\" \/>\n\n\n\n<details class=\"wp-block-details is-layout-flow wp-block-details-is-layout-flow\"><summary>CIDADES INTELIGENTES: IMPLEMENTA\u00c7\u00c3O, RESPONSABILIDADE E PROTE\u00c7\u00c3O DE DADOS PESSOAIS<\/summary>\n<p><strong>Vinicius Cheliga<\/strong><\/p>\n\n\n\n<p>Data da Defesa: 29\/11\/2022<\/p>\n\n\n\n<p>Banca Examinadora: Tarcisio Teixeira (Orientador); Elve Miguel Cenci; Renata Capriolli Zocatelli Queiroz Passi (Membro Externo)<\/p>\n\n\n\n<div class=\"wp-block-buttons is-layout-flex wp-container-core-buttons-is-layout-a74382ec wp-block-buttons-is-layout-flex\">\n<div class=\"wp-block-button\"><a class=\"wp-block-button__link wp-element-button\"><strong>ACESSAR<\/strong><\/a><\/div>\n<\/div>\n<\/details>\n\n\n\n<hr class=\"wp-block-separator has-alpha-channel-opacity is-style-wide\" \/>\n\n\n\n<details class=\"wp-block-details is-layout-flow wp-block-details-is-layout-flow\"><summary>INCLUS\u00c3O DO TRANSG\u00caNERO POR MEIO DA INTERVEN\u00c7\u00c3O DO ESTADO BRASILEIRO SOBRE O DOM\u00cdNIO ECON\u00d4MICO: NORMAS PROMOCIONAIS E A CERTIFICA\u00c7\u00c3O P\u00daBLICA PARA OPORTUNIDADES NO EMPREGO E NO TRABALHO<\/summary>\n<p><strong>Fabio Eduardo Biazon Abrantes<\/strong><\/p>\n\n\n\n<p>Data da Defesa: 29\/11\/2022<\/p>\n\n\n\n<p>Banca Examinadora: Marlene Kempfer (Orientadora); Miguel Etinger de Araujo Junior; Hilda Eleonora (Membro Externo)<\/p>\n\n\n\n<div class=\"wp-block-buttons is-layout-flex wp-container-core-buttons-is-layout-a74382ec wp-block-buttons-is-layout-flex\">\n<div class=\"wp-block-button\"><a class=\"wp-block-button__link wp-element-button\"><strong>ACESSAR<\/strong><\/a><\/div>\n<\/div>\n<\/details>\n\n\n\n<hr class=\"wp-block-separator has-alpha-channel-opacity is-style-wide\" \/>\n\n\n\n<details class=\"wp-block-details is-layout-flow wp-block-details-is-layout-flow\"><summary>A IMPLEMENTA\u00c7\u00c3O DOS DANOS PUNITIVOS NA LEGISLA\u00c7\u00c3O BRASILEIRA SOB A \u00d3TICA DO DIREITO ESTRANGEIRO<\/summary>\n<p><strong>Indyanara Cristina Pini<\/strong><\/p>\n\n\n\n<p>Data da Defesa: 30\/09\/2022<\/p>\n\n\n\n<p>Banca Examinadora: Daniela Braga Paiano (Orientadora); Alessandra Cristina Furlan (Membro Externo); Romualdo Baptista dos Santos (Membro Externo)<\/p>\n\n\n\n<div class=\"wp-block-buttons is-layout-flex wp-container-core-buttons-is-layout-a74382ec wp-block-buttons-is-layout-flex\">\n<div class=\"wp-block-button\"><a class=\"wp-block-button__link wp-element-button\"><strong>ACESSAR<\/strong><\/a><\/div>\n<\/div>\n<\/details>\n\n\n\n<hr class=\"wp-block-separator has-alpha-channel-opacity is-style-wide\" \/>\n\n\n\n<details class=\"wp-block-details is-layout-flow wp-block-details-is-layout-flow\"><summary>DO ACESSO \u00c0 JUSTI\u00c7A ATRAV\u00c9S DA MEDIA\u00c7\u00c3O NOS CONFLITOS FAMILIARES ENVOLVENDO A MULTIPARENTALIDADE<\/summary>\n<p><strong>M\u00e1rcia Cristina Mileski Martins<\/strong><\/p>\n\n\n\n<p>Data da Defesa: 06\/09\/2022<\/p>\n\n\n\n<p>Banca Examinadora: Rozane da Rosa Cachapuz (Orientadora); Daniela Braga Paiano; Celso Hiroshi Iocohama (Membro Externo)<\/p>\n\n\n\n<div class=\"wp-block-buttons is-layout-flex wp-container-core-buttons-is-layout-a74382ec wp-block-buttons-is-layout-flex\">\n<div class=\"wp-block-button\"><a class=\"wp-block-button__link wp-element-button\"><strong>ACESSAR<\/strong><\/a><\/div>\n<\/div>\n<\/details>\n\n\n\n<hr class=\"wp-block-separator has-alpha-channel-opacity is-style-wide\" \/>\n\n\n\n<details class=\"wp-block-details is-layout-flow wp-block-details-is-layout-flow\"><summary>AUTONOMIA PRIVADA TESTAMENT\u00c1RIA: (IM)POSSIBILIDADE DE REVIS\u00c3O DA LEG\u00cdTIMA<\/summary>\n<p><strong>Ana Luiza Mendes Mendon\u00e7a<\/strong><\/p>\n\n\n\n<p>Data da Defesa: 30\/08\/2022<\/p>\n\n\n\n<p>Banca Examinadora: Daniela Braga Paiano (Orientadora); Rita de C\u00e1ssia Resquetti Tarifa Espolador; Silas Silva Santos (Membro Externo)<\/p>\n\n\n\n<div class=\"wp-block-buttons is-layout-flex wp-container-core-buttons-is-layout-a74382ec wp-block-buttons-is-layout-flex\">\n<div class=\"wp-block-button\"><a class=\"wp-block-button__link wp-element-button\"><strong>ACESSAR<\/strong><\/a><\/div>\n<\/div>\n<\/details>\n\n\n\n<hr class=\"wp-block-separator has-alpha-channel-opacity is-style-wide\" \/>\n\n\n\n<details class=\"wp-block-details is-layout-flow wp-block-details-is-layout-flow\"><summary>O SISTEMA DE PRECEDENTES NO ORDENAMENTO JUR\u00cdDICO BRASILEIRO SOB A \u00d3TICA DO INTERESSE INDIVIDUAL HOMOG\u00caNEO<\/summary>\n<p><strong>Vinicius Medina Campos<\/strong><\/p>\n\n\n\n<p>Data da Defesa: 30\/08\/2022<\/p>\n\n\n\n<p>Banca Examinadora: Luiz Alberto Pereira Ribeiro (Orientador); Luiz Fernando Bellinetti; Paulo Henrique Guilmen Tanizawa (Membro Externo)<\/p>\n\n\n\n<div class=\"wp-block-buttons is-layout-flex wp-container-core-buttons-is-layout-a74382ec wp-block-buttons-is-layout-flex\">\n<div class=\"wp-block-button\"><a class=\"wp-block-button__link wp-element-button\"><strong>ACESSAR<\/strong><\/a><\/div>\n<\/div>\n<\/details>\n\n\n\n<hr class=\"wp-block-separator has-alpha-channel-opacity is-style-wide\" \/>\n\n\n\n<details class=\"wp-block-details is-layout-flow wp-block-details-is-layout-flow\"><summary>A MEDIA\u00c7\u00c3O COMO GEST\u00c3O DE CONFLITOS INTERPESSOAIS E ORGANIZACIONAIS EM EMPRESAS FAMILIARES<\/summary>\n<p><strong>Luciane Delalibera Bim<\/strong><\/p>\n\n\n\n<p>Data da Defesa: 22\/08\/2022<\/p>\n\n\n\n<p>Banca Examinadora: Rozane da Rosa Cachapuz (Orientadora); Luiz Fernando Bellinetti; Cleide Aparecida Gomes Rodrigues Ferment\u00e3o (Membro Externo)<\/p>\n\n\n\n<div class=\"wp-block-buttons is-layout-flex wp-container-core-buttons-is-layout-a74382ec wp-block-buttons-is-layout-flex\">\n<div class=\"wp-block-button\"><a class=\"wp-block-button__link wp-element-button\"><strong>ACESSAR<\/strong><\/a><\/div>\n<\/div>\n<\/details>\n\n\n\n<hr class=\"wp-block-separator has-alpha-channel-opacity is-style-wide\" \/>\n\n\n\n<details class=\"wp-block-details is-layout-flow wp-block-details-is-layout-flow\"><summary>O EMBRI\u00c3O COMO CATEGORIA ARISTOT\u00c9LICO-TOMISTA: Especula\u00e7\u00e3o jusfilos\u00f3fica sobre sua posi\u00e7\u00e3o nas rela\u00e7\u00f5es jur\u00eddicas<\/summary>\n<p><strong>Marcelo Pichioli da Silveira<\/strong><\/p>\n\n\n\n<p>Data da Defesa: 03\/08\/2022<\/p>\n\n\n\n<p>Banca Examinadora: Rita de C\u00e1ssia Resquetti Tarifa Espolador (Orientadora); Daniela Braga Paiano; Venceslau Tavares Costa FIlho (Membro Externo)<\/p>\n\n\n\n<div class=\"wp-block-buttons is-layout-flex wp-container-core-buttons-is-layout-a74382ec wp-block-buttons-is-layout-flex\">\n<div class=\"wp-block-button\"><a class=\"wp-block-button__link wp-element-button\"><strong>ACESSAR<\/strong><\/a><\/div>\n<\/div>\n<\/details>\n\n\n\n<hr class=\"wp-block-separator has-alpha-channel-opacity is-style-wide\" \/>\n\n\n\n<details class=\"wp-block-details is-layout-flow wp-block-details-is-layout-flow\"><summary>DO DIREITO \u00c0 CIDADE E \u00c0 METR\u00d3POLE COMPATIBILIZA\u00c7\u00c3O JUR\u00cdDICA ENTRE PLANOS DIRETORES E PLANOS DE DESENVOLVIMENTO URBANO INTEGRADO<\/summary>\n<p><strong>Rodolfo Vassoler da Silva<\/strong><\/p>\n\n\n\n<p>Data da Defesa: 28\/07\/2022<\/p>\n\n\n\n<p>Banca Examinadora: Miguel Etinger de Araujo Junior (Orientador); Elve Miguel Cenci; Mariana Mencio (Membro Externo) <\/p>\n\n\n\n<div class=\"wp-block-buttons is-layout-flex wp-container-core-buttons-is-layout-a74382ec wp-block-buttons-is-layout-flex\">\n<div class=\"wp-block-button\"><a class=\"wp-block-button__link wp-element-button\"><strong>ACESSAR<\/strong><\/a><\/div>\n<\/div>\n<\/details>\n\n\n\n<hr class=\"wp-block-separator has-alpha-channel-opacity is-style-wide\" \/>\n\n\n\n<details class=\"wp-block-details is-layout-flow wp-block-details-is-layout-flow\"><summary>PACTO ANTENUPCIAL E SEUS LIMITES: (IM)POSSIBILIDADE DE INSTITUI\u00c7\u00c3O DE CL\u00c1USULA PENAL E PREFIXA\u00c7\u00c3O DE DANOS POR VIOLA\u00c7\u00c3O DE SUAS DISPOSI\u00c7\u00d5ES<\/summary>\n<p><strong>Adenir Theodoro Junior<\/strong><\/p>\n\n\n\n<p>Data da Defesa: 28\/07\/2022<\/p>\n\n\n\n<p>Banca Examinadora: Daniela Braga Paiano (Orientadora); Rita de C\u00e1ssia Resquetti Tarifa Espolador; Gilberto Not\u00e1rio Ligero (Membro Externo) <\/p>\n\n\n\n<div class=\"wp-block-buttons is-layout-flex wp-container-core-buttons-is-layout-a74382ec wp-block-buttons-is-layout-flex\">\n<div class=\"wp-block-button\"><a class=\"wp-block-button__link wp-element-button\"><strong>ACESSAR<\/strong><\/a><\/div>\n<\/div>\n<\/details>\n\n\n\n<hr class=\"wp-block-separator has-alpha-channel-opacity is-style-wide\" \/>\n\n\n\n<details class=\"wp-block-details is-layout-flow wp-block-details-is-layout-flow\"><summary>DE RIDICULIS: HUMOR E RESPONSABILIDADE CIVIL NA P\u00d3S-MODERNIDADE<\/summary>\n<p><strong>Adriel Borges Simoni<\/strong><\/p>\n\n\n\n<p>Data da Defesa: 20\/07\/2022<\/p>\n\n\n\n<p>Banca Examinadora: Ana Cl\u00e1udia Correa Zuin Mattos do Amaral (Orientadora); Rita de C\u00e1ssia Resquetti Tarifa Espolador; Jussara Suzi Assis Borges Nasser Ferreira (Membro Externo)<\/p>\n\n\n\n<div class=\"wp-block-buttons is-layout-flex wp-container-core-buttons-is-layout-a74382ec wp-block-buttons-is-layout-flex\">\n<div class=\"wp-block-button\"><a class=\"wp-block-button__link wp-element-button\"><strong>ACESSAR<\/strong><\/a><\/div>\n<\/div>\n<\/details>\n\n\n\n<hr class=\"wp-block-separator has-alpha-channel-opacity is-style-wide\" \/>\n\n\n\n<details class=\"wp-block-details is-layout-flow wp-block-details-is-layout-flow\"><summary>CONTRATOS BIOJUR\u00cdDICOS: O PRINC\u00cdPIO DA RELATIVIDADE E A EXPANS\u00c3O DOS EFEITOS INTERNOS<\/summary>\n<p><strong>Fernando Ono Martins<\/strong><\/p>\n\n\n\n<p>Data da Defesa: 12\/07\/2022<\/p>\n\n\n\n<p>Banca Examinadora: Rita de C\u00e1ssia Resquetti Tarifa Espolador (Orientadora); Ana Cl\u00e1udia Correa Zuin Mattos do Amaral; Alberto Paulo Neto (Membro Externo)<\/p>\n\n\n\n<div class=\"wp-block-buttons is-layout-flex wp-container-core-buttons-is-layout-a74382ec wp-block-buttons-is-layout-flex\">\n<div class=\"wp-block-button\"><a class=\"wp-block-button__link wp-element-button\"><strong>ACESSAR<\/strong><\/a><\/div>\n<\/div>\n<\/details>\n\n\n\n<hr class=\"wp-block-separator has-alpha-channel-opacity is-style-wide\" \/>\n\n\n\n<details class=\"wp-block-details is-layout-flow wp-block-details-is-layout-flow\"><summary>IMPROBIDADE ADMINISTRATIVA: O ACORDO DE N\u00c3O PERSECU\u00c7\u00c3O C\u00cdVEL E A TUTELA DOS DIREITOS INDISPON\u00cdVEIS PELO MINIST\u00c9RIO P\u00daBLICO<\/summary>\n<p><strong>Ricardo Benvenhu<\/strong><\/p>\n\n\n\n<p>Data da Defesa: 07\/07\/2022<\/p>\n\n\n\n<p>Banca Examinadora: Luiz Fernando Bellinetti (Orientador); Elve Miguel Cenci; Eduardo Augusto Salom\u00e3o Cambi (Membro Externo)<\/p>\n\n\n\n<div class=\"wp-block-buttons is-layout-flex wp-container-core-buttons-is-layout-a74382ec wp-block-buttons-is-layout-flex\">\n<div class=\"wp-block-button\"><a class=\"wp-block-button__link wp-element-button\"><strong>ACESSAR<\/strong><\/a><\/div>\n<\/div>\n<\/details>\n\n\n\n<hr class=\"wp-block-separator has-alpha-channel-opacity is-style-wide\" \/>\n\n\n\n<details class=\"wp-block-details is-layout-flow wp-block-details-is-layout-flow\"><summary>DO ADIMPLEMENTO SUBSTANCIAL NA ALIENA\u00c7\u00c3O FIDUCI\u00c1RIA: UMA AN\u00c1LISE ACERCA DOS PRINC\u00cdPIOS CONTRATUAIS CONTEMPOR\u00c2NEOS<\/summary>\n<p><strong>Valdeci Eleut\u00e9rio<\/strong><\/p>\n\n\n\n<p>Data da Defesa: 28\/06\/2022<\/p>\n\n\n\n<p>Banca Examinadora: Roberto Wagner Marquesi (Orientador); Rita de C\u00e1ssia Resquetti Tarifa Espolador; Adauto de Almeida Tomaszewski (Membro Externo)<\/p>\n\n\n\n<div class=\"wp-block-buttons is-layout-flex wp-container-core-buttons-is-layout-a74382ec wp-block-buttons-is-layout-flex\">\n<div class=\"wp-block-button\"><a class=\"wp-block-button__link wp-element-button\"><strong>ACESSAR<\/strong><\/a><\/div>\n<\/div>\n<\/details>\n\n\n\n<hr class=\"wp-block-separator has-alpha-channel-opacity is-style-wide\" \/>\n\n\n\n<details class=\"wp-block-details is-layout-flow wp-block-details-is-layout-flow\"><summary>A RELEV\u00c2NCIA DO ATIVO REPUTACIONAL NO COM\u00c9RCIO INTERNACIONAL DE COMMODITIES AGR\u00cdCOLAS<\/summary>\n<p><strong>Francisco Luis Hipolito Galli<\/strong><\/p>\n\n\n\n<p>Data da Defesa: 06\/06\/2022<\/p>\n\n\n\n<p>Banca Examinadora: Tania Lobo Muniz (Orientadora); Patricia Ayub da Costa Ligmanovski (Membro Externo); Lourival Jos\u00e9 de Oliveira (Membro Externo)<\/p>\n\n\n\n<div class=\"wp-block-buttons is-layout-flex wp-container-core-buttons-is-layout-a74382ec wp-block-buttons-is-layout-flex\">\n<div class=\"wp-block-button\"><a class=\"wp-block-button__link wp-element-button\"><strong>ACESSAR<\/strong><\/a><\/div>\n<\/div>\n<\/details>\n\n\n\n<hr class=\"wp-block-separator has-alpha-channel-opacity is-style-wide\" \/>\n\n\n\n<details class=\"wp-block-details is-layout-flow wp-block-details-is-layout-flow\"><summary>OS LIMITES DA LIBERDADE DE TESTAR: LIMITA\u00c7\u00c3O DA LIBERDADE DE TESTAR X DIREITO DE HERAN\u00c7A<\/summary>\n<p><strong>Nathaly Giunta Borges<\/strong><\/p>\n\n\n\n<p>Data da Defesa: 02\/05\/2022<\/p>\n\n\n\n<p>Banca Examinadora: Marcos Antonio Striquer Soares (Orientador); Daniela Braga Paiano; Val\u00e9ria Silva Galdino Cardin (Membro Externo)<\/p>\n\n\n\n<div class=\"wp-block-buttons is-layout-flex wp-container-core-buttons-is-layout-a74382ec wp-block-buttons-is-layout-flex\">\n<div class=\"wp-block-button\"><a class=\"wp-block-button__link wp-element-button\"><strong>ACESSAR<\/strong><\/a><\/div>\n<\/div>\n<\/details>\n\n\n\n<hr class=\"wp-block-separator has-alpha-channel-opacity is-style-wide\" \/>\n\n\n\n<details class=\"wp-block-details is-layout-flow wp-block-details-is-layout-flow\"><summary>LIMITA\u00c7\u00d5ES AOS NEG\u00d3CIOS JUR\u00cdDICOS CELEBRADOS COM RECURSOS P\u00daBLICOS ELEITORAIS: UM RESGATE TELEOL\u00d3GICO DA ATUA\u00c7\u00c3O PARTID\u00c1RIA \u00c0 LUZ DAS DOUTRINAS LIBERAL E REPUBLICANA<\/summary>\n<p><strong>Tatiana Kolly Wasilewski Rodrigues<\/strong><\/p>\n\n\n\n<p>Data da Defesa: 28\/03\/2022<\/p>\n\n\n\n<p>Banca Examinadora: Marcos Antonio Striquer Soares (Orientador); Clodomiro Jos\u00e9 Bannwart Junior; Zulmar Antonio Fachin (Membro Externo)<\/p>\n\n\n\n<div class=\"wp-block-buttons is-layout-flex wp-container-core-buttons-is-layout-a74382ec wp-block-buttons-is-layout-flex\">\n<div class=\"wp-block-button\"><a class=\"wp-block-button__link wp-element-button\"><strong>ACESSAR<\/strong><\/a><\/div>\n<\/div>\n<\/details>\n\n\n\n<hr class=\"wp-block-separator has-alpha-channel-opacity is-style-wide\" \/>\n\n\n\n<details class=\"wp-block-details is-layout-flow wp-block-details-is-layout-flow\"><summary>MEDIA\u00c7\u00c3O DE CONFLITOS COLETIVOS SOB A \u00d3TICA DO ACESSO \u00c0 JUSTI\u00c7A<\/summary>\n<p><strong>Rafaela Almeida Noble<\/strong><\/p>\n\n\n\n<p>Data da Defesa: 22\/03\/2022<\/p>\n\n\n\n<p>Banca Examinadora: Luiz Fernando Bellinetti (Orientador); Elve Miguel Cenci; Rozane da Rosa Cachapuz; Osmar Vieira da Silva (Membro Externo)<\/p>\n\n\n\n<div class=\"wp-block-buttons is-layout-flex wp-container-core-buttons-is-layout-a74382ec wp-block-buttons-is-layout-flex\">\n<div class=\"wp-block-button\"><a class=\"wp-block-button__link wp-element-button\"><strong>ACESSAR<\/strong><\/a><\/div>\n<\/div>\n<\/details>\n\n\n\n<hr class=\"wp-block-separator has-alpha-channel-opacity is-style-wide\" \/>\n\n\n\n<details class=\"wp-block-details is-layout-flow wp-block-details-is-layout-flow\"><summary>A SOBERANIA COMPARTILHADA DE LUIGI FERRAJOLI COMO SOLU\u00c7\u00c3O PARA A CRISE DO ESTADO NACIONAL<\/summary>\n<p><strong>Larissa Leandro Lara<\/strong><\/p>\n\n\n\n<p>Data da Defesa: 17\/03\/2022<\/p>\n\n\n\n<p>Banca Examinadora: Elve Miguel Cenci (Orientador); Tania Lobo Muniz; Luiz Geraldo do Carmo Gomes (Membro Externo) <\/p>\n\n\n\n<div class=\"wp-block-buttons is-layout-flex wp-container-core-buttons-is-layout-a74382ec wp-block-buttons-is-layout-flex\">\n<div class=\"wp-block-button\"><a class=\"wp-block-button__link wp-element-button\"><strong>ACESSAR<\/strong><\/a><\/div>\n<\/div>\n<\/details>\n\n\n\n<hr class=\"wp-block-separator has-alpha-channel-opacity is-style-wide\" \/>\n\n\n\n<details class=\"wp-block-details is-layout-flow wp-block-details-is-layout-flow\"><summary>ORDEM JUR\u00cdDICO-ECON\u00d4MICA CONSTITUCIONAL BRASILEIRA (1988) E PROJETO DE LEI 6.606\/2019: POL\u00cdTICAS P\u00daBLICAS, SISTEMA NACIONAL E PILARES DE UM REGIME JUR\u00cdDICO PARA A ECONOMIA SOLID\u00c1RIA<\/summary>\n<p><strong>Vitor Gabriel Garnica<\/strong><\/p>\n\n\n\n<p>Data da Defesa: 25\/02\/2022<\/p>\n\n\n\n<p>Banca Examinadora: Marlene Kempfer (Orientadora); Elve Miguel Cenci; Luis Miguel Luzio dos Santos (Membro Externo)<\/p>\n\n\n\n<div class=\"wp-block-buttons is-layout-flex wp-container-core-buttons-is-layout-a74382ec wp-block-buttons-is-layout-flex\">\n<div class=\"wp-block-button\"><a class=\"wp-block-button__link wp-element-button\"><strong>ACESSAR<\/strong><\/a><\/div>\n<\/div>\n<\/details>\n\n\n\n<hr class=\"wp-block-separator has-alpha-channel-opacity is-style-wide\" \/>\n\n\n\n<details class=\"wp-block-details is-layout-flow wp-block-details-is-layout-flow\"><summary>DA RECONSTRU\u00c7\u00c3O NORMATIVA DA BOA-F\u00c9: POR UMA BOA-F\u00c9 INTERSUBJETIVA COM BASE NA TEORIA DE AXEL HONNETH<\/summary>\n<p><strong>Arthur Lustosa Strozzi<\/strong><\/p>\n\n\n\n<p>Data da Defesa: 31\/01\/2022<\/p>\n\n\n\n<p>Banca Examinadora: Clodomiro Jos\u00e9 Bannwart Junior (Orientador); Elve Miguel Cenci; Ricardo Lebbos Favoreto (Membro Externo)<\/p>\n\n\n\n<div class=\"wp-block-buttons is-layout-flex wp-container-core-buttons-is-layout-a74382ec wp-block-buttons-is-layout-flex\">\n<div class=\"wp-block-button\"><a class=\"wp-block-button__link wp-element-button\"><strong>ACESSAR<\/strong><\/a><\/div>\n<\/div>\n<\/details>\n\n\n\n<hr class=\"wp-block-separator has-alpha-channel-opacity is-style-wide\" \/>\n\n\n\n<details class=\"wp-block-details is-layout-flow wp-block-details-is-layout-flow\"><summary>EM BUSCA DO T\u00c9LOS PERDIDO: O REPENSAR DA RESPONSABILIDADE CIVIL PELO VI\u00c9S DA MULTIFUNCIONALIZA\u00c7\u00c3O<\/summary>\n<p><strong>Izabella Affonso Costa<\/strong><\/p>\n\n\n\n<p>Data da Defesa: 31\/01\/2022<\/p>\n\n\n\n<p>Banca Examinadora: Ana Cl\u00e1udia Correa Zuin Mattos do Amaral (Orientadora); Daniela Braga Paiano; Jussara Suzi Assis Borges Nasser Ferreira (Membro Externo)<\/p>\n\n\n\n<div class=\"wp-block-buttons is-layout-flex wp-container-core-buttons-is-layout-a74382ec wp-block-buttons-is-layout-flex\">\n<div class=\"wp-block-button\"><a class=\"wp-block-button__link wp-element-button\"><strong>ACESSAR<\/strong><\/a><\/div>\n<\/div>\n<\/details>\n\n\n\n<hr class=\"wp-block-separator has-alpha-channel-opacity is-style-wide\" \/>\n\n\n\n<details class=\"wp-block-details is-layout-flow wp-block-details-is-layout-flow\"><summary>T\u00c9CNICAS PROCESSUAIS DE JULGAMENTO DE CASOS REPETITIVOS E A TUTELA DOS INTERESSES INDIVIDUAIS HOMOG\u00caNEOS<\/summary>\n<p><strong>Vinicius Vilela dos Santos<\/strong><\/p>\n\n\n\n<p>Data da Defesa: 24\/01\/2022<\/p>\n\n\n\n<p>Banca Examinadora: Luiz Fernando Bellinetti (Orientador); Luiz Alberto Pereira Ribeiro; Gilberto Notario Ligero (Membro Externo)<\/p>\n\n\n\n<div class=\"wp-block-buttons is-layout-flex wp-container-core-buttons-is-layout-a74382ec wp-block-buttons-is-layout-flex\">\n<div class=\"wp-block-button\"><a class=\"wp-block-button__link wp-element-button\"><strong>ACESSAR<\/strong><\/a><\/div>\n<\/div>\n<\/details>\n\n\n\n<hr class=\"wp-block-separator has-alpha-channel-opacity is-style-wide\" \/>\n\n\n\n<details class=\"wp-block-details is-layout-flow wp-block-details-is-layout-flow\"><summary>GLOBALIZA\u00c7\u00c3O E CORRUP\u00c7\u00c3O: A CORRELA\u00c7\u00c3O ENTRE O COMPLIANCE CRIMINAL E A COOPERA\u00c7\u00c3O INTERNACIONAL<\/summary>\n<p><strong>Claudia da Rocha<\/strong><\/p>\n\n\n\n<p>Data da Defesa: 22\/01\/2022<\/p>\n\n\n\n<p>Banca Examinadora: Elve Miguel Cenci (Orientador); Clodomiro Jos\u00e9 Bannwart Junior; Luciano Anderson de Souza (Membro Externo)<\/p>\n\n\n\n<div class=\"wp-block-buttons is-layout-flex wp-container-core-buttons-is-layout-a74382ec wp-block-buttons-is-layout-flex\">\n<div class=\"wp-block-button\"><a class=\"wp-block-button__link wp-element-button\"><strong>ACESSAR<\/strong><\/a><\/div>\n<\/div>\n<\/details>\n\n\n\n<div style=\"height:47px\" aria-hidden=\"true\" class=\"wp-block-spacer\"><\/div>\n\n\n\n<!--nextpage-->\n\n\n\n<h2 class=\"wp-block-heading\">Bancas de defesa &#8211; <strong>2021<\/strong><\/h2>\n\n\n\n<hr class=\"wp-block-separator has-alpha-channel-opacity is-style-wide\" \/>\n\n\n\n<details class=\"wp-block-details is-layout-flow wp-block-details-is-layout-flow\"><summary>A PROTE\u00c7\u00c3O DOS DADOS EMPRESARIAIS: A (IN)APLICABILIDADE DA LEI N\u00ba 13.709\/2018 AOS TIPOS EMPRESARIAIS<\/summary>\n<p>Andr\u00e9 Pedroso Kasemirski <\/p>\n\n\n\n<p>Data da Defesa: 07\/12\/2021<\/p>\n\n\n\n<p>Banca Examinadora: Tarcisio Teixeira (Orientador); Rita de C\u00e1ssia Resquetti Tarifa Espolador; Mariana Gon\u00e7alves Robertson Pinto (Membro Externo)<\/p>\n\n\n\n<div class=\"wp-block-buttons is-layout-flex wp-container-core-buttons-is-layout-a74382ec wp-block-buttons-is-layout-flex\">\n<div class=\"wp-block-button\"><a class=\"wp-block-button__link wp-element-button\"><strong>ACESSAR<\/strong><\/a><\/div>\n<\/div>\n<\/details>\n\n\n\n<hr class=\"wp-block-separator has-alpha-channel-opacity is-style-wide\" \/>\n\n\n\n<details class=\"wp-block-details is-layout-flow wp-block-details-is-layout-flow\"><summary>MEDIA\u00c7\u00c3O NO AMBIENTE UNIVERSIT\u00c1RIO: POSSIBILIDADES DE IMPLANTA\u00c7\u00c3O NA UNIVERSIDADE ESTADUAL DE LONDRINA<\/summary>\n<p>Kelli Cris Vacari Conchon <\/p>\n\n\n\n<p>Data da Defesa: 07\/12\/2021<\/p>\n\n\n\n<p>Banca Examinadora: Tania Lobo Muniz (Orientadora); Silvia Regina Tacla (Membro Externo); Fabiana Marion Spengler (Membro Externo)<\/p>\n\n\n\n<div class=\"wp-block-buttons is-layout-flex wp-container-core-buttons-is-layout-a74382ec wp-block-buttons-is-layout-flex\">\n<div class=\"wp-block-button\"><a class=\"wp-block-button__link wp-element-button\"><strong>ACESSAR<\/strong><\/a><\/div>\n<\/div>\n<\/details>\n\n\n\n<hr class=\"wp-block-separator has-alpha-channel-opacity is-style-wide\" \/>\n\n\n\n<details class=\"wp-block-details is-layout-flow wp-block-details-is-layout-flow\"><summary>INSTITUTOS JUR\u00cdDICOS PROCEDIMENTAIS DO NOVO C\u00d3DIGO DE PROCESSO CIVIL BRASILEIRO APLIC\u00c1VEIS \u00c0 TUTELA DOS DIREITOS E INTERESSES COLETIVOS<\/summary>\n<p>Artur Cesar de Souza <\/p>\n\n\n\n<p>Data da Defesa: 30\/11\/2021<\/p>\n\n\n\n<p>Banca Examinadora: Luiz Fernando Bellinetti (Orientador); Luiz Alberto Pereira Ribeiro; Rog\u00e9rio Mollica (Membro Externo)<\/p>\n\n\n\n<div class=\"wp-block-buttons is-layout-flex wp-container-core-buttons-is-layout-a74382ec wp-block-buttons-is-layout-flex\">\n<div class=\"wp-block-button\"><a class=\"wp-block-button__link wp-element-button\"><strong>ACESSAR<\/strong><\/a><\/div>\n<\/div>\n<\/details>\n\n\n\n<hr class=\"wp-block-separator has-alpha-channel-opacity is-style-wide\" \/>\n\n\n\n<details class=\"wp-block-details is-layout-flow wp-block-details-is-layout-flow\"><summary>UMA RELEITURA DA POL\u00cdTICA DE DESENVOLVIMENTO URBANO PELO USO JUDICIAL DA GEST\u00c3O DEMOCR\u00c1TICA DA CIDADE<\/summary>\n<p>Rodolfo Carvalho Neves dos Santos <\/p>\n\n\n\n<p>Data da Defesa: 30\/11\/2021<\/p>\n\n\n\n<p>Banca Examinadora: Miguel Etinger de Araujo Junior (Orientador); Clodomiro Jos\u00e9 Bannwart Junior; Thiago de Azevedo Pinheiro Hoshino (Membro Externo)<\/p>\n\n\n\n<div class=\"wp-block-buttons is-layout-flex wp-container-core-buttons-is-layout-a74382ec wp-block-buttons-is-layout-flex\">\n<div class=\"wp-block-button\"><a class=\"wp-block-button__link wp-element-button\"><strong>ACESSAR<\/strong><\/a><\/div>\n<\/div>\n<\/details>\n\n\n\n<hr class=\"wp-block-separator has-alpha-channel-opacity is-style-wide\" \/>\n\n\n\n<details class=\"wp-block-details is-layout-flow wp-block-details-is-layout-flow\"><summary>A CONSTRU\u00c7\u00c3O DO COMPLIANCE AMBIENTAL NO BRASIL POR UM VI\u00c9S \u00c9TICO<\/summary>\n<p>Francielly Podanoschi de Castro <\/p>\n\n\n\n<p>Data da Defesa: 25\/11\/2021<\/p>\n\n\n\n<p>Banca Examinadora: Clodomiro Jos\u00e9 Bannwart Junior (Orientador); Elve Miguel Cenci; Antonio Lorenzoni Neto (Membro Externo)<\/p>\n\n\n\n<div class=\"wp-block-buttons is-layout-flex wp-container-core-buttons-is-layout-a74382ec wp-block-buttons-is-layout-flex\">\n<div class=\"wp-block-button\"><a class=\"wp-block-button__link wp-element-button\"><strong>ACESSAR<\/strong><\/a><\/div>\n<\/div>\n<\/details>\n\n\n\n<hr class=\"wp-block-separator has-alpha-channel-opacity is-style-wide\" \/>\n\n\n\n<details class=\"wp-block-details is-layout-flow wp-block-details-is-layout-flow\"><summary>SEGURAN\u00c7A E SOBERANIA ALIMENTAR: INTERFACES ENTRE A PRODU\u00c7\u00c3O AGR\u00cdCOLA E A JUSTI\u00c7A AMBIENTAL NO MUNDO GLOBALIZADO<\/summary>\n<p>Ariella Kely Besing Motter <\/p>\n\n\n\n<p>Data da Defesa: 23\/11\/2021<\/p>\n\n\n\n<p>Banca Examinadora: Miguel Etinger de Araujo Junior (Orientador); Elve Miguel Cenci; Solange Teles da Silva (Membro Externo)<\/p>\n\n\n\n<div class=\"wp-block-buttons is-layout-flex wp-container-core-buttons-is-layout-a74382ec wp-block-buttons-is-layout-flex\">\n<div class=\"wp-block-button\"><a class=\"wp-block-button__link wp-element-button\"><strong>ACESSAR<\/strong><\/a><\/div>\n<\/div>\n<\/details>\n\n\n\n<hr class=\"wp-block-separator has-alpha-channel-opacity is-style-wide\" \/>\n\n\n\n<details class=\"wp-block-details is-layout-flow wp-block-details-is-layout-flow\"><summary>MEDIA\u00c7\u00c3O SUCESS\u00d3RIA: LIMITES E POSSIBILIDADES<\/summary>\n<p>Mariane Silva Oliveira <\/p>\n\n\n\n<p>Data da Defesa: 22\/11\/2021<\/p>\n\n\n\n<p>Banca Examinadora: Rozane da Rosa Cachapuz (Orientadora); Daniela Braga Paiano; Silas Silva Santos (Membro Externo)<\/p>\n\n\n\n<div class=\"wp-block-buttons is-layout-flex wp-container-core-buttons-is-layout-a74382ec wp-block-buttons-is-layout-flex\">\n<div class=\"wp-block-button\"><a class=\"wp-block-button__link wp-element-button\"><strong>ACESSAR<\/strong><\/a><\/div>\n<\/div>\n<\/details>\n\n\n\n<hr class=\"wp-block-separator has-alpha-channel-opacity is-style-wide\" \/>\n\n\n\n<details class=\"wp-block-details is-layout-flow wp-block-details-is-layout-flow\"><summary>A TRANSI\u00c7\u00c3O AGROECOL\u00d3GICA E A EXPLORA\u00c7\u00c3O ENERG\u00c9TICA PELO FRACKING: ASPECTOS LEGAIS, SOCIOECON\u00d4MICOS E AMBIENTAIS<\/summary>\n<p>Leticia Rodrigues e Silva <\/p>\n\n\n\n<p>Data da Defesa: 19\/11\/2021<\/p>\n\n\n\n<p>Banca Examinadora: Miguel Etinger de Araujo Junior (Orientador); Ana Claudia Duarte Pinheiro (Membro Externo); Celso Maran de Oliveira (Membro Externo)<\/p>\n\n\n\n<div class=\"wp-block-buttons is-layout-flex wp-container-core-buttons-is-layout-a74382ec wp-block-buttons-is-layout-flex\">\n<div class=\"wp-block-button\"><a class=\"wp-block-button__link wp-element-button\"><strong>ACESSAR<\/strong><\/a><\/div>\n<\/div>\n<\/details>\n\n\n\n<hr class=\"wp-block-separator has-alpha-channel-opacity is-style-wide\" \/>\n\n\n\n<details class=\"wp-block-details is-layout-flow wp-block-details-is-layout-flow\"><summary>FINANCIAMENTO ELEITORAL COMO NEG\u00d3CIO JUR\u00cdDICO QUALIFICADO: A INSER\u00c7\u00c3O POL\u00cdTICA DE EMPRESAS \u00c9TICAS E SOCIALMENTE RESPONS\u00c1VEIS<\/summary>\n<p>Patr\u00edcia Gasparro Sevilha Greco <\/p>\n\n\n\n<p>Data da Defesa: 11\/11\/2021<\/p>\n\n\n\n<p>Banca Examinadora: Clodomiro Jos\u00e9 Bannwart Junior (Orientador); Elve Miguel Cenci; Gilvan Luiz Hansen (Membro Externo); Ricardo Lebbos Favoreto (Membro Externo)<\/p>\n\n\n\n<div class=\"wp-block-buttons is-layout-flex wp-container-core-buttons-is-layout-a74382ec wp-block-buttons-is-layout-flex\">\n<div class=\"wp-block-button\"><a class=\"wp-block-button__link wp-element-button\"><strong>ACESSAR<\/strong><\/a><\/div>\n<\/div>\n<\/details>\n\n\n\n<hr class=\"wp-block-separator has-alpha-channel-opacity is-style-wide\" \/>\n\n\n\n<details class=\"wp-block-details is-layout-flow wp-block-details-is-layout-flow\"><summary>ACESSO \u00c0 JUSTI\u00c7A DO TRABALHO: POSSIBILIDADES PARA A EFETIVA\u00c7\u00c3O DOS INTERESSES TRABALHISTAS DIANTE DAS RESTRI\u00c7\u00d5ES AO ACESSO \u00c0 JUSTI\u00c7A<\/summary>\n<p>Amanda Machado Sorgi <\/p>\n\n\n\n<p>Data da Defesa: 26\/10\/2021<\/p>\n\n\n\n<p>Banca Examinadora: Luiz Fernando Bellinetti (Orientador); Luiz Alberto Pereira Ribeiro; Lourival Jos\u00e9 de Oliveira (Membro Externo)<\/p>\n\n\n\n<div class=\"wp-block-buttons is-layout-flex wp-container-core-buttons-is-layout-a74382ec wp-block-buttons-is-layout-flex\">\n<div class=\"wp-block-button\"><a class=\"wp-block-button__link wp-element-button\"><strong>ACESSAR<\/strong><\/a><\/div>\n<\/div>\n<\/details>\n\n\n\n<hr class=\"wp-block-separator has-alpha-channel-opacity is-style-wide\" \/>\n\n\n\n<details class=\"wp-block-details is-layout-flow wp-block-details-is-layout-flow\"><summary>ACESSO \u00c0 JUSTI\u00c7A POR MEIO DA MEDIA\u00c7\u00c3O EXTRAJUDICIAL FAMILIAR: APLICA\u00c7\u00c3O EM N\u00daCLEOS DE PR\u00c1TICA JUR\u00cdDICA<\/summary>\n<p>Ana Paula Nacke Paulino <\/p>\n\n\n\n<p>Data da Defesa: 26\/10\/2021<\/p>\n\n\n\n<p>Banca Examinadora: Rozane da Rosa Cachapuz (Orientadora); Luiz Fernando Bellinetti; Cleide Aparecida Gomes Rodrigues Ferment\u00e3o (Membro Externo)<\/p>\n\n\n\n<div class=\"wp-block-buttons is-layout-flex wp-container-core-buttons-is-layout-a74382ec wp-block-buttons-is-layout-flex\">\n<div class=\"wp-block-button\"><a class=\"wp-block-button__link wp-element-button\"><strong>ACESSAR<\/strong><\/a><\/div>\n<\/div>\n<\/details>\n\n\n\n<hr class=\"wp-block-separator has-alpha-channel-opacity is-style-wide\" \/>\n\n\n\n<details class=\"wp-block-details is-layout-flow wp-block-details-is-layout-flow\"><summary>PLENITUDE DA EXIST\u00caNCIA E A PROTE\u00c7\u00c3O DA INTEGRALIDADE DA PESSOA PELO DIREITO NEGOCIAL: A FUN\u00c7\u00c3O DAS DIRETIVAS ANTECIPADAS DE VONTADE E DOS CUIDADOS PALIATIVOS<\/summary>\n<p>Alysson Oliveira Moreira <\/p>\n\n\n\n<p>Data da Defesa: 03\/10\/2021<\/p>\n\n\n\n<p>Banca Examinadora: Rita de C\u00e1ssia Resquetti Tarifa Espolador (Orientadora); Daniela Braga Paiano; Cleber Affonso Angeluci (Membro Externo)<\/p>\n\n\n\n<div class=\"wp-block-buttons is-layout-flex wp-container-core-buttons-is-layout-a74382ec wp-block-buttons-is-layout-flex\">\n<div class=\"wp-block-button\"><a class=\"wp-block-button__link wp-element-button\"><strong>ACESSAR<\/strong><\/a><\/div>\n<\/div>\n<\/details>\n\n\n\n<hr class=\"wp-block-separator has-alpha-channel-opacity is-style-wide\" \/>\n\n\n\n<details class=\"wp-block-details is-layout-flow wp-block-details-is-layout-flow\"><summary>OS DANOS EXTRAPATRIMONIAIS COLETIVOS E OS IL\u00cdCITOS LUCRATIVOS<\/summary>\n<p>Rafael Kenju Freiberger Nagashima <\/p>\n\n\n\n<p>Data da Defesa: 14\/09\/2021<\/p>\n\n\n\n<p>Banca Examinadora: Ana Claudia Correa Zuin Mattos do Amaral (Orientadora); Roberto Wagner Marquesi; Jussara Suzi Assis Borges Nasser Ferreira (Membro Externo)<\/p>\n\n\n\n<div class=\"wp-block-buttons is-layout-flex wp-container-core-buttons-is-layout-a74382ec wp-block-buttons-is-layout-flex\">\n<div class=\"wp-block-button\"><a class=\"wp-block-button__link wp-element-button\"><strong>ACESSAR<\/strong><\/a><\/div>\n<\/div>\n<\/details>\n\n\n\n<hr class=\"wp-block-separator has-alpha-channel-opacity is-style-wide\" \/>\n\n\n\n<details class=\"wp-block-details is-layout-flow wp-block-details-is-layout-flow\"><summary>A RESPONSABILIDADE CIVIL DO GOOGLE PELO SERVI\u00c7O DE LINKS PATROCINADOS E O PODER DAS REDES: DANOS \u00c0S MARCAS E \u00c0 CONCORR\u00caNCIA<\/summary>\n<p>Rodolfo Ignacio Aliceda <\/p>\n\n\n\n<p>Data da Defesa: 02\/09\/2021<\/p>\n\n\n\n<p>Banca Examinadora: Tarcisio Teixeira (Orientador); Ana Claudia Correa Zuin Mattos do Amaral; Ana de Oliveira Fraz\u00e3o Vieira de Mello (Membro Externo)<\/p>\n\n\n\n<div class=\"wp-block-buttons is-layout-flex wp-container-core-buttons-is-layout-a74382ec wp-block-buttons-is-layout-flex\">\n<div class=\"wp-block-button\"><a class=\"wp-block-button__link wp-element-button\"><strong>ACESSAR<\/strong><\/a><\/div>\n<\/div>\n<\/details>\n\n\n\n<hr class=\"wp-block-separator has-alpha-channel-opacity is-style-wide\" \/>\n\n\n\n<details class=\"wp-block-details is-layout-flow wp-block-details-is-layout-flow\"><summary>NEG\u00d3CIOS PROCESSUAIS NO DIREITO DAS FAM\u00cdLIAS: DA PLURISSIGNIFICA\u00c7\u00c3O DA FAM\u00cdLIA AO ACESSO \u00c0 ORDEM JUR\u00cdDICA JUSTA<\/summary>\n<p>Gustavo Gabriel Danieli Santos <\/p>\n\n\n\n<p>Data da Defesa: 29\/07\/2021<\/p>\n\n\n\n<p>Banca Examinadora: Rozane da Rosa Cachapuz (Orientadora); Daniela Braga Paiano; Maria Celia Nogueira Pinto e Borgo (Membro Externo)<\/p>\n\n\n\n<div class=\"wp-block-buttons is-layout-flex wp-container-core-buttons-is-layout-a74382ec wp-block-buttons-is-layout-flex\">\n<div class=\"wp-block-button\"><a class=\"wp-block-button__link wp-element-button\"><strong>ACESSAR<\/strong><\/a><\/div>\n<\/div>\n<\/details>\n\n\n\n<hr class=\"wp-block-separator has-alpha-channel-opacity is-style-wide\" \/>\n\n\n\n<details class=\"wp-block-details is-layout-flow wp-block-details-is-layout-flow\"><summary>DANOS EXTRAPATRIMONIAIS: AS INTERFACES ENTRE A PREVEN\u00c7\u00c3O E A QUANTIFICA\u00c7\u00c3O DOS DANOS<\/summary>\n<p>Daniel Marinho Correa <\/p>\n\n\n\n<p>Data da Defesa: 05\/07\/2021<\/p>\n\n\n\n<p>Banca Examinadora: Ana Claudia Correa Zuin Mattos do Amaral (Orientadora); Rita de C\u00e1ssia Resquetti Tarifa Espolador; Jussara Suzi Assis Borges Nasser Ferreira (Membro Externo)<\/p>\n\n\n\n<div class=\"wp-block-buttons is-layout-flex wp-container-core-buttons-is-layout-a74382ec wp-block-buttons-is-layout-flex\">\n<div class=\"wp-block-button\"><a class=\"wp-block-button__link wp-element-button\"><strong>ACESSAR<\/strong><\/a><\/div>\n<\/div>\n<\/details>\n\n\n\n<hr class=\"wp-block-separator has-alpha-channel-opacity is-style-wide\" \/>\n\n\n\n<details class=\"wp-block-details is-layout-flow wp-block-details-is-layout-flow\"><summary>CONTRATOS DO SISTEMA FINANCEIRO DA HABITA\u00c7\u00c3O: CRIT\u00c9RIOS DE APLICA\u00c7\u00c3O DA TEORIA DO ADIMPLEMENTO SUBSTANCIAL<\/summary>\n<p>Fabio Andre Testa <\/p>\n\n\n\n<p>Data da Defesa: 28\/06\/2021<\/p>\n\n\n\n<p>Banca Examinadora: Roberto Wagner Marquesi (Orientador); Luiz Alberto Pereira Ribeiro; Alessandra Cristina Furlan (Membro Externo)<\/p>\n\n\n\n<div class=\"wp-block-buttons is-layout-flex wp-container-core-buttons-is-layout-a74382ec wp-block-buttons-is-layout-flex\">\n<div class=\"wp-block-button\"><a class=\"wp-block-button__link wp-element-button\"><strong>ACESSAR<\/strong><\/a><\/div>\n<\/div>\n<\/details>\n\n\n\n<hr class=\"wp-block-separator has-alpha-channel-opacity is-style-wide\" \/>\n\n\n\n<details class=\"wp-block-details is-layout-flow wp-block-details-is-layout-flow\"><summary>A VIABILIDADE DO TESTAMENTO GEN\u00c9TICO NOS CONTRATOS DE CRIOPRESERVA\u00c7\u00c3O DE GAMETAS E EMBRI\u00d5ES<\/summary>\n<p>Janaina Vandresen <\/p>\n\n\n\n<p>Data da Defesa: 03\/06\/2021<\/p>\n\n\n\n<p>Banca Examinadora: Rita de C\u00e1ssia Resquetti Tarifa Espolador (Orientadora); Daniela Braga Paiano; Alessandra Cristina Furlan (Membro Externo)<\/p>\n\n\n\n<div class=\"wp-block-buttons is-layout-flex wp-container-core-buttons-is-layout-a74382ec wp-block-buttons-is-layout-flex\">\n<div class=\"wp-block-button\"><a class=\"wp-block-button__link wp-element-button\"><strong>ACESSAR<\/strong><\/a><\/div>\n<\/div>\n<\/details>\n\n\n\n<hr class=\"wp-block-separator has-alpha-channel-opacity is-style-wide\" \/>\n\n\n\n<details class=\"wp-block-details is-layout-flow wp-block-details-is-layout-flow\"><summary>CAPITALISMO, DIREITO E RELA\u00c7\u00d5ES NEGOCIAIS: UMA CONSTRU\u00c7\u00c3O JUR\u00cdDICO-FILOS\u00d3FICA SOBRE A ATUA\u00c7\u00c3O EMPRESARIAL NA ERA NEOLIBERAL<\/summary>\n<p>Luiz Gustavo Campana Martins <\/p>\n\n\n\n<p>Data da Defesa: 11\/02\/2021<\/p>\n\n\n\n<p>Banca Examinadora: Clodomiro Jos\u00e9 Bannwart Junior (Orientador); Elve Miguel Cenci; Ricardo Lebbos Favoreto (Membro Externo)<\/p>\n\n\n\n<div class=\"wp-block-buttons is-layout-flex wp-container-core-buttons-is-layout-a74382ec wp-block-buttons-is-layout-flex\">\n<div class=\"wp-block-button\"><a class=\"wp-block-button__link wp-element-button\"><strong>ACESSAR<\/strong><\/a><\/div>\n<\/div>\n<\/details>\n\n\n\n<hr class=\"wp-block-separator has-alpha-channel-opacity is-style-wide\" \/>\n\n\n\n<details class=\"wp-block-details is-layout-flow wp-block-details-is-layout-flow\"><summary>O PROGRAMA DE INTEGRIDADE APLICADO \u00c0S MICROEMPRESAS E EMPRESAS DE PEQUENO PORTE: REALIZA\u00c7\u00c3O DA RESPONSABILIDADE SOCIAL EMPRESARIAL<\/summary>\n<p>Leonardo Cosme Formaio <\/p>\n\n\n\n<p>Data da Defesa: 10\/02\/2021<\/p>\n\n\n\n<p>Banca Examinadora: Clodomiro Jos\u00e9 Bannwart Junior (Orientador); Elve Miguel Cenci; Almir Gallassi (Membro Externo)<\/p>\n\n\n\n<div class=\"wp-block-buttons is-layout-flex wp-container-core-buttons-is-layout-a74382ec wp-block-buttons-is-layout-flex\">\n<div class=\"wp-block-button\"><a class=\"wp-block-button__link wp-element-button\"><strong>ACESSAR<\/strong><\/a><\/div>\n<\/div>\n<\/details>\n\n\n\n<hr class=\"wp-block-separator has-alpha-channel-opacity is-style-wide\" \/>\n\n\n\n<details class=\"wp-block-details is-layout-flow wp-block-details-is-layout-flow\"><summary>DIREITO \u00c0 INCLUS\u00c3O SOCIOESPACIAL URBANA NO BRASIL: REGULARIZA\u00c7\u00c3O FUNDI\u00c1RIA E ACESSO \u00c0 MORADIA EM SITUA\u00c7\u00c3O DE VULNERABILIDADE SOCIAL<\/summary>\n<p>Juliani Cristina Lima Grochoski <\/p>\n\n\n\n<p>Data da Defesa: 05\/02\/2021<\/p>\n\n\n\n<p>Banca Examinadora: Miguel Etinger de Araujo Junior (Orientador); Marlene Kempfer; Gilson Jacob Bergoc (Membro Externo)<\/p>\n\n\n\n<div class=\"wp-block-buttons is-layout-flex wp-container-core-buttons-is-layout-a74382ec wp-block-buttons-is-layout-flex\">\n<div class=\"wp-block-button\"><a class=\"wp-block-button__link wp-element-button\"><strong>ACESSAR<\/strong><\/a><\/div>\n<\/div>\n<\/details>\n\n\n\n<hr class=\"wp-block-separator has-alpha-channel-opacity is-style-wide\" \/>\n\n\n\n<details class=\"wp-block-details is-layout-flow wp-block-details-is-layout-flow\"><summary>A LIBERDADE NA SOCIEDADE DE CONSUMO: DA MANIPULA\u00c7\u00c3O PERSUASIVA INCONSCIENTE DO MARKETING ALIADA \u00c0 VULNERABILIDADE JUR\u00cdDICA NAS RELA\u00c7\u00d5ES NEGOCIAIS CONSUMERISTAS<\/summary>\n<p>Maria Carolina Silvestre de Barros <\/p>\n\n\n\n<p>Data da Defesa: 29\/01\/2021<\/p>\n\n\n\n<p>Banca Examinadora: Marcos Antonio Striquer Soares (Orientador); Rita de C\u00e1ssia Resquetti Tarifa Espolador; Gilvan Luiz Hansen (Membro Externo)<\/p>\n\n\n\n<div class=\"wp-block-buttons is-layout-flex wp-container-core-buttons-is-layout-a74382ec wp-block-buttons-is-layout-flex\">\n<div class=\"wp-block-button\"><a class=\"wp-block-button__link wp-element-button\"><strong>ACESSAR<\/strong><\/a><\/div>\n<\/div>\n<\/details>\n\n\n\n<hr class=\"wp-block-separator has-alpha-channel-opacity is-style-wide\" \/>\n\n\n\n<details class=\"wp-block-details is-layout-flow wp-block-details-is-layout-flow\"><summary>LIBERDADE ECON\u00d4MICA E A DESCONSIDERA\u00c7\u00c3O DO NEG\u00d3CIO JUR\u00cdDICO: INTERPRETA\u00c7\u00c3O NO \u00c2MBITO TRIBUT\u00c1RIO<\/summary>\n<p>Alexandre Jose de Pauli Santana <\/p>\n\n\n\n<p>Data da Defesa: 29\/01\/2021<\/p>\n\n\n\n<p>Banca Examinadora: Marlene Kempfer (Orientadora); Elve Miguel Cenci; Maria de Fatima Ribeiro (Membro Externo)<\/p>\n\n\n\n<div class=\"wp-block-buttons is-layout-flex wp-container-core-buttons-is-layout-a74382ec wp-block-buttons-is-layout-flex\">\n<div class=\"wp-block-button\"><a class=\"wp-block-button__link wp-element-button\"><strong>ACESSAR<\/strong><\/a><\/div>\n<\/div>\n<\/details>\n\n\n\n<hr class=\"wp-block-separator has-alpha-channel-opacity is-style-wide\" \/>\n\n\n\n<details class=\"wp-block-details is-layout-flow wp-block-details-is-layout-flow\"><summary>A RESPONSABILIDADE CIVIL PELO IL\u00cdCITO LUCRATIVO NA LGPD: EM BUSCA DA EFETIVIDADE DA TUTELA DOS DADOS PESSOAIS<\/summary>\n<p>Flavio Henrique Caetano de Paula <\/p>\n\n\n\n<p>Data da Defesa: 27\/01\/2021<\/p>\n\n\n\n<p>Banca Examinadora: Ana Claudia Correa Zuin Mattos do Amaral (Orientadora); Roberto Wagner Marquesi; Jussara Suzi Assis Borges Nasser Ferreira (Membro Externo)<\/p>\n\n\n\n<div class=\"wp-block-buttons is-layout-flex wp-container-core-buttons-is-layout-a74382ec wp-block-buttons-is-layout-flex\">\n<div class=\"wp-block-button\"><a class=\"wp-block-button__link wp-element-button\"><strong>ACESSAR<\/strong><\/a><\/div>\n<\/div>\n<\/details>\n\n\n\n<hr class=\"wp-block-separator has-alpha-channel-opacity is-style-wide\" \/>\n\n\n\n<details class=\"wp-block-details is-layout-flow wp-block-details-is-layout-flow\"><summary>INOVA\u00c7\u00d5ES EM PLATAFORMAS DIGITAIS E A ECONOMIA COMPARTILHADA: A HERMEN\u00caUTICA DOS NEG\u00d3CIOS JUR\u00cdDICOS<\/summary>\n<p>Gabriela Amorim Paviani <\/p>\n\n\n\n<p>Data da Defesa: 22\/01\/2021<\/p>\n\n\n\n<p>Banca Examinadora: Marlene Kempfer (Orientadora); Elve Miguel Cenci; Bruno Grego dos Santos<\/p>\n\n\n\n<div class=\"wp-block-buttons is-layout-flex wp-container-core-buttons-is-layout-a74382ec wp-block-buttons-is-layout-flex\">\n<div class=\"wp-block-button\"><a class=\"wp-block-button__link wp-element-button\"><strong>ACESSAR<\/strong><\/a><\/div>\n<\/div>\n<\/details>\n\n\n\n<hr class=\"wp-block-separator has-alpha-channel-opacity is-style-wide\" \/>\n\n\n\n<details class=\"wp-block-details is-layout-flow wp-block-details-is-layout-flow\"><summary>REGIME JUR\u00cdDICO DA PROPRIEDADE P\u00daBLICA N\u00c3O ESTATAL NO BRASIL A PARTIR DA CONSTITUI\u00c7\u00c3O FEDERAL DE 1988: SEGURAN\u00c7A NOS NEG\u00d3CIOS JUR\u00cdDICOS<\/summary>\n<p>Eduardo Vieira<\/p>\n\n\n\n<p>Data da Defesa: 22\/01\/2021<\/p>\n\n\n\n<p>Banca Examinadora: Marlene Kempfer (Orientadora); Elve Miguel Cenci; Bruno Grego dos Santos<\/p>\n\n\n\n<div class=\"wp-block-buttons is-layout-flex wp-container-core-buttons-is-layout-a74382ec wp-block-buttons-is-layout-flex\">\n<div class=\"wp-block-button\"><a class=\"wp-block-button__link wp-element-button\"><strong>ACESSAR<\/strong><\/a><\/div>\n<\/div>\n<\/details>\n\n\n\n<hr class=\"wp-block-separator has-alpha-channel-opacity is-style-wide\" \/>\n\n\n\n<details class=\"wp-block-details is-layout-flow wp-block-details-is-layout-flow\"><summary>DIREITO DO TRABALHO EM CRISE: A DIN\u00c2MICA DA ECONOMIA NA VALORIZA\u00c7\u00c3O DO TRABALHO HUMANO E NO DESENVOLVIMENTO ECON\u00d4MICO<\/summary>\n<p>Eduardo da Silva Calixto<\/p>\n\n\n\n<p>Data da Defesa: 19\/01\/2021<\/p>\n\n\n\n<p>Banca Examinadora: Elve Miguel Cenci (Orientador); Luiz Alberto Pereira Ribeiro; Fernando de Brito Alves (Membro Externo)<\/p>\n\n\n\n<div class=\"wp-block-buttons is-layout-flex wp-container-core-buttons-is-layout-a74382ec wp-block-buttons-is-layout-flex\">\n<div class=\"wp-block-button\"><a class=\"wp-block-button__link wp-element-button\"><strong>ACESSAR<\/strong><\/a><\/div>\n<\/div>\n<\/details>\n\n\n\n<p><\/p>\n","protected":false},"excerpt":{"rendered":"<p>Bancas de defesa &#8211; 2025<\/p>\n","protected":false},"author":12,"featured_media":0,"parent":0,"menu_order":0,"comment_status":"closed","ping_status":"closed","template":"","meta":{"_acf_changed":false,"footnotes":""},"class_list":["post-1350","page","type-page","status-publish","hentry"],"acf":[],"_links":{"self":[{"href":"https:\/\/pos.uel.br\/direito-negocial\/wp-json\/wp\/v2\/pages\/1350","targetHints":{"allow":["GET"]}}],"collection":[{"href":"https:\/\/pos.uel.br\/direito-negocial\/wp-json\/wp\/v2\/pages"}],"about":[{"href":"https:\/\/pos.uel.br\/direito-negocial\/wp-json\/wp\/v2\/types\/page"}],"author":[{"embeddable":true,"href":"https:\/\/pos.uel.br\/direito-negocial\/wp-json\/wp\/v2\/users\/12"}],"replies":[{"embeddable":true,"href":"https:\/\/pos.uel.br\/direito-negocial\/wp-json\/wp\/v2\/comments?post=1350"}],"version-history":[{"count":43,"href":"https:\/\/pos.uel.br\/direito-negocial\/wp-json\/wp\/v2\/pages\/1350\/revisions"}],"predecessor-version":[{"id":3564,"href":"https:\/\/pos.uel.br\/direito-negocial\/wp-json\/wp\/v2\/pages\/1350\/revisions\/3564"}],"wp:attachment":[{"href":"https:\/\/pos.uel.br\/direito-negocial\/wp-json\/wp\/v2\/media?parent=1350"}],"curies":[{"name":"wp","href":"https:\/\/api.w.org\/{rel}","templated":true}]}}