{"id":103,"date":"2024-10-07T10:42:39","date_gmt":"2024-10-07T13:42:39","guid":{"rendered":"https:\/\/pos.uel.br\/direito-negocial\/?page_id=103"},"modified":"2026-04-08T17:02:19","modified_gmt":"2026-04-08T20:02:19","slug":"eventos","status":"publish","type":"page","link":"https:\/\/pos.uel.br\/direito-negocial\/eventos\/","title":{"rendered":"Eventos"},"content":{"rendered":"<div class=\"wp-block-image\">\n<figure class=\"aligncenter size-full is-resized\"><a href=\"https:\/\/www.sistemasweb.uel.br\/index.php?contents=system\/insc\/index.php&amp;pagina=view\/inscricoes\/seleciona_evento.php\"><img loading=\"lazy\" decoding=\"async\" width=\"545\" height=\"225\" src=\"https:\/\/pos.uel.br\/direito-negocial\/wp-content\/uploads\/2024\/10\/image-3.png\" alt=\"\" class=\"wp-image-494\" style=\"width:342px;height:auto\" srcset=\"https:\/\/pos.uel.br\/direito-negocial\/wp-content\/uploads\/2024\/10\/image-3.png 545w, https:\/\/pos.uel.br\/direito-negocial\/wp-content\/uploads\/2024\/10\/image-3-300x124.png 300w\" sizes=\"auto, (max-width: 545px) 100vw, 545px\" \/><\/a><\/figure>\n<\/div>\n\n\n<hr class=\"wp-block-separator has-alpha-channel-opacity\" \/>\n\n\n\n<h2 class=\"wp-block-heading has-text-align-center\">2026<\/h2>\n\n\n\n<p><strong>SIMP\u00d3SIO LUSO-BRASILEIRO SOBRE GEST\u00c3O DE CONFLITOS<\/strong><\/p>\n\n\n\n<p>\u2728 O PPGDN\/UEL convida voc\u00ea para participar do Simp\u00f3sio Luso-Brasileiro sobre Gest\u00e3o de Conflitos!<\/p>\n\n\n\n<p>\ud83d\udccd Local: Sala 446 \u2013 CESA<br>\ud83d\udcc5 Data: 07\/04 (ter\u00e7a-feira)<br>\u23f0 Hor\u00e1rio: 08h30<\/p>\n\n\n\n<p>\ud83c\udf99 Palestrantes:<\/p>\n\n\n\n<ul class=\"wp-block-list\">\n<li>F\u00e1bio Veiga \u2013 Arbitragem societ\u00e1ria em Portugal<\/li>\n\n\n\n<li>Patr\u00edcia Ayub da Costa \u2013 A economia da arbitragem<\/li>\n\n\n\n<li>T\u00e2nia Lobo Muniz \u2013 Gest\u00e3o de conflitos na contemporaneidade<\/li>\n<\/ul>\n\n\n\n<p>\ud83d\udcf2 Inscri\u00e7\u00f5es abertas! Acesso pelo QR Code.<\/p>\n\n\n\n<p>N\u00e3o perca essa oportunidade de ampliar seu olhar sobre os mecanismos de resolu\u00e7\u00e3o de conflitos com uma perspectiva internacional!<\/p>\n\n\n\n<figure class=\"wp-block-image size-large\"><img loading=\"lazy\" decoding=\"async\" width=\"1024\" height=\"1024\" src=\"https:\/\/pos.uel.br\/direito-negocial\/wp-content\/uploads\/2026\/03\/WhatsApp-Image-2026-03-26-at-11.40.21-1024x1024.jpeg\" alt=\"\" class=\"wp-image-4220\" srcset=\"https:\/\/pos.uel.br\/direito-negocial\/wp-content\/uploads\/2026\/03\/WhatsApp-Image-2026-03-26-at-11.40.21-1024x1024.jpeg 1024w, https:\/\/pos.uel.br\/direito-negocial\/wp-content\/uploads\/2026\/03\/WhatsApp-Image-2026-03-26-at-11.40.21-300x300.jpeg 300w, https:\/\/pos.uel.br\/direito-negocial\/wp-content\/uploads\/2026\/03\/WhatsApp-Image-2026-03-26-at-11.40.21-150x150.jpeg 150w, https:\/\/pos.uel.br\/direito-negocial\/wp-content\/uploads\/2026\/03\/WhatsApp-Image-2026-03-26-at-11.40.21-768x768.jpeg 768w, https:\/\/pos.uel.br\/direito-negocial\/wp-content\/uploads\/2026\/03\/WhatsApp-Image-2026-03-26-at-11.40.21.jpeg 1080w\" sizes=\"auto, (max-width: 1024px) 100vw, 1024px\" \/><\/figure>\n\n\n\n<hr class=\"wp-block-separator has-alpha-channel-opacity\" \/>\n\n\n\n<p><strong>ENCONTRO CIENT\u00cdFICO DO V SIMP\u00d3SIO BRASIL-PARAGUAI DE DIREITO INTERNACIONAL E DESENVOLVIMENTO<\/strong><\/p>\n\n\n\n<p><\/p>\n\n\n\n<p>\ud83d\udce2 Convite | ENCONTRO CIENT\u00cdFICO DO V SIMP\u00d3SIO BRASIL-PARAGUAI DE DIREITO INTERNACIONAL E DESENVOLVIMENTO, a ser realizado no dia 11 de abril<\/p>\n\n\n\n<p>\ud83d\udcc4 Submiss\u00e3o de resumos expandidos: at\u00e9 27 de mar\u00e7o de 2026<\/p>\n\n\n\n<p>\ud83d\udccd Local: Universidade de Canindey\u00fa (PY)<br> Apresenta\u00e7\u00e3o: presencial, das 09h00min \u00e0s 12h00min<\/p>\n\n\n\n<p>\ud83d\udd17 Inscri\u00e7\u00f5es:<br>(http:\/\/www.uel.br\/eventos\/sigec\/?id=11727).<\/p>\n\n\n\n<div data-wp-interactive=\"core\/file\" class=\"wp-block-file\"><object data-wp-bind--hidden=\"!state.hasPdfPreview\" hidden class=\"wp-block-file__embed\" data=\"https:\/\/pos.uel.br\/direito-negocial\/wp-content\/uploads\/2026\/03\/EDITAL_ENCONTRO_CIENTIFICO__PARAGUAY-versa\u0303o-final-revisada.pdf\" type=\"application\/pdf\" style=\"width:100%;height:600px\" aria-label=\"Incorporado de EDITAL_ENCONTRO_CIENTIFICO__PARAGUAY - versa\u0303o final revisada.\"><\/object><a id=\"wp-block-file--media-1be349dd-9258-466c-ba2a-43ea7492d1f8\" href=\"https:\/\/pos.uel.br\/direito-negocial\/wp-content\/uploads\/2026\/03\/EDITAL_ENCONTRO_CIENTIFICO__PARAGUAY-versa\u0303o-final-revisada.pdf\">EDITAL_ENCONTRO_CIENTIFICO__PARAGUAY &#8211; versa\u0303o final revisada<\/a><a href=\"https:\/\/pos.uel.br\/direito-negocial\/wp-content\/uploads\/2026\/03\/EDITAL_ENCONTRO_CIENTIFICO__PARAGUAY-versa\u0303o-final-revisada.pdf\" class=\"wp-block-file__button wp-element-button\" download aria-describedby=\"wp-block-file--media-1be349dd-9258-466c-ba2a-43ea7492d1f8\">Baixar<\/a><\/div>\n\n\n\n<div data-wp-interactive=\"core\/file\" class=\"wp-block-file\"><object data-wp-bind--hidden=\"!state.hasPdfPreview\" hidden class=\"wp-block-file__embed\" data=\"https:\/\/pos.uel.br\/direito-negocial\/wp-content\/uploads\/2026\/03\/EDITAL_ENCONTRO_CIENTIFICO__PARAGUAY-versa\u0303o-final-revisada-en-espan\u0303ol-1.pdf\" type=\"application\/pdf\" style=\"width:100%;height:600px\" aria-label=\"Incorporado de EDITAL_ENCONTRO_CIENTIFICO__PARAGUAY - versa\u0303o final revisada  en espan\u0303ol.\"><\/object><a id=\"wp-block-file--media-3bc8ed05-f436-4bab-887a-e82eecbae13c\" href=\"https:\/\/pos.uel.br\/direito-negocial\/wp-content\/uploads\/2026\/03\/EDITAL_ENCONTRO_CIENTIFICO__PARAGUAY-versa\u0303o-final-revisada-en-espan\u0303ol-1.pdf\">EDITAL_ENCONTRO_CIENTIFICO__PARAGUAY &#8211; versa\u0303o final revisada  en espan\u0303ol<\/a><a href=\"https:\/\/pos.uel.br\/direito-negocial\/wp-content\/uploads\/2026\/03\/EDITAL_ENCONTRO_CIENTIFICO__PARAGUAY-versa\u0303o-final-revisada-en-espan\u0303ol-1.pdf\" class=\"wp-block-file__button wp-element-button\" download aria-describedby=\"wp-block-file--media-3bc8ed05-f436-4bab-887a-e82eecbae13c\">Baixar<\/a><\/div>\n\n\n\n<div class=\"wp-block-file\"><a id=\"wp-block-file--media-2245e6bf-cf91-401c-9ef0-561e0dabf1dc\" href=\"https:\/\/pos.uel.br\/direito-negocial\/wp-content\/uploads\/2026\/03\/ANEXO-I-RESUMO-EXPANDIDO-identificado-1-1.doc\">ANEXO-I-RESUMO-EXPANDIDO-identificado (1)<\/a><a href=\"https:\/\/pos.uel.br\/direito-negocial\/wp-content\/uploads\/2026\/03\/ANEXO-I-RESUMO-EXPANDIDO-identificado-1-1.doc\" class=\"wp-block-file__button wp-element-button\" download aria-describedby=\"wp-block-file--media-2245e6bf-cf91-401c-9ef0-561e0dabf1dc\">Baixar<\/a><\/div>\n\n\n\n<div class=\"wp-block-file\"><a id=\"wp-block-file--media-5edec1a7-45d6-4470-8026-a0f31a283f36\" href=\"https:\/\/pos.uel.br\/direito-negocial\/wp-content\/uploads\/2026\/03\/ANEXO-II-RESUMO-EXPANDIDO-na\u0303o.identificado-1-1.doc\">ANEXO-II-RESUMO-EXPANDIDO-na\u0303o.identificado (1)<\/a><a href=\"https:\/\/pos.uel.br\/direito-negocial\/wp-content\/uploads\/2026\/03\/ANEXO-II-RESUMO-EXPANDIDO-na\u0303o.identificado-1-1.doc\" class=\"wp-block-file__button wp-element-button\" download aria-describedby=\"wp-block-file--media-5edec1a7-45d6-4470-8026-a0f31a283f36\">Baixar<\/a><\/div>\n\n\n\n<div data-wp-interactive=\"core\/file\" class=\"wp-block-file\"><object data-wp-bind--hidden=\"!state.hasPdfPreview\" hidden class=\"wp-block-file__embed\" data=\"https:\/\/pos.uel.br\/direito-negocial\/wp-content\/uploads\/2026\/04\/RELAC\u0327A\u0303O-DE-TRABALHOS-APROVADOS-PARAGUAI-1.pdf\" type=\"application\/pdf\" style=\"width:100%;height:600px\" aria-label=\"Incorporado de RELAC\u0327A\u0303O DE TRABALHOS APROVADOS - PARAGUAI.\"><\/object><a id=\"wp-block-file--media-f362c66b-acda-491f-86f0-a8415e3b98de\" href=\"https:\/\/pos.uel.br\/direito-negocial\/wp-content\/uploads\/2026\/04\/RELAC\u0327A\u0303O-DE-TRABALHOS-APROVADOS-PARAGUAI-1.pdf\">RELAC\u0327A\u0303O DE TRABALHOS APROVADOS &#8211; PARAGUAI<\/a><a href=\"https:\/\/pos.uel.br\/direito-negocial\/wp-content\/uploads\/2026\/04\/RELAC\u0327A\u0303O-DE-TRABALHOS-APROVADOS-PARAGUAI-1.pdf\" class=\"wp-block-file__button wp-element-button\" download aria-describedby=\"wp-block-file--media-f362c66b-acda-491f-86f0-a8415e3b98de\">Baixar<\/a><\/div>\n\n\n\n<hr class=\"wp-block-separator has-alpha-channel-opacity\" \/>\n\n\n\n<p><strong>I ENCONTRO CIENT\u00cdFICO DA COMISS\u00c3O NACIONAL DE ENSINO JUR\u00cdDICO E RELA\u00c7\u00d5ES ACAD\u00caMICAS DO IBDFAM<\/strong><\/p>\n\n\n\n<p><\/p>\n\n\n\n<p>\ud83d\udce2 Convite | I Encontro Cient\u00edfico da Comiss\u00e3o Nacional de Ensino Jur\u00eddico e Rela\u00e7\u00f5es Acad\u00eamicas do IBDFAM, a ser realizado no dia 22 de maio<\/p>\n\n\n\n<p>\ud83d\udcc4 Submiss\u00e3o de resumos expandidos: at\u00e9 10 de maio de 2026<\/p>\n\n\n\n<p>\ud83d\udccd Local: Universidade Estadual de Londrina (UEL)<br>\ud83d\udcbb H\u00e1 possibilidade de participa\u00e7\u00e3o remota: dispon\u00edvel para apresentadores de outras cidades<\/p>\n\n\n\n<p>O evento contar\u00e1 com apresenta\u00e7\u00e3o de trabalhos cient\u00edficos organizados em Grupos de Trabalho, abordando temas contempor\u00e2neos como vulnerabilidade nas rela\u00e7\u00f5es familiares, tecnologia e biodireito, contratualiza\u00e7\u00e3o das rela\u00e7\u00f5es familiares e media\u00e7\u00e3o em fam\u00edlia e sucess\u00f5es.<\/p>\n\n\n\n<p>\u2757\ufe0fOs melhores trabalhos poder\u00e3o ser convidados para publica\u00e7\u00e3o em obra coletiva ou nos anais do evento.<\/p>\n\n\n\n<p>\ud83d\udd17 Inscri\u00e7\u00f5es:<br>https:\/\/www.sistemasweb.uel.br\/index.phpcontents=system\/insc\/index.php&amp;pagina=view\/inscricoes\/seleciona_evento.php&amp;cod_evento=11678<\/p>\n\n\n\n<div data-wp-interactive=\"core\/file\" class=\"wp-block-file\"><object data-wp-bind--hidden=\"!state.hasPdfPreview\" hidden class=\"wp-block-file__embed\" data=\"https:\/\/pos.uel.br\/direito-negocial\/wp-content\/uploads\/2026\/03\/EDITAL-I-CONGRESSO-CIENTI\u0301FICO-DA-COMISSA\u0303O-NACIONAL-DE-ENSINO-JURI\u0301DICO-E-RELAC\u0327O\u0303ES-ACADE\u0302MICAS-DO-IBDFAM.pdf\" type=\"application\/pdf\" style=\"width:100%;height:600px\" aria-label=\"Incorporado de EDITAL - I CONGRESSO CIENTI\u0301FICO DA COMISSA\u0303O NACIONAL DE ENSINO JURI\u0301DICO E RELAC\u0327O\u0303ES ACADE\u0302MICAS DO IBDFAM.\"><\/object><a id=\"wp-block-file--media-2882d818-4599-42b8-9966-559d4c746c58\" href=\"https:\/\/pos.uel.br\/direito-negocial\/wp-content\/uploads\/2026\/03\/EDITAL-I-CONGRESSO-CIENTI\u0301FICO-DA-COMISSA\u0303O-NACIONAL-DE-ENSINO-JURI\u0301DICO-E-RELAC\u0327O\u0303ES-ACADE\u0302MICAS-DO-IBDFAM.pdf\">EDITAL &#8211; I CONGRESSO CIENTI\u0301FICO DA COMISSA\u0303O NACIONAL DE ENSINO JURI\u0301DICO E RELAC\u0327O\u0303ES ACADE\u0302MICAS DO IBDFAM<\/a><a href=\"https:\/\/pos.uel.br\/direito-negocial\/wp-content\/uploads\/2026\/03\/EDITAL-I-CONGRESSO-CIENTI\u0301FICO-DA-COMISSA\u0303O-NACIONAL-DE-ENSINO-JURI\u0301DICO-E-RELAC\u0327O\u0303ES-ACADE\u0302MICAS-DO-IBDFAM.pdf\" class=\"wp-block-file__button wp-element-button\" download aria-describedby=\"wp-block-file--media-2882d818-4599-42b8-9966-559d4c746c58\">Baixar<\/a><\/div>\n\n\n\n<div class=\"wp-block-file\"><a id=\"wp-block-file--media-ee825c26-eebf-49d4-a20b-bbe1be8205a7\" href=\"https:\/\/pos.uel.br\/direito-negocial\/wp-content\/uploads\/2026\/03\/MODELO-RESUMO-EXPANDIDO-identificado.docx\">MODELO RESUMO-EXPANDIDO-identificado<\/a><a href=\"https:\/\/pos.uel.br\/direito-negocial\/wp-content\/uploads\/2026\/03\/MODELO-RESUMO-EXPANDIDO-identificado.docx\" class=\"wp-block-file__button wp-element-button\" download aria-describedby=\"wp-block-file--media-ee825c26-eebf-49d4-a20b-bbe1be8205a7\">Baixar<\/a><\/div>\n\n\n\n<hr class=\"wp-block-separator has-alpha-channel-opacity\" \/>\n\n\n\n<p><\/p>\n\n\n\n<p><strong>\ud83d\udcc5 X ENCONTRO NACIONAL DE PESQUISADORES EM DIREITO AMBIENTAL E DESENVOLVIMENTO SUSTENT\u00c1VEL<\/strong><\/p>\n\n\n\n<p>Universidade Estadual de Londrina (UEL) e Academia de Direitos Humanos<\/p>\n\n\n\n<p><strong>Tema<\/strong>: A Gest\u00e3o Sustent\u00e1vel da Sociedade da Informa\u00e7\u00e3o em face da Tutela Constitucional do Meio Ambiente Digital<\/p>\n\n\n\n<p><strong>\ud83d\udea8<\/strong>\ud83d\udea8\ud83d\udea8\ud83d\udea8<strong>ATEN\u00c7\u00c3O\ud83d\udea8<\/strong>\ud83d\udea8\ud83d\udea8\ud83d\udea8<strong>: <\/strong>O evento ser\u00e1 transmitido via Youtube do Programa de P\u00f3s-Gradua\u00e7\u00e3o em Direito Negocial da UEL, pelo link: <a href=\"https:\/\/www.youtube.com\/@mestradoedoutoradoemdireit3184\/featured\">https:\/\/www.youtube.com\/@mestradoedoutoradoemdireit3184\/featured<\/a><\/p>\n\n\n\n<p><strong>Data<\/strong>: 13 a 17 de Abril de 2026<\/p>\n\n\n\n<p><strong>Hor\u00e1rio: <\/strong>Das 8h \u00e0s 19h<\/p>\n\n\n\n<p><strong>Inscri\u00e7\u00f5es:<\/strong> <a href=\"https:\/\/portal.uel.br\/evento\/x-encontro-nacional-de-pesquisadores-em-direito-ambiental-e-desenvolvimento-sustentavel\/\">https:\/\/portal.uel.br\/evento\/x-encontro-nacional-de-pesquisadores-em-direito-ambiental-e-desenvolvimento-sustentavel\/<\/a><\/p>\n\n\n\n<figure class=\"wp-block-gallery has-nested-images columns-default is-cropped wp-block-gallery-1 is-layout-flex wp-block-gallery-is-layout-flex\">\n<figure class=\"wp-block-image size-large\"><img loading=\"lazy\" decoding=\"async\" width=\"724\" height=\"1024\" data-id=\"4345\" src=\"https:\/\/pos.uel.br\/direito-negocial\/wp-content\/uploads\/2026\/04\/Cartaz_Direito-Ambiental_page-0001-724x1024.jpg\" alt=\"\" class=\"wp-image-4345\" srcset=\"https:\/\/pos.uel.br\/direito-negocial\/wp-content\/uploads\/2026\/04\/Cartaz_Direito-Ambiental_page-0001-724x1024.jpg 724w, https:\/\/pos.uel.br\/direito-negocial\/wp-content\/uploads\/2026\/04\/Cartaz_Direito-Ambiental_page-0001-212x300.jpg 212w, https:\/\/pos.uel.br\/direito-negocial\/wp-content\/uploads\/2026\/04\/Cartaz_Direito-Ambiental_page-0001-768x1087.jpg 768w, https:\/\/pos.uel.br\/direito-negocial\/wp-content\/uploads\/2026\/04\/Cartaz_Direito-Ambiental_page-0001-1085x1536.jpg 1085w, https:\/\/pos.uel.br\/direito-negocial\/wp-content\/uploads\/2026\/04\/Cartaz_Direito-Ambiental_page-0001.jpg 1240w\" sizes=\"auto, (max-width: 724px) 100vw, 724px\" \/><\/figure>\n<\/figure>\n\n\n\n<div data-wp-interactive=\"core\/file\" class=\"wp-block-file\"><object data-wp-bind--hidden=\"!state.hasPdfPreview\" hidden class=\"wp-block-file__embed\" data=\"https:\/\/pos.uel.br\/direito-negocial\/wp-content\/uploads\/2025\/12\/PROGRAMAC\u0327A\u0303O-X-ENCONTRO-NACIONAL-DE-PESQUISADORES-DE-DIREITO-AMBIENTAL-1.pdf\" type=\"application\/pdf\" style=\"width:100%;height:600px\" aria-label=\"Incorporado de PROGRAMAC\u0327A\u0303O X ENCONTRO NACIONAL DE PESQUISADORES DE DIREITO AMBIENTAL.\"><\/object><a id=\"wp-block-file--media-d3a43c46-ae16-4b52-9620-599901122142\" href=\"https:\/\/pos.uel.br\/direito-negocial\/wp-content\/uploads\/2025\/12\/PROGRAMAC\u0327A\u0303O-X-ENCONTRO-NACIONAL-DE-PESQUISADORES-DE-DIREITO-AMBIENTAL-1.pdf\">PROGRAMAC\u0327A\u0303O X ENCONTRO NACIONAL DE PESQUISADORES DE DIREITO AMBIENTAL<\/a><a href=\"https:\/\/pos.uel.br\/direito-negocial\/wp-content\/uploads\/2025\/12\/PROGRAMAC\u0327A\u0303O-X-ENCONTRO-NACIONAL-DE-PESQUISADORES-DE-DIREITO-AMBIENTAL-1.pdf\" class=\"wp-block-file__button wp-element-button\" download aria-describedby=\"wp-block-file--media-d3a43c46-ae16-4b52-9620-599901122142\">Baixar<\/a><\/div>\n\n\n\n<p><\/p>\n\n\n\n<p><strong>ENCONTRO CIENT\u00cdFICO DO X ENCONTRO NACIONAL DE PESQUISADORES EM DIREITO AMBIENTAL E DESENVOLVIMENTO SUSTENT\u00c1VEL<\/strong><br>Edital com as normas para submiss\u00e3o de resumos expandidos no Encontro Cient\u00edfico do X Encontro Nacional de Pesquisadores em Direito Ambiental e Desenvolvimento.<\/p>\n\n\n\n<p><strong>Data e hor\u00e1rio:&nbsp;<\/strong>16 de Abril de 2026, das 19h \u00e0s 22h.<\/p>\n\n\n\n<p><strong>Local:<\/strong>&nbsp;Online via Google Meet.<\/p>\n\n\n\n<p><strong>Inscri\u00e7\u00f5es:<\/strong>&nbsp;<a href=\"https:\/\/portal.uel.br\/evento\/encontro-cientifico-do-x-encontro-nacional-de-pesquisadores-em-direito-ambiental-e-desenvolvimento-sustentavel\/\">https:\/\/portal.uel.br\/evento\/encontro-cientifico-do-x-encontro-nacional-de-pesquisadores-em-direito-ambiental-e-desenvolvimento-sustentavel\/<\/a><\/p>\n\n\n\n<figure class=\"wp-block-image size-large\"><img loading=\"lazy\" decoding=\"async\" width=\"819\" height=\"1024\" src=\"https:\/\/pos.uel.br\/direito-negocial\/wp-content\/uploads\/2025\/12\/WhatsApp-Image-2025-12-16-at-11.46.42-819x1024.jpeg\" alt=\"\" class=\"wp-image-3875\" srcset=\"https:\/\/pos.uel.br\/direito-negocial\/wp-content\/uploads\/2025\/12\/WhatsApp-Image-2025-12-16-at-11.46.42-819x1024.jpeg 819w, https:\/\/pos.uel.br\/direito-negocial\/wp-content\/uploads\/2025\/12\/WhatsApp-Image-2025-12-16-at-11.46.42-240x300.jpeg 240w, https:\/\/pos.uel.br\/direito-negocial\/wp-content\/uploads\/2025\/12\/WhatsApp-Image-2025-12-16-at-11.46.42-768x960.jpeg 768w, https:\/\/pos.uel.br\/direito-negocial\/wp-content\/uploads\/2025\/12\/WhatsApp-Image-2025-12-16-at-11.46.42.jpeg 1080w\" sizes=\"auto, (max-width: 819px) 100vw, 819px\" \/><\/figure>\n\n\n\n<div data-wp-interactive=\"core\/file\" class=\"wp-block-file aligncenter\"><object data-wp-bind--hidden=\"!state.hasPdfPreview\" hidden class=\"wp-block-file__embed\" data=\"https:\/\/pos.uel.br\/direito-negocial\/wp-content\/uploads\/2026\/02\/PRORROGADO-EDITAL_ENCONTRO_CIENTIFICO__AMBIENTAL.pdf\" type=\"application\/pdf\" style=\"width:100%;height:600px\" aria-label=\"Incorporado de PRORROGADO - EDITAL_ENCONTRO_CIENTIFICO__AMBIENTAL.\"><\/object><a id=\"wp-block-file--media-3223da71-56b3-4646-b773-ef74d5a2c4f6\" href=\"https:\/\/pos.uel.br\/direito-negocial\/wp-content\/uploads\/2026\/02\/PRORROGADO-EDITAL_ENCONTRO_CIENTIFICO__AMBIENTAL.pdf\">PRORROGADO &#8211; EDITAL_ENCONTRO_CIENTIFICO__AMBIENTAL<\/a><a href=\"https:\/\/pos.uel.br\/direito-negocial\/wp-content\/uploads\/2026\/02\/PRORROGADO-EDITAL_ENCONTRO_CIENTIFICO__AMBIENTAL.pdf\" class=\"wp-block-file__button wp-element-button\" download aria-describedby=\"wp-block-file--media-3223da71-56b3-4646-b773-ef74d5a2c4f6\">Baixar<\/a><\/div>\n\n\n\n<div class=\"wp-block-file aligncenter\"><a id=\"wp-block-file--media-f4a7d732-eacf-46be-86e4-421b565e4735\" href=\"https:\/\/pos.uel.br\/direito-negocial\/wp-content\/uploads\/2025\/12\/ANEXO-I-RESUMO-EXPANDIDO-identificado.doc\">ANEXO I RESUMO-EXPANDIDO-identificado<\/a><a href=\"https:\/\/pos.uel.br\/direito-negocial\/wp-content\/uploads\/2025\/12\/ANEXO-I-RESUMO-EXPANDIDO-identificado.doc\" class=\"wp-block-file__button wp-element-button\" download aria-describedby=\"wp-block-file--media-f4a7d732-eacf-46be-86e4-421b565e4735\">Baixar<\/a><\/div>\n\n\n\n<div class=\"wp-block-file aligncenter\"><a id=\"wp-block-file--media-08a26907-a582-4b56-af61-79a8f91936a6\" href=\"https:\/\/pos.uel.br\/direito-negocial\/wp-content\/uploads\/2025\/12\/ANEXO-II-RESUMO-EXPANDIDO-na\u0303o.identificado.doc\">ANEXO II RESUMO-EXPANDIDO-na\u0303o.identificado<\/a><a href=\"https:\/\/pos.uel.br\/direito-negocial\/wp-content\/uploads\/2025\/12\/ANEXO-II-RESUMO-EXPANDIDO-na\u0303o.identificado.doc\" class=\"wp-block-file__button wp-element-button\" download aria-describedby=\"wp-block-file--media-08a26907-a582-4b56-af61-79a8f91936a6\">Baixar<\/a><\/div>\n\n\n\n<div data-wp-interactive=\"core\/file\" class=\"wp-block-file\"><object data-wp-bind--hidden=\"!state.hasPdfPreview\" hidden class=\"wp-block-file__embed\" data=\"https:\/\/pos.uel.br\/direito-negocial\/wp-content\/uploads\/2026\/04\/EDITAL-RESUMOS-APROVADOS.pdf\" type=\"application\/pdf\" style=\"width:100%;height:600px\" aria-label=\"Incorporado de EDITAL - RESUMOS APROVADOS.\"><\/object><a id=\"wp-block-file--media-1552a2f3-7926-4042-a2f7-0f63695f0421\" href=\"https:\/\/pos.uel.br\/direito-negocial\/wp-content\/uploads\/2026\/04\/EDITAL-RESUMOS-APROVADOS.pdf\">EDITAL &#8211; RESUMOS APROVADOS<\/a><a href=\"https:\/\/pos.uel.br\/direito-negocial\/wp-content\/uploads\/2026\/04\/EDITAL-RESUMOS-APROVADOS.pdf\" class=\"wp-block-file__button wp-element-button\" download aria-describedby=\"wp-block-file--media-1552a2f3-7926-4042-a2f7-0f63695f0421\">Baixar<\/a><\/div>\n\n\n\n<hr class=\"wp-block-separator has-alpha-channel-opacity\" \/>\n\n\n\n<h2 class=\"wp-block-heading has-text-align-center\">2025<\/h2>\n\n\n\n<p><\/p>\n\n\n\n<p><strong>ENCONTRO CIENT\u00cdFICO DO V CONGRESSO DE DIREITO DAS FAM\u00cdLIAS E SUCESS\u00d5ES<\/strong><br>Edital com as normas para submiss\u00e3o de resumos expandidos e artigos no Encontro Cient\u00edfico do V Congresso de Direito das Fam\u00edlias e Sucess\u00f5es.<\/p>\n\n\n\n<p><strong>Data e hor\u00e1rio:&nbsp;<\/strong>18 e 19 de setembro das (14h \u00e0s 17h).<\/p>\n\n\n\n<p><strong>Local:<\/strong>&nbsp;No CESA (Centro de Estudos Sociais Aplicados da Universidade Estadual de Londrina.<\/p>\n\n\n\n<p><strong>Inscri\u00e7\u00f5es:<\/strong>&nbsp;<a href=\"https:\/\/www.sistemasweb.uel.br\/index.php?contents=system\/insc\/index.php&amp;pagina=view\/inscricoes\/seleciona_evento.php&amp;cod_evento=11021\">https:\/\/www.sistemasweb.uel.br\/index.php?contents=system\/insc\/index.php&amp;pagina=view\/inscricoes\/seleciona_evento.php&amp;cod_evento=11021<\/a> <\/p>\n\n\n\n<figure class=\"wp-block-gallery has-nested-images columns-default is-cropped wp-block-gallery-2 is-layout-flex wp-block-gallery-is-layout-flex\">\n<figure class=\"wp-block-image size-large\"><img loading=\"lazy\" decoding=\"async\" width=\"1024\" height=\"1024\" data-id=\"2620\" src=\"https:\/\/pos.uel.br\/direito-negocial\/wp-content\/uploads\/2025\/08\/WhatsApp-Image-2025-08-21-at-15.06.49-1024x1024.jpeg\" alt=\"\" class=\"wp-image-2620\" srcset=\"https:\/\/pos.uel.br\/direito-negocial\/wp-content\/uploads\/2025\/08\/WhatsApp-Image-2025-08-21-at-15.06.49-1024x1024.jpeg 1024w, https:\/\/pos.uel.br\/direito-negocial\/wp-content\/uploads\/2025\/08\/WhatsApp-Image-2025-08-21-at-15.06.49-300x300.jpeg 300w, https:\/\/pos.uel.br\/direito-negocial\/wp-content\/uploads\/2025\/08\/WhatsApp-Image-2025-08-21-at-15.06.49-150x150.jpeg 150w, https:\/\/pos.uel.br\/direito-negocial\/wp-content\/uploads\/2025\/08\/WhatsApp-Image-2025-08-21-at-15.06.49-768x768.jpeg 768w, https:\/\/pos.uel.br\/direito-negocial\/wp-content\/uploads\/2025\/08\/WhatsApp-Image-2025-08-21-at-15.06.49.jpeg 1080w\" sizes=\"auto, (max-width: 1024px) 100vw, 1024px\" \/><\/figure>\n<\/figure>\n\n\n\n<div data-wp-interactive=\"core\/file\" class=\"wp-block-file\"><object data-wp-bind--hidden=\"!state.hasPdfPreview\" hidden class=\"wp-block-file__embed\" data=\"https:\/\/pos.uel.br\/direito-negocial\/wp-content\/uploads\/2025\/08\/EDITAL-DE-SUBMISSAO-DE-TRABALHOS-Congresso-Familias-2025.pdf\" type=\"application\/pdf\" style=\"width:100%;height:600px\" aria-label=\"Incorporado de EDITAL DE SUBMISSAO DE TRABALHOS Congresso Familias - 2025.\"><\/object><a id=\"wp-block-file--media-db35e08f-56ae-43d2-bee4-2fea7d0cb7e5\" href=\"https:\/\/pos.uel.br\/direito-negocial\/wp-content\/uploads\/2025\/08\/EDITAL-DE-SUBMISSAO-DE-TRABALHOS-Congresso-Familias-2025.pdf\">EDITAL DE SUBMISSAO DE TRABALHOS Congresso Familias &#8211; 2025<\/a><a href=\"https:\/\/pos.uel.br\/direito-negocial\/wp-content\/uploads\/2025\/08\/EDITAL-DE-SUBMISSAO-DE-TRABALHOS-Congresso-Familias-2025.pdf\" class=\"wp-block-file__button wp-element-button\" download aria-describedby=\"wp-block-file--media-db35e08f-56ae-43d2-bee4-2fea7d0cb7e5\">Baixar<\/a><\/div>\n\n\n\n<div data-wp-interactive=\"core\/file\" class=\"wp-block-file\"><object data-wp-bind--hidden=\"!state.hasPdfPreview\" hidden class=\"wp-block-file__embed\" data=\"https:\/\/pos.uel.br\/direito-negocial\/wp-content\/uploads\/2025\/09\/EDITAL-DE-TRABALHOS-APROVADOS-V-CONGRESSO-DE-DIREITOS-DAS-FAMI\u0301LIAS-E-SUCESSO\u0303ES.pdf\" type=\"application\/pdf\" style=\"width:100%;height:600px\" aria-label=\"Incorporado de EDITAL DE TRABALHOS APROVADOS - V CONGRESSO DE DIREITOS DAS FAMI\u0301LIAS E SUCESSO\u0303ES.\"><\/object><a id=\"wp-block-file--media-295a0489-0373-4d95-9884-1982940d5a9c\" href=\"https:\/\/pos.uel.br\/direito-negocial\/wp-content\/uploads\/2025\/09\/EDITAL-DE-TRABALHOS-APROVADOS-V-CONGRESSO-DE-DIREITOS-DAS-FAMI\u0301LIAS-E-SUCESSO\u0303ES.pdf\">EDITAL DE TRABALHOS APROVADOS &#8211; V CONGRESSO DE DIREITOS DAS FAMI\u0301LIAS E SUCESSO\u0303ES<\/a><a href=\"https:\/\/pos.uel.br\/direito-negocial\/wp-content\/uploads\/2025\/09\/EDITAL-DE-TRABALHOS-APROVADOS-V-CONGRESSO-DE-DIREITOS-DAS-FAMI\u0301LIAS-E-SUCESSO\u0303ES.pdf\" class=\"wp-block-file__button wp-element-button\" download aria-describedby=\"wp-block-file--media-295a0489-0373-4d95-9884-1982940d5a9c\">Baixar<\/a><\/div>\n\n\n\n<div data-wp-interactive=\"core\/file\" class=\"wp-block-file\"><object data-wp-bind--hidden=\"!state.hasPdfPreview\" hidden class=\"wp-block-file__embed\" data=\"https:\/\/pos.uel.br\/direito-negocial\/wp-content\/uploads\/2025\/09\/EDITAL-DE-TRABALHOS-APROVADOS-V-CONGRESSO-DE-DIREITOS-DAS-FAMI\u0301LIAS-E-SUCESSO\u0303ES-retificado.pdf\" type=\"application\/pdf\" style=\"width:100%;height:600px\" aria-label=\"Incorporado de EDITAL RETIFICADO DE TRABALHOS APROVADOS - V CONGRESSO DE DIREITOS DAS FAMI\u0301LIAS E SUCESSO\u0303ES (retificado).\"><\/object><a id=\"wp-block-file--media-8902c386-aaef-4d59-ab48-82c3a76a5fa8\" href=\"https:\/\/pos.uel.br\/direito-negocial\/wp-content\/uploads\/2025\/09\/EDITAL-DE-TRABALHOS-APROVADOS-V-CONGRESSO-DE-DIREITOS-DAS-FAMI\u0301LIAS-E-SUCESSO\u0303ES-retificado.pdf\">EDITAL RETIFICADO DE TRABALHOS APROVADOS &#8211; V CONGRESSO DE DIREITOS DAS FAMI\u0301LIAS E SUCESSO\u0303ES (retificado)<\/a><a href=\"https:\/\/pos.uel.br\/direito-negocial\/wp-content\/uploads\/2025\/09\/EDITAL-DE-TRABALHOS-APROVADOS-V-CONGRESSO-DE-DIREITOS-DAS-FAMI\u0301LIAS-E-SUCESSO\u0303ES-retificado.pdf\" class=\"wp-block-file__button wp-element-button\" download aria-describedby=\"wp-block-file--media-8902c386-aaef-4d59-ab48-82c3a76a5fa8\">Baixar<\/a><\/div>\n\n\n\n<div data-wp-interactive=\"core\/file\" class=\"wp-block-file\"><object data-wp-bind--hidden=\"!state.hasPdfPreview\" hidden class=\"wp-block-file__embed\" data=\"https:\/\/pos.uel.br\/direito-negocial\/wp-content\/uploads\/2025\/08\/EDITAL_ENCONTRO_CIENTIFICO__I_ENCONTRO_CIENTIFICO_SIMPOSIO_DESAFIOS_ATUAIS_DO_DIREITO_NEGOCIAL.pdf\" type=\"application\/pdf\" style=\"width:100%;height:600px\" aria-label=\"Incorporado de EDITAL_ENCONTRO_CIENTIFICO__I_ENCONTRO_CIENT\u00cdFICO_SIMP\u00d3SIO_DESAFIOS_ATUAIS_DO_DIREITO_NEGOCIAL.\"><\/object><a id=\"wp-block-file--media-3ecc2191-255c-4603-bbbd-1bdf1e7a2587\" href=\"https:\/\/pos.uel.br\/direito-negocial\/wp-content\/uploads\/2025\/08\/EDITAL_ENCONTRO_CIENTIFICO__I_ENCONTRO_CIENTIFICO_SIMPOSIO_DESAFIOS_ATUAIS_DO_DIREITO_NEGOCIAL.pdf\">EDITAL_ENCONTRO_CIENTIFICO__I_ENCONTRO_CIENT\u00cdFICO_SIMP\u00d3SIO_DESAFIOS_ATUAIS_DO_DIREITO_NEGOCIAL<\/a><a href=\"https:\/\/pos.uel.br\/direito-negocial\/wp-content\/uploads\/2025\/08\/EDITAL_ENCONTRO_CIENTIFICO__I_ENCONTRO_CIENTIFICO_SIMPOSIO_DESAFIOS_ATUAIS_DO_DIREITO_NEGOCIAL.pdf\" class=\"wp-block-file__button wp-element-button\" download aria-describedby=\"wp-block-file--media-3ecc2191-255c-4603-bbbd-1bdf1e7a2587\">Baixar<\/a><\/div>\n\n\n\n<div data-wp-interactive=\"core\/file\" class=\"wp-block-file\"><object data-wp-bind--hidden=\"!state.hasPdfPreview\" hidden class=\"wp-block-file__embed\" data=\"https:\/\/pos.uel.br\/direito-negocial\/wp-content\/uploads\/2025\/08\/ANEXO-I-NORMAS-GERAIS-E-ESPECI\u0301FICAS.pdf\" type=\"application\/pdf\" style=\"width:100%;height:600px\" aria-label=\"Incorporado de ANEXO I - NORMAS GERAIS E ESPECI\u0301FICAS.\"><\/object><a id=\"wp-block-file--media-e347b8d4-ead6-4656-8408-eaa37e9755c1\" href=\"https:\/\/pos.uel.br\/direito-negocial\/wp-content\/uploads\/2025\/08\/ANEXO-I-NORMAS-GERAIS-E-ESPECI\u0301FICAS.pdf\">ANEXO I &#8211; NORMAS GERAIS E ESPECI\u0301FICAS<\/a><a href=\"https:\/\/pos.uel.br\/direito-negocial\/wp-content\/uploads\/2025\/08\/ANEXO-I-NORMAS-GERAIS-E-ESPECI\u0301FICAS.pdf\" class=\"wp-block-file__button wp-element-button\" download aria-describedby=\"wp-block-file--media-e347b8d4-ead6-4656-8408-eaa37e9755c1\">Baixar<\/a><\/div>\n\n\n\n<p><\/p>\n\n\n\n<details class=\"wp-block-details is-layout-flow wp-block-details-is-layout-flow\"><summary><strong>ENCONTRO CIENT\u00cdFICO DO SIMP\u00d3SIO DESAFIOS ATUAIS DO DIREITO NEGOCIAL: RESPONSABILIDADE CIVIL, NOVOS DANOS E A PROTE\u00c7\u00c3O DO CONSUMIDOR<\/strong><br>Evento organizado pelo Programa de P\u00f3s-Gradua\u00e7\u00e3o em Direito Negocial da Universidade Estadual de Londrina, Instituto Brasileiro de Estudos em Responsabilidade Civil (IBERC) e a Comiss\u00e3o de Direitos do Consumidor da OAB Londrina.<\/summary>\n<p><\/p>\n\n\n\n<p><strong>Data e hor\u00e1rio: <\/strong>04 de setembro de 2025, presencial, das 14:30hrs at\u00e9 16h30hrs. <\/p>\n\n\n\n<p><strong>Local:<\/strong> OAB LONDRINA &#8211; Rua Gov. Parigot de Souza, 311 &#8211; Jardim Cai\u00e7aras, Londrina\/PR.<\/p>\n\n\n\n<p><strong>Inscri\u00e7\u00f5es<\/strong> <strong>para o Evento Cient\u00edfico<\/strong>: <a href=\"https:\/\/www.sistemasweb.uel.br\/index.php?contents=system\/insc\/index.php&amp;pagina=view\/inscricoes\/seleciona_evento.php&amp;cod_evento=10958\">https:\/\/www.sistemasweb.uel.br\/index.php?contents=system\/insc\/index.php&amp;pagina=view\/inscricoes\/seleciona_evento.php&amp;cod_evento=10958<\/a><\/p>\n\n\n<div class=\"wp-block-image\">\n<figure class=\"aligncenter size-full is-resized\"><img loading=\"lazy\" decoding=\"async\" width=\"1080\" height=\"1350\" src=\"https:\/\/pos.uel.br\/direito-negocial\/wp-content\/uploads\/2025\/07\/WhatsApp-Image-2025-07-21-at-14.36.02.jpeg\" alt=\"\" class=\"wp-image-2321\" style=\"width:480px;height:auto\" srcset=\"https:\/\/pos.uel.br\/direito-negocial\/wp-content\/uploads\/2025\/07\/WhatsApp-Image-2025-07-21-at-14.36.02.jpeg 1080w, https:\/\/pos.uel.br\/direito-negocial\/wp-content\/uploads\/2025\/07\/WhatsApp-Image-2025-07-21-at-14.36.02-240x300.jpeg 240w, https:\/\/pos.uel.br\/direito-negocial\/wp-content\/uploads\/2025\/07\/WhatsApp-Image-2025-07-21-at-14.36.02-819x1024.jpeg 819w, https:\/\/pos.uel.br\/direito-negocial\/wp-content\/uploads\/2025\/07\/WhatsApp-Image-2025-07-21-at-14.36.02-768x960.jpeg 768w\" sizes=\"auto, (max-width: 1080px) 100vw, 1080px\" \/><\/figure>\n<\/div><\/details>\n\n\n\n<p><\/p>\n\n\n\n<div data-wp-interactive=\"core\/file\" class=\"wp-block-file\"><object data-wp-bind--hidden=\"!state.hasPdfPreview\" hidden class=\"wp-block-file__embed\" data=\"https:\/\/pos.uel.br\/direito-negocial\/wp-content\/uploads\/2025\/07\/EDITAL-ENCONTRO-CIENTI\u0301FICO-I-SIMPOSIO-RC-04.09.25-1.pdf\" type=\"application\/pdf\" style=\"width:100%;height:600px\" aria-label=\"Incorporado de EDITAL ENCONTRO CIENTI\u0301FICO - I SIMPOSIO RC - 04.09.25.\"><\/object><a id=\"wp-block-file--media-79d4e685-c4ce-440c-8b61-ae3413b1b91a\" href=\"https:\/\/pos.uel.br\/direito-negocial\/wp-content\/uploads\/2025\/07\/EDITAL-ENCONTRO-CIENTI\u0301FICO-I-SIMPOSIO-RC-04.09.25-1.pdf\">EDITAL ENCONTRO CIENTI\u0301FICO &#8211; I SIMPOSIO RC &#8211; 04.09.25<\/a><a href=\"https:\/\/pos.uel.br\/direito-negocial\/wp-content\/uploads\/2025\/07\/EDITAL-ENCONTRO-CIENTI\u0301FICO-I-SIMPOSIO-RC-04.09.25-1.pdf\" class=\"wp-block-file__button wp-element-button\" download aria-describedby=\"wp-block-file--media-79d4e685-c4ce-440c-8b61-ae3413b1b91a\">Baixar<\/a><\/div>\n\n\n\n<div class=\"wp-block-file aligncenter\"><a id=\"wp-block-file--media-a5b469a9-5a0d-40df-bb0a-ffe9218970cf\" href=\"https:\/\/pos.uel.br\/direito-negocial\/wp-content\/uploads\/2025\/07\/ANEXO-I-RESUMO-SIMPLES-palavras.doc\">ANEXO I &#8211; RESUMO SIMPLES &#8211; palavras<\/a><a href=\"https:\/\/pos.uel.br\/direito-negocial\/wp-content\/uploads\/2025\/07\/ANEXO-I-RESUMO-SIMPLES-palavras.doc\" class=\"wp-block-file__button wp-element-button\" download aria-describedby=\"wp-block-file--media-a5b469a9-5a0d-40df-bb0a-ffe9218970cf\">Baixar<\/a><\/div>\n\n\n\n<div class=\"wp-block-file aligncenter\"><a id=\"wp-block-file--media-cd823f33-980a-4777-ba63-11713d6e417a\" href=\"https:\/\/pos.uel.br\/direito-negocial\/wp-content\/uploads\/2025\/07\/ANEXO-II-RESUMO-EXPANDIDO-palavras.doc\">ANEXO II &#8211; RESUMO EXPANDIDO &#8211; palavras<\/a><a href=\"https:\/\/pos.uel.br\/direito-negocial\/wp-content\/uploads\/2025\/07\/ANEXO-II-RESUMO-EXPANDIDO-palavras.doc\" class=\"wp-block-file__button wp-element-button\" download aria-describedby=\"wp-block-file--media-cd823f33-980a-4777-ba63-11713d6e417a\">Baixar<\/a><\/div>\n\n\n\n<p class=\"has-text-align-center\"><\/p>\n\n\n\n<p><strong>TRABALHOS APROVADOS<\/strong><\/p>\n\n\n\n<div data-wp-interactive=\"core\/file\" class=\"wp-block-file\"><object data-wp-bind--hidden=\"!state.hasPdfPreview\" hidden class=\"wp-block-file__embed\" data=\"https:\/\/pos.uel.br\/direito-negocial\/wp-content\/uploads\/2025\/08\/EDITAL_ENCONTRO_CIENTIFICO__I_SIMPOSIO_RC__040925_1756497700261046_1756498566764862.pdf\" type=\"application\/pdf\" style=\"width:100%;height:600px\" aria-label=\"Incorporado de EDITAL_ENCONTRO_CIENTIFICO__I_SIMPOSIO_RC__040925_1756497700261046_1756498566764862.\"><\/object><a id=\"wp-block-file--media-e4303ea8-65c3-4ee0-a4e2-dea6e4391615\" href=\"https:\/\/pos.uel.br\/direito-negocial\/wp-content\/uploads\/2025\/08\/EDITAL_ENCONTRO_CIENTIFICO__I_SIMPOSIO_RC__040925_1756497700261046_1756498566764862.pdf\">EDITAL_ENCONTRO_CIENTIFICO__I_SIMPOSIO_RC__040925_1756497700261046_1756498566764862<\/a><a href=\"https:\/\/pos.uel.br\/direito-negocial\/wp-content\/uploads\/2025\/08\/EDITAL_ENCONTRO_CIENTIFICO__I_SIMPOSIO_RC__040925_1756497700261046_1756498566764862.pdf\" class=\"wp-block-file__button wp-element-button\" download aria-describedby=\"wp-block-file--media-e4303ea8-65c3-4ee0-a4e2-dea6e4391615\">Baixar<\/a><\/div>\n\n\n\n<details class=\"wp-block-details is-layout-flow wp-block-details-is-layout-flow\"><summary><strong>IV SIMP\u00d3SIO PARAGUAI &#8211; BRASIL: DIREITO INTERNACIONAL E DESENVOLVIMENTO<\/strong><br>Evento organizado pelo Programa de Mestrado e Doutorado em Direito Negocial da Universidade Estadual de Londrina (UEL) em conjunto com a <em>Faculdad de Ciencias Jur\u00eddicas y Sociales e a Universidad Nacional de Canindey\u00fa<\/em> (UNICAN), do Paraguai.<\/summary>\n<div class=\"wp-block-uel-card\">\n<p><strong>Data: <\/strong>19 e 20 de maio<\/p>\n\n\n\n<p><strong>Local:<\/strong> UNICAN\/PY<\/p>\n\n\n<div class=\"wp-block-image\">\n<figure class=\"aligncenter size-large\"><img loading=\"lazy\" decoding=\"async\" width=\"1024\" height=\"1024\" src=\"https:\/\/pos.uel.br\/direito-negocial\/wp-content\/uploads\/2025\/05\/WhatsApp-Image-2025-05-19-at-09.22.39-1024x1024.jpeg\" alt=\"\" class=\"wp-image-1844\" srcset=\"https:\/\/pos.uel.br\/direito-negocial\/wp-content\/uploads\/2025\/05\/WhatsApp-Image-2025-05-19-at-09.22.39-1024x1024.jpeg 1024w, https:\/\/pos.uel.br\/direito-negocial\/wp-content\/uploads\/2025\/05\/WhatsApp-Image-2025-05-19-at-09.22.39-300x300.jpeg 300w, https:\/\/pos.uel.br\/direito-negocial\/wp-content\/uploads\/2025\/05\/WhatsApp-Image-2025-05-19-at-09.22.39-150x150.jpeg 150w, https:\/\/pos.uel.br\/direito-negocial\/wp-content\/uploads\/2025\/05\/WhatsApp-Image-2025-05-19-at-09.22.39-768x768.jpeg 768w, https:\/\/pos.uel.br\/direito-negocial\/wp-content\/uploads\/2025\/05\/WhatsApp-Image-2025-05-19-at-09.22.39.jpeg 1080w\" sizes=\"auto, (max-width: 1024px) 100vw, 1024px\" \/><\/figure>\n<\/div><\/div>\n<\/details>\n\n\n\n<p><\/p>\n\n\n\n<details class=\"wp-block-details is-layout-flow wp-block-details-is-layout-flow\"><summary><strong>SIMP\u00d3SIO INTERNACIONAL DE RESPONSABILIDADE CIVIL: A RESPONSABILIDADE EXTRACONTRATUAL NO DIREITO PORTUGU\u00caS<\/strong><br>Evento organizado pelo Programa de P\u00f3s-gradua\u00e7\u00e3o em Direito Negocial da Universidade Estadual de Londrina com o objetivo de promover o estudo comparado da responsabilidade civil extracontratual entre Brasil e Portugal.<\/summary>\n<div class=\"wp-block-uel-card\">\n<p><strong>Data e hor\u00e1rio: <\/strong>06 de maio (10:00h-12:00)<\/p>\n\n\n\n<p><strong>Local:<\/strong> Sala 447 do CESA (Centro de Estudos Sociais Aplicados da Universidade Estadual de Londrina.<\/p>\n\n\n\n<p><strong>Palestrante principal:<\/strong> Prof. Dr. Renato Lovato Neto<\/p>\n\n\n\n<p><strong>Inscri\u00e7\u00f5es:<\/strong> <a href=\"http:\/\/www.uel.br\/eventos\/insc\/?id=10654\">http:\/\/www.uel.br\/eventos\/insc\/?id=10654<\/a> <\/p>\n\n\n<div class=\"wp-block-image\">\n<figure class=\"aligncenter size-large\"><img loading=\"lazy\" decoding=\"async\" width=\"1024\" height=\"1024\" src=\"https:\/\/pos.uel.br\/direito-negocial\/wp-content\/uploads\/2025\/05\/WhatsApp-Image-2025-05-15-at-09.03.28-5-1024x1024.jpeg\" alt=\"\" class=\"wp-image-1814\" srcset=\"https:\/\/pos.uel.br\/direito-negocial\/wp-content\/uploads\/2025\/05\/WhatsApp-Image-2025-05-15-at-09.03.28-5-1024x1024.jpeg 1024w, https:\/\/pos.uel.br\/direito-negocial\/wp-content\/uploads\/2025\/05\/WhatsApp-Image-2025-05-15-at-09.03.28-5-300x300.jpeg 300w, https:\/\/pos.uel.br\/direito-negocial\/wp-content\/uploads\/2025\/05\/WhatsApp-Image-2025-05-15-at-09.03.28-5-150x150.jpeg 150w, https:\/\/pos.uel.br\/direito-negocial\/wp-content\/uploads\/2025\/05\/WhatsApp-Image-2025-05-15-at-09.03.28-5-768x768.jpeg 768w, https:\/\/pos.uel.br\/direito-negocial\/wp-content\/uploads\/2025\/05\/WhatsApp-Image-2025-05-15-at-09.03.28-5.jpeg 1080w\" sizes=\"auto, (max-width: 1024px) 100vw, 1024px\" \/><\/figure>\n<\/div><\/div>\n<\/details>\n\n\n\n<h3 class=\"wp-block-heading has-text-align-center\">2024<\/h3>\n\n\n\n<div class=\"wp-block-uel-card\">\n<details class=\"wp-block-details is-layout-flow wp-block-details-is-layout-flow\"><summary><strong>II ENCONTRO DE EGRESSOS<\/strong><br>Evento organizado pelo Programa de P\u00f3s-Gradua\u00e7\u00e3o em Direito Negocial da Universidade Estadual de Londrina, com o objetivo de compartilhar as pesquisas e experi\u00eancias vivenciadas pelos egressos do programa.<\/summary>\n<p><\/p>\n\n\n\n<p><strong>Data e hor\u00e1rio: <\/strong>01\/11\/2024 (08:00h-12h e 19:00-22h)<\/p>\n\n\n\n<p><strong>Local:<\/strong> CESA (Centro de Estudos Sociais Aplicados da Universidade Estadual de Londrina.<\/p>\n\n\n\n<p><strong>Palestrantes principais:<\/strong> Arthur Lutiheri (Juiz de Direito) e Samia Sirino (Professora do Programa de Mestrado Profissional em Direito das Faculdades Londrina).<\/p>\n\n\n<div class=\"wp-block-image\">\n<figure class=\"aligncenter size-full is-resized\"><img loading=\"lazy\" decoding=\"async\" width=\"886\" height=\"890\" src=\"https:\/\/pos.uel.br\/direito-negocial\/wp-content\/uploads\/2024\/11\/image.png\" alt=\"\" class=\"wp-image-734\" style=\"width:480px;height:auto\" srcset=\"https:\/\/pos.uel.br\/direito-negocial\/wp-content\/uploads\/2024\/11\/image.png 886w, https:\/\/pos.uel.br\/direito-negocial\/wp-content\/uploads\/2024\/11\/image-300x300.png 300w, https:\/\/pos.uel.br\/direito-negocial\/wp-content\/uploads\/2024\/11\/image-150x150.png 150w, https:\/\/pos.uel.br\/direito-negocial\/wp-content\/uploads\/2024\/11\/image-768x771.png 768w\" sizes=\"auto, (max-width: 886px) 100vw, 886px\" \/><\/figure>\n<\/div><\/details>\n<\/div>\n\n\n\n<div class=\"wp-block-uel-card\">\n<details class=\"wp-block-details is-layout-flow wp-block-details-is-layout-flow\"><summary><strong>III SIMP\u00d3SIO BRASIL \u2013 PARAGUAI DE DIREITO INTERNACIONAL E DESENVOLVIMENTO \u2013 PARCERIA UNICAN\/UEL<\/strong><br>Evento organizado pelo Programa de Mestrado e Doutorado em Direito Negocial da Universidade Estadual de Londrina (UEL) em conjunto com a <em>Faculdad de Ciencias Jur\u00eddicas y Sociales e a Facultad de Ciencias Econ\u00f3micas y Empresariales da Universidad Nacional de Canindey\u00fa<\/em> (UNICAN), do Paraguai.<\/summary>\n<p><strong>Data e hor\u00e1rio:<\/strong> 23\/08\/2024 e 24\/08\/2024&nbsp;<\/p>\n\n\n\n<p><strong>Local:<\/strong> Anfiteatro Cyro Grossi &#8211; Centro de Ci\u00eancias Biol\u00f3gicas da Universidade Estadual de Londrina.<\/p>\n\n\n<div class=\"wp-block-image\">\n<figure class=\"aligncenter size-full is-resized\"><img loading=\"lazy\" decoding=\"async\" width=\"886\" height=\"881\" src=\"https:\/\/pos.uel.br\/direito-negocial\/wp-content\/uploads\/2024\/11\/image-1.png\" alt=\"\" class=\"wp-image-735\" style=\"width:390px;height:auto\" srcset=\"https:\/\/pos.uel.br\/direito-negocial\/wp-content\/uploads\/2024\/11\/image-1.png 886w, https:\/\/pos.uel.br\/direito-negocial\/wp-content\/uploads\/2024\/11\/image-1-300x298.png 300w, https:\/\/pos.uel.br\/direito-negocial\/wp-content\/uploads\/2024\/11\/image-1-150x150.png 150w, https:\/\/pos.uel.br\/direito-negocial\/wp-content\/uploads\/2024\/11\/image-1-768x764.png 768w\" sizes=\"auto, (max-width: 886px) 100vw, 886px\" \/><\/figure>\n<\/div>\n\n\n<div class=\"wp-block-buttons is-content-justification-center is-layout-flex wp-container-core-buttons-is-layout-5e6b19ed wp-block-buttons-is-layout-flex\">\n<div class=\"wp-block-button\"><a class=\"wp-block-button__link wp-element-button\" href=\"https:\/\/www.uel.br\/pos\/mestradoemdireito\/pages\/arquivos\/RETFICA%C3%87%C3%83O%20EDITAL%20-%20EVENTO%20BRASIL%20-%20PARAGUAI\/RETIFICA%C3%87%C3%83O%20-%20EDITAL%20III%20ENCONTRO%20CIENTIFICO%20UNICAN.pdf\">Edital<\/a><\/div>\n\n\n\n<div class=\"wp-block-button\"><a class=\"wp-block-button__link has-text-align-center wp-element-button\" href=\"https:\/\/www.uel.br\/pos\/mestradoemdireito\/pages\/arquivos\/III%20Simposio%20Brasil-Paraguai%20de%20direito%20internacional%20e%20desenvolvimento\/EDITAL%20DOS%20TRABALHOS%20APROVADOS%20UEL%20UNICAN(2).pdf\">Trabalhos aprovados para apresenta\u00e7\u00e3o<\/a><\/div>\n<\/div>\n\n\n\n<p><\/p>\n<\/details>\n<\/div>\n\n\n\n<div class=\"wp-block-uel-card\">\n<details class=\"wp-block-details is-layout-flow wp-block-details-is-layout-flow\"><summary><strong>III ENCONTRO INTERNACIONAL DA REDE DE GRUPOS DE PESQUISA EM DIREITO DE FAM\u00cdLIA E SUCESS\u00d5ES (REFAM) \u2013 FAM\u00cdLIA E SUCESS\u00d5ES: DESAFIOS ATUAIS<\/strong><br>Evento que busca divulgar as pesquisas realizadas pelos integrantes da rede, al\u00e9m de desenvolver a\u00e7\u00f5es de internacionaliza\u00e7\u00e3o dos programas de p\u00f3s-gradua\u00e7\u00e3o vinculados \u00e0 rede.<\/summary>\n<p>Organizado pela REFAM: A ReFam \u00e9 uma rede de pesquisa composta por sete grupos de pesquisa vinculados a programas de p\u00f3s-gradua\u00e7\u00e3o da Universidade Federal de Santa Catarina (UFSC), da Universidade do Sul de Santa Catarina (UNISUL\/SC), da Funda\u00e7\u00e3o Escola Superior do Minist\u00e9rio P\u00fablico (FMP\/RS), da Universidade Federal do Rio Grande do Sul (UFRGS), da Universidade Federal do Paran\u00e1 (UFPR), Pontif\u00edcia Universidade Cat\u00f3lica do Paran\u00e1 (PUC\/PR) e da UEL.<\/p>\n\n\n\n<p><strong>Data e hor\u00e1rio: 28\/09\/2024 \u00e0s 14:00h<br>Local: <\/strong>online<\/p>\n\n\n<div class=\"wp-block-image\">\n<figure class=\"aligncenter size-full is-resized\"><img loading=\"lazy\" decoding=\"async\" width=\"852\" height=\"823\" src=\"https:\/\/pos.uel.br\/direito-negocial\/wp-content\/uploads\/2024\/11\/image-2.png\" alt=\"\" class=\"wp-image-737\" style=\"width:454px;height:auto\" srcset=\"https:\/\/pos.uel.br\/direito-negocial\/wp-content\/uploads\/2024\/11\/image-2.png 852w, https:\/\/pos.uel.br\/direito-negocial\/wp-content\/uploads\/2024\/11\/image-2-300x290.png 300w, https:\/\/pos.uel.br\/direito-negocial\/wp-content\/uploads\/2024\/11\/image-2-768x742.png 768w\" sizes=\"auto, (max-width: 852px) 100vw, 852px\" \/><\/figure>\n<\/div>\n\n\n<div class=\"wp-block-buttons is-content-justification-center is-layout-flex wp-container-core-buttons-is-layout-16018d1d wp-block-buttons-is-layout-flex\">\n<div class=\"wp-block-button\"><a class=\"wp-block-button__link has-text-align-center wp-element-button\" href=\"https:\/\/www.uel.br\/pos\/mestradoemdireito\/pages\/arquivos\/REFAM\/LISTAGEM%20DE%20ARTIGOS%20QUE%20IR%C3%83O%20COMPOR%20OS%20LIVROS%20REFAM%201.pdf\">Artigos aprovados para as obras da REFAM<\/a><\/div>\n<\/div>\n<\/details>\n<\/div>\n\n\n\n<h3 class=\"wp-block-heading has-text-align-center\">2023<\/h3>\n\n\n\n<div class=\"wp-block-uel-card\">\n<details class=\"wp-block-details is-layout-flow wp-block-details-is-layout-flow\"><summary><strong>XIV DI\u00c1LOGOS FILOS\u00d3FICOS E JUR\u00cdDICOS E V CONGRESSO INTERNACIONAL SOBRE GLOBALIZA\u00c7\u00c3O, \u00c9TICA E DIREITO<\/strong><br>Evento organizado pela Universidade Estadual de Londrina em parceria com a Universidade Federal Fluminense, Universidade Complutense de Madri e Universidade de Vigo, com o objetivo de explorar o futuro da globaliza\u00e7\u00e3o e sua interse\u00e7\u00e3o com \u00e9tica e direito.<\/summary>\n<p><strong>Data e hor\u00e1rio:<\/strong> 13 e 14\/11\/2023<\/p>\n\n\n\n<p><strong>Local:<\/strong> Anfiteatro do CESA (Centro de Estudos Sociais Aplicados da Universidade Estadual de Londrina).<\/p>\n\n\n<div class=\"wp-block-image\">\n<figure class=\"aligncenter size-full is-resized\"><img loading=\"lazy\" decoding=\"async\" width=\"886\" height=\"908\" src=\"https:\/\/pos.uel.br\/direito-negocial\/wp-content\/uploads\/2024\/11\/image-3.png\" alt=\"\" class=\"wp-image-738\" style=\"width:503px;height:auto\" srcset=\"https:\/\/pos.uel.br\/direito-negocial\/wp-content\/uploads\/2024\/11\/image-3.png 886w, https:\/\/pos.uel.br\/direito-negocial\/wp-content\/uploads\/2024\/11\/image-3-293x300.png 293w, https:\/\/pos.uel.br\/direito-negocial\/wp-content\/uploads\/2024\/11\/image-3-768x787.png 768w\" sizes=\"auto, (max-width: 886px) 100vw, 886px\" \/><\/figure>\n<\/div>\n\n\n<p><\/p>\n\n\n\n<div class=\"wp-block-buttons is-content-justification-center is-layout-flex wp-container-core-buttons-is-layout-16018d1d wp-block-buttons-is-layout-flex\">\n<div class=\"wp-block-button\"><a class=\"wp-block-button__link wp-element-button\" href=\"https:\/\/www.uel.br\/pos\/mestradoemdireito\/pages\/arquivos\/XIV%20DI%C3%81LOGOS%20FILOS%C3%93FICOS%20E%20JUR%C3%8DDICOS\/Rela%C3%A7%C3%A3o%20de%20Inscritos%20por%20Pain%C3%A9is_V%20CIGED_2023(1).pdf\">Trabalhos aprovados<\/a><\/div>\n<\/div>\n<\/details>\n<\/div>\n\n\n\n<div class=\"wp-block-uel-card\">\n<details class=\"wp-block-details is-layout-flow wp-block-details-is-layout-flow\"><summary><strong>CICLO DE PALESTRAS DE TESES DO DOUTORADO EM DIREITO NEGOCIAL DA UEL \u2013 2023<\/strong><br>Evento organizado pelo Programa de P\u00f3s-Gradua\u00e7\u00e3o em Direito Negocial da Universidade Estadual de Londrina, com o objetivo de compartilhar e disseminar as pesquisas conclu\u00eddas em n\u00edvel de doutorado, pelos egressos da UEL.<\/summary>\n<p><strong>Data e hor\u00e1rio:<\/strong> 18\/08\/2023<\/p>\n\n\n\n<p><strong>Local:<\/strong> Audit\u00f3rio do CESA (Centro de Estudos Sociais Aplicados da Universidade Estadual de Londrina).<\/p>\n\n\n\n<p><\/p>\n\n\n<div class=\"wp-block-image\">\n<figure class=\"aligncenter size-large\"><img loading=\"lazy\" decoding=\"async\" width=\"585\" height=\"1024\" src=\"https:\/\/pos.uel.br\/direito-negocial\/wp-content\/uploads\/2024\/11\/image-4-585x1024.png\" alt=\"\" class=\"wp-image-739\" srcset=\"https:\/\/pos.uel.br\/direito-negocial\/wp-content\/uploads\/2024\/11\/image-4-585x1024.png 585w, https:\/\/pos.uel.br\/direito-negocial\/wp-content\/uploads\/2024\/11\/image-4-171x300.png 171w, https:\/\/pos.uel.br\/direito-negocial\/wp-content\/uploads\/2024\/11\/image-4.png 698w\" sizes=\"auto, (max-width: 585px) 100vw, 585px\" \/><\/figure>\n<\/div>\n\n\n<p><\/p>\n<\/details>\n<\/div>\n\n\n\n<div class=\"wp-block-uel-card\">\n<details class=\"wp-block-details is-layout-flow wp-block-details-is-layout-flow\"><summary><strong>I ENCONTRO CIENT\u00cdFICO DE EGRESSOS DO PROGRAMA DE MESTRADO EM DIREITO NEGOCIAL DA UEL<\/strong><br>Evento organizado pelo Programa de P\u00f3s-Gradua\u00e7\u00e3o em Direito Negocial da Universidade Estadual de Londrina, com o objetivo de compartilhar as pesquisas e experi\u00eancias vivenciadas pelos egressos do programa.<\/summary>\n<p><strong>Data e hor\u00e1rio:<\/strong> 17\/08\/2023<\/p>\n\n\n\n<p><strong>Local: <\/strong>Anfiteatro do CESA (Centro de Estudos Sociais Aplicados da Universidade Estadual de Londrina).<\/p>\n\n\n\n<p><\/p>\n\n\n<div class=\"wp-block-image\">\n<figure class=\"aligncenter size-full is-resized\"><img loading=\"lazy\" decoding=\"async\" width=\"886\" height=\"908\" src=\"https:\/\/pos.uel.br\/direito-negocial\/wp-content\/uploads\/2024\/11\/image-5.png\" alt=\"\" class=\"wp-image-740\" style=\"width:426px;height:auto\" srcset=\"https:\/\/pos.uel.br\/direito-negocial\/wp-content\/uploads\/2024\/11\/image-5.png 886w, https:\/\/pos.uel.br\/direito-negocial\/wp-content\/uploads\/2024\/11\/image-5-293x300.png 293w, https:\/\/pos.uel.br\/direito-negocial\/wp-content\/uploads\/2024\/11\/image-5-768x787.png 768w\" sizes=\"auto, (max-width: 886px) 100vw, 886px\" \/><\/figure>\n<\/div>\n\n\n<p><\/p>\n<\/details>\n<\/div>\n\n\n\n<h3 class=\"wp-block-heading has-text-align-center\">2022<\/h3>\n\n\n\n<div class=\"wp-block-uel-card\">\n<details class=\"wp-block-details is-layout-flow wp-block-details-is-layout-flow\"><summary><strong>III CONGRESSO DE DIREITO DAS FAM\u00cdLIAS E SUCESS\u00d5ES DO PROGRAMA DE MESTRADO E DOUTORADO EM DIREITO NEGOCIAL DA UEL<\/strong><br>A primavera como esta\u00e7\u00e3o principal: O florescer e o entardecer da vida no cen\u00e1rio jur\u00eddico<\/summary><div class=\"wp-block-image\">\n<figure class=\"aligncenter size-large is-resized\"><img loading=\"lazy\" decoding=\"async\" width=\"723\" height=\"1024\" src=\"https:\/\/pos.uel.br\/direito-negocial\/wp-content\/uploads\/2024\/11\/image-6-723x1024.png\" alt=\"\" class=\"wp-image-749\" style=\"width:603px;height:auto\" srcset=\"https:\/\/pos.uel.br\/direito-negocial\/wp-content\/uploads\/2024\/11\/image-6-723x1024.png 723w, https:\/\/pos.uel.br\/direito-negocial\/wp-content\/uploads\/2024\/11\/image-6-212x300.png 212w, https:\/\/pos.uel.br\/direito-negocial\/wp-content\/uploads\/2024\/11\/image-6-768x1087.png 768w, https:\/\/pos.uel.br\/direito-negocial\/wp-content\/uploads\/2024\/11\/image-6.png 886w\" sizes=\"auto, (max-width: 723px) 100vw, 723px\" \/><\/figure>\n<\/div>\n\n\n<p><br><strong>Data e hor\u00e1rio:<\/strong> 19, 20 e 21 de outubro de 2022<\/p>\n\n\n\n<p><strong>Local:<\/strong> online<br><br><\/p>\n<\/details>\n<\/div>\n\n\n\n<h3 class=\"wp-block-heading has-text-align-center\">2021<\/h3>\n\n\n\n<div class=\"wp-block-uel-card\">\n<details class=\"wp-block-details is-layout-flow wp-block-details-is-layout-flow\"><summary><strong>II CONGRESSO DE DIREITO DAS FAM\u00cdLIAS E SUCESS\u00d5ES DO INTERIOR DO PARAN\u00c1: <em>Ressignifica\u00e7\u00e3o das Fam\u00edlias sob a \u00d3tica do Direito e da Psicologia.<\/em><\/strong><\/summary>\n<p><\/p>\n\n\n\n<p><strong>Data:<\/strong> 28, 29 e 30 de setembro de 2021.<\/p>\n\n\n\n<p><strong>Local: <\/strong>Google Meet.<\/p>\n<\/details>\n<\/div>\n\n\n\n<div class=\"wp-block-uel-card\">\n<details class=\"wp-block-details is-layout-flow wp-block-details-is-layout-flow\"><summary><strong>PRIMEIRO ENCONTRO DE DIREITO AMBIENTAL E URBAN\u00cdSTICO: TEMAS CONTEMPOR\u00c2NEOS<\/strong><\/summary>\n<div class=\"wp-block-group is-nowrap is-layout-flex wp-container-core-group-is-layout-ad2f72ca wp-block-group-is-layout-flex\">\n<p><strong>Local: <\/strong>Google meet.<\/p>\n<\/div>\n\n\n\n<p><strong>Data: <\/strong>29 de abril de 2021.<\/p>\n\n\n<div class=\"wp-block-image\">\n<figure class=\"aligncenter size-full is-resized\"><img loading=\"lazy\" decoding=\"async\" width=\"886\" height=\"885\" src=\"https:\/\/pos.uel.br\/direito-negocial\/wp-content\/uploads\/2024\/11\/image-7.png\" alt=\"\" class=\"wp-image-751\" style=\"width:593px;height:auto\" srcset=\"https:\/\/pos.uel.br\/direito-negocial\/wp-content\/uploads\/2024\/11\/image-7.png 886w, https:\/\/pos.uel.br\/direito-negocial\/wp-content\/uploads\/2024\/11\/image-7-300x300.png 300w, https:\/\/pos.uel.br\/direito-negocial\/wp-content\/uploads\/2024\/11\/image-7-150x150.png 150w, https:\/\/pos.uel.br\/direito-negocial\/wp-content\/uploads\/2024\/11\/image-7-768x767.png 768w\" sizes=\"auto, (max-width: 886px) 100vw, 886px\" \/><\/figure>\n<\/div>\n\n\n<div class=\"wp-block-buttons is-layout-flex wp-block-buttons-is-layout-flex\">\n<div class=\"wp-block-button\"><a class=\"wp-block-button__link wp-element-button\" href=\"http:\/\/www.uel.br\/eventos\/insc\/?id=6402\">Inscri\u00e7\u00f5es<\/a><\/div>\n<\/div>\n\n\n\n<p><\/p>\n<\/details>\n<\/div>\n\n\n\n<div class=\"wp-block-uel-card\">\n<details class=\"wp-block-details is-layout-flow wp-block-details-is-layout-flow\"><summary><strong>IV SIMP\u00d3SIO DE BIODIREITO E DIREITOS HUMANOS<\/strong><br>Evento organizado pelo Grupo Biodireito e Direitos Humanos, em parceria com o Programa de Mestrado e Doutorado em Direito da Universidade Estadual de Londrina e o Programa de Mestrado da Universidade Federal de Uberl\u00e2ndia.<\/summary>\n<p><\/p>\n\n\n\n<p><strong>Data: <\/strong>26 e 27 de maio de 2021.<\/p>\n\n\n\n<p><strong>Local:<\/strong> online.<\/p>\n\n\n\n<p><\/p>\n\n\n<div class=\"wp-block-image\">\n<figure class=\"aligncenter size-full is-resized\"><img loading=\"lazy\" decoding=\"async\" width=\"886\" height=\"885\" src=\"https:\/\/pos.uel.br\/direito-negocial\/wp-content\/uploads\/2024\/11\/image-8.png\" alt=\"\" class=\"wp-image-753\" style=\"width:608px;height:auto\" srcset=\"https:\/\/pos.uel.br\/direito-negocial\/wp-content\/uploads\/2024\/11\/image-8.png 886w, https:\/\/pos.uel.br\/direito-negocial\/wp-content\/uploads\/2024\/11\/image-8-300x300.png 300w, https:\/\/pos.uel.br\/direito-negocial\/wp-content\/uploads\/2024\/11\/image-8-150x150.png 150w, https:\/\/pos.uel.br\/direito-negocial\/wp-content\/uploads\/2024\/11\/image-8-768x767.png 768w\" sizes=\"auto, (max-width: 886px) 100vw, 886px\" \/><\/figure>\n<\/div>\n\n\n<p><\/p>\n<\/details>\n<\/div>\n\n\n\n<div class=\"wp-block-uel-card\">\n<details class=\"wp-block-details is-layout-flow wp-block-details-is-layout-flow\"><summary><strong>DEMOCRACIA E ECONOMIA<\/strong><br><\/summary>\n<p><strong>Data: <\/strong>12 de junho de 2021.<\/p>\n\n\n\n<p><strong>Local: <\/strong>online.<\/p>\n\n\n\n<p><\/p>\n\n\n<div class=\"wp-block-image\">\n<figure class=\"aligncenter size-large is-resized\"><img loading=\"lazy\" decoding=\"async\" width=\"721\" height=\"1024\" src=\"https:\/\/pos.uel.br\/direito-negocial\/wp-content\/uploads\/2024\/11\/image-10-721x1024.png\" alt=\"\" class=\"wp-image-755\" style=\"width:678px;height:auto\" srcset=\"https:\/\/pos.uel.br\/direito-negocial\/wp-content\/uploads\/2024\/11\/image-10-721x1024.png 721w, https:\/\/pos.uel.br\/direito-negocial\/wp-content\/uploads\/2024\/11\/image-10-211x300.png 211w, https:\/\/pos.uel.br\/direito-negocial\/wp-content\/uploads\/2024\/11\/image-10-768x1090.png 768w, https:\/\/pos.uel.br\/direito-negocial\/wp-content\/uploads\/2024\/11\/image-10.png 886w\" sizes=\"auto, (max-width: 721px) 100vw, 721px\" \/><\/figure>\n<\/div>\n\n\n<p><\/p>\n<\/details>\n<\/div>\n\n\n\n<div class=\"wp-block-uel-card\">\n<details class=\"wp-block-details is-layout-flow wp-block-details-is-layout-flow\"><summary><strong>AULA MAGNA &#8211; PROF. DR. JOS\u00c9 EDUARDO FARIA &#8220;ESTADO, ECONOMIA E AGENDA P\u00d3S-COVID&#8221;.<\/strong><\/summary>\n<p><strong>Data: <\/strong>21 de agosto de 2021.<\/p>\n\n\n\n<p><strong>Local:<\/strong> online.<\/p>\n\n\n\n<p><\/p>\n\n\n\n<figure class=\"wp-block-image size-full is-resized\"><img loading=\"lazy\" decoding=\"async\" width=\"886\" height=\"885\" src=\"https:\/\/pos.uel.br\/direito-negocial\/wp-content\/uploads\/2024\/11\/image-11.png\" alt=\"\" class=\"wp-image-756\" style=\"width:563px;height:auto\" srcset=\"https:\/\/pos.uel.br\/direito-negocial\/wp-content\/uploads\/2024\/11\/image-11.png 886w, https:\/\/pos.uel.br\/direito-negocial\/wp-content\/uploads\/2024\/11\/image-11-300x300.png 300w, https:\/\/pos.uel.br\/direito-negocial\/wp-content\/uploads\/2024\/11\/image-11-150x150.png 150w, https:\/\/pos.uel.br\/direito-negocial\/wp-content\/uploads\/2024\/11\/image-11-768x767.png 768w\" sizes=\"auto, (max-width: 886px) 100vw, 886px\" \/><\/figure>\n\n\n\n<p><\/p>\n<\/details>\n<\/div>\n\n\n\n<div class=\"wp-block-uel-card\">\n<details class=\"wp-block-details is-layout-flow wp-block-details-is-layout-flow\"><summary><strong>I CONGRESSO INTERNACIONAL DE RESPONSABILIDADE CIVIL CONTEMPOR\u00c2NEA<\/strong><\/summary>\n<p>Data: 22 e 23 de Setembro de 2021.<\/p>\n\n\n\n<p>Local: online.<\/p>\n\n\n<div class=\"wp-block-image\">\n<figure class=\"aligncenter size-large is-resized\"><img loading=\"lazy\" decoding=\"async\" width=\"725\" height=\"1024\" src=\"https:\/\/pos.uel.br\/direito-negocial\/wp-content\/uploads\/2024\/11\/image-12-725x1024.png\" alt=\"\" class=\"wp-image-757\" style=\"width:563px;height:auto\" srcset=\"https:\/\/pos.uel.br\/direito-negocial\/wp-content\/uploads\/2024\/11\/image-12-725x1024.png 725w, https:\/\/pos.uel.br\/direito-negocial\/wp-content\/uploads\/2024\/11\/image-12-212x300.png 212w, https:\/\/pos.uel.br\/direito-negocial\/wp-content\/uploads\/2024\/11\/image-12-768x1085.png 768w, https:\/\/pos.uel.br\/direito-negocial\/wp-content\/uploads\/2024\/11\/image-12.png 886w\" sizes=\"auto, (max-width: 725px) 100vw, 725px\" \/><\/figure>\n<\/div><\/details>\n<\/div>\n\n\n\n<div class=\"wp-block-uel-card\">\n<details class=\"wp-block-details is-layout-flow wp-block-details-is-layout-flow\"><summary><strong>XI SEMIN\u00c1RIO INTERINSTITUCIONAL DE P\u00d3S-GRADUA\u00c7\u00c3O EM DIREITO (UEL\/UNIMAR)<\/strong><\/summary>\n<p><strong>Data:<\/strong> 12 de novembro de 2021.<\/p>\n\n\n\n<p><strong>Local:<\/strong> online.<\/p>\n\n\n\n<p><\/p>\n\n\n<div class=\"wp-block-image\">\n<figure class=\"aligncenter size-large is-resized\"><img loading=\"lazy\" decoding=\"async\" width=\"725\" height=\"1024\" src=\"https:\/\/pos.uel.br\/direito-negocial\/wp-content\/uploads\/2024\/11\/image-13-725x1024.png\" alt=\"\" class=\"wp-image-758\" style=\"width:441px;height:auto\" srcset=\"https:\/\/pos.uel.br\/direito-negocial\/wp-content\/uploads\/2024\/11\/image-13-725x1024.png 725w, https:\/\/pos.uel.br\/direito-negocial\/wp-content\/uploads\/2024\/11\/image-13-212x300.png 212w, https:\/\/pos.uel.br\/direito-negocial\/wp-content\/uploads\/2024\/11\/image-13-768x1085.png 768w, https:\/\/pos.uel.br\/direito-negocial\/wp-content\/uploads\/2024\/11\/image-13.png 886w\" sizes=\"auto, (max-width: 725px) 100vw, 725px\" \/><\/figure>\n<\/div>\n\n\n<p><\/p>\n<\/details>\n<\/div>\n\n\n\n<div class=\"wp-block-uel-card\">\n<details class=\"wp-block-details is-layout-flow wp-block-details-is-layout-flow\"><summary><strong>XII DI\u00c1LOGOS FILOS\u00d3FICOS JUR\u00cdDICOS &#8211; X F\u00d3RUM DE PROJETOS DE PESQUISA EM DIREITO<\/strong><br><strong>Tema: Democracia, tens\u00e3o entre os poderes e polariza\u00e7\u00f5es pol\u00edticas<\/strong><\/summary>\n<p><\/p>\n\n\n\n<p>Data: 18 e 19 de novembro de 2021.<\/p>\n\n\n\n<p>Local: online.<\/p>\n\n\n<div class=\"wp-block-image\">\n<figure class=\"aligncenter size-large is-resized\"><img loading=\"lazy\" decoding=\"async\" width=\"820\" height=\"1024\" src=\"https:\/\/pos.uel.br\/direito-negocial\/wp-content\/uploads\/2024\/11\/image-14-820x1024.png\" alt=\"\" class=\"wp-image-759\" style=\"width:578px;height:auto\" srcset=\"https:\/\/pos.uel.br\/direito-negocial\/wp-content\/uploads\/2024\/11\/image-14-820x1024.png 820w, https:\/\/pos.uel.br\/direito-negocial\/wp-content\/uploads\/2024\/11\/image-14-240x300.png 240w, https:\/\/pos.uel.br\/direito-negocial\/wp-content\/uploads\/2024\/11\/image-14-768x959.png 768w, https:\/\/pos.uel.br\/direito-negocial\/wp-content\/uploads\/2024\/11\/image-14.png 886w\" sizes=\"auto, (max-width: 820px) 100vw, 820px\" \/><\/figure>\n<\/div><\/details>\n<\/div>\n\n\n\n<h3 class=\"wp-block-heading has-text-align-center\">2020<\/h3>\n\n\n\n<div class=\"wp-block-uel-card\">\n<details class=\"wp-block-details is-layout-flow wp-block-details-is-layout-flow\"><summary><strong>II CONGRESSO DE DIREITO DAS FAM\u00cdLIAS E SUCESS\u00d5ES DO INTERIOR DO PARAN\u00c1 <\/strong><br>Evento organizado \u201cChamada de Trabalhos do Encontro Cient\u00edfico do II Congresso de Direito das Fam\u00edlias e Sucess\u00f5es do Interior do Paran\u00e1\u201d<\/summary>\n<p>Fam\u00edlias e Sucess\u00f5es do Interior do Paran\u00e1\u201d<\/p>\n\n\n\n<p><strong>Data: <\/strong>29 e 30 de setembro de 2020, das 14h00min \u00e0s 18h00min. <strong>(evento adiado)<\/strong><\/p>\n\n\n\n<p><strong>Local: <\/strong>CESA &#8211; UEL.<\/p>\n<\/details>\n<\/div>\n\n\n\n<div class=\"wp-block-uel-card\">\n<details class=\"wp-block-details is-layout-flow wp-block-details-is-layout-flow\"><summary><strong>II CONGRESSO DE DIREITO DAS FAM\u00cdLIAS E SUCESS\u00d5ES DA UNIVERSIDADE ESTADUAL DE LONDRINA: UMA RELEITURA DAS FAM\u00cdLIAS EM UM CEN\u00c1RIO INTERDISCIPLINAR<\/strong><br>Evento organizado pelo Programa de Mestrado e Doutorado em Direito Negocial da Universidade Estadual de Londrina \u2013 UEL e a P\u00f3s-Gradua\u00e7\u00e3o em Direito de Fam\u00edlia e Sucess\u00f5es \u2013 Teoria e Pr\u00e1tica da Universidade Estadual de Londrina.<\/summary>\n<p><\/p>\n\n\n\n<p><strong>Data: <\/strong>03 e 04 de setembro de 2020, das 14h00min \u00e0s 18h00min.<\/p>\n\n\n\n<p><strong>Local: <\/strong>Google meet\/ Zoom.<\/p>\n<\/details>\n<\/div>\n\n\n\n<div class=\"wp-block-uel-card\">\n<details class=\"wp-block-details is-layout-flow wp-block-details-is-layout-flow\"><summary><strong>I SIMP\u00d3SIO BRASIL \u2013 PARAGUAI DE DIREITO INTERNACIONAL E DESENVOLVIMENTO PARCERIA UNICAN E UEL<\/strong><br>Evento organizado pelo O Programa de Mestrado em Direito Negocial da Universidade Estadual de Londrina \u2013 UEL em conjunto com o programa de direito Universidad Nacional de Canindey\u00fa (Unican), do Paraguai.<\/summary>\n<p>Data: 01 de outubro de 2020 (quinta-feira), das 18h00min \u00e0s 21h00min (hor\u00e1rio de Bras\u00edlia) e das 17h00min \u00e0s 20h00min (hor\u00e1rio do Paraguai).<\/p>\n\n\n\n<p>Local: online.<\/p>\n\n\n<div class=\"wp-block-image\">\n<figure class=\"aligncenter size-full is-resized\"><img loading=\"lazy\" decoding=\"async\" width=\"886\" height=\"710\" src=\"https:\/\/pos.uel.br\/direito-negocial\/wp-content\/uploads\/2024\/11\/image-17.png\" alt=\"\" class=\"wp-image-763\" style=\"width:530px;height:auto\" srcset=\"https:\/\/pos.uel.br\/direito-negocial\/wp-content\/uploads\/2024\/11\/image-17.png 886w, https:\/\/pos.uel.br\/direito-negocial\/wp-content\/uploads\/2024\/11\/image-17-300x240.png 300w, https:\/\/pos.uel.br\/direito-negocial\/wp-content\/uploads\/2024\/11\/image-17-768x615.png 768w\" sizes=\"auto, (max-width: 886px) 100vw, 886px\" \/><\/figure>\n<\/div><\/details>\n<\/div>\n\n\n\n<div class=\"wp-block-uel-card\">\n<details class=\"wp-block-details is-layout-flow wp-block-details-is-layout-flow\"><summary><strong>IX CONGRESSO DE DIREITO DA UEL SIMP\u00d3SIO LUSO-BRASILEIRO DE DIREITO: REFLEX\u00d5ES \u00c9TICO-JUR\u00cdDICAS NO CONTEXTO DA PANDEMIA<\/strong><\/summary>\n<p>Data: 15 a 17 de outubro de 2020.<\/p>\n\n\n\n<p>Local: Youtube.<\/p>\n\n\n<div class=\"wp-block-image\">\n<figure class=\"aligncenter size-full is-resized\"><img loading=\"lazy\" decoding=\"async\" width=\"886\" height=\"885\" src=\"https:\/\/pos.uel.br\/direito-negocial\/wp-content\/uploads\/2024\/11\/image-16.png\" alt=\"\" class=\"wp-image-761\" style=\"width:540px;height:auto\" srcset=\"https:\/\/pos.uel.br\/direito-negocial\/wp-content\/uploads\/2024\/11\/image-16.png 886w, https:\/\/pos.uel.br\/direito-negocial\/wp-content\/uploads\/2024\/11\/image-16-300x300.png 300w, https:\/\/pos.uel.br\/direito-negocial\/wp-content\/uploads\/2024\/11\/image-16-150x150.png 150w, https:\/\/pos.uel.br\/direito-negocial\/wp-content\/uploads\/2024\/11\/image-16-768x767.png 768w\" sizes=\"auto, (max-width: 886px) 100vw, 886px\" \/><\/figure>\n<\/div><\/details>\n<\/div>\n\n\n\n<div class=\"wp-block-uel-card\">\n<details class=\"wp-block-details is-layout-flow wp-block-details-is-layout-flow\"><summary><strong>IX F\u00d3RUM DE PROJETOS DE PESQUISA EM DIREITO<\/strong><\/summary>\n<p><strong>Data:<\/strong> 10 e 11 de dezembro de 2020.<\/p>\n\n\n\n<p><strong>Local: <\/strong>plataforma virtual Google Meet, com a seguinte disposi\u00e7\u00e3o: Grupo de Trabalho 1 \u2013 10\/12\/2020 \u00e0s 14h00min; Grupo de Trabalho 2 \u2013 11\/12\/2020 \u00e0s 09h00min; e Grupo de Trabalho 3 \u2013 11\/12\/2020 \u00e0s 14h00min.<\/p>\n\n\n\n<p><\/p>\n\n\n<div class=\"wp-block-image\">\n<figure class=\"aligncenter size-large is-resized\"><img loading=\"lazy\" decoding=\"async\" width=\"806\" height=\"1024\" src=\"https:\/\/pos.uel.br\/direito-negocial\/wp-content\/uploads\/2024\/11\/image-19-806x1024.png\" alt=\"\" class=\"wp-image-765\" style=\"width:596px;height:auto\" srcset=\"https:\/\/pos.uel.br\/direito-negocial\/wp-content\/uploads\/2024\/11\/image-19-806x1024.png 806w, https:\/\/pos.uel.br\/direito-negocial\/wp-content\/uploads\/2024\/11\/image-19-236x300.png 236w, https:\/\/pos.uel.br\/direito-negocial\/wp-content\/uploads\/2024\/11\/image-19-768x975.png 768w, https:\/\/pos.uel.br\/direito-negocial\/wp-content\/uploads\/2024\/11\/image-19.png 886w\" sizes=\"auto, (max-width: 806px) 100vw, 806px\" \/><\/figure>\n<\/div>\n\n\n<p><\/p>\n<\/details>\n<\/div>\n\n\n\n<div class=\"wp-block-uel-card\">\n<details class=\"wp-block-details is-layout-flow wp-block-details-is-layout-flow\"><summary><strong>I SIMP\u00d3SIO DE DIREITO CIVIL ENTRE A UNIVERSIDADE ESTADUAL DE LONDRINA (BR) E A UNIVERSIDADE DE CAMERINO (ITA)<\/strong><\/summary>\n<p><strong>Data:<\/strong> 03 e 04 de dezembro de 2020.<\/p>\n\n\n\n<p><strong>Local: <\/strong>Google Meet.<\/p>\n\n\n\n<p><\/p>\n\n\n<div class=\"wp-block-image\">\n<figure class=\"aligncenter size-large\"><img loading=\"lazy\" decoding=\"async\" width=\"723\" height=\"1024\" src=\"https:\/\/pos.uel.br\/direito-negocial\/wp-content\/uploads\/2024\/11\/image-21-723x1024.png\" alt=\"\" class=\"wp-image-767\" srcset=\"https:\/\/pos.uel.br\/direito-negocial\/wp-content\/uploads\/2024\/11\/image-21-723x1024.png 723w, https:\/\/pos.uel.br\/direito-negocial\/wp-content\/uploads\/2024\/11\/image-21-212x300.png 212w, https:\/\/pos.uel.br\/direito-negocial\/wp-content\/uploads\/2024\/11\/image-21-768x1087.png 768w, https:\/\/pos.uel.br\/direito-negocial\/wp-content\/uploads\/2024\/11\/image-21.png 886w\" sizes=\"auto, (max-width: 723px) 100vw, 723px\" \/><\/figure>\n<\/div>\n\n\n<p><\/p>\n<\/details>\n<\/div>\n\n\n\n<p><\/p>\n\n\n\n<p><\/p>\n","protected":false},"excerpt":{"rendered":"<p>2026 SIMP\u00d3SIO LUSO-BRASILEIRO SOBRE GEST\u00c3O DE CONFLITOS \u2728 O PPGDN\/UEL convida voc\u00ea para participar do Simp\u00f3sio Luso-Brasileiro sobre Gest\u00e3o de Conflitos! \ud83d\udccd Local: Sala 446 \u2013 CESA\ud83d\udcc5 Data: 07\/04 (ter\u00e7a-feira)\u23f0 Hor\u00e1rio: 08h30 \ud83c\udf99 Palestrantes: \ud83d\udcf2 Inscri\u00e7\u00f5es abertas! Acesso pelo QR Code. N\u00e3o perca essa oportunidade de ampliar seu olhar sobre os mecanismos de resolu\u00e7\u00e3o de [&hellip;]<\/p>\n","protected":false},"author":11,"featured_media":0,"parent":0,"menu_order":0,"comment_status":"closed","ping_status":"closed","template":"","meta":{"_acf_changed":false,"footnotes":""},"class_list":["post-103","page","type-page","status-publish","hentry"],"acf":[],"_links":{"self":[{"href":"https:\/\/pos.uel.br\/direito-negocial\/wp-json\/wp\/v2\/pages\/103","targetHints":{"allow":["GET"]}}],"collection":[{"href":"https:\/\/pos.uel.br\/direito-negocial\/wp-json\/wp\/v2\/pages"}],"about":[{"href":"https:\/\/pos.uel.br\/direito-negocial\/wp-json\/wp\/v2\/types\/page"}],"author":[{"embeddable":true,"href":"https:\/\/pos.uel.br\/direito-negocial\/wp-json\/wp\/v2\/users\/11"}],"replies":[{"embeddable":true,"href":"https:\/\/pos.uel.br\/direito-negocial\/wp-json\/wp\/v2\/comments?post=103"}],"version-history":[{"count":69,"href":"https:\/\/pos.uel.br\/direito-negocial\/wp-json\/wp\/v2\/pages\/103\/revisions"}],"predecessor-version":[{"id":4348,"href":"https:\/\/pos.uel.br\/direito-negocial\/wp-json\/wp\/v2\/pages\/103\/revisions\/4348"}],"wp:attachment":[{"href":"https:\/\/pos.uel.br\/direito-negocial\/wp-json\/wp\/v2\/media?parent=103"}],"curies":[{"name":"wp","href":"https:\/\/api.w.org\/{rel}","templated":true}]}}