{"id":180,"date":"2025-10-16T11:22:20","date_gmt":"2025-10-16T14:22:20","guid":{"rendered":"https:\/\/pos.uel.br\/direcao-de-arte\/?page_id=180"},"modified":"2025-10-17T11:06:22","modified_gmt":"2025-10-17T14:06:22","slug":"documentos-para-inscricao","status":"publish","type":"page","link":"https:\/\/pos.uel.br\/direcao-de-arte\/documentos-para-inscricao\/","title":{"rendered":"Documenta\u00e7\u00e3o Necess\u00e1ria"},"content":{"rendered":"\n<div style=\"height:20px\" aria-hidden=\"true\" class=\"wp-block-spacer\"><\/div>\n\n\n\n<div id=\"wp-block-themeisle-blocks-accordion-24d7b363\" class=\"wp-block-themeisle-blocks-accordion exclusive\">\n<details class=\"wp-block-themeisle-blocks-accordion-item\"><summary class=\"wp-block-themeisle-blocks-accordion-item__title\"><div><strong>Documentos para Inscri\u00e7\u00e3o<\/strong><\/div><\/summary><div class=\"wp-block-themeisle-blocks-accordion-item__content\">\n<p>a) C\u00e9dula de Identidade (frente e verso) ou Carteira de Identidade Nacional (modelo novo \u2013 um \u00fanico documento para RG e CPF) &#8211; Obrigat\u00f3rio para fins acad\u00eamicos. <strong><mark style=\"background-color:#00ffff\" class=\"has-inline-color\">N\u00e3o ser\u00e1 aceito carteira de habilita\u00e7\u00e3o (CNH) como documento comprobat\u00f3rio do RG;<\/mark><\/strong><br>b) Cadastro de Pessoa F\u00edsica &#8211; CPF (frente e verso). Quando na C\u00e9dula de Identidade n\u00e3o constar o n\u00ba do CPF, fica obrigat\u00f3rio a apresenta\u00e7\u00e3o do Cadastro de Pessoas F\u00edsicas ou Comprovante de Situa\u00e7\u00e3o Cadastral no CPF, retirado do site da Receita Federal. <strong><mark style=\"background-color:#00ffff\" class=\"has-inline-color\">N\u00e3o ser\u00e1 aceito carteira de habilita\u00e7\u00e3o<br>como documento comprobat\u00f3rio do CPF;<\/mark><\/strong><br>c) Documento Militar (M &#8211; frente e verso), para os que possuem at\u00e9 45 anos de idade;<br>d) Certid\u00e3o de Nascimento ou Casamento (frente e verso, sem tarja ou marcas de dobras);<br>e) Hist\u00f3rico escolar da gradua\u00e7\u00e3o completo;<br>f) C\u00f3pia digitalizada em pdf, frente e verso, do diploma do curso de gradua\u00e7\u00e3o, assinado pelo diplomado quando dispon\u00edvel espa\u00e7o de assinatura. Caso o\/a candidato\/a ainda n\u00e3o possua o diploma, dever\u00e1<br>apresentar Certificado de cola\u00e7\u00e3o de grau. Caso o\/a candidato\/a ainda n\u00e3o possua o Certificado, apresentar atestado que demonstre estar matriculado no \u00faltimo ano\/semestre do curso de gradua\u00e7\u00e3o com t\u00e9rmino previsto at\u00e9 o in\u00edcio do per\u00edodo letivo (10\/03\/2025);<br>g) Curriculum vitae;<br>h) Carta de inten\u00e7\u00e3o.<\/p>\n\n\n\n<div style=\"height:20px\" aria-hidden=\"true\" class=\"wp-block-spacer\"><\/div>\n\n\n\n<p><strong>Aten\u00e7\u00e3o<\/strong>: O\/a candidato\/a que enviar documenta\u00e7\u00e3o incompleta ser\u00e1 automaticamente exclu\u00eddo do processo. Em caso de desist\u00eancia do processo seletivo ou em qualquer outra situa\u00e7\u00e3o, n\u00e3o haver\u00e1 restitui\u00e7\u00e3o do valor do pre\u00e7o p\u00fablico de inscri\u00e7\u00e3o.<\/p>\n<\/div><\/details>\n\n\n\n<details class=\"wp-block-themeisle-blocks-accordion-item\"><summary class=\"wp-block-themeisle-blocks-accordion-item__title\"><div><strong>Documentos para Inscri\u00e7\u00e3o de candidatos estrangeiros<\/strong><\/div><\/summary><div class=\"wp-block-themeisle-blocks-accordion-item__content\">\n<p>Candidatos estrangeiros dever\u00e3o apresentar, via&nbsp;<em>upload<\/em>:<\/p>\n\n\n\n<ol class=\"wp-block-list\">\n<li>Passaporte;<\/li>\n\n\n\n<li>Diploma de gradua\u00e7\u00e3o (idioma de origem);<\/li>\n\n\n\n<li>Tradu\u00e7\u00e3o juramentada do diploma de gradua\u00e7\u00e3o;<\/li>\n\n\n\n<li>Certid\u00e3o de Nascimento ou Casamento (idioma de origem);<\/li>\n\n\n\n<li>Tradu\u00e7\u00e3o juramentada da Certid\u00e3o de Nascimento ou Casamento;<\/li>\n\n\n\n<li>C\u00f3pia do CPF;<\/li>\n\n\n\n<li>Visto de perman\u00eancia no pa\u00eds, atualizado.<\/li>\n<\/ol>\n\n\n\n<p><\/p>\n\n\n\n<p><strong>Aten\u00e7\u00e3o<\/strong>: O\/a candidato\/a que apresentar documento que n\u00e3o o diploma deve ter ci\u00eancia de que, se aprovado no processo seletivo, dever\u00e1 apresentar, no ato da matr\u00edcula, documento comprobat\u00f3rio no qual a data (dia\/m\u00eas\/ano) de conclus\u00e3o do curso de Gradua\u00e7\u00e3o seja anterior ao&nbsp;<strong>in\u00edcio do per\u00edodo letivo (16\/03\/2026)<\/strong>, sem o qual n\u00e3o poder\u00e1 efetuar a matr\u00edcula e perder\u00e1 o direito \u00e0 vaga,&nbsp;<strong>sem restitui\u00e7\u00e3o do valor do pre\u00e7o p\u00fablico referente \u00e0 inscri\u00e7\u00e3o.<\/strong>&nbsp;E ainda, realizar o envio da&nbsp;<strong>c\u00f3pia do Diploma de Gradua\u00e7\u00e3o<\/strong>, t\u00e3o logo ingresse no Curso de Especializa\u00e7\u00e3o em um prazo m\u00e1ximo de seis meses (10\/09\/2025).<br><br><strong>Aten\u00e7\u00e3o<\/strong>: O\/a candidato\/a que enviar documenta\u00e7\u00e3o incompleta ser\u00e1 automaticamente exclu\u00eddo do processo. Em caso de desist\u00eancia do processo seletivo ou em qualquer outra situa\u00e7\u00e3o, n\u00e3o haver\u00e1 restitui\u00e7\u00e3o do valor do pre\u00e7o p\u00fablico de inscri\u00e7\u00e3o.<\/p>\n<\/div><\/details>\n<\/div>\n\n\n\n<p><\/p>\n","protected":false},"excerpt":{"rendered":"","protected":false},"author":8,"featured_media":0,"parent":0,"menu_order":0,"comment_status":"closed","ping_status":"closed","template":"","meta":{"_acf_changed":false,"_themeisle_gutenberg_block_has_review":false,"footnotes":""},"class_list":["post-180","page","type-page","status-publish","hentry"],"acf":[],"_links":{"self":[{"href":"https:\/\/pos.uel.br\/direcao-de-arte\/wp-json\/wp\/v2\/pages\/180","targetHints":{"allow":["GET"]}}],"collection":[{"href":"https:\/\/pos.uel.br\/direcao-de-arte\/wp-json\/wp\/v2\/pages"}],"about":[{"href":"https:\/\/pos.uel.br\/direcao-de-arte\/wp-json\/wp\/v2\/types\/page"}],"author":[{"embeddable":true,"href":"https:\/\/pos.uel.br\/direcao-de-arte\/wp-json\/wp\/v2\/users\/8"}],"replies":[{"embeddable":true,"href":"https:\/\/pos.uel.br\/direcao-de-arte\/wp-json\/wp\/v2\/comments?post=180"}],"version-history":[{"count":15,"href":"https:\/\/pos.uel.br\/direcao-de-arte\/wp-json\/wp\/v2\/pages\/180\/revisions"}],"predecessor-version":[{"id":279,"href":"https:\/\/pos.uel.br\/direcao-de-arte\/wp-json\/wp\/v2\/pages\/180\/revisions\/279"}],"wp:attachment":[{"href":"https:\/\/pos.uel.br\/direcao-de-arte\/wp-json\/wp\/v2\/media?parent=180"}],"curies":[{"name":"wp","href":"https:\/\/api.w.org\/{rel}","templated":true}]}}