{"id":541,"date":"2023-09-14T15:53:21","date_gmt":"2023-09-14T18:53:21","guid":{"rendered":"https:\/\/pos.uel.br\/contabilidade\/?page_id=541"},"modified":"2023-09-14T16:00:22","modified_gmt":"2023-09-14T19:00:22","slug":"insc_2023","status":"publish","type":"page","link":"https:\/\/pos.uel.br\/contabilidade\/inscricoes\/insc_2023\/","title":{"rendered":"Insc_2023"},"content":{"rendered":"\n<hr class=\"wp-block-separator has-text-color has-secondary-accent-color has-alpha-channel-opacity has-secondary-accent-background-color has-background is-style-wide\"\/>\n\n\n\n<figure class=\"wp-block-table has-small-font-size\"><table><thead><tr><td class=\"has-text-align-center\" data-align=\"center\"><strong>&nbsp;DOC<\/strong><strong><\/strong><\/td><td><strong>ATIVIDADES<\/strong><strong><\/strong><\/td><td class=\"has-text-align-center\" data-align=\"center\"><strong>DATA \/PER\u00cdODO DE PUBLICA\u00c7\u00c3O<\/strong><strong><\/strong><\/td><td class=\"has-text-align-center\" data-align=\"center\"><strong>SITUA\u00c7\u00c3O ATUAL<\/strong><strong><\/strong><\/td><\/tr><\/thead><tbody><tr><td class=\"has-text-align-center\" data-align=\"center\"><a href=\"https:\/\/pos.uel.br\/contabilidade\/wp-content\/uploads\/2022\/09\/159_EDITAL_OFERTA_CONT_003_2022.pdf\" data-type=\"URL\" data-id=\"https:\/\/pos.uel.br\/contabilidade\/wp-content\/uploads\/2022\/09\/159_EDITAL_OFERTA_CONT_003_2022.pdf\" target=\"_blank\" rel=\"noreferrer noopener\"><img decoding=\"async\" class=\"wp-image-412\" style=\"width: 25px\" src=\"https:\/\/pos.uel.br\/direitocivil\/wp-content\/uploads\/2022\/09\/paste_red1-e1663003698481.jpg\" alt=\"\"><\/a><\/td><td>Edital de Oferta | Inscri\u00e7\u00e3o e Sele\u00e7\u00e3o<\/td><td class=\"has-text-align-center\" data-align=\"center\">&nbsp;21\/09\/2022<\/td><td class=\"has-text-align-center\" data-align=\"center\">&nbsp;<strong>\ufeff<\/strong><strong>Imprescind\u00edvel Leitura!<\/strong><\/td><\/tr><tr><td class=\"has-text-align-center\" data-align=\"center\"><a href=\"https:\/\/pos.uel.br\/contabilidade\/wp-content\/uploads\/2022\/09\/Form_Isencao_Inscricao.doc\" data-type=\"URL\" data-id=\"https:\/\/pos.uel.br\/contabilidade\/wp-content\/uploads\/2022\/09\/Form_Isencao_Inscricao.doc\"><img decoding=\"async\" class=\"wp-image-412\" style=\"width: 25px\" src=\"https:\/\/pos.uel.br\/direitocivil\/wp-content\/uploads\/2022\/09\/paste_red1-e1663003698481.jpg\" alt=\"\"><\/a><\/td><td>Pedido de Isen\u00e7\u00e3o: Doa\u00e7\u00e3o de Sangue e Servi\u00e7o Eleitoral<\/td><td class=\"has-text-align-center\" data-align=\"center\">22\/09\/2022 a 26\/09\/2022<\/td><td class=\"has-text-align-center\" data-align=\"center\">&nbsp;<\/td><\/tr><tr><td class=\"has-text-align-center\" data-align=\"center\"> <\/td><td>Publica\u00e7\u00e3o do Edital do Resultado: dos pedidos de Isen\u00e7\u00e3o<\/td><td class=\"has-text-align-center\" data-align=\"center\">28\/09\/2022<\/td><td class=\"has-text-align-center\" data-align=\"center\">&nbsp;<\/td><\/tr><tr><td class=\"has-text-align-center\" data-align=\"center\">&nbsp;<\/td><td>Pedido de Recurso ao Resultado dos pedidos de Isen\u00e7\u00f5es<\/td><td class=\"has-text-align-center\" data-align=\"center\">29\/09\/2022<\/td><td class=\"has-text-align-center\" data-align=\"center\">&nbsp;<\/td><\/tr><tr><td class=\"has-text-align-center\" data-align=\"center\"> <\/td><td>Publica\u00e7\u00e3o do Edital do Resultado dos Recursos: referente aos pedidos de Isen\u00e7\u00f5es<\/td><td class=\"has-text-align-center\" data-align=\"center\">&nbsp;03\/10\/2022<\/td><td class=\"has-text-align-center\" data-align=\"center\">&nbsp;<\/td><\/tr><tr><td class=\"has-text-align-center\" data-align=\"center\"><a href=\"https:\/\/pos.uel.br\/contabilidade\/wp-content\/uploads\/2022\/10\/2023_Contabilidade-Formulario-Curriculo-NOVO-OK.doc\" data-type=\"URL\" data-id=\"https:\/\/pos.uel.br\/contabilidade\/wp-content\/uploads\/2022\/10\/2023_Contabilidade-Formulario-Curriculo-NOVO-OK.doc\" target=\"_blank\" rel=\"noreferrer noopener\"><img decoding=\"async\" class=\"wp-image-412\" style=\"width: 25px\" src=\"https:\/\/pos.uel.br\/direitocivil\/wp-content\/uploads\/2022\/09\/paste_red1-e1663003698481.jpg\" alt=\"\"><\/a><\/td><td>Curr\u00edculo | Formul\u00e1rio Obrigat\u00f3rio<\/td><td class=\"has-text-align-center\" data-align=\"center\">06\/10\/2022<\/td><td class=\"has-text-align-center\" data-align=\"center\"><\/td><\/tr><tr><td class=\"has-text-align-center\" data-align=\"center\"><a href=\"https:\/\/pos.uel.br\/contabilidade\/wp-content\/uploads\/2023\/01\/Edital-Prorrogacao_23jan23-Geral.pdf\" data-type=\"URL\" data-id=\"https:\/\/pos.uel.br\/contabilidade\/wp-content\/uploads\/2023\/01\/Edital-Prorrogacao_23jan23-Geral.pdf\" target=\"_blank\" rel=\"noreferrer noopener\"><img decoding=\"async\" class=\"wp-image-412\" style=\"width: 25px\" src=\"https:\/\/pos.uel.br\/direitocivil\/wp-content\/uploads\/2022\/09\/paste_red1-e1663003698481.jpg\" alt=\"\"><\/a><\/td><td>Edital de Prorroga\u00e7\u00e3o | Inscri\u00e7\u00e3o e Sele\u00e7\u00e3o<\/td><td class=\"has-text-align-center\" data-align=\"center\">23\/01\/2023<\/td><td class=\"has-text-align-center\" data-align=\"center\"><\/td><\/tr><tr><td class=\"has-text-align-center\" data-align=\"center\"><\/td><td>Inscri\u00e7\u00e3o online<\/td><td class=\"has-text-align-center\" data-align=\"center\">06\/10\/2022 a <s>20\/01\/2023<\/s> 03\/02\/2023<\/td><td class=\"has-text-align-center\" data-align=\"center\"><strong>At\u00e9 \u00e0s 16h<\/strong><\/td><\/tr><tr><td class=\"has-text-align-center\" data-align=\"center\">&nbsp;<\/td><td>Entrega de Documentos via e-mail, incluindo boleto e comprovante de pagamento \u2013 cesapos@uel.br<\/td><td class=\"has-text-align-center\" data-align=\"center\">06\/10\/2022 a <s>23\/01\/2023<\/s> 06\/02\/2023<\/td><td class=\"has-text-align-center\" data-align=\"center\"><strong>&nbsp;At\u00e9 \u00e0s 16h<\/strong><\/td><\/tr><tr><td class=\"has-text-align-center\" data-align=\"center\">&nbsp;<\/td><td>Sele\u00e7\u00e3o<\/td><td class=\"has-text-align-center\" data-align=\"center\"><s>01\/02\/2023<\/s> <br>08\/02\/2023 a 10\/02\/2023<\/td><td class=\"has-text-align-center\" data-align=\"center\">&nbsp;<\/td><\/tr><tr><td class=\"has-text-align-center\" data-align=\"center\"><a href=\"https:\/\/pos.uel.br\/contabilidade\/wp-content\/uploads\/2023\/02\/159_Edital-de-Resultado_17fev23.pdf\" data-type=\"URL\" data-id=\"https:\/\/pos.uel.br\/contabilidade\/wp-content\/uploads\/2023\/02\/159_Edital-de-Resultado_17fev23.pdf\" target=\"_blank\" rel=\"noreferrer noopener\"><img decoding=\"async\" class=\"wp-image-412\" style=\"width: 25px\" src=\"https:\/\/pos.uel.br\/direitocivil\/wp-content\/uploads\/2022\/09\/paste_red1-e1663003698481.jpg\" alt=\"\"><\/a><\/td><td>Edital de Resultado<\/td><td class=\"has-text-align-center\" data-align=\"center\">17\/02\/2023<\/td><td class=\"has-text-align-center\" data-align=\"center\">&nbsp;<strong>18h<\/strong><\/td><\/tr><tr><td class=\"has-text-align-center\" data-align=\"center\"><a href=\"https:\/\/pos.uel.br\/contabilidade\/wp-content\/uploads\/2023\/02\/159_Contabilidade_Comunicado-de-Matricula_2023.pdf\" data-type=\"URL\" data-id=\"https:\/\/pos.uel.br\/contabilidade\/wp-content\/uploads\/2023\/02\/159_Contabilidade_Comunicado-de-Matricula_2023.pdf\" target=\"_blank\" rel=\"noreferrer noopener\"><img decoding=\"async\" class=\"wp-image-412\" style=\"width: 25px\" src=\"https:\/\/pos.uel.br\/direitocivil\/wp-content\/uploads\/2022\/09\/paste_red1-e1663003698481.jpg\" alt=\"\"><\/a><\/td><td>Comunicado de Matr\u00edcula<\/td><td class=\"has-text-align-center\" data-align=\"center\">&nbsp;23\/02\/2023<\/td><td class=\"has-text-align-center\" data-align=\"center\"><strong>&nbsp;Imprescind\u00edvel Leitura!<\/strong><\/td><\/tr><tr><td class=\"has-text-align-center\" data-align=\"center\"><a href=\"https:\/\/pos.uel.br\/contabilidade\/wp-content\/uploads\/2023\/02\/159_Numero-de-Matricula.pdf\" data-type=\"URL\" data-id=\"https:\/\/pos.uel.br\/contabilidade\/wp-content\/uploads\/2023\/02\/159_Numero-de-Matricula.pdf\" target=\"_blank\" rel=\"noreferrer noopener\"><img decoding=\"async\" class=\"wp-image-412\" style=\"width: 25px\" src=\"https:\/\/pos.uel.br\/direitocivil\/wp-content\/uploads\/2022\/09\/paste_red1-e1663003698481.jpg\" alt=\"\"><\/a><\/td><td>Divulga\u00e7\u00e3o do N\u00famero de Matr\u00edcula<\/td><td class=\"has-text-align-center\" data-align=\"center\">&nbsp;23\/02\/2023<\/td><td class=\"has-text-align-center\" data-align=\"center\">&nbsp;<\/td><\/tr><tr><td class=\"has-text-align-center\" data-align=\"center\">&nbsp;<\/td><td>Matr\u00edcula \u2013 Via Web e entrega de documentos pendentes<\/td><td class=\"has-text-align-center\" data-align=\"center\">&nbsp;23\/02\/2023 a 28\/02\/2023<\/td><td class=\"has-text-align-center\" data-align=\"center\">&nbsp;<\/td><\/tr><tr><td class=\"has-text-align-center\" data-align=\"center\">&nbsp;<\/td><td>Convoca\u00e7\u00e3o de suplente<\/td><td class=\"has-text-align-center\" data-align=\"center\">&nbsp;A partir de 02\/03\/2023<\/td><td class=\"has-text-align-center\" data-align=\"center\">&nbsp;<\/td><\/tr><tr><td class=\"has-text-align-center\" data-align=\"center\">&nbsp;<\/td><td>Matr\u00edcula de suplente<\/td><td class=\"has-text-align-center\" data-align=\"center\">&nbsp;A partir de 03\/03\/2023<\/td><td class=\"has-text-align-center\" data-align=\"center\">&nbsp;<\/td><\/tr><tr><td class=\"has-text-align-center\" data-align=\"center\">&nbsp;<\/td><td>In\u00edcio das Aulas<\/td><td class=\"has-text-align-center\" data-align=\"center\">&nbsp;17\/03\/2023<\/td><td class=\"has-text-align-center\" data-align=\"center\"><strong>&nbsp;Fique atento ao comunicado do Coordenador do curso!<\/strong><\/td><\/tr><\/tbody><\/table><\/figure>\n","protected":false},"excerpt":{"rendered":"<p>&nbsp;DOC ATIVIDADES DATA \/PER\u00cdODO DE PUBLICA\u00c7\u00c3O SITUA\u00c7\u00c3O ATUAL Edital de Oferta | Inscri\u00e7\u00e3o e Sele\u00e7\u00e3o &nbsp;21\/09\/2022 &nbsp;\ufeffImprescind\u00edvel Leitura! Pedido de Isen\u00e7\u00e3o: Doa\u00e7\u00e3o de Sangue e Servi\u00e7o Eleitoral 22\/09\/2022 a 26\/09\/2022 &nbsp; Publica\u00e7\u00e3o do Edital do Resultado: dos pedidos de Isen\u00e7\u00e3o 28\/09\/2022 &nbsp; &nbsp; Pedido de Recurso ao Resultado dos pedidos de Isen\u00e7\u00f5es 29\/09\/2022 &nbsp; Publica\u00e7\u00e3o [&hellip;]<\/p>\n","protected":false},"author":9,"featured_media":0,"parent":59,"menu_order":0,"comment_status":"closed","ping_status":"closed","template":"","meta":{"_acf_changed":false,"_themeisle_gutenberg_block_has_review":false,"footnotes":""},"class_list":["post-541","page","type-page","status-publish","hentry"],"acf":[],"_links":{"self":[{"href":"https:\/\/pos.uel.br\/contabilidade\/wp-json\/wp\/v2\/pages\/541","targetHints":{"allow":["GET"]}}],"collection":[{"href":"https:\/\/pos.uel.br\/contabilidade\/wp-json\/wp\/v2\/pages"}],"about":[{"href":"https:\/\/pos.uel.br\/contabilidade\/wp-json\/wp\/v2\/types\/page"}],"author":[{"embeddable":true,"href":"https:\/\/pos.uel.br\/contabilidade\/wp-json\/wp\/v2\/users\/9"}],"replies":[{"embeddable":true,"href":"https:\/\/pos.uel.br\/contabilidade\/wp-json\/wp\/v2\/comments?post=541"}],"version-history":[{"count":3,"href":"https:\/\/pos.uel.br\/contabilidade\/wp-json\/wp\/v2\/pages\/541\/revisions"}],"predecessor-version":[{"id":548,"href":"https:\/\/pos.uel.br\/contabilidade\/wp-json\/wp\/v2\/pages\/541\/revisions\/548"}],"up":[{"embeddable":true,"href":"https:\/\/pos.uel.br\/contabilidade\/wp-json\/wp\/v2\/pages\/59"}],"wp:attachment":[{"href":"https:\/\/pos.uel.br\/contabilidade\/wp-json\/wp\/v2\/media?parent=541"}],"curies":[{"name":"wp","href":"https:\/\/api.w.org\/{rel}","templated":true}]}}