{"id":31,"date":"2022-08-30T17:01:41","date_gmt":"2022-08-30T20:01:41","guid":{"rendered":"https:\/\/pos.uel.br\/direitocivil\/?page_id=31"},"modified":"2025-10-09T08:31:17","modified_gmt":"2025-10-09T11:31:17","slug":"regulamento","status":"publish","type":"page","link":"https:\/\/pos.uel.br\/contabilidade\/regulamento\/","title":{"rendered":"Resolu\u00e7\u00f5es | Delibera\u00e7\u00f5es\u00a0"},"content":{"rendered":"\n<hr class=\"wp-block-separator has-text-color has-secondary-accent-color has-alpha-channel-opacity has-secondary-accent-background-color has-background is-style-wide\" \/>\n\n\n\n<div class=\"wp-block-columns has-primary-text-color has-text-color is-layout-flex wp-container-core-columns-is-layout-9d6595d7 wp-block-columns-is-layout-flex\">\n<div class=\"wp-block-column is-layout-flow wp-block-column-is-layout-flow\">\n<p><\/p>\n\n\n\n<p><strong><u>2024 &#8211; Remoto S\u00edncrono<\/u><\/strong><\/p>\n\n\n\n<ul class=\"wp-block-list has-small-font-size\">\n<li><a href=\"https:\/\/pos.uel.br\/contabilidade\/wp-content\/uploads\/2022\/10\/Delib_006_2021_CONT_Reestruturacao.pdf\" data-type=\"URL\" data-id=\"https:\/\/pos.uel.br\/contabilidade\/wp-content\/uploads\/2022\/10\/Delib_006_2021_CONT_Reestruturacao.pdf\" target=\"_blank\" rel=\"noreferrer noopener\">Delibera\u00e7\u00e3o_006_2021-CONT-Reestrutura\u00e7\u00e3o<\/a><\/li>\n\n\n\n<li><a rel=\"noreferrer noopener\" href=\"https:\/\/pos.uel.br\/contabilidade\/wp-content\/uploads\/2022\/10\/Resolucao-CA-63-2021-Mensalidade-Esp-Contab-Cont-Empresarial.pdf\" data-type=\"URL\" data-id=\"https:\/\/pos.uel.br\/contabilidade\/wp-content\/uploads\/2022\/10\/Resolucao-CA-63-2021-Mensalidade-Esp-Contab-Cont-Empresarial.pdf\" target=\"_blank\">Resolu\u00e7\u00e3o_063_2021-CONT_Mensalidade<\/a><\/li>\n\n\n\n<li><a href=\"https:\/\/pos.uel.br\/contabilidade\/wp-content\/uploads\/2022\/10\/Resolucao-CEPE-73-2021-Vagas-Esp-Contabilidade-e-Control-Empres.pdf\" data-type=\"URL\" data-id=\"https:\/\/pos.uel.br\/contabilidade\/wp-content\/uploads\/2022\/10\/Resolucao-CEPE-73-2021-Vagas-Esp-Contabilidade-e-Control-Empres.pdf\" target=\"_blank\" rel=\"noreferrer noopener\">Resolu\u00e7\u00e3o_073_2021-CONT_Vagas&nbsp;<\/a><\/li>\n<\/ul>\n\n\n\n<p><strong><u>2023 &#8211; Presencial<\/u><\/strong><\/p>\n\n\n\n<ul class=\"wp-block-list has-small-font-size\">\n<li><a href=\"https:\/\/pos.uel.br\/contabilidade\/wp-content\/uploads\/2022\/10\/Delib_006_2021_CONT_Reestruturacao.pdf\" data-type=\"URL\" data-id=\"https:\/\/pos.uel.br\/contabilidade\/wp-content\/uploads\/2022\/10\/Delib_006_2021_CONT_Reestruturacao.pdf\" target=\"_blank\" rel=\"noreferrer noopener\">Delibera\u00e7\u00e3o_006_2021-CONT-Reestrutura\u00e7\u00e3o<\/a><\/li>\n\n\n\n<li><a href=\"https:\/\/pos.uel.br\/contabilidade\/wp-content\/uploads\/2022\/10\/Resolucao-CA-75-2022-Mensal-Esp-Cont-e-Control-modalide-presencial.pdf\" data-type=\"URL\" data-id=\"https:\/\/pos.uel.br\/contabilidade\/wp-content\/uploads\/2022\/10\/Resolucao-CA-75-2022-Mensal-Esp-Cont-e-Control-modalide-presencial.pdf\" target=\"_blank\" rel=\"noreferrer noopener\">Resolu\u00e7\u00e3o_075_2022-CONT_Mensalidade<\/a><\/li>\n\n\n\n<li><a href=\"https:\/\/pos.uel.br\/contabilidade\/wp-content\/uploads\/2022\/10\/Resolucao-CEPE-73-2021-Vagas-Esp-Contabilidade-e-Control-Empres.pdf\" data-type=\"URL\" data-id=\"https:\/\/pos.uel.br\/contabilidade\/wp-content\/uploads\/2022\/10\/Resolucao-CEPE-73-2021-Vagas-Esp-Contabilidade-e-Control-Empres.pdf\" target=\"_blank\" rel=\"noreferrer noopener\">Resolu\u00e7\u00e3o_073_2021-CONT_Vagas&nbsp;<\/a><\/li>\n<\/ul>\n\n\n\n<p><strong><u>2022 &#8211; Remoto S\u00edncrono<\/u><\/strong><\/p>\n\n\n\n<ul class=\"wp-block-list has-small-font-size\">\n<li><a href=\"https:\/\/pos.uel.br\/contabilidade\/wp-content\/uploads\/2022\/10\/Delib_006_2021_CONT_Reestruturacao.pdf\" data-type=\"URL\" data-id=\"https:\/\/pos.uel.br\/contabilidade\/wp-content\/uploads\/2022\/10\/Delib_006_2021_CONT_Reestruturacao.pdf\" target=\"_blank\" rel=\"noreferrer noopener\">Delibera\u00e7\u00e3o_006_2021-CONT-Reestrutura\u00e7\u00e3o<\/a><\/li>\n\n\n\n<li><a href=\"https:\/\/pos.uel.br\/contabilidade\/wp-content\/uploads\/2022\/10\/Resolucao-CA-63-2021-Mensalidade-Esp-Contab-Cont-Empresarial.pdf\" data-type=\"URL\" data-id=\"https:\/\/pos.uel.br\/contabilidade\/wp-content\/uploads\/2022\/10\/Resolucao-CA-63-2021-Mensalidade-Esp-Contab-Cont-Empresarial.pdf\" target=\"_blank\" rel=\"noreferrer noopener\">Resolu\u00e7\u00e3o_063_2021-CONT_Mensalidade<\/a><\/li>\n\n\n\n<li><a href=\"https:\/\/pos.uel.br\/contabilidade\/wp-content\/uploads\/2022\/10\/Resolucao-CEPE-73-2021-Vagas-Esp-Contabilidade-e-Control-Empres.pdf\" data-type=\"URL\" data-id=\"https:\/\/pos.uel.br\/contabilidade\/wp-content\/uploads\/2022\/10\/Resolucao-CEPE-73-2021-Vagas-Esp-Contabilidade-e-Control-Empres.pdf\" target=\"_blank\" rel=\"noreferrer noopener\">Resolu\u00e7\u00e3o_073_2021-CONT_Vagas<\/a>&nbsp;<\/li>\n<\/ul>\n\n\n\n<p><strong><u>2021<\/u><\/strong><\/p>\n\n\n\n<ul class=\"wp-block-list has-small-font-size\">\n<li><a href=\"https:\/\/pos.uel.br\/contabilidade\/wp-content\/uploads\/2022\/10\/Deliberacao-08-2020-Reest-Esp-Contab-e-Control-Empresarial.pdf\" data-type=\"URL\" data-id=\"https:\/\/pos.uel.br\/contabilidade\/wp-content\/uploads\/2022\/10\/Deliberacao-08-2020-Reest-Esp-Contab-e-Control-Empresarial.pdf\" target=\"_blank\" rel=\"noreferrer noopener\">Delibera\u00e7\u00e3o_008_2020-CONT-Reestrutura\u00e7\u00e3o<\/a><\/li>\n\n\n\n<li><a rel=\"noreferrer noopener\" href=\"https:\/\/pos.uel.br\/contabilidade\/wp-content\/uploads\/2022\/10\/Resolucao_055_2017-Mensalidade.pdf\" data-type=\"URL\" data-id=\"https:\/\/pos.uel.br\/contabilidade\/wp-content\/uploads\/2022\/10\/Resolucao_055_2017-Mensalidade.pdf\" target=\"_blank\">Resolu\u00e7\u00e3o_055_2017-CONT-Mensalidade<\/a><\/li>\n\n\n\n<li><a rel=\"noreferrer noopener\" href=\"https:\/\/pos.uel.br\/contabilidade\/wp-content\/uploads\/2022\/10\/Resolucao_062_2017_Vagas.pdf\" data-type=\"URL\" data-id=\"https:\/\/pos.uel.br\/contabilidade\/wp-content\/uploads\/2022\/10\/Resolucao_062_2017_Vagas.pdf\" target=\"_blank\">Resolu\u00e7\u00e3o_062_2017-CONT-Vagas<\/a><\/li>\n<\/ul>\n\n\n\n<p><strong><u>2018<\/u><\/strong><\/p>\n\n\n\n<ul class=\"wp-block-list has-small-font-size\">\n<li><a href=\"https:\/\/pos.uel.br\/contabilidade\/wp-content\/uploads\/2022\/10\/Del_026_2009_CEPE_CONT.pdf\" data-type=\"URL\" data-id=\"https:\/\/pos.uel.br\/contabilidade\/wp-content\/uploads\/2022\/10\/Del_026_2009_CEPE_CONT.pdf\" target=\"_blank\" rel=\"noreferrer noopener\">Delibera\u00e7\u00e3o_026_2009-CONT-Reestrutura\u00e7\u00e3o<\/a><\/li>\n\n\n\n<li><a href=\"https:\/\/pos.uel.br\/contabilidade\/wp-content\/uploads\/2022\/10\/Resolucao_055_2017-Mensalidade.pdf\" data-type=\"URL\" data-id=\"https:\/\/pos.uel.br\/contabilidade\/wp-content\/uploads\/2022\/10\/Resolucao_055_2017-Mensalidade.pdf\" target=\"_blank\" rel=\"noreferrer noopener\">Resolu\u00e7\u00e3o_055_2017-CONT-Mensalidade<\/a><\/li>\n\n\n\n<li><a href=\"https:\/\/pos.uel.br\/contabilidade\/wp-content\/uploads\/2022\/10\/Resolucao_062_2017_Vagas.pdf\" data-type=\"URL\" data-id=\"https:\/\/pos.uel.br\/contabilidade\/wp-content\/uploads\/2022\/10\/Resolucao_062_2017_Vagas.pdf\" target=\"_blank\" rel=\"noreferrer noopener\">Resolu\u00e7\u00e3o_062_2017-CONT-Vagas<\/a><\/li>\n<\/ul>\n\n\n\n<p><strong><u>2017<\/u><\/strong><\/p>\n\n\n\n<ul class=\"wp-block-list has-small-font-size\">\n<li><a rel=\"noreferrer noopener\" href=\"https:\/\/pos.uel.br\/contabilidade\/wp-content\/uploads\/2022\/10\/Del_026_2009_CEPE_CONT.pdf\" data-type=\"URL\" data-id=\"https:\/\/pos.uel.br\/contabilidade\/wp-content\/uploads\/2022\/10\/Del_026_2009_CEPE_CONT.pdf\" target=\"_blank\">Delibera\u00e7\u00e3o_026_2009-CONT-Reestrutura\u00e7\u00e3o<\/a><\/li>\n\n\n\n<li><a href=\"https:\/\/pos.uel.br\/contabilidade\/wp-content\/uploads\/2022\/10\/Res_094_2013_CA_CONT.pdf\" target=\"_blank\" rel=\"noreferrer noopener\">Resolu\u00e7\u00e3o_094_2013-CONT-Mensalidade<\/a><\/li>\n\n\n\n<li><a href=\"https:\/\/pos.uel.br\/contabilidade\/wp-content\/uploads\/2022\/10\/Res_194_2009_CEPE_CONT.pdf\" data-type=\"URL\" data-id=\"https:\/\/pos.uel.br\/contabilidade\/wp-content\/uploads\/2022\/10\/Res_194_2009_CEPE_CONT.pdf\" target=\"_blank\" rel=\"noreferrer noopener\">Resolu\u00e7\u00e3o_194_2009-CONT-Vagas<\/a><\/li>\n<\/ul>\n<\/div>\n\n\n\n<div class=\"wp-block-column is-vertically-aligned-center is-layout-flow wp-block-column-is-layout-flow\">\n<p class=\"has-text-align-center\">&nbsp;<\/p>\n\n\n<div class=\"wp-block-image is-resized is-style-default\">\n<figure class=\"aligncenter\"><img loading=\"lazy\" decoding=\"async\" width=\"795\" height=\"467\" src=\"https:\/\/pos.uel.br\/direitocivil\/wp-content\/uploads\/2022\/09\/ementas.png\" alt=\"\" class=\"wp-image-174\" style=\"width:366px;height:auto\" srcset=\"https:\/\/pos.uel.br\/contabilidade\/wp-content\/uploads\/2022\/09\/ementas.png 795w, https:\/\/pos.uel.br\/contabilidade\/wp-content\/uploads\/2022\/09\/ementas-300x176.png 300w, https:\/\/pos.uel.br\/contabilidade\/wp-content\/uploads\/2022\/09\/ementas-768x451.png 768w\" sizes=\"auto, (max-width: 795px) 100vw, 795px\" \/><figcaption class=\"wp-element-caption\"><strong>EMENTAS<\/strong><\/figcaption><\/figure>\n<\/div><\/div>\n<\/div>\n\n\n\n<hr class=\"wp-block-separator has-text-color has-secondary-accent-color has-alpha-channel-opacity has-secondary-accent-background-color has-background is-style-wide\" \/>\n","protected":false},"excerpt":{"rendered":"<p>2024 &#8211; Remoto S\u00edncrono 2023 &#8211; Presencial 2022 &#8211; Remoto S\u00edncrono 2021 2018 2017 &nbsp;<\/p>\n","protected":false},"author":9,"featured_media":0,"parent":0,"menu_order":0,"comment_status":"closed","ping_status":"closed","template":"","meta":{"_acf_changed":false,"_themeisle_gutenberg_block_has_review":false,"footnotes":""},"class_list":["post-31","page","type-page","status-publish","hentry"],"acf":[],"_links":{"self":[{"href":"https:\/\/pos.uel.br\/contabilidade\/wp-json\/wp\/v2\/pages\/31","targetHints":{"allow":["GET"]}}],"collection":[{"href":"https:\/\/pos.uel.br\/contabilidade\/wp-json\/wp\/v2\/pages"}],"about":[{"href":"https:\/\/pos.uel.br\/contabilidade\/wp-json\/wp\/v2\/types\/page"}],"author":[{"embeddable":true,"href":"https:\/\/pos.uel.br\/contabilidade\/wp-json\/wp\/v2\/users\/9"}],"replies":[{"embeddable":true,"href":"https:\/\/pos.uel.br\/contabilidade\/wp-json\/wp\/v2\/comments?post=31"}],"version-history":[{"count":11,"href":"https:\/\/pos.uel.br\/contabilidade\/wp-json\/wp\/v2\/pages\/31\/revisions"}],"predecessor-version":[{"id":773,"href":"https:\/\/pos.uel.br\/contabilidade\/wp-json\/wp\/v2\/pages\/31\/revisions\/773"}],"wp:attachment":[{"href":"https:\/\/pos.uel.br\/contabilidade\/wp-json\/wp\/v2\/media?parent=31"}],"curies":[{"name":"wp","href":"https:\/\/api.w.org\/{rel}","templated":true}]}}