{"id":236,"date":"2022-09-06T16:54:15","date_gmt":"2022-09-06T19:54:15","guid":{"rendered":"https:\/\/pos.uel.br\/direitocivil\/?page_id=236"},"modified":"2022-10-14T09:43:30","modified_gmt":"2022-10-14T12:43:30","slug":"insc_2019","status":"publish","type":"page","link":"https:\/\/pos.uel.br\/contabilidade\/inscricoes\/insc_2019\/","title":{"rendered":"Insc_2019"},"content":{"rendered":"\n<p>Situa\u00e7\u00e3o do Processo:&nbsp;&nbsp;<strong>&nbsp;&nbsp;<\/strong>&nbsp;<strong>Conclu\u00eddo<\/strong><strong>&nbsp;<\/strong>&nbsp;&nbsp;&nbsp;&nbsp;&nbsp;Em Andamento&nbsp;&nbsp;&nbsp;&nbsp;&nbsp;<strong>&nbsp;<\/strong>Aguardando<\/p>\n\n\n\n<figure class=\"wp-block-table\"><table><tbody><tr><td class=\"has-text-align-left\" data-align=\"left\"><strong>Atividades<\/strong><\/td><td class=\"has-text-align-center\" data-align=\"center\"><strong>Data\/Per\u00edodo de Publica\u00e7\u00e3o<\/strong><\/td><\/tr><tr><td class=\"has-text-align-left\" data-align=\"left\"><u><a href=\"https:\/\/pos.uel.br\/contabilidade\/wp-content\/uploads\/2022\/10\/Cont-Edital-oferta-01-18-20set18_2019.pdf\" data-type=\"URL\" data-id=\"https:\/\/pos.uel.br\/contabilidade\/wp-content\/uploads\/2022\/10\/Cont-Edital-oferta-01-18-20set18_2019.pdf\" target=\"_blank\" rel=\"noreferrer noopener\">Edital de Oferta \/ Inscri\u00e7\u00e3o<\/a><\/u><\/td><td class=\"has-text-align-center\" data-align=\"center\">21\/09\/2018<\/td><\/tr><tr><td class=\"has-text-align-left\" data-align=\"left\">Entrega de Documentos via Sedex e Email<\/td><td class=\"has-text-align-center\" data-align=\"center\">24\/09\/2018 a 05\/12\/2018<\/td><\/tr><tr><td class=\"has-text-align-left\" data-align=\"left\">Entrega de Documentos pessoalmente ou por terceiros<\/td><td class=\"has-text-align-center\" data-align=\"center\">24\/09\/2018 a 12\/12\/2018<\/td><\/tr><tr><td class=\"has-text-align-left\" data-align=\"left\">Entrega de Documentos pessoalmente ou por terceiros<\/td><td class=\"has-text-align-center\" data-align=\"center\">07\/01\/2019 a 01\/02\/2019<\/td><\/tr><tr><td class=\"has-text-align-left\" data-align=\"left\">Edital de Prorroga\u00e7\u00e3o<\/td><td class=\"has-text-align-center\" data-align=\"center\">Sem previs\u00e3o!<\/td><\/tr><tr><td class=\"has-text-align-left\" data-align=\"left\">Comunicado de Sele\u00e7\u00e3o<\/td><td class=\"has-text-align-center\" data-align=\"center\">10\/02\/2019<\/td><\/tr><tr><td class=\"has-text-align-left\" data-align=\"left\">Sele\u00e7\u00e3o<\/td><td class=\"has-text-align-center\" data-align=\"center\">11\/02\/2019 a 13\/02\/2019<\/td><\/tr><tr><td class=\"has-text-align-left\" data-align=\"left\"><u><a href=\"https:\/\/pos.uel.br\/contabilidade\/wp-content\/uploads\/2022\/10\/CONT-Edital-Resultado-e-matricula-2019-1.pdf\" data-type=\"URL\" data-id=\"https:\/\/pos.uel.br\/contabilidade\/wp-content\/uploads\/2022\/10\/CONT-Edital-Resultado-e-matricula-2019-1.pdf\" target=\"_blank\" rel=\"noreferrer noopener\">Edital de Resultado<\/a><\/u><\/td><td class=\"has-text-align-center\" data-align=\"center\">18\/02\/2019 &#8211; a partir das 17h<\/td><\/tr><tr><td class=\"has-text-align-left\" data-align=\"left\"><u>Comunicado de Matr\u00edcula<\/u><\/td><td class=\"has-text-align-center\" data-align=\"center\">27\/02\/2019 &#8211; Corrigido<\/td><\/tr><tr><td class=\"has-text-align-left\" data-align=\"left\"><u>Divulga\u00e7\u00e3o do N\u00famero de Matr\u00edcula<\/u><\/td><td class=\"has-text-align-center\" data-align=\"center\">276\/02\/2019<\/td><\/tr><tr><td class=\"has-text-align-left\" data-align=\"left\">Matr\u00edcula &#8211; Via Web e entrega de documentos pendentes<\/td><td class=\"has-text-align-center\" data-align=\"center\">26\/02\/2019 a 01\/03\/2019<\/td><\/tr><tr><td class=\"has-text-align-left\" data-align=\"left\">Convoca\u00e7\u00e3o de suplente<\/td><td class=\"has-text-align-center\" data-align=\"center\">12\/03\/2019<\/td><\/tr><tr><td class=\"has-text-align-left\" data-align=\"left\">Chamada de suplente<\/td><td class=\"has-text-align-center\" data-align=\"center\">13\/03\/2019<\/td><\/tr><tr><td class=\"has-text-align-left\" data-align=\"left\">In\u00edcio das Aulas<\/td><td class=\"has-text-align-center\" data-align=\"center\">15\/03\/2019<\/td><\/tr><\/tbody><\/table><\/figure>\n","protected":false},"excerpt":{"rendered":"<p>Situa\u00e7\u00e3o do Processo:&nbsp;&nbsp;&nbsp;&nbsp;&nbsp;Conclu\u00eddo&nbsp;&nbsp;&nbsp;&nbsp;&nbsp;&nbsp;Em Andamento&nbsp;&nbsp;&nbsp;&nbsp;&nbsp;&nbsp;Aguardando Atividades Data\/Per\u00edodo de Publica\u00e7\u00e3o Edital de Oferta \/ Inscri\u00e7\u00e3o 21\/09\/2018 Entrega de Documentos via Sedex e Email 24\/09\/2018 a 05\/12\/2018 Entrega de Documentos pessoalmente ou por terceiros 24\/09\/2018 a 12\/12\/2018 Entrega de Documentos pessoalmente ou por terceiros 07\/01\/2019 a 01\/02\/2019 Edital de Prorroga\u00e7\u00e3o Sem previs\u00e3o! Comunicado de Sele\u00e7\u00e3o 10\/02\/2019 Sele\u00e7\u00e3o 11\/02\/2019 [&hellip;]<\/p>\n","protected":false},"author":9,"featured_media":0,"parent":59,"menu_order":0,"comment_status":"closed","ping_status":"closed","template":"","meta":{"_acf_changed":false,"_themeisle_gutenberg_block_has_review":false,"footnotes":""},"class_list":["post-236","page","type-page","status-publish","hentry"],"acf":[],"_links":{"self":[{"href":"https:\/\/pos.uel.br\/contabilidade\/wp-json\/wp\/v2\/pages\/236","targetHints":{"allow":["GET"]}}],"collection":[{"href":"https:\/\/pos.uel.br\/contabilidade\/wp-json\/wp\/v2\/pages"}],"about":[{"href":"https:\/\/pos.uel.br\/contabilidade\/wp-json\/wp\/v2\/types\/page"}],"author":[{"embeddable":true,"href":"https:\/\/pos.uel.br\/contabilidade\/wp-json\/wp\/v2\/users\/9"}],"replies":[{"embeddable":true,"href":"https:\/\/pos.uel.br\/contabilidade\/wp-json\/wp\/v2\/comments?post=236"}],"version-history":[{"count":2,"href":"https:\/\/pos.uel.br\/contabilidade\/wp-json\/wp\/v2\/pages\/236\/revisions"}],"predecessor-version":[{"id":502,"href":"https:\/\/pos.uel.br\/contabilidade\/wp-json\/wp\/v2\/pages\/236\/revisions\/502"}],"up":[{"embeddable":true,"href":"https:\/\/pos.uel.br\/contabilidade\/wp-json\/wp\/v2\/pages\/59"}],"wp:attachment":[{"href":"https:\/\/pos.uel.br\/contabilidade\/wp-json\/wp\/v2\/media?parent=236"}],"curies":[{"name":"wp","href":"https:\/\/api.w.org\/{rel}","templated":true}]}}