{"id":233,"date":"2022-09-06T16:53:23","date_gmt":"2022-09-06T19:53:23","guid":{"rendered":"https:\/\/pos.uel.br\/direitocivil\/?page_id=233"},"modified":"2022-10-14T09:45:18","modified_gmt":"2022-10-14T12:45:18","slug":"insc_2020","status":"publish","type":"page","link":"https:\/\/pos.uel.br\/contabilidade\/inscricoes\/insc_2020\/","title":{"rendered":"Insc_2020"},"content":{"rendered":"\n<p>Situa\u00e7\u00e3o do Processo:&nbsp;&nbsp;&nbsp;<strong>&nbsp;<\/strong><strong>&nbsp;<\/strong>&nbsp;Conclu\u00eddo<strong>&nbsp;<\/strong>&nbsp;&nbsp;&nbsp;&nbsp;&nbsp;Em Andamento&nbsp;&nbsp;&nbsp;&nbsp;&nbsp;<strong>&nbsp;<\/strong><strong>&nbsp;Aguardando<\/strong>&nbsp;&nbsp;&nbsp;&nbsp;<\/p>\n\n\n\n<figure class=\"wp-block-table\"><table><tbody><tr><td class=\"has-text-align-center\" data-align=\"center\"><strong>DOC.<\/strong><\/td><td><strong>ATIVIDADES<\/strong><\/td><td><strong>DATA \/PER\u00cdODO DE PUBLICA\u00c7\u00c3O<\/strong><\/td><td><strong>SITUA\u00c7\u00c3O ATUAL<\/strong><\/td><\/tr><tr><td class=\"has-text-align-center\" data-align=\"center\"><a href=\"https:\/\/pos.uel.br\/contabilidade\/wp-content\/uploads\/2022\/10\/CONT_Edital_002_19_abertura_2020.pdf\" data-type=\"URL\" data-id=\"https:\/\/pos.uel.br\/contabilidade\/wp-content\/uploads\/2022\/10\/CONT_Edital_002_19_abertura_2020.pdf\" target=\"_blank\" rel=\"noreferrer noopener\"><img decoding=\"async\" class=\"wp-image-412\" style=\"width: 25px\" src=\"https:\/\/pos.uel.br\/direitocivil\/wp-content\/uploads\/2022\/09\/paste_red1-e1663003698481.jpg\" alt=\"\"><\/a><\/td><td>Edital de Oferta \/ Inscri\u00e7\u00e3o<\/td><td>11\/09\/2019<\/td><td>&#8211;<\/td><\/tr><tr><td class=\"has-text-align-center\" data-align=\"center\"><a href=\"https:\/\/pos.uel.br\/contabilidade\/wp-content\/uploads\/2022\/10\/CONT_Edital_001_20_Prorrogacao_2020.pdf\" data-type=\"URL\" data-id=\"https:\/\/pos.uel.br\/contabilidade\/wp-content\/uploads\/2022\/10\/CONT_Edital_001_20_Prorrogacao_2020.pdf\" target=\"_blank\" rel=\"noreferrer noopener\"><img decoding=\"async\" class=\"wp-image-412\" style=\"width: 25px\" src=\"https:\/\/pos.uel.br\/direitocivil\/wp-content\/uploads\/2022\/09\/paste_red1-e1663003698481.jpg\" alt=\"\"><\/a><a rel=\"noreferrer noopener\" href=\"http:\/\/www.uel.br\/pos\/direitocivil\/pages\/arquivos\/Comunicados\/CIV_Edital_001_20_Prorrogacao.pdf\" target=\"_blank\"><\/a><\/td><td>Edital de Prorroga\u00e7\u00e3o<\/td><td>Sem previs\u00e3o<\/td><td>Publicado em 04\/02\/2020<\/td><\/tr><tr><td class=\"has-text-align-center\" data-align=\"center\">&nbsp;<\/td><td>Inscri\u00e7\u00e3o online<\/td><td>23\/09\/2019 a 30\/01\/2020<\/td><td>Prorrogado at\u00e9 11\/02\/2020<\/td><\/tr><tr><td class=\"has-text-align-center\" data-align=\"center\">&nbsp;<\/td><td>Entrega de Documentos via Sedex e e-mail<\/td><td>23\/09\/2019 a 11\/12\/2019<\/td><td>&nbsp;Prazo Encerrado&nbsp;<\/td><\/tr><tr><td class=\"has-text-align-center\" data-align=\"center\">&nbsp;<\/td><td>Entrega de Documentos pessoalmente ou por terceiros<\/td><td>23\/09\/2019 a 31\/01\/2020<\/td><td>Prorrogado at\u00e9 12\/02\/2020<\/td><\/tr><tr><td class=\"has-text-align-center\" data-align=\"center\"><a href=\"http:\/\/www.uel.br\/pos\/direitocivil\/pages\/arquivos\/Comunicados\/Dir%20Civil%20-%20Comunicado%20selecao%20-%202020.pdf\" target=\"_blank\" rel=\"noreferrer noopener\"><\/a><\/td><td>Comunicado de Sele\u00e7\u00e3o<\/td><td>03\/02\/2020<\/td><td>Alterado para 13\/02\/2020<\/td><\/tr><tr><td class=\"has-text-align-center\" data-align=\"center\">&nbsp;<\/td><td>Sele\u00e7\u00e3o<\/td><td>04\/02\/2020 a 07\/02\/2020<\/td><td>&nbsp;Alterado para13\/02\/2020 a 17\/02\/2020&nbsp;<\/td><\/tr><tr><td class=\"has-text-align-center\" data-align=\"center\"><a rel=\"noreferrer noopener\" href=\"http:\/\/www.uel.br\/pos\/direitocivil\/pages\/arquivos\/Comunicados\/CIV_Edital_002_2020_Resultado.pdf\" target=\"_blank\"><\/a><a href=\"https:\/\/pos.uel.br\/contabilidade\/wp-content\/uploads\/2022\/10\/CONT_Edital_002_2020_Resultado_2020.pdf\" data-type=\"URL\" data-id=\"https:\/\/pos.uel.br\/contabilidade\/wp-content\/uploads\/2022\/10\/CONT_Edital_002_2020_Resultado_2020.pdf\" target=\"_blank\" rel=\"noreferrer noopener\"><img decoding=\"async\" class=\"wp-image-412\" style=\"width: 25px\" src=\"https:\/\/pos.uel.br\/direitocivil\/wp-content\/uploads\/2022\/09\/paste_red1-e1663003698481.jpg\" alt=\"\"><\/a>\u00a0<\/td><td>Edital de Resultado<\/td><td>13\/02\/2020 \u2013 18h<\/td><td>Alterado para20\/02\/2020 &#8211; 18h<\/td><\/tr><tr><td class=\"has-text-align-center\" data-align=\"center\"><a href=\"http:\/\/www.uel.br\/pos\/direitocivil\/pages\/arquivos\/Comunicados\/Dir%20Civil%20-%20Comunicado%20Matr%C3%ADcula%20-%202020.pdf\" target=\"_blank\" rel=\"noreferrer noopener\"><\/a>&nbsp;<\/td><td>Comunicado de Matr\u00edcula<\/td><td>27\/02\/2020<\/td><td>27\/02\/2020<\/td><\/tr><tr><td class=\"has-text-align-center\" data-align=\"center\"><a href=\"http:\/\/www.uel.br\/pos\/direitocivil\/pages\/arquivos\/Comunicados\/Dir%20Civil%20-%20n%C3%BAmero%20matr%C3%ADcula-2020.PDF\" target=\"_blank\" rel=\"noreferrer noopener\"><\/a>&nbsp;<\/td><td>Divulga\u00e7\u00e3o do N\u00famero de Matr\u00edcula<\/td><td>27\/02\/2020<\/td><td>27\/02\/2020<\/td><\/tr><tr><td class=\"has-text-align-center\" data-align=\"center\">&nbsp;<\/td><td>Matr\u00edcula &#8211; Via Web e entrega de documentos pendentes<\/td><td>27\/02\/2020 a 28\/02\/2020<\/td><td>27\/02\/2020 a 28\/02\/2020<\/td><\/tr><tr><td class=\"has-text-align-center\" data-align=\"center\">&nbsp;<\/td><td>Convoca\u00e7\u00e3o de suplente<\/td><td>05\/03\/2020<\/td><td>05\/03\/2020<\/td><\/tr><tr><td class=\"has-text-align-center\" data-align=\"center\">&nbsp;<\/td><td>Matr\u00edcula de suplente<\/td><td>06\/03\/2020<\/td><td>06\/03\/2020<\/td><\/tr><tr><td class=\"has-text-align-center\" data-align=\"center\">&nbsp;<\/td><td>In\u00edcio das Aulas<\/td><td>13\/03\/2020<\/td><td>13\/03\/2020<\/td><\/tr><\/tbody><\/table><\/figure>\n","protected":false},"excerpt":{"rendered":"<p>Situa\u00e7\u00e3o do Processo:&nbsp;&nbsp;&nbsp;&nbsp;&nbsp;&nbsp;Conclu\u00eddo&nbsp;&nbsp;&nbsp;&nbsp;&nbsp;&nbsp;Em Andamento&nbsp;&nbsp;&nbsp;&nbsp;&nbsp;&nbsp;&nbsp;Aguardando&nbsp;&nbsp;&nbsp;&nbsp; DOC. ATIVIDADES DATA \/PER\u00cdODO DE PUBLICA\u00c7\u00c3O SITUA\u00c7\u00c3O ATUAL Edital de Oferta \/ Inscri\u00e7\u00e3o 11\/09\/2019 &#8211; Edital de Prorroga\u00e7\u00e3o Sem previs\u00e3o Publicado em 04\/02\/2020 &nbsp; Inscri\u00e7\u00e3o online 23\/09\/2019 a 30\/01\/2020 Prorrogado at\u00e9 11\/02\/2020 &nbsp; Entrega de Documentos via Sedex e e-mail 23\/09\/2019 a 11\/12\/2019 &nbsp;Prazo Encerrado&nbsp; &nbsp; Entrega de Documentos pessoalmente ou [&hellip;]<\/p>\n","protected":false},"author":9,"featured_media":0,"parent":59,"menu_order":0,"comment_status":"closed","ping_status":"closed","template":"","meta":{"_acf_changed":false,"_themeisle_gutenberg_block_has_review":false,"footnotes":""},"class_list":["post-233","page","type-page","status-publish","hentry"],"acf":[],"_links":{"self":[{"href":"https:\/\/pos.uel.br\/contabilidade\/wp-json\/wp\/v2\/pages\/233","targetHints":{"allow":["GET"]}}],"collection":[{"href":"https:\/\/pos.uel.br\/contabilidade\/wp-json\/wp\/v2\/pages"}],"about":[{"href":"https:\/\/pos.uel.br\/contabilidade\/wp-json\/wp\/v2\/types\/page"}],"author":[{"embeddable":true,"href":"https:\/\/pos.uel.br\/contabilidade\/wp-json\/wp\/v2\/users\/9"}],"replies":[{"embeddable":true,"href":"https:\/\/pos.uel.br\/contabilidade\/wp-json\/wp\/v2\/comments?post=233"}],"version-history":[{"count":2,"href":"https:\/\/pos.uel.br\/contabilidade\/wp-json\/wp\/v2\/pages\/233\/revisions"}],"predecessor-version":[{"id":506,"href":"https:\/\/pos.uel.br\/contabilidade\/wp-json\/wp\/v2\/pages\/233\/revisions\/506"}],"up":[{"embeddable":true,"href":"https:\/\/pos.uel.br\/contabilidade\/wp-json\/wp\/v2\/pages\/59"}],"wp:attachment":[{"href":"https:\/\/pos.uel.br\/contabilidade\/wp-json\/wp\/v2\/media?parent=233"}],"curies":[{"name":"wp","href":"https:\/\/api.w.org\/{rel}","templated":true}]}}