{"id":224,"date":"2022-09-06T16:46:53","date_gmt":"2022-09-06T19:46:53","guid":{"rendered":"https:\/\/pos.uel.br\/direitocivil\/?page_id=224"},"modified":"2022-10-14T10:55:58","modified_gmt":"2022-10-14T13:55:58","slug":"insc_2022","status":"publish","type":"page","link":"https:\/\/pos.uel.br\/contabilidade\/inscricoes\/insc_2022\/","title":{"rendered":"Insc_2022"},"content":{"rendered":"\n<figure class=\"wp-block-table\"><table><thead><tr><th class=\"has-text-align-center\" data-align=\"center\" scope=\"col\">&nbsp;DOC<\/th><th scope=\"col\">ATIVIDADES<\/th><th scope=\"col\"><strong>DATA \/PER\u00cdODO DE PUBLICA\u00c7\u00c3O<\/strong><\/th><th scope=\"col\"><strong>SITUA\u00c7\u00c3O ATUAL<\/strong><\/th><\/tr><\/thead><tbody><tr><td class=\"has-text-align-center\" data-align=\"center\"><a href=\"https:\/\/pos.uel.br\/contabilidade\/wp-content\/uploads\/2022\/10\/159_edital-oferta-PUBLICAR_2022.pdf\" data-type=\"URL\" data-id=\"https:\/\/pos.uel.br\/contabilidade\/wp-content\/uploads\/2022\/10\/159_edital-oferta-PUBLICAR_2022.pdf\" target=\"_blank\" rel=\"noreferrer noopener\"><img loading=\"lazy\" decoding=\"async\" width=\"24\" height=\"21\" src=\"http:\/\/www.uel.br\/pos\/estado\/pages\/arquivos\/Imagens\/paste_red1.jpg\" alt=\"\"><\/a><a rel=\"noreferrer noopener\" href=\"http:\/\/www.uel.br\/pos\/direitocivil\/pages\/arquivos\/Comunicados\/2022\/158_edital%20oferta-%20PUBLICAR.pdf\" target=\"_blank\"><\/a><\/td><td>&nbsp;\ufeffEdital de Oferta \/ Inscri\u00e7\u00e3o<\/td><td>&nbsp;\ufeff29\/09\/2021<\/td><td>&nbsp;<strong>\ufeffImprescind\u00edvel Leitura!<\/strong><\/td><\/tr><tr><td class=\"has-text-align-center\" data-align=\"center\"><a href=\"http:\/\/www.uel.br\/pos\/estado\/pages\/arquivos\/Formularios\/Form_Isencao_Inscricao.doc\" target=\"_blank\" rel=\"noreferrer noopener\"><\/a><\/td><td>&nbsp;\ufeffRequerimento de Isen\u00e7\u00e3o<\/td><td>&nbsp;\ufeff04\/10\/2021 a 07\/10\/2021<\/td><td>&nbsp;<\/td><\/tr><tr><td class=\"has-text-align-center\" data-align=\"center\"><\/td><td>&nbsp;\ufeffResultado de An\u00e1lise do Requerimento de Isen\u00e7\u00e3o<\/td><td>&nbsp;\ufeff15\/10\/2021<\/td><td>&nbsp;<\/td><\/tr><tr><td class=\"has-text-align-center\" data-align=\"center\">&nbsp;<\/td><td>&nbsp;\ufeffInscri\u00e7\u00e3o online<\/td><td>&nbsp;\ufeff18\/10\/2021 a&nbsp;31\/01\/202214\/02\/2022<\/td><td>&nbsp;\ufeffAt\u00e9 \u00e0s 12h<\/td><\/tr><tr><td class=\"has-text-align-center\" data-align=\"center\"><a href=\"http:\/\/www.uel.br\/pos\/direitocivil\/pages\/arquivos\/Formularios\/2022\/2022_Dir%20Civil%20-Formulario%20Curriculo-NOVO.doc\"><\/a><\/td><td>Curr\u00edculo | Formul\u00e1rio Obrigat\u00f3rio<\/td><td>&nbsp;05\/10\/2021<\/td><td>&nbsp;<\/td><\/tr><tr><td class=\"has-text-align-center\" data-align=\"center\"><a href=\"https:\/\/pos.uel.br\/contabilidade\/wp-content\/uploads\/2022\/10\/159_Editalprorrogacao-2022_01fev22_Contabilidade_2022.pdf\" data-type=\"URL\" data-id=\"https:\/\/pos.uel.br\/contabilidade\/wp-content\/uploads\/2022\/10\/159_Editalprorrogacao-2022_01fev22_Contabilidade_2022.pdf\" target=\"_blank\" rel=\"noreferrer noopener\"><img loading=\"lazy\" decoding=\"async\" width=\"24\" height=\"21\" src=\"http:\/\/www.uel.br\/pos\/estado\/pages\/arquivos\/Imagens\/paste_red1.jpg\" alt=\"\"><\/a><a rel=\"noreferrer noopener\" href=\"http:\/\/www.uel.br\/pos\/direitocivil\/pages\/arquivos\/Comunicados\/2022\/158_Edital%20Prorroga%C3%A7%C3%A3o%202022_01fev22_Direito%20Civil.pdf\" target=\"_blank\"><\/a><\/td><td>&nbsp;\ufeffEdital de Prorroga\u00e7\u00e3o<a>\ufeff<\/a><\/td><td>01\/02\/2022<\/td><td><a>\ufeff<\/a><\/td><\/tr><tr><td class=\"has-text-align-center\" data-align=\"center\">&nbsp;<\/td><td>Entrega de Documentos via e-mail, incluindo boleto e comprovante de pagamento &#8211; cesapos@uel.br<\/td><td>&nbsp;\ufeff18\/10\/2021 a&nbsp;01\/02\/202214\/02\/2022<a>\ufeff<\/a><\/td><td>&nbsp;\ufeffAt\u00e9 \u00e0s 17h<a>\ufeff<\/a><\/td><\/tr><tr><td class=\"has-text-align-center\" data-align=\"center\"><a href=\"http:\/\/www.uel.br\/pos\/direitocivil\/pages\/arquivos\/Comunicados\/2022\/158_Comunicado%20selecao_18fev2022.pdf\" target=\"_blank\" rel=\"noreferrer noopener\"><\/a><a>\ufeff<\/a><\/td><td>&nbsp;\ufeffComunicado de Sele\u00e7\u00e3o<a>\ufeff<\/a><\/td><td>&nbsp;\ufeffAt\u00e9&nbsp;09\/02\/202218\/02\/2022<a>\ufeff<\/a><\/td><td>&nbsp;\ufeffImprescind\u00edvel Leitura!<a>\ufeff<\/a><\/td><\/tr><tr><td class=\"has-text-align-center\" data-align=\"center\">&nbsp;<\/td><td>&nbsp;\ufeffSele\u00e7\u00e3o<a>\ufeff<\/a><\/td><td>&nbsp;\ufeff09\/02\/2022 a 11\/02\/202218\/02\/2022<a>\ufeff<\/a><\/td><td>&nbsp;<\/td><\/tr><tr><td class=\"has-text-align-center\" data-align=\"center\"><a href=\"https:\/\/pos.uel.br\/contabilidade\/wp-content\/uploads\/2022\/10\/159_Edital-de-Resultado_2022.pdf\" data-type=\"URL\" data-id=\"https:\/\/pos.uel.br\/contabilidade\/wp-content\/uploads\/2022\/10\/159_Edital-de-Resultado_2022.pdf\" target=\"_blank\" rel=\"noreferrer noopener\"><img loading=\"lazy\" decoding=\"async\" width=\"24\" height=\"21\" src=\"http:\/\/www.uel.br\/pos\/estado\/pages\/arquivos\/Imagens\/paste_red1.jpg\" alt=\"\"><\/a><a rel=\"noreferrer noopener\" href=\"http:\/\/www.uel.br\/pos\/direitocivil\/pages\/arquivos\/Comunicados\/2022\/158_Edital%20de%20Resultado.pdf\" target=\"_blank\"><\/a><\/td><td>&nbsp;\ufeffEdital de Resultado<a>\ufeff<\/a><\/td><td>&nbsp;\ufeff18\/02\/202221\/02\/2022<a>\ufeff<\/a><\/td><td>&nbsp;<\/td><\/tr><tr><td class=\"has-text-align-center\" data-align=\"center\"><a href=\"http:\/\/www.uel.br\/pos\/direitocivil\/pages\/arquivos\/Comunicados\/2022\/158_Dir%20Civil_Comunicado%20de%20Matricula_2022.pdf\" target=\"_blank\" rel=\"noreferrer noopener\"><\/a><a>\ufeff<\/a><\/td><td>&nbsp;\ufeffComunicado de Matr\u00edcula<a>\ufeff<\/a><\/td><td>&nbsp;\ufeff21\/02\/2022 a 25\/02\/202224\/04\/2022<a>\ufeff<\/a><\/td><td>&nbsp;\ufeffImprescind\u00edvel Leitura!<a>\ufeff<\/a><\/td><\/tr><tr><td class=\"has-text-align-center\" data-align=\"center\"><a href=\"http:\/\/www.uel.br\/pos\/direitocivil\/pages\/arquivos\/Comunicados\/2022\/158_n%C3%BAmero%20de%20matr%C3%ADcula.PDF\" target=\"_blank\" rel=\"noreferrer noopener\"><\/a><a>\ufeff<\/a><\/td><td>&nbsp;\ufeffDivulga\u00e7\u00e3o do N\u00famero de Matr\u00edcula<a>\ufeff<\/a><\/td><td>&nbsp;\ufeff21\/02\/202224\/02\/2022<a>\ufeff<\/a><\/td><td>&nbsp;<\/td><\/tr><tr><td class=\"has-text-align-center\" data-align=\"center\">&nbsp;<\/td><td>&nbsp;\ufeffMatr\u00edcula &#8211; Via Web e entrega de documentos pendentes<a>\ufeff<\/a><\/td><td>&nbsp;\ufeff21\/02\/2022 a 25\/02\/202224\/02\/2022 a 04\/03\/2022<a>\ufeff<\/a><\/td><td>&nbsp;<\/td><\/tr><tr><td class=\"has-text-align-center\" data-align=\"center\">&nbsp;<\/td><td>&nbsp;\ufeffConvoca\u00e7\u00e3o de suplente<a>\ufeff<\/a><\/td><td>&nbsp;\ufeffA partir de 07\/03\/2022<a>\ufeff<\/a><\/td><td>&nbsp;<\/td><\/tr><tr><td class=\"has-text-align-center\" data-align=\"center\">&nbsp;<\/td><td>&nbsp;\ufeffMatr\u00edcula de suplente<a>\ufeff<\/a><\/td><td>&nbsp;\ufeffA partir de 08\/03\/2022<a>\ufeff<\/a><\/td><td>&nbsp;<\/td><\/tr><tr><td class=\"has-text-align-center\" data-align=\"center\">&nbsp;<\/td><td>&nbsp;\ufeffIn\u00edcio das Aulas<a>\ufeff<\/a><\/td><td>&nbsp;\ufeff11\/03\/2022<a>\ufeff<\/a><\/td><td>&nbsp;\ufeffFique atento ao comunicado do Coordenador do curso!<a>\ufeff<\/a><\/td><\/tr><\/tbody><\/table><\/figure>\n\n\n\n<p><a>\ufeff<\/a><\/p>\n\n\n\n<p><a>\ufeff<\/a><\/p>\n","protected":false},"excerpt":{"rendered":"<p>&nbsp;DOC ATIVIDADES DATA \/PER\u00cdODO DE PUBLICA\u00c7\u00c3O SITUA\u00c7\u00c3O ATUAL &nbsp;\ufeffEdital de Oferta \/ Inscri\u00e7\u00e3o &nbsp;\ufeff29\/09\/2021 &nbsp;\ufeffImprescind\u00edvel Leitura! &nbsp;\ufeffRequerimento de Isen\u00e7\u00e3o &nbsp;\ufeff04\/10\/2021 a 07\/10\/2021 &nbsp; &nbsp;\ufeffResultado de An\u00e1lise do Requerimento de Isen\u00e7\u00e3o &nbsp;\ufeff15\/10\/2021 &nbsp; &nbsp; &nbsp;\ufeffInscri\u00e7\u00e3o online &nbsp;\ufeff18\/10\/2021 a&nbsp;31\/01\/202214\/02\/2022 &nbsp;\ufeffAt\u00e9 \u00e0s 12h Curr\u00edculo | Formul\u00e1rio Obrigat\u00f3rio &nbsp;05\/10\/2021 &nbsp; &nbsp;\ufeffEdital de Prorroga\u00e7\u00e3o\ufeff 01\/02\/2022 \ufeff &nbsp; Entrega de Documentos [&hellip;]<\/p>\n","protected":false},"author":9,"featured_media":0,"parent":59,"menu_order":0,"comment_status":"closed","ping_status":"closed","template":"","meta":{"_acf_changed":false,"_themeisle_gutenberg_block_has_review":false,"footnotes":""},"class_list":["post-224","page","type-page","status-publish","hentry"],"acf":[],"_links":{"self":[{"href":"https:\/\/pos.uel.br\/contabilidade\/wp-json\/wp\/v2\/pages\/224","targetHints":{"allow":["GET"]}}],"collection":[{"href":"https:\/\/pos.uel.br\/contabilidade\/wp-json\/wp\/v2\/pages"}],"about":[{"href":"https:\/\/pos.uel.br\/contabilidade\/wp-json\/wp\/v2\/types\/page"}],"author":[{"embeddable":true,"href":"https:\/\/pos.uel.br\/contabilidade\/wp-json\/wp\/v2\/users\/9"}],"replies":[{"embeddable":true,"href":"https:\/\/pos.uel.br\/contabilidade\/wp-json\/wp\/v2\/comments?post=224"}],"version-history":[{"count":4,"href":"https:\/\/pos.uel.br\/contabilidade\/wp-json\/wp\/v2\/pages\/224\/revisions"}],"predecessor-version":[{"id":521,"href":"https:\/\/pos.uel.br\/contabilidade\/wp-json\/wp\/v2\/pages\/224\/revisions\/521"}],"up":[{"embeddable":true,"href":"https:\/\/pos.uel.br\/contabilidade\/wp-json\/wp\/v2\/pages\/59"}],"wp:attachment":[{"href":"https:\/\/pos.uel.br\/contabilidade\/wp-json\/wp\/v2\/media?parent=224"}],"curies":[{"name":"wp","href":"https:\/\/api.w.org\/{rel}","templated":true}]}}