{"id":246,"date":"2021-07-02T22:29:39","date_gmt":"2021-07-03T01:29:39","guid":{"rendered":"https:\/\/pos.uel.br\/cienciasdasaude\/?page_id=246"},"modified":"2022-04-19T23:17:27","modified_gmt":"2022-04-20T02:17:27","slug":"egressos-2","status":"publish","type":"page","link":"https:\/\/pos.uel.br\/cienciasdasaude\/egressos-2\/","title":{"rendered":"Egressos"},"content":{"rendered":"\n<p class=\"has-primary-accent-color has-text-color has-medium-font-size\"><strong>Destino dos egressos at\u00e9 2020<\/strong><\/p>\n\n\n\n<div class=\"wp-block-file\"><a id=\"wp-block-file--media-d1547598-8030-43bc-8686-6c514f44bc75\" href=\"https:\/\/pos.uel.br\/cienciasdasaude\/wp-content\/uploads\/2021\/07\/Destino-dos-egressos-atualizado-2020.pdf\">Destino-dos-egressos-atualizado-2020<\/a><a href=\"https:\/\/pos.uel.br\/cienciasdasaude\/wp-content\/uploads\/2021\/07\/Destino-dos-egressos-atualizado-2020.pdf\" class=\"wp-block-file__button\" download aria-describedby=\"wp-block-file--media-d1547598-8030-43bc-8686-6c514f44bc75\">Baixar<\/a><\/div>\n\n\n\n<hr class=\"wp-block-separator is-style-wide\"\/>\n\n\n\n<p class=\"has-primary-accent-color has-text-color has-medium-font-size\"><strong>Egressos, orientadores e ano de conclus\u00e3o<\/strong><\/p>\n\n\n\n<p><\/p>\n\n\n\n<p><\/p>\n\n\n\n<figure class=\"wp-block-table is-style-stripes\"><table><tbody><tr><td class=\"has-text-align-left\" data-align=\"left\"><strong>POS-GRADUANDO<\/strong><\/td><td class=\"has-text-align-left\" data-align=\"left\"><strong>ORIENTADOR<\/strong><\/td><td class=\"has-text-align-center\" data-align=\"center\"><strong>CONCLUS\u00c3O<\/strong><\/td><td class=\"has-text-align-left\" data-align=\"left\"><strong>TITULO DISSERTA\u00e7\u00c3O<\/strong><\/td><\/tr><tr><td class=\"has-text-align-left\" data-align=\"left\">ADNA DE MOURA FERELI REIS<\/td><td class=\"has-text-align-left\" data-align=\"left\">SANDRA VARGAS<\/td><td class=\"has-text-align-center\" data-align=\"center\">2020<\/td><td class=\"has-text-align-left\" data-align=\"left\">INTERVEN\u00c7\u00c3O PSICOEDUCACIONAL DIGITAL EM PACIENTES COM TRANSTORNO AFETIVO BIPOLAR GRAVE DESENVOLVIMENTO E AVALIA\u00c7\u00c3O<\/td><\/tr><tr><td class=\"has-text-align-left\" data-align=\"left\">ALDA F. M. L. GUEMBAROVSKI<\/td><td class=\"has-text-align-left\" data-align=\"left\">EDNA REICHE<\/td><td class=\"has-text-align-center\" data-align=\"center\">2015<\/td><td class=\"has-text-align-left\" data-align=\"left\">AN\u00c1LISE DE POLIMORFISMOS NOS GENES CXCL12 E CXCR4 E DA EXPRESS\u00c3O PROT\u00c9ICA DE CXCR4 EM PACIENTES PORTADORAS DE C\u00c2NCER DE MAMA TRIPLO-NEGATIVO<\/td><\/tr><tr><td class=\"has-text-align-left\" data-align=\"left\">ALEXANDRE SANCHES LARANGEIRA<\/td><td class=\"has-text-align-left\" data-align=\"left\">CINTIA GRION<\/td><td class=\"has-text-align-center\" data-align=\"center\">2016<\/td><td class=\"has-text-align-left\" data-align=\"left\">AN\u00c1LISE DO FLUXO SANGU\u00cdNEO CEREBRAL E HIPERTENS\u00c3O INTRACRANIANA EM PACIENTES CR\u00cdTICOS COM HIPERAMONEMIA N\u00c3O HEPATICA: O PARADOXO DA OBESIDADE EM PACIENTES GRANDES QUEIMADOS<\/td><\/tr><tr><td class=\"has-text-align-left\" data-align=\"left\">ALEXSANDRO KOIKE<\/td><td class=\"has-text-align-left\" data-align=\"left\">RUBENS CECCHINI<\/td><td class=\"has-text-align-center\" data-align=\"center\">2018<\/td><td class=\"has-text-align-left\" data-align=\"left\">AVALIA\u00c7\u00c3O DO ESTRESSE OXIDATIVO EM PACIENTES COM HIPERPLASIA BENIGNA DA PR\u00d3STATA E ADENOCARCINOMA PROST\u00c1TICO: ASSOCIA\u00c7\u00c3O COM O PROGN\u00d3STICO<\/td><\/tr><tr><td class=\"has-text-align-left\" data-align=\"left\">ALINE CRISTINA VIEIRA WALGER<\/td><td class=\"has-text-align-left\" data-align=\"left\">CINTIA GRION<\/td><td class=\"has-text-align-center\" data-align=\"center\">2021<\/td><td class=\"has-text-align-left\" data-align=\"left\">O PARADOXO DA OBESIDADE EM PACIENTES ADMITIDOS EM TERAPIA INTENSIVA POR QUEIMADURA.<\/td><\/tr><tr><td class=\"has-text-align-left\" data-align=\"left\">AMANDA CAROLINA DAMASCENO ZANUTO<\/td><td class=\"has-text-align-left\" data-align=\"left\">VINICIUS DAHER<\/td><td class=\"has-text-align-center\" data-align=\"center\">2019<\/td><td class=\"has-text-align-left\" data-align=\"left\">SOFAMONIA: COMPARA\u00c7\u00c3O DO ESCORE SOFA PADR\u00c3O COM PROPOSTA DE NOVO ESCORE INCLUINDO AM\u00d4NIA S\u00c9RICA<\/td><\/tr><tr><td class=\"has-text-align-left\" data-align=\"left\">ANA CAROLINA DE SOUZA CONGIO<\/td><td class=\"has-text-align-left\" data-align=\"left\">SANDRA VARGAS<\/td><td class=\"has-text-align-center\" data-align=\"center\">2017<\/td><td class=\"has-text-align-left\" data-align=\"left\">SEMELHAN\u00c7AS E DIFEREN\u00c7AS EM CARACTER\u00cdSTICAS CL\u00cdNICAS, TRAUMA NA INF\u00c2NCIA, FUNCIONAMENTO E BIOMARCADORES EM FASES AGUDA E DE REMISS\u00c3O NAS DEPRESS\u00d5ES UNIPOLAR E BIPOLAR<\/td><\/tr><tr><td class=\"has-text-align-left\" data-align=\"left\">AMANDA CRISTINA MACHADO CARLOTO<\/td><td class=\"has-text-align-left\" data-align=\"left\">WANDER PAVANELLI<\/td><td class=\"has-text-align-center\" data-align=\"center\">2020<\/td><td class=\"has-text-align-left\" data-align=\"left\">ATIVIDADE IN VITRO DA BETA-GLUCANA BOTRIOSFERANA SOBRE FORMAS PROMASTIGOTAS E AMASTIGOTAS DE LEISHMANIA AMAZONENSIS<\/td><\/tr><tr><td class=\"has-text-align-left\" data-align=\"left\">ANA LAURA MANTUANI IVAN<\/td><td class=\"has-text-align-left\" data-align=\"left\">RUBIA CASAGRANDE<\/td><td class=\"has-text-align-center\" data-align=\"center\">2013<\/td><td class=\"has-text-align-left\" data-align=\"left\">AVALIA\u00c7\u00c3O DA ATIVIDADE ANTIOXIDANTE IN VITRO E DO EFEITO ANTI-INFLAMAT\u00d3RIO E ANTIOXIDANTE DO DITIOCARBONATO DE PIRROLIDINA NO ESTRESSE OXIDATIVO INDUZIDO POR RADIA\u00c7\u00c3O UVB EM CAMUNDONGOS SEM PELO<\/td><\/tr><tr><td class=\"has-text-align-left\" data-align=\"left\">ANA LUIZA MEZZAROBA<\/td><td class=\"has-text-align-left\" data-align=\"left\">CINTIA GRION<\/td><td class=\"has-text-align-center\" data-align=\"center\">2015<\/td><td class=\"has-text-align-left\" data-align=\"left\">ATUA\u00c7\u00c3O DE UM TIME DE RESPOSTA R\u00c1PIDA LIDERADO POR M\u00c9DICO INTENSIVISTA DURANTE CINCO ANOS EM UM HOSPITAL UNIVERSIT\u00c1RIO<\/td><\/tr><tr><td class=\"has-text-align-left\" data-align=\"left\">ANA PAULA KALLAUR<\/td><td class=\"has-text-align-left\" data-align=\"left\">EDNA REICHE<\/td><td class=\"has-text-align-center\" data-align=\"center\">2012<\/td><td class=\"has-text-align-left\" data-align=\"left\">AVALIA\u00c7\u00c3O DO POLIMORFISMO GEN\u00c9TICO NcoI DO FATOR DE NECROSE TUMORAL BETA (TNF-\u00df) E DOS N\u00cdVEIS S\u00c9RICOS DE CITOCINAS EM PACIENTES COM ESCLEROSE M\u00daLTIPLA DE LONDRINA E REGI\u00c3O, PARAN\u00c1<\/td><\/tr><tr><td class=\"has-text-align-left\" data-align=\"left\">ANA PAULA MICHELIN<\/td><td class=\"has-text-align-left\" data-align=\"left\">DECIO SABBATINI<\/td><td class=\"has-text-align-center\" data-align=\"center\">2019<\/td><td class=\"has-text-align-left\" data-align=\"left\">AVALIA\u00c7\u00c3O DE BIOMARCADORES BIOQU\u00cdMICOS E DE ESTRESSE OXIDATIVO\/NITROSATIVO EM PACIENTES COM DOEN\u00c7A RENAL CR\u00d4NICA EM DIFERENTES EST\u00c1GIOS PR\u00c9-DI\u00c1LISE<\/td><\/tr><tr><td class=\"has-text-align-left\" data-align=\"left\">ANNA HERMINIA C. GOMES AMORIM<\/td><td class=\"has-text-align-left\" data-align=\"left\">ISAIAS DICHI<\/td><td class=\"has-text-align-center\" data-align=\"center\">2017<\/td><td class=\"has-text-align-left\" data-align=\"left\">INFLU\u00caNCIA DA S\u00cdNDROME METAB\u00d3LICA SOBRE AS MOL\u00c9CULAS DE ADES\u00c3O E TNF-A E SEUS RECEPTORES EM PACIENTES COM ARTRITE REUMAT\u00d3IDE<\/td><\/tr><tr><td class=\"has-text-align-left\" data-align=\"left\">ANDERSON MARQUINI MARONEZZI<\/td><td class=\"has-text-align-left\" data-align=\"left\">ANDREA DINIZ<\/td><td class=\"has-text-align-center\" data-align=\"center\">2013<\/td><td class=\"has-text-align-left\" data-align=\"left\">PREVIS\u00c3O DA TAXA DE ABSOR\u00c7\u00c3O INTESTINAL DE FLAVON\u00d3IDES POR CROMATOGRAFIA MICELAR DE BIOPARTI\u00c7\u00c3O<\/td><\/tr><tr><td class=\"has-text-align-left\" data-align=\"left\">ANDRE DE SOUZA NOGUEIRA<\/td><td class=\"has-text-align-left\" data-align=\"left\">ESTEFANIA MOREIRA<\/td><td class=\"has-text-align-center\" data-align=\"center\">2014<\/td><td class=\"has-text-align-left\" data-align=\"left\">INFLU\u00caNCIA DO STATUS DA ENZIMA PARAOXONASE 1 (PON1) NO PERFIL LIP\u00cdDICO E MARCADORES DE ESTRESSE OXIDATIVO EM INDIV\u00cdDUOS DO MUNIC\u00cdPIO DE CAMB\u00c9\/PR<\/td><\/tr><tr><td class=\"has-text-align-left\" data-align=\"left\">ANDREA MORGATO DE MELLO MIYASAKI<\/td><td class=\"has-text-align-left\" data-align=\"left\">ESTEFANIA MOREIRA<\/td><td class=\"has-text-align-center\" data-align=\"center\">2020<\/td><td class=\"has-text-align-left\" data-align=\"left\">EXPOSI\u00c7\u00c3O AO PARACETAMOL DURANTE A GESTA\u00c7\u00c3O E AMAMENTA\u00c7\u00c3O: AVALIA\u00c7\u00c3O DE POSS\u00cdVEIS EFEITOS RENAIS NA PROLE<\/td><\/tr><tr><td class=\"has-text-align-left\" data-align=\"left\">ANDRESSA PELAQUIM<\/td><td class=\"has-text-align-left\" data-align=\"left\">MARCO AURELIO FORNAZIERI<\/td><td class=\"has-text-align-center\" data-align=\"center\">2019<\/td><td class=\"has-text-align-left\" data-align=\"left\">POTENCIAIS EVOCADOS AUDITIVOS DE CURTA, M\u00c9DIA E LONGA LAT\u00caNCIA EM ADULTOS NO EQUIPAMENTO SMART &#8211; EP IHS\u00ae: PADRONIZA\u00c7\u00c3O DOS VALORES DE<br>LAT\u00caNCIA E AMPLITUDE<\/td><\/tr><tr><td class=\"has-text-align-left\" data-align=\"left\">BARBARA BRESCIANI COLOMBO<\/td><td class=\"has-text-align-left\" data-align=\"left\">WALDICEU VERRI<\/td><td class=\"has-text-align-center\" data-align=\"center\">2017<\/td><td class=\"has-text-align-left\" data-align=\"left\">EFEITO TERAP\u00caUTICO DA VIMPOCETINA NA COLITE INDUZIDA POR \u00c1CIDO AC\u00c9TICO<\/td><\/tr><tr><td class=\"has-text-align-left\" data-align=\"left\">BEATRIZ NEVES BRUNIERA<\/td><td class=\"has-text-align-left\" data-align=\"left\">EDUARDO ARAUJO<\/td><td class=\"has-text-align-center\" data-align=\"center\">2021<\/td><td class=\"has-text-align-left\" data-align=\"left\">AN\u00c1LISE MORFOQUANTITATIVA DE NEUR\u00d4NIOS ENT\u00c9RICOS DO JEJUNO DE RATOS SUBMETIDOS A ALTERA\u00c7\u00d5ES NUTRICIONAIS P\u00d3S-NATAIS POR MANIPULA\u00c7\u00c3O DO TAMANHO DA NINHADA.<\/td><\/tr><tr><td class=\"has-text-align-left\" data-align=\"left\">BRUNA TACIANE DA SILVA BORTOLETI<\/td><td class=\"has-text-align-left\" data-align=\"left\">WANDER PAVANELLI<\/td><td class=\"has-text-align-center\" data-align=\"center\">2017<\/td><td class=\"has-text-align-left\" data-align=\"left\">ATIVIDADE IN VITRO DO \u00c1CIDO GRANDIFLOR\u00caNICO SOBRE <em>Leishmania amazonensis<\/em><\/td><\/tr><tr><td class=\"has-text-align-left\" data-align=\"left\">BRUNO ALEXANDRE SEKIGUCHI<\/td><td class=\"has-text-align-left\" data-align=\"left\">ISAIAS DICHI<\/td><td class=\"has-text-align-center\" data-align=\"center\">2018<\/td><td class=\"has-text-align-left\" data-align=\"left\">ASSOCIA\u00c7\u00c3O DO POLIMORFISMO GEN\u00c9TICO DO FATOR DE NECROSE TUMORAL (TNF) B +252 A\/G (RS909253) COM OS N\u00cdVEIS PLASM\u00c1TICOS DE TNF A E COM AUTO ANTICORPOS EM PACIENTES COM L\u00daPUS ERITEMATOSO SIST\u00caMICO EM ATIVIDADE<\/td><\/tr><tr><td class=\"has-text-align-left\" data-align=\"left\">CAMILA DA ROCHA<\/td><td class=\"has-text-align-left\" data-align=\"left\">RUBIA CASAGRANDE<\/td><td class=\"has-text-align-center\" data-align=\"center\">2016<\/td><td class=\"has-text-align-left\" data-align=\"left\">POTENCIAL TERAP\u00caUTICO DO \u00c1CIDO PIMARADIEN\u00d3ICO NOS DANOS CUT\u00c2NEOS INDUZIDOS PELA RADIA\u00c7\u00c3O UVB EM CAMUNDONGOS SEM P\u00caLO<\/td><\/tr><tr><td class=\"has-text-align-left\" data-align=\"left\">CAMILA RODRIGUES FERRAZ<\/td><td class=\"has-text-align-left\" data-align=\"left\">WALDICEU VERRI<\/td><td class=\"has-text-align-center\" data-align=\"center\">2015<\/td><td class=\"has-text-align-left\" data-align=\"left\">MECANISMOS PERIF\u00c9RICOS ENVOLVIDOS NA HIPERALGESIA INDUZIDA PELA JARARAGINA: PARTICIPA\u00c7\u00c3O DAS CITOCINAS TNF-ALFA E IL-1BETA E DO FATOR DE TRANSCRI\u00c7\u00c3O NFKB<\/td><\/tr><tr><td class=\"has-text-align-left\" data-align=\"left\">CAMILLA CAROLINA ARRIERO RODRIGUES<\/td><td class=\"has-text-align-left\" data-align=\"left\">RUBIA CASAGRANDE<\/td><td class=\"has-text-align-center\" data-align=\"center\">2019<\/td><td class=\"has-text-align-left\" data-align=\"left\">EFEITO PROTETOR DE FORMULA\u00c7\u00c3O T\u00d3PICA CONTENDO \u00c1CIDO VAN\u00cdLICO CONTRA INFLAMA\u00c7\u00c3O E ESTRESSE OXIDATIVO INDUZIDOS PELA RADIA\u00c7\u00c3O UVB EM CAMUNDONGOS SEM PELO<\/td><\/tr><tr><td class=\"has-text-align-left\" data-align=\"left\">CARINE CONEGLIAN DE FARIAS<\/td><td class=\"has-text-align-left\" data-align=\"left\">DECIO SABBATINI<\/td><td class=\"has-text-align-center\" data-align=\"center\">2013<\/td><td class=\"has-text-align-left\" data-align=\"left\">AVALIA\u00c7\u00c3O DE MARCADORES SANGU\u00cdNEOS NA DOEN\u00c7A DE PARKINSON E VERIFICA\u00c7\u00c3O DA A\u00c7\u00c3O ANTIOXIDANTE IN VITRO DE ANTIPARKINSONIANOS<\/td><\/tr><tr><td class=\"has-text-align-left\" data-align=\"left\">CARLA FABIANA SOUZA GUAZELLI<\/td><td class=\"has-text-align-left\" data-align=\"left\">WALDICEU VERRI<\/td><td class=\"has-text-align-center\" data-align=\"center\">2012<\/td><td class=\"has-text-align-left\" data-align=\"left\">AUMENTO DA EFIC\u00c1CIA DA QUERCETINA PELA MICROENCAPSULA\u00c7\u00c3O: EFEITO TERAP\u00caUTICO EM MODELO DE COLITE EM CAMUNDONGOS<\/td><\/tr><tr><td class=\"has-text-align-left\" data-align=\"left\">CAROLINE SAMPAIO ALVES NUNES<\/td><td class=\"has-text-align-left\" data-align=\"left\">SANDRA VARGAS<\/td><td class=\"has-text-align-center\" data-align=\"center\">2016<\/td><td class=\"has-text-align-left\" data-align=\"left\">A QUALIDADE DE VIDA, A GRAVIDADE DOS SINTOMAS E A FUNCIONALIDADE EM PACIENTES COM TRANSTORNO DEPRESSIVO MAIOR E TRANSTORNO BIPOLAR<\/td><\/tr><tr><td class=\"has-text-align-left\" data-align=\"left\">CHIARA CRISTINA BORTOLASCI<\/td><td class=\"has-text-align-left\" data-align=\"left\">DECIO SABBATINI<\/td><td class=\"has-text-align-center\" data-align=\"center\">2012<\/td><td class=\"has-text-align-left\" data-align=\"left\">AVALIA\u00c7\u00c3O DOS EFEITOS DO CONSUMO DE CH\u00c1 VERDE E\/OU AVEIA NO PERFIL LIP\u00cdDICO E ESTRESSE OXIDATIVO EM PACIENTES COM S\u00cdNDROME METAB\u00d3LICA<\/td><\/tr><tr><td class=\"has-text-align-left\" data-align=\"left\">CHRISTIANE HENRIQUES FERREIRA<\/td><td class=\"has-text-align-left\" data-align=\"left\">CELIO ESTANISLAU<\/td><td class=\"has-text-align-center\" data-align=\"center\">2021<\/td><td class=\"has-text-align-left\" data-align=\"left\">EFEITOS FARMACOL\u00d3GICOS DA QUERCETINA SOBRE O COMPORTAMENTO DE GROOMING INDUZIDO POR ESTRESSE E EM MARCADORES DE ESTRESSE OXIDATIVO EM RATOS<\/td><\/tr><tr><td class=\"has-text-align-left\" data-align=\"left\">CINTIA SPAGNOLO GOMES<\/td><td class=\"has-text-align-left\" data-align=\"left\">SILVIO DE ALMEIDA<\/td><td class=\"has-text-align-center\" data-align=\"center\">2016<\/td><td class=\"has-text-align-left\" data-align=\"left\">OS EFEITOS DO M\u00c9TODO PILATES COMO TRATAMENTO DA INCONTIN\u00caNCIA URIN\u00c1RIA P\u00d3S-PROSTATECTOMIA RADICAL NA FOR\u00c7A DE PRESS\u00c3O MUSCULAR DO ASSOALHO P\u00c9LVICO<\/td><\/tr><tr><td class=\"has-text-align-left\" data-align=\"left\">CLAUDIO LUIZ C. GOMES DE AMORIM<\/td><td class=\"has-text-align-left\" data-align=\"left\">FABIO PITTA<\/td><td class=\"has-text-align-center\" data-align=\"center\">2020<\/td><td class=\"has-text-align-left\" data-align=\"left\">VITAMINA D E SUA ASSOCIA\u00c7\u00c3O COM ALGUMAS CARACTER\u00cdSTICAS INFLAMAT\u00d3RIAS EM UMA AMOSTRA DE CRIAN\u00c7AS BRASILEIRAS ASM\u00c1TICAS<\/td><\/tr><tr><td class=\"has-text-align-left\" data-align=\"left\">CLODOALDO ZAGO CAMPOS<\/td><td class=\"has-text-align-left\" data-align=\"left\">TANIA MAZZUCO<\/td><td class=\"has-text-align-center\" data-align=\"center\">2014<\/td><td class=\"has-text-align-left\" data-align=\"left\">AN\u00c1LISE DE POLIMORFISMOS GEN\u00c9TICOS DAS ENZIMAS DE METABOLIZA\u00c7\u00c3O GSTM1, GSTT1 E NQO1: POSS\u00cdVEIS IMPLICA\u00c7\u00d5ES NA SUSCETIBILIDADE, PROGN\u00d3STICO E RESPOSTA TERAP\u00caUTICA A CURTO PRAZO DO C\u00c2NCER DE MAMA<\/td><\/tr><tr><td class=\"has-text-align-left\" data-align=\"left\">DANIELA FRIZON ALFIERI<\/td><td class=\"has-text-align-left\" data-align=\"left\">EDNA REICHE<\/td><td class=\"has-text-align-center\" data-align=\"center\">2016<\/td><td class=\"has-text-align-left\" data-align=\"left\">ASSOCIA\u00c7\u00c3O ENTRE O STATUS DE VITAMINA D E MARCADORES INFLAMAT\u00d3RIOS EM PACIENTES COM ACIDENTE VASCULAR ENCEF\u00c1LICO ISQU\u00caMICO AGUDO<\/td><\/tr><tr><td class=\"has-text-align-left\" data-align=\"left\">DAVID LAIOS DO VALE<\/td><td class=\"has-text-align-left\" data-align=\"left\">RUBIA CASAGRANDE<\/td><td class=\"has-text-align-center\" data-align=\"center\">2016<\/td><td class=\"has-text-align-left\" data-align=\"left\">AVALIA\u00c7\u00c3O DO EFEITO TERAP\u00caUTICO DA QUERCETINA MICROENCAPSULADA NOS DANOS CUT\u00c2NEOS INDUZIDOS PELA RADIA\u00c7\u00c3O ULTRAVIOLETA B EM CAMUNDONGOS SEM P\u00caLO<\/td><\/tr><tr><td class=\"has-text-align-left\" data-align=\"left\">DOUGLAS DOS SANTOS GRION<\/td><td class=\"has-text-align-left\" data-align=\"left\">CINTIA GRION<\/td><td class=\"has-text-align-center\" data-align=\"center\">2019<\/td><td class=\"has-text-align-left\" data-align=\"left\">INTERVEN\u00c7\u00c3O PERCUT\u00c2NEA CORONARIANA EM LES\u00c3O N\u00c3O PROTEGIDA DE TRONCO DE ART\u00c9RIA CORON\u00c1RIA ESQUERDA: AN\u00c1LISE DE 107 CASOS<\/td><\/tr><tr><td class=\"has-text-align-left\" data-align=\"left\">EDUARDO SALVIANO TEIXEIRA DO PRADO<\/td><td class=\"has-text-align-left\" data-align=\"left\">SANDRA VARGAS<\/td><td class=\"has-text-align-center\" data-align=\"center\">2014<\/td><td class=\"has-text-align-left\" data-align=\"left\">ENSAIO CL\u00cdNICO PARA AVALIA\u00c7\u00c3O DA EFIC\u00c1CIA DA NACETILCISTE\u00cdNA COMO TRATAMENTO PARA O TRANSTORNO POR USO DO TABACO<\/td><\/tr><tr><td class=\"has-text-align-left\" data-align=\"left\">ELLEN CRISTINE DUARTE GARCIA<\/td><td class=\"has-text-align-left\" data-align=\"left\">WALDICEU VERRI<\/td><td class=\"has-text-align-center\" data-align=\"center\">2017<\/td><td class=\"has-text-align-left\" data-align=\"left\">VERIFICA\u00c7\u00c3O DA EFIC\u00c1CIA, SEGURAN\u00c7A E M\u00c9TODO DE CONFIRMA\u00c7\u00c3O DE EPIT\u00c9LIO OLFAT\u00d3RIO POR IMUNOHISTOQU\u00cdMICA E AN\u00c1LISE MORFOL\u00d3GICA EM BI\u00d3PSIA DE CONCHA NASAL SUPERIOR<\/td><\/tr><tr><td class=\"has-text-align-left\" data-align=\"left\">ELISANGELA FLAUZINO ZAMPAR<\/td><td class=\"has-text-align-left\" data-align=\"left\">CINTIA GRION<\/td><td class=\"has-text-align-center\" data-align=\"center\">2015<\/td><td class=\"has-text-align-left\" data-align=\"left\">INCID\u00caNCIA DE INFEC\u00c7\u00d5ES EM UM CENTRO DE REFER\u00caNCIA NO TRATAMENTO DE QUEIMADURA<\/td><\/tr><tr><td class=\"has-text-align-left\" data-align=\"left\">FABIANA ROTONDO PEDRIALI<\/td><td class=\"has-text-align-left\" data-align=\"left\">SILVIO ALMEIDA<\/td><td class=\"has-text-align-center\" data-align=\"center\">2014<\/td><td class=\"has-text-align-left\" data-align=\"left\">COMPARA\u00c7\u00c3O ENTRE O M\u00c9TODO PILATES E A CINESIOTERAPIA DO ASSOALHO P\u00c9LVICO ASSOCIADA \u00c0 ELETROESTIMULA\u00c7\u00c3O NA RECUPERA\u00c7\u00c3O DA INCONTIN\u00caNCIA URIN\u00c1RIA P\u00d3S- PROSTATECTOMIA RADICAL: ENSAIO CL\u00cdNICO ALEATORIZADO<\/td><\/tr><tr><td class=\"has-text-align-left\" data-align=\"left\">FABIANE YURI YAMACITA BORIN<\/td><td class=\"has-text-align-left\" data-align=\"left\">RUBIA CASAGRANDE<\/td><td class=\"has-text-align-center\" data-align=\"center\">2013<\/td><td class=\"has-text-align-left\" data-align=\"left\">AVALIA\u00c7\u00c3O DA PARTICIPA\u00c7\u00c3O DO TNF-ALFA NA HIPERALGESIA E INFLAMA\u00c7\u00c3O INDUZIDAS POR DOADOR DE \u00c2NION SUPER\u00d3XIDO<\/td><\/tr><tr><td class=\"has-text-align-left\" data-align=\"left\">FABIO ROSTON<\/td><td class=\"has-text-align-left\" data-align=\"left\">VINICIUS DAHER<\/td><td class=\"has-text-align-center\" data-align=\"center\">2017<\/td><td class=\"has-text-align-left\" data-align=\"left\">HIPERTENS\u00c3O PULMONAR E BIOMARCADORES DE ESTRESSE OXIDATIVO EM INDIV\u00cdDUOS EM HEMODI\u00c1LISE<\/td><\/tr><tr><td class=\"has-text-align-left\" data-align=\"left\">FABRIZIO ALMEIDA PRADO<\/td><td class=\"has-text-align-left\" data-align=\"left\">VINICIUS DAHER<\/td><td class=\"has-text-align-center\" data-align=\"center\">2014<\/td><td class=\"has-text-align-left\" data-align=\"left\">HIPERAMONEMIA N\u00c3O HEP\u00c1TICA EM PACIENTES EM TERAPIA INTENSIVA<\/td><\/tr><tr><td class=\"has-text-align-left\" data-align=\"left\">FERNANDA BELINCANTA BORGHI<\/td><td class=\"has-text-align-left\" data-align=\"left\">ANDREA DINIZ<\/td><td class=\"has-text-align-center\" data-align=\"center\">2013<\/td><td class=\"has-text-align-left\" data-align=\"left\">OBTEN\u00c7\u00c3O E AVALIA\u00c7\u00c3O DE EXTRATO PADRONIZADO DE FOLHAS DE <em>Nectandra falcifolia<\/em> (NEES) <em>Castioglioni <\/em>(LAURACEA) COM ATIVIDADE ANTIOXIDANTE<\/td><\/tr><tr><td class=\"has-text-align-left\" data-align=\"left\">FERNANDA ESTEVES NASCIMENTO BARROS<\/td><td class=\"has-text-align-left\" data-align=\"left\">ISAIAS DICHI<\/td><td class=\"has-text-align-center\" data-align=\"center\">2014<\/td><td class=\"has-text-align-left\" data-align=\"left\">INFLU\u00caNCIAS DAS ADIPOCINAS E DA FERRITINA NA RESIST\u00caNCIA \u00c0 INSULINA EM PACIENTES INFECTADOS PELO V\u00cdRUS DA HEPATITE C<\/td><\/tr><tr><td class=\"has-text-align-left\" data-align=\"left\">FERNANDA LIBONI CAVICCHIOLI<\/td><td class=\"has-text-align-left\" data-align=\"left\">SANDRA VARGAS<\/td><td class=\"has-text-align-center\" data-align=\"center\">2016<\/td><td class=\"has-text-align-left\" data-align=\"left\">PACIENTES COM TRANSTORNO BIPOLAR E TRANSTORNO DEPRESSIVO MAIOR COM\u00d3RBIDOS COM TRANSTORNO DE ANSIEDADE: AGRAVAMENTO DAS<br>CARACTER\u00cdSTICAS CL\u00cdNICAS<\/td><\/tr><tr><td class=\"has-text-align-left\" data-align=\"left\">FERNANDO HENRIQUE BORGES<\/td><td class=\"has-text-align-left\" data-align=\"left\">RUBENS CECCHINI<\/td><td class=\"has-text-align-center\" data-align=\"center\">2013<\/td><td class=\"has-text-align-left\" data-align=\"left\">RELA\u00c7\u00c3O ENTRE O ESTRESSE OXIDATIVO E A CAQUEXIA CARD\u00cdACA EM RATOS PORTADORES DA FORMA S\u00d3LIDA DO TUMOR DE WALKER-256<\/td><\/tr><tr><td class=\"has-text-align-left\" data-align=\"left\">FERNANDO TERZIOTTI<\/td><td class=\"has-text-align-left\" data-align=\"left\">SILVIO ALMEIDA<\/td><td class=\"has-text-align-center\" data-align=\"center\">2019<\/td><td class=\"has-text-align-left\" data-align=\"left\">COMPARA\u00c7\u00c3O DOS \u00cdNDICES DE CURA, SATISFA\u00c7\u00c3O E COMPLICA\u00c7\u00d5ES DO SLING SAFYRE\u00ae E DO SLING CONFECCIONADO PELO CIRURGI\u00c3O EM ACOMPANHAMENTO DE AT\u00c9 13 ANOS<\/td><\/tr><tr><td class=\"has-text-align-left\" data-align=\"left\">FRANCIELLI MARY PEREIRA GIMENEZ<\/td><td class=\"has-text-align-left\" data-align=\"left\">CINTIA GRION<\/td><td class=\"has-text-align-center\" data-align=\"center\">2016<\/td><td class=\"has-text-align-left\" data-align=\"left\">EVENTOS ADVERSOS NO TRANSPORTE INTRAHOSPITALAR DO PACIENTE CR\u00cdTICO EM HOSPITAL FILANTR\u00d3PICO<\/td><\/tr><tr><td class=\"has-text-align-left\" data-align=\"left\">GEISE ELLEN BROTO OLIVEIRA<\/td><td class=\"has-text-align-left\" data-align=\"left\">DECIO SABBATINI<\/td><td class=\"has-text-align-center\" data-align=\"center\">2017<\/td><td class=\"has-text-align-left\" data-align=\"left\">AVALIA\u00c7\u00c3O DO ESTADO REDOX NA LEUCEMIA LINFOC\u00cdTICA AGUDA &#8211; TIPO B INFANTIL: AN\u00c1LISE DO MICROAMBIENTE TUMORAL E CIRCULA\u00c7\u00c3O SIST\u00caMICA DURANTE A FASE DE INDU\u00c7\u00c3O DO TRATAMENTO QUIMIOTER\u00c1PICO<\/td><\/tr><tr><td class=\"has-text-align-left\" data-align=\"left\">GIANNA KELREN WALDRICH BISCA<\/td><td class=\"has-text-align-left\" data-align=\"left\">FABIO PITTA<\/td><td class=\"has-text-align-center\" data-align=\"center\">2013<\/td><td class=\"has-text-align-left\" data-align=\"left\">M\u00cdNIMA MUDAN\u00c7A DETECT\u00c1VEL NA ESCALA LONDON CHEST ACTIVITY OF DAILY LIVING EM PACIENTES COM DOEN\u00c7A PULMONAR OBSTRUTIVA CR\u00d4NICA<\/td><\/tr><tr><td class=\"has-text-align-left\" data-align=\"left\">GISELE DE SOUZA TEIXEIRA BELLINELLO<\/td><td class=\"has-text-align-left\" data-align=\"left\">SANDRA VARGAS<\/td><td class=\"has-text-align-center\" data-align=\"center\">2018<\/td><td class=\"has-text-align-left\" data-align=\"left\">O PAPEL DE BIOMARCADORES INFLAMAT\u00d3RIOS, DEPRESS\u00c3O E TRAUMAS NA INF\u00c2NCIA EM INDIV\u00cdDUOS QUE TENTARAM SUIC\u00cdDIO<\/td><\/tr><tr><td class=\"has-text-align-left\" data-align=\"left\">GLAUCIA ELIZABETE GALVAO<\/td><td class=\"has-text-align-left\" data-align=\"left\">CINTIA GRION<\/td><td class=\"has-text-align-center\" data-align=\"center\">2017<\/td><td class=\"has-text-align-left\" data-align=\"left\">MUDAN\u00c7AS TEMPORAIS DAS CARACTER\u00cdSTICAS CL\u00cdNICAS E PROGN\u00d3STICO DE PACIENTES GRAVES ADMITIDOS EM UNIDADE DE TERAPIA INTENSIVA DE HOSPITAL UNIVERSIT\u00c1RIO<\/td><\/tr><tr><td class=\"has-text-align-left\" data-align=\"left\">GUSTAVO TEIXEIRA FULTON SCHIMIT<\/td><td class=\"has-text-align-left\" data-align=\"left\">SILVIO ALMEIDA<\/td><td class=\"has-text-align-center\" data-align=\"center\">2017<\/td><td class=\"has-text-align-left\" data-align=\"left\">EXISTE ASSOCIA\u00c7\u00c3O ENTRE A ATEROSCLEROSE E O ESPESSAMENTO MEDIOINTIMAL CAROT\u00cdDEOS SOBRE OS SINTOMAS DO TRATO URIN\u00c1RIO INFERIOR EM PACIENTES COM S\u00cdNDROME METAB\u00d3LICA?<\/td><\/tr><tr><td class=\"has-text-align-left\" data-align=\"left\">HENRIQUE OCHOA SCUSSIATTO<\/td><td class=\"has-text-align-left\" data-align=\"left\">MARCO AURELIO FORNAZIERI<\/td><td class=\"has-text-align-center\" data-align=\"center\">2020<\/td><td class=\"has-text-align-left\" data-align=\"left\">VALIDA\u00c7\u00c3O DE QUESTION\u00c1RIO DO N\u00cdVEL DE EXPOSI\u00c7\u00c3O INDIVIDUAL \u00c0 POLUI\u00c7\u00c3O A\u00c9REA (QPOL)<\/td><\/tr><tr><td class=\"has-text-align-left\" data-align=\"left\">INGRID CAROLINE PINTO<\/td><td class=\"has-text-align-left\" data-align=\"left\">RUBIA CASAGRANDE<\/td><td class=\"has-text-align-center\" data-align=\"center\">2019<\/td><td class=\"has-text-align-left\" data-align=\"left\">AVALIA\u00c7\u00c3O DO EFEITO TERAP\u00caUTICO DA RESOLVINA D2 NA INFLAMA\u00c7\u00c3O E ESTRESSE OXIDATIVO INDUZIDOS PELA RADIA\u00c7\u00c3O UVB EM CAMUNDONGOS<\/td><\/tr><tr><td class=\"has-text-align-left\" data-align=\"left\">ISABELLA FUNFAS BANDEIRA MEDINA<\/td><td class=\"has-text-align-left\" data-align=\"left\">ANTONIO CASELLA<\/td><td class=\"has-text-align-center\" data-align=\"center\">2018<\/td><td class=\"has-text-align-left\" data-align=\"left\">FATORES ASSOCIADOS \u00c0 CONTAMINA\u00c7\u00c3O DAS C\u00d3RNEAS DOADAS AO BANCO DE OLHOS DE LONDRINA<\/td><\/tr><tr><td class=\"has-text-align-left\" data-align=\"left\">JEFFERSON CRESPIGIO<\/td><td class=\"has-text-align-left\" data-align=\"left\">TANIA MAZZUCO<\/td><td class=\"has-text-align-center\" data-align=\"center\">2013<\/td><td class=\"has-text-align-left\" data-align=\"left\">MODULA\u00c7\u00c3O DO EIXO CORTICOTR\u00d3FICO NA CAQUEXIA NEOPL\u00c1SICA EM UM MODELO EXPERIMENTAL<\/td><\/tr><tr><td class=\"has-text-align-left\" data-align=\"left\">JOHNATHAN DE SOUSA PARREIRA<\/td><td class=\"has-text-align-left\" data-align=\"left\">RAMON KAIMEN<\/td><td class=\"has-text-align-center\" data-align=\"center\">2014<\/td><td class=\"has-text-align-left\" data-align=\"left\">ASSOCIA\u00c7\u00c3O ENTRE O POLIMORFISMO GEN\u00c9TICO Ncol (rs909253) DO FATOR DE NECROSE TUMORAL BETA E MARCADORES INFLAMAT\u00d3RIOS E O PROGN\u00d3STICO EM PACIENTES COM ACIDENTE VASCULAR CEREBRAL ISQU\u00caMICO ATENDIDOS EM UM HOSPITAL UNIVERSIT\u00c1RIO<\/td><\/tr><tr><td class=\"has-text-align-left\" data-align=\"left\">JORGE PAULO SALES DE ALMEIDA<\/td><td class=\"has-text-align-left\" data-align=\"left\">ISAIAS DICHI<\/td><td class=\"has-text-align-center\" data-align=\"center\">2015<\/td><td class=\"has-text-align-left\" data-align=\"left\">AVALIA\u00c7\u00c3O DA HIPOVITAMINOSE D NO ESTRESSE OXIDATIVO E NOS MARCADORES CL\u00cdNICOS E LABORATORIAIS DA INFEC\u00c7\u00c3O CR\u00d4NICA PELO V\u00cdRUS DA HEPATITE C<\/td><\/tr><tr><td class=\"has-text-align-left\" data-align=\"left\">JOS\u00c9 DAVID GONZ\u00c1LEZ C\u00c1RDENAS<\/td><td class=\"has-text-align-left\" data-align=\"left\">RAFAEL DEMINICE<\/td><td class=\"has-text-align-center\" data-align=\"center\">2021<\/td><td class=\"has-text-align-left\" data-align=\"left\">MECANISMOS MOLECULARES DA SARCOPENIA EM PESSOAS VIVENDO COM HIV\/AIDS.<\/td><\/tr><tr><td class=\"has-text-align-left\" data-align=\"left\">JOSIANE FESTTI<\/td><td class=\"has-text-align-left\" data-align=\"left\">ALEXANDRE CARRILHO<\/td><td class=\"has-text-align-center\" data-align=\"center\">2012<\/td><td class=\"has-text-align-left\" data-align=\"left\">ACTH, LIPOPROTE\u00cdNAS E CORTISOL SALIVAR COMO MARCADORES DE INSUFICI\u00caNCIA SUPRARRENAL EM PACIENTES COM CHOQUE S\u00c9PTICO<\/td><\/tr><tr><td class=\"has-text-align-left\" data-align=\"left\">JULIANA APARECIDA MORINI ALTAFIN<\/td><td class=\"has-text-align-left\" data-align=\"left\">TIEMI MATSUO<\/td><td class=\"has-text-align-center\" data-align=\"center\">2012<\/td><td class=\"has-text-align-left\" data-align=\"left\">CARGA DE TRABALHO DE ENFERMAGEM ASSOCIADA \u00c0 SEPSE EM UNIDADE DE TERAPIA INTENSIVA ADULTO<\/td><\/tr><tr><td class=\"has-text-align-left\" data-align=\"left\">JULIANA BRUM MORAES<\/td><td class=\"has-text-align-left\" data-align=\"left\">SANDRA VARGAS<\/td><td class=\"has-text-align-center\" data-align=\"center\">2016<\/td><td class=\"has-text-align-left\" data-align=\"left\">MAUS-TRATOS NA INF\u00c2NCIA E SUAS CONSEQU\u00caNCIAS NA PSICOPATOLOGIA DE PACIENTES ADULTOS COM TRANSTORNO BIPOLAR E TRANSTORNO DEPRESSIVO MAIOR EM COMPARA\u00c7\u00c3O COM CONTROLES SAUD\u00c1VEIS<\/td><\/tr><tr><td class=\"has-text-align-left\" data-align=\"left\">JULIANA CARVALHO ROMAGNOLLI PLASTIN<\/td><td class=\"has-text-align-left\" data-align=\"left\">VINICIUS DAHER<\/td><td class=\"has-text-align-center\" data-align=\"center\">2015<\/td><td class=\"has-text-align-left\" data-align=\"left\">DEFICI\u00caNCIA FUNCIONAL DE FERRO EM PACIENTES EM HEMODI\u00c1LISE: PREVAL\u00caNCIA, CARACTERIZA\u00c7\u00c3O E BIOMARCADORES DE ESTRESSE OXIDATIVO E INFLAMA\u00c7\u00c3O<\/td><\/tr><tr><td class=\"has-text-align-left\" data-align=\"left\">JURACI DE CASSIA ARAUJO<\/td><td class=\"has-text-align-left\" data-align=\"left\">CELIO ESTANISLAU<\/td><td class=\"has-text-align-center\" data-align=\"center\">2022<\/td><td class=\"has-text-align-left\" data-align=\"left\">OBESIDADE: ESTILOS DE COPING, CARACTER\u00cdSTICAS DE PERSONALIDADE E ESTIMATIVA DE TAMANHO DE POR\u00c7\u00d5ES<\/td><\/tr><tr><td class=\"has-text-align-left\" data-align=\"left\">KAMILA LANDUCCI BONIFACIO<\/td><td class=\"has-text-align-left\" data-align=\"left\">DECIO SABBATINI<\/td><td class=\"has-text-align-center\" data-align=\"center\">2014<\/td><td class=\"has-text-align-left\" data-align=\"left\">AVALIA\u00c7\u00c3O DE BIOMARCADORES INFLAMAT\u00d3RIOS E DE ESTRESSE OXIDATIVO EM ADOLESCENTE COM S\u00cdNDROME METAB\u00d3LICA NO MUNIC\u00cdPIO DE LONDRINA &#8211; PR<\/td><\/tr><tr><td class=\"has-text-align-left\" data-align=\"left\">KARINE MARIA BOLL<\/td><td class=\"has-text-align-left\" data-align=\"left\">ESTEFANIA MOREIRA<\/td><td class=\"has-text-align-center\" data-align=\"center\">2012<\/td><td class=\"has-text-align-left\" data-align=\"left\">AVALIA\u00c7\u00c3O TOXICOL\u00d3GICA E ANTIOXIDANTE DA PASSIFLORA INCARNATA EM RATAS TRATADAS DURANTE A GESTA\u00c7\u00c3O E AMAMENTA\u00c7\u00c3O<\/td><\/tr><tr><td class=\"has-text-align-left\" data-align=\"left\">KETLEM CRISTINE ANDRADE<\/td><td class=\"has-text-align-left\" data-align=\"left\">WALDICEU VERRI<\/td><td class=\"has-text-align-center\" data-align=\"center\">2021<\/td><td class=\"has-text-align-left\" data-align=\"left\">EFEITO ANALG\u00c9SICO E ANTI-INFLAMAT\u00d3RIO DO MEDIADOR LIP\u00cdDICO PR\u00d3 RESOLU\u00c7\u00c3O 17(R)-RESOLVINA D1 NOS MODELOS DE ARTRITE INDUZIDO POR ZIMOSAN E CRISTAIS DE URATO MONOSS\u00d3DICO EM CAMUNDONGOS<\/td><\/tr><tr><td class=\"has-text-align-left\" data-align=\"left\">LAIS MAGALHAES CARVALHO S. SILVA<\/td><td class=\"has-text-align-left\" data-align=\"left\">CINTIA GRION<\/td><td class=\"has-text-align-center\" data-align=\"center\">2014<\/td><td class=\"has-text-align-left\" data-align=\"left\">ASPECTOS EPIDEMIOL\u00d3GICOS DE S\u00cdNDROME DO DESCONFORTO RESPIRAT\u00d3RIO AGUDO EM UNIDADE DE TERAPIA INTENSIVA DE UM CENTRO DE TRATAMENTO<br>DE QUEIMADOS<\/td><\/tr><tr><td class=\"has-text-align-left\" data-align=\"left\">LARISSA NASCIMENTO SOARES<\/td><td class=\"has-text-align-left\" data-align=\"left\">SILVIO ALMEIDA<\/td><td class=\"has-text-align-center\" data-align=\"center\">2017<\/td><td class=\"has-text-align-left\" data-align=\"left\">COMPARA\u00c7\u00c3O ENTRE O M\u00c9TODO PILATES E A CINESIOTERAPIA DO ASSOALHO P\u00c9LVICO ASSOCIADA \u00c0 ELETROESTIMULA\u00c7\u00c3O NA FUN\u00c7\u00c3O SEXUAL P\u00d3SPROSTATECTOMIA RADICAL: DERIVA\u00c7\u00c3O DE ENSAIO CL\u00cdNICO ALEATORIZADO<\/td><\/tr><tr><td class=\"has-text-align-left\" data-align=\"left\">LAURA DE OLIVEIRA SEME\u00c3O<\/td><td class=\"has-text-align-left\" data-align=\"left\">DECIO SABBATINI<\/td><td class=\"has-text-align-center\" data-align=\"center\">2022<\/td><td class=\"has-text-align-left\" data-align=\"left\">AVALIA\u00c7\u00c3O DE BIOMARCADORES DE ESTRESSE OXIDATIVO\/NITROSATIVO EM PACIENTES COM DOEN\u00c7A RENAL CR\u00d4NICA NO EST\u00c1GIO PR\u00c9 DIAL\u00cdTICO E EM DI\u00c1LISE.<\/td><\/tr><tr><td class=\"has-text-align-left\" data-align=\"left\">LEANDRO CRUZ MANTOANI<\/td><td class=\"has-text-align-left\" data-align=\"left\">FABIO PITTA<\/td><td class=\"has-text-align-center\" data-align=\"center\">2013<\/td><td class=\"has-text-align-left\" data-align=\"left\">EFEITOS A LONGO PRAZO DE UM PROGRAMA DE PROMO\u00c7\u00c3O DE ATIVIDADE F\u00cdSICA EM TABAGISTAS<\/td><\/tr><tr><td class=\"has-text-align-left\" data-align=\"left\">LETICIA NAVARRO GORDAN FERREIRA MAR<\/td><td class=\"has-text-align-left\" data-align=\"left\">DECIO SABBATINI<\/td><td class=\"has-text-align-center\" data-align=\"center\">2018<\/td><td class=\"has-text-align-left\" data-align=\"left\">ESTUDO DE CITOCINAS NO PRODUTO DE LEUCOAF\u00c9RESE DE PACIENTES COM MIELOMA M\u00daLTIPLO ELEG\u00cdVEIS PARA TRANSPLANTE: CORRELA\u00c7\u00c3O COM FATORES PROGN\u00d3STICOS E DESFECHO CL\u00cdNICO<\/td><\/tr><tr><td class=\"has-text-align-left\" data-align=\"left\">LUCAS SILVA LIBERATTI<\/td><td class=\"has-text-align-left\" data-align=\"left\">EDNA REICHE<\/td><td class=\"has-text-align-center\" data-align=\"center\">2015<\/td><td class=\"has-text-align-left\" data-align=\"left\">ENVOLVIMENTO DO POLIMORFISMO PVUII NO INTRON 15 DO GENE RECEPTOR DE LIPOPROTE\u00cdNA DE BAIXA DENSIDADE NO ESTRESSE OXIDATIVO, PERFIL LIP\u00cdDICO<br>E LES\u00c3O HEP\u00c1TICA EM PACIENTES COM HEPATITE C CR\u00d4NICA<\/td><\/tr><tr><td class=\"has-text-align-left\" data-align=\"left\">LUCIANA HIGACHI<\/td><td class=\"has-text-align-left\" data-align=\"left\">DECIO SABBATINI<\/td><td class=\"has-text-align-center\" data-align=\"center\">2018<\/td><td class=\"has-text-align-left\" data-align=\"left\">AVALIA\u00c7\u00c3O DA A\u00c7\u00c3O DA QUERCETINA MICROENCAPSULADA EM MODELO DE INDU\u00c7\u00c3O DE DIABETES COM FRUTOSE EM RATOS WISTAR<\/td><\/tr><tr><td class=\"has-text-align-left\" data-align=\"left\">LUCIANE CELESTE LAZARI BERBEL<\/td><td class=\"has-text-align-left\" data-align=\"left\">TANIA MAZZUCO<\/td><td class=\"has-text-align-center\" data-align=\"center\">2014<\/td><td class=\"has-text-align-left\" data-align=\"left\">INFLU\u00caNCIA DA VARIA\u00c7\u00c3O GENOT\u00cdPICA GLU354GLN DO RECEPTOR PARA O GIP SOBRE A HOMEOSTASE GLIC\u00caMICA E A SENSIBILIDADE INSUL\u00cdNICA EM INDIV\u00cdDUOS SADIOS<\/td><\/tr><tr><td class=\"has-text-align-left\" data-align=\"left\">LUCIO BAENA DE MELO<\/td><td class=\"has-text-align-left\" data-align=\"left\">DECIO SABBATINI<\/td><td class=\"has-text-align-center\" data-align=\"center\">2021<\/td><td class=\"has-text-align-left\" data-align=\"left\">AVALIA\u00c7\u00c3O DE BIOMARCADORES BIOQU\u00cdMICOS, DE ESTRESSE OXIDATIVO\/NITROSATIVO E DA PERCEP\u00c7\u00c3O OLFATIVA EM INDIV\u00cdDUOS COM A DOEN\u00c7A DE PARKINSON&#8221;<\/td><\/tr><tr><td class=\"has-text-align-left\" data-align=\"left\">LUIZ FERNANDO TIBERY QUEIROZ<\/td><td class=\"has-text-align-left\" data-align=\"left\">CINTIA GRION<\/td><td class=\"has-text-align-center\" data-align=\"center\">2014<\/td><td class=\"has-text-align-left\" data-align=\"left\">ASPECTOS EPIDEMIOL\u00d3GICOS DE PACIENTES ADMITIDOS EM CENTRO ESPECIALIZADO DE TRATAMENTO DE QUEIMADURAS<\/td><\/tr><tr><td class=\"has-text-align-left\" data-align=\"left\">LUIZ GUSTAVO PICCOLI DE MELO<\/td><td class=\"has-text-align-left\" data-align=\"left\">SANDRA VARGAS<\/td><td class=\"has-text-align-center\" data-align=\"center\">2014<\/td><td class=\"has-text-align-left\" data-align=\"left\">UMA AN\u00c1LISE DOS POLIMORFISMOS GEN\u00c9TICOS DA GLUTATIONA GSTM1 E GSTT1 EM FUMANTES E NUNCA FUMANTES<\/td><\/tr><tr><td class=\"has-text-align-left\" data-align=\"left\">LUIZA GABRIELLA ANTONIO E SILVA<\/td><td class=\"has-text-align-left\" data-align=\"left\">CINTIA GRION<\/td><td class=\"has-text-align-center\" data-align=\"center\">2021<\/td><td class=\"has-text-align-left\" data-align=\"left\">FATORES DE RISCO PARA MORTALIDADE DE PACIENTES SOBREVIVENTES DE UNIDADES DE TERAPIA INTENSIVA E ASSOCIA\u00c7\u00c3O COM INFEC\u00c7\u00c3O: ESTUDO DE COORTE RETROSPECTIVO.<\/td><\/tr><tr><td class=\"has-text-align-left\" data-align=\"left\">MARCEL JAQUETO<\/td><td class=\"has-text-align-left\" data-align=\"left\">VINICIUS DAHER<\/td><td class=\"has-text-align-center\" data-align=\"center\">2013<\/td><td class=\"has-text-align-left\" data-align=\"left\">HIPERPARATIREOIDISMO SECUND\u00c1RIO, INFLAMA\u00c7\u00c3O E ESTRESSE OXIDATIVO EM PACIENTES RENAIS CR\u00d4NICOS EM HEMODI\u00c1LISE<\/td><\/tr><tr><td class=\"has-text-align-left\" data-align=\"left\">MARCELA ZAMBRIM CAMPANINI<\/td><td class=\"has-text-align-left\" data-align=\"left\">RUBIA CASAGRANDE<\/td><td class=\"has-text-align-center\" data-align=\"center\">2013<\/td><td class=\"has-text-align-left\" data-align=\"left\">FORMULA\u00c7\u00d5ES T\u00d3PICAS CONTENDO EXTRATO DE Pimenta pseudocaryophyllus: AVALIA\u00c7\u00c3O DA ATIVIDADE ANTIOXIDANTE IN VITRO E DA EFIC\u00c1CIA ANTIINFLAMAT\u00d3RIA E ANTIOXIDANTE IN VIVO<\/td><\/tr><tr><td class=\"has-text-align-left\" data-align=\"left\">MARCELO GONZALES FAVORETO<\/td><td class=\"has-text-align-left\" data-align=\"left\">SILVIO ALMEIDA<\/td><td class=\"has-text-align-center\" data-align=\"center\">2018<\/td><td class=\"has-text-align-left\" data-align=\"left\">VALIDA\u00c7\u00c3O DE UM NOMOGRAMA PREDITOR DE RISCO DE RECORR\u00caNCIA DE INFEC\u00c7\u00c3O URIN\u00c1RIA N\u00c3O COMPLICADA EM MULHERES<\/td><\/tr><tr><td class=\"has-text-align-left\" data-align=\"left\">MARCOS TOSHIYUKI TANITA<\/td><td class=\"has-text-align-left\" data-align=\"left\">CINTIA GRION<\/td><td class=\"has-text-align-center\" data-align=\"center\">2012<\/td><td class=\"has-text-align-left\" data-align=\"left\">USO DE POLIMIXINA PARENTERAL PARA O TRATAMENTO DE INFEC\u00c7\u00d5ES GRAVES CAUSADAS POR BACT\u00c9RIAS GRAM-NEGATIVAS MULTIRRESISTENTES: RESSUSCITANDO VELHAS DROGAS<\/td><\/tr><tr><td class=\"has-text-align-left\" data-align=\"left\">MAISA FLAVIA MORAES NORCIA<\/td><td class=\"has-text-align-left\" data-align=\"left\">SANDRA VARGAS<\/td><td class=\"has-text-align-center\" data-align=\"center\">2017<\/td><td class=\"has-text-align-left\" data-align=\"left\">CARACTER\u00cdSTICAS CL\u00cdNICAS E DE BIOMARCADORES INFLAMAT\u00d3RIOS \/ ESTRESSE OXIDATIVO EM PACIENTES BIPOLARES EM EST\u00c1GIO PRECOCE E TARDIO DA DOEN\u00c7A<\/td><\/tr><tr><td class=\"has-text-align-left\" data-align=\"left\">MARIA EDUARDA EVANGELISTA<\/td><td class=\"has-text-align-left\" data-align=\"left\">VINICIUS DAHER<\/td><td class=\"has-text-align-center\" data-align=\"center\">2021<\/td><td class=\"has-text-align-left\" data-align=\"left\">COMPARA\u00c7\u00c3O ENTRE CRIT\u00c9RIOS DE FRIED CL\u00c1SSICOS E SIMPLIFICADOS PARA O DIAGN\u00d3STICO DE FRAGILIDADE EM PACIENTES RENAIS CR\u00d4NICOS PREDIAL\u00cdTICOS<\/td><\/tr><tr><td class=\"has-text-align-left\" data-align=\"left\">MARIA INES POSSEBON<\/td><td class=\"has-text-align-left\" data-align=\"left\">RUBIA CASAGRANDE<\/td><td class=\"has-text-align-center\" data-align=\"center\">2014<\/td><td class=\"has-text-align-left\" data-align=\"left\">EFEITO TERAP\u00caUTICO E MECANISMOS DE A\u00c7\u00c3O ANALG\u00c9SICO E ANTIINFLAMAT\u00d3RIO DO \u00c1CIDO PIMARADIEN\u00d3ICO EM MODELOS EXPERIMENTAIS<\/td><\/tr><tr><td class=\"has-text-align-left\" data-align=\"left\">MARIANA ESPIGA MAIOLI<\/td><td class=\"has-text-align-left\" data-align=\"left\">VINICIUS DAHER<\/td><td class=\"has-text-align-center\" data-align=\"center\">2018<\/td><td class=\"has-text-align-left\" data-align=\"left\">EFIC\u00c1CIA DE UM REGIME ANTIMICROBIANO SOBRE ERRADICA\u00c7\u00c3O DO HELICOBACTER PYLORI EM RENAIS CR\u00d4NICOS CANDIDATOS A TRANSPLANTE RENAL<\/td><\/tr><tr><td class=\"has-text-align-left\" data-align=\"left\">MARIANA STINGLIN ROSA RIBAS<\/td><td class=\"has-text-align-left\" data-align=\"left\">ILCE COLUS<\/td><td class=\"has-text-align-center\" data-align=\"center\">2019<\/td><td class=\"has-text-align-left\" data-align=\"left\">AVALIA\u00c7\u00c3O DA CITOTOXICIDADE E GENOTOXICIDADE DOS COMPOSTOS LQFM20 E LQFM23 EM C\u00c9LULAS HUH7 IN VITRO<\/td><\/tr><tr><td class=\"has-text-align-left\" data-align=\"left\">MEIRY SAYURI TSUDA<\/td><td class=\"has-text-align-left\" data-align=\"left\">CINTIA GRION<\/td><td class=\"has-text-align-center\" data-align=\"center\">2017<\/td><td class=\"has-text-align-left\" data-align=\"left\">ESTUDO CL\u00cdNICO SOBRE INCID\u00caNCIA DA HIPERTENS\u00c3O INTRA-ABDOMINAL NO PACIENTE GRANDE QUEIMADO<\/td><\/tr><tr><td class=\"has-text-align-left\" data-align=\"left\">MERIELE MORETE CAPELETTI<\/td><td class=\"has-text-align-left\" data-align=\"left\">CINTIA GRION<\/td><td class=\"has-text-align-center\" data-align=\"center\">2018<\/td><td class=\"has-text-align-left\" data-align=\"left\">CARACTER\u00cdSTICAS CL\u00cdNICAS, FATORES DE RISCO E DESFECHO DO DOENTE CR\u00cdTICO CR\u00d4NICO<\/td><\/tr><tr><td class=\"has-text-align-left\" data-align=\"left\">MIRIAM SAYURI N. HOHMANN<\/td><td class=\"has-text-align-left\" data-align=\"left\">WALDICEU VERRI<\/td><td class=\"has-text-align-center\" data-align=\"center\">2012<\/td><td class=\"has-text-align-left\" data-align=\"left\">PARTICIPA\u00c7\u00c3O DA 5-LIPOXIGENASE NA LETALIDADE E HEPATOTOXICIDADE INDUZIDAS PELO ACETAMINOFENO EM CAMUNDONGOS<\/td><\/tr><tr><td class=\"has-text-align-left\" data-align=\"left\">N\u00c1JLA NONIS ZUCOLOTO<\/td><td class=\"has-text-align-left\" data-align=\"left\">MARCO AUR\u00c9LIO FORNAZIERI<\/td><td class=\"has-text-align-center\" data-align=\"center\">2022<\/td><td class=\"has-text-align-left\" data-align=\"left\">FUN\u00c7\u00c3O OLFAT\u00d3RIA E QUALIDADE DE VIDA NOS END\u00d3TIPOS INFLAMAT\u00d3RIOS DA RINOSSINUSITE CR\u00d4NICA<\/td><\/tr><tr><td class=\"has-text-align-left\" data-align=\"left\">NATALIA GOMES PARIZI<\/td><td class=\"has-text-align-left\" data-align=\"left\">SILVIO ALMEIDA<\/td><td class=\"has-text-align-center\" data-align=\"center\">2015<\/td><td class=\"has-text-align-left\" data-align=\"left\">AN\u00c1LISE HISTOL\u00d3GICA DO USO DO PLASMA RICO EM PLAQUETAS (PRP) NA INTEGRA\u00c7\u00c3O COM TELAS DE POLIPROPILENO IMPLANTADAS EM MUCOSA VAGINAL DE COELHAS<\/td><\/tr><tr><td class=\"has-text-align-left\" data-align=\"left\">NATASHA GUIMARAES LUDWIG<\/td><td class=\"has-text-align-left\" data-align=\"left\">TANIA MAZZUCO<\/td><td class=\"has-text-align-center\" data-align=\"center\">2016<\/td><td class=\"has-text-align-left\" data-align=\"left\">INFLU\u00caNCIA DA ALIMENTA\u00c7\u00c3O, DO G\u00caNERO E DO POLIMORFISMO RS 1800043 DO RECEPTOR DO GIP SOBRE A VARIA\u00c7\u00c3O DA ALDOSTERONEMIA EM INDIV\u00cdDUOS SAUD\u00c1VEIS<\/td><\/tr><tr><td class=\"has-text-align-left\" data-align=\"left\">NAYARA ANITELLI ARTERO<\/td><td class=\"has-text-align-left\" data-align=\"left\">WALDICEU VERRI<\/td><td class=\"has-text-align-center\" data-align=\"center\">2018<\/td><td class=\"has-text-align-left\" data-align=\"left\">AVALIA\u00c7\u00c3O DO EFEITO ANALG\u00c9SICO E ANTIINFLAMAT\u00d3RIO DO FLAVONOIDE HESPERIDINA-METILCHALCONA EM MODELO DE ARTRITE INDUZIDA POR DI\u00d3XIDO DE TIT\u00c2NIO EM CAMUNDONGOS<\/td><\/tr><tr><td class=\"has-text-align-left\" data-align=\"left\">NAYARA RAMPAZZO MORELLI<\/td><td class=\"has-text-align-left\" data-align=\"left\">ISAIAS DICHI<\/td><td class=\"has-text-align-center\" data-align=\"center\">2015<\/td><td class=\"has-text-align-left\" data-align=\"left\">ENVOLVIMENTO DO PESO CORPORAL E DOS COMPONENTES DA S\u00cdNDROME METAB\u00d3LICA NO ESTRESSE OXIDATIVO E NITROSATIVO EM INDIV\u00cdDUOS COM SOBREPESO E OBESOS<\/td><\/tr><tr><td class=\"has-text-align-left\" data-align=\"left\">NEIDE TOMIMURA COSTA<\/td><td class=\"has-text-align-left\" data-align=\"left\">ISAIAS DICHI<\/td><td class=\"has-text-align-center\" data-align=\"center\">2014<\/td><td class=\"has-text-align-left\" data-align=\"left\">PAPEL DO FATOR DE NECROSE TUMORAL ALFA NO PROCESSO INFLAMAT\u00d3RIO, NO ESTRESSE OXIDATIVO E NA ATIVIDADE DA DOEN\u00c7A EM PACIENTES COM ARTRITE REUMATOIDE E RESIST\u00caNCIA \u00c0 INSULINA<\/td><\/tr><tr><td class=\"has-text-align-left\" data-align=\"left\">OSCAR RUBINI AVILA<\/td><td class=\"has-text-align-left\" data-align=\"left\">SILVIO ALMEIDA<\/td><td class=\"has-text-align-center\" data-align=\"center\">2015<\/td><td class=\"has-text-align-left\" data-align=\"left\">RESPOSTA HISTOL\u00d3GICA AO PLASMA RICO EM PLAQUETAS (PRP) ADICIONADO A TELAS DE POLIPROPILENO IMPLANTADA EM COELHAS<\/td><\/tr><tr><td class=\"has-text-align-left\" data-align=\"left\">P\u00c2MELA DE CASTRO E SOUZA<\/td><td class=\"has-text-align-left\" data-align=\"left\">EDILSON CYRINO<\/td><td class=\"has-text-align-center\" data-align=\"center\">2021<\/td><td class=\"has-text-align-left\" data-align=\"left\">EFEITO DE 12 SEMANAS DE TREINAMENTO RESISTIDO SOBRE A FOR\u00c7A MUSCULAR, COMPOSI\u00c7\u00c3O CORPORAL E INDICADORES DE RISCO CARDIOVASCULAR DE MULHERES IDOSAS DE DIFERENTES FAIXAS ET\u00c1RIAS.<\/td><\/tr><tr><td class=\"has-text-align-left\" data-align=\"left\">PAULA GODENY<\/td><td class=\"has-text-align-left\" data-align=\"left\">VINICIUS DAHER<\/td><td class=\"has-text-align-center\" data-align=\"center\">2012<\/td><td class=\"has-text-align-left\" data-align=\"left\">N\u00cdVEIS DE VITAMINA D E DE MARCADORES DE ESTRESSE OXIDATIVO EM PACIENTES COM DOEN\u00c7A RENAL CR\u00d4NICA N\u00c3O DIAL\u00cdTICA<\/td><\/tr><tr><td class=\"has-text-align-left\" data-align=\"left\">PAULO SUGIHARA JUNIOR<\/td><td class=\"has-text-align-left\" data-align=\"left\">EDILSON CYRINO<\/td><td class=\"has-text-align-center\" data-align=\"center\">2017<\/td><td class=\"has-text-align-left\" data-align=\"left\">EFEITO DA INGEST\u00c3O HIPERPROTEICA ASSOCIADA AO TREINAMENTO RESISTIDO SOBRE A MASSA MUSCULAR, FOR\u00c7A E QUALIDADE MUSCULAR EM MULHERES IDOSAS TREINADAS<\/td><\/tr><tr><td class=\"has-text-align-left\" data-align=\"left\">PHILIPPE BOVO GUIRRO<\/td><td class=\"has-text-align-left\" data-align=\"left\">RAFAEL DEMINICE<\/td><td class=\"has-text-align-center\" data-align=\"center\">2020<\/td><td class=\"has-text-align-left\" data-align=\"left\">EFEITOS DO EXERC\u00cdCIO F\u00cdSICO EM CAMUNDONGOS COM INFLAMA\u00c7\u00c3O ARTICULAR INDUZIDA POR DI\u00d3XIDO DE TIT\u00c2NIO<\/td><\/tr><tr><td class=\"has-text-align-left\" data-align=\"left\">PLINIO ANGELO BOIN FILHO<\/td><td class=\"has-text-align-left\" data-align=\"left\">ANTONIO MARCELO CASELLA<\/td><td class=\"has-text-align-center\" data-align=\"center\">2018<\/td><td class=\"has-text-align-left\" data-align=\"left\">AN\u00c1LISE DA ESPESSURA DA COROIDE PERIPAPILAR EM PACIENTES PORTADORES DE GLAUCOMA DE PRESS\u00c3O NORMAL<\/td><\/tr><tr><td class=\"has-text-align-left\" data-align=\"left\">POLIANA MACEDO GUIMARAES<\/td><td class=\"has-text-align-left\" data-align=\"left\">EDNA REICHE<\/td><td class=\"has-text-align-center\" data-align=\"center\">2016<\/td><td class=\"has-text-align-left\" data-align=\"left\">PERFIL DE CITOCINAS TH1, TH17 E TREG EM L\u00daPUS ERITEMATOSO SIST\u00caMICO: ASSOCIA\u00c7\u00c3O COM O DIAGN\u00d3STICO E COM A ATIVIDADE DA DOEN\u00c7A<\/td><\/tr><tr><td class=\"has-text-align-left\" data-align=\"left\">PRISCILA DAIANE PAVEZZI<\/td><td class=\"has-text-align-left\" data-align=\"left\">ANTONIO MARCELO CASELLA<\/td><td class=\"has-text-align-center\" data-align=\"center\">2019<\/td><td class=\"has-text-align-left\" data-align=\"left\">AVALIA\u00c7\u00c3O DO ACOMETIMENTO OCULAR EM PACIENTES COM HANSEN\u00cdASE NA CIDADE DE LONDRINA\/PR<\/td><\/tr><tr><td class=\"has-text-align-left\" data-align=\"left\">PRISCILA SAITO<\/td><td class=\"has-text-align-left\" data-align=\"left\">RUBIA CASAGRANDE<\/td><td class=\"has-text-align-center\" data-align=\"center\">2018<\/td><td class=\"has-text-align-left\" data-align=\"left\">AVALIA\u00c7\u00c3O DO EFEITO DA RESOLVINA D1 NA INFLAMA\u00c7\u00c3O E ESTRESSE OXIDATIVO INDUZIDOS PELA RADIA\u00c7\u00c3O UVB EM CAMUNDONGOS SEM PELO<\/td><\/tr><tr><td class=\"has-text-align-left\" data-align=\"left\">RAQUEL BERGAMASCO E PAULA<\/td><td class=\"has-text-align-left\" data-align=\"left\">CINTIA GRION<\/td><td class=\"has-text-align-center\" data-align=\"center\">2015<\/td><td class=\"has-text-align-left\" data-align=\"left\">AN\u00c1LISE COMPARATIVA DAS TAXAS DE READMISS\u00c3O NA UNIDADE DE TERAPIA INTENSIVA NOS PER\u00cdODOS ANTERIOR E POSTERIOR \u00c0 IMPLANTA\u00c7\u00c3O DO TIME DE<br>RESPOSTA R\u00c1PIDA NO HOSPITAL UNIVERSIT\u00c1RIO DE LONDRINA<\/td><\/tr><tr><td class=\"has-text-align-left\" data-align=\"left\">RENAN GABRIEL REQUENA<\/td><td class=\"has-text-align-left\" data-align=\"left\">ISAIAS DICHI<\/td><td class=\"has-text-align-center\" data-align=\"center\">2017<\/td><td class=\"has-text-align-left\" data-align=\"left\">INFLU\u00caNCIA DOS N\u00cdVEIS DE HOMOCISTE\u00cdNA SOBRE AS MOL\u00c9CULAS DE ADES\u00c3O E O ESTRESSE OXIDATIVO EM PACIENTES COM L\u00daPUS ERITEMATOSO SIST\u00caMICO<\/td><\/tr><tr><td class=\"has-text-align-left\" data-align=\"left\">RENATA MICHELI MARTINEZ<\/td><td class=\"has-text-align-left\" data-align=\"left\">RUBIA CASAGRANDE<\/td><td class=\"has-text-align-center\" data-align=\"center\">2011<\/td><td class=\"has-text-align-left\" data-align=\"left\">ATIVIDADE ANTIOXIDANTE, ANTI-INFLAMAT\u00d3RIA E ANALG\u00c9SICA DO EXTRATO DE TEPHROSIA SINAPOU EM MODELOS EXPERIMENTAIS<\/td><\/tr><tr><td class=\"has-text-align-left\" data-align=\"left\">REYNALDO MIGUITA JUNIOR<\/td><td class=\"has-text-align-left\" data-align=\"left\">VINICIUS DAHER<\/td><td class=\"has-text-align-center\" data-align=\"center\">2018<\/td><td class=\"has-text-align-left\" data-align=\"left\">EFEITO DO REUSO E DO TIPO DA MEMBRANA DO DIALISADOR SOBRE A ATIVIDADE DA PARAOXONASE 1 DE PACIENTES EM HEMODI\u00c1LISE<\/td><\/tr><tr><td class=\"has-text-align-left\" data-align=\"left\">RICARDO JOSE RODRIGUES<\/td><td class=\"has-text-align-left\" data-align=\"left\">CINTIA GRION<\/td><td class=\"has-text-align-center\" data-align=\"center\">2015<\/td><td class=\"has-text-align-left\" data-align=\"left\">AN\u00c1LISE DE COMPONENTES PR\u00c9 E INTRAHOSPITALARES DO TEMPO DE REPERFUS\u00c3O EM PACIENTES COM INFARTO AGUDO DO MIOC\u00c1RDIO COM ELEVA\u00c7\u00c3O DO SEGMENTO ST<\/td><\/tr><tr><td class=\"has-text-align-left\" data-align=\"left\">RICARDO SILVA PARREIRA<\/td><td class=\"has-text-align-left\" data-align=\"left\">MARCO AURELIO RODRIGUES<\/td><td class=\"has-text-align-center\" data-align=\"center\">2013<\/td><td class=\"has-text-align-left\" data-align=\"left\">COMPARA\u00c7\u00c3O DAS ADER\u00caNCIAS PERITONEAIS AP\u00d3S LAPAROSCOPIA E LAPAROTOMIA CONVENCIONAL EM UM MODELO EXPERIMENTAL DE PERITONITE EM RATOS<\/td><\/tr><tr><td class=\"has-text-align-left\" data-align=\"left\">RODRIGO DOS REIS FERNANDES<\/td><td class=\"has-text-align-left\" data-align=\"left\">EDILSON CYRINO<\/td><td class=\"has-text-align-center\" data-align=\"center\">2017<\/td><td class=\"has-text-align-left\" data-align=\"left\">EFEITO DA INGEST\u00c3O PROTEICA COMBINADA COM TREINAMENTO RESISTIDO SOBRE A COMPOSI\u00c7\u00c3O CORPORAL E FATORES DE RISCO CARDIOMETAB\u00d3LICOS EM MULHERES IDOSAS TREINADAS<\/td><\/tr><tr><td class=\"has-text-align-left\" data-align=\"left\">RODRIGO FABRI BERBEL<\/td><td class=\"has-text-align-left\" data-align=\"left\">ANTONIO MARCELO CASELLA<\/td><td class=\"has-text-align-center\" data-align=\"center\">2012<\/td><td class=\"has-text-align-left\" data-align=\"left\">AVALIA\u00c7\u00c3O DE PACIENTES COM NEURORRETINITE SUBAGUDA UNILATERAL DIFUSA ATRAV\u00c9S DA TOMOGRAFIA DE COER\u00caNCIA \u00d3PTICA DE DOM\u00cdNIO<br>ESPECTRAL<\/td><\/tr><tr><td class=\"has-text-align-left\" data-align=\"left\">ROSSANA BATISTA OLIVEIRA G. CAMARGO<\/td><td class=\"has-text-align-left\" data-align=\"left\">ILCE COLUS<\/td><td class=\"has-text-align-center\" data-align=\"center\">2013<\/td><td class=\"has-text-align-left\" data-align=\"left\">INVESTIGA\u00c7\u00c3O DE VARIANTES AL\u00c9LICAS NOS GENES DO BIOMETABOLISMO, DE RESIST\u00caNCIA A DROGAS E DO RECEPTOR DA VITAMINA D EM PACIENTES TRANSPLANTADOS RENAIS<\/td><\/tr><tr><td class=\"has-text-align-left\" data-align=\"left\">SAYONARA RANGEL OLIVEIRA<\/td><td class=\"has-text-align-left\" data-align=\"left\">EDNA REICHE<\/td><td class=\"has-text-align-center\" data-align=\"center\">2012<\/td><td class=\"has-text-align-left\" data-align=\"left\">AVALIA\u00c7\u00c3O DO ESTRESSE OXIDATIVO E FATORES DE RISCO CARDIOVASCULAR EM PACIENTES COM ESCLEROSE M\u00daLTIPLA<\/td><\/tr><tr><td class=\"has-text-align-left\" data-align=\"left\">SERGIO RICARDO SPINOSA<\/td><td class=\"has-text-align-left\" data-align=\"left\">DR. ANTONIO CARLOS VALEZI<\/td><td class=\"has-text-align-center\" data-align=\"center\">2012<\/td><td class=\"has-text-align-left\" data-align=\"left\">ACHADOS ENDOSC\u00d3PICOS NO P\u00d3S-OPERAT\u00d3RIO TARDIO DE PACIENTES ASSINTOM\u00c1TICOS SUBMETIDOS \u00c0 DERIVA\u00c7\u00c3O G\u00c1STRICA EM Y-DE-ROUX<\/td><\/tr><tr><td class=\"has-text-align-left\" data-align=\"left\">SHIRLEI MARINA CAMARGO<\/td><td class=\"has-text-align-left\" data-align=\"left\">DECIO SABBATINI<\/td><td class=\"has-text-align-center\" data-align=\"center\">2017<\/td><td class=\"has-text-align-left\" data-align=\"left\">AVALIA\u00c7\u00c3O DA SUPLEMENTA\u00c7\u00c3O DE VITAMINA D EM MARCADORES ANTROPOM\u00c9TRICOS, METAB\u00d3LICOS, INFLAMAT\u00d3RIOS E DE ESTRESSE OXIDATIVO EM<br>PACIENTES COM S\u00cdNDROME METAB\u00d3LICA<\/td><\/tr><tr><td class=\"has-text-align-left\" data-align=\"left\">SUZANA MARIA MENEZES GUARIENTE<\/td><td class=\"has-text-align-left\" data-align=\"left\">SANDRA VARGAS<\/td><td class=\"has-text-align-center\" data-align=\"center\">2021<\/td><td class=\"has-text-align-left\" data-align=\"left\">IMPACTO DE INTERVEN\u00c7\u00d5ES PSICOEDUCACIONAIS DIGITAIS COM FOCO EM OBESIDADE E METABOLISMO PARA INDIVIDUOS COM TRANSTORNO AFETIVO BIPOLAR.<\/td><\/tr><tr><td class=\"has-text-align-left\" data-align=\"left\">TALITA LAIANE CARDOZO CEZAR<\/td><td class=\"has-text-align-left\" data-align=\"left\">RUBIA CASAGRANDE<\/td><td class=\"has-text-align-center\" data-align=\"center\">2017<\/td><td class=\"has-text-align-left\" data-align=\"left\">AVALIA\u00c7\u00c3O DO EFEITO DA 7(S) MARESINA 1 NA INFLAMA\u00c7\u00c3O E ESTRESSE OXIDATIVO INDUZIDOS PELA RADIA\u00c7\u00c3O<\/td><\/tr><tr><td class=\"has-text-align-left\" data-align=\"left\">TAMIRES FLAUZINO<\/td><td class=\"has-text-align-left\" data-align=\"left\">EDNA REICHE<\/td><td class=\"has-text-align-center\" data-align=\"center\">2016<\/td><td class=\"has-text-align-left\" data-align=\"left\">ASSOCIA\u00c7\u00c3O ENTRE O STATUS DE VITAMINA D E MARCADORES IMUNOL\u00d3GICOS, VIROL\u00d3GICOS E DE ESTRESSE OXIDATIVO EM PACIENTES INFECTADOS PELO V\u00cdRUS DA IMUNODEFICI\u00caNCIA HUMANA TIPO 1<\/td><\/tr><tr><td class=\"has-text-align-left\" data-align=\"left\">TATHIANA NAME COLADO SIMAO<\/td><td class=\"has-text-align-left\" data-align=\"left\">ISAIAS DICHI<\/td><td class=\"has-text-align-center\" data-align=\"center\">2012<\/td><td class=\"has-text-align-left\" data-align=\"left\">EFEITO DO CONSUMO DE SUCO DE CRANBERRY DE BAIXA CALORIA SOBRE FATORES DE RISCO CARDIOVASCULAR EM INDIV\u00cdDUOS COM S\u00cdNDROME<\/td><\/tr><tr><td class=\"has-text-align-left\" data-align=\"left\">THAIS CARDOSO DE OLIVEIRA CAMPOS<\/td><td class=\"has-text-align-left\" data-align=\"left\">VINICIUS DAHER<\/td><td class=\"has-text-align-center\" data-align=\"center\">2020<\/td><td class=\"has-text-align-left\" data-align=\"left\">DOEN\u00c7A RENAL CR\u00d4NICA EM CRIAN\u00c7AS NASCIDAS COM MUITO BAIXO PESO<\/td><\/tr><tr><td class=\"has-text-align-left\" data-align=\"left\">THIAGO HISSNAUER LEAL BALTUS<\/td><td class=\"has-text-align-left\" data-align=\"left\">EDNA REICHE<\/td><td class=\"has-text-align-center\" data-align=\"center\">2014<\/td><td class=\"has-text-align-left\" data-align=\"left\">AVALIA\u00c7\u00c3O DO POLIMORFISMO GEN\u00c9TICO DELTA 32 (rs333) DO RECEPTOR DE QUIMIOCINA 5 EM PACIENTES COM LUPUS ERITEMATOSO SIST\u00caMICO ATENDIDOS EM<br>LONDRINA, PARAN\u00c1<\/td><\/tr><tr><td class=\"has-text-align-left\" data-align=\"left\">VANESSA BELEBECHA<\/td><td class=\"has-text-align-left\" data-align=\"left\">SILVIO ALMEIDA<\/td><td class=\"has-text-align-center\" data-align=\"center\">2016<\/td><td class=\"has-text-align-left\" data-align=\"left\">EFEITO DO PLASMA RICO EM PLAQUETAS SOBRE A ADER\u00caNCIA ABDOMINAL E O ESTRESSE OXIDATIVO NO IMPLANTE DE TELAS DE POLIPROPILENO EM COELHOS<\/td><\/tr><tr><td class=\"has-text-align-left\" data-align=\"left\">VANIA M. GOULART BRUM MORAES<\/td><td class=\"has-text-align-left\" data-align=\"left\">SANDRA VARGAS<\/td><td class=\"has-text-align-center\" data-align=\"center\">2017<\/td><td class=\"has-text-align-left\" data-align=\"left\">FUMANTES ATUAIS, CARGA TAB\u00c1GICA E SUA RELA\u00c7\u00c3O COM SINTOMAS ANSIOSOS E DEPRESSIVOS, QUALIDADE DE VIDA, MAUS-TRATOS INFANTIS, FUNCIONALIDADE E INFLAMA\u00c7\u00c3O<\/td><\/tr><tr><td class=\"has-text-align-left\" data-align=\"left\">VITOR YUZO OBARA<\/td><td class=\"has-text-align-left\" data-align=\"left\">VINICIUS DAHER<\/td><td class=\"has-text-align-center\" data-align=\"center\">2015<\/td><td class=\"has-text-align-left\" data-align=\"left\">IMPORT\u00c2NCIA DOS N\u00cdVEIS S\u00c9RICOS DE VANCOMICINA E DA DOSAGEM DA LIPOCALINA ASSOCIADA A GELATINASE DE NEUTR\u00d3FILOS HUMANOS URIN\u00c1RIO (NGAL) NO MANEJO DE PACIENTES COM INFEC\u00c7\u00d5ES GRAVES EM AMBIENTE DE TERAPIA INTENSIVA<\/td><\/tr><tr><td class=\"has-text-align-left\" data-align=\"left\">WESLEY HENRIQUE BUENO DE CAMARGO<\/td><td class=\"has-text-align-left\" data-align=\"left\">CINTIA GRION<\/td><td class=\"has-text-align-center\" data-align=\"center\">2018<\/td><td class=\"has-text-align-left\" data-align=\"left\">O EFEITO DE SUPERF\u00cdCIES DE APOIO NA INCID\u00caNCIA DE LES\u00c3O POR PRESS\u00c3O EM PACIENTES GRAVES: UM ENSAIO CL\u00cdNICO RANDOMIZADO<\/td><\/tr><tr><td class=\"has-text-align-left\" data-align=\"left\">WILDEA LICE DE CARVALHO J. PEREIRA<\/td><td class=\"has-text-align-left\" data-align=\"left\">RAMON KAIMEN<\/td><td class=\"has-text-align-center\" data-align=\"center\">2014<\/td><td class=\"has-text-align-left\" data-align=\"left\">CARACTER\u00cdSTICAS EPIDEMIOL\u00d3GICAS, CL\u00cdNICAS E IMUNOL\u00d3GICAS DE PACIENTES COM NEUROMIELITE \u00d3PTICA ATENDIDOS EM LONDRINA, PARAN\u00c1<\/td><\/tr><\/tbody><\/table><\/figure>\n\n\n\n<p><\/p>\n","protected":false},"excerpt":{"rendered":"<p>Destino dos egressos at\u00e9 2020 Egressos, orientadores e ano de conclus\u00e3o POS-GRADUANDO ORIENTADOR CONCLUS\u00c3O TITULO DISSERTA\u00e7\u00c3O ADNA DE MOURA FERELI REIS SANDRA VARGAS 2020 INTERVEN\u00c7\u00c3O PSICOEDUCACIONAL DIGITAL EM PACIENTES COM TRANSTORNO AFETIVO BIPOLAR GRAVE DESENVOLVIMENTO E AVALIA\u00c7\u00c3O ALDA F. M. L. GUEMBAROVSKI EDNA REICHE 2015 AN\u00c1LISE DE POLIMORFISMOS NOS GENES CXCL12 E CXCR4 E DA [&hellip;]<\/p>\n","protected":false},"author":9,"featured_media":0,"parent":0,"menu_order":0,"comment_status":"closed","ping_status":"closed","template":"","meta":{"_acf_changed":false,"footnotes":""},"class_list":["post-246","page","type-page","status-publish","hentry"],"acf":[],"_links":{"self":[{"href":"https:\/\/pos.uel.br\/cienciasdasaude\/wp-json\/wp\/v2\/pages\/246","targetHints":{"allow":["GET"]}}],"collection":[{"href":"https:\/\/pos.uel.br\/cienciasdasaude\/wp-json\/wp\/v2\/pages"}],"about":[{"href":"https:\/\/pos.uel.br\/cienciasdasaude\/wp-json\/wp\/v2\/types\/page"}],"author":[{"embeddable":true,"href":"https:\/\/pos.uel.br\/cienciasdasaude\/wp-json\/wp\/v2\/users\/9"}],"replies":[{"embeddable":true,"href":"https:\/\/pos.uel.br\/cienciasdasaude\/wp-json\/wp\/v2\/comments?post=246"}],"version-history":[{"count":74,"href":"https:\/\/pos.uel.br\/cienciasdasaude\/wp-json\/wp\/v2\/pages\/246\/revisions"}],"predecessor-version":[{"id":763,"href":"https:\/\/pos.uel.br\/cienciasdasaude\/wp-json\/wp\/v2\/pages\/246\/revisions\/763"}],"wp:attachment":[{"href":"https:\/\/pos.uel.br\/cienciasdasaude\/wp-json\/wp\/v2\/media?parent=246"}],"curies":[{"name":"wp","href":"https:\/\/api.w.org\/{rel}","templated":true}]}}