{"id":245,"date":"2021-07-02T22:29:39","date_gmt":"2021-07-03T01:29:39","guid":{"rendered":"https:\/\/pos.uel.br\/cienciasdasaude\/?page_id=245"},"modified":"2022-04-19T23:09:46","modified_gmt":"2022-04-20T02:09:46","slug":"egressos","status":"publish","type":"page","link":"https:\/\/pos.uel.br\/cienciasdasaude\/egressos\/","title":{"rendered":"Egressos"},"content":{"rendered":"\n<p class=\"has-primary-accent-color has-text-color has-medium-font-size\"><strong>Destino dos egressos<\/strong><\/p>\n\n\n\n<div class=\"wp-block-file\"><a id=\"wp-block-file--media-39d3f90a-f69b-468f-b0d0-07b814108aa5\" href=\"https:\/\/pos.uel.br\/cienciasdasaude\/wp-content\/uploads\/2021\/07\/Destino-dos-egressos-atualizado-2020-1.pdf\">Destino dos egressos atualizado 2020<\/a><a href=\"https:\/\/pos.uel.br\/cienciasdasaude\/wp-content\/uploads\/2021\/07\/Destino-dos-egressos-atualizado-2020-1.pdf\" class=\"wp-block-file__button\" download aria-describedby=\"wp-block-file--media-39d3f90a-f69b-468f-b0d0-07b814108aa5\">Baixar<\/a><\/div>\n\n\n\n<hr class=\"wp-block-separator is-style-wide\"\/>\n\n\n\n<p class=\"has-primary-accent-color has-text-color has-medium-font-size\"><strong>Egressos, orientadores e ano de conclus\u00e3o<\/strong><\/p>\n\n\n\n<p><\/p>\n\n\n\n<figure class=\"wp-block-table is-style-stripes\"><table><tbody><tr><td><strong>POS-GRADUANDO<\/strong><\/td><td class=\"has-text-align-left\" data-align=\"left\"><strong>ORIENTADOR<\/strong><\/td><td class=\"has-text-align-left\" data-align=\"left\"><strong>ANO<\/strong><\/td><td><strong>TESE<\/strong><\/td><\/tr><tr><td>ABEL ESTEVES SOARES<\/td><td class=\"has-text-align-left\" data-align=\"left\">VINICIUS DAHER<\/td><td class=\"has-text-align-left\" data-align=\"left\">2015<\/td><td>DEFICI\u00caNCIA DE VITAMINA D, INFLAMA\u00c7\u00c3O E ESTRESSE OXIDATIVO EM PACIENTES COM DOEN\u00c7A RENAL CR\u00d4NICA N\u00c3O DIAL\u00cdTICA<\/td><\/tr><tr><td>ALEXANDRO MARCIO DA SILVA MATTOS<\/td><td class=\"has-text-align-left\" data-align=\"left\">TANIA MAZZUCO<\/td><td class=\"has-text-align-left\" data-align=\"left\">2018<\/td><td>PREVAL\u00caNCIA DO POLIMORFISMO GIPR GLU354GLN E SUA ASSOCIA\u00c7\u00c3O COM DOEN\u00c7AS RELACIONADAS \u00c0 S\u00cdNDROME METAB\u00d3LICA&#8221;<\/td><\/tr><tr><td>ALINE FRANCO DA ROCHA<\/td><td class=\"has-text-align-left\" data-align=\"left\">ALEXANDRE CARRILHO<\/td><td class=\"has-text-align-left\" data-align=\"left\">2018<\/td><td>EFEITO DO HORM\u00d4NIO DE CRESCIMENTO SOBRE A PRODU\u00c7\u00c3O DE BETAHIDROXIBUTIRATO EM PACIENTES COM PR\u00c9-DIABETES OU DIABETES MELLITUS TIPO 2 TRATADOS COM EMPAGLIFLOZINA<\/td><\/tr><tr><td>ANA LUCIA CRUZ F LEHMANN<\/td><td class=\"has-text-align-left\" data-align=\"left\">EDNA REICHE<\/td><td class=\"has-text-align-left\" data-align=\"left\">2020<\/td><td>AVALIA\u00c7\u00c3O DE CARACTER\u00cdSTICAS CL\u00cdNICAS, ESPESSURA DA CAMADA M\u00c9DIOINTIMAL DA CAR\u00d3TIDA E N\u00cdVEIS PLASM\u00c1TICOS DE BIOMARCADORES DA COAGULA\u00c7\u00c3O, INFLAMA\u00c7\u00c3O E DISFUN\u00c7\u00c3O ENDOTELIAL, COMO POTENCIAIS PREDITORES DO D\u00c9FICIT FUNCIONAL E MORTALIDADE EM PACIENTES COM ACIDENTE VASCULAR CEREBRAL ISQU\u00caMICO AGUDO<\/td><\/tr><tr><td>ANA LUIZA MEZZAROBA<\/td><td class=\"has-text-align-left\" data-align=\"left\">CINTIA GRION<\/td><td class=\"has-text-align-left\" data-align=\"left\">2020<\/td><td>AVALIA\u00c7\u00c3O DE FATORES ASSOCIADOS AO TEMPO PARA O \u00d3BITO DE PACIENTES CR\u00cdTICOS EM UM HOSPITAL UNIVERSIT\u00c1RIO P\u00daBLICO<\/td><\/tr><tr><td>ANA PAULA M. TABA OGUIDO<\/td><td class=\"has-text-align-left\" data-align=\"left\">MARCELO  CASELLA<\/td><td class=\"has-text-align-left\" data-align=\"left\">2014<\/td><td>AVALIA\u00c7\u00c3O DO EFEITO DA NARINGENINA NA INIBI\u00c7\u00c3O DA NEOVASCULARIZA\u00c7\u00c3O INDUZIDA POR \u00c1LCALI EM OLHOS DE CAMUNDONGOS<\/td><\/tr><tr><td>ANA PAULA KALLAUR<\/td><td class=\"has-text-align-left\" data-align=\"left\">EDNA REICHE<\/td><td class=\"has-text-align-left\" data-align=\"left\"><\/td><td>AVALIA\u00c7\u00c3O DO POLIMORFISMO GEN\u00c9TICO NCOI DO FATOR DE NECROSE TUMORAL BETA, MARCADORES INFLAMAT\u00d3RIOS E DO ESTRESSE OXIDATIVO E NITROSATIVO COMO PREDITORES DA INCAPACIDADE, PROGRESS\u00c3O DA DOEN\u00c7A E DEPRESS\u00c3O NA ESCLEROSE M\u00daLTIPLA<\/td><\/tr><tr><td>ANDRESSA KEIKO MATSUMOTO<\/td><td class=\"has-text-align-left\" data-align=\"left\">DECIO SABBATINI<\/td><td class=\"has-text-align-left\" data-align=\"left\">2022<\/td><td>EFEITOS DO TRATAMENTO COM \u00c1CIDO F\u00d3LICO NOS EST\u00c1GIOS PRECOCE E MODERADO DA DOEN\u00c7A RENAL CR\u00d4NICA: AN\u00c1LISE DOS BIOMARCADORES INFLAMAT\u00d3RIOS, BIOQU\u00cdMICOS E DE ESTRESSE OXIDATIVO<\/td><\/tr><tr><td>BRUNA MIGLIORANZA SCAVUZZI<\/td><td class=\"has-text-align-left\" data-align=\"left\">ISAIAS DICHI<\/td><td class=\"has-text-align-left\" data-align=\"left\"><\/td><td>AVALIA\u00c7\u00c3O DE ESTRESSE OXIDATIVO E NITROSATIVO NO L\u00daPUS ERITEMATOSO SIST\u00caMICO: ASSOCIA\u00c7\u00c3O COM A ATIVIDADE DA DOEN\u00c7A, MARCADORES IMUNOL\u00d3GICOS E MOL\u00c9CULAS DE ADES\u00c3O<\/td><\/tr><tr><td>CAMILA RIGOBELLO<\/td><td class=\"has-text-align-left\" data-align=\"left\">DECIO SABBATINI<\/td><td class=\"has-text-align-left\" data-align=\"left\">2020<\/td><td>EXPOSI\u00c7\u00c3O AO PARACETAMOL DURANTE A GESTA\u00c7\u00c3O E LACTA\u00c7\u00c3O EM RATOS: AVALIA\u00c7\u00c3O DE POSS\u00cdVEIS EFEITOS MATERNOS E NA PROLE<\/td><\/tr><tr><td>CAMILA RODRIGUES FERRAZ<\/td><td class=\"has-text-align-left\" data-align=\"left\">WALDICEU VERRI<\/td><td class=\"has-text-align-left\" data-align=\"left\">2019<\/td><td>ESTUDO EM CAMUNDONGOS DE MECANISMOS NOCICEPTIVOS E INFLAMAT\u00d3RIOS DE VENENOS DE BOTHROPS SP. E TITYUS SPP<\/td><\/tr><tr><td>CARINE CONEGLIAN DE FARIAS COLMAN<\/td><td class=\"has-text-align-left\" data-align=\"left\">DECIO SABBATINI<\/td><td class=\"has-text-align-left\" data-align=\"left\">2018<\/td><td>ALTERA\u00c7\u00d5ES METAB\u00d3LICAS NA DOEN\u00c7A DE PARKINSON: AN\u00c1LISE DE BIOMARCADORES DE ESTRESSE OXIDATIVO, INFLAMAT\u00d3RIOS E DO METABOLISMO DO FERRO<\/td><\/tr><tr><td>CARLA FABIANA SOUZA GUAZELLI<\/td><td class=\"has-text-align-left\" data-align=\"left\">WALDICEU VERRI<\/td><td class=\"has-text-align-left\" data-align=\"left\">2017<\/td><td>EFEITO TERAP\u00caUTICO E MECANISMOS DE A\u00c7\u00c3O DA HESPERIDINA METIL CHALCONA, TRANSCHALCONA E SUAS FORMAS MICROENCAPSULADAS EM MODELO DE COLITE ULCERATIVA EM CAMUNDONGOS<\/td><\/tr><tr><td>CARRIE CHUEIRI RAMOS GALVAN<\/td><td class=\"has-text-align-left\" data-align=\"left\">FABIO PITTA<\/td><td class=\"has-text-align-left\" data-align=\"left\">2014<\/td><td>EFEITO DA CIRURGIA DE DERIVA\u00c7\u00c3O G\u00c1STRICA EM YDE-ROUX SOBRE O N\u00cdVEL DE ATIVIDADE F\u00cdSICA E GASTO ENERG\u00c9TICO NA VIDA DI\u00c1RIA EM MULHERES: UM ESTUDO DE COORTE<\/td><\/tr><tr><td>CATIA CAMPANER FERRARI BERNARDY<\/td><td class=\"has-text-align-left\" data-align=\"left\">WALDICEU VERRI<\/td><td class=\"has-text-align-left\" data-align=\"left\">2016<\/td><td>PARTICIPA\u00c7\u00c3O DA IL-33 NA INFLAMA\u00c7\u00c3O E NOESTRESSE OXIDATIVO INDUZIDOS PELO \u00c2NION<br>SUPER\u00d3XIDO<\/td><\/tr><tr><td>CHIARA CRISTINA BORTOLASCI<\/td><td class=\"has-text-align-left\" data-align=\"left\">DECIO SABBATINI<\/td><td class=\"has-text-align-left\" data-align=\"left\">2015<\/td><td>RELA\u00c7\u00c3O ENTRE O STATUS DA PARAOXONASE-1, OS GEN\u00d3TIPOS QQ, QR E RR E O ESTRESSE OXIDATIVO EM PACIENTES COM TRANSTORNOS DO HUMOR E COMORBIDADES: TRANSTORNO POR USO DE TABACO E S\u00cdNDROME METAB\u00d3LICA<\/td><\/tr><tr><td>CRISIELI MARIA TOMELERI COGO<\/td><td class=\"has-text-align-left\" data-align=\"left\">EDILSON CYRINO<\/td><td class=\"has-text-align-left\" data-align=\"left\">2016<\/td><td>EFEITO DE DIFERENTES ORDENS DE EXECU\u00c7\u00c3O DE EXERC\u00cdCIOS RESISTIDOS SOBRE A FOR\u00c7A MUSCULAR, COMPOSI\u00c7\u00c3O CORPORAL, FATORES DE RISCO CARDIOMETAB\u00d3LICOS E MARCADORES INFLAMAT\u00d3RIOS EM MULHERES IDOSAS<\/td><\/tr><tr><td>CRISTINA DE PAULA BARROS DE MELO<\/td><td class=\"has-text-align-left\" data-align=\"left\">RUBIA CASAGRANDE<\/td><td class=\"has-text-align-left\" data-align=\"left\">2019<\/td><td>AVALIA\u00c7\u00c3O DO EFEITO DO EXTRATO DE CORDIA VERBENACEA NA INFLAMA\u00c7\u00c3O E NO ESTRESSE<br>OXIDATIVO INDUZIDOS POR RADIA\u00c7\u00c3O UVB EM CAMUNDONGOS SEM PELO<\/td><\/tr><tr><td>DANIELA CRISTINA DE MEDEIROS<\/td><td class=\"has-text-align-left\" data-align=\"left\">WALDICEU VERRI<\/td><td class=\"has-text-align-left\" data-align=\"left\">2015<\/td><td>DESENVOLVIMENTO DE SISTEMAS MICROENCAPSULADOS PARA LIBERA\u00c7\u00c3O MODIFICADA DE FRUTOSE-1,6-BIFOSFATO E RUTINA E AVALIA\u00c7\u00c3O DA SUA EFIC\u00c1CIA IN VIVO EM MODELOS DE INFLAMA\u00c7\u00c3O<\/td><\/tr><tr><td>DANIELA RUDGERI DEROSSI<\/td><td class=\"has-text-align-left\" data-align=\"left\">ILCE COLUS<\/td><td class=\"has-text-align-left\" data-align=\"left\">2017<\/td><td>AN\u00c1LISE DO POLIMORFISMO CCR5-DELTA32 E DA EXPRESS\u00c3O PROTEICA DE CCL5 EM AMOSTRAS DE PACIENTES COM CARCINOMA MAM\u00c1RIO<\/td><\/tr><tr><td>DANIELA FRIZON ALFIERI<\/td><td class=\"has-text-align-left\" data-align=\"left\">EDNA REICHE<\/td><td class=\"has-text-align-left\" data-align=\"left\">2019<\/td><td>ESTUDO DE BIOMARCADORES INFLAMAT\u00d3RIOS, METAB\u00d3LICOS, DE ESTRESSE OXIDATIVO E GEN\u00c9TICOS EM PACIENTES COM ACIDENTE VASCULAR ENCEF\u00c1LICO ISQU\u00caMICO AGUDO<\/td><\/tr><tr><td>DANIELLE VENTURINI<\/td><td class=\"has-text-align-left\" data-align=\"left\">ISAIAS DICHI<\/td><td class=\"has-text-align-left\" data-align=\"left\">2013<\/td><td>PERFIL METAB\u00d3LICO, INFLAMAT\u00d3RIO, OXIDATIVO E O EFEITO DA INGEST\u00c3O DE \u00d3LEO DE PEIXE E \u00d3LEO DE OLIVA EM PACIENTES COM S\u00cdNDROME METAB\u00d3LICA<\/td><\/tr><tr><td>DURCELINA SCHIAVONI BORTOLOTI<\/td><td class=\"has-text-align-left\" data-align=\"left\">EDILSON CYRINO<\/td><td class=\"has-text-align-left\" data-align=\"left\">2017<\/td><td>EFEITO DE DUAS ORDENS DE EXECU\u00c7\u00c3O DE TREINAMENTO RESISTIDO SOBRE A FOR\u00c7A MUSCULAR, COMPOSI\u00c7\u00c3O CORPORAL, QUALIDADE MUSCULAR E FATORES DE RISCO CARDIOMETAB\u00d3LICO EM MULHERES IDOSAS<\/td><\/tr><tr><td>EDSON HIDENORI MIASHIRO<\/td><td class=\"has-text-align-left\" data-align=\"left\">SILVIO ALMEIDA<\/td><td class=\"has-text-align-left\" data-align=\"left\">2020<\/td><td>MODELO ANIMAL DE BAIXO CUSTO PARA ESTUDO DA NECROSE ISQU\u00caMICA DA CABE\u00c7A FEMORAL: AN\u00c0LISE POR RADIOGRAFIA DIGITAL, TOMOGRAFIA COMPUTADORIZADA, MICROSCOPIA DE LUZ, IMUNOHISTOQU\u00cdMICA E ESTUDO DA MARCHA<\/td><\/tr><tr><td>ELIS CAROLINA DE SOUZA FATEL<\/td><td class=\"has-text-align-left\" data-align=\"left\">ISAIAS DICHI<\/td><td class=\"has-text-align-left\" data-align=\"left\">2017<\/td><td>A INGEST\u00c3O DE SUCO DE CRANBERRY ACRESCENTA EFEITOS BEN\u00c9FICOS SOBRE A ATIVIDADE DA DOEN\u00c7A E BIOMARCADORES INFLAMAT\u00d3RIOS EM PACIENTES COM ARTRITE REUMATOIDE SUPLEMENTADOS COM \u00d3LEO DE PEIXE<\/td><\/tr><tr><td>ELLEN CRISTINE DUARTE GARCIA<\/td><td class=\"has-text-align-left\" data-align=\"left\">MARCO AUR\u00c9LIO FORNAZIERI<\/td><td class=\"has-text-align-left\" data-align=\"left\">2021<\/td><td>PERDA OLFAT\u00d3RIA NA RINOSSINUSITE CR\u00d4NICA: AN\u00c1LISE DO EPIT\u00c9LIO OLFAT\u00d3RIO<\/td><\/tr><tr><td>ELZA HIROMI TOKUSHIMA ANAMI<\/td><td class=\"has-text-align-left\" data-align=\"left\">CINTIA GRION<\/td><td class=\"has-text-align-left\" data-align=\"left\">2015<\/td><td>AN\u00c1LISE DOS CUSTOS DE PACIENTES INTERNADOS EM UM CENTRO UNIVERSIT\u00c1RIO DE REFER\u00caNCIA NO TRATAMENTO DE QUEIMADURAS<\/td><\/tr><tr><td>EMERSON SAMPAIO<\/td><td class=\"has-text-align-left\" data-align=\"left\">ALEXANDRE CARRILHO<\/td><td class=\"has-text-align-left\" data-align=\"left\">2012<\/td><td>DIMINUI\u00c7\u00c3O DA A\u00c7\u00c3O ANTIOXIDANTE DA LIPOPROTE\u00cdNA DE ALTA DENSIDADE DE HOMENS COM DIABETES MELLITUS TIPO 1 NORMOALBUMIN\u00daRICOS E MICROALBUMIN\u00daRICOS<\/td><\/tr><tr><td>ERIKA CRISTIANE MAYUMI MIMURA<\/td><td class=\"has-text-align-left\" data-align=\"left\">ALEXANDRE CARRILHO<\/td><td class=\"has-text-align-left\" data-align=\"left\">2016<\/td><td>N\u00cdVEIS S\u00c9RICOS DE PRATA ENCONTRADOS EM PACIENTES QUEIMADOS E AVALIA\u00c7\u00c3O DE SUA TOXICIDADE EM CULTURA DE LEUC\u00d3CITOS DE INDIV\u00cdDUOS SAUD\u00c1VEIS<\/td><\/tr><tr><td>FABIANE FERREIRA MONTEIRO SALVIOLLI<\/td><td class=\"has-text-align-left\" data-align=\"left\">ALEXANDRE CARRILHO<\/td><td class=\"has-text-align-left\" data-align=\"left\">2016<\/td><td>CAPACIDADE FUNCIONAL, QUALIDADE DE VIDA E GASTO ENERG\u00c9TICO EM ATIVIDADES DI\u00c1RIAS DE PACIENTES COM OBESIDADE E PACIENTES EM P\u00d3S-OPERAT\u00d3RIO DE CIRURGIA BARI\u00c1TRICA<\/td><\/tr><tr><td>FABIANE URIZZI<\/td><td class=\"has-text-align-left\" data-align=\"left\">CINTIA GRION<\/td><td class=\"has-text-align-left\" data-align=\"left\">2015<\/td><td>ATUA\u00c7\u00c3O DE UM TIME DE RESPOSTA R\u00c1PIDA NO CUIDADO DO PACIENTE GRAVE COM RECUSA DE VAGA EM UNIDADE DE TERAPIA INTENSIVA: AN\u00c1LISE DE CUSTOS<\/td><\/tr><tr><td>FERNANDA KAZMIERSKI MORAKAMI<\/td><td class=\"has-text-align-left\" data-align=\"left\">CINTIA GRION<\/td><td class=\"has-text-align-left\" data-align=\"left\">2022<\/td><td>TRAQUEOSTOMIA PRECOCE VERSUS TRAQUEOSTOMIA TARDIA NO PACIENTE CR\u00cdTICO: UMA D\u00c9CADA DE EXPERI\u00caNCIA DE UM HOSPITAL UNIVERSIT\u00c1RIO<\/td><\/tr><tr><td>FERNANDO HENRIQUE BORGES<\/td><td class=\"has-text-align-left\" data-align=\"left\">RUBENS CECCHINI<\/td><td class=\"has-text-align-left\" data-align=\"left\">2018<\/td><td>ALTERA\u00c7\u00d5ES HEMATOL\u00d3GICAS OXIDATIVAS E FUNCIONAIS DO M\u00daSCULO CARD\u00cdACO EM RATOS<br>PORTADORES DE TUMOR DE WALKER-256 E SUPLEMENTADOS COM CREATINA<\/td><\/tr><tr><td>FRANCIELI DELONGUI<\/td><td class=\"has-text-align-left\" data-align=\"left\">EDNA REICHE<\/td><td class=\"has-text-align-left\" data-align=\"left\">2016<\/td><td>ESTUDO DOS POLIMORFISMOS RS1800947 E RS1130864 NO GENE DA PROTE\u00cdNA C REATIVA EM PACIENTES COM L\u00daPUS ERITEMATOSO SIST\u00caMICO: ASSOCIA\u00c7\u00c3O COM A SUSCEPTIBILIDADE GEN\u00c9TICA, N\u00cdVEIS S\u00c9RICOS DE PROTE\u00cdNA C REATIVA E MARCADORES DE ATIVIDADE DA DOEN\u00c7A<\/td><\/tr><tr><td>FRANCIELLI MARY PEREIRA GIMENEZ<\/td><td class=\"has-text-align-left\" data-align=\"left\">CINTIA GRION<\/td><td class=\"has-text-align-left\" data-align=\"left\">2022<\/td><td>AN\u00c1LISE DA ACUR\u00c1CIA PROGN\u00d3STICA DOS CRIT\u00c9RIOS DE DEFINI\u00c7\u00c3O SEPSE-3 EM PACIENTES GRAVES V\u00cdTIMAS DE QUEIMADURA CORPORAL EM UM CENTRO DE TRATAMENTO DE QUEIMADOS DE HOSPITAL UNIVERSIT\u00c1RIO<\/td><\/tr><tr><td>FRANCIS FREGONESI BRINHOLI<\/td><td class=\"has-text-align-left\" data-align=\"left\">DECIO SABBATINI<\/td><td class=\"has-text-align-left\" data-align=\"left\">2016<\/td><td>RELA\u00c7\u00c3O ENTRE N\u00cdVEIS DE CITOCINAS E DA PARAOXONASE-1 EM PRIMEIRO EPIS\u00d3DIO PSIC\u00d3TICO: PODERIA A FARMACOTERAPIA INFLUIR NAS DEFESAS ANTIOXIDANTES?<\/td><\/tr><tr><td>HEBER ODEBRECHT VARGAS<\/td><td class=\"has-text-align-left\" data-align=\"left\">SANDRA VARGAS<\/td><td class=\"has-text-align-left\" data-align=\"left\">2013<\/td><td>ASSOCIA\u00c7\u00c3O DE MARCADORES DE ESTRESSE OXIDATIVO E INFLAMAT\u00d3RIOS EM FUMANTES E EM<br>DEPRESSIVOS<\/td><\/tr><tr><td>HELENA KAMINAMI MORIMOTO<\/td><td class=\"has-text-align-left\" data-align=\"left\">EDNA REICHE<\/td><td class=\"has-text-align-left\" data-align=\"left\">2015<\/td><td>AVALIA\u00c7\u00c3O DAS ALTERA\u00c7\u00d5ES METAB\u00d3LICAS, DA ADIPONECTINA E DO ESTRESSE OXIDATIVO EM PACIENTES INFECTADOS PELO V\u00cdRUS DA IMUNODEFICI\u00caNCIA HUMANA TIPO 1 (HIV-1), ATENDIDOS EM LONDRINA E REGI\u00c3O, PARAN\u00c1<\/td><\/tr><tr><td>HORACIO A. MOREIRA<\/td><td class=\"has-text-align-left\" data-align=\"left\">SILVIO ALMEIDA<\/td><td class=\"has-text-align-left\" data-align=\"left\">2015<\/td><td>UM NOVO \u00cdNDICE PARA DETEC\u00c7\u00c3O DO C\u00c2NCER DE PR\u00d3STATA (RAZ\u00c3O ENTRE DENSIDADE DO PSA E PSA LIVRE SOBRE O PSA TOTAL)<\/td><\/tr><tr><td>INGRIDT HILDEGARD VOGLER<\/td><td class=\"has-text-align-left\" data-align=\"left\">EDNA REICHE<\/td><td class=\"has-text-align-left\" data-align=\"left\">2018<\/td><td>EFETIVIDADE DO TRATAMENTO ANTIRRETROVIRAL DE PESSOAS VIVENDO COM HIV\/AIDS NAS MACRORREGI\u00d5ES NORTE E LESTE DO ESTADO DO PARAN\u00c1<\/td><\/tr><tr><td>JAQUELINE DARIO CAPOBIANGO<\/td><td class=\"has-text-align-left\" data-align=\"left\">EDNA REICHE<\/td><td class=\"has-text-align-left\" data-align=\"left\">2014<\/td><td>TOXOPLASMOSE ADQUIRIDA NA GESTA\u00c7\u00c3O E CONG\u00caNITA: CARACTER\u00cdSTICAS EPIDEMIOL\u00d3GICAS,<br>CL\u00cdNICAS E DIAGN\u00d3STICO LABORATORIAL<\/td><\/tr><tr><td>JANAINA MAYER DE OLIVEIRA NUNES<\/td><td class=\"has-text-align-left\" data-align=\"left\">SILVIO ALMEIDA<\/td><td class=\"has-text-align-left\" data-align=\"left\">2021<\/td><td>BUSCA POR TRATAMENTO DE SINTOMAS DO TRATO URIN\u00c1RIO INFERIOR ENTRE SERVIDORAS DE UM HOSPITAL P\u00daBLICO E COMPARA\u00c7\u00c3O ENTRE DUAS T\u00c9CNICAS DE ELETROESTIMULA\u00c7\u00c3O EM MULHERES COM S\u00cdNDROME DA BEXIGA HIPERATIVA<\/td><\/tr><tr><td>JEFFERSON CRESPIGIO<\/td><td class=\"has-text-align-left\" data-align=\"left\">TANIA MAZZUCO<\/td><td class=\"has-text-align-left\" data-align=\"left\">2018<\/td><td>AN\u00c1LISE CL\u00cdNICA E ANATOMOPATOL\u00d3GICA DOS FEOCROMOCITOMAS ESPOR\u00c1DICOS EM COMPARA\u00c7\u00c3O COM OS ASSOCIADOS \u00c0 DOEN\u00c7A DE VON HIPPELLINDAU<\/td><\/tr><tr><td>JOSIANE LOPES<\/td><td class=\"has-text-align-left\" data-align=\"left\">RAMON KAIMEN<\/td><td class=\"has-text-align-left\" data-align=\"left\">2013<\/td><td>ADAPTA\u00c7\u00c3O TRANSCULTURAL E AVALIA\u00c7\u00c3O DAS PROPRIEDADES PSICOM\u00c9TRICAS DA VERS\u00c3O BRASILEIRA DO NEUROLOGICAL FATIGUE INDEX-MULTIPLE SCLEROSIS (NFI-MS\/BR)<\/td><\/tr><tr><td>JOSIANE MARQUES FELCAR<\/td><td class=\"has-text-align-left\" data-align=\"left\">FABIO PITTA<\/td><td class=\"has-text-align-left\" data-align=\"left\">2015<\/td><td>COMPARA\u00c7\u00c3O DOS EFEITOS DO TREINAMENTO F\u00cdSICO EM \u00c1GUA E EM SOLO EM PACIENTES COM DPOC: ENSAIO CL\u00cdNICO ALEAT\u00d3RIO<\/td><\/tr><tr><td>KAMILA LANDUCCI BONIFACIO<\/td><td class=\"has-text-align-left\" data-align=\"left\">DECIO SABBATINI<\/td><td class=\"has-text-align-left\" data-align=\"left\">2017<\/td><td>AVALIA\u00c7\u00c3O DE BIOMARCADORES INFLAMAT\u00d3RIOS, DE ESTRESSE OXIDATIVO E DE GLICOTOXICIDADE EM PACIENTES COM TRANSTORNOS DO HUMOR E AN\u00c1LISE DO POTENCIAL ANTIOXIDANTE IN VITRO EM DROGAS UTILIZADAS NO TRATAMENTO DESTES<\/td><\/tr><tr><td>KARINE MARIA BOLL<\/td><td class=\"has-text-align-left\" data-align=\"left\">ESTEFANIA MOREIRA<\/td><td class=\"has-text-align-left\" data-align=\"left\">2018<\/td><td>PARAOXONASE 1 E DOEN\u00c7AS PSIQUI\u00c1TRICAS<\/td><\/tr><tr><td>LEDA MEZZAROBA<\/td><td class=\"has-text-align-left\" data-align=\"left\">EDNA REICHE<\/td><td class=\"has-text-align-left\" data-align=\"left\">2019<\/td><td>AVALIA\u00c7\u00c3O DOS METAIS ESSENCIAIS E BIOMARCADORES INFLAMAT\u00d3RIOS E DE ESTRESSE OXIDATIVO E NITROSATIVO EM PACIENTES COM ESCLEROSE M\u00daLTIPLA<\/td><\/tr><tr><td>LUIZ GUSTAVO PICCOLI DE MELO<\/td><td class=\"has-text-align-left\" data-align=\"left\">SANDRA VARGAS<\/td><td class=\"has-text-align-left\" data-align=\"left\">2019<\/td><td>O TRANSTORNO METAB\u00d3LICO DO HUMOR E SUA RELA\u00c7\u00c3O COM MAUS-TRATOS NA INF\u00c2NCIA E<br>ALTERA\u00c7\u00d5ES DE BIOMARCADORES INFLAMAT\u00d3RIO-METAB\u00d3LICOS<\/td><\/tr><tr><td>MAGALI GODOY PEREIRA CARDOSO<\/td><td class=\"has-text-align-left\" data-align=\"left\">TANIA MAZZUCO<\/td><td class=\"has-text-align-left\" data-align=\"left\">2017<\/td><td>GLICEMIA EM PACIENTES N\u00c3O CR\u00cdTICOS INTERNADOS EM UM HOSPITAL UNIVERSIT\u00c1RIO P\u00daBLICO: DAS PR\u00c1TICAS DE ENFERMAGEM \u00c0 AVALIA\u00c7\u00c3O CL\u00cdNICA DA HIPERGLICEMIA INTRA-HOSPITALAR<\/td><\/tr><tr><td>MAHARA D. GARCIA LEMES PROEN\u00c7A<\/td><td class=\"has-text-align-left\" data-align=\"left\">FABIO PITTA<\/td><td class=\"has-text-align-left\" data-align=\"left\">2016<\/td><td>ATIVIDADE F\u00cdSICA NA VIDA DI\u00c1RIA EM ADULTOS: VALORES DE REFER\u00caNCIA DE PASSOS POR DIA PARA A POPULA\u00c7\u00c3O BRASILEIRA, PERFIL E PREDITORES EM ESTUDANTES UNIVERSIT\u00c1RIOS<\/td><\/tr><tr><td>MARCIA REGINA PIZZO DE CASTRO<\/td><td class=\"has-text-align-left\" data-align=\"left\">SANDRA VARGAS<\/td><td class=\"has-text-align-left\" data-align=\"left\">2014<\/td><td>ESTUDO DE ASSOCIA\u00c7\u00c3O ENVOLVENDO O POLIMORFISMO STin2 VNTR DO GENE TRANSPORTADOR DE SEROTONINA (SLC6A4) EM PACIENTES COM TRANSTORNO POR USO DE TABACO E TRANSTORNOS DO HUMOR<\/td><\/tr><tr><td>MARCIO FRANCISCO LEHMANN<\/td><td class=\"has-text-align-left\" data-align=\"left\">EDNA REICHE<\/td><td class=\"has-text-align-left\" data-align=\"left\">2015<\/td><td>ESTUDO DA RESPOSTA INFLAMAT\u00d3RIA EM PACIENTES COM ACIDENTE VASCULAR CEREBRAL ISQU\u00caMICO AGUDO (AVCI): SUA RELA\u00c7\u00c3O COM OS SUBTIPOS DE AVCI, D\u00c9FICIT NEUROL\u00d3GICO E EVOLU\u00c7\u00c3O CL\u00cdNICA<\/td><\/tr><tr><td>MARCOS TOSHIYUKI TANITA<\/td><td class=\"has-text-align-left\" data-align=\"left\">CINTIA GRION<\/td><td class=\"has-text-align-left\" data-align=\"left\">2018<\/td><td>FATORES DE RISCO PARA S\u00cdNDROME DO DESCONFORTO RESPIRAT\u00d3RIO AGUDO NO PACIENTE GRANDE QUEIMADO<\/td><\/tr><tr><td>MAURO PORCU<\/td><td class=\"has-text-align-left\" data-align=\"left\">SANDRA VARGAS<\/td><td class=\"has-text-align-left\" data-align=\"left\">2018<\/td><td>TRANSTORNOS DO HUMOR CO-M\u00d3RBIDOS COM TRANSTORNO POR USO DE TABACO E SUAS IMPLICA\u00c7\u00d5ES NA GRAVIDADE DOS SINTOMAS, TRAUMA INFANTIL E ALTERA\u00c7\u00d5ES DOS BIOMARCADORES INFLAMAT\u00d3RIOS E DE LEPTINA<\/td><\/tr><tr><td>MIRIAM SAYURI N. HOHMANN<\/td><td class=\"has-text-align-left\" data-align=\"left\">WALDICEU VERRI<\/td><td class=\"has-text-align-left\" data-align=\"left\">2017<\/td><td>PERSPECTIVAS DO USO DO EXTRATO DE <em>Hypericum perforatum<\/em> E DOS FLAVONOIDES VITEXINA E<br>QUERCETINA NO TRATAMENTO DE INTOXICA\u00c7\u00d5ES POR ACETAMINOFENO E DICLOFENACO E FIBROSE PULMONAR IDIOP\u00c1TICA<\/td><\/tr><tr><td>NAIARA LOUREN\u00c7O MARI<\/td><td class=\"has-text-align-left\" data-align=\"left\">ISAIAS DICHI<\/td><td class=\"has-text-align-left\" data-align=\"left\">2018<\/td><td>EFEITOS DO \u00d3LEO DE PEIXE SOBRE A GRAVIDADE DA DOEN\u00c7A, PERFIL INFLAMAT\u00d3RIO, MOL\u00c9CULAS DE ADES\u00c3O E ESTADO REDOX DE PACIENTES COM PSOR\u00cdASE<\/td><\/tr><tr><td>NATALY SIMOES BANDIERA THIMOTEO<\/td><td class=\"has-text-align-left\" data-align=\"left\">ISAIAS DICHI<\/td><td class=\"has-text-align-left\" data-align=\"left\">2018<\/td><td>EFEITOS NA INGEST\u00c3O DE SUCO DE CRANBERRY SOBRE BIOMARCADORES METAB\u00d3LICOS E INFLAMAT\u00d3RIOS NA S\u00cdNDROME METAB\u00d3LICA E NA ARTRITE REUMATOIDE<\/td><\/tr><tr><td>NAYARA RAMPAZZO MORELLI<\/td><td class=\"has-text-align-left\" data-align=\"left\">DECIO SABBATINI<\/td><td class=\"has-text-align-left\" data-align=\"left\">2020<\/td><td>ENVOLVIMENTO DO ESTRESSE OXIDATIVO E\/OU NITROSATIVO EM INDIV\u00cdDUOS COM TRANSTORNOS DE HUMOR E NOS COMPONENTES DA S\u00cdNDROME METAB\u00d3LICA<\/td><\/tr><tr><td>NEIDE TOMIMURA COSTA<\/td><td class=\"has-text-align-left\" data-align=\"left\">ISAIAS DICHI<\/td><td class=\"has-text-align-left\" data-align=\"left\">2017<\/td><td>INFLU\u00caNCIA DA S\u00cdNDROME METAB\u00d3LICA E DAS MEDICA\u00c7\u00d5ES MODIFICADORAS DO CURSO DA DOEN\u00c7A NO ESTRESSE OXIDATIVO E NITROSATIVO EM PACIENTES COM ARTRITE REUMATOIDE<\/td><\/tr><tr><td>NIDIA APARECIDA HERNANDES FUJII<\/td><td class=\"has-text-align-left\" data-align=\"left\">FABIO PITTA<\/td><td class=\"has-text-align-left\" data-align=\"left\">2012<\/td><td>AVALIA\u00c7\u00c3O DA CAPACIDADE DE EXERC\u00cdCIO POR MEIO DE TESTES DE CAMPO NA SA\u00daDE E NA DOEN\u00c7A: VALORES DE REFER\u00caNCIA PARA O INCREMENTAL SHUTTLE WALKING TEST E REPRODUTIBILIDADE DO TESTE DE CAMINHADA DE 6 MINUTOS EM DOEN\u00c7A PULMONAR OBSTRUTIVA CR\u00d4NICA<\/td><\/tr><tr><td>PAMELA LONARDONI MICHELETTI<\/td><td class=\"has-text-align-left\" data-align=\"left\">ISAIAS DICHI<\/td><td class=\"has-text-align-left\" data-align=\"left\">2018<\/td><td>AVALIA\u00c7\u00c3O DO STATUS DE VITAMINA D E MARCADORES INFLAMAT\u00d3RIOS E DE TOXICIDADE AO TRATAMENTO QUIMIOTER\u00c1PICO EM PACIENTES COM C\u00c2NCER DE MAMA<\/td><\/tr><tr><td>PRISCILA SAITO<\/td><td class=\"has-text-align-left\" data-align=\"left\">RUBIA CASAGRANDE<\/td><td class=\"has-text-align-left\" data-align=\"left\">2021<\/td><td>EFEITO DO TRATAMENTO INTRAPERITONEAL E T\u00d3PICO DE RESOLVINA D5 PARA O CONTROLE DA INFLAMA\u00c7\u00c3O E ESTRESSE OXIDATIVO INDUZIDO POR RADIA\u00c7\u00c3O UVB EM CAMUNDONGOS SEM PELO<\/td><\/tr><tr><td>RAFAELA ARAUJO VICENTINI LONE<\/td><td class=\"has-text-align-left\" data-align=\"left\">WALDICEU VERRI<\/td><td class=\"has-text-align-left\" data-align=\"left\">2020<\/td><td>PARTICIPA\u00c7\u00c3O DO HYPERICUM PERFORATUM NA REDU\u00c7\u00c3O DA DOR INFLAMAT\u00d3RIA EM CAMUNDONGOS: EFEITO NA PRODU\u00c7\u00c3O DE IL- 1\u00df E ATIVA\u00c7\u00c3O DA VIA NO\/GMPC\/PKG\/K+ATP<\/td><\/tr><tr><td>RAQUEL ARRUDA DA SILVA SANFELICE<\/td><td class=\"has-text-align-left\" data-align=\"left\">WANDER PAVANELLI<\/td><td class=\"has-text-align-left\" data-align=\"left\">2021<\/td><td>INVESTIGA\u00c7\u00c3O DOS EFEITOS BIOL\u00d3GICOS DAS NANOPART\u00cdCULAS NO TOXOPLASMA GONDII<\/td><\/tr><tr><td>REGINA CELIA BUENO REZENDE MACHADO<\/td><td class=\"has-text-align-left\" data-align=\"left\">SANDRA VARGAS<\/td><td class=\"has-text-align-left\" data-align=\"left\">2018<\/td><td>AN\u00c1LISE DAS COMORBIDADES RELACIONADAS AO TRANSTORNO POR USO DO TABACO E O TRATAMENTO COMPLEMENTAR DA N-ACETILCISTE\u00cdNA PARA CESSA\u00c7\u00c3O DO TABAGISMO<\/td><\/tr><tr><td>RENATA MICHELI MARTINEZ<\/td><td class=\"has-text-align-left\" data-align=\"left\">RUBIA CASAGRANDE<\/td><td class=\"has-text-align-left\" data-align=\"left\">2015<\/td><td>TRANS-CHALCONA, HESPERIDINA METIL CHALCONA E NARINGENINA: POTENCIAL TERAP\u00caUTICO E MECANISMOS DE A\u00c7\u00c3O NOS DANOS CUT\u00c2NEOS INFLAMAT\u00d3RIOS E OXIDATIVOS INDUZIDOS PELA RADIA\u00c7\u00c3O ULTRAVIOLETA B EM CAMUNDONGOS SEM P\u00caLO<\/td><\/tr><tr><td>ROBSON ZAZULA<\/td><td class=\"has-text-align-left\" data-align=\"left\">SANDRA VARGAS<\/td><td class=\"has-text-align-left\" data-align=\"left\">2019<\/td><td>AVALIA\u00c7\u00c3O DA FUN\u00c7\u00c3O COGNITIVA EM PACIENTES COM TRANSTORNO BIPOLAR E TRANSTORNO DEPRESSIVO MAIOR E ASSOCIA\u00c7\u00c3O COM BIOMARCADORES INFLAMAT\u00d3RIOS<\/td><\/tr><tr><td>RODRIGO BUENO DO PRADO<\/td><td class=\"has-text-align-left\" data-align=\"left\">MARCELO  CASELLA<\/td><td class=\"has-text-align-left\" data-align=\"left\">2021<\/td><td>VIABILIDADE CELULAR, MEDIDAS DIGITAIS, E CARACTER\u00cdSTICAS DE ROLAGEM DE ENXERTOS PR\u00c9-CORTADOS PARA CERATOPLASTIA ENDOTELIAL PR\u00c9-DESCEMET PELO BANCO DE OLHOS<\/td><\/tr><tr><td>SIMONE BORTOLAN DOS SANTOS<\/td><td class=\"has-text-align-left\" data-align=\"left\">ESTEFANIA MOREIRA<\/td><td class=\"has-text-align-left\" data-align=\"left\">2016<\/td><td>AVALIA\u00c7\u00c3O DOS EFEITOS ANTINOCICEPTIVOS E ANTIINFLAMAT\u00d3RIOS DA BOLDINA E DA FRA\u00c7\u00c3O POLAR DO EXTRATO AQUOSO DAS FOLHAS DA VERNONIA CONDENSATA BAKER EM CAMUNDONGOS<\/td><\/tr><tr><td>TALITA LAIANE CARDOZO CEZAR<\/td><td class=\"has-text-align-left\" data-align=\"left\">RUBIA CASAGRANDE<\/td><td class=\"has-text-align-left\" data-align=\"left\">2021<\/td><td>POTENCIAL TERAP\u00caUTICO T\u00d3PICO DA MARESINA 1 E LIPOXINA A4 NA INFLAMA\u00c7\u00c3O E ESTRESSE OXIDATIVO INDUZIDOS PELA RADIA\u00c7\u00c3O UVB<\/td><\/tr><tr><td>TALITA PERDIGAO DOMICIANO<\/td><td class=\"has-text-align-left\" data-align=\"left\">WALDICEU VERRI<\/td><td class=\"has-text-align-left\" data-align=\"left\">2016<\/td><td>A QUERCETINA INIBE A ATIVA\u00c7\u00c3O DOS INFLAMASSOMAS NLRP3 E AIM2 POR IMPEDIR A OLIGOMERIZA\u00c7\u00c3O DO ASC E PREVINE A VASCULITE MEDIADA PELA ATIVA\u00c7\u00c3O DA CASPASE-1 EM CAMUNDONGOS<\/td><\/tr><tr><td>TAMIRES FLAUZINO<\/td><td class=\"has-text-align-left\" data-align=\"left\">EDNA REICHE<\/td><td class=\"has-text-align-left\" data-align=\"left\">2019<\/td><td>AVALIA\u00c7\u00c3O DE MARCADORES IMUNOL\u00d3GICOS, METAB\u00d3LICOS E DE ESTRESSE OXIDATIVO E DA VARIANTE RS3761548 NO GENE FOXP3 EM PACIENTES COM ESCLEROSE M\u00daLTIPLA<\/td><\/tr><tr><td>THAIS JORDAO PEREZ S.  MOTTA<\/td><td class=\"has-text-align-left\" data-align=\"left\">FABIO PITTA<\/td><td class=\"has-text-align-left\" data-align=\"left\">2015<\/td><td>CRIA\u00c7\u00c3O DO LONDRINA ADL-PROTOCOL E A RELA\u00c7\u00c3O ENTRE A DESSATURA\u00c7\u00c3O DE OXIG\u00caNIO DURANTE O PROTOCOLO E DURANTE A VIDA DI\u00c1RIA<\/td><\/tr><tr><td>THIAGO HISSNAUER LEAL BALTUS<\/td><td class=\"has-text-align-left\" data-align=\"left\">DECIO SABBATINI<\/td><td class=\"has-text-align-left\" data-align=\"left\">2020<\/td><td>AVALIA\u00c7\u00c3O DE BIOMARCADORES BIOQU\u00cdMICOS, GEN\u00c9TICOS E DE ESTRESSE OXIDATIVO\/NITROSATIVO EM INDIV\u00cdDUOS COM DOEN\u00c7A DE PARKINSON DE LONDRINA, PR<\/td><\/tr><tr><td>WANDERLEI ONOFRE SCHMITZ<\/td><td class=\"has-text-align-left\" data-align=\"left\">DECIO SABBATINI<\/td><td class=\"has-text-align-left\" data-align=\"left\">2014<\/td><td>A\u00c7\u00c3O DE EXTRATOS VEGETAIS E ALIMENTOS FUNCIONAIS NO TRATAMENTO DE RATOS WISTAR COM RESIST\u00caNCIA \u00c0 INSULINA INDUZIDA POR FRUTOSE<\/td><\/tr><tr><td>WAGNER MENNA PEREIRA<\/td><td class=\"has-text-align-left\" data-align=\"left\">WANDER PAVANELLI<\/td><td class=\"has-text-align-left\" data-align=\"left\">2019<\/td><td>EFEITO DO PLASMA RICO EM PLAQUETAS (PRP) ASSOCIADO AO EXERC\u00cdCIO F\u00cdSICO EM LES\u00c3O MUSCULAR E ARTICULAR DE RATOS WISTAR<\/td><\/tr><tr><td>WILDEA LICE DE C. JENNINGS<\/td><td class=\"has-text-align-left\" data-align=\"left\">EDNA REICHE<\/td><td class=\"has-text-align-left\" data-align=\"left\">2019<\/td><td>AVALIA\u00c7\u00c3O DOS MARCADORES INFLAMAT\u00d3RIOS, METAB\u00d3LICOS E DE ESTRESSE OXIDATIVO EM<br>PACIENTES COM ESCLEROSE M\u00daLTIPLA: UM ESTUDO DE SEGUIMENTO<\/td><\/tr><tr><td>ZULEICA NAOMI TANO<\/td><td class=\"has-text-align-left\" data-align=\"left\">WANDER PAVANELLI<\/td><td class=\"has-text-align-left\" data-align=\"left\">2021<\/td><td>AVALIA\u00c7\u00c3O DA SENSIBILIDADE AOS ANTIMICROBIANOS E CARACTERIZA\u00c7\u00c3O MOLECULAR DE <em>E. coli<\/em> ISOLADAS DE UROCULTURAS DE MULHERES ATENDIDAS EM UNIDADES B\u00c1SICAS DE SA\u00daDE E PRONTO ATENDIMENTO NO MUNIC\u00cdPIO DE LONDRINA<\/td><\/tr><\/tbody><\/table><\/figure>\n","protected":false},"excerpt":{"rendered":"<p>Destino dos egressos Egressos, orientadores e ano de conclus\u00e3o POS-GRADUANDO ORIENTADOR ANO TESE ABEL ESTEVES SOARES VINICIUS DAHER 2015 DEFICI\u00caNCIA DE VITAMINA D, INFLAMA\u00c7\u00c3O E ESTRESSE OXIDATIVO EM PACIENTES COM DOEN\u00c7A RENAL CR\u00d4NICA N\u00c3O DIAL\u00cdTICA ALEXANDRO MARCIO DA SILVA MATTOS TANIA MAZZUCO 2018 PREVAL\u00caNCIA DO POLIMORFISMO GIPR GLU354GLN E SUA ASSOCIA\u00c7\u00c3O COM DOEN\u00c7AS RELACIONADAS \u00c0 [&hellip;]<\/p>\n","protected":false},"author":9,"featured_media":0,"parent":0,"menu_order":0,"comment_status":"closed","ping_status":"closed","template":"","meta":{"_acf_changed":false,"footnotes":""},"class_list":["post-245","page","type-page","status-publish","hentry"],"acf":[],"_links":{"self":[{"href":"https:\/\/pos.uel.br\/cienciasdasaude\/wp-json\/wp\/v2\/pages\/245","targetHints":{"allow":["GET"]}}],"collection":[{"href":"https:\/\/pos.uel.br\/cienciasdasaude\/wp-json\/wp\/v2\/pages"}],"about":[{"href":"https:\/\/pos.uel.br\/cienciasdasaude\/wp-json\/wp\/v2\/types\/page"}],"author":[{"embeddable":true,"href":"https:\/\/pos.uel.br\/cienciasdasaude\/wp-json\/wp\/v2\/users\/9"}],"replies":[{"embeddable":true,"href":"https:\/\/pos.uel.br\/cienciasdasaude\/wp-json\/wp\/v2\/comments?post=245"}],"version-history":[{"count":44,"href":"https:\/\/pos.uel.br\/cienciasdasaude\/wp-json\/wp\/v2\/pages\/245\/revisions"}],"predecessor-version":[{"id":761,"href":"https:\/\/pos.uel.br\/cienciasdasaude\/wp-json\/wp\/v2\/pages\/245\/revisions\/761"}],"wp:attachment":[{"href":"https:\/\/pos.uel.br\/cienciasdasaude\/wp-json\/wp\/v2\/media?parent=245"}],"curies":[{"name":"wp","href":"https:\/\/api.w.org\/{rel}","templated":true}]}}