{"id":155,"date":"2021-06-15T02:54:59","date_gmt":"2021-06-15T05:54:59","guid":{"rendered":"https:\/\/pos.uel.br\/cienciasdasaude\/pagina-inicial\/"},"modified":"2026-03-30T18:58:44","modified_gmt":"2026-03-30T21:58:44","slug":"pagina-inicial","status":"publish","type":"page","link":"https:\/\/pos.uel.br\/cienciasdasaude\/","title":{"rendered":"P\u00e1gina inicial"},"content":{"rendered":"\n<div class=\"wp-block-columns is-layout-flex wp-container-core-columns-is-layout-9d6595d7 wp-block-columns-is-layout-flex\">\n<div class=\"wp-block-column is-layout-flow wp-block-column-is-layout-flow\" style=\"flex-basis:66.66%\">\n<div class=\"wp-block-uel-card\">\n<h3 class=\"wp-block-heading is-style-highlighted-heading\">Editais<\/h3>\n\n\n\n<div class=\"wp-block-columns is-layout-flex wp-container-core-columns-is-layout-9d6595d7 wp-block-columns-is-layout-flex\">\n<div class=\"wp-block-column is-layout-flow wp-block-column-is-layout-flow\"><\/div>\n<\/div>\n\n\n\n<div class=\"wp-block-columns is-layout-flex wp-container-core-columns-is-layout-9d6595d7 wp-block-columns-is-layout-flex\">\n<div class=\"wp-block-column is-layout-flow wp-block-column-is-layout-flow\" style=\"flex-basis:100%\"><div class=\"editais-block\"><a class=\"editais-block__item-block\" href=\"https:\/\/pos.uel.br\/cienciasdasaude\/wp-content\/uploads\/2026\/04\/Relac\u0327a\u0303o-dos-candidatos-pedidos-de-isenc\u0327a\u0303o-de-inscric\u0327a\u0303o-deferidos-e-indeferidos-PPGCS-2026-2.pdf\"><div class=\"editais-block__titulo\"><span>Pedidos de isenc\u0327a\u0303o de inscric\u0327a\u0303o deferidos e indeferidos referente ao edital PPGCS 03\/2026<\/span><\/div><div class=\"editais-block__resumo\"><span><\/span><\/div><div class=\"editais-block__publicado\"><span>3 semanas atr\u00e1s<\/span><\/div><\/a><a class=\"editais-block__item-block\" href=\"https:\/\/pos.uel.br\/cienciasdasaude\/wp-content\/uploads\/2026\/03\/EDITAL-ALUNO-REGULAR-PPGCS-2026-2.pdf\"><div class=\"editais-block__titulo\"><span>PPGCS 03\/2026 \u2013 Abertura do processo seletivo de estudantes regulares para in\u00edcio no segundo semestre de 2026 (2026\/2)<\/span><\/div><div class=\"editais-block__resumo\"><span>O link para solicita\u00e7\u00e3o de isen\u00e7\u00e3o de inscri\u00e7\u00e3o pelo Cad\u00danico encontra-se na aba POSTS (lateral direita)<\/span><\/div><div class=\"editais-block__publicado\"><span>1 m\u00eas atr\u00e1s<\/span><\/div><\/a><a class=\"editais-block__item-block\" href=\"https:\/\/pos.uel.br\/cienciasdasaude\/wp-content\/uploads\/2026\/03\/EDITAL-02.2026-PPGCS-RESULTADO-E-CONVOCAC\u0327A\u0303O-PARA-MATRI\u0301CULA-ESTUDANTE-ESPECIAL-2026-1-2.pdf\"><div class=\"editais-block__titulo\"><span>PPGCS &#8211; Edital 02\/2026 &#8211; Divulga\u00e7\u00e3o de resultado e convoca\u00e7\u00e3o para matr\u00edcula (referente edital 01\/2026)<\/span><\/div><div class=\"editais-block__resumo\"><span><\/span><\/div><div class=\"editais-block__publicado\"><span>2 meses atr\u00e1s<\/span><\/div><\/a><a class=\"editais-block__item-block\" href=\"https:\/\/pos.uel.br\/cienciasdasaude\/wp-content\/uploads\/2026\/02\/Relac\u0327a\u0303o-dos-candidatos-pedido-de-isenc\u0327a\u0303o-de-inscric\u0327a\u0303o-PPGCS-2026-1-ALUNO-ESPECIAL.pdf\"><div class=\"editais-block__titulo\"><span>Pedidos de isenc\u0327a\u0303o de inscric\u0327a\u0303o deferidos e indeferidos referente ao edital PPGCS 01\/2026<\/span><\/div><div class=\"editais-block__resumo\"><span><\/span><\/div><div class=\"editais-block__publicado\"><span>2 meses atr\u00e1s<\/span><\/div><\/a><a class=\"editais-block__item-block\" href=\"https:\/\/pos.uel.br\/cienciasdasaude\/wp-content\/uploads\/2026\/02\/EDITAL-01.2026-PPGCS-ALUNO-ESPECIAL-2026.1.pdf\"><div class=\"editais-block__titulo\"><span>PPGCS 01\/2026 \u2013 Edital de sele\u00e7\u00e3o de estudantes especiais Mestrado e Doutorado (in\u00edcio em 2026\/1)<\/span><\/div><div class=\"editais-block__resumo\"><span><\/span><\/div><div class=\"editais-block__publicado\"><span>3 meses atr\u00e1s<\/span><\/div><\/a><a class=\"editais-block__item-block\" href=\"https:\/\/pos.uel.br\/cienciasdasaude\/wp-content\/uploads\/2025\/12\/Resultado-da-Selecao-Interna-PDSE-UEL_assinado.pdf\"><div class=\"editais-block__titulo\"><span>Resultado da Sele\u00e7\u00e3o Interna referente ao edital PPGCS 07\/2025 (PDSE)-2 cronograma<\/span><\/div><div class=\"editais-block__resumo\"><span><\/span><\/div><div class=\"editais-block__publicado\"><span>5 meses atr\u00e1s<\/span><\/div><\/a><a class=\"editais-block__item-block\" href=\"https:\/\/pos.uel.br\/cienciasdasaude\/wp-content\/uploads\/2025\/12\/RETIFICAC\u0327A\u0303O-DO-2o-CRONOGRAMA-Edital_PPGCS_UEL_PDSE-007-2025.pdf\"><div class=\"editais-block__titulo\"><span>PPGCS \u2013 Edital 07\/2025 retificado \u2013 PDSE (Programa de Doutorado Sandu\u00edche no Exterior)<\/span><\/div><div class=\"editais-block__resumo\"><span>Retifica\u00e7\u00e3o do segundo cronograma. <\/span><\/div><div class=\"editais-block__publicado\"><span>5 meses atr\u00e1s<\/span><\/div><\/a><a class=\"editais-block__item-block\" href=\"https:\/\/pos.uel.br\/cienciasdasaude\/wp-content\/uploads\/2025\/12\/EDITAL-PPGCS-082025-RETIFICADO-RESULTADO-SELEC\u0327A\u0303O-ESTUDANTE-REGULAR-PPGCS-20261.pdf\"><div class=\"editais-block__titulo\"><span>PPGCS \u2013 Edital 08\/2025 retificado \u2013 Divulga\u00e7\u00e3o de resultado e convoca\u00e7\u00e3o para matr\u00edcula (referente edital 06\/2025)<\/span><\/div><div class=\"editais-block__resumo\"><span><\/span><\/div><div class=\"editais-block__publicado\"><span>5 meses atr\u00e1s<\/span><\/div><\/a><\/div>\n\n\n<p><\/p>\n<\/div>\n<\/div>\n\n\n\n<p class=\"has-text-align-right has-primary-accent-color has-text-color has-small-font-size\"><strong><a href=\"http:\/\/pos.uel.br\/cienciasdasaude\/editais\">Ver todos<\/a><\/strong><\/p>\n<\/div>\n\n\n\n<div class=\"wp-block-columns is-layout-flex wp-container-core-columns-is-layout-9d6595d7 wp-block-columns-is-layout-flex\">\n<div class=\"wp-block-column is-layout-flow wp-block-column-is-layout-flow\">\n<div class=\"wp-block-uel-card\">\n<h3 class=\"wp-block-heading is-style-highlighted-heading\">Defesas e qualifica\u00e7\u00f5es<\/h3>\n\n\n\n<p><\/p>\n\n\n<div class=\"defesas-qualificacoes\">N\u00e3o existem defesas ou qualifica\u00e7\u00f5es agendadas.<a href=\"https:\/\/pos.uel.br\/cienciasdasaude\/defesas-qualificacoes\/\" class=\"defesas-qualificacoes__todas\">Ver todas<\/a><\/div><\/div>\n<\/div>\n<\/div>\n<\/div>\n\n\n\n<div class=\"wp-block-column is-layout-flow wp-block-column-is-layout-flow\" style=\"flex-basis:33.33%\">\n<div class=\"wp-block-uel-card\">\n<h3 class=\"wp-block-heading is-style-highlighted-heading\">Posts<\/h3>\n\n\n\n<figure class=\"wp-block-image size-large is-resized\"><img loading=\"lazy\" decoding=\"async\" width=\"1024\" height=\"240\" src=\"https:\/\/pos.uel.br\/cienciasdasaude\/wp-content\/uploads\/2024\/05\/Instagram-1024x240.png\" alt=\"\" class=\"wp-image-1127\" style=\"width:171px;height:auto\" srcset=\"https:\/\/pos.uel.br\/cienciasdasaude\/wp-content\/uploads\/2024\/05\/Instagram-1024x240.png 1024w, https:\/\/pos.uel.br\/cienciasdasaude\/wp-content\/uploads\/2024\/05\/Instagram-300x70.png 300w, https:\/\/pos.uel.br\/cienciasdasaude\/wp-content\/uploads\/2024\/05\/Instagram-768x180.png 768w, https:\/\/pos.uel.br\/cienciasdasaude\/wp-content\/uploads\/2024\/05\/Instagram.png 1085w\" sizes=\"auto, (max-width: 1024px) 100vw, 1024px\" \/><\/figure>\n\n\n\n<hr class=\"wp-block-separator has-alpha-channel-opacity\" \/>\n\n\n\n<p><strong>LINK PARA ISEN\u00c7\u00c3O DE INSCRI\u00c7\u00c3O PELO CAD\u00daNICO<\/strong><\/p>\n\n\n\n<p><a href=\"https:\/\/www.sistemasweb.uel.br\/index.php?contents=system\/insc\/index.php&amp;pagina=view\/inscricoes\/seleciona_evento.php&amp;cod_evento=11805\">https:\/\/www.sistemasweb.uel.br\/index.php?contents=system\/insc\/index.php&amp;pagina=view\/inscricoes\/seleciona_evento.php&amp;cod_evento=11805<\/a><\/p>\n\n\n\n<hr class=\"wp-block-separator has-alpha-channel-opacity\" \/>\n\n\n\n<p><strong>POL\u00cdTICA DE INTEGRIDADE NA ATIVIDADE CIENT\u00cdFICA DO CNPq<\/strong><\/p>\n\n\n\n<div class=\"wp-block-file\"><a id=\"wp-block-file--media-f18dd284-3ee9-4b6a-adaf-23b72af8e720\" href=\"https:\/\/pos.uel.br\/cienciasdasaude\/wp-content\/uploads\/2026\/03\/Portaria-2664.2026-Poli\u0301tica-de-Integridade-na-Atividade-Cienti\u0301fica-do-CNPq-1.pdf\">Portaria 2664.2026 &#8211; Poli\u0301tica de Integridade na Atividade Cienti\u0301fica do CNPq<\/a><a href=\"https:\/\/pos.uel.br\/cienciasdasaude\/wp-content\/uploads\/2026\/03\/Portaria-2664.2026-Poli\u0301tica-de-Integridade-na-Atividade-Cienti\u0301fica-do-CNPq-1.pdf\" class=\"wp-block-file__button wp-element-button\" download aria-describedby=\"wp-block-file--media-f18dd284-3ee9-4b6a-adaf-23b72af8e720\">Baixar<\/a><\/div>\n\n\n\n<hr class=\"wp-block-separator has-alpha-channel-opacity\" \/>\n\n\n\n<p><strong>QUADRO DE HOR\u00c1RIOS DAS DISCIPLINAS 2026\/1<\/strong><\/p>\n\n\n\n<div data-wp-interactive=\"core\/file\" class=\"wp-block-file\"><object data-wp-bind--hidden=\"!state.hasPdfPreview\" hidden class=\"wp-block-file__embed\" data=\"https:\/\/pos.uel.br\/cienciasdasaude\/wp-content\/uploads\/2025\/12\/QUADRO-DE-HORA\u0301RIO-OFERTA-DISCIPLINA-DOCENTE-PPGCS-1o-SEMESTRE-DE-2026-MATRIZ-NOVA-e-ANTIGA-COM-ENSALAMENTO-1.pdf\" type=\"application\/pdf\" style=\"width:100%;height:420px\" aria-label=\"Incorporado de QUADRO DE HORA\u0301RIO OFERTA DISCIPLINA-DOCENTE - PPGCS 1o SEMESTRE DE 2026 - MATRIZ NOVA e ANTIGA COM ENSALAMENTO.\"><\/object><a id=\"wp-block-file--media-d50623ab-d3ac-4edb-bccf-ca6c2e25f534\" href=\"https:\/\/pos.uel.br\/cienciasdasaude\/wp-content\/uploads\/2025\/12\/QUADRO-DE-HORA\u0301RIO-OFERTA-DISCIPLINA-DOCENTE-PPGCS-1o-SEMESTRE-DE-2026-MATRIZ-NOVA-e-ANTIGA-COM-ENSALAMENTO-1.pdf\">QUADRO DE HORA\u0301RIO OFERTA DISCIPLINA-DOCENTE &#8211; PPGCS 1o SEMESTRE DE 2026 &#8211; MATRIZ NOVA e ANTIGA COM ENSALAMENTO<\/a><a href=\"https:\/\/pos.uel.br\/cienciasdasaude\/wp-content\/uploads\/2025\/12\/QUADRO-DE-HORA\u0301RIO-OFERTA-DISCIPLINA-DOCENTE-PPGCS-1o-SEMESTRE-DE-2026-MATRIZ-NOVA-e-ANTIGA-COM-ENSALAMENTO-1.pdf\" class=\"wp-block-file__button wp-element-button\" download aria-describedby=\"wp-block-file--media-d50623ab-d3ac-4edb-bccf-ca6c2e25f534\">Baixar<\/a><\/div>\n\n\n\n<hr class=\"wp-block-separator has-alpha-channel-opacity\" \/>\n\n\n\n<p><\/p>\n\n\n\n<p><strong>CALEND\u00c1RIO P\u00d3S-GRADUA\u00c7\u00c3O 2025-2026<\/strong><\/p>\n\n\n\n<div class=\"wp-block-file\"><a id=\"wp-block-file--media-6831e124-442a-461c-ba03-7109ccdfa16c\" href=\"https:\/\/pos.uel.br\/cienciasdasaude\/wp-content\/uploads\/2025\/08\/CalendarioStricto_2025-2026.pdf\">CalendarioStricto_2025-2026<\/a><a href=\"https:\/\/pos.uel.br\/cienciasdasaude\/wp-content\/uploads\/2025\/08\/CalendarioStricto_2025-2026.pdf\" class=\"wp-block-file__button wp-element-button\" download aria-describedby=\"wp-block-file--media-6831e124-442a-461c-ba03-7109ccdfa16c\">Baixar<\/a><\/div>\n<\/div>\n\n\n\n<div class=\"wp-block-uel-card\">\n<h3 class=\"wp-block-heading is-style-highlighted-heading\">Contatos<\/h3>\n\n\n\n<p><strong>Secretaria do PPGCS<\/strong><\/p>\n\n\n\n<p>Pr\u00e9dio IV do Centro de Ci\u00eancias da Sa\u00fade (CEPPOS) &#8211; 1o&nbsp;andar<br>Av. Robert Koch, 60, Vila Oper\u00e1ria        CEP 86038-350 &#8211; Londrina \u2013 PR <br>Fone\/Fax: (43) 3371-2359<br>Email: spgccs@uel.br<\/p>\n\n\n\n<p><strong>Coordenadora do PPGCS<\/strong><\/p>\n\n\n\n<p>Profa. Dra. Rubia Casagrande                   <\/p>\n\n\n\n<p>E-mail: ppgcs@uel.br<\/p>\n<\/div>\n\n\n\n<div class=\"wp-block-columns is-layout-flex wp-container-core-columns-is-layout-9d6595d7 wp-block-columns-is-layout-flex\">\n<div class=\"wp-block-column is-layout-flow wp-block-column-is-layout-flow\"><\/div>\n<\/div>\n<\/div>\n<\/div>\n\n\n\n<p><\/p>\n","protected":false},"excerpt":{"rendered":"","protected":false},"author":9,"featured_media":0,"parent":0,"menu_order":0,"comment_status":"closed","ping_status":"closed","template":"page-templates\/template-without-title.php","meta":{"_acf_changed":false,"footnotes":""},"class_list":["post-155","page","type-page","status-publish","hentry"],"acf":[],"_links":{"self":[{"href":"https:\/\/pos.uel.br\/cienciasdasaude\/wp-json\/wp\/v2\/pages\/155","targetHints":{"allow":["GET"]}}],"collection":[{"href":"https:\/\/pos.uel.br\/cienciasdasaude\/wp-json\/wp\/v2\/pages"}],"about":[{"href":"https:\/\/pos.uel.br\/cienciasdasaude\/wp-json\/wp\/v2\/types\/page"}],"author":[{"embeddable":true,"href":"https:\/\/pos.uel.br\/cienciasdasaude\/wp-json\/wp\/v2\/users\/9"}],"replies":[{"embeddable":true,"href":"https:\/\/pos.uel.br\/cienciasdasaude\/wp-json\/wp\/v2\/comments?post=155"}],"version-history":[{"count":43,"href":"https:\/\/pos.uel.br\/cienciasdasaude\/wp-json\/wp\/v2\/pages\/155\/revisions"}],"predecessor-version":[{"id":1427,"href":"https:\/\/pos.uel.br\/cienciasdasaude\/wp-json\/wp\/v2\/pages\/155\/revisions\/1427"}],"wp:attachment":[{"href":"https:\/\/pos.uel.br\/cienciasdasaude\/wp-json\/wp\/v2\/media?parent=155"}],"curies":[{"name":"wp","href":"https:\/\/api.w.org\/{rel}","templated":true}]}}