{"id":466,"date":"2025-12-16T13:18:01","date_gmt":"2025-12-16T16:18:01","guid":{"rendered":"https:\/\/pos.uel.br\/ciencia-da-computacao\/?page_id=466"},"modified":"2026-02-13T08:11:17","modified_gmt":"2026-02-13T11:11:17","slug":"protag","status":"publish","type":"page","link":"https:\/\/pos.uel.br\/ciencia-da-computacao\/protag\/","title":{"rendered":"PROTAG"},"content":{"rendered":"\n<p><\/p>\n\n\n\n<p>A Comiss\u00e3o Coordenadora do Programa de P\u00f3s-Gradua\u00e7\u00e3o em Ci\u00eancia da Computa\u00e7\u00e3o da Universidade Estadual de Londrina-UEL, em conformidade com o <a href=\"https:\/\/www.administracao.pr.gov.br\/sites\/default\/arquivos_restritos\/files\/documento\/2025-11\/2025-edital_18_2025_stricto-mestrad0_seap-seti-egp.pdf\"><strong><em>Edital Conjunto N\u00ba 18\/2025 \u2013 SEAP\/SETI \u2013 Abertura das inscri\u00e7\u00f5es para os Programas de Mestrado em diversas \u00e1reas a serem realizados pelas Institui\u00e7\u00f5es Estaduais de Ensino Superior<\/em><\/strong><\/a>, torna p\u00fablico o processo de sele\u00e7\u00e3o de estudantes dentro do \u00e2mbito do Programa de Forma\u00e7\u00e3o para a Gest\u00e3o P\u00fablica do Estado do Paran\u00e1 \u2013 PROTAG.<\/p>\n\n\n\n<p>As inscri\u00e7\u00f5es ser\u00e3o realizadas somente via Formul\u00e1rio Eletr\u00f4nico (Google Forms) e as vagas destinam-se, <strong>exclusivamente,<\/strong> aos servidores do Poder Executivo do Estado do Paran\u00e1 pr\u00e9-selecionados no Edital Conjunto n\u00ba 18\/2025 \u2013 SEAP\/SETI.&nbsp;As d\u00favidas relacionadas ao processo seletivo conduzido pela universidade dever\u00e3o ser enviadas para o e-mail mcc@uel.br<em>.<\/em><\/p>\n\n\n\n<p>Publica\u00e7\u00f5es relevantes:<\/p>\n\n\n\n<ul class=\"wp-block-list\">\n<li><a href=\"https:\/\/pos.uel.br\/ciencia-da-computacao\/wp-content\/uploads\/2026\/02\/5Bretificacao-15DEdital_PROTAG_2026-1.docx_assinado.pdf\">Edital 002\/2026<\/a> (publicado em 13\/02\/2026): altera o cronograma do processo de sele\u00e7\u00e3o. <\/li>\n\n\n\n<li><a href=\"https:\/\/pos.uel.br\/ciencia-da-computacao\/wp-content\/uploads\/2025\/12\/Edital_PROTAG_2026-1-Computacao_assinado.pdf\">Edital 009\/2025<\/a> (publicado em 18\/12\/2025): regulamenta e detalha todo o processo seletivo.<\/li>\n\n\n\n<li><a href=\"https:\/\/pos.uel.br\/ciencia-da-computacao\/wp-content\/uploads\/2025\/12\/Requerimento_Inscricao-PROTAG.doc\">Requerimento de inscri\u00e7\u00e3o<\/a>: deve ser preenchido e enviado juntamente com o restante da documenta\u00e7\u00e3o, conforme previsto no Edital 009\/2025.<\/li>\n\n\n\n<li><a href=\"https:\/\/forms.gle\/ykdcBFPggDBSQtUB6\">Formul\u00e1rio eletr\u00f4nico<\/a> para submiss\u00e3o da inscri\u00e7\u00e3o (conforme previsto no Edital 009\/2025).  <\/li>\n<\/ul>\n","protected":false},"excerpt":{"rendered":"<p>A Comiss\u00e3o Coordenadora do Programa de P\u00f3s-Gradua\u00e7\u00e3o em Ci\u00eancia da Computa\u00e7\u00e3o da Universidade Estadual de Londrina-UEL, em conformidade com o Edital Conjunto N\u00ba 18\/2025 \u2013 SEAP\/SETI \u2013 Abertura das inscri\u00e7\u00f5es para os Programas de Mestrado em diversas \u00e1reas a serem realizados pelas Institui\u00e7\u00f5es Estaduais de Ensino Superior, torna p\u00fablico o processo de sele\u00e7\u00e3o de estudantes [&hellip;]<\/p>\n","protected":false},"author":9,"featured_media":0,"parent":0,"menu_order":0,"comment_status":"closed","ping_status":"closed","template":"","meta":{"_acf_changed":false,"footnotes":""},"class_list":["post-466","page","type-page","status-publish","hentry"],"acf":[],"_links":{"self":[{"href":"https:\/\/pos.uel.br\/ciencia-da-computacao\/wp-json\/wp\/v2\/pages\/466","targetHints":{"allow":["GET"]}}],"collection":[{"href":"https:\/\/pos.uel.br\/ciencia-da-computacao\/wp-json\/wp\/v2\/pages"}],"about":[{"href":"https:\/\/pos.uel.br\/ciencia-da-computacao\/wp-json\/wp\/v2\/types\/page"}],"author":[{"embeddable":true,"href":"https:\/\/pos.uel.br\/ciencia-da-computacao\/wp-json\/wp\/v2\/users\/9"}],"replies":[{"embeddable":true,"href":"https:\/\/pos.uel.br\/ciencia-da-computacao\/wp-json\/wp\/v2\/comments?post=466"}],"version-history":[{"count":6,"href":"https:\/\/pos.uel.br\/ciencia-da-computacao\/wp-json\/wp\/v2\/pages\/466\/revisions"}],"predecessor-version":[{"id":491,"href":"https:\/\/pos.uel.br\/ciencia-da-computacao\/wp-json\/wp\/v2\/pages\/466\/revisions\/491"}],"wp:attachment":[{"href":"https:\/\/pos.uel.br\/ciencia-da-computacao\/wp-json\/wp\/v2\/media?parent=466"}],"curies":[{"name":"wp","href":"https:\/\/api.w.org\/{rel}","templated":true}]}}