{"id":18,"date":"2024-09-02T14:28:16","date_gmt":"2024-09-02T17:28:16","guid":{"rendered":"https:\/\/pos.uel.br\/ciencia-da-computacao\/?page_id=18"},"modified":"2026-02-12T13:39:31","modified_gmt":"2026-02-12T16:39:31","slug":"disciplinas-horarios","status":"publish","type":"page","link":"https:\/\/pos.uel.br\/ciencia-da-computacao\/disciplinas-horarios\/","title":{"rendered":"Hor\u00e1rios das Disciplinas"},"content":{"rendered":"\n<h3 class=\"wp-block-heading\">&nbsp;2026-1 &#8211; Disciplinas ofertadas<\/h3>\n\n\n\n<h3 class=\"wp-block-heading\">In\u00edcio das aulas: 16\/03\/2026<\/h3>\n\n\n\n<figure class=\"wp-block-table\"><table class=\"has-fixed-layout\"><thead><tr><td><strong>C\u00f3digo<\/strong><\/td><td><strong>Disciplina<\/strong><\/td><td><strong>Cr\u00e9ditos<\/strong><\/td><td><strong>Horas Aula<\/strong><\/td><th>Grupo<\/th><td><strong>Docente<\/strong><\/td><\/tr><\/thead><tbody><tr><td>2COP212<\/td><td>Algoritmos e Estrutura de Dados<\/td><td>4<\/td><td>60h<\/td><td>I<\/td><td>Bruno B. Zarpel\u00e3o<\/td><\/tr><tr><td>2COP508<\/td><td>Verifica\u00e7\u00e3o Formal e Testes Baseados em Modelos<\/td><td>4<\/td><td>60h<\/td><td>IV<\/td><td>Adilson L. Bonif\u00e1cio<\/td><\/tr><tr><td>2COP504<\/td><td>T\u00f3picos Especiais em Sistemas de Informa\u00e7\u00e3o<\/td><td>4<\/td><td>60h<\/td><td>IV<\/td><td>Andr\u00e9 L. A. Menolli<\/td><\/tr><tr><td>2COP497<\/td><td>Compiladores<\/td><td>4<\/td><td>60h<\/td><td>III<\/td><td>Cinthyan R. S. C. Barbosa<\/td><\/tr><tr><td>2COP494<\/td><td>Metodologia de Pesquisa em Computa\u00e7\u00e3o<\/td><td>4<\/td><td>60h<\/td><td>II<\/td><td>Jacques D. Brancher<\/td><\/tr><tr><td>2COP496<\/td><td>Arquitetura de Computadores<\/td><td>4<\/td><td>60h<\/td><td>III<\/td><td>Wesley Attrot<\/td><\/tr><tr><td>2COP385<\/td><td>Gerenciamento de Projetos de Software<\/td><td>4<\/td><td>60h<\/td><td>IV<\/td><td>Rodolfo M. de Barros<\/td><\/tr><tr><td>2COP503<\/td><td>Projeto de Intera\u00e7\u00e3o Homem Computador<\/td><td>4<\/td><td>60h<\/td><td>IV<\/td><td>Vanessa Tavares de Oliveira Barros<\/td><\/tr><\/tbody><\/table><\/figure>\n\n\n\n<figure class=\"wp-block-table\"><table class=\"has-fixed-layout\"><thead><tr><th>Turno<\/th><th>2\u00aa feira<\/th><th>3\u00aa feira<\/th><th>4\u00aa feira<\/th><th>5\u00aa feira<\/th><th>6\u00aa feira<\/th><\/tr><\/thead><tbody><tr><td>Matutino<br>(8h20 &#8211; 10h00)<\/td><td>&nbsp;<\/td><td>2COP496 (Sala 318)<\/td><td>2COP508 (Sala 318)<br>2COP503 (Sala 311)<br>2COP497 (Sala 301A)<\/td><td>2COP385 (Sala 311)<\/td><td>2COP504 (Sala 318)<\/td><\/tr><tr><td>Matutino<br>(10h15 &#8211; 11h55)<\/td><td>&nbsp;<\/td><td>2COP496 (Sala 318)<\/td><td>2COP508 (Sala 318)<br>2COP503 (Sala 311)<br>2COP497 (Sala 303A)<\/td><td>2COP385 (Sala 311)<\/td><td>2COP504 (Sala 318)<\/td><\/tr><tr><td>Vespertino<br>(14h00 &#8211; 15h40)<\/td><td><\/td><td>2COP212 (Sala 318)&nbsp;<\/td><td>&nbsp;<\/td><td>&nbsp;2COP494 (Sala 318)<\/td><td>&nbsp;<\/td><\/tr><tr><td>Vespertino<br>(15h55 &#8211; 17h35)<\/td><td><\/td><td>&nbsp;2COP212 (Sala 318)<\/td><td>&nbsp;<\/td><td>&nbsp;2COP494 (Sala 318)<\/td><td>&nbsp;<\/td><\/tr><\/tbody><\/table><\/figure>\n\n\n\n<ol class=\"wp-block-list\">\n<li>As disciplinas 2COP216 (Estudo Dirigido I) e 2COP217 (Estudo Dirigido II) s\u00e3o destinadas a alunos regulares e&nbsp;n\u00e3o podem ser solicitadas simultaneamente&nbsp;em um semestre. A inscri\u00e7\u00e3o deve ser solicitada por e-mail \u00e0 Secretaria de P\u00f3s-gradua\u00e7\u00e3o do CCE (spgcce@uel.br) na primeira semana de aula .<\/li>\n\n\n\n<li>A disciplina 2COP237 (Est\u00e1gio de Doc\u00eancia na Gradua\u00e7\u00e3o) \u00e9 aberta a todos os alunos regulares, mas&nbsp;obrigat\u00f3ria&nbsp;apenas para bolsistas. A inscri\u00e7\u00e3o deve ser solicitada por email \u00e0 Secretaria de P\u00f3s-gradua\u00e7\u00e3o do CCE (spgcce@uel.br).<\/li>\n\n\n\n<li>As disciplinas 2COP238 a 2COP241 (Disserta\u00e7\u00e3o I a IV) s\u00e3o destinadas a alunos regulares, sendo obrigat\u00f3ria a matr\u00edcula na disciplina correspondente ao semestre como aluno regular do programa (por exemplo, na rematr\u00edcula, um aluno regular que ir\u00e1 cursar o 2\u00ba semestre deve matricular-se em Disserta\u00e7\u00e3o II, e assim por diante).<\/li>\n<\/ol>\n\n\n\n<h3 class=\"wp-block-heading\">&nbsp;2025-2 &#8211; Disciplinas ofertadas<\/h3>\n\n\n\n<h3 class=\"wp-block-heading\">In\u00edcio das aulas: 18\/08\/2025<\/h3>\n\n\n\n<figure class=\"wp-block-table\"><table class=\"has-fixed-layout\"><thead><tr><td><strong>C\u00f3digo<\/strong><\/td><td><strong>Disciplina<\/strong><\/td><td><strong>Cr\u00e9ditos<\/strong><\/td><td><strong>Horas Aula<\/strong><\/td><th>Grupo<\/th><td><strong>Docente<\/strong><\/td><\/tr><\/thead><tbody><tr><td>2COP382<\/td><td>An\u00e1lise e Projeto de Algoritmos<\/td><td>4<\/td><td>60h<\/td><td>I<\/td><td>Adilson L . Bonif\u00e1cio<\/td><\/tr><tr><td>2COP313<\/td><td>Engenharia de Software<\/td><td>4<\/td><td>60h<\/td><td>III<\/td><td>Andr\u00e9 L. A. Menolli<\/td><\/tr><tr><td>2COP501<\/td><td>Bancos de Dados N\u00e3o Convencionais<\/td><td>4<\/td><td>60h<\/td><td>IV<\/td><td>Daniel S. Kaster<\/td><\/tr><tr><td>2COP507<\/td><td>Reconhecimento de Padr\u00f5es<\/td><td>4<\/td><td>60h<\/td><td>IV<\/td><td>Bruno B. Zarpel\u00e3o\/Sylvio barbon Jr. <\/td><\/tr><tr><td>2COP493<\/td><td>Linguagens Formais e Aut\u00f4matos<\/td><td>4<\/td><td>60h<\/td><td>III<\/td><td>Cinthyan R. S. C. Barbosa<\/td><\/tr><tr><td>2COP494<\/td><td>Metodologia de Pesquisa em Computa\u00e7\u00e3o<\/td><td>4<\/td><td>60h<\/td><td>II<\/td><td>Jacques D. Brancher<\/td><\/tr><tr><td>2COP496<\/td><td>Arquitetura de Computadores<\/td><td>4<\/td><td>60h<\/td><td>III<\/td><td>Wesley Attrot<\/td><\/tr><\/tbody><\/table><\/figure>\n\n\n\n<figure class=\"wp-block-table\"><table class=\"has-fixed-layout\"><thead><tr><th>Turno<\/th><th>2\u00aa feira<\/th><th>3\u00aa feira<\/th><th>4\u00aa feira<\/th><th>5\u00aa feira<\/th><th>6\u00aa feira<\/th><\/tr><\/thead><tbody><tr><td>Matutino<br>(8h20 &#8211; 10h00)<\/td><td>&nbsp;<\/td><td>2COP507 (Sala 318)<\/td><td>2COP382 (Sala 318)<\/td><td>2COP507 (Sala 311)<br>2COP496 (Sala 318)<\/td><td>2COP313 (Sala 318)<br>2COP493 (Sala 311)<\/td><\/tr><tr><td>Matutino<br>(10h15 &#8211; 11h55)<\/td><td>&nbsp;<\/td><td>2COP507 (Sala 318)<\/td><td>2COP382 (Sala 318)<\/td><td>2COP507 (Sala 311)<br>2COP496 (Sala 318)<\/td><td>2COP313 (Sala 318)<br>2COP493 (Sala 311)<\/td><\/tr><tr><td>Vespertino<br>(14h00 &#8211; 15h40)<\/td><td><\/td><td>&nbsp;<\/td><td>&nbsp;2COP494 (Sala 318)<\/td><td>&nbsp;2COP501 (Sala 318)<\/td><td>&nbsp;<\/td><\/tr><tr><td>Vespertino<br>(15h55 &#8211; 17h35)<\/td><td><\/td><td>&nbsp;<\/td><td>&nbsp;2COP494 (Sala 318)<\/td><td>&nbsp;2COP501 (Sala 318)<\/td><td>&nbsp;<\/td><\/tr><\/tbody><\/table><\/figure>\n\n\n\n<ol class=\"wp-block-list\">\n<li>A disciplina 2COP507 &#8211; Reconhecimento de Padr\u00f5es ser\u00e1 ofertada com 8 horas-aula por semana, mas com uma dura\u00e7\u00e3o mais curta que as demais. Recomendamos aos interessados&nbsp;consultar os docentes respons\u00e1veis para mais detalhes.<\/li>\n\n\n\n<li>As disciplinas 2COP216 (Estudo Dirigido I) e 2COP217 (Estudo Dirigido II) s\u00e3o destinadas a alunos regulares e&nbsp;n\u00e3o podem ser solicitadas simultaneamente&nbsp;em um semestre. A inscri\u00e7\u00e3o deve ser solicitada por e-mail \u00e0 Secretaria de P\u00f3s-gradua\u00e7\u00e3o do CCE (spgcce@uel.br) na primeira semana de aula .<\/li>\n\n\n\n<li>A disciplina 2COP237 (Est\u00e1gio de Doc\u00eancia na Gradua\u00e7\u00e3o) \u00e9 aberta a todos os alunos regulares, mas&nbsp;obrigat\u00f3ria&nbsp;apenas para bolsistas. A inscri\u00e7\u00e3o deve ser solicitada por email \u00e0 Secretaria de P\u00f3s-gradua\u00e7\u00e3o do CCE (spgcce@uel.br).<\/li>\n\n\n\n<li>As disciplinas 2COP238 a 2COP241 (Disserta\u00e7\u00e3o I a IV) s\u00e3o destinadas a alunos regulares, sendo obrigat\u00f3ria a matr\u00edcula na disciplina correspondente ao semestre como aluno regular do programa (por exemplo, na rematr\u00edcula, um aluno regular que ir\u00e1 cursar o 2\u00ba semestre deve matricular-se em Disserta\u00e7\u00e3o II, e assim por diante).<\/li>\n<\/ol>\n\n\n\n<h3 class=\"wp-block-heading\">2025-1 &#8211; Disciplinas a serem ofertadas<\/h3>\n\n\n\n<h3 class=\"wp-block-heading\"><strong>In\u00edcio das aulas:&nbsp;<\/strong>10\/03\/2025<\/h3>\n\n\n\n<figure class=\"wp-block-table\"><table class=\"has-fixed-layout\"><thead><tr><td><strong>C\u00f3digo<\/strong><\/td><td><strong>Disciplina<\/strong><\/td><td><strong>Cr\u00e9ditos<\/strong><\/td><td><strong>Horas Aula<\/strong><\/td><th>Grupo<\/th><td><strong>Docente<\/strong><\/td><\/tr><\/thead><tbody><tr><td>2COP212<\/td><td>Algoritmos e Estruturas de Dados<\/td><td>4<\/td><td>60h<\/td><td>I<\/td><td>Adilson L . Bonif\u00e1cio<\/td><\/tr><tr><td>2COP222<\/td><td>Seguran\u00e7a de Redes<\/td><td>4<\/td><td>60h<\/td><td>III<\/td><td>Bruno B. Zarpel\u00e3o<\/td><\/tr><tr><td>2COP496<\/td><td>Arquitetura de Computadores<\/td><td>4<\/td><td>60h<\/td><td>III<\/td><td>Wesley Attrot<\/td><\/tr><tr><td>2COP499<\/td><td>Governan\u00e7a de TIC<\/td><td>4<\/td><td>60h<\/td><td>IV<\/td><td>Rodolfo Miranda de Barros<\/td><\/tr><tr><td>2COP500<\/td><td>Banco de Dados<\/td><td>4<\/td><td>60h<\/td><td>III<\/td><td>Daniel dos Santos Kaster<\/td><\/tr><tr><td>2COP503<\/td><td>Projeto de Intera\u00e7\u00e3o Homem Computador<\/td><td>4<\/td><td>60h<\/td><td>IV<\/td><td>Vanessa Tavares de Oliveira Barros<\/td><\/tr><tr><td>2COP504<\/td><td>T\u00f3picos Especiais em Sistemas de Informa\u00e7\u00e3o<\/td><td>4<\/td><td>60h<\/td><td>IV<\/td><td>Andr\u00e9 Lu\u00eds Andrade Menollli<\/td><\/tr><tr><td>2COP509<\/td><td>Processamento de Linguagem Natural<\/td><td>4<\/td><td>60h<\/td><td>IV<\/td><td>Cinthyan Renata Sachs Camerlengo de Barbosa<\/td><\/tr><tr><td>2COP510<\/td><td>T\u00f3picos Especiais em Intelig\u00eancia Computacional<\/td><td>4<\/td><td>60h<\/td><td>IV<\/td><td>Helen Cristina de Mattos Senefonte<\/td><\/tr><tr><td>2ELE217*<\/td><td>M\u00e9todos, Procedimentos e T\u00e9cnicas Pesquisa<\/td><td>2<\/td><td>30h<\/td><td>&#8211;<\/td><td>Mario Lemes Proen\u00e7a Junior<\/td><\/tr><\/tbody><\/table><\/figure>\n\n\n\n<figure class=\"wp-block-table\"><table class=\"has-fixed-layout\"><thead><tr><th>Turno<\/th><th>2\u00aa feira<\/th><th>3\u00aa feira<\/th><th>4\u00aa feira<\/th><th>5\u00aa feira<\/th><th>6\u00aa feira<\/th><\/tr><\/thead><tbody><tr><td>Matutino<br>(8h20 &#8211; 10h00)<\/td><td>&nbsp;<\/td><td>2COP510 (Sala 318)<\/td><td>2COP503 (Sala 311)<br>2ELE217 (Sala 318)<\/td><td>2COP496 (Sala 318)<br>2COP499 (Sala 311)<\/td><td>2COP504 (Sala 318)<br>2COP509 (Sala 311)<\/td><\/tr><tr><td>Matutino<br>(10h15 &#8211; 11h55)<\/td><td>&nbsp;<\/td><td>2COP510 (Sala 318)<\/td><td>2COP503 (Sala 311)<\/td><td>2COP496 (Sala 318)<br>2COP499 (Sala 311)<\/td><td>2COP504 (Sala 318)<br>2COP509 (Sala 311)<\/td><\/tr><tr><td>Vespertino<br>(14h00 &#8211; 15h40)<\/td><td><\/td><td>&nbsp;2COP222 (Sala 318)<\/td><td>&nbsp;2COP212 (Sala 318)<\/td><td>&nbsp;2COP500 (Sala 318)<\/td><td>&nbsp;<\/td><\/tr><tr><td>Vespertino<br>(15h55 &#8211; 17h35)<\/td><td><\/td><td>&nbsp;2COP222 (Sala 318)<\/td><td>&nbsp;2COP212 (Sala 318)<\/td><td>&nbsp;2COP500 (Sala 318)<\/td><td>&nbsp;<\/td><\/tr><\/tbody><\/table><\/figure>\n\n\n\n<ol class=\"wp-block-list\">\n<li>A disciplina 2ELE217 \u00e9 ofertada com c\u00f3digo do PPG em Engenharia El\u00e9trica, ent\u00e3o s\u00f3 \u00e9 poss\u00edvel requisitar a matr\u00edcula no in\u00edcio das aulas. Al\u00e9m disso, o estudante deve estar ciente que dever\u00e1, ap\u00f3s a finaliza\u00e7\u00e3o das disciplinas, requisitar aproveitamento de cr\u00e9ditos para convalida\u00e7\u00e3o para que ela seja contabilizada em seu hist\u00f3rico. <\/li>\n\n\n\n<li>As disciplinas 2COP216 (Estudo Dirigido I) e 2COP217 (Estudo Dirigido II) s\u00e3o destinadas a alunos regulares e&nbsp;n\u00e3o podem ser solicitadas simultaneamente&nbsp;em um semestre. A inscri\u00e7\u00e3o deve ser solicitada na Secretaria de P\u00f3s-gradua\u00e7\u00e3o do CCE.<\/li>\n\n\n\n<li>A disciplina 2COP237 (Est\u00e1gio de Doc\u00eancia na Gradua\u00e7\u00e3o) \u00e9 aberta a todos os alunos regulares, mas&nbsp;obrigat\u00f3ria&nbsp;apenas para bolsistas. A inscri\u00e7\u00e3o deve ser solicitada na Secretaria de P\u00f3s-gradua\u00e7\u00e3o do CCE.<\/li>\n\n\n\n<li>As disciplinas 2COP238 a 2COP241 (Disserta\u00e7\u00e3o I a IV) s\u00e3o destinadas a alunos regulares, sendo obrigat\u00f3ria a matr\u00edcula na disciplina correspondente ao semestre como aluno regular do programa (por exemplo, na rematr\u00edcula, um aluno regular que ir\u00e1 cursar o 2\u00ba semestre deve matricular-se em Disserta\u00e7\u00e3o II, e assim por diante).<\/li>\n<\/ol>\n\n\n\n<h3 class=\"wp-block-heading\">2024-2 &#8211; Disciplinas a serem ofertadas<\/h3>\n\n\n\n<h3 class=\"wp-block-heading\"><strong>In\u00edcio das aulas:&nbsp;<\/strong>12\/08\/2024<\/h3>\n\n\n\n<figure class=\"wp-block-table\"><table class=\"has-fixed-layout\"><thead><tr><td><strong>C\u00f3digo<\/strong><\/td><td><strong>Disciplina<\/strong><\/td><td><strong>Cr\u00e9ditos<\/strong><\/td><td><strong>Horas Aula<\/strong><\/td><td><strong>Docente<\/strong><\/td><\/tr><\/thead><tbody><tr><td>2COP382<\/td><td>An\u00e1lise e Projeto de Algoritmos<\/td><td>4<\/td><td>60h<\/td><td>Adilson L . Bonif\u00e1cio<\/td><\/tr><tr><td>2COP313<\/td><td>Engenharia de Software<\/td><td>4<\/td><td>60h<\/td><td>Andr\u00e9 L. A. Menolli<\/td><\/tr><tr><td>2COP500<\/td><td>Banco de Dados<\/td><td>4<\/td><td>60h<\/td><td>Daniel S. Kaster<\/td><\/tr><tr><td>2COP507<\/td><td>Reconhecimento de Padr\u00f5es<\/td><td>4<\/td><td>60h<\/td><td>Bruno B. Zarpel\u00e3o\/ Sylvio Barbon Jr.<\/td><\/tr><tr><td>2COP509<\/td><td>Processamento de Linguagem Natural<\/td><td>4<\/td><td>60h<\/td><td>Cinthyan R. S. C. Barbosa<\/td><\/tr><tr><td>2COP510<\/td><td>T\u00f3picos Especiais em Intelig\u00eancia Computacional<\/td><td>4<\/td><td>60h<\/td><td>Helen C. M. Senefonte<\/td><\/tr><\/tbody><\/table><\/figure>\n\n\n\n<figure class=\"wp-block-table\"><table class=\"has-fixed-layout\"><thead><tr><th>Turno<\/th><th>2\u00aa feira<\/th><th>3\u00aa feira<\/th><th>4\u00aa feira<\/th><th>5\u00aa feira<\/th><th>6\u00aa feira<\/th><\/tr><\/thead><tbody><tr><td>Matutino<br>(8h20 &#8211; 10h00)<\/td><td>&nbsp;<\/td><td>2COP507<br>(Sala 318)<\/td><td>2COP382<br>(Sala 318)<br>2COP510<br>(Sala 311)<\/td><td>2COP507<br>(Sala 318)<\/td><td>2COP313<br>(Sala 318)<br>2COP509<br>(Sala 311)<\/td><\/tr><tr><td>Matutino<br>(10h15 &#8211; 11h55)<\/td><td>&nbsp;<\/td><td>2COP507<br>(Sala 318)<\/td><td>2COP382<br>(Sala 318)<br>2COP510<br>(Sala 311)<\/td><td>2COP507<br>(Sala 318)<\/td><td>2COP313<br>(Sala 318)<br>2COP509<br>(Sala 311)<\/td><\/tr><tr><td>Vespertino<br>(14h00 &#8211; 15h40)<\/td><td>2COP500<br>(Sala 318)<\/td><td>&nbsp;<\/td><td>&nbsp;<\/td><td>&nbsp;<\/td><td>&nbsp;<\/td><\/tr><tr><td>Vespertino<br>(15h55 &#8211; 17h35)<\/td><td>2COP500<br>(Sala 318)<\/td><td>&nbsp;<\/td><td>&nbsp;<\/td><td>&nbsp;<\/td><td>&nbsp;<\/td><\/tr><\/tbody><\/table><\/figure>\n\n\n\n<ol class=\"wp-block-list\">\n<li>A disciplina 2COP507 &#8211; Reconhecimento de Padr\u00f5es ser\u00e1 ofertada com 8 horas-aula por semana, mas com uma dura\u00e7\u00e3o mais curta que as demais. Recomendamos aos interessados&nbsp;consultar os docentes respons\u00e1veis para mais detalhes.<\/li>\n\n\n\n<li>As disciplinas 2COP216 (Estudo Dirigido I) e 2COP217 (Estudo Dirigido II) s\u00e3o destinadas a alunos regulares e&nbsp;n\u00e3o podem ser solicitadas simultaneamente&nbsp;em um semestre. A inscri\u00e7\u00e3o deve ser solicitada na Secretaria de P\u00f3s-gradua\u00e7\u00e3o do CCE.<\/li>\n\n\n\n<li>A disciplina 2COP237 (Est\u00e1gio de Doc\u00eancia na Gradua\u00e7\u00e3o) \u00e9 aberta a todos os alunos regulares, mas&nbsp;obrigat\u00f3ria&nbsp;apenas para bolsistas. A inscri\u00e7\u00e3o deve ser solicitada na Secretaria de P\u00f3s-gradua\u00e7\u00e3o do CCE.<\/li>\n\n\n\n<li>As disciplinas 2COP238 a 2COP241 (Disserta\u00e7\u00e3o I a IV) s\u00e3o destinadas a alunos regulares, sendo obrigat\u00f3ria a matr\u00edcula na disciplina correspondente ao semestre como aluno regular do programa (por exemplo, na rematr\u00edcula, um aluno regular que ir\u00e1 cursar o 2\u00ba semestre deve matricular-se em Disserta\u00e7\u00e3o II, e assim por diante).<\/li>\n<\/ol>\n\n\n\n<h3 class=\"wp-block-heading\">&nbsp;<\/h3>\n\n\n\n<h3 class=\"wp-block-heading\">2024-1 &#8211; Disciplinas a serem ofertadas<\/h3>\n\n\n\n<h3 class=\"wp-block-heading\"><strong>In\u00edcio das aulas:&nbsp;<\/strong>04\/03\/2024<\/h3>\n\n\n\n<figure class=\"wp-block-table\"><table class=\"has-fixed-layout\"><thead><tr><td><strong>C\u00f3digo<\/strong><\/td><td><strong>Disciplina<\/strong><\/td><td><strong>Cr\u00e9ditos<\/strong><\/td><td><strong>Horas Aula<\/strong><\/td><td><strong>Docente<\/strong><\/td><\/tr><\/thead><tbody><tr><td>2COP212<\/td><td>Algoritmos e Estruturas de Dados<\/td><td>4<\/td><td>60h<\/td><td>Adilson L . Bonif\u00e1cio<\/td><\/tr><tr><td>2COP222<\/td><td>Seguran\u00e7a de Redes<\/td><td>4<\/td><td>60h<\/td><td>Bruno B. Zarpel\u00e3o<\/td><\/tr><tr><td>2COP382<\/td><td>An\u00e1lise e Projeto de Algoritmos<\/td><td>4<\/td><td>60h<\/td><td>Adilson L. Bonif\u00e1cio<\/td><\/tr><tr><td>2COP385<\/td><td>Gerenciamento de Projetos de Software<\/td><td>4<\/td><td>60h<\/td><td>Rodolfo M. de Barros<\/td><\/tr><tr><td>2COP493<\/td><td>Linguagens Formais e Aut\u00f4matos<\/td><td>4<\/td><td>60h<\/td><td>Cinthyan R. S. C. Barbosa<\/td><\/tr><tr><td>2COP494<\/td><td>Metodologia de Pesquisa em Computa\u00e7\u00e3o<\/td><td>4<\/td><td>60h<\/td><td>Jacques D. Brancher<\/td><\/tr><tr><td>2COP496<\/td><td>Arquitetura de Computadores<\/td><td>4<\/td><td>60h<\/td><td>Wesley Attrot<\/td><\/tr><tr><td>2COP503<\/td><td>Projeto de Intera\u00e7\u00e3o Homem Computador<\/td><td>4<\/td><td>60h<\/td><td>Vanessa T. O. Barros<\/td><\/tr><tr><td>2COP504<\/td><td>T\u00f3picos Especiais em Sistemas de Informa\u00e7\u00e3o<\/td><td>4<\/td><td>60h<\/td><td>Andr\u00e9 L. A. Menolli<\/td><\/tr><tr><td>2COP510<\/td><td>T\u00f3picos Especiais em Intelig\u00eancia Computacional<\/td><td>4<\/td><td>60h<\/td><td>Helen C. M. Senefonte<\/td><\/tr><tr><td>2COP512<\/td><td>Semin\u00e1rios de Pesquisa em Computa\u00e7\u00e3o<\/td><td>2<\/td><td>30h<\/td><td>Daniel S. Kaster<\/td><\/tr><\/tbody><\/table><\/figure>\n\n\n\n<figure class=\"wp-block-table\"><table class=\"has-fixed-layout\"><thead><tr><th>Turno<\/th><th>2\u00aa feira<\/th><th>3\u00aa feira<\/th><th>4\u00aa feira<\/th><th>5\u00aa feira<\/th><th>6\u00aa feira<\/th><\/tr><\/thead><tbody><tr><td>Matutino<br>(8h20 &#8211; 10h00)<\/td><td>2COP222 (Sala 311)<\/td><td>2COP510 (Sala 311)<\/td><td>2COP212<br>2COP382 (Sala 311)<br>2COP503 (Sala 318)<\/td><td>2COP496 (Sala 311)<br>2COP385 (Sala 318)<\/td><td>2COP493 (Sala 318)<br>2COP504 (Sala 311)<\/td><\/tr><tr><td>Matutino<br>(10h15 &#8211; 11h55)<\/td><td>2COP222 (Sala 311)<\/td><td>2COP510 (Sala 311)<\/td><td>2COP212<br>2COP382 (Sala 311)<br>2COP503 (Sala 318)<\/td><td>2COP496 (Sala 311)<br>2COP385 (Sala 318)<\/td><td>2COP493 (Sala 318)<br>2COP504 (Sala 311)<\/td><\/tr><tr><td>Vespertino<br>(14h00 &#8211; 15h40)<\/td><td>&nbsp;<\/td><td>2COP494 (Sala 311)<\/td><td>&nbsp;<\/td><td>2COP512 (Sala 318)<\/td><td>&nbsp;<\/td><\/tr><tr><td>Vespertino<br>(15h55 &#8211; 17h35)<\/td><td>&nbsp;<\/td><td>2COP494 (Sala 311)<\/td><td>&nbsp;<\/td><td>&nbsp;<\/td><td>&nbsp;<\/td><\/tr><\/tbody><\/table><\/figure>\n\n\n\n<ol class=\"wp-block-list\">\n<li>As disciplinas 2COP2016 (Estudo Dirigido I) e 2COP217 (Estudo Dirigido II) s\u00e3o destinadas a alunos regulares e&nbsp;n\u00e3o podem ser solicitadas simultaneamente&nbsp;em um semestre. A inscri\u00e7\u00e3o deve ser solicitada na Secretaria de P\u00f3s-gradua\u00e7\u00e3o do CCE.<\/li>\n\n\n\n<li>A disciplina 2COP237 (Est\u00e1gio de Doc\u00eancia na Gradua\u00e7\u00e3o) \u00e9 aberta a todos os alunos regulares, mas&nbsp;obrigat\u00f3ria&nbsp;apenas para bolsistas. A inscri\u00e7\u00e3o deve ser solicitada na Secretaria de P\u00f3s-gradua\u00e7\u00e3o do CCE.<\/li>\n\n\n\n<li>As disciplinas 2COP238 a 2COP241 (Disserta\u00e7\u00e3o I a IV) s\u00e3o destinadas a alunos regulares, sendo obrigat\u00f3ria a matr\u00edcula na disciplina correspondente ao semestre como aluno regular do programa (por exemplo, na rematr\u00edcula, um aluno regular que ir\u00e1 cursar o 2\u00ba semestre deve matricular-se em Disserta\u00e7\u00e3o II, e assim por diante).<\/li>\n<\/ol>\n\n\n\n<h3 class=\"wp-block-heading\">2023-2 &#8211; Disciplinas a serem ofertadas<\/h3>\n\n\n\n<h3 class=\"wp-block-heading\"><strong>In\u00edcio das aulas:&nbsp;<\/strong>07\/08\/2023<\/h3>\n\n\n\n<figure class=\"wp-block-image size-full\"><img loading=\"lazy\" decoding=\"async\" width=\"530\" height=\"238\" src=\"https:\/\/pos.uel.br\/ciencia-da-computacao\/wp-content\/uploads\/2024\/09\/image.png\" alt=\"\" class=\"wp-image-94\" srcset=\"https:\/\/pos.uel.br\/ciencia-da-computacao\/wp-content\/uploads\/2024\/09\/image.png 530w, https:\/\/pos.uel.br\/ciencia-da-computacao\/wp-content\/uploads\/2024\/09\/image-300x135.png 300w\" sizes=\"auto, (max-width: 530px) 100vw, 530px\" \/><\/figure>\n\n\n\n<figure class=\"wp-block-image size-full\"><img loading=\"lazy\" decoding=\"async\" width=\"518\" height=\"332\" src=\"https:\/\/pos.uel.br\/ciencia-da-computacao\/wp-content\/uploads\/2024\/09\/image-1.png\" alt=\"\" class=\"wp-image-95\" srcset=\"https:\/\/pos.uel.br\/ciencia-da-computacao\/wp-content\/uploads\/2024\/09\/image-1.png 518w, https:\/\/pos.uel.br\/ciencia-da-computacao\/wp-content\/uploads\/2024\/09\/image-1-300x192.png 300w\" sizes=\"auto, (max-width: 518px) 100vw, 518px\" \/><\/figure>\n\n\n\n<ol class=\"wp-block-list\">\n<li>As disciplinas 2COP2016 (Estudo Dirigido I) e 2COP217 (Estudo Dirigido II) s\u00e3o destinadas a alunos regulares e&nbsp;n\u00e3o podem ser solicitadas simultaneamente&nbsp;em um semestre. A inscri\u00e7\u00e3o deve ser solicitada na Secretaria de P\u00f3s-gradua\u00e7\u00e3o do CCE.<\/li>\n\n\n\n<li>A disciplina 2COP237 (Est\u00e1gio de Doc\u00eancia na Gradua\u00e7\u00e3o) \u00e9 aberta a todos os alunos regulares, mas&nbsp;obrigat\u00f3ria&nbsp;apenas para bolsistas. A inscri\u00e7\u00e3o deve ser solicitada na Secretaria de P\u00f3s-gradua\u00e7\u00e3o do CCE.<\/li>\n\n\n\n<li>As disciplinas 2COP238 a 2COP241 (Disserta\u00e7\u00e3o I a IV) s\u00e3o destinadas a alunos regulares, sendo obrigat\u00f3ria a matr\u00edcula na disciplina correspondente ao semestre como aluno regular do programa (por exemplo, na rematr\u00edcula, um aluno regular que ir\u00e1 cursar o 2\u00ba semestre deve matricular-se em Disserta\u00e7\u00e3o II, e assim por diante).<\/li>\n<\/ol>\n\n\n\n<h3 class=\"wp-block-heading\">&nbsp;<\/h3>\n\n\n\n<h3 class=\"wp-block-heading\">2023-1 &#8211; Disciplinas a serem ofertadas<\/h3>\n\n\n\n<h3 class=\"wp-block-heading\"><strong>In\u00edcio das aulas:&nbsp;<\/strong>06\/03\/2023<\/h3>\n\n\n\n<h3 class=\"wp-block-heading\">&nbsp;<\/h3>\n\n\n\n<figure class=\"wp-block-table\"><table class=\"has-fixed-layout\"><tbody><tr><td><strong>Disciplina<\/strong><\/td><td><strong>Nome<\/strong><\/td><td><strong>Professor<\/strong><\/td><\/tr><tr><td>2COP382<\/td><td>An\u00e1lise e Projeto de Algoritmos&nbsp;<\/td><td>Adilson Luiz Bonif\u00e1cio<\/td><\/tr><tr><td>2COP502<\/td><td>Processamento Digital de Imagens&nbsp;&nbsp;<\/td><td>Alan Salvany Felinto<\/td><\/tr><tr><td>2COP496<\/td><td>Arquitetura de Computadores<\/td><td>Wesley Attrot<\/td><\/tr><tr><td>2COP500<\/td><td>Banco de Dados&nbsp;<\/td><td>Daniel dos Santos Kaster<\/td><\/tr><tr><td>2COP493<\/td><td>Linguagens Formais e Aut\u00f4matos<\/td><td>Cinthyan Renata Sachs Camerlengo de Barbosa<\/td><\/tr><tr><td>2COP222<\/td><td>Seguran\u00e7a de Redes<\/td><td>Bruno Bogaz Zarpel\u00e3o<\/td><\/tr><tr><td>2COP504<\/td><td>T\u00f3picos Especiais em Sistemas de Informa\u00e7\u00e3o<\/td><td>Andr\u00e9 Lu\u00eds Andrade MenollI<\/td><\/tr><tr><td>2COP503<\/td><td>Projeto de Intera\u00e7\u00e3o Homem Computador<\/td><td>Vanessa Tavares de O. Barros<\/td><\/tr><\/tbody><\/table><\/figure>\n\n\n\n<h4 class=\"wp-block-heading\">&nbsp;<\/h4>\n\n\n\n<h4 class=\"wp-block-heading\"><img decoding=\"async\" alt=\"\" src=\"https:\/\/pos.uel.br\/e1a1898e-c1f2-4989-8fec-23c893ef7e2d\"><\/h4>\n\n\n\n<h4 class=\"wp-block-heading\">As disciplinas 2COP2016 (Estudo Dirigido I) e 2COP217 (Estudo Dirigido II) s\u00e3o destinadas a alunos regulares e&nbsp;n\u00e3o podem ser solicitadas simultaneamente&nbsp;em um semestre. A inscri\u00e7\u00e3o deve ser solicitada na Secretaria de P\u00f3s-gradua\u00e7\u00e3o do CCE.<\/h4>\n\n\n\n<ol class=\"wp-block-list\">\n<li>A disciplina 2COP237 (Est\u00e1gio de Doc\u00eancia na Gradua\u00e7\u00e3o) \u00e9 aberta a todos os alunos regulares, mas&nbsp;obrigat\u00f3ria&nbsp;apenas para bolsistas. A inscri\u00e7\u00e3o deve ser solicitada na Secretaria de P\u00f3s-gradua\u00e7\u00e3o do CCE.<\/li>\n\n\n\n<li>As disciplinas 2COP238 a 2COP241 (Disserta\u00e7\u00e3o I a IV) s\u00e3o destinadas a alunos regulares, sendo obrigat\u00f3ria a matr\u00edcula na disciplina correspondente ao semestre como aluno regular do programa (por exemplo, na rematr\u00edcula, um aluno regular que ir\u00e1 cursar o 2\u00ba semestre deve matricular-se em Disserta\u00e7\u00e3o II, e assim por diante).<\/li>\n<\/ol>\n\n\n\n<h4 class=\"wp-block-heading\">2022-1 &#8211; Disciplinas a serem ofertadas<\/h4>\n\n\n\n<p><strong>In\u00edcio das aulas:&nbsp;<\/strong>07\/03\/2022<\/p>\n\n\n\n<figure class=\"wp-block-table\"><table class=\"has-fixed-layout\"><tbody><tr><td>2COP382<\/td><td>An\u00e1lise e Projeto de Algoritmos<\/td><td>Adilson Luiz Bonif\u00e1cio<\/td><\/tr><tr><td>2COP508<\/td><td>Verifica\u00e7\u00e3o Formal e Teste Baseado em Modelos<\/td><td>Adilson Luiz Bonif\u00e1cio<\/td><\/tr><tr><td>2COP502<\/td><td>Processamento Digital de Imagens &nbsp;<\/td><td>Alan Salvany Felinto<\/td><\/tr><tr><td>2COP500<\/td><td>Banco de Dados<\/td><td>Daniel dos Santos Kaster<\/td><\/tr><tr><td>2COP497<\/td><td>Compiladores<\/td><td>Cinthyan Renata Sachs Camerlengo de Barbosa<\/td><\/tr><tr><td>2COP222<\/td><td>Seguran\u00e7a de Redes<\/td><td>Bruno Bogaz Zarpel\u00e3o<\/td><\/tr><tr><td>2COP385<\/td><td>Gerenciamento de Projetos<\/td><td>Rodolfo Miranda de Barros<\/td><\/tr><tr><td>2COP313<\/td><td>Engenharia de Software<\/td><td>Andr\u00e9 Lu\u00eds Andrade MenollI<\/td><\/tr><tr><td>2COP503&nbsp;&nbsp;&nbsp;&nbsp;&nbsp;&nbsp;&nbsp;&nbsp;&nbsp;&nbsp;&nbsp;<\/td><td>Projeto de Intera\u00e7\u00e3o Homem Computador<\/td><td>Vanessa Tavares de Oliveira Barros<\/td><\/tr><\/tbody><\/table><\/figure>\n\n\n\n<figure class=\"wp-block-table\"><table class=\"has-fixed-layout\"><tbody><tr><td><strong>TURNO<\/strong><\/td><td><strong>2\u00aa FEIRA<\/strong><\/td><td><strong>3\u00aa FEIRA<\/strong><\/td><td><strong>4\u00aa FEIRA<\/strong><\/td><td><strong>5\u00aa FEIRA<\/strong><\/td><td><strong>6\u00aa FEIRA<\/strong><\/td><td><strong>S\u00c1BADO<\/strong><\/td><td colspan=\"2\"><strong>DOMINGO<\/strong><\/td><\/tr><tr><td rowspan=\"5\">&nbsp;<strong>MANH\u00c3<\/strong>&nbsp;<strong>8:20-11:55<\/strong><\/td><td>2COP222<\/td><td>&nbsp;<\/td><td>2COP5022COP385<\/td><td>2COP503<\/td><td>2COP313<\/td><td>&nbsp;<\/td><td colspan=\"2\">&nbsp;<\/td><\/tr><tr><td>2COP222<\/td><td>&nbsp;<\/td><td>2COP5022COP385<\/td><td>2COP503<\/td><td>2COP313<\/td><td>&nbsp;<\/td><td colspan=\"2\">&nbsp;<\/td><\/tr><tr><td>2COP222<\/td><td>&nbsp;<\/td><td>2COP5022COP385<\/td><td>2COP503<\/td><td>2COP313<\/td><td>&nbsp;<\/td><td colspan=\"2\">&nbsp;<\/td><\/tr><tr><td>2COP222<\/td><td>&nbsp;<\/td><td>2COP5022COP385<\/td><td>2COP503<\/td><td>2COP313<\/td><td>&nbsp;<\/td><td colspan=\"2\">&nbsp;<\/td><\/tr><tr><td>&nbsp;<\/td><td>&nbsp;<\/td><td>&nbsp;<\/td><td>&nbsp;<\/td><td>&nbsp;<\/td><td>&nbsp;<\/td><td colspan=\"2\">&nbsp;<\/td><\/tr><tr><td colspan=\"8\">&nbsp;<\/td><td>&nbsp;<\/td><\/tr><tr><td rowspan=\"5\">&nbsp;<strong>TARDE<\/strong>&nbsp;<strong>14:00-17:35<\/strong><\/td><td>&nbsp;<\/td><td>2COP500<\/td><td>2COP3822COP497<\/td><td>2COP508<\/td><td>&nbsp;<\/td><td>&nbsp;<\/td><td colspan=\"2\">&nbsp;<\/td><\/tr><tr><td>&nbsp;<\/td><td>2COP500<\/td><td>2COP3822COP497<\/td><td>2COP508<\/td><td>&nbsp;<\/td><td>&nbsp;<\/td><td colspan=\"2\">&nbsp;<\/td><\/tr><tr><td>&nbsp;<\/td><td>2COP500<\/td><td>2COP3822COP497<\/td><td>2COP508<\/td><td>&nbsp;<\/td><td>&nbsp;<\/td><td colspan=\"2\">&nbsp;<\/td><\/tr><tr><td>&nbsp;<\/td><td>2COP500<\/td><td>2COP3822COP497<\/td><td>2COP508<\/td><td>&nbsp;<\/td><td>&nbsp;<\/td><td colspan=\"2\">&nbsp;<\/td><\/tr><tr><td>&nbsp;<\/td><td>&nbsp;<\/td><td>&nbsp;<\/td><td>&nbsp;<\/td><td>&nbsp;<\/td><td>&nbsp;<\/td><td colspan=\"2\">&nbsp;<\/td><\/tr><\/tbody><\/table><\/figure>\n\n\n\n<ol class=\"wp-block-list\">\n<li>As disciplinas 2COP2016 (Estudo Dirigido I) e 2COP217 (Estudo Dirigido II) s\u00e3o destinadas a alunos regulares e&nbsp;n\u00e3o podem ser solicitadas simultaneamente&nbsp;em um semestre. A inscri\u00e7\u00e3o deve ser solicitada na Secretaria de P\u00f3s-gradua\u00e7\u00e3o do CCE.<\/li>\n\n\n\n<li>A disciplina 2COP237 (Est\u00e1gio de Doc\u00eancia na Gradua\u00e7\u00e3o) \u00e9 aberta a todos os alunos regulares, mas&nbsp;obrigat\u00f3ria&nbsp;apenas para bolsistas. A inscri\u00e7\u00e3o deve ser solicitada na Secretaria de P\u00f3s-gradua\u00e7\u00e3o do CCE.<\/li>\n\n\n\n<li>As disciplinas 2COP238 a 2COP241 (Disserta\u00e7\u00e3o I a IV) s\u00e3o destinadas a alunos regulares, sendo obrigat\u00f3ria a matr\u00edcula na disciplina correspondente ao semestre como aluno regular do programa (por exemplo, na rematr\u00edcula, um aluno regular que ir\u00e1 cursar o 2\u00ba semestre deve matricular-se em Disserta\u00e7\u00e3o II, e assim por diante).<\/li>\n<\/ol>\n\n\n\n<h4 class=\"wp-block-heading\">&nbsp;<\/h4>\n\n\n\n<h4 class=\"wp-block-heading\">2021-2 &#8211; Disciplinas a serem ofertadas<\/h4>\n\n\n\n<h3 class=\"wp-block-heading\">&nbsp;<\/h3>\n\n\n\n<p>In\u00edcio das aulas: 09\/08\/2021&nbsp;<\/p>\n\n\n\n<p>Aguardem o contato do Professor.<\/p>\n\n\n\n<figure class=\"wp-block-table\"><table class=\"has-fixed-layout\"><thead><tr><th><strong>C\u00f3digo<\/strong><\/th><th><strong>Disciplina<\/strong><\/th><th><strong>Docente Respons\u00e1vel<\/strong><\/th><th><strong>Cr\u00e9ditos<\/strong><\/th><th><strong>Aceita Aluno Especial?<\/strong><\/th><th><strong>Vagas para Aluno Especial<\/strong><\/th><\/tr><\/thead><tbody><tr><td>2COP382<\/td><td>An\u00e1lise e Projeto de Algoritmos<\/td><td>Adilson Luiz Bonif\u00e1cio<\/td><td>4<\/td><td>S<\/td><td>2<\/td><\/tr><tr><td>2COP220<\/td><td>Redes de Computadores II<\/td><td>Bruno Bogaz Zarpel\u00e3o<\/td><td>4<\/td><td>S<\/td><td>10<\/td><\/tr><tr><td>2COP229<\/td><td>Intelig\u00eancia Computacional<\/td><td>Sylvio Barbon Jr.<\/td><td>4<\/td><td>S<\/td><td>20<\/td><\/tr><tr><td>2COP501<\/td><td>Bancos de Dados N\u00e3o Convencionais<\/td><td>Daniel dos Santos Kaster<\/td><td>4<\/td><td>S<\/td><td>7<\/td><\/tr><tr><td>2COP509<\/td><td>Processamento de Linguagem Natural<\/td><td>Cinthyan Renata Sachs Camerlengo de Barbosa<\/td><td>4<\/td><td>S<\/td><td>3<\/td><\/tr><tr><td>2COP502<\/td><td>Processamento Digital de Imagens<\/td><td>Alan Salvany Felinto<\/td><td>4<\/td><td>S<\/td><td>5<\/td><\/tr><tr><td>2COP510<\/td><td>T\u00f3picos Especiais em Intelig\u00eancia Computacional &#8211; Business Intelligence<\/td><td>Vitor Val\u00e9rio de Souza Campos<\/td><td>4<\/td><td>S<\/td><td>10<\/td><\/tr><tr><td>2COP499<\/td><td>Governan\u00e7a de TI<\/td><td>Rodolfo Miranda de Barros<\/td><td>4<\/td><td>S<\/td><td>10<\/td><\/tr><tr><td>2COP494<\/td><td>Metodologia de Pesquisa em Computa\u00e7\u00e3o<\/td><td>Jacques Du\u00edlio Brancher<\/td><td>4<\/td><td>S<\/td><td>10<\/td><\/tr><tr><td>2COP504<\/td><td>&nbsp;T\u00f3picos Especiais em Sistemas de Informa\u00e7\u00e3o \u2013 Minera\u00e7\u00e3o de Processos<\/td><td>Evandro Bacarin<\/td><td>4<\/td><td>S<\/td><td>10<\/td><\/tr><tr><td>2COP216\/217&nbsp;<sup>(1)<\/sup><\/td><td>Estudo Dirigido I e II<\/td><td>Orientador<\/td><td>2<\/td><td>&#8211;<\/td><td>&#8211;<\/td><\/tr><tr><td>2COP237<sup>&nbsp;(2)<\/sup><\/td><td>Est\u00e1gio de Doc\u00eancia na Gradua\u00e7\u00e3o<\/td><td>Orientador<\/td><td>2<\/td><td>&#8211;<\/td><td>&#8211;<\/td><\/tr><tr><td>2COP238-241&nbsp;<sup>(3)<\/sup><\/td><td>Disserta\u00e7\u00e3o I a IV<\/td><td>Orientador<\/td><td>10\/15<\/td><td>&#8211;<\/td><td>&#8211;<\/td><\/tr><\/tbody><\/table><\/figure>\n\n\n\n<ol class=\"wp-block-list\">\n<li>As disciplinas 2COP2016 (Estudo Dirigido I) e 2COP217 (Estudo Dirigido II) s\u00e3o destinadas a alunos regulares e&nbsp;n\u00e3o podem ser solicitadas simultaneamente&nbsp;em um semestre. A inscri\u00e7\u00e3o deve ser solicitada na Secretaria de P\u00f3s-gradua\u00e7\u00e3o do CCE.<\/li>\n\n\n\n<li>A disciplina 2COP237 (Est\u00e1gio de Doc\u00eancia na Gradua\u00e7\u00e3o) \u00e9 aberta a todos os alunos regulares, mas&nbsp;obrigat\u00f3ria&nbsp;apenas para bolsistas. A inscri\u00e7\u00e3o deve ser solicitada na Secretaria de P\u00f3s-gradua\u00e7\u00e3o do CCE.<\/li>\n\n\n\n<li>As disciplinas 2COP238 a 2COP241 (Disserta\u00e7\u00e3o I a IV) s\u00e3o destinadas a alunos regulares, sendo obrigat\u00f3ria a matr\u00edcula na disciplina correspondente ao semestre como aluno regular do programa (por exemplo, na rematr\u00edcula, um aluno regular que ir\u00e1 cursar o 2\u00ba semestre deve matricular-se em Disserta\u00e7\u00e3o II, e assim por diante).<\/li>\n<\/ol>\n\n\n\n<h3 class=\"wp-block-heading\">&nbsp;<\/h3>\n\n\n\n<h3 class=\"wp-block-heading\">2021-2 &#8211; Hor\u00e1rios das disciplinas<\/h3>\n\n\n\n<h3 class=\"wp-block-heading\">&nbsp;<\/h3>\n\n\n\n<figure class=\"wp-block-table\"><table class=\"has-fixed-layout\"><tbody><tr><td><strong>TURNO<\/strong><\/td><td><strong>2\u00aa FEIRA<\/strong><\/td><td><strong>3\u00aa FEIRA<\/strong><\/td><td><strong>4\u00aa FEIRA<\/strong><\/td><td><strong>5\u00aa FEIRA<\/strong><\/td><td><strong>6\u00aa FEIRA<\/strong><\/td><td><strong>S\u00c1BADO<\/strong><\/td><td colspan=\"2\"><strong>DOMINGO<\/strong><\/td><\/tr><tr><td rowspan=\"5\">&nbsp;<strong>MANH\u00c3<\/strong>&nbsp;<strong>8:20-11:55<\/strong><\/td><td>2COP220<\/td><td>2COP229<\/td><td>2COP502<\/td><td>2COP499<\/td><td>&nbsp;<\/td><td>&nbsp;<\/td><td colspan=\"2\">&nbsp;<\/td><\/tr><tr><td>2COP220<\/td><td>2COP229<\/td><td>2COP502<\/td><td>2COP499<\/td><td>&nbsp;<\/td><td>&nbsp;<\/td><td colspan=\"2\">&nbsp;<\/td><\/tr><tr><td>2COP220<\/td><td>2COP229<\/td><td>2COP502<\/td><td>2COP499<\/td><td>&nbsp;<\/td><td>&nbsp;<\/td><td colspan=\"2\">&nbsp;<\/td><\/tr><tr><td>2COP220<\/td><td>2COP229<\/td><td>2COP502<\/td><td>2COP499<\/td><td>&nbsp;<\/td><td>&nbsp;<\/td><td colspan=\"2\">&nbsp;<\/td><\/tr><tr><td>&nbsp;<\/td><td>&nbsp;<\/td><td>&nbsp;<\/td><td>&nbsp;<\/td><td>&nbsp;<\/td><td>&nbsp;<\/td><td colspan=\"2\">&nbsp;<\/td><\/tr><tr><td colspan=\"8\">&nbsp;<\/td><td>&nbsp;<\/td><\/tr><tr><td rowspan=\"5\">&nbsp;<strong>TARDE<\/strong>&nbsp;<strong>14:00-17:35<\/strong><\/td><td>2COP510<\/td><td>2COP5012COP494<\/td><td>2COP3822COP509<\/td><td>2COP504<\/td><td>&nbsp;<\/td><td>&nbsp;<\/td><td colspan=\"2\">&nbsp;<\/td><\/tr><tr><td>2COP510<\/td><td>2COP5012COP494<\/td><td>2COP3822COP509<\/td><td>2COP504<\/td><td>&nbsp;<\/td><td>&nbsp;<\/td><td colspan=\"2\">&nbsp;<\/td><\/tr><tr><td>2COP510<\/td><td>2COP5012COP494<\/td><td>2COP3822COP509<\/td><td>2COP504<\/td><td>&nbsp;<\/td><td>&nbsp;<\/td><td colspan=\"2\">&nbsp;<\/td><\/tr><tr><td>2COP510<\/td><td>2COP5012COP494<\/td><td>2COP3822COP509<\/td><td>2COP504<\/td><td>&nbsp;<\/td><td>&nbsp;<\/td><td colspan=\"2\">&nbsp;<\/td><\/tr><tr><td>&nbsp;<\/td><td>&nbsp;<\/td><td>&nbsp;<\/td><td>&nbsp;<\/td><td>&nbsp;<\/td><td>&nbsp;<\/td><td colspan=\"2\">&nbsp;<\/td><\/tr><tr><td colspan=\"8\">&nbsp;<\/td><td>&nbsp;<\/td><\/tr><\/tbody><\/table><\/figure>\n\n\n\n<h3 class=\"wp-block-heading\">2021-1 &#8211; Disciplinas a serem ofertadas<\/h3>\n\n\n\n<h3 class=\"wp-block-heading\">&nbsp;<\/h3>\n\n\n\n<p><strong>In\u00edcio das aulas: 01\/03\/2021<\/strong><\/p>\n\n\n\n<figure class=\"wp-block-table\"><table class=\"has-fixed-layout\"><thead><tr><th>C\u00f3digo<\/th><th>Disciplina<\/th><th>Docente Respons\u00e1vel<\/th><th>Cr\u00e9ditos<\/th><th>Aceita Aluno Especial?<\/th><th>Vagas para Aluno Especial<\/th><\/tr><\/thead><tbody><tr><td>2COP382<\/td><td>An\u00e1lise e Projeto de Algoritmos<\/td><td>Adilson Luiz Bonif\u00e1cio<\/td><td>4<\/td><td>SIM<\/td><td>3<\/td><\/tr><tr><td>2COP222<\/td><td>Seguran\u00e7a de Redes<\/td><td>Bruno Bogaz Zarpel\u00e3o<\/td><td>4<\/td><td>SIM<\/td><td>10<\/td><\/tr><tr><td>2COP507<\/td><td>Reconhecimento de Padr\u00f5es<\/td><td>Sylvio Barbon Jr.<\/td><td>4<\/td><td>SIM<\/td><td>5<\/td><\/tr><tr><td>2COP500<\/td><td>Bancos de Dados<\/td><td>Daniel dos Santos Kaster<\/td><td>4<\/td><td>SIM<\/td><td>7<\/td><\/tr><tr><td>2COP509493<\/td><td>Linguagens Formais e Aut\u00f4matos<\/td><td>Cinthyan Renata Sachs Camerlengo de Barbosa<\/td><td>4<\/td><td>SIM<\/td><td>2<\/td><\/tr><tr><td>2COP221<\/td><td>Gerencia de Redes<\/td><td>Mario Lemes Proen\u00e7a Jr<\/td><td>4<\/td><td>N\u00c3O<\/td><td>&#8211;<\/td><\/tr><tr><td>2COP499<\/td><td>Governan\u00e7a de TI<\/td><td>Rodolfo Miranda de Barros<\/td><td>4<\/td><td>SIM<\/td><td>10<\/td><\/tr><tr><td>2COP510<\/td><td>T\u00f3picos Especiais em Intelig\u00eancia Computacional<\/td><td>Vitor Val\u00e9rio de Souza Campos<\/td><td>4<\/td><td>SIM<\/td><td>8<\/td><\/tr><tr><td>2COP313<\/td><td>Engenharia de software<\/td><td>Andr\u00e9 Lu\u00eds Andrade Menolli<\/td><td>4<\/td><td>SIM<\/td><td>5<\/td><\/tr><tr><td>2COP216\/217&nbsp;<sup>(1)<\/sup><\/td><td>Estudo Dirigido I e II<\/td><td>Orientador<\/td><td>2<\/td><td>&#8211;<\/td><td>&#8211;<\/td><\/tr><tr><td>2COP237<sup>&nbsp;(2)<\/sup><\/td><td>Est\u00e1gio de Doc\u00eancia na Gradua\u00e7\u00e3o<\/td><td>Orientador<\/td><td>2<\/td><td>&#8211;<\/td><td>&#8211;<\/td><\/tr><tr><td>2COP238-241&nbsp;<sup>(3)<\/sup><\/td><td>Disserta\u00e7\u00e3o I a IV<\/td><td>Orientador<\/td><td>10\/15<\/td><td>&#8211;<\/td><td>&#8211;<\/td><\/tr><\/tbody><\/table><\/figure>\n\n\n\n<ol class=\"wp-block-list\">\n<li>As disciplinas 2COP2016 (Estudo Dirigido I) e 2COP217 (Estudo Dirigido II) s\u00e3o destinadas a alunos regulares e&nbsp;n\u00e3o podem ser solicitadas simultaneamente&nbsp;em um semestre. A inscri\u00e7\u00e3o deve ser solicitada na Secretaria de P\u00f3s-gradua\u00e7\u00e3o do CCE.<\/li>\n\n\n\n<li>A disciplina 2COP237 (Est\u00e1gio de Doc\u00eancia na Gradua\u00e7\u00e3o) \u00e9 aberta a todos os alunos regulares, mas&nbsp;obrigat\u00f3ria&nbsp;apenas para bolsistas. A inscri\u00e7\u00e3o deve ser solicitada na Secretaria de P\u00f3s-gradua\u00e7\u00e3o do CCE.<\/li>\n\n\n\n<li>As disciplinas 2COP238 a 2COP241 (Disserta\u00e7\u00e3o I a IV) s\u00e3o destinadas a alunos regulares, sendo obrigat\u00f3ria a matr\u00edcula na disciplina correspondente ao semestre como aluno regular do programa (por exemplo, na rematr\u00edcula, um aluno regular que ir\u00e1 cursar o 2\u00ba semestre deve matricular-se em Disserta\u00e7\u00e3o II, e assim por diante).<\/li>\n<\/ol>\n\n\n\n<h3 class=\"wp-block-heading\">2021-1 &#8211; Hor\u00e1rios das disciplinas<\/h3>\n\n\n\n<figure class=\"wp-block-table\"><table class=\"has-fixed-layout\"><tbody><tr><td><strong>TURNO<\/strong><\/td><td><strong>2\u00aa FEIRA<\/strong><\/td><td><strong>3\u00aa FEIRA<\/strong><\/td><td><strong>4\u00aa FEIRA<\/strong><\/td><td><strong>5\u00aa FEIRA<\/strong><\/td><td><strong>6\u00aa FEIRA<\/strong><\/td><\/tr><tr><td rowspan=\"5\">&nbsp;<strong>MANH\u00c3<\/strong>&nbsp;<strong>8:20-11:55<\/strong><\/td><td>2COP222<\/td><td>2COP507<\/td><td>2COP221<\/td><td>2COP499<\/td><td>2COP313<\/td><\/tr><tr><td>2COP222<\/td><td>2COP507<\/td><td>2COP221<\/td><td>2COP499<\/td><td>2COP313<\/td><\/tr><tr><td>2COP222<\/td><td>2COP507<\/td><td>2COP221<\/td><td>2COP499<\/td><td>2COP313<\/td><\/tr><tr><td>2COP222<\/td><td>2COP507<\/td><td>2COP221<\/td><td>2COP499<\/td><td>2COP313<\/td><\/tr><tr><td>&nbsp;<\/td><td>&nbsp;<\/td><td>&nbsp;<\/td><td>&nbsp;<\/td><td>&nbsp;<\/td><\/tr><tr><td colspan=\"6\">&nbsp;<\/td><\/tr><tr><td rowspan=\"5\">&nbsp;<strong>TARDE<\/strong>&nbsp;<strong>14:00-17:35<\/strong><\/td><td>2COP5102COP493<\/td><td>2COP500<\/td><td>2COP382<\/td><td>&nbsp;<\/td><td>&nbsp;<\/td><\/tr><tr><td>2COP5102COP493<\/td><td>2COP500<\/td><td>2COP382<\/td><td>&nbsp;<\/td><td>&nbsp;<\/td><\/tr><tr><td>2COP5102COP493<\/td><td>2COP500<\/td><td>2COP382<\/td><td>&nbsp;<\/td><td>&nbsp;<\/td><\/tr><tr><td>2COP5102COP493<\/td><td>2COP500<\/td><td>2COP382<\/td><td>&nbsp;<\/td><td>&nbsp;<\/td><\/tr><tr><td>&nbsp;<\/td><td>&nbsp;<\/td><td>&nbsp;<\/td><td>&nbsp;<\/td><td>&nbsp;<\/td><\/tr><\/tbody><\/table><\/figure>\n\n\n\n<h3 class=\"wp-block-heading\">2020-2 &#8211; Disciplinas a serem ofertadas<\/h3>\n\n\n\n<p><strong>In\u00edcio das aulas: 03\/08\/2020<\/strong><\/p>\n\n\n\n<figure class=\"wp-block-table\"><table class=\"has-fixed-layout\"><thead><tr><th>C\u00f3digo<\/th><th>Disciplina<\/th><th>Docente Respons\u00e1vel<\/th><th>Cr\u00e9ditos<\/th><th>Aceita Aluno Especial?<\/th><th>Vagas para Aluno Especial<\/th><\/tr><\/thead><tbody><tr><td>2COP508<\/td><td>Verifica\u00e7\u00e3o Formal e Teste Baseado em Modelos<\/td><td>Adilson Luiz Bonif\u00e1cio<\/td><td>4<\/td><td>SIM<\/td><td>3<\/td><\/tr><tr><td>2COP220<\/td><td>Redes de Computadores II<\/td><td>Bruno Bogaz Zarpel\u00e3o<\/td><td>4<\/td><td>SIM<\/td><td>10<\/td><\/tr><tr><td>2COP229<\/td><td>Intelig\u00eancia Computacional<\/td><td>Sylvio Barbon Jr.<\/td><td>4<\/td><td>SIM<\/td><td>3<\/td><\/tr><tr><td>2COP501<\/td><td>Bancos de Dados n\u00e3o Convencionais<\/td><td>Daniel dos Santos Kaster<\/td><td>4<\/td><td>SIM<\/td><td>5<\/td><\/tr><tr><td>2COP502<\/td><td>Processamento Digital de Imagens<\/td><td>Alan Salvany Felinto<\/td><td>4<\/td><td>SIM<\/td><td>5<\/td><\/tr><tr><td>2COP509<\/td><td>Processamento de Linguagem Natural&nbsp;<\/td><td>Cinthyan Renata Sachs Camerlengo de Barbosa<\/td><td>4<\/td><td>SIM<\/td><td>2<\/td><\/tr><tr><td>2COP498<\/td><td>T\u00f3picos Especiais em Arquitetura e Linguagens de Programa\u00e7\u00e3o<\/td><td>Wesley Attrot<\/td><td>4<\/td><td>N\u00c3O<\/td><td>&#8211;<\/td><\/tr><tr><td>2COP504<\/td><td>T\u00f3picos Especiais em Sistemas de Informa\u00e7\u00e3o<\/td><td>Evandro Bacarin<\/td><td>4<\/td><td>SIM<\/td><td>15<\/td><\/tr><tr><td>2COP510<\/td><td>T\u00f3picos Especiais em Intelig\u00eancia Computacional<\/td><td>Vitor Val\u00e9rio de Souza Campos<\/td><td>4<\/td><td>SIM<\/td><td>7<\/td><\/tr><tr><td>2COP503<\/td><td>Projeto de Intera\u00e7\u00e3o Homem Computador<\/td><td>Vanessa Tavares de Oliveira Barros<\/td><td>4<\/td><td>SIM<\/td><td>10<\/td><\/tr><tr><td>2COP216\/217&nbsp;<sup>(1)<\/sup><\/td><td>Estudo Dirigido I e II<\/td><td>Orientador<\/td><td>2<\/td><td>&#8211;<\/td><td>&#8211;<\/td><\/tr><tr><td>2COP237<sup>&nbsp;(2)<\/sup><\/td><td>Est\u00e1gio de Doc\u00eancia na Gradua\u00e7\u00e3o<\/td><td>Orientador<\/td><td>2<\/td><td>&#8211;<\/td><td>&#8211;<\/td><\/tr><tr><td>2COP238-241&nbsp;<sup>(3)<\/sup><\/td><td>Disserta\u00e7\u00e3o I a IV<\/td><td>Orientador<\/td><td>10\/15<\/td><td>&#8211;<\/td><td>&#8211;<\/td><\/tr><\/tbody><\/table><\/figure>\n\n\n\n<ol class=\"wp-block-list\">\n<li>As disciplinas 2COP2016 (Estudo Dirigido I) e 2COP217 (Estudo Dirigido II) s\u00e3o destinadas a alunos regulares e&nbsp;n\u00e3o podem ser solicitadas simultaneamente&nbsp;em um semestre. A inscri\u00e7\u00e3o deve ser solicitada na Secretaria de P\u00f3s-gradua\u00e7\u00e3o do CCE.<\/li>\n\n\n\n<li>A disciplina 2COP237 (Est\u00e1gio de Doc\u00eancia na Gradua\u00e7\u00e3o) \u00e9 aberta a todos os alunos regulares, mas&nbsp;obrigat\u00f3ria&nbsp;apenas para bolsistas. A inscri\u00e7\u00e3o deve ser solicitada na Secretaria de P\u00f3s-gradua\u00e7\u00e3o do CCE.<\/li>\n\n\n\n<li>As disciplinas 2COP238 a 2COP241 (Disserta\u00e7\u00e3o I a IV) s\u00e3o destinadas a alunos regulares, sendo obrigat\u00f3ria a matr\u00edcula na disciplina correspondente ao semestre como aluno regular do programa (por exemplo, na rematr\u00edcula, um aluno regular que ir\u00e1 cursar o 2\u00ba semestre deve matricular-se em Disserta\u00e7\u00e3o II, e assim por diante).<\/li>\n<\/ol>\n\n\n\n<h3 class=\"wp-block-heading\">2020-2 &#8211; Hor\u00e1rios das disciplinas<\/h3>\n\n\n\n<figure class=\"wp-block-table\"><table class=\"has-fixed-layout\"><tbody><tr><td><strong>TURNO<\/strong><\/td><td><strong>2\u00aa FEIRA<\/strong><\/td><td><strong>3\u00aa FEIRA<\/strong><\/td><td><strong>4\u00aa FEIRA<\/strong><\/td><td><strong>5\u00aa FEIRA<\/strong><\/td><td><strong>6\u00aa FEIRA<\/strong><\/td><\/tr><tr><td rowspan=\"5\">&nbsp;<strong>MANH\u00c3<\/strong>&nbsp;<strong>8:20-11:55<\/strong><\/td><td>2COP220<\/td><td>2COP2292COP498<\/td><td>2COP502<\/td><td>2COP503<\/td><td>&nbsp; &nbsp; &nbsp; &nbsp; &nbsp; &nbsp; &nbsp; &nbsp; &nbsp;&nbsp;<\/td><\/tr><tr><td>2COP220<\/td><td>2COP2292COP498<\/td><td>2COP502<\/td><td>2COP503<\/td><td>&nbsp;<\/td><\/tr><tr><td>2COP220<\/td><td>2COP2292COP498<\/td><td>2COP502<\/td><td>2COP503<\/td><td>&nbsp;<\/td><\/tr><tr><td>2COP220<\/td><td>2COP2292COP498<\/td><td>2COP502<\/td><td>2COP503<\/td><td>&nbsp;<\/td><\/tr><tr><td>&nbsp;<\/td><td>&nbsp;<\/td><td>&nbsp;<\/td><td>&nbsp;<\/td><td>&nbsp;<\/td><\/tr><tr><td colspan=\"6\">&nbsp;<\/td><\/tr><tr><td rowspan=\"5\">&nbsp;<strong>TARDE<\/strong>&nbsp;<strong>14:00-17:35<\/strong><\/td><td>2COP5042COP510<\/td><td>&nbsp;<\/td><td>2COP5082COP501<\/td><td>2COP509<\/td><td>&nbsp;<\/td><\/tr><tr><td>2COP5042COP510<\/td><td>&nbsp;<\/td><td>2COP5082COP501<\/td><td>2COP509<\/td><td>&nbsp;<\/td><\/tr><tr><td>2COP5042COP510<\/td><td>&nbsp;<\/td><td>2COP5082COP501<\/td><td>2COP509<\/td><td>&nbsp;<\/td><\/tr><tr><td>2COP5042COP510<\/td><td>&nbsp;<\/td><td>2COP5082COP501<\/td><td>2COP509<\/td><td>&nbsp;<\/td><\/tr><tr><td>&nbsp;<\/td><td>&nbsp;<\/td><td>&nbsp;<\/td><td>&nbsp;<\/td><td>&nbsp;<\/td><\/tr><\/tbody><\/table><\/figure>\n\n\n\n<h3 class=\"wp-block-heading\">2020-1 &#8211; Disciplinas a serem ofertadas<\/h3>\n\n\n\n<figure class=\"wp-block-table\"><table class=\"has-fixed-layout\"><thead><tr><th>C\u00f3digo<\/th><th>Disciplina<\/th><th>Docente Respons\u00e1vel<\/th><th>Cr\u00e9ditos<\/th><th>Aceita Aluno Especial?<\/th><th>Vagas para Aluno Especial<\/th><\/tr><\/thead><tbody><tr><td>2COP504<\/td><td>T\u00f3picos Especiais em&nbsp;Sistemas de Informa\u00e7\u00e3o&nbsp;<\/td><td>Prof. Rodolfo Miranda de Barros<\/td><td>4<\/td><td>SIM<\/td><td>2<\/td><\/tr><tr><td>2COP507<\/td><td>Reconhecimento de Padr\u00f5es<\/td><td>Prof. Sylvio Barbon Jr.<\/td><td>4<\/td><td>SIM<\/td><td>7<\/td><\/tr><tr><td>2COP222<\/td><td>Seguran\u00e7a de Redes<\/td><td>Prof. Bruno Bogaz Zarpel\u00e3o<\/td><td>4<\/td><td>SIM<\/td><td>5<\/td><\/tr><tr><td>2COP382<\/td><td>An\u00e1lise e Complexidade de Algoritmos<\/td><td>Prof. Adilson Luiz Bonif\u00e1cio<\/td><td>4<\/td><td>SIM<\/td><td>3<\/td><\/tr><tr><td>2COP313<\/td><td>Engenharia de Software<\/td><td>Prof. Andr\u00e9 Lu\u00eds Andrade Menolli<\/td><td>4<\/td><td>SIM<\/td><td>5<\/td><\/tr><tr><td>2COP494<\/td><td>METODOLOGIA DE PESQUISA EM COMPUTA\u00c7\u00c3O<\/td><td>Prof. Jacques Du\u00edlio Brancher<\/td><td>4<\/td><td>SIM<\/td><td>10<\/td><\/tr><tr><td>2COP216\/217&nbsp;<sup>(1)<\/sup><\/td><td>Estudo Dirigido I e II<\/td><td>Orientador<\/td><td>2<\/td><td>&#8211;<\/td><td>&#8211;<\/td><\/tr><tr><td>2COP237<sup>&nbsp;(2)<\/sup><\/td><td>Est\u00e1gio de Doc\u00eancia na Gradua\u00e7\u00e3o<\/td><td>Orientador<\/td><td>2<\/td><td>&#8211;<\/td><td>&#8211;<\/td><\/tr><tr><td>2COP238-241&nbsp;<sup>(3)<\/sup><\/td><td>Disserta\u00e7\u00e3o I a IV<\/td><td>Orientador<\/td><td>10\/15<\/td><td>&#8211;<\/td><td>&#8211;<\/td><\/tr><\/tbody><\/table><\/figure>\n\n\n\n<ol class=\"wp-block-list\">\n<li>As disciplinas 2COP2016 (Estudo Dirigido I) e 2COP217 (Estudo Dirigido II) s\u00e3o destinadas a alunos regulares e&nbsp;n\u00e3o podem ser solicitadas simultaneamente&nbsp;em um semestre. A inscri\u00e7\u00e3o deve ser solicitada na Secretaria de P\u00f3s-gradua\u00e7\u00e3o do CCE.<\/li>\n\n\n\n<li>A disciplina 2COP237 (Est\u00e1gio de Doc\u00eancia na Gradua\u00e7\u00e3o) \u00e9 aberta a todos os alunos regulares, mas&nbsp;obrigat\u00f3ria&nbsp;apenas para bolsistas. A inscri\u00e7\u00e3o deve ser solicitada na Secretaria de P\u00f3s-gradua\u00e7\u00e3o do CCE.<\/li>\n\n\n\n<li>As disciplinas 2COP238 a 2COP241 (Disserta\u00e7\u00e3o I a IV) s\u00e3o destinadas a alunos regulares, sendo obrigat\u00f3ria a matr\u00edcula na disciplina correspondente ao semestre como aluno regular do programa (por exemplo, na rematr\u00edcula, um aluno regular que ir\u00e1 cursar o 2\u00ba semestre deve matricular-se em Disserta\u00e7\u00e3o II, e assim por diante).<\/li>\n<\/ol>\n\n\n\n<h3 class=\"wp-block-heading\">2020-1 &#8211; Hor\u00e1rios das disciplinas<\/h3>\n\n\n\n<h3 class=\"wp-block-heading\">&nbsp;<\/h3>\n\n\n\n<figure class=\"wp-block-table\"><table class=\"has-fixed-layout\"><thead><tr><th>&nbsp;<\/th><th>2a feira<\/th><th>3a feira<\/th><th>4a feira<\/th><th>5a feira<\/th><th>6a feira<\/th><\/tr><\/thead><tbody><tr><td>8:20-10:00<\/td><td rowspan=\"3\">2COP222<\/td><td rowspan=\"3\">2COP507<\/td><td rowspan=\"3\">&nbsp;<\/td><td rowspan=\"3\">2COP504<\/td><td rowspan=\"3\">2COP313<\/td><\/tr><tr><td>Intervalo<\/td><\/tr><tr><td>10:15-11:55<\/td><\/tr><tr><td colspan=\"6\">&nbsp;<\/td><\/tr><tr><td>14:00-15:40<\/td><td rowspan=\"3\">&nbsp;<\/td><td rowspan=\"3\">2COP494<\/td><td rowspan=\"3\">2COP382<\/td><td rowspan=\"3\">&nbsp;<\/td><td rowspan=\"3\">&nbsp;<\/td><\/tr><tr><td>Intervalo<\/td><\/tr><tr><td>15:55-17:35<br>&nbsp;<\/td><\/tr><\/tbody><\/table><\/figure>\n\n\n\n<h3 class=\"wp-block-heading\">&nbsp;<\/h3>\n\n\n\n<h3 class=\"wp-block-heading\">2019-2 &#8211; Disciplinas a serem ofertadas<\/h3>\n\n\n\n<h3 class=\"wp-block-heading\">&nbsp;<\/h3>\n\n\n\n<figure class=\"wp-block-table\"><table class=\"has-fixed-layout\"><thead><tr><th>C\u00f3digo<\/th><th>Disciplina<\/th><th>Docente Respons\u00e1vel<\/th><th>Cr\u00e9ditos<\/th><th>Aceita Aluno Especial?<\/th><th>Vagas para Aluno Especial<\/th><\/tr><\/thead><tbody><tr><td>2COP220<\/td><td>Redes de Computadores II<\/td><td>Prof. Bruno Bogaz Zarpel\u00e3o<\/td><td>4<\/td><td>Sim<\/td><td>5<\/td><\/tr><tr><td>2COP229<\/td><td>Intelig\u00eancia Computacional<\/td><td>Prof. Sylvio Barbon Jr.<\/td><td>4<\/td><td>N\u00e3o<\/td><td>&#8211;<\/td><\/tr><tr><td>2COP385<\/td><td>Gerenciamento de Projetos de Software<\/td><td>Prof. Rodolfo Miranda de Barros<\/td><td>4<\/td><td>Sim<\/td><td>2<\/td><\/tr><tr><td>2COP497<\/td><td>Compiladores<\/td><td>Profa. Cinthyan R.S.C. de Barbosa<\/td><td>4<\/td><td>Sim<\/td><td>4<\/td><\/tr><tr><td>2COP498<\/td><td>T\u00f3picos Especiais em Arquitetura e Linguagens de Programa\u00e7\u00e3o<\/td><td>Prof. Wesley Attrot<\/td><td>4<\/td><td>Sim<\/td><td>5<\/td><\/tr><tr><td>2COP502<\/td><td>Processamento Digital de Imagens<\/td><td>Prof. Alan Salvany Felinto<\/td><td>4<\/td><td>N\u00e3o<\/td><td>&#8211;<\/td><\/tr><tr><td>2COP512<\/td><td>Semin\u00e1rios de Pesquisa em Computa\u00e7\u00e3o<\/td><td>Prof. Adilson Luiz Bonif\u00e1cio<\/td><td>2<\/td><td>Sim<\/td><td>10<\/td><\/tr><tr><td>2COP503<\/td><td>Projeto de Intera\u00e7\u00e3o Homem Computador<\/td><td>Profa. Vanessa T. de O. Barros<\/td><td>4<\/td><td>Sim<\/td><td>10<\/td><\/tr><tr><td>2COP504<\/td><td>T\u00f3picos Especiais em Sistemas de Informa\u00e7\u00e3o (Minera\u00e7\u00e3o de Processos)<\/td><td>Prof. Evandro Bacarin<\/td><td>4<\/td><td>Sim<\/td><td>15<\/td><\/tr><tr><td>2COP510<\/td><td>T\u00f3picos Especiais em Intelig\u00eancia Computacional (Intelig\u00eancia em neg\u00f3cios)<\/td><td>Prof. Vitor Val\u00e9rio de S. Campos<\/td><td>4<\/td><td>Sim<\/td><td>10<\/td><\/tr><tr><td>2COP508<\/td><td>Verifica\u00e7\u00e3o Formal e Teste Baseado em Modelos<\/td><td>Prof. Adilson Luiz Bonif\u00e1cio<\/td><td>4<\/td><td>Sim<\/td><td>3<\/td><\/tr><tr><td>2COP216\/217&nbsp;<sup>(1)<\/sup><\/td><td>Estudo Dirigido I e II<\/td><td>Orientador<\/td><td>2<\/td><td>&#8211;<\/td><td>&#8211;<\/td><\/tr><tr><td>2COP237<sup>&nbsp;(2)<\/sup><\/td><td>Est\u00e1gio de Doc\u00eancia na Gradua\u00e7\u00e3o<\/td><td>Orientador<\/td><td>2<\/td><td>&#8211;<\/td><td>&#8211;<\/td><\/tr><tr><td>2COP238-241&nbsp;<sup>(3)<\/sup><\/td><td>Disserta\u00e7\u00e3o I a IV<\/td><td>Orientador<\/td><td>10\/15<\/td><td>&#8211;<\/td><td>&#8211;<\/td><\/tr><\/tbody><\/table><\/figure>\n\n\n\n<ol class=\"wp-block-list\">\n<li>As disciplinas 2COP2016 (Estudo Dirigido I) e 2COP217 (Estudo Dirigido II) s\u00e3o destinadas a alunos regulares e&nbsp;n\u00e3o podem ser solicitadas simultaneamente&nbsp;em um semestre. A inscri\u00e7\u00e3o deve ser solicitada na Secretaria de P\u00f3s-gradua\u00e7\u00e3o do CCE.<\/li>\n\n\n\n<li>A disciplina 2COP237 (Est\u00e1gio de Doc\u00eancia na Gradua\u00e7\u00e3o) \u00e9 aberta a todos os alunos regulares, mas&nbsp;obrigat\u00f3ria&nbsp;apenas para bolsistas. A inscri\u00e7\u00e3o deve ser solicitada na Secretaria de P\u00f3s-gradua\u00e7\u00e3o do CCE.<\/li>\n\n\n\n<li>As disciplinas 2COP238 a 2COP241 (Disserta\u00e7\u00e3o I a IV) s\u00e3o destinadas a alunos regulares, sendo obrigat\u00f3ria a matr\u00edcula na disciplina correspondente ao semestre como aluno regular do programa (por exemplo, na rematr\u00edcula, um aluno regular que ir\u00e1 cursar o 2\u00ba semestre deve matricular-se em Disserta\u00e7\u00e3o II, e assim por diante).<\/li>\n<\/ol>\n\n\n\n<h3 class=\"wp-block-heading\">2019-2 &#8211; Hor\u00e1rios das disciplinas<\/h3>\n\n\n\n<h3 class=\"wp-block-heading\">&nbsp;<\/h3>\n\n\n\n<figure class=\"wp-block-table\"><table class=\"has-fixed-layout\"><thead><tr><th>&nbsp;<\/th><th>2a feira<\/th><th>3a feira<\/th><th>4a feira<\/th><th>5a feira<\/th><th>6a feira<\/th><\/tr><\/thead><tbody><tr><td>8:20-10:00<\/td><td rowspan=\"3\">&nbsp;<\/td><td rowspan=\"3\">2COP504<\/td><td rowspan=\"3\">2COP498&nbsp;2COP512(1)&nbsp;<\/td><td rowspan=\"3\">2COP2292COP5022COP503<\/td><td rowspan=\"3\">2COP385<\/td><\/tr><tr><td>Intervalo<\/td><\/tr><tr><td>10:15-11:55<\/td><\/tr><tr><td colspan=\"6\">&nbsp;<\/td><\/tr><tr><td>14:00-15:40<\/td><td rowspan=\"3\">2COP220<\/td><td rowspan=\"3\">2COP510<\/td><td rowspan=\"3\">2COP4972COP508<\/td><td>&nbsp;<\/td><td rowspan=\"3\">&nbsp;<\/td><\/tr><tr><td>Intervalo<\/td><td rowspan=\"2\">&nbsp;<\/td><\/tr><tr><td>15:55-17:35<\/td><\/tr><\/tbody><\/table><\/figure>\n\n\n\n<p><strong>(1)&nbsp;<u>O hor\u00e1rio da disciplina 2COP512 \u00e9 das 10:15 \u00e0s 11:55<\/u><\/strong><\/p>\n\n\n\n<h3 class=\"wp-block-heading\"><br>2019-1 &#8211; Disciplinas a serem ofertadas<\/h3>\n\n\n\n<figure class=\"wp-block-table\"><table class=\"has-fixed-layout\"><thead><tr><th>C\u00f3digo<\/th><th>Disciplina<\/th><th>Docente Respons\u00e1vel<\/th><th>Cr\u00e9ditos<\/th><th>Aceita Aluno Especial?<\/th><th>Vagas para Aluno Especial<\/th><\/tr><\/thead><tbody><tr><td>2COP222<\/td><td>Seguran\u00e7a de Redes<\/td><td>Prof. Bruno Bogaz Zarpel\u00e3o<\/td><td>4<\/td><td>Sim<\/td><td>5<\/td><\/tr><tr><td>2COP313<\/td><td>Engenharia de Software<\/td><td>Prof. Andr\u00e9 Lu\u00eds Andrade Menolli<\/td><td>4<\/td><td>Sim<\/td><td>5<\/td><\/tr><tr><td>2COP382<\/td><td>An\u00e1lise e Projeto de Algoritmos<\/td><td>Prof. Adilson Luiz Bonif\u00e1cio<\/td><td>4<\/td><td>Sim<\/td><td>3<\/td><\/tr><tr><td>2COP494<\/td><td>Metodologia de Pesquisa em Computa\u00e7\u00e3o<\/td><td>Prof. Jacques Du\u00edlio Brancher<\/td><td>4<\/td><td>Sim<\/td><td>20<\/td><\/tr><tr><td>2COP499<\/td><td>Governan\u00e7a de TIC<\/td><td>Prof. Rodolfo Miranda de Barros<\/td><td>4<\/td><td>N\u00e3o<\/td><td>&#8211;<\/td><\/tr><tr><td>2COP507<\/td><td>Reconhecimento de Padr\u00f5es<\/td><td>Prof. Sylvio Barbon Jr.<\/td><td>4<\/td><td>Sim<\/td><td>5<\/td><\/tr><tr><td>2COP512<\/td><td>Semin\u00e1rios de Pesquisa em Computa\u00e7\u00e3o<\/td><td>Prof. Adilson Luiz Bonif\u00e1cio<\/td><td>2<\/td><td>Sim<\/td><td>10<\/td><\/tr><tr><td>2COP216\/217&nbsp;<sup>(1)<\/sup><\/td><td>Estudo Dirigido I e II<\/td><td>Orientador<\/td><td>2<\/td><td>&#8211;<\/td><td>&#8211;<\/td><\/tr><tr><td>2COP237<sup>&nbsp;(2)<\/sup><\/td><td>Est\u00e1gio de Doc\u00eancia na Gradua\u00e7\u00e3o<\/td><td>Orientador<\/td><td>2<\/td><td>&#8211;<\/td><td>&#8211;<\/td><\/tr><tr><td>2COP238-241&nbsp;<sup>(3)<\/sup><\/td><td>Disserta\u00e7\u00e3o I a IV<\/td><td>Orientador<\/td><td>10\/15<\/td><td>&#8211;<\/td><td>&#8211;<\/td><\/tr><\/tbody><\/table><\/figure>\n\n\n\n<h3 class=\"wp-block-heading\">2019-1 &#8211; Hor\u00e1rios das disciplinas<\/h3>\n\n\n\n<figure class=\"wp-block-table\"><table class=\"has-fixed-layout\"><thead><tr><th>&nbsp;<\/th><th>2a feira<\/th><th>3a feira<\/th><th>4a feira<\/th><th>5a feira<\/th><th>6a feira<\/th><\/tr><\/thead><tbody><tr><td>8:20-10:00<\/td><td rowspan=\"3\">&nbsp;<\/td><td rowspan=\"3\">&nbsp;<\/td><td rowspan=\"3\">&nbsp;<\/td><td rowspan=\"3\">2COP507<br>(Sala 311)<br>e<br>2COP499<br>(Sala 318)<\/td><td rowspan=\"3\">2COP313<br>(Sala 311)<\/td><\/tr><tr><td>Intervalo<\/td><\/tr><tr><td>10:15-11:55<\/td><\/tr><tr><td colspan=\"6\">&nbsp;<\/td><\/tr><tr><td>14:00-15:40<\/td><td rowspan=\"3\">2COP222<br>(Sala 318)<br>e<br>2COP494<br>(Sala 311)<\/td><td rowspan=\"3\">&nbsp;<\/td><td rowspan=\"3\">2COP382<br>(Sala 318)<\/td><td>2COP512<br>(Sala 318)<\/td><td rowspan=\"3\">&nbsp;<\/td><\/tr><tr><td>Intervalo<\/td><td rowspan=\"2\">&nbsp;<\/td><\/tr><tr><td>15:55-17:35<\/td><\/tr><\/tbody><\/table><\/figure>\n\n\n\n<h3 class=\"wp-block-heading\">2018-2 &#8211; Disciplinas a serem ofertadas<\/h3>\n\n\n\n<p>Observa\u00e7\u00e3o: Todas as disciplinas s\u00e3o de 4 cr\u00e9ditos<\/p>\n\n\n\n<figure class=\"wp-block-table\"><table class=\"has-fixed-layout\"><thead><tr><th>C\u00f3digo<\/th><th>Disciplina<\/th><th>Docente Respons\u00e1vel<\/th><th>Depto.<\/th><th>Aceita Aluno Especial?<\/th><th>Vagas para Aluno Especial<\/th><\/tr><\/thead><tbody><tr><td>2COP385<\/td><td>Gerenciamento de Projetos de Software<\/td><td>Prof. Rodolfo Miranda de Barros<\/td><td>Computa\u00e7\u00e3o<\/td><td>N\u00e3o<\/td><td>0<\/td><\/tr><tr><td>2COP323<\/td><td>T\u00f3picos Especiais: Processamento Digital de Imagens<\/td><td>Prof. Alan Salvany Felinto<\/td><td>Computa\u00e7\u00e3o<\/td><td>Sim<\/td><td>3<\/td><\/tr><tr><td>2COP326<\/td><td>T\u00f3picos Especiais: Verifica\u00e7\u00e3o Formal e Teste Baseado em Modelos<\/td><td>Prof. Adilson Luiz Bonif\u00e1cio<\/td><td>Computa\u00e7\u00e3o<\/td><td>Sim<\/td><td>3<\/td><\/tr><tr><td>2COP229<\/td><td>Intelig\u00eancia Computacional<\/td><td>Prof. Sylvio Barbon Jr.<\/td><td>Computa\u00e7\u00e3o<\/td><td>Sim<\/td><td>5<\/td><\/tr><tr><td>2COP332<\/td><td>T\u00f3picos Especiais: Projeto de Intera\u00e7\u00e3o Homem Computador<\/td><td>Profa. Vanessa Tavares de O. Barros<\/td><td>Design<\/td><td>Sim<\/td><td>10<\/td><\/tr><tr><td>2COP320<\/td><td>T\u00f3picos Especiais: Processamento de Linguagem Natural<\/td><td>Prof. Cinthyan S. C. Barbosa<\/td><td>Computa\u00e7\u00e3o<\/td><td>Sim<\/td><td>4<\/td><\/tr><tr><td>2COP319<\/td><td>T\u00f3picos Especiais: Arquitetura de Computadores<\/td><td>Prof. Wesley Attrot<\/td><td>Computa\u00e7\u00e3o<\/td><td>Sim<\/td><td>5<\/td><\/tr><\/tbody><\/table><\/figure>\n\n\n\n<h3 class=\"wp-block-heading\">&nbsp;<\/h3>\n\n\n\n<h3 class=\"wp-block-heading\">2018-2 &#8211; Hor\u00e1rios das disciplinas<\/h3>\n\n\n\n<figure class=\"wp-block-table\"><table class=\"has-fixed-layout\"><thead><tr><th>&nbsp;<\/th><th>2a feira<\/th><th>3a feira<\/th><th>4a feira<\/th><th>5a feira<\/th><th>6a feira<\/th><\/tr><\/thead><tbody><tr><td>8:20-10:00<\/td><td rowspan=\"3\">&nbsp;<\/td><td rowspan=\"3\">2COP385<br>(Sala 311)<\/td><td rowspan=\"3\">&nbsp;<\/td><td rowspan=\"3\">2COP229<br>(Sala 318)<br>e<br>2COP332<br>(Sala 311)<\/td><td rowspan=\"3\">&nbsp;<\/td><\/tr><tr><td>Intervalo<\/td><\/tr><tr><td>10:15-11:55<\/td><\/tr><tr><td colspan=\"6\">&nbsp;<\/td><\/tr><tr><td>14:00-15:40<\/td><td rowspan=\"3\">&nbsp;<\/td><td rowspan=\"3\">2COP323<br>(Sala 318)<\/td><td rowspan=\"3\">2COP326<br>(Sala 318)<\/td><td rowspan=\"3\">2COP319<br>(Sala 318)<br>e<br>2COP320<br>(Sala 311)<\/td><td rowspan=\"3\">&nbsp;<\/td><\/tr><tr><td>Intervalo<\/td><\/tr><tr><td>15:55-17:35<\/td><\/tr><\/tbody><\/table><\/figure>\n\n\n\n<h3 class=\"wp-block-heading\">&nbsp;<\/h3>\n\n\n\n<h3 class=\"wp-block-heading\">2018-1 &#8211; Disciplinas a serem ofertadas<\/h3>\n\n\n\n<p>Observa\u00e7\u00e3o: Todas as disciplinas s\u00e3o de 4 cr\u00e9ditos<\/p>\n\n\n\n<figure class=\"wp-block-table\"><table class=\"has-fixed-layout\"><thead><tr><th>C\u00f3digo<\/th><th>Disciplina<\/th><th>Docente Respons\u00e1vel<\/th><th>Depto.<\/th><th>Aceita Aluno Especial?<\/th><th>Vagas para Aluno Especial<\/th><\/tr><\/thead><tbody><tr><td>2COP324<\/td><td>T\u00f3picos Especiais: Introdu\u00e7\u00e3o ao Pensamento Cient\u00edfico<\/td><td>Prof. Jacques Du\u00edlio Brancher<\/td><td>Computa\u00e7\u00e3o<\/td><td>Sim<\/td><td>20<\/td><\/tr><tr><td>2COP325<\/td><td>T\u00f3picos Especiais: Bancos de Dados I<\/td><td>Prof. Daniel dos Santos Kaster<\/td><td>Computa\u00e7\u00e3o<\/td><td>Sim<\/td><td>5<\/td><\/tr><tr><td>2COP219<\/td><td>Redes de Computadores I<\/td><td>Prof. Mario Lemes Proen\u00e7a Jr.<\/td><td>Computa\u00e7\u00e3o<\/td><td>N\u00e3o<\/td><td>&#8211;<\/td><\/tr><tr><td>2COP382<\/td><td>An\u00e1lise e projeto de algoritmos<\/td><td>Prof. Adilson Luiz Bonif\u00e1cio<\/td><td>Computa\u00e7\u00e3o<\/td><td>Sim<\/td><td>5<\/td><\/tr><tr><td>2COP321<\/td><td>T\u00f3picos Especiais: Governan\u00e7a de TI<\/td><td>Prof. Rodolfo Miranda de Barros<\/td><td>Computa\u00e7\u00e3o<\/td><td>Sim<\/td><td>5<\/td><\/tr><tr><td>2COP329<\/td><td>T\u00f3picos Especiais: Reconhecimento de Padr\u00f5es<\/td><td>Prof. Sylvio Barbon Jr.<\/td><td>Computa\u00e7\u00e3o<\/td><td>Sim<\/td><td>3<\/td><\/tr><tr><td>2COP326<\/td><td>T\u00f3picos Especiais:Verifica\u00e7\u00e3o Formal e Teste Baseado em Modelos<\/td><td>Prof. Adilson Luiz Bonif\u00e1cio<\/td><td>Computa\u00e7\u00e3o<\/td><td>Sim<\/td><td>2<\/td><\/tr><\/tbody><\/table><\/figure>\n\n\n\n<h3 class=\"wp-block-heading\">&nbsp;<\/h3>\n\n\n\n<h3 class=\"wp-block-heading\">2018-1 &#8211; Hor\u00e1rios das disciplinas<\/h3>\n\n\n\n<figure class=\"wp-block-table\"><table class=\"has-fixed-layout\"><thead><tr><th>&nbsp;<\/th><th>2a feira<\/th><th>3a feira<\/th><th>4a feira<\/th><th>5a feira<\/th><th>6a feira<\/th><\/tr><\/thead><tbody><tr><td>8:20-10:00<\/td><td rowspan=\"3\">&nbsp;<\/td><td rowspan=\"3\">&nbsp;<\/td><td rowspan=\"3\">2COP219<br>(Sala 311)<\/td><td rowspan=\"3\">2COP321<br>(Sala 311)<\/td><td rowspan=\"3\">&nbsp;<\/td><\/tr><tr><td>Intervalo<\/td><\/tr><tr><td>10:15-11:55<\/td><\/tr><tr><td colspan=\"6\">&nbsp;<\/td><\/tr><tr><td>14:00-15:40<\/td><td rowspan=\"3\">2COP324<br>(Sala 318)<\/td><td rowspan=\"3\">2COP325<br>(Sala 318)<\/td><td rowspan=\"3\">2COP382<br>(Sala 318)<\/td><td rowspan=\"3\">2COP329<br>(Sala 318)<br>e<br>2COP326<br>(Sala 311)<\/td><td rowspan=\"3\">&nbsp;<\/td><\/tr><tr><td>Intervalo<\/td><\/tr><tr><td>15:55-17:35<\/td><\/tr><\/tbody><\/table><\/figure>\n\n\n\n<h3 class=\"wp-block-heading\">&nbsp;<\/h3>\n\n\n\n<h3 class=\"wp-block-heading\">2017-2 &#8211; Disciplinas ofertadas<\/h3>\n\n\n\n<p>Observa\u00e7\u00e3o: Todas as disciplinas s\u00e3o de 4 cr\u00e9ditos<\/p>\n\n\n\n<figure class=\"wp-block-table\"><table class=\"has-fixed-layout\"><thead><tr><th>C\u00f3digo<\/th><th>Disciplina<\/th><th>Docente Respons\u00e1vel<\/th><th>Depto.<\/th><th>Aceita Aluno Especial?<\/th><th>Vagas para Aluno Especial<\/th><\/tr><\/thead><tbody><tr><td>2COP222<\/td><td>Seguran\u00e7a de Redes<\/td><td>Dr. Bruno Bogaz Zarpel\u00e3o<\/td><td>Computa\u00e7\u00e3o<\/td><td>Sim<\/td><td>5<\/td><\/tr><tr><td>2COP223<\/td><td>Redes Sem Fio I<\/td><td>Dr. Elieser Botelho Manhas Jr.<\/td><td>Computa\u00e7\u00e3o<\/td><td>Sim<\/td><td>5<\/td><\/tr><tr><td>2COP226<\/td><td>T\u00f3picos Especiais em Redes de Computadores<\/td><td>Dr. M\u00e1rio Lemes Proen\u00e7a Jr.<\/td><td>Computa\u00e7\u00e3o<\/td><td>N\u00e3o<\/td><td>&#8211;<\/td><\/tr><tr><td>2COP313<\/td><td>Engenharia de Software<\/td><td>Dr. Andr\u00e9 Menolli<\/td><td>Externo<\/td><td>Sim<\/td><td>5<\/td><\/tr><tr><td>2COP320<\/td><td>T\u00f3picos Especiais: Processamento de Linguagem Natural<\/td><td>Dra. Cinthyan Renata S. C. Barbosa<\/td><td>Computa\u00e7\u00e3o<\/td><td>Sim<\/td><td>3<\/td><\/tr><tr><td>2COP323<\/td><td>T\u00f3picos Especiais: Processamento Digital de Imagens<\/td><td>Dr. Alan S. Felinto<\/td><td>Computa\u00e7\u00e3o<\/td><td>Sim<\/td><td>4<\/td><\/tr><tr><td>2COP332<\/td><td>T\u00f3picos Especiais: Projeto de Intera\u00e7\u00e3o Homem Computador<\/td><td>Dra. Vanessa Tavares de Oliveira Barros<\/td><td>Design<\/td><td>Sim<\/td><td>5<\/td><\/tr><\/tbody><\/table><\/figure>\n\n\n\n<h3 class=\"wp-block-heading\">&nbsp;<\/h3>\n\n\n\n<h3 class=\"wp-block-heading\">2017-2 &#8211; Hor\u00e1rios das disciplinas<\/h3>\n\n\n\n<figure class=\"wp-block-table\"><table class=\"has-fixed-layout\"><tbody><tr><th>&nbsp;<\/th><th>2a feira<\/th><th>3a feira<\/th><th>4a feira<\/th><th>5a feira<\/th><th>6a feira<\/th><\/tr><tr><td>8:20-10:00<\/td><td rowspan=\"3\">2COP323<\/td><td rowspan=\"3\">2COP332<\/td><td rowspan=\"3\">2COP226<\/td><td rowspan=\"3\">&nbsp;<\/td><td rowspan=\"3\">&nbsp;<\/td><\/tr><tr><td>Intervalo<\/td><\/tr><tr><td>10:15-11:55<\/td><\/tr><tr><td colspan=\"6\">&nbsp;<\/td><\/tr><tr><td>14:00-15:40<\/td><td rowspan=\"3\">2COP222<\/td><td rowspan=\"3\">2COP223<\/td><td rowspan=\"3\">&nbsp;<\/td><td rowspan=\"3\">2COP320<\/td><td rowspan=\"3\">2COP313<\/td><\/tr><tr><td>Intervalo<\/td><\/tr><tr><td>15:55-17:35<\/td><\/tr><\/tbody><\/table><\/figure>\n\n\n\n<figure class=\"wp-block-table\"><table class=\"has-fixed-layout\"><thead><tr><th>C\u00f3digo<\/th><th>Disciplina<\/th><th>Docente Respons\u00e1vel<\/th><th>Cr\u00e9ditos<\/th><th>Aceita Aluno Especial?<\/th><th>Vagas para Aluno Especial<\/th><\/tr><\/thead><tbody><tr><td>2COP504<\/td><td>T\u00f3picos Especiais em&nbsp;Sistemas de Informa\u00e7\u00e3o&nbsp;<\/td><td>Prof. Rodolfo Miranda de Barros<\/td><td>4<\/td><td>SIM<\/td><td>2<\/td><\/tr><tr><td>2COP507<\/td><td>Reconhecimento de Padr\u00f5es<\/td><td>Prof. Sylvio Barbon Jr.<\/td><td>4<\/td><td>SIM<\/td><td>7<\/td><\/tr><tr><td>2COP222<\/td><td>Seguran\u00e7a de Redes<\/td><td>Prof. Bruno Bogaz Zarpel\u00e3o<\/td><td>4<\/td><td>SIM<\/td><td>5<\/td><\/tr><tr><td>2COP382<\/td><td>An\u00e1lise e Complexidade de Algoritmos<\/td><td>Prof. Adilson Luiz Bonif\u00e1cio<\/td><td>4<\/td><td>SIM<\/td><td>3<\/td><\/tr><tr><td>2COP313<\/td><td>Engenharia de Software<\/td><td>Prof. Andr\u00e9 Lu\u00eds Andrade Menolli<\/td><td>4<\/td><td>SIM<\/td><td>5<\/td><\/tr><tr><td>2COP494<\/td><td>METODOLOGIA DE PESQUISA EM COMPUTA\u00c7\u00c3O<\/td><td>Prof. Jacques Du\u00edlio Brancher<\/td><td>4<\/td><td>SIM<\/td><td>10<\/td><\/tr><tr><td>2COP216\/217&nbsp;<sup>(1)<\/sup><\/td><td>Estudo Dirigido I e II<\/td><td>Orientador<\/td><td>2<\/td><td>&#8211;<\/td><td>&#8211;<\/td><\/tr><tr><td>2COP237<sup>&nbsp;(2)<\/sup><\/td><td>Est\u00e1gio de Doc\u00eancia na Gradua\u00e7\u00e3o<\/td><td>Orientador<\/td><td>2<\/td><td>&#8211;<\/td><td>&#8211;<\/td><\/tr><tr><td>2COP238-241&nbsp;<sup>(3)<\/sup><\/td><td>Disserta\u00e7\u00e3o I a IV<\/td><td>Orientador<\/td><td>10\/15<\/td><td>&#8211;<\/td><td>&#8211;<\/td><\/tr><\/tbody><\/table><\/figure>\n\n\n\n<ol class=\"wp-block-list\">\n<li>As disciplinas 2COP2016 (Estudo Dirigido I) e 2COP217 (Estudo Dirigido II) s\u00e3o destinadas a alunos regulares e&nbsp;n\u00e3o podem ser solicitadas simultaneamente&nbsp;em um semestre. A inscri\u00e7\u00e3o deve ser solicitada na Secretaria de P\u00f3s-gradua\u00e7\u00e3o do CCE.<\/li>\n\n\n\n<li>A disciplina 2COP237 (Est\u00e1gio de Doc\u00eancia na Gradua\u00e7\u00e3o) \u00e9 aberta a todos os alunos regulares, mas&nbsp;obrigat\u00f3ria&nbsp;apenas para bolsistas. A inscri\u00e7\u00e3o deve ser solicitada na Secretaria de P\u00f3s-gradua\u00e7\u00e3o do CCE.<\/li>\n\n\n\n<li>As disciplinas 2COP238 a 2COP241 (Disserta\u00e7\u00e3o I a IV) s\u00e3o destinadas a alunos regulares, sendo obrigat\u00f3ria a matr\u00edcula na disciplina correspondente ao semestre como aluno regular do programa (por exemplo, na rematr\u00edcula, um aluno regular que ir\u00e1 cursar o 2\u00ba semestre deve matricular-se em Disserta\u00e7\u00e3o II, e assim por diante).<\/li>\n<\/ol>\n\n\n\n<figure class=\"wp-block-table\"><table class=\"has-fixed-layout\"><thead><tr><th>C\u00f3digo<\/th><th>Disciplina<\/th><th>Docente Respons\u00e1vel<\/th><th>Cr\u00e9ditos<\/th><th>Aceita Aluno Especial?<\/th><th>Vagas para Aluno Especial<\/th><\/tr><\/thead><tbody><tr><td>2COP504<\/td><td>T\u00f3picos Especiais em&nbsp;Sistemas de Informa\u00e7\u00e3o&nbsp;<\/td><td>Prof. Rodolfo Miranda de Barros<\/td><td>4<\/td><td>SIM<\/td><td>2<\/td><\/tr><tr><td>2COP507<\/td><td>Reconhecimento de Padr\u00f5es<\/td><td>Prof. Sylvio Barbon Jr.<\/td><td>4<\/td><td>SIM<\/td><td>7<\/td><\/tr><tr><td>2COP222<\/td><td>Seguran\u00e7a de Redes<\/td><td>Prof. Bruno Bogaz Zarpel\u00e3o<\/td><td>4<\/td><td>SIM<\/td><td>5<\/td><\/tr><tr><td>2COP382<\/td><td>An\u00e1lise e Complexidade de Algoritmos<\/td><td>Prof. Adilson Luiz Bonif\u00e1cio<\/td><td>4<\/td><td>SIM<\/td><td>3<\/td><\/tr><tr><td>2COP313<\/td><td>Engenharia de Software<\/td><td>Prof. Andr\u00e9 Lu\u00eds Andrade Menolli<\/td><td>4<\/td><td>SIM<\/td><td>5<\/td><\/tr><tr><td>2COP494<\/td><td>METODOLOGIA DE PESQUISA EM COMPUTA\u00c7\u00c3O<\/td><td>Prof. Jacques Du\u00edlio Brancher<\/td><td>4<\/td><td>SIM<\/td><td>10<\/td><\/tr><tr><td>2COP216\/217&nbsp;<sup>(1)<\/sup><\/td><td>Estudo Dirigido I e II<\/td><td>Orientador<\/td><td>2<\/td><td>&#8211;<\/td><td>&#8211;<\/td><\/tr><tr><td>2COP237<sup>&nbsp;(2)<\/sup><\/td><td>Est\u00e1gio de Doc\u00eancia na Gradua\u00e7\u00e3o<\/td><td>Orientador<\/td><td>2<\/td><td>&#8211;<\/td><td>&#8211;<\/td><\/tr><tr><td>2COP238-241&nbsp;<sup>(3)<\/sup><\/td><td>Disserta\u00e7\u00e3o I a IV<\/td><td>Orientador<\/td><td>10\/15<\/td><td>&#8211;<\/td><td>&#8211;<br>&nbsp;<\/td><\/tr><\/tbody><\/table><\/figure>\n\n\n\n<figure class=\"wp-block-table\"><table class=\"has-fixed-layout\"><tbody><tr><td>2COP382 (Sala 318)2COP510 (Sala 311)<\/td><\/tr><\/tbody><\/table><\/figure>\n","protected":false},"excerpt":{"rendered":"<p>&nbsp;2026-1 &#8211; Disciplinas ofertadas In\u00edcio das aulas: 16\/03\/2026 C\u00f3digo Disciplina Cr\u00e9ditos Horas Aula Grupo Docente 2COP212 Algoritmos e Estrutura de Dados 4 60h I Bruno B. Zarpel\u00e3o 2COP508 Verifica\u00e7\u00e3o Formal e Testes Baseados em Modelos 4 60h IV Adilson L. Bonif\u00e1cio 2COP504 T\u00f3picos Especiais em Sistemas de Informa\u00e7\u00e3o 4 60h IV Andr\u00e9 L. A. Menolli [&hellip;]<\/p>\n","protected":false},"author":7,"featured_media":0,"parent":0,"menu_order":0,"comment_status":"closed","ping_status":"closed","template":"","meta":{"_acf_changed":false,"footnotes":""},"class_list":["post-18","page","type-page","status-publish","hentry"],"acf":[],"_links":{"self":[{"href":"https:\/\/pos.uel.br\/ciencia-da-computacao\/wp-json\/wp\/v2\/pages\/18","targetHints":{"allow":["GET"]}}],"collection":[{"href":"https:\/\/pos.uel.br\/ciencia-da-computacao\/wp-json\/wp\/v2\/pages"}],"about":[{"href":"https:\/\/pos.uel.br\/ciencia-da-computacao\/wp-json\/wp\/v2\/types\/page"}],"author":[{"embeddable":true,"href":"https:\/\/pos.uel.br\/ciencia-da-computacao\/wp-json\/wp\/v2\/users\/7"}],"replies":[{"embeddable":true,"href":"https:\/\/pos.uel.br\/ciencia-da-computacao\/wp-json\/wp\/v2\/comments?post=18"}],"version-history":[{"count":12,"href":"https:\/\/pos.uel.br\/ciencia-da-computacao\/wp-json\/wp\/v2\/pages\/18\/revisions"}],"predecessor-version":[{"id":487,"href":"https:\/\/pos.uel.br\/ciencia-da-computacao\/wp-json\/wp\/v2\/pages\/18\/revisions\/487"}],"wp:attachment":[{"href":"https:\/\/pos.uel.br\/ciencia-da-computacao\/wp-json\/wp\/v2\/media?parent=18"}],"curies":[{"name":"wp","href":"https:\/\/api.w.org\/{rel}","templated":true}]}}