{"id":11,"date":"2024-09-02T14:28:16","date_gmt":"2024-09-02T17:28:16","guid":{"rendered":"https:\/\/pos.uel.br\/ciencia-da-computacao\/?page_id=11"},"modified":"2025-01-15T13:56:29","modified_gmt":"2025-01-15T16:56:29","slug":"apresentacao","status":"publish","type":"page","link":"https:\/\/pos.uel.br\/ciencia-da-computacao\/apresentacao\/","title":{"rendered":"Apresenta\u00e7\u00e3o"},"content":{"rendered":"\n<div class=\"wp-block-group\"><div class=\"wp-block-group__inner-container is-layout-constrained wp-block-group-is-layout-constrained\">\n<div class=\"wp-block-columns is-layout-flex wp-container-core-columns-is-layout-9d6595d7 wp-block-columns-is-layout-flex\">\n<div class=\"wp-block-column is-layout-flow wp-block-column-is-layout-flow\">\n<p>O programa de P\u00f3s-gradua\u00e7\u00e3o em Ci\u00eancia da Computa\u00e7\u00e3o da Universidade Estadual de Londrina (UEL) teve o Mestrado Acad\u00eamico aprovado pela CAPES em 2008 e iniciou suas atividades a partir de agosto de 2008. Ao longo da sua trajet\u00f3ria, o curso j\u00e1 formou um total de 135 (cento e trinta e cinco) mestres no per\u00edodo de 08\/2008 at\u00e9 12\/2024.<\/p>\n\n\n\n<p>O Mestre em Ci\u00eancia da Computa\u00e7\u00e3o pode se apresentar como um solucionador de problemas quer na condi\u00e7\u00e3o de pesquisador, quer na condi\u00e7\u00e3o de docente, contribuindo na formaliza\u00e7\u00e3o do problema, na proposta de m\u00e9todos e t\u00e9cnicas computacionais para solucionar um problema, na utiliza\u00e7\u00e3o ou proposta de tecnologias inovadoras.<\/p>\n\n\n\n<p>A proposta do Programa de P\u00f3s-Gradua\u00e7\u00e3o em Ci\u00eancia da Computa\u00e7\u00e3o, tem atendido, principalmente, a demanda da regi\u00e3o do norte e noroeste do Estado do Paran\u00e1, oeste do Estado de S\u00e3o Paulo, sul do Estado de Mato Grosso do Sul e cidades circunvizinhas por um curso neste n\u00edvel.<\/p>\n\n\n\n<p>Este curso visa, tamb\u00e9m, atender aos objetivos do Departamento de Computa\u00e7\u00e3o (DC) da Universidade Estadual de Londrina, que tem como miss\u00e3o e compromisso a dissemina\u00e7\u00e3o de suas pesquisas e a forma\u00e7\u00e3o de recursos humanos quer seja para a academia ou para a comunidade em geral. Com isto, s\u00e3o proporcionadas \u00e0 sociedade melhorias no que tange a Tecnologia da Informa\u00e7\u00e3o e Comunica\u00e7\u00e3o (TIC) bem como geradas inova\u00e7\u00f5es na \u00e1rea da Ci\u00eancia da Computa\u00e7\u00e3o.<\/p>\n\n\n\n<p>O Mestrado em Ci\u00eancia da Computa\u00e7\u00e3o da UEL foi avaliado com <strong>conceito 4<\/strong> pela CAPES na \u00faltima avalia\u00e7\u00e3o quadrienal. <\/p>\n\n\n\n<h3 class=\"wp-block-heading\">Objetivos<\/h3>\n\n\n\n<ul class=\"wp-block-list\">\n<li>Capacitar e atualizar profissionais&nbsp; atrav\u00e9s de conhecimentos t\u00e9cnicos e cient\u00edficos, que possam contribuir para o desenvolvimento cient\u00edfico e tecnol\u00f3gico do pa\u00eds, em especial ao Estado do Paran\u00e1.<\/li>\n\n\n\n<li>Contribuir para a gera\u00e7\u00e3o de novas solu\u00e7\u00f5es computacionais em diferentes setores produtivos.<\/li>\n\n\n\n<li>Consolidar&nbsp; as linhas de pesquisa do Departamento de Computa\u00e7\u00e3o da UEL&nbsp; desenvolvendo&nbsp; trabalhos de ensino e pesquisa.<\/li>\n<\/ul>\n<\/div>\n<\/div>\n\n\n\n<p><\/p>\n<\/div><\/div>\n\n\n\n<p><\/p>\n","protected":false},"excerpt":{"rendered":"<p>O programa de P\u00f3s-gradua\u00e7\u00e3o em Ci\u00eancia da Computa\u00e7\u00e3o da Universidade Estadual de Londrina (UEL) teve o Mestrado Acad\u00eamico aprovado pela CAPES em 2008 e iniciou suas atividades a partir de agosto de 2008. Ao longo da sua trajet\u00f3ria, o curso j\u00e1 formou um total de 135 (cento e trinta e cinco) mestres no per\u00edodo de [&hellip;]<\/p>\n","protected":false},"author":7,"featured_media":0,"parent":0,"menu_order":0,"comment_status":"closed","ping_status":"closed","template":"","meta":{"_acf_changed":false,"footnotes":""},"class_list":["post-11","page","type-page","status-publish","hentry"],"acf":[],"_links":{"self":[{"href":"https:\/\/pos.uel.br\/ciencia-da-computacao\/wp-json\/wp\/v2\/pages\/11","targetHints":{"allow":["GET"]}}],"collection":[{"href":"https:\/\/pos.uel.br\/ciencia-da-computacao\/wp-json\/wp\/v2\/pages"}],"about":[{"href":"https:\/\/pos.uel.br\/ciencia-da-computacao\/wp-json\/wp\/v2\/types\/page"}],"author":[{"embeddable":true,"href":"https:\/\/pos.uel.br\/ciencia-da-computacao\/wp-json\/wp\/v2\/users\/7"}],"replies":[{"embeddable":true,"href":"https:\/\/pos.uel.br\/ciencia-da-computacao\/wp-json\/wp\/v2\/comments?post=11"}],"version-history":[{"count":6,"href":"https:\/\/pos.uel.br\/ciencia-da-computacao\/wp-json\/wp\/v2\/pages\/11\/revisions"}],"predecessor-version":[{"id":264,"href":"https:\/\/pos.uel.br\/ciencia-da-computacao\/wp-json\/wp\/v2\/pages\/11\/revisions\/264"}],"wp:attachment":[{"href":"https:\/\/pos.uel.br\/ciencia-da-computacao\/wp-json\/wp\/v2\/media?parent=11"}],"curies":[{"name":"wp","href":"https:\/\/api.w.org\/{rel}","templated":true}]}}