{"id":952,"date":"2021-11-30T15:45:37","date_gmt":"2021-11-30T18:45:37","guid":{"rendered":"https:\/\/pos.uel.br\/biologicas\/?page_id=952"},"modified":"2022-09-12T21:09:56","modified_gmt":"2022-09-13T00:09:56","slug":"biota-do-manp","status":"publish","type":"page","link":"https:\/\/pos.uel.br\/biologicas\/biota-do-manp\/","title":{"rendered":"Biota do MANP"},"content":{"rendered":"\n<p>Os diferentes laborat\u00f3rios de pesquisas envolvidos no s\u00edtio PELD-MANP tem trabalhado com divulga\u00e7\u00e3o cient\u00edfica nas redes sociais e com educa\u00e7\u00e3o ambiental. <\/p>\n\n\n\n<h1 class=\"has-text-align-center wp-block-heading\">Divulga\u00e7\u00e3o cient\u00edfica<\/h1>\n\n\n\n<div class=\"wp-block-media-text alignwide is-stacked-on-mobile\" style=\"grid-template-columns:20% auto\"><figure class=\"wp-block-media-text__media\"><img loading=\"lazy\" decoding=\"async\" width=\"462\" height=\"329\" src=\"https:\/\/pos.uel.br\/biologicas\/wp-content\/uploads\/2021\/11\/Lobio.png\" alt=\"\" class=\"wp-image-971 size-full\" srcset=\"https:\/\/pos.uel.br\/biologicas\/wp-content\/uploads\/2021\/11\/Lobio.png 462w, https:\/\/pos.uel.br\/biologicas\/wp-content\/uploads\/2021\/11\/Lobio-300x214.png 300w\" sizes=\"auto, (max-width: 462px) 100vw, 462px\" \/><\/figure><div class=\"wp-block-media-text__content\">\n<p class=\"has-text-align-center has-large-font-size\"><a href=\"https:\/\/www.lobio.com.br\/index\" data-type=\"URL\" data-id=\"https:\/\/www.lobio.com.br\/index\" target=\"_blank\" rel=\"noreferrer noopener\">Laborat\u00f3rio de Ornitologia e Bioac\u00fastica da UEL<\/a><\/p>\n\n\n\n<p class=\"has-text-align-left\">Instagram: @lobio_uel         https:\/\/www.instagram.com\/p\/B-7_sRCBmTG\/<\/p>\n<\/div><\/div>\n\n\n\n<hr class=\"wp-block-separator has-css-opacity\"\/>\n\n\n\n<div class=\"wp-block-media-text alignwide is-stacked-on-mobile\" style=\"grid-template-columns:19% auto\"><figure class=\"wp-block-media-text__media\"><img loading=\"lazy\" decoding=\"async\" width=\"287\" height=\"287\" src=\"https:\/\/pos.uel.br\/biologicas\/wp-content\/uploads\/2021\/11\/Labre.png\" alt=\"\" class=\"wp-image-972 size-full\" srcset=\"https:\/\/pos.uel.br\/biologicas\/wp-content\/uploads\/2021\/11\/Labre.png 287w, https:\/\/pos.uel.br\/biologicas\/wp-content\/uploads\/2021\/11\/Labre-150x150.png 150w\" sizes=\"auto, (max-width: 287px) 100vw, 287px\" \/><\/figure><div class=\"wp-block-media-text__content\">\n<p class=\"has-text-align-center has-large-font-size\"><a href=\"http:\/\/www.uel.br\/projetos\/labre\/\" data-type=\"URL\" data-id=\"http:\/\/www.uel.br\/projetos\/labre\/\" target=\"_blank\" rel=\"noreferrer noopener\">Laborat\u00f3rio de Biodiversidade e Restaura\u00e7\u00e3o de Ecossistemas<\/a><\/p>\n\n\n\n<p>Instagram: @labre_uel            https:\/\/www.instagram.com\/labre_uel\/<\/p>\n<\/div><\/div>\n\n\n\n<hr class=\"wp-block-separator has-css-opacity\"\/>\n\n\n\n<h1 class=\"has-text-align-center wp-block-heading\">Educa\u00e7\u00e3o Ambiental<\/h1>\n\n\n\n<p>Temos v\u00e1rios projetos com educa\u00e7\u00e3o ambiental, com a possibilidade de pesquisadores visitarem as escolas e com a possibilidade de visitas das escolas a UEL. <\/p>\n\n\n\n<div class=\"wp-block-media-text alignwide is-stacked-on-mobile\" style=\"grid-template-columns:32% auto\"><figure class=\"wp-block-media-text__media\"><img loading=\"lazy\" decoding=\"async\" width=\"504\" height=\"635\" src=\"https:\/\/pos.uel.br\/biologicas\/wp-content\/uploads\/2021\/11\/llll.png\" alt=\"\" class=\"wp-image-982 size-full\" srcset=\"https:\/\/pos.uel.br\/biologicas\/wp-content\/uploads\/2021\/11\/llll.png 504w, https:\/\/pos.uel.br\/biologicas\/wp-content\/uploads\/2021\/11\/llll-238x300.png 238w\" sizes=\"auto, (max-width: 504px) 100vw, 504px\" \/><\/figure><div class=\"wp-block-media-text__content\">\n<pre class=\"wp-block-preformatted\">Os laborat\u00f3rios LOBIO e EECon recebem alunos do ensino b\u00e1sico e m\u00e9dio para instru\u00ed-las na observa\u00e7\u00e3o de aves no ambiente natural.\n\nPara agendar uma visita de sua escola falar com Prof. Marcos Robalinho. Entretanto, nesse momento de pandemia n\u00e3o estamos agendando visitas.\ncontato: robalinho@uel.br\n\nAgora se voc\u00eas possuem uma d\u00favida de identifica\u00e7\u00e3o de aves, visite a gente no instagram: https:\/\/www.instagram.com\/lobio_uel\/\nE nos destaques \"Suas Aves\" mande sua d\u00favida que tentaremos ajudar voc\u00eas.<\/pre>\n<\/div><\/div>\n","protected":false},"excerpt":{"rendered":"<p>Os diferentes laborat\u00f3rios de pesquisas envolvidos no s\u00edtio PELD-MANP tem trabalhado com divulga\u00e7\u00e3o cient\u00edfica nas redes sociais e com educa\u00e7\u00e3o ambiental. Divulga\u00e7\u00e3o cient\u00edfica Laborat\u00f3rio de Ornitologia e Bioac\u00fastica da UEL Instagram: @lobio_uel https:\/\/www.instagram.com\/p\/B-7_sRCBmTG\/ Laborat\u00f3rio de Biodiversidade e Restaura\u00e7\u00e3o de Ecossistemas Instagram: @labre_uel https:\/\/www.instagram.com\/labre_uel\/ Educa\u00e7\u00e3o Ambiental Temos v\u00e1rios projetos com educa\u00e7\u00e3o ambiental, com a possibilidade de [&hellip;]<\/p>\n","protected":false},"author":9,"featured_media":0,"parent":0,"menu_order":0,"comment_status":"closed","ping_status":"closed","template":"","meta":{"footnotes":""},"class_list":["post-952","page","type-page","status-publish","hentry"],"acf":[],"_links":{"self":[{"href":"https:\/\/pos.uel.br\/biologicas\/wp-json\/wp\/v2\/pages\/952","targetHints":{"allow":["GET"]}}],"collection":[{"href":"https:\/\/pos.uel.br\/biologicas\/wp-json\/wp\/v2\/pages"}],"about":[{"href":"https:\/\/pos.uel.br\/biologicas\/wp-json\/wp\/v2\/types\/page"}],"author":[{"embeddable":true,"href":"https:\/\/pos.uel.br\/biologicas\/wp-json\/wp\/v2\/users\/9"}],"replies":[{"embeddable":true,"href":"https:\/\/pos.uel.br\/biologicas\/wp-json\/wp\/v2\/comments?post=952"}],"version-history":[{"count":10,"href":"https:\/\/pos.uel.br\/biologicas\/wp-json\/wp\/v2\/pages\/952\/revisions"}],"predecessor-version":[{"id":1303,"href":"https:\/\/pos.uel.br\/biologicas\/wp-json\/wp\/v2\/pages\/952\/revisions\/1303"}],"wp:attachment":[{"href":"https:\/\/pos.uel.br\/biologicas\/wp-json\/wp\/v2\/media?parent=952"}],"curies":[{"name":"wp","href":"https:\/\/api.w.org\/{rel}","templated":true}]}}