{"id":881,"date":"2021-11-12T10:53:01","date_gmt":"2021-11-12T13:53:01","guid":{"rendered":"https:\/\/pos.uel.br\/biologicas\/?page_id=881"},"modified":"2022-09-12T21:08:45","modified_gmt":"2022-09-13T00:08:45","slug":"equipe","status":"publish","type":"page","link":"https:\/\/pos.uel.br\/biologicas\/equipe\/","title":{"rendered":"Equipe do s\u00edtio PELD"},"content":{"rendered":"\n<h3 class=\"wp-block-heading\">Coordenador<\/h3>\n\n\n\n<div class=\"wp-block-columns is-layout-flex wp-container-core-columns-is-layout-9d6595d7 wp-block-columns-is-layout-flex\">\n<div class=\"wp-block-column is-layout-flow wp-block-column-is-layout-flow\" style=\"flex-basis:100%\">\n<div class=\"wp-block-columns is-layout-flex wp-container-core-columns-is-layout-9d6595d7 wp-block-columns-is-layout-flex\">\n<div class=\"wp-block-column is-layout-flow wp-block-column-is-layout-flow\" style=\"flex-basis:100%\">\n<div class=\"wp-block-columns is-layout-flex wp-container-core-columns-is-layout-9d6595d7 wp-block-columns-is-layout-flex\">\n<div class=\"wp-block-column is-layout-flow wp-block-column-is-layout-flow\" style=\"flex-basis:100%\">\n<div class=\"wp-block-group\"><div class=\"wp-block-group__inner-container is-layout-flow wp-block-group-is-layout-flow\">\n<div class=\"wp-block-columns is-layout-flex wp-container-core-columns-is-layout-9d6595d7 wp-block-columns-is-layout-flex\">\n<div class=\"wp-block-column is-layout-flow wp-block-column-is-layout-flow\" style=\"flex-basis:100%\">\n<div class=\"wp-block-media-text alignwide is-stacked-on-mobile\" style=\"grid-template-columns:33% auto\"><figure class=\"wp-block-media-text__media\"><img loading=\"lazy\" decoding=\"async\" width=\"519\" height=\"466\" src=\"https:\/\/pos.uel.br\/biologicas\/wp-content\/uploads\/2021\/10\/Torezan.jpeg\" alt=\"\" class=\"wp-image-882 size-full\" srcset=\"https:\/\/pos.uel.br\/biologicas\/wp-content\/uploads\/2021\/10\/Torezan.jpeg 519w, https:\/\/pos.uel.br\/biologicas\/wp-content\/uploads\/2021\/10\/Torezan-300x269.jpeg 300w\" sizes=\"auto, (max-width: 519px) 100vw, 519px\" \/><\/figure><div class=\"wp-block-media-text__content\">\n<p><strong>Dr. Jos\u00e9 Marcelo Torezan &#8211; Coordenador do PELD-MANP<\/strong><\/p>\n\n\n\n<p><strong>L\u00edder do Laborat\u00f3rio de Biodiversidade e Restaura\u00e7\u00e3o de Ecossistemas (<a href=\"https:\/\/www.instagram.com\/labre_uel\/\">LABRE &#8211; UEL<\/a>)<\/strong><\/p>\n\n\n\n<p>Ec\u00f3logo e professor da Universidade Estadual de Londrina desde 1992 vem desenvolvendo pesquisas em sistemas ecol\u00f3gicos e ecologia da restaura\u00e7\u00e3o com seu principal foco na Mata Atl\u00e2ntica. Orientador n\u00edvel mestrado e doutorado no Programa de P\u00f3s-Gradua\u00e7\u00e3o em Ci\u00eancias Biol\u00f3gicas da UEL. Membro e fundador da Sociedade Brasileira de Ecologia da Restaura\u00e7\u00e3o e membro da \u201cSociety for Ecological Restoration (SER)\u201d.<\/p>\n\n\n\n<p><strong>Respons\u00e1vel pelo sub-projeto: <\/strong>Estoques e Fluxos de Carbono<\/p>\n<\/div><\/div>\n<\/div>\n<\/div>\n<\/div><\/div>\n<\/div>\n<\/div>\n<\/div>\n<\/div>\n<\/div>\n<\/div>\n\n\n\n<h3 class=\"wp-block-heading\">Pesquisadores<\/h3>\n\n\n\n<div class=\"wp-block-media-text alignwide is-stacked-on-mobile is-vertically-aligned-center\" style=\"grid-template-columns:34% auto\"><figure class=\"wp-block-media-text__media\"><img loading=\"lazy\" decoding=\"async\" width=\"1024\" height=\"768\" src=\"https:\/\/pos.uel.br\/biologicas\/wp-content\/uploads\/2022\/06\/IMG_20211105_161514048_2-1024x768.jpg\" alt=\"\" class=\"wp-image-1110 size-full\" srcset=\"https:\/\/pos.uel.br\/biologicas\/wp-content\/uploads\/2022\/06\/IMG_20211105_161514048_2-1024x768.jpg 1024w, https:\/\/pos.uel.br\/biologicas\/wp-content\/uploads\/2022\/06\/IMG_20211105_161514048_2-300x225.jpg 300w, https:\/\/pos.uel.br\/biologicas\/wp-content\/uploads\/2022\/06\/IMG_20211105_161514048_2-768x576.jpg 768w, https:\/\/pos.uel.br\/biologicas\/wp-content\/uploads\/2022\/06\/IMG_20211105_161514048_2-1536x1152.jpg 1536w, https:\/\/pos.uel.br\/biologicas\/wp-content\/uploads\/2022\/06\/IMG_20211105_161514048_2-2048x1536.jpg 2048w\" sizes=\"auto, (max-width: 1024px) 100vw, 1024px\" \/><\/figure><div class=\"wp-block-media-text__content\">\n<p><strong>Dra. Alba L\u00facia Cavalheira<\/strong><\/p>\n\n\n\n<p><strong>Bi\u00f3loga &#8211; Laborat\u00f3rio de Biodiversidade e Restaura\u00e7\u00e3o de Ecossistemas<\/strong><\/p>\n\n\n\n<p>Graduada em Ci\u00eancias Biol\u00f3gicas, Licenciatura e Bacharelado, (1992), com Mestrado (2003) e Doutorado (2018) em Ci\u00eancias Biol\u00f3gicas, pela Universidade Estadual de Londrina. Atua como t\u00e9cnico de n\u00edvel superior (Bi\u00f3logo) na Universidade Estadual de Londrina, no Laborat\u00f3rio de Biodiversidade e Restaura\u00e7\u00e3o de Ecossistemas (LABRE\/UEL), desde 1993. Desenvolve atividades de pesquisa e extens\u00e3o nas \u00e1reas de Restaura\u00e7\u00e3o Florestal e Conserva\u00e7\u00e3o da Natureza. Membro do Grupo de Estudos Multidisciplinares da Usina Hidrel\u00e9trica de Mau\u00e1, de 2010 a 2013, integrando a C\u00e2mara T\u00e9cnica de Biodiversidade. S\u00f3cia-fundadora da Sociedade Brasileira de Restaura\u00e7\u00e3o Ecol\u00f3gica (SOBRE). Membro do Comit\u00ea da Bacia do Rio Tibagi, de 2017 a 2021. Membro do Conselho Municipal de Meio Ambiente de Londrina-PR (CONSEMMA), de julho\/2020 a junho\/2022, integrando a C\u00e2maras T\u00e9cnicas de Biodiversidade e de Saneamento e Recursos H\u00eddricos<\/p>\n\n\n\n<p><strong>Respons\u00e1vel pelo sub-projeto:<\/strong> Estoques e Fluxos de Carbono<\/p>\n<\/div><\/div>\n\n\n\n<div class=\"wp-block-media-text alignwide is-stacked-on-mobile is-vertically-aligned-center\" style=\"grid-template-columns:34% auto\"><figure class=\"wp-block-media-text__media\"><img loading=\"lazy\" decoding=\"async\" width=\"469\" height=\"372\" src=\"https:\/\/pos.uel.br\/biologicas\/wp-content\/uploads\/2022\/06\/cropado.jpeg\" alt=\"\" class=\"wp-image-1103 size-full\" srcset=\"https:\/\/pos.uel.br\/biologicas\/wp-content\/uploads\/2022\/06\/cropado.jpeg 469w, https:\/\/pos.uel.br\/biologicas\/wp-content\/uploads\/2022\/06\/cropado-300x238.jpeg 300w\" sizes=\"auto, (max-width: 469px) 100vw, 469px\" \/><\/figure><div class=\"wp-block-media-text__content\">\n<p><strong>Dr. Fernando Maia Silva Dias<\/strong><\/p>\n\n\n\n<p><strong>L\u00edder do Laborat\u00f3rio de Lepidoptera<\/strong><\/p>\n\n\n\n<p>Pesquisador em sistem\u00e1tica de lepid\u00f3pteros neotropicais com enf\u00e2se em borboletas. Interesses incluem estudar a diversidade, compreender padr\u00f5es e processos ecol\u00f3gicos, padr\u00f5es de distribui\u00e7\u00e3o espaciais e temporais, e investigar a evolu\u00e7\u00e3o e manuten\u00e7\u00e3o da diversidade, aplicando resultados no aprimoramento taxon\u00f4mico e na conserva\u00e7\u00e3o. Estudos incluem trabalhos faun\u00edsiticos nos diversos biomas brasileiros, curadoria e estudo de cole\u00e7\u00f5es cient\u00edficas nacionais e internacionais, e  estudos em laborat\u00f3rio, utiliza\u00e7\u00e3o de dados morfol\u00f3gicos e moleculares para estudos de taxonomia alfa, beta e gama, e estudos filogen\u00e9ticos.<\/p>\n\n\n\n<p><strong>Respons\u00e1vel pelo sub-projeto:<\/strong> Monitoramento de Invertebrados Terrestres (Lepidoptera)<\/p>\n<\/div><\/div>\n\n\n\n<div class=\"wp-block-media-text alignwide is-stacked-on-mobile is-vertically-aligned-center\" style=\"grid-template-columns:34% auto\"><figure class=\"wp-block-media-text__media\"><img loading=\"lazy\" decoding=\"async\" width=\"939\" height=\"1024\" src=\"https:\/\/pos.uel.br\/biologicas\/wp-content\/uploads\/2021\/11\/20200930_101202-2-939x1024.jpg\" alt=\"\" class=\"wp-image-913 size-full\" srcset=\"https:\/\/pos.uel.br\/biologicas\/wp-content\/uploads\/2021\/11\/20200930_101202-2-939x1024.jpg 939w, https:\/\/pos.uel.br\/biologicas\/wp-content\/uploads\/2021\/11\/20200930_101202-2-275x300.jpg 275w, https:\/\/pos.uel.br\/biologicas\/wp-content\/uploads\/2021\/11\/20200930_101202-2-768x837.jpg 768w, https:\/\/pos.uel.br\/biologicas\/wp-content\/uploads\/2021\/11\/20200930_101202-2-1409x1536.jpg 1409w, https:\/\/pos.uel.br\/biologicas\/wp-content\/uploads\/2021\/11\/20200930_101202-2-1878x2048.jpg 1878w, https:\/\/pos.uel.br\/biologicas\/wp-content\/uploads\/2021\/11\/20200930_101202-2.jpg 1994w\" sizes=\"auto, (max-width: 939px) 100vw, 939px\" \/><\/figure><div class=\"wp-block-media-text__content\">\n<p><strong>Dr. Halley Caixeta de Oliveira<\/strong><\/p>\n\n\n\n<p><strong>Um dos L\u00edderes do Laborat\u00f3rio de Ecofisiologia Vegetal (LEFIV)<\/strong><\/p>\n\n\n\n<p>Bi\u00f3logo e professor da Universidade Estadual de Londrina desde 2013. No s\u00edtio PELD-MANP, vem desenvolvendo pesquisas sobre a ecofisiologia de esp\u00e9cies arb\u00f3reas da Floresta Estacional Semidecidual (FES), abordando os efeitos de cultivos agr\u00edcolas adjacentes a fragmentos florestais sobre a nutri\u00e7\u00e3o e o metabolismo das esp\u00e9cies arb\u00f3reas. Tamb\u00e9m vem desenvolvendo pesquisas sobre as respostas de plantas nativas e cultivadas a fatores de estresse abi\u00f3ticos e o desenvolvimento de estrat\u00e9gias biotecnol\u00f3gicas (como nanomateriais e micro-organismos associativos) para aumentar a toler\u00e2ncia de plantas a estresses.<\/p>\n\n\n\n<p><strong>Respons\u00e1vel pelo sub-projeto:<\/strong> Biomonitoramento de Nitrog\u00eanio e F\u00f3sforo<\/p>\n<\/div><\/div>\n\n\n\n<div class=\"wp-block-media-text alignwide is-stacked-on-mobile is-vertically-aligned-center\" style=\"grid-template-columns:35% auto\"><figure class=\"wp-block-media-text__media\"><img loading=\"lazy\" decoding=\"async\" width=\"1024\" height=\"768\" src=\"https:\/\/pos.uel.br\/biologicas\/wp-content\/uploads\/2021\/11\/servletrecuperafoto-1024x768.jpg\" alt=\"\" class=\"wp-image-911 size-full\" srcset=\"https:\/\/pos.uel.br\/biologicas\/wp-content\/uploads\/2021\/11\/servletrecuperafoto-1024x768.jpg 1024w, https:\/\/pos.uel.br\/biologicas\/wp-content\/uploads\/2021\/11\/servletrecuperafoto-300x225.jpg 300w, https:\/\/pos.uel.br\/biologicas\/wp-content\/uploads\/2021\/11\/servletrecuperafoto-768x576.jpg 768w, https:\/\/pos.uel.br\/biologicas\/wp-content\/uploads\/2021\/11\/servletrecuperafoto-1536x1152.jpg 1536w, https:\/\/pos.uel.br\/biologicas\/wp-content\/uploads\/2021\/11\/servletrecuperafoto-2048x1536.jpg 2048w\" sizes=\"auto, (max-width: 1024px) 100vw, 1024px\" \/><\/figure><div class=\"wp-block-media-text__content\">\n<p><strong>Dr. Jos\u00e9 Antonio Pimenta<\/strong><\/p>\n\n\n\n<p><strong>Um dos L\u00edderes do Laborat\u00f3rio de Ecofisiologia Vegetal (LEFIV)<\/strong><\/p>\n\n\n\n<p>Bi\u00f3logo e professor da Universidade Estadual de Londrina desde 1987. Vem desenvolvendo pesquisas em: ecofisiologia de esp\u00e9cies arb\u00f3reas da Floresta Estacional Semidecidual (FES), abordando os efeitos do cultivo agr\u00edcola adjacentes a fragmentos florestais sobre a nutri\u00e7\u00e3o e metabolismo das esp\u00e9cies arb\u00f3reas dos fragmentos florestais. Al\u00e9m disso, tamb\u00e9m vem desenvolvendo pesquisas sobre o efeito da inocula\u00e7\u00e3o com bact\u00e9rias promotoras de crescimento sobre mudas dessas esp\u00e9cies arb\u00f3reas da FES, submetidas ao d\u00e9ficit h\u00eddrico.<\/p>\n\n\n\n<p><strong>Respons\u00e1vel pelo sub-projeto:<\/strong> Biomonitoramento de Nitrog\u00eanio e F\u00f3sforo<\/p>\n<\/div><\/div>\n\n\n\n<div class=\"wp-block-media-text alignwide is-stacked-on-mobile is-vertically-aligned-center\" style=\"grid-template-columns:35% auto\"><figure class=\"wp-block-media-text__media\"><img loading=\"lazy\" decoding=\"async\" width=\"419\" height=\"442\" src=\"https:\/\/pos.uel.br\/biologicas\/wp-content\/uploads\/2021\/11\/Photo-1.jpg\" alt=\"\" class=\"wp-image-909 size-full\" srcset=\"https:\/\/pos.uel.br\/biologicas\/wp-content\/uploads\/2021\/11\/Photo-1.jpg 419w, https:\/\/pos.uel.br\/biologicas\/wp-content\/uploads\/2021\/11\/Photo-1-284x300.jpg 284w\" sizes=\"auto, (max-width: 419px) 100vw, 419px\" \/><\/figure><div class=\"wp-block-media-text__content\">\n<p>Dr. <strong>Luiz dos Anjos <\/strong><\/p>\n\n\n\n<p><strong>L\u00edder do Laborat\u00f3rio de Ornitologia e Bioac\u00fastica (<a href=\"http:\/\/www.lobio.uel.br\" data-type=\"URL\" data-id=\"www.lobio.uel.br\">lobio<\/a>)<\/strong><\/p>\n\n\n\n<p>Professor na Universidade Estadual de Londrina desde 1991 e pesquisador bolsista em produtividade do CNPq em Ecologia de Aves desde 1995. Desenvolve estudos sobre comunidades de aves, especialmente em ambiente florestal. A principal linha de pesquisa envolve analisar os efeitos da fragmenta\u00e7\u00e3o florestal sobre comunidades de aves. Em anos recentes vem tamb\u00e9m pesquisando o processo de coloniza\u00e7\u00e3o das esp\u00e9cies em \u00e1reas de restaura\u00e7\u00e3o florestal analisando a montagem de comunidades. Varia\u00e7\u00f5es da Integridade Bi\u00f3tica, da Diversidade Funcional e da Diversidade de Servi\u00e7os Ecossist\u00eamicos s\u00e3o os par\u00e2metros ecol\u00f3gicos que s\u00e3o investigados. Tem contribu\u00eddo para o desenvolvimento de t\u00e9cnicas de amostragem de aves em campo, sendo que atualmente tem contribu\u00eddo para a expans\u00e3o do uso de gravadores aut\u00f4nomos para o monitoramento de comunidades de aves. Tamb\u00e9m desenvolve estudos em Bioac\u00fastica de aves e em Ecologia de comunidades de anuros e mam\u00edferos.<\/p>\n\n\n\n<p><strong>Respons\u00e1vel pelo sub-projeto<\/strong>: Monitoramento de Aves<\/p>\n<\/div><\/div>\n\n\n\n<div class=\"wp-block-media-text alignwide is-stacked-on-mobile is-vertically-aligned-center\" style=\"grid-template-columns:34% auto\"><figure class=\"wp-block-media-text__media\"><img loading=\"lazy\" decoding=\"async\" width=\"1024\" height=\"768\" src=\"https:\/\/pos.uel.br\/biologicas\/wp-content\/uploads\/2021\/10\/IMG_1266-1024x768.jpg\" alt=\"\" class=\"wp-image-884 size-full\" srcset=\"https:\/\/pos.uel.br\/biologicas\/wp-content\/uploads\/2021\/10\/IMG_1266-1024x768.jpg 1024w, https:\/\/pos.uel.br\/biologicas\/wp-content\/uploads\/2021\/10\/IMG_1266-300x225.jpg 300w, https:\/\/pos.uel.br\/biologicas\/wp-content\/uploads\/2021\/10\/IMG_1266-768x576.jpg 768w, https:\/\/pos.uel.br\/biologicas\/wp-content\/uploads\/2021\/10\/IMG_1266-1536x1152.jpg 1536w, https:\/\/pos.uel.br\/biologicas\/wp-content\/uploads\/2021\/10\/IMG_1266.jpg 2048w\" sizes=\"auto, (max-width: 1024px) 100vw, 1024px\" \/><\/figure><div class=\"wp-block-media-text__content\">\n<p><strong>Dr. Marcos Robalinho Lima<\/strong><\/p>\n\n\n\n<p><strong>L\u00edder do Laborat\u00f3rio de Ecologia Evolutiva e Conserva\u00e7\u00e3o (<a href=\"https:\/\/sites.google.com\/view\/eeconlab-uel\/home\">EECon lab &#8211; UEL<\/a>)<\/strong><\/p>\n\n\n\n<p>Ec\u00f3logo e professor da Universidade Estadual de Londrina desde 2015 vem desenvolvendo pesquisas em: invas\u00f5es biol\u00f3gicas, efeitos da fragmenta\u00e7\u00e3o na biodiversidade (incluindo organismos parasitas de aves), diversidade taxon\u00f4mica e funcional de aves e mam\u00edferos, polui\u00e7\u00e3o sonora, e estudos de ecologia b\u00e1sica aplicados a conserva\u00e7\u00e3o.<\/p>\n\n\n\n<p><strong>Respons\u00e1vel pelo sub-projeto: <\/strong>Monitoramento de mam\u00edferos de m\u00e9dio e grande porte.<\/p>\n<\/div><\/div>\n\n\n\n<div class=\"wp-block-media-text is-stacked-on-mobile is-vertically-aligned-center\" style=\"grid-template-columns:34% auto\"><figure class=\"wp-block-media-text__media\"><img loading=\"lazy\" decoding=\"async\" width=\"1024\" height=\"948\" src=\"https:\/\/pos.uel.br\/biologicas\/wp-content\/uploads\/2022\/06\/20190911_170343-1-1024x948.jpg\" alt=\"\" class=\"wp-image-1109 size-full\" srcset=\"https:\/\/pos.uel.br\/biologicas\/wp-content\/uploads\/2022\/06\/20190911_170343-1-1024x948.jpg 1024w, https:\/\/pos.uel.br\/biologicas\/wp-content\/uploads\/2022\/06\/20190911_170343-1-300x278.jpg 300w, https:\/\/pos.uel.br\/biologicas\/wp-content\/uploads\/2022\/06\/20190911_170343-1-768x711.jpg 768w, https:\/\/pos.uel.br\/biologicas\/wp-content\/uploads\/2022\/06\/20190911_170343-1-1536x1421.jpg 1536w, https:\/\/pos.uel.br\/biologicas\/wp-content\/uploads\/2022\/06\/20190911_170343-1.jpg 1608w\" sizes=\"auto, (max-width: 1024px) 100vw, 1024px\" \/><\/figure><div class=\"wp-block-media-text__content\">\n<p><strong>Dra. Silvia Helena Sofia<\/strong><\/p>\n\n\n\n<p><strong><strong>Uma das pesquisadoras respons\u00e1veis pelo Laborat\u00f3rio de Gen\u00e9tica e Ecologia Animal (<a href=\"http:\/\/www.uel.br\/laboratorios\/lagea\/index.php\" target=\"_blank\" rel=\"noreferrer noopener\">LAGEA<\/a>) da UEL<\/strong><\/strong><\/p>\n\n\n\n<p>Professora da Universidade Estadual de Londrina desde 1996. No s\u00edtio PELD-MANP, vem desenvolvendo pesquisas sobre o reestabelecimento da fauna de abelhas e vespas em \u00e1reas reflorestadas e sobre as assembleias destes insetos em remanescentes de Floresta Estacional Semidecidual (FES).&nbsp; Al\u00e9m de projetos de pesquisa tem atuado junto com seus orientados de gradua\u00e7\u00e3o e p\u00f3s-gradua\u00e7\u00e3o em atividades de educa\u00e7\u00e3o ambiental (extens\u00e3o) junto a escolas p\u00fablicas e privadas de ensinos fundamental e m\u00e9dio, buscando: i) divulgar o importante papel ecol\u00f3gico desempenhado pelas abelhas e outros insetos como agentes polinizadores; ii) os riscos \u00e0s popula\u00e7\u00f5es de abelhas em todo mundo; iii) a import\u00e2ncia da conserva\u00e7\u00e3o de tais polinizadores. Nestas atividades de extens\u00e3o s\u00e3o ainda trabalhados temas envolvendo a import\u00e2ncia da Mata Atl\u00e2ntica e a\u00e7\u00f5es que vem sendo desenvolvidas no projeto PELD-MANP visando a conserva\u00e7\u00e3o deste bioma.<\/p>\n\n\n\n<p><strong>Respons\u00e1vel pelo sub-projeto: <\/strong>Ecologia de Abelhas e Vespas.<\/p>\n<\/div><\/div>\n","protected":false},"excerpt":{"rendered":"<p>Coordenador Dr. Jos\u00e9 Marcelo Torezan &#8211; Coordenador do PELD-MANP L\u00edder do Laborat\u00f3rio de Biodiversidade e Restaura\u00e7\u00e3o de Ecossistemas (LABRE &#8211; UEL) Ec\u00f3logo e professor da Universidade Estadual de Londrina desde 1992 vem desenvolvendo pesquisas em sistemas ecol\u00f3gicos e ecologia da restaura\u00e7\u00e3o com seu principal foco na Mata Atl\u00e2ntica. Orientador n\u00edvel mestrado e doutorado no Programa [&hellip;]<\/p>\n","protected":false},"author":9,"featured_media":0,"parent":0,"menu_order":0,"comment_status":"closed","ping_status":"closed","template":"","meta":{"footnotes":""},"class_list":["post-881","page","type-page","status-publish","hentry"],"acf":[],"_links":{"self":[{"href":"https:\/\/pos.uel.br\/biologicas\/wp-json\/wp\/v2\/pages\/881","targetHints":{"allow":["GET"]}}],"collection":[{"href":"https:\/\/pos.uel.br\/biologicas\/wp-json\/wp\/v2\/pages"}],"about":[{"href":"https:\/\/pos.uel.br\/biologicas\/wp-json\/wp\/v2\/types\/page"}],"author":[{"embeddable":true,"href":"https:\/\/pos.uel.br\/biologicas\/wp-json\/wp\/v2\/users\/9"}],"replies":[{"embeddable":true,"href":"https:\/\/pos.uel.br\/biologicas\/wp-json\/wp\/v2\/comments?post=881"}],"version-history":[{"count":13,"href":"https:\/\/pos.uel.br\/biologicas\/wp-json\/wp\/v2\/pages\/881\/revisions"}],"predecessor-version":[{"id":1301,"href":"https:\/\/pos.uel.br\/biologicas\/wp-json\/wp\/v2\/pages\/881\/revisions\/1301"}],"wp:attachment":[{"href":"https:\/\/pos.uel.br\/biologicas\/wp-json\/wp\/v2\/media?parent=881"}],"curies":[{"name":"wp","href":"https:\/\/api.w.org\/{rel}","templated":true}]}}