{"id":873,"date":"2021-10-27T17:27:26","date_gmt":"2021-10-27T20:27:26","guid":{"rendered":"https:\/\/pos.uel.br\/biologicas\/?page_id=873"},"modified":"2022-09-12T21:07:37","modified_gmt":"2022-09-13T00:07:37","slug":"peld-manp","status":"publish","type":"page","link":"https:\/\/pos.uel.br\/biologicas\/peld-manp\/","title":{"rendered":"S\u00edtio PELD Mata Atl\u00e2ntica Norte do Paran\u00e1"},"content":{"rendered":"\n<h2 class=\"has-text-align-center wp-block-heading\"><mark style=\"background-color:rgba(0, 0, 0, 0)\" class=\"has-inline-color has-secondary-accent-color\">PELD &#8211; MANP<\/mark><\/h2>\n\n\n\n<div class=\"wp-block-group\"><div class=\"wp-block-group__inner-container is-layout-flow wp-block-group-is-layout-flow\">\n<figure class=\"wp-block-pullquote\"><blockquote><p><a href=\"https:\/\/pos.uel.br\/biologicas\/equipe\/\" data-type=\"URL\">Equipe<\/a> &#8211; <a href=\"https:\/\/pos.uel.br\/biologicas\/colaboradores\/\">Colaboradores<\/a> &#8211; <a href=\"https:\/\/pos.uel.br\/biologicas\/projetos-2\/\" data-type=\"URL\">Projetos<\/a> &#8211; <a href=\"https:\/\/pos.uel.br\/biologicas\/publicacoes-sitio-peld\/\">Publica\u00e7\u00f5es<\/a> &#8211; <a href=\"https:\/\/pos.uel.br\/biologicas\/biota-do-manp\/\">Biota do MANP<\/a><\/p><p><\/p><\/blockquote><\/figure>\n<\/div><\/div>\n\n\n\n<p>O PELD \u00e9 um&nbsp;<a href=\"http:\/\/cnpq.br\/apresentacao-peld\/\">programa do CNPq<\/a>&nbsp;que articula e fomenta uma rede de s\u00edtios de refer\u00eancia para a pesquisa cient\u00edfica no tema de Ecologia de Ecossistemas, desde 1999. Atualmente s\u00e3o cerca de&nbsp;<a href=\"http:\/\/cnpq.br\/sitios-peld\/\">30 s\u00edtios distribu\u00eddos em todo o Brasil<\/a>.<\/p>\n\n\n\n<p>O PELD-CNPq faz parte da rede global ILTER \u2013&nbsp;<a href=\"https:\/\/www.ilter.network\/\">International&nbsp;Long&nbsp;Term&nbsp;Ecological&nbsp;Research<\/a>, na qual o&nbsp;<a href=\"https:\/\/data.lter-europe.net\/deims\/9085dc71-b8b6-4df0-8799-9b07134b2173\">PELD MANP<\/a>&nbsp;tamb\u00e9m est\u00e1 representado.<\/p>\n\n\n\n<p>O PELD MANP \u00e9 conjunto de fragmentos de&nbsp;<strong>Floresta Estacional Semidecidual<\/strong>&nbsp;(a Mata Atl\u00e2ntica do interior) e s\u00edtios de restaura\u00e7\u00e3o ecol\u00f3gica (reflorestamentos com esp\u00e9cies nativas) situados na regi\u00e3o de Londrina, norte do estado do Paran\u00e1. O MANP \u00e9 um dos poucos s\u00edtios PELD que tem a sua \u00e1rea distribu\u00edda em diferentes unidades de conserva\u00e7\u00e3o (parques e reservas) e em propriedades privadas.<\/p>\n\n\n\n<p>O PELD MANP tem o objetivo de estudar os efeitos das mudan\u00e7as ambientais sobre a conserva\u00e7\u00e3o dos remanescentes de Mata Atl\u00e2ntica e tamb\u00e9m sobre a trajet\u00f3ria das \u00e1reas em recupera\u00e7\u00e3o.<\/p>\n\n\n\n<p>Assim, os estudos s\u00e3o feitos em parcelas permanentes, em remanescentes florestais e reflorestamentos com esp\u00e9cies nativas.<\/p>\n\n\n\n<figure class=\"wp-block-image size-full\"><img loading=\"lazy\" decoding=\"async\" width=\"842\" height=\"563\" src=\"https:\/\/pos.uel.br\/biologicas\/wp-content\/uploads\/2021\/10\/GODOy.jpeg\" alt=\"\" class=\"wp-image-879\" srcset=\"https:\/\/pos.uel.br\/biologicas\/wp-content\/uploads\/2021\/10\/GODOy.jpeg 842w, https:\/\/pos.uel.br\/biologicas\/wp-content\/uploads\/2021\/10\/GODOy-300x201.jpeg 300w, https:\/\/pos.uel.br\/biologicas\/wp-content\/uploads\/2021\/10\/GODOy-768x514.jpeg 768w\" sizes=\"auto, (max-width: 842px) 100vw, 842px\" \/><\/figure>\n\n\n\n<p>Todos os fragmentos e reflorestamentos j\u00e1 foram amostrados em diferentes momentos por pesquisadores do Programa de P\u00f3s-Gradua\u00e7\u00e3o em Ci\u00eancias Biol\u00f3gicas (UEL), e situam-se em uma regi\u00e3o homog\u00eanea em termos de vegeta\u00e7\u00e3o original, solos, clima e hist\u00f3rico de ocupa\u00e7\u00e3o. Para obter mais informa\u00e7\u00f5es entre em contato com a coordena\u00e7\u00e3o do PELD MANP.<\/p>\n\n\n\n<p>\u00c9 importante mencionar que entre os reflorestamentos h\u00e1 um importante conjunto de s\u00edtios implantados de maneira controlada (t\u00e9cnica de implanta\u00e7\u00e3o, rol de esp\u00e9cies empregadas, solo, topografia, altitude,&nbsp;etc) junto ao reservat\u00f3rio da UHE Capivara.<\/p>\n\n\n\n<p><\/p>\n","protected":false},"excerpt":{"rendered":"<p>PELD &#8211; MANP Equipe &#8211; Colaboradores &#8211; Projetos &#8211; Publica\u00e7\u00f5es &#8211; Biota do MANP O PELD \u00e9 um&nbsp;programa do CNPq&nbsp;que articula e fomenta uma rede de s\u00edtios de refer\u00eancia para a pesquisa cient\u00edfica no tema de Ecologia de Ecossistemas, desde 1999. Atualmente s\u00e3o cerca de&nbsp;30 s\u00edtios distribu\u00eddos em todo o Brasil. O PELD-CNPq faz parte [&hellip;]<\/p>\n","protected":false},"author":9,"featured_media":0,"parent":0,"menu_order":0,"comment_status":"closed","ping_status":"closed","template":"","meta":{"footnotes":""},"class_list":["post-873","page","type-page","status-publish","hentry"],"acf":[],"_links":{"self":[{"href":"https:\/\/pos.uel.br\/biologicas\/wp-json\/wp\/v2\/pages\/873","targetHints":{"allow":["GET"]}}],"collection":[{"href":"https:\/\/pos.uel.br\/biologicas\/wp-json\/wp\/v2\/pages"}],"about":[{"href":"https:\/\/pos.uel.br\/biologicas\/wp-json\/wp\/v2\/types\/page"}],"author":[{"embeddable":true,"href":"https:\/\/pos.uel.br\/biologicas\/wp-json\/wp\/v2\/users\/9"}],"replies":[{"embeddable":true,"href":"https:\/\/pos.uel.br\/biologicas\/wp-json\/wp\/v2\/comments?post=873"}],"version-history":[{"count":8,"href":"https:\/\/pos.uel.br\/biologicas\/wp-json\/wp\/v2\/pages\/873\/revisions"}],"predecessor-version":[{"id":1299,"href":"https:\/\/pos.uel.br\/biologicas\/wp-json\/wp\/v2\/pages\/873\/revisions\/1299"}],"wp:attachment":[{"href":"https:\/\/pos.uel.br\/biologicas\/wp-json\/wp\/v2\/media?parent=873"}],"curies":[{"name":"wp","href":"https:\/\/api.w.org\/{rel}","templated":true}]}}