{"id":445,"date":"2021-06-15T02:54:15","date_gmt":"2021-06-15T05:54:15","guid":{"rendered":"https:\/\/pos.uel.br\/biologicas\/pagina-inicial\/"},"modified":"2025-11-02T07:55:54","modified_gmt":"2025-11-02T10:55:54","slug":"pagina-inicial","status":"publish","type":"page","link":"https:\/\/pos.uel.br\/biologicas\/","title":{"rendered":"P\u00e1gina inicial"},"content":{"rendered":"\n<p><\/p>\n\n\n\n<p><\/p>\n\n\n\n<h2 class=\"wp-block-heading\">Not\u00edcias<\/h2>\n\n\n\n<p><\/p>\n\n\n\n<div class=\"wp-block-group is-nowrap is-layout-flex wp-container-core-group-is-layout-ad2f72ca wp-block-group-is-layout-flex\">\n<div class=\"wp-block-group\"><div class=\"wp-block-group__inner-container is-layout-constrained wp-block-group-is-layout-constrained\">\n<h3 class=\"wp-block-heading\"><strong>Projeto realizado pelo Dr Luiz dos Anjos, docente do Programa, estuda resili\u00eancia ecol\u00f3gica de fragmentos florestais<\/strong>.<\/h3>\n\n\n\n<p>O principal objetivo do projeto \u00e9 avaliar o potencial de recupera\u00e7\u00e3o desses fragmentos florestais medindo, por meio da diversidade funcional das comunidades de aves, a resili\u00eancia ecol\u00f3gica desses ambientes.&nbsp;Confira a <a href=\"https:\/\/operobal.uel.br\/ciencia\/2025\/08\/27\/projeto-estuda-resiliencia-ecologica-de-fragmentos-florestais\/\" data-type=\"link\" data-id=\"https:\/\/operobal.uel.br\/ciencia\/2025\/08\/27\/projeto-estuda-resiliencia-ecologica-de-fragmentos-florestais\/\">not\u00edcia completa.<\/a><\/p>\n\n\n\n<figure class=\"wp-block-image size-large\"><img loading=\"lazy\" decoding=\"async\" width=\"1024\" height=\"310\" src=\"https:\/\/pos.uel.br\/biologicas\/wp-content\/uploads\/2025\/11\/Captura-de-tela-2025-11-01-120634-1024x310.png\" alt=\"\" class=\"wp-image-1933\" srcset=\"https:\/\/pos.uel.br\/biologicas\/wp-content\/uploads\/2025\/11\/Captura-de-tela-2025-11-01-120634-1024x310.png 1024w, https:\/\/pos.uel.br\/biologicas\/wp-content\/uploads\/2025\/11\/Captura-de-tela-2025-11-01-120634-300x91.png 300w, https:\/\/pos.uel.br\/biologicas\/wp-content\/uploads\/2025\/11\/Captura-de-tela-2025-11-01-120634-768x232.png 768w, https:\/\/pos.uel.br\/biologicas\/wp-content\/uploads\/2025\/11\/Captura-de-tela-2025-11-01-120634.png 1100w\" sizes=\"auto, (max-width: 1024px) 100vw, 1024px\" \/><\/figure>\n<\/div><\/div>\n<\/div>\n\n\n\n<p><\/p>\n\n\n\n<h3 class=\"wp-block-heading\"><strong>Programa de P\u00f3s-Gradua\u00e7\u00e3o em Ci\u00eancias Biol\u00f3gicas tem quatro docentes entre os mais influentes do mundo.<\/strong><\/h3>\n\n\n\n<p><\/p>\n\n\n\n<p>A Universidade Estadual de Londrina (UEL) tem 11 pesquisadores entre os 2% mais influentes do mundo, de acordo com o Ranking Stanford\/Elsevier, que analisa o impacto cient\u00edfico de pesquisadores com base nas cita\u00e7\u00f5es de suas publica\u00e7\u00f5es. Confira a <a href=\"https:\/\/operobal.uel.br\/ciencia\/2025\/10\/01\/uel-possui-11-pesquisadores-entre-os-2-mais-influentes-do-mundo\/\" data-type=\"link\" data-id=\"https:\/\/operobal.uel.br\/ciencia\/2025\/10\/01\/uel-possui-11-pesquisadores-entre-os-2-mais-influentes-do-mundo\/\">not\u00edcia completa.<\/a><\/p>\n\n\n\n<figure class=\"wp-block-image size-large is-resized\"><img loading=\"lazy\" decoding=\"async\" width=\"1024\" height=\"794\" src=\"https:\/\/pos.uel.br\/biologicas\/wp-content\/uploads\/2025\/11\/Captura-de-tela-2025-11-01-122658-1024x794.png\" alt=\"\" class=\"wp-image-1936\" style=\"width:498px;height:auto\" srcset=\"https:\/\/pos.uel.br\/biologicas\/wp-content\/uploads\/2025\/11\/Captura-de-tela-2025-11-01-122658-1024x794.png 1024w, https:\/\/pos.uel.br\/biologicas\/wp-content\/uploads\/2025\/11\/Captura-de-tela-2025-11-01-122658-300x233.png 300w, https:\/\/pos.uel.br\/biologicas\/wp-content\/uploads\/2025\/11\/Captura-de-tela-2025-11-01-122658-768x596.png 768w, https:\/\/pos.uel.br\/biologicas\/wp-content\/uploads\/2025\/11\/Captura-de-tela-2025-11-01-122658.png 1306w\" sizes=\"auto, (max-width: 1024px) 100vw, 1024px\" \/><\/figure>\n\n\n\n<p><\/p>\n\n\n\n<div class=\"wp-block-columns is-layout-flex wp-container-core-columns-is-layout-9d6595d7 wp-block-columns-is-layout-flex\">\n<div class=\"wp-block-column is-layout-flow wp-block-column-is-layout-flow\" style=\"flex-basis:100%\">\n<div class=\"wp-block-columns is-layout-flex wp-container-core-columns-is-layout-9d6595d7 wp-block-columns-is-layout-flex\">\n<div class=\"wp-block-column is-layout-flow wp-block-column-is-layout-flow\" style=\"flex-basis:100%\">\n<div class=\"wp-block-columns are-vertically-aligned-top is-layout-flex wp-container-core-columns-is-layout-9d6595d7 wp-block-columns-is-layout-flex\">\n<div class=\"wp-block-column is-vertically-aligned-top is-layout-flow wp-block-column-is-layout-flow\" style=\"flex-basis:100%\">\n<div class=\"wp-block-uel-card\">\n<h3 class=\"wp-block-heading is-style-highlighted-heading\">Editais<\/h3>\n\n\n\n<p class=\"has-text-align-right\"><strong><a href=\"https:\/\/pos.uel.br\/biologicas\/editais\/\" data-type=\"URL\" data-id=\"https:\/\/pos.uel.br\/biologicas\/editais\/\">Mais<\/a><\/strong><\/p>\n\n\n\n<div class=\"wp-block-group alignwide\"><div class=\"wp-block-group__inner-container is-layout-flow wp-block-group-is-layout-flow\">\n<div class=\"wp-block-columns is-layout-flex wp-container-core-columns-is-layout-9d6595d7 wp-block-columns-is-layout-flex\">\n<div class=\"wp-block-column is-layout-flow wp-block-column-is-layout-flow\" style=\"flex-basis:100%\">\n<div class=\"wp-block-group\"><div class=\"wp-block-group__inner-container is-layout-flow wp-block-group-is-layout-flow\">\n<div class=\"wp-block-group\"><div class=\"wp-block-group__inner-container is-layout-flow wp-block-group-is-layout-flow\"><div class=\"editais-block\"><a class=\"editais-block__item-block\" href=\"https:\/\/pos.uel.br\/biologicas\/wp-content\/uploads\/2026\/03\/EDITAL-02-2026-DIVULGACAO-DE-RESULTADO-ESTUDANTE-ESPECIAL.pdf\"><div class=\"editais-block__titulo\"><span>EDITAL 02-2026 &#8211; DIVULGA\u00c7\u00c3O DE RESULTADO &#8211; ESTUDANTE ESPECIAL<\/span><\/div><div class=\"editais-block__resumo\"><span>TORNA P\u00daBLICO o resultado da sele\u00e7\u00e3o e convoca para matr\u00edcula os\/as candidatos\/as selecionados\/as para cursar disciplina no Programa como \u201cEstudante Especial\u201d, com in\u00edcio no primeiro semestre de 2026. <\/span><\/div><div class=\"editais-block__publicado\"><span>2 meses atr\u00e1s<\/span><\/div><\/a><a class=\"editais-block__item-block\" href=\"https:\/\/pos.uel.br\/biologicas\/wp-content\/uploads\/2026\/02\/Edital-01-2026-Oferta_Especial_2026-1.pdf\"><div class=\"editais-block__titulo\"><span>EDITAL N\u00ba 001\/2026 \u2013 OFERTA DE VAGAS PARA ESTUDANTE ESPECIAL<\/span><\/div><div class=\"editais-block__resumo\"><span>Estabelece normas e procedimentos de sele\u00e7\u00e3o para cursar disciplina, como Estudante Especial, no Programa de P\u00f3s-Gradua\u00e7\u00e3o em Ci\u00eancias Biol\u00f3gicas<\/span><\/div><div class=\"editais-block__publicado\"><span>3 meses atr\u00e1s<\/span><\/div><\/a><a class=\"editais-block__item-block\" href=\"https:\/\/pos.uel.br\/biologicas\/wp-content\/uploads\/2026\/02\/Edital_Resultado-da-Selecao-Interna-PDSE-UEL_PPGCB-2a-chamada.pdf\"><div class=\"editais-block__titulo\"><span>EDITAL 15\/2025<\/span><\/div><div class=\"editais-block__resumo\"><span>RESULTADO DA SELE\u00c7\u00c3O DE CANDIDATURAS AO PROGRAMA DE DOUTORADO SANDU\u00cdCHE NO EXTERIOR \u2013 PDSE \u2013 2\u00aa chamada<\/span><\/div><div class=\"editais-block__publicado\"><span>3 meses atr\u00e1s<\/span><\/div><\/a><a class=\"editais-block__item-block\" href=\"https:\/\/pos.uel.br\/biologicas\/wp-content\/uploads\/2025\/12\/EDITAL-DE-RETIFICACAO-No-14-2025_PDSE2025_PPG-CB-2a-chamada.pdf\"><div class=\"editais-block__titulo\"><span>EDITAL DE RETIFICA\u00c7\u00c3O N\u00ba 14\/2025<\/span><\/div><div class=\"editais-block__resumo\"><span>RETIFICA o per\u00edodo de inscri\u00e7\u00f5es previsto no Edital PROPPG n\u00ba 13\/2025, que trata da segunda chamada de Sele\u00e7\u00e3o Interna de candidatos ao Programa de Doutorado Sandu\u00edche no Exterior (PDSE \u2013 CAPES).<\/span><\/div><div class=\"editais-block__publicado\"><span>4 meses atr\u00e1s<\/span><\/div><\/a><a class=\"editais-block__item-block\" href=\"https:\/\/pos.uel.br\/biologicas\/wp-content\/uploads\/2025\/12\/Edita-12.2025-UEL_PDSE2025_PPG-CB-2a-chamada.pdf\"><div class=\"editais-block__titulo\"><span>EDITAL 13\/2025<\/span><\/div><div class=\"editais-block__resumo\"><span>Estabelece Normas e Procedimentos para a segunda chamada de Sele\u00e7\u00e3o Interna de candidatos ao Programa de Doutorado Sandu\u00edche no Exterior de acordo com o Edital CAPES n.\u00ba 17\/2025, junto ao Programa de de P\u00f3s-Gradua\u00e7\u00e3o (PPG) em Ci\u00eancias Biol\u00f3gicas da Universidade Estadual de Londrina (UEL).<\/span><\/div><div class=\"editais-block__publicado\"><span>5 meses atr\u00e1s<\/span><\/div><\/a><a class=\"editais-block__item-block\" href=\"https:\/\/pos.uel.br\/biologicas\/wp-content\/uploads\/2025\/12\/Edital-12.2025-convocacao-para-matricula.pdf\"><div class=\"editais-block__titulo\"><span>Edital 12\/2025 &#8211; convoca\u00e7\u00e3o para matr\u00edcula<\/span><\/div><div class=\"editais-block__resumo\"><span>Convoca\u00e7\u00e3o para matr\u00edcula dos candidatos classificados para ingresso nos cursos de Mestrado e Doutorado, com o in\u00edcio no primeiro semestre de 2026<\/span><\/div><div class=\"editais-block__publicado\"><span>5 meses atr\u00e1s<\/span><\/div><\/a><\/div><\/div><\/div>\n<\/div><\/div>\n<\/div>\n<\/div>\n<\/div><\/div>\n\n\n\n<p><\/p>\n<\/div>\n\n\n\n<div class=\"wp-block-columns is-layout-flex wp-container-core-columns-is-layout-9d6595d7 wp-block-columns-is-layout-flex\">\n<div class=\"wp-block-column is-layout-flow wp-block-column-is-layout-flow\">\n<div class=\"wp-block-uel-card\">\n<h3 class=\"wp-block-heading is-style-highlighted-heading\">Defesas e qualifica\u00e7\u00f5es<\/h3>\n\n\n\n<h4 class=\"wp-block-heading has-text-align-right\"><strong><em>em atualiza\u00e7\u00e3o<\/em><\/strong><\/h4>\n\n\n\n<h4 class=\"wp-block-heading has-text-align-right\"><a href=\"https:\/\/pos.uel.br\/biologicas\/defesas-qualificacoes\/\"><strong>Mais<\/strong><\/a><\/h4>\n\n\n\n<div class=\"wp-block-buttons is-layout-flex wp-block-buttons-is-layout-flex\">\n<div class=\"wp-block-button\"><a class=\"wp-block-button__link has-primary-accent-background-color has-background wp-element-button\" href=\"http:\/\/www.bibliotecadigital.uel.br\/document\/list.php?tid=91\">Acesso \u00e0s disserta\u00e7\u00f5es e teses do PPG-CB<\/a><\/div>\n<\/div>\n<\/div>\n<\/div>\n\n\n\n<div class=\"wp-block-column is-layout-flow wp-block-column-is-layout-flow\">\n<div class=\"wp-block-uel-card\">\n<h3 class=\"wp-block-heading is-style-highlighted-heading\">Comunicados<\/h3>\n\n\n\n<p class=\"has-text-align-right\"><a href=\"https:\/\/pos.uel.br\/biologicas\/sem-categoria\/\"><strong>Mais<\/strong><\/a><\/p>\n\n\n\n<h6 class=\"wp-block-heading\"><a href=\"https:\/\/pos.uel.br\/biologicas\/editais\/selecao-de-bolsista-de-pos-doutorado-pdj-napi-biodiversidade-servicos-ecossistemicos\/\" data-type=\"link\" data-id=\"https:\/\/pos.uel.br\/biologicas\/editais\/selecao-de-bolsista-de-pos-doutorado-pdj-napi-biodiversidade-servicos-ecossistemicos\/\">Sele\u00e7\u00e3o de Bolsista de P\u00f3s-Doutorado (PDJ) \u2013 NAPI Biodiversidade: Servi\u00e7os Ecossist\u00eamicos<\/a><\/h6>\n\n\n\n<p><\/p>\n\n\n\n<h6 class=\"wp-block-heading\"><a href=\"https:\/\/pos.uel.br\/biologicas\/?post_type=editais&amp;p=1921&amp;preview=true\" data-type=\"link\" data-id=\"https:\/\/pos.uel.br\/biologicas\/?post_type=editais&amp;p=1921&amp;preview=true\">Matr\u00edculas abertas &#8211; disciplina de Direito Ambiental<\/a><\/h6>\n\n\n\n<p><\/p>\n<\/div>\n<\/div>\n<\/div>\n<\/div>\n<\/div>\n\n\n\n<div class=\"wp-block-columns alignfull are-vertically-aligned-center is-layout-flex wp-container-core-columns-is-layout-9d6595d7 wp-block-columns-is-layout-flex\">\n<div class=\"wp-block-column is-vertically-aligned-center is-layout-flow wp-block-column-is-layout-flow\">\n<div class=\"wp-block-uel-card\">\n<h3 class=\"wp-block-heading is-style-highlighted-heading\">Links \u00dateis<\/h3>\n\n\n\n<p><a href=\"https:\/\/www.uel.br\/portaldoestudante\/\">Portal do estudante<\/a><\/p>\n\n\n\n<p class=\"has-normal-font-size\"><a href=\"https:\/\/www-periodicos-capes-gov-br.ezl.periodicos.capes.gov.br\/index.php?\">Portal de peri\u00f3dicos<\/a><\/p>\n\n\n\n<p class=\"has-normal-font-size\"><a href=\"http:\/\/www.uel.br\/bc\/home\/index.php\">Biblioteca<\/a><\/p>\n\n\n\n<p><a href=\"http:\/\/www.uel.br\/ari\/\">Assessoria de rela\u00e7\u00f5es internacionais<\/a><\/p>\n<\/div>\n<\/div>\n\n\n\n<div class=\"wp-block-column is-layout-flow wp-block-column-is-layout-flow\">\n<p><\/p>\n\n\n\n<p><\/p>\n\n\n\n<p><strong>Acompanhe nosso Instagram!<\/strong><\/p>\n\n\n\n<p>@ppg.cb.uel <\/p>\n\n\n\n<p><a rel=\"noreferrer noopener\" href=\"https:\/\/www.instagram.com\/ppg.cb.uel\/\" target=\"_blank\">https:\/\/www.instagram.com\/ppg.cb.uel\/<\/a><\/p>\n\n\n\n<figure class=\"wp-block-image size-large is-resized\"><img loading=\"lazy\" decoding=\"async\" width=\"1024\" height=\"349\" src=\"https:\/\/pos.uel.br\/biologicas\/wp-content\/uploads\/2022\/10\/image-1024x349.png\" alt=\"\" class=\"wp-image-1422\" style=\"width:337px;height:114px\" srcset=\"https:\/\/pos.uel.br\/biologicas\/wp-content\/uploads\/2022\/10\/image-1024x349.png 1024w, https:\/\/pos.uel.br\/biologicas\/wp-content\/uploads\/2022\/10\/image-300x102.png 300w, https:\/\/pos.uel.br\/biologicas\/wp-content\/uploads\/2022\/10\/image-768x262.png 768w, https:\/\/pos.uel.br\/biologicas\/wp-content\/uploads\/2022\/10\/image.png 1465w\" sizes=\"auto, (max-width: 1024px) 100vw, 1024px\" \/><\/figure>\n<\/div>\n\n\n\n<div class=\"wp-block-column is-vertically-aligned-center is-layout-flow wp-block-column-is-layout-flow\">\n<div class=\"wp-block-uel-card\"><div class=\"wp-block-image is-style-default\">\n<figure class=\"aligncenter size-large is-resized\"><a href=\"https:\/\/pos.uel.br\/biologicas\/autoavaliacao\/\"><img loading=\"lazy\" decoding=\"async\" width=\"1024\" height=\"341\" src=\"https:\/\/pos.uel.br\/biologicas\/wp-content\/uploads\/2021\/06\/auto-avaliacao-1024x341.jpg\" alt=\"\" class=\"wp-image-596\" style=\"width:219px;height:72px\" srcset=\"https:\/\/pos.uel.br\/biologicas\/wp-content\/uploads\/2021\/06\/auto-avaliacao-1024x341.jpg 1024w, https:\/\/pos.uel.br\/biologicas\/wp-content\/uploads\/2021\/06\/auto-avaliacao-300x100.jpg 300w, https:\/\/pos.uel.br\/biologicas\/wp-content\/uploads\/2021\/06\/auto-avaliacao-768x256.jpg 768w, https:\/\/pos.uel.br\/biologicas\/wp-content\/uploads\/2021\/06\/auto-avaliacao.jpg 1134w\" sizes=\"auto, (max-width: 1024px) 100vw, 1024px\" \/><\/a><\/figure>\n<\/div>\n\n<div class=\"wp-block-image\">\n<figure class=\"aligncenter size-large is-resized\"><a href=\"https:\/\/pos.uel.br\/biologicas\/cafe-com-biodiversidade\/\"><img loading=\"lazy\" decoding=\"async\" width=\"974\" height=\"1024\" src=\"https:\/\/pos.uel.br\/biologicas\/wp-content\/uploads\/2021\/06\/Cafe-Biodiversidade-Cover2-974x1024.jpg\" alt=\"\" class=\"wp-image-525\" style=\"width:140px;height:146px\" srcset=\"https:\/\/pos.uel.br\/biologicas\/wp-content\/uploads\/2021\/06\/Cafe-Biodiversidade-Cover2-974x1024.jpg 974w, https:\/\/pos.uel.br\/biologicas\/wp-content\/uploads\/2021\/06\/Cafe-Biodiversidade-Cover2-285x300.jpg 285w, https:\/\/pos.uel.br\/biologicas\/wp-content\/uploads\/2021\/06\/Cafe-Biodiversidade-Cover2-768x808.jpg 768w, https:\/\/pos.uel.br\/biologicas\/wp-content\/uploads\/2021\/06\/Cafe-Biodiversidade-Cover2.jpg 1236w\" sizes=\"auto, (max-width: 974px) 100vw, 974px\" \/><\/a><\/figure>\n<\/div>\n\n\n<p class=\"has-text-align-center\"><a href=\"https:\/\/pos.uel.br\/biologicas\/proficiencia-em-lingua-inglesa\/\">Profici\u00eancia em l\u00edngua inglesa<\/a><\/p>\n\n\n\n<p class=\"has-text-align-center\"><a href=\"https:\/\/pos.uel.br\/biologicas\/internacionalizacao\/\">Internacionaliza\u00e7\u00e3o<\/a><\/p>\n<\/div>\n<\/div>\n<\/div>\n<\/div>\n<\/div>\n<\/div>\n<\/div>\n\n\n<form role=\"search\" method=\"get\" action=\"https:\/\/pos.uel.br\/biologicas\/\" class=\"wp-block-search__button-outside wp-block-search__text-button wp-block-search\"    ><label class=\"wp-block-search__label\" for=\"wp-block-search__input-1\" >Busca<\/label><div class=\"wp-block-search__inside-wrapper\" ><input class=\"wp-block-search__input\" id=\"wp-block-search__input-1\" placeholder=\"\" value=\"\" type=\"search\" name=\"s\" required \/><button aria-label=\"Pesquisar\" class=\"wp-block-search__button wp-element-button\" type=\"submit\" >Pesquisar<\/button><\/div><\/form>\n\n\n<div style=\"height:40px\" aria-hidden=\"true\" class=\"wp-block-spacer\"><\/div>\n\n\n\n<div class=\"wp-block-columns is-layout-flex wp-container-core-columns-is-layout-9d6595d7 wp-block-columns-is-layout-flex\">\n<div class=\"wp-block-column is-layout-flow wp-block-column-is-layout-flow\">\n<figure class=\"wp-block-image size-large is-resized\"><img loading=\"lazy\" decoding=\"async\" width=\"1024\" height=\"706\" src=\"https:\/\/pos.uel.br\/biologicas\/wp-content\/uploads\/2021\/06\/Logo-Color-Vertical-TELA-1024x706.png\" alt=\"\" class=\"wp-image-605\" style=\"width:171px;height:117px\" srcset=\"https:\/\/pos.uel.br\/biologicas\/wp-content\/uploads\/2021\/06\/Logo-Color-Vertical-TELA-1024x706.png 1024w, https:\/\/pos.uel.br\/biologicas\/wp-content\/uploads\/2021\/06\/Logo-Color-Vertical-TELA-300x207.png 300w, https:\/\/pos.uel.br\/biologicas\/wp-content\/uploads\/2021\/06\/Logo-Color-Vertical-TELA-768x529.png 768w, https:\/\/pos.uel.br\/biologicas\/wp-content\/uploads\/2021\/06\/Logo-Color-Vertical-TELA-1536x1058.png 1536w, https:\/\/pos.uel.br\/biologicas\/wp-content\/uploads\/2021\/06\/Logo-Color-Vertical-TELA-2048x1411.png 2048w\" sizes=\"auto, (max-width: 1024px) 100vw, 1024px\" \/><\/figure>\n<\/div>\n\n\n\n<div class=\"wp-block-column is-layout-flow wp-block-column-is-layout-flow\">\n<figure class=\"wp-block-image size-large\"><img loading=\"lazy\" decoding=\"async\" width=\"304\" height=\"119\" src=\"https:\/\/pos.uel.br\/biologicas\/wp-content\/uploads\/2021\/06\/Logo_proppg_colorida.png\" alt=\"\" class=\"wp-image-603\" srcset=\"https:\/\/pos.uel.br\/biologicas\/wp-content\/uploads\/2021\/06\/Logo_proppg_colorida.png 304w, https:\/\/pos.uel.br\/biologicas\/wp-content\/uploads\/2021\/06\/Logo_proppg_colorida-300x117.png 300w\" sizes=\"auto, (max-width: 304px) 100vw, 304px\" \/><\/figure>\n<\/div>\n\n\n\n<div class=\"wp-block-column is-layout-flow wp-block-column-is-layout-flow\"><div class=\"wp-block-image\">\n<figure class=\"aligncenter size-large is-resized\"><img loading=\"lazy\" decoding=\"async\" width=\"1024\" height=\"948\" src=\"https:\/\/pos.uel.br\/biologicas\/wp-content\/uploads\/2021\/06\/logo-capes-original-fundo-claro-png-1024x948.png\" alt=\"\" class=\"wp-image-601\" style=\"width:126px;height:116px\" srcset=\"https:\/\/pos.uel.br\/biologicas\/wp-content\/uploads\/2021\/06\/logo-capes-original-fundo-claro-png-1024x948.png 1024w, https:\/\/pos.uel.br\/biologicas\/wp-content\/uploads\/2021\/06\/logo-capes-original-fundo-claro-png-300x278.png 300w, https:\/\/pos.uel.br\/biologicas\/wp-content\/uploads\/2021\/06\/logo-capes-original-fundo-claro-png-768x711.png 768w, https:\/\/pos.uel.br\/biologicas\/wp-content\/uploads\/2021\/06\/logo-capes-original-fundo-claro-png-1536x1422.png 1536w, https:\/\/pos.uel.br\/biologicas\/wp-content\/uploads\/2021\/06\/logo-capes-original-fundo-claro-png-2048x1896.png 2048w\" sizes=\"auto, (max-width: 1024px) 100vw, 1024px\" \/><\/figure>\n<\/div><\/div>\n\n\n\n<div class=\"wp-block-column is-layout-flow wp-block-column-is-layout-flow\">\n<figure class=\"wp-block-image size-large is-resized\"><img loading=\"lazy\" decoding=\"async\" width=\"300\" height=\"133\" src=\"https:\/\/pos.uel.br\/biologicas\/wp-content\/uploads\/2021\/06\/logo-cnpq.jpg\" alt=\"\" class=\"wp-image-602\" style=\"width:220px;height:96px\" \/><\/figure>\n<\/div>\n\n\n\n<div class=\"wp-block-column is-layout-flow wp-block-column-is-layout-flow\">\n<figure class=\"wp-block-image size-large\"><img loading=\"lazy\" decoding=\"async\" width=\"512\" height=\"385\" src=\"https:\/\/pos.uel.br\/biologicas\/wp-content\/uploads\/2021\/06\/logo-fa.png\" alt=\"\" class=\"wp-image-600\" srcset=\"https:\/\/pos.uel.br\/biologicas\/wp-content\/uploads\/2021\/06\/logo-fa.png 512w, https:\/\/pos.uel.br\/biologicas\/wp-content\/uploads\/2021\/06\/logo-fa-300x226.png 300w\" sizes=\"auto, (max-width: 512px) 100vw, 512px\" \/><\/figure>\n<\/div>\n<\/div>\n","protected":false},"excerpt":{"rendered":"<p>Not\u00edcias Projeto realizado pelo Dr Luiz dos Anjos, docente do Programa, estuda resili\u00eancia ecol\u00f3gica de fragmentos florestais. O principal objetivo do projeto \u00e9 avaliar o potencial de recupera\u00e7\u00e3o desses fragmentos florestais medindo, por meio da diversidade funcional das comunidades de aves, a resili\u00eancia ecol\u00f3gica desses ambientes.&nbsp;Confira a not\u00edcia completa. Programa de P\u00f3s-Gradua\u00e7\u00e3o em Ci\u00eancias Biol\u00f3gicas [&hellip;]<\/p>\n","protected":false},"author":10,"featured_media":0,"parent":0,"menu_order":0,"comment_status":"closed","ping_status":"closed","template":"page-templates\/template-without-title.php","meta":{"footnotes":""},"class_list":["post-445","page","type-page","status-publish","hentry"],"acf":[],"_links":{"self":[{"href":"https:\/\/pos.uel.br\/biologicas\/wp-json\/wp\/v2\/pages\/445","targetHints":{"allow":["GET"]}}],"collection":[{"href":"https:\/\/pos.uel.br\/biologicas\/wp-json\/wp\/v2\/pages"}],"about":[{"href":"https:\/\/pos.uel.br\/biologicas\/wp-json\/wp\/v2\/types\/page"}],"author":[{"embeddable":true,"href":"https:\/\/pos.uel.br\/biologicas\/wp-json\/wp\/v2\/users\/10"}],"replies":[{"embeddable":true,"href":"https:\/\/pos.uel.br\/biologicas\/wp-json\/wp\/v2\/comments?post=445"}],"version-history":[{"count":54,"href":"https:\/\/pos.uel.br\/biologicas\/wp-json\/wp\/v2\/pages\/445\/revisions"}],"predecessor-version":[{"id":1948,"href":"https:\/\/pos.uel.br\/biologicas\/wp-json\/wp\/v2\/pages\/445\/revisions\/1948"}],"wp:attachment":[{"href":"https:\/\/pos.uel.br\/biologicas\/wp-json\/wp\/v2\/media?parent=445"}],"curies":[{"name":"wp","href":"https:\/\/api.w.org\/{rel}","templated":true}]}}