{"id":441,"date":"2021-06-13T17:55:01","date_gmt":"2021-06-13T20:55:01","guid":{"rendered":"https:\/\/pos.uel.br\/biologicas\/?page_id=441"},"modified":"2021-07-29T23:57:59","modified_gmt":"2021-07-30T02:57:59","slug":"cafe-com-biodiversidade","status":"publish","type":"page","link":"https:\/\/pos.uel.br\/biologicas\/cafe-com-biodiversidade\/","title":{"rendered":"Caf\u00e9 com Biodiversidade"},"content":{"rendered":"\n<div class=\"wp-block-media-text alignwide is-stacked-on-mobile\" style=\"grid-template-columns:41% auto\"><figure class=\"wp-block-media-text__media\"><img loading=\"lazy\" decoding=\"async\" width=\"974\" height=\"1024\" src=\"https:\/\/pos.uel.br\/biologicas\/wp-content\/uploads\/2021\/06\/Cafe-Biodiversidade-Cover2-974x1024.jpg\" alt=\"\" class=\"wp-image-525 size-full\" srcset=\"https:\/\/pos.uel.br\/biologicas\/wp-content\/uploads\/2021\/06\/Cafe-Biodiversidade-Cover2-974x1024.jpg 974w, https:\/\/pos.uel.br\/biologicas\/wp-content\/uploads\/2021\/06\/Cafe-Biodiversidade-Cover2-285x300.jpg 285w, https:\/\/pos.uel.br\/biologicas\/wp-content\/uploads\/2021\/06\/Cafe-Biodiversidade-Cover2-768x808.jpg 768w, https:\/\/pos.uel.br\/biologicas\/wp-content\/uploads\/2021\/06\/Cafe-Biodiversidade-Cover2.jpg 1236w\" sizes=\"auto, (max-width: 974px) 100vw, 974px\" \/><\/figure><div class=\"wp-block-media-text__content\">\n<p class=\"has-medium-font-size\"><em>O Caf\u00e9 com Biodiversidade \u00e9 um ciclo de palestras do Programa de P\u00f3s-Gradua\u00e7\u00e3o em Ci\u00eancias Biol\u00f3gicas da UEL. Seu objetivo \u00e9 unir os discentes e docentes do nosso programa para debater diferentes temas relacionados \u00e0 Biodiversidade e propor um momento de confraterniza\u00e7\u00e3o. As palestras s\u00e3o informais e englobam diversos temas das linhas de pesquisas do PPG-CB. Al\u00e9m de ci\u00eancia, tamb\u00e9m contamos com palestras sobre a experi\u00eancia profissional de diversos membros no nosso programa.&nbsp;<\/em><\/p>\n\n\n\n<div style=\"height:50px\" aria-hidden=\"true\" class=\"wp-block-spacer\"><\/div>\n\n\n\n<p class=\"has-medium-font-size\"><strong><em>Aten\u00e7\u00e3o:<\/em><\/strong><\/p>\n\n\n\n<p class=\"has-medium-font-size\"><em>Apesar de n\u00e3o podermos nos confraternizar presencialmente com caf\u00e9 e bolo devido \u00e0 pandemia, o Caf\u00e9 com Biodiversidade ir\u00e1 ocorrer de forma remota. Confira a pr\u00f3xima palestra abaixo.<\/em><\/p>\n\n\n\n<figure class=\"wp-block-embed is-type-rich is-provider-twitter wp-block-embed-twitter\"><div class=\"wp-block-embed__wrapper\">\n<blockquote class=\"twitter-tweet\" data-width=\"550\" data-dnt=\"true\"><p lang=\"pt\" dir=\"ltr\">Voc\u00ea perdeu a incr\u00edvel mesa redonda com <a href=\"https:\/\/twitter.com\/ana_bosslady?ref_src=twsrc%5Etfw\">@ana_bosslady<\/a> <a href=\"https:\/\/twitter.com\/crisbanksleite?ref_src=twsrc%5Etfw\">@crisbanksleite<\/a> <a href=\"https:\/\/twitter.com\/costagc?ref_src=twsrc%5Etfw\">@costagc<\/a> <a href=\"https:\/\/twitter.com\/com_ecology?ref_src=twsrc%5Etfw\">@com_ecology<\/a> <a href=\"https:\/\/twitter.com\/CoralReefFish?ref_src=twsrc%5Etfw\">@CoralReefFish<\/a> <a href=\"https:\/\/twitter.com\/thi_sanna?ref_src=twsrc%5Etfw\">@thi_sanna<\/a> N\u00e3o se preocupe, ela est\u00e1 online. Aproveita e d\u00e1 o seu like. <a href=\"https:\/\/t.co\/GqPOsF3zrB\">https:\/\/t.co\/GqPOsF3zrB<\/a><\/p>&mdash; PPG-CB UEL (@PpgUel) <a href=\"https:\/\/twitter.com\/PpgUel\/status\/1420933153313726466?ref_src=twsrc%5Etfw\">July 30, 2021<\/a><\/blockquote><script async src=\"https:\/\/platform.twitter.com\/widgets.js\" charset=\"utf-8\"><\/script>\n<\/div><\/figure>\n<\/div><\/div>\n\n\n\n<div class=\"wp-block-columns is-layout-flex wp-container-core-columns-is-layout-9d6595d7 wp-block-columns-is-layout-flex\"><\/div>\n\n\n\n<p><\/p>\n\n\n\n<p><\/p>\n","protected":false},"excerpt":{"rendered":"","protected":false},"author":10,"featured_media":0,"parent":0,"menu_order":0,"comment_status":"closed","ping_status":"closed","template":"","meta":{"footnotes":""},"class_list":["post-441","page","type-page","status-publish","hentry"],"acf":[],"_links":{"self":[{"href":"https:\/\/pos.uel.br\/biologicas\/wp-json\/wp\/v2\/pages\/441","targetHints":{"allow":["GET"]}}],"collection":[{"href":"https:\/\/pos.uel.br\/biologicas\/wp-json\/wp\/v2\/pages"}],"about":[{"href":"https:\/\/pos.uel.br\/biologicas\/wp-json\/wp\/v2\/types\/page"}],"author":[{"embeddable":true,"href":"https:\/\/pos.uel.br\/biologicas\/wp-json\/wp\/v2\/users\/10"}],"replies":[{"embeddable":true,"href":"https:\/\/pos.uel.br\/biologicas\/wp-json\/wp\/v2\/comments?post=441"}],"version-history":[{"count":6,"href":"https:\/\/pos.uel.br\/biologicas\/wp-json\/wp\/v2\/pages\/441\/revisions"}],"predecessor-version":[{"id":747,"href":"https:\/\/pos.uel.br\/biologicas\/wp-json\/wp\/v2\/pages\/441\/revisions\/747"}],"wp:attachment":[{"href":"https:\/\/pos.uel.br\/biologicas\/wp-json\/wp\/v2\/media?parent=441"}],"curies":[{"name":"wp","href":"https:\/\/api.w.org\/{rel}","templated":true}]}}