{"id":339,"date":"2021-06-09T17:34:41","date_gmt":"2021-06-09T20:34:41","guid":{"rendered":"https:\/\/pos.uel.br\/biologicas\/?page_id=339"},"modified":"2021-12-07T15:30:29","modified_gmt":"2021-12-07T18:30:29","slug":"alunos-especiais-e-externos","status":"publish","type":"page","link":"https:\/\/pos.uel.br\/biologicas\/alunos-especiais-e-externos\/","title":{"rendered":"Alunos especiais e externos"},"content":{"rendered":"\n<div style=\"height:30px\" aria-hidden=\"true\" class=\"wp-block-spacer\"><\/div>\n\n\n\n<p>Portadores do diploma de gradua\u00e7\u00e3o podem se matricular em disciplinas isoladas do Programa de P\u00f3s-gradua\u00e7\u00e3o em Ci\u00eancias Biol\u00f3gicas como alunos especiais ou alunos externos, conforme explicado a seguir.  <\/p>\n\n\n\n<div style=\"height:30px\" aria-hidden=\"true\" class=\"wp-block-spacer\"><\/div>\n\n\n\n<div class=\"wp-block-columns is-layout-flex wp-container-core-columns-is-layout-9d6595d7 wp-block-columns-is-layout-flex\">\n<div class=\"wp-block-column is-layout-flow wp-block-column-is-layout-flow\">\n<p class=\"has-text-align-center has-primary-accent-color has-text-color has-medium-font-size\"><strong>Alunos especiais<\/strong><\/p>\n\n\n\n<div style=\"height:30px\" aria-hidden=\"true\" class=\"wp-block-spacer\"><\/div>\n\n\n\n<p class=\"has-text-align-center\" id=\"block-668a95d0-98bb-4dd5-b45c-6cc63368b034\"><strong>S\u00e3o alunos&nbsp;<u>n\u00e3o<\/u>&nbsp;matriculados em outros Programas de P\u00f3s-gradua\u00e7\u00e3o<\/strong><\/p>\n\n\n\n<div style=\"height:30px\" aria-hidden=\"true\" class=\"wp-block-spacer\"><\/div>\n\n\n\n<p id=\"block-60021345-fa56-4e4e-be06-e26158936410\">O processo de sele\u00e7\u00e3o para os candidatos ao PPG-CB como alunos especiais d\u00e1-se semestralmente, por meio de <a href=\"https:\/\/pos.uel.br\/biologicas\/editais\/\">edital espec\u00edfico<\/a>. Caso seja classificado, o aluno especial poder\u00e1 cursar at\u00e9 15 cr\u00e9ditos em disciplinas, o que equivale a 50% do n\u00famero m\u00ednimo de cr\u00e9ditos do Mestrado.  As inscri\u00e7\u00f5es s\u00e3o efetivadas no per\u00edodo determinado pelo calend\u00e1rio da p\u00f3s-gradua\u00e7\u00e3o da UEL, por meio de formul\u00e1rio eletr\u00f4nico dispon\u00edvel na p\u00e1gina da&nbsp;PROPPG, pagamento de taxa, e entrega dos documentos \u00e0 Secretaria do PPG-CB.<\/p>\n\n\n\n<p id=\"block-bb6b6f09-7aa7-4ef7-bc76-931f2eb5b729\">Os documentos solicitados s\u00e3o:<\/p>\n\n\n\n<p id=\"block-0828adcb-d35e-4d2d-a676-68c7c96eb954\">a) requerimento de inscri\u00e7\u00e3o (&#8220;inscri\u00e7\u00e3o eletr\u00f4nica&#8221;) devidamente preenchido e assinado;<\/p>\n\n\n\n<p id=\"block-744f70c1-aa1e-40da-b8dc-fa48d84315f9\">b) c\u00f3pia do comprovante do pagamento da taxa de inscri\u00e7\u00e3o;<\/p>\n\n\n\n<p id=\"block-541cb565-aeb3-4afd-9fdb-4189439ac4a6\">c) c\u00f3pia dos documentos pessoais (RG, CPF, Documento Militar, Certid\u00e3o de Nascimento\/Casamento);<\/p>\n\n\n\n<p id=\"block-7f096635-5de4-4d95-b66b-889c3f107336\">d) c\u00f3pia do Hist\u00f3rico Escolar do curso de gradua\u00e7\u00e3o;<\/p>\n\n\n\n<p id=\"block-3d2da1f9-c2f6-4364-ba62-2271fd9e9837\">e) c\u00f3pia do diploma de gradua\u00e7\u00e3o (autenticada quando n\u00e3o formado na UEL).<\/p>\n\n\n\n<p id=\"block-db742700-b747-4bb3-8c58-12957ac08f73\">Considerando o Parecer n\u00ba 303\/2000 da C\u00e2mara de Ensino Superior do MEC, o candidato aprovado poder\u00e1 apresentar, no ato da matr\u00edcula, a fotoc\u00f3pia do certificado ou atestado de conclus\u00e3o do curso de gradua\u00e7\u00e3o, bem como o documento que comprove que o mesmo est\u00e1 reconhecido pelo \u00f3rg\u00e3o competente, o qual dever\u00e1 estar devidamente datado e assinado. Nesse caso, a matr\u00edcula se dar\u00e1 em car\u00e1ter prec\u00e1rio e provis\u00f3rio, at\u00e9 a apresenta\u00e7\u00e3o do respectivo diploma. Caso seja apresentado o atestado de conclus\u00e3o do curso de gradua\u00e7\u00e3o, nele dever\u00e1 constar a data de conclus\u00e3o e a data de previs\u00e3o de cola\u00e7\u00e3o de grau. At\u00e9 o final do curso de p\u00f3s-gradua\u00e7\u00e3o, o estudante dever\u00e1 apresentar fotoc\u00f3pia autenticada do diploma do curso de gradua\u00e7\u00e3o.<\/p>\n<\/div>\n\n\n\n<div class=\"wp-block-column is-layout-flow wp-block-column-is-layout-flow\">\n<p class=\"has-text-align-center has-primary-accent-color has-text-color has-medium-font-size\"><strong>Alunos externos<\/strong><\/p>\n\n\n\n<div style=\"height:30px\" aria-hidden=\"true\" class=\"wp-block-spacer\"><\/div>\n\n\n\n<p class=\"has-text-align-center\"><strong>S\u00e3o alunos matriculados em outros Programas de P\u00f3s-gradua\u00e7\u00e3o (Art. 27)<\/strong><\/p>\n\n\n\n<div style=\"height:30px\" aria-hidden=\"true\" class=\"wp-block-spacer\"><\/div>\n\n\n\n<p>N\u00e3o ser\u00e1 mais necess\u00e1rio protocolar pedidos\/requerimentos para cursar disciplina como aluno de outra institui\u00e7\u00e3o, Art. 27 do RPPG &#8211; Stricto sensu. Tamb\u00e9m est\u00e3o dispensados de apresentar os documentos de matr\u00edcula, tendo em vista que esses j\u00e1 s\u00e3o alunos devidamente matriculados em Programas de P\u00f3s-Gradua\u00e7\u00e3o Stricto sensu em outra Institui\u00e7\u00e3o;<\/p>\n\n\n\n<p>Os interessados dever\u00e3o preencher, digitalmente, o requerimento<br>dispon\u00edvel em<br><a href=\"http:\/\/www.uel.br\/proppg\/portalnovo\/pages\/mais\/formularios.php\">http:\/\/www.uel.br\/proppg\/portalnovo\/pages\/mais\/formularios.php<\/a> &#8211;<br>\u201cRequerimento Matr\u00edcula &#8211; Estudante de Outra Institui\u00e7\u00e3o &#8211; Art. 27 do RPPG &#8211; Stricto sensu\u201d;<\/p>\n\n\n\n<p>Encaminhar o <a href=\"https:\/\/pos.uel.br\/biologicas\/wp-content\/uploads\/2021\/12\/Formulario-Artigo-27.doc\">formul\u00e1rio preenchido<\/a> \u00e0 Coordena\u00e7\u00e3o do Programa (<a href=\"mailto:ppg.cb@uel.br\">ppg.cb@uel.br<\/a>), juntamente ao atestado de matr\u00edcula e carta de recomenda\u00e7\u00e3o do supervisor da Institui\u00e7\u00e3o de origem.<\/p>\n\n\n\n<p>Ap\u00f3s an\u00e1lise e parecer da Coordena\u00e7\u00e3o, a Secretaria de PG far\u00e1 a<br>inclus\u00e3o individual (matr\u00edcula) no Sistema Acad\u00eamico de P\u00f3s-Gradua\u00e7\u00e3o.<\/p>\n<\/div>\n<\/div>\n\n\n\n<p><\/p>\n","protected":false},"excerpt":{"rendered":"<p>Portadores do diploma de gradua\u00e7\u00e3o podem se matricular em disciplinas isoladas do Programa de P\u00f3s-gradua\u00e7\u00e3o em Ci\u00eancias Biol\u00f3gicas como alunos especiais ou alunos externos, conforme explicado a seguir. Alunos especiais S\u00e3o alunos&nbsp;n\u00e3o&nbsp;matriculados em outros Programas de P\u00f3s-gradua\u00e7\u00e3o O processo de sele\u00e7\u00e3o para os candidatos ao PPG-CB como alunos especiais d\u00e1-se semestralmente, por meio de edital [&hellip;]<\/p>\n","protected":false},"author":10,"featured_media":0,"parent":0,"menu_order":0,"comment_status":"closed","ping_status":"closed","template":"","meta":{"footnotes":""},"class_list":["post-339","page","type-page","status-publish","hentry"],"acf":[],"_links":{"self":[{"href":"https:\/\/pos.uel.br\/biologicas\/wp-json\/wp\/v2\/pages\/339","targetHints":{"allow":["GET"]}}],"collection":[{"href":"https:\/\/pos.uel.br\/biologicas\/wp-json\/wp\/v2\/pages"}],"about":[{"href":"https:\/\/pos.uel.br\/biologicas\/wp-json\/wp\/v2\/types\/page"}],"author":[{"embeddable":true,"href":"https:\/\/pos.uel.br\/biologicas\/wp-json\/wp\/v2\/users\/10"}],"replies":[{"embeddable":true,"href":"https:\/\/pos.uel.br\/biologicas\/wp-json\/wp\/v2\/comments?post=339"}],"version-history":[{"count":10,"href":"https:\/\/pos.uel.br\/biologicas\/wp-json\/wp\/v2\/pages\/339\/revisions"}],"predecessor-version":[{"id":1005,"href":"https:\/\/pos.uel.br\/biologicas\/wp-json\/wp\/v2\/pages\/339\/revisions\/1005"}],"wp:attachment":[{"href":"https:\/\/pos.uel.br\/biologicas\/wp-json\/wp\/v2\/media?parent=339"}],"curies":[{"name":"wp","href":"https:\/\/api.w.org\/{rel}","templated":true}]}}