{"id":174,"date":"2021-06-06T12:34:10","date_gmt":"2021-06-06T15:34:10","guid":{"rendered":"https:\/\/pos.uel.br\/biologicas\/?page_id=174"},"modified":"2026-02-04T07:52:47","modified_gmt":"2026-02-04T10:52:47","slug":"corpo-discente","status":"publish","type":"page","link":"https:\/\/pos.uel.br\/biologicas\/corpo-discente\/","title":{"rendered":"Corpo discente"},"content":{"rendered":"\n<p class=\"has-medium-font-size\"><strong>Alunos Regulares do PPG-CB &#8211; MESTRADO<\/strong><\/p>\n\n\n\n<p><\/p>\n\n\n\n<h4 class=\"wp-block-heading\">Turma 2025-1 <\/h4>\n\n\n\n<p><\/p>\n\n\n\n<figure class=\"wp-block-table\"><table class=\"has-fixed-layout\"><tbody><tr><td><strong>NOME<\/strong><\/td><td><strong>BOLSA<\/strong><\/td><td><strong>ORIENTADOR<\/strong><\/td><\/tr><tr><td>Ana Beatriz Olivetti da Silva<\/td><td>CAPES \u2013 DS<\/td><td>Gustavo Monteiro Teixeira<\/td><\/tr><tr><td>Gabriely Maciel Rodrigues<\/td><td>CAPES \u2013 DS<\/td><td>Luiz dos Anjos<\/td><\/tr><tr><td>Samuel Avila Loren\u00e7o<\/td><td>CAPES \u2013 DS<\/td><td>M\u00e1rio Luis Orsi<\/td><\/tr><tr><td>Laura Lopes Maldonado<\/td><td>CAPES &#8211; DS<\/td><td>Halley Caixeta de Oliveira<\/td><\/tr><tr><td>Valtir Yoshio Tsuru de Almeida<\/td><td>CAPES \u2013 DS<\/td><td>M\u00e1rio Luis Orsi<\/td><\/tr><tr><td>Matheus Marques Tavares<\/td><td>Funda\u00e7\u00e3o Arauc\u00e1ria (PROPPG)<\/td><td>Luiz dos Anjos<\/td><\/tr><tr><td>Milena Eduada Ferreira Navarro<\/td><td>Funda\u00e7\u00e3o Arauc\u00e1ria \u2013 NAPI Emerg\u00eancia Clim\u00e1tica<\/td><td>Jos\u00e9 Eduardo Lahoz Ribeiro<\/td><\/tr><tr><td>Laura Beatriz Cristov\u00e3o Radi<\/td><td>Funda\u00e7\u00e3o Arauc\u00e1ria (PROPPG)<\/td><td>Jos\u00e9 Eduardo Lahoz Ribeiro<\/td><\/tr><tr><td>Rian Marcos Modesto<\/td><td>FAUEL<\/td><td>Jos\u00e9 Marcelo Domingues Torezan<\/td><\/tr><tr><td>Giulia Zaramella Freire<\/td><td>Sem Bolsa<\/td><td>Fernando Mais Silva Dias<\/td><\/tr><tr><td>Rodrigo de Brito Barbosa<\/td><td>Sem Bolsa<\/td><td>Luiz dos Anjos<\/td><\/tr><tr><td>Carolina Guerra Pontes<\/td><td>Funda\u00e7\u00e3o Arauc\u00e1ria \u2013 NAPI Biodiversidade: Servi\u00e7os Ecossist\u00eamicos<\/td><td>Cl\u00e1udia Bueno dos Reis Martinez<\/td><\/tr><tr><td>Nadrienn Nantes Medeiros<\/td><td>Sem Bolsa<\/td><td>Fernando Camargo Jerep<\/td><\/tr><\/tbody><\/table><\/figure>\n\n\n\n<p><\/p>\n\n\n\n<p><\/p>\n\n\n\n<h4 class=\"wp-block-heading\"><strong>Turma 2024 -1<\/strong><\/h4>\n\n\n\n<figure class=\"wp-block-table\"><table class=\"has-fixed-layout\"><tbody><tr><td><strong>NOME<\/strong><\/td><td><strong>BOLSA<\/strong><\/td><td><strong>ORIENTADOR<\/strong><\/td><\/tr><tr><td>Matheus Eduardo Bortolotti<\/td><td>CAPES &#8211; DS<\/td><td>Luiz dos Anjos<\/td><\/tr><tr><td>Augusto Gabriel Jatoba Fernandes<\/td><td>CAPES &#8211; DS<\/td><td>M\u00e1rio Luis Orsi<\/td><\/tr><tr><td>Guilherme Akira Awane<\/td><td>CAPES &#8211; DS<\/td><td>Ana Paula Vidotto Magnoni<\/td><\/tr><tr><td>Jos\u00e9 Ot\u00e1vio dos Santos<\/td><td>CAPES &#8211; DS<\/td><td>Jose Eduardo Lahoz Ribeiro<\/td><\/tr><tr><td>Gabriele Rossatto Pena<\/td><td>CAPES &#8211; DS<\/td><td>M\u00e1rio Luis Orsi<\/td><\/tr><tr><td>Iasmyn Felipe Villa B\u00f4as<\/td><td>CAPES &#8211; DS<\/td><td>Jos\u00e9 Marcelo Domingues Torezan<\/td><\/tr><tr><td>Edson Kenji Kawabata<\/td><td>CNPq<\/td><td>Jo\u00e3o Antonio Cyrino Zequi<\/td><\/tr><tr><td>Jo\u00e3o Caetano Marcuz<\/td><td>Funda\u00e7\u00e3o Arauc\u00e1ria &#8211; Napi Biodiversidade Servi\u00e7os Ecossist\u00eamicos<\/td><td>Silvia Helena Sofia<\/td><\/tr><tr><td>Rafaela Guglak Cavichia<\/td><td>CAPES &#8211; DS (PROPPG)<\/td><td>Ana Paula Vidotto Magnoni<\/td><\/tr><tr><td>Felipe Augusto Reche<\/td><td>Funda\u00e7\u00e3o Arauc\u00e1ria &#8211; Napi Biodiversidade Servi\u00e7os Ecossist\u00eamicos<\/td><td>Jo\u00e3o Antonio Cyrino Zequi<\/td><\/tr><tr><td>Roberto Santa Rosa Chimentnao<\/td><td>Funda\u00e7\u00e3o Arauc\u00e1ria &#8211; Napi Biodiversidade Servi\u00e7os Ecossist\u00eamicos<\/td><td>Jos\u00e9 Marcelo ToreJos\u00e9 Marcelo Domingues Torezan<\/td><\/tr><tr><td>Pedro Lopes Pereira Teixeira<\/td><td>Funda\u00e7\u00e3o Arauc\u00e1ria &#8211; PROPPG<\/td><td>Jos\u00e9 Marcelo Domingues Torezan<\/td><\/tr><tr><td>Leonardo Fernando Tavares<\/td><td>Funda\u00e7\u00e3o Arauc\u00e1ria &#8211; Napi Biodiversidade Recursos G\u00e9nticos e Biotecnologia<\/td><td>Renata Stolf Moreira<\/td><\/tr><\/tbody><\/table><\/figure>\n\n\n\n<p><\/p>\n\n\n\n<p><\/p>\n\n\n\n<p><\/p>\n\n\n\n<p class=\"has-medium-font-size\"><strong>Turma 2023-1<\/strong>&nbsp;&nbsp;<\/p>\n\n\n\n<figure class=\"wp-block-table\"><table><tbody><tr><td><strong>NOME<\/strong><\/td><td><strong>BOLSA<\/strong><\/td><td><strong>ORIENTADOR<\/strong><\/td><\/tr><tr><td>Gabriel Leite Saraiva<\/td><td>CNPq\/PPG<br>(7 meses)<\/td><td>Ana Paula Vidotto Magnoni<\/td><\/tr><tr><td>Giovanna Gabriely Cesar<\/td><td>CAPES\/DS<\/td><td>Silvia Helena Sofia<\/td><\/tr><tr><td>Isabela Toninato Tavares<\/td><td>CAPES\/DS<\/td><td>Silvia Helena Sofia<\/td><\/tr><tr><td>Julia Sebben<\/td><td>CAPES\/DS<\/td><td>Fernando Maia&nbsp;Silva Dias<\/td><\/tr><tr><td>Larissa Cerqueira Dias Rodrigues<\/td><td>CAPES\/DS<\/td><td>Jos\u00e9 Marcelo Domingues Torezan<\/td><\/tr><tr><td>Mariana Pachoal Boaretto<\/td><td>CAPES\/DS<\/td><td>Jos\u00e9 L. O. Birindelli<\/td><\/tr><tr><td>Mateus Henrique da Silva Borges<\/td><td>CNPq\/PPG<br>(7 meses)<\/td><td>Fernando Maia&nbsp;Silva Dias<\/td><\/tr><tr><td>Nathalia Elis Ardiles<\/td><td>CAPES\/PROPPG<br>(5 meses)<\/td><td>Luiz dos Anjos<\/td><\/tr><\/tbody><\/table><\/figure>\n\n\n\n<div style=\"height:53px\" aria-hidden=\"true\" class=\"wp-block-spacer\"><\/div>\n\n\n\n<p class=\"has-medium-font-size\"><strong>Turma 2022-1<\/strong>&nbsp;&nbsp;<\/p>\n\n\n\n<figure class=\"wp-block-table\"><table><tbody><tr><td><\/td><td><strong>NOME<\/strong><\/td><td><strong>BOLSA<\/strong><\/td><td><strong>ORIENTADOR<\/strong><\/td><\/tr><tr><td>1<\/td><td>Gabriela Correia de Oliveira<\/td><td>CAPES\/DS<\/td><td>M\u00e1rio Luis Orsi<\/td><\/tr><tr><td>2<\/td><td>Jo\u00e3o Vitor Xavier dos Anjos<\/td><td><s>CAPES\/DS<\/s><\/td><td>Jos\u00e9 L. O. Birindelli<\/td><\/tr><tr><td>3<\/td><td>Lucas Mastellini Theodoro<\/td><td>CAPES\/DS<\/td><td>Fernando Maia&nbsp;Silva Dias<\/td><\/tr><tr><td>4<\/td><td>Humberto de Lima Filho<\/td><td>CAPES\/DS<\/td><td>Jos\u00e9 L. O. Birindelli<\/td><\/tr><tr><td>5<\/td><td>David Lins Fernandes Leiroza Lovato<\/td><td>CAPES\/DS<\/td><td>Ana Paula Vidotto Magnoni<\/td><\/tr><tr><td>6<\/td><td>Matheus Chueire Luiz<\/td><td>CAPES\/DS<\/td><td>M\u00e1rio Luis Orsi<\/td><\/tr><tr><td>7<\/td><td>Let\u00edcia Bernadete da Silva<\/td><td>CAPES\/DS<\/td><td>Jo\u00e3o A. C. Zequi<\/td><\/tr><tr><td>8<\/td><td><s>Susanna Mendes Miranda<\/s><br>(mudan\u00e7a de n\u00edvel para o doutorado)<\/td><td><s>CAPES\/PROPPG<\/s><\/td><td><s>Silvia Helena Sofia<\/s><\/td><\/tr><tr><td>9<\/td><td>Andrielle de Oliveira Bezerra<\/td><td>&#8211;<\/td><td>Oscar Akio Shibatta<\/td><\/tr><tr><td>10<\/td><td>J\u00e9ssica Oliveira Araujo<\/td><td>&#8211;<\/td><td>Jos\u00e9 Marcelo Domingues Torezan<\/td><\/tr><\/tbody><\/table><\/figure>\n\n\n\n<div style=\"height:100px\" aria-hidden=\"true\" class=\"wp-block-spacer\"><\/div>\n\n\n\n<p class=\"has-medium-font-size\"><strong>Turma 2021-1<\/strong>&nbsp;&nbsp;<\/p>\n\n\n\n<figure class=\"wp-block-table\"><table><tbody><tr><td><strong>&nbsp;<\/strong><\/td><td><strong>NOME<\/strong><\/td><td><strong>BOLSA<\/strong><\/td><td><strong>ORIENTADOR<\/strong><\/td><\/tr><tr><td>1<\/td><td>Jo\u00e3o Pedro Batista Fernandes Cunha<\/td><td>CNPq\/PPG<\/td><td>Renata Stolf Moreira<\/td><\/tr><tr><td>2<\/td><td>Gabriel Brambila Milleo<\/td><td>CAPES\/DS<\/td><td>Ana Paula Vidotto Magnoni<\/td><\/tr><tr><td>3<\/td><td>Giovanna Gulaeff Lemos<\/td><td>CNPq\/PPG <\/td><td>Jos\u00e9 Marcelo Domingues Torezan<\/td><\/tr><tr><td>4<\/td><td>Ana Paula Moreira Cotrim<\/td><td>CAPES\/DS<\/td><td>M\u00e1rio L. Orsi<\/td><\/tr><tr><td>5<\/td><td>J\u00falia dos Santos Gutierres<\/td><td>CAPES\/DS <\/td><td>Ana Paula Vidotto Magnoni<\/td><\/tr><tr><td>6<\/td><td>John David Oliveira de Lima<\/td><td>FA<\/td><td>Renata Stolf Moreira<\/td><\/tr><tr><td>7<\/td><td>Thiago Ferreira Pinheiro<\/td><td>CAPES\/DS <\/td><td>Weliton Jos\u00e9 da Silva<\/td><\/tr><tr><td>8<\/td><td>Marcos Akira Umeno<\/td><td>CAPES\/DS <\/td><td>Marcos Robalinho Lima<\/td><\/tr><tr><td>9<\/td><td>Luan Gabriel Pasquetta Castelletto<\/td><td>&nbsp;<\/td><td>M\u00e1rio L. Orsi<\/td><\/tr><tr><td>10<\/td><td>Yuri Renan Alves de Lima<\/td><td>&nbsp;<\/td><td>Jo\u00e3o Zequi<\/td><\/tr><tr><td><s>11<\/s><\/td><td><s>Paolla Ody de Oliveira<\/s><\/td><td>&nbsp;<\/td><td><s>Jos\u00e9 Eduardo Lahoz<\/s><\/td><\/tr><tr><td>12<\/td><td>Cec\u00edlia Pellacani Gardiolo<\/td><td>&nbsp;<\/td><td>Jos\u00e9 Eduardo Lahoz <\/td><\/tr><tr><td>13<\/td><td>Clarise Calado dos Santos<\/td><td>&nbsp;<\/td><td>Halley Caixeta de Oliveira<\/td><\/tr><tr><td>14<\/td><td>\u00c2ngela Paredes Salavaldez<\/td><td>&nbsp;<\/td><td>Marcos Robalinho Lima<\/td><\/tr><tr><td><s>15<\/s><\/td><td><s>Maria Yasmim Franco Pereira<\/s><\/td><td>&nbsp;<\/td><td><s>Silvia Helena Sofia<\/s><\/td><\/tr><\/tbody><\/table><\/figure>\n\n\n\n<div style=\"height:50px\" aria-hidden=\"true\" class=\"wp-block-spacer\"><\/div>\n\n\n\n<p class=\"has-medium-font-size\"><strong>Turma 2020-1<\/strong>&nbsp;<\/p>\n\n\n\n<figure class=\"wp-block-table\"><table><tbody><tr><td><strong>NOME<\/strong><\/td><td><strong>BOLSA<\/strong><\/td><td><strong>ORIENTADOR<\/strong><\/td><\/tr><tr><td>Giovanna Camargo do Carmo<\/td><td>CAPES\/DS<\/td><td>Halley Caixeta de Oliveira<\/td><\/tr><tr><td>Lucas Henrique dos Santos<\/td><td>CAPES\/DS<\/td><td>Aline Aguiar<\/td><\/tr><tr><td>Tatiana Alves<\/td><td>CAPES\/DS<\/td><td>Luiz dos Anjos<\/td><\/tr><tr><td>Isabella de Assis Barreto<\/td><td>CAPES\/DS&nbsp;<\/td><td>Luiz dos Anjos<\/td><\/tr><tr><td>Mariane Zambone Sakuma<\/td><td>CAPES\/DS&nbsp;<\/td><td>Jos\u00e9 Marcelo Domingues Torezan<\/td><\/tr><tr><td>Marcelo Okamura Arasaki<\/td><td>CAPES\/DS&nbsp;<\/td><td>Ana Paula Vidotto Magnoni<\/td><\/tr><tr><td>Priscila Frazato da Silva<\/td><td>CAPES\/DS&nbsp;<\/td><td>Gustavo Monteiro Teixeira<\/td><\/tr><tr><td>Gabriella Maria Curilazo Dias<\/td><td>CAPES\/DS&nbsp;<\/td><td>Juliana Delatim Rocha<\/td><\/tr><tr><td>Vanessa Chagas de Almeida<\/td><td>CAPES\/DS&nbsp;<\/td><td>Weliton Jos\u00e9 da Silva<\/td><\/tr><tr><td>Nicholas Alexandre A. Pernambuco<\/td><td>CAPES\/DS&nbsp;<\/td><td>Cl\u00e1udia Bueno dos Reis Martinez<\/td><\/tr><\/tbody><\/table><\/figure>\n\n\n\n<div style=\"height:50px\" aria-hidden=\"true\" class=\"wp-block-spacer\"><\/div>\n\n\n\n<p class=\"has-medium-font-size\"><strong>Turma 2019-1<\/strong>&nbsp;<\/p>\n\n\n\n<figure class=\"wp-block-table\"><table><tbody><tr><td>NOME<\/td><td>BOLSA<\/td><td>ORIENTADOR<\/td><\/tr><tr><td>Ephraim Luiz de Andrade Fran\u00e7a<\/td><td>CAPES-DS<\/td><td>Ana Paula Vidotto Magnoni<\/td><\/tr><tr><td>Vanessa Bezerra<\/td><td>CAPES-DS<\/td><td>Juliana Delatim Rocha<\/td><\/tr><tr><td>Jo\u00e3o Vitor de Oliveira<\/td><td>CAPES-DS<\/td><td>Jo\u00e3o Antonio Cyrino Zequi<\/td><\/tr><tr><td>Karina Sanada<\/td><td>CAPES-DS<\/td><td>Renata Stolf Moreira<\/td><\/tr><tr><td>Felipe dos Santos Machado Pereira<\/td><td>CAPES-DS<\/td><td>Ana Paula Vidotto Magnoni<\/td><\/tr><tr><td>Gessi de Sousa Gonzaga<\/td><td>CAPES-DS<\/td><td>Jos\u00e9 Marcelo Domingues Torezan<\/td><\/tr><tr><td>Iago Vin\u00edcius Geller<\/td><td>CAPES-DS<\/td><td>M\u00e1rio Lu\u00eds Orsi<\/td><\/tr><tr><td>Let\u00edcia Yukari Seki<\/td><td>CAPES-DS<\/td><td>Halley Caixeta de Oliveira<\/td><\/tr><tr><td>Helo\u00edsa Gon\u00e7alves Bergoc<\/td><td>CAPES-DS<\/td><td>Renata Stolf Moreira<\/td><\/tr><tr><td>Jamille Mariana de Oliveira Marques<\/td><td>CAPES-DS<\/td><td>Aline Aguiar<\/td><\/tr><tr><td>Karina Rossi da Silva<\/td><td>CNPQ-PPG<\/td><td>Jo\u00e3o Antonio Cyrino Zequi<\/td><\/tr><tr><td><s>Isabela Cristine de Ara\u00fajo<\/s><\/td><td>&nbsp;<\/td><td><s>Jos\u00e9 Marcelo Domingues Torezan<\/s><\/td><\/tr><tr><td>Vin\u00edcius Popolin<\/td><td>CNPQ-PPG<\/td><td>Jos\u00e9 Marcelo Domingues Torezan<\/td><\/tr><tr><td>Thiago Rodrigues Barbosa<\/td><td>CAPES-PROTAX &#8211; CAPES-DS<\/td><td>Fernando&nbsp; Jerep<\/td><\/tr><\/tbody><\/table><\/figure>\n\n\n\n<div style=\"height:50px\" aria-hidden=\"true\" class=\"wp-block-spacer\"><\/div>\n\n\n\n<p class=\"has-medium-font-size\"><strong>Turma 2018-1<\/strong><\/p>\n\n\n\n<figure class=\"wp-block-table\"><table><tbody><tr><td>NOME<\/td><td>BOLSA<\/td><td>ORIENTADOR<\/td><\/tr><tr><td>Alex da Silva Bocaleti<\/td><td>CAPES-DS<\/td><td>Jo\u00e3o Zequi<\/td><\/tr><tr><td>Ana Carolina Correa Ambr\u00f3sio<\/td><td>&nbsp;<\/td><td>Luiz dos Anjos<\/td><\/tr><tr><td>Cristiane Bazzo Miranda<\/td><td>CAPES-DS<\/td><td>Jos\u00e9 Marcelo Torezan<\/td><\/tr><tr><td>Gislaine Camargo Chagas<\/td><td>CAPES-DS<\/td><td>Edmilson Bianchini<\/td><\/tr><tr><td><s>Izabela Campaner Vitture<\/s><\/td><td><s>CAPES-PROTAX<\/s><\/td><td><s>Jos\u00e9 Lu\u00eds Birindelli<\/s><\/td><\/tr><tr><td>Hellen Ingrid Ferroni<\/td><td>CAPES-DS<\/td><td>Juliana Delatim Rocha<\/td><\/tr><tr><td>Jo\u00e3o Daniel Ferraz<\/td><td>CAPES-DS<\/td><td>M\u00e1rio Lu\u00eds Orsi<\/td><\/tr><tr><td>Jos\u00e9 Vitor Circhia de Souza<\/td><td>CAPES-DS<\/td><td>Jos\u00e9 Marcelo Torezan<\/td><\/tr><tr><td>La\u00eds Soares Medina<\/td><td>CAPES-DS<\/td><td>Cl\u00e1udia Bueno Martinez<\/td><\/tr><tr><td>Lara Raposo Bardy<\/td><td>CAPES-DS<\/td><td>Halley Caixeta de Oliveira<\/td><\/tr><tr><td><s>Marcela Caroline Schmit<\/s><\/td><td><s>CAPES-DS&nbsp;(12 meses)<\/s><\/td><td><s>Fernando Jerep<\/s><\/td><\/tr><tr><td>Matheus Henrique Antoniazzi<\/td><td>CAPES-DS<\/td><td>Jos\u00e9 Eduardo Ribeiro<\/td><\/tr><tr><td>Nair Fernanda Felicio Marczuk<\/td><td>CAPES-DS<\/td><td>Edmilson Bianchini<\/td><\/tr><tr><td>Rafael Caetano da Silva<\/td><td>CAPES-DS<\/td><td>Halley Caixeta de Oliveira<\/td><\/tr><tr><td>Raiane Lesley Santos Dainesi<\/td><td>CAPES-DS<\/td><td>Fernando&nbsp; Jerep<\/td><\/tr><tr><td>Thales Flores Lizarelli<\/td><td>CAPES-PROTAX<\/td><td>Oscar Akio Shibatta<\/td><\/tr><\/tbody><\/table><\/figure>\n\n\n\n<div style=\"height:50px\" aria-hidden=\"true\" class=\"wp-block-spacer\"><\/div>\n\n\n\n<p class=\"has-medium-font-size\"><strong>Turma 2017-1<\/strong>&nbsp;<\/p>\n\n\n\n<figure class=\"wp-block-table\"><table><tbody><tr><td>NOME<\/td><td>BOLSA<\/td><td>ORIENTADOR<\/td><\/tr><tr><td>Amanda de Campos<\/td><td>CAPES-DS<\/td><td>Edmilson Bianchini<\/td><\/tr><tr><td><s>Ana Fl\u00e1via Gon\u00e7alves de Campos<\/s><\/td><td><s>CAPES-DS<\/s><\/td><td><s>Juliana Delatim Rocha<\/s><\/td><\/tr><tr><td>\u00c9rica Moraes dos Santos<\/td><td>CAPES-DS<\/td><td>Jos\u00e9 Marcelo Torezan<\/td><\/tr><tr><td>Fernanda Polli Paez<\/td><td>CNPq-PPG<\/td><td>Gustavo Teixeira<\/td><\/tr><tr><td>Gustavo Williamowius Vituri<\/td><td>CAPES-DS<\/td><td>Jos\u00e9 Lu\u00eds Birindelli<\/td><\/tr><tr><td>Jessica Vidal Mandelli<\/td><td>CNPq-PPG<\/td><td>Renata Stolf<\/td><\/tr><tr><td>Jos\u00e9 Roberto Ferraz<\/td><td>CAPES-DS<\/td><td>Jos\u00e9 Eduardo Ribeiro<\/td><\/tr><tr><td>Nat\u00e1lia Luiz de Souza<\/td><td>CAPES-DS<\/td><td>Renata Stolf<\/td><\/tr><tr><td>Nick Tramontina Narezzi<\/td><td>CAPES-DS<\/td><td>Jos\u00e9 Lu\u00eds Birindelli<\/td><\/tr><tr><td>Patr\u00edcia Juliana Lopes<\/td><td>CAPES-DS<\/td><td>Halley Caixeta de Oliveira<\/td><\/tr><tr><td>Tiago Henrique de Carvalho Dias<\/td><td>CAPES-DS<\/td><td>Jos\u00e9 Eduardo Ribeiro<\/td><\/tr><\/tbody><\/table><\/figure>\n\n\n\n<div style=\"height:50px\" aria-hidden=\"true\" class=\"wp-block-spacer\"><\/div>\n\n\n\n<p class=\"has-medium-font-size\"><strong>Turma 2016-1<\/strong><\/p>\n\n\n\n<figure class=\"wp-block-table\"><table><tbody><tr><td>NOME<\/td><td>BOLSA<\/td><td>ORIENTADOR<\/td><\/tr><tr><td>Alexandre da Silva<\/td><td>CAPES-DS<\/td><td>Marcos Robalinho Lima<\/td><\/tr><tr><td>Ana Carolina Vizintim Marques<\/td><td>CAPES-DS<\/td><td>M\u00e1rio Lu\u00eds Orsi<\/td><\/tr><tr><td>Fernando Bittencourt de Farias<\/td><td>CAPES-DS<\/td><td>Marcos Robalinho Lima<\/td><\/tr><tr><td>Gabriela Cristina da Silva<\/td><td>CAPES-DS<\/td><td>Fernando Jerep<\/td><\/tr><tr><td>Ingrid Costa Mar\u00e7al<\/td><td>CAPES-DS<\/td><td>Gustavo Teixeira<\/td><\/tr><tr><td>Jheimison Junior da Silva Rosa<\/td><td>CAPES-DS<\/td><td>Gustavo Teixeira<\/td><\/tr><tr><td>Juliana Silva Rocha<\/td><td>CAPES-DS&nbsp;<\/td><td>Halley Caixeta de Oliveira<\/td><\/tr><tr><td>Juliana de Mello Tambani<\/td><td>CAPES-DS<\/td><td>Jos\u00e9 Marcelo Torezan<\/td><\/tr><tr><td>Luiz Eduardo Grossi<\/td><td>CAPES-DS<\/td><td>Jo\u00e3o Zequi<\/td><\/tr><tr><td>Mariana Pauletti Lorenzo<\/td><td>CAPES-DS<\/td><td>M\u00e1rio Lu\u00eds Orsi<\/td><\/tr><tr><td>Victor Lucas Moreno de Paula<\/td><td>CAPES-DS<\/td><td>Jos\u00e9 Marcelo Torezan<\/td><\/tr><tr><td>Vinicius Edgar Vendramini<\/td><td>CAPES-DS<\/td><td>Carlos Eduardo Alvarenga<\/td><\/tr><tr><td>Vitoria Ferreira Jahn<\/td><td>CAPES-DS<\/td><td>Jos\u00e9 Ant\u00f4nio Pimenta<\/td><\/tr><\/tbody><\/table><\/figure>\n\n\n\n<div style=\"height:50px\" aria-hidden=\"true\" class=\"wp-block-spacer\"><\/div>\n\n\n\n<p><strong>Observa\u00e7\u00e3o:<\/strong><\/p>\n\n\n\n<p>&#8211; As bolsas tem dura\u00e7\u00e3o usual de 24 meses, salvo exce\u00e7\u00f5es.<\/p>\n\n\n\n<div style=\"height:50px\" aria-hidden=\"true\" class=\"wp-block-spacer\"><\/div>\n\n\n\n<p><strong>Legenda:<\/strong><\/p>\n\n\n\n<p>CAPES\/DS: Cota permanente concedida pela Capes pelo programa de Demanda Social<\/p>\n\n\n\n<p>CAPES\/PDPG: Cota tempor\u00e1ria concedida pela Capes atrav\u00e9s do Programa de Desenvolvimento da P\u00f3s-Gradua\u00e7\u00e3o<\/p>\n\n\n\n<p>CAPES\/PROPPG Cota tempor\u00e1ria concedida pela Capes atrav\u00e9s de edital da PROPPG<\/p>\n\n\n\n<p>CAPES\/PROTAX: Cota tempor\u00e1ria concedida pela Capes atrav\u00e9s do programa de Taxonomia<\/p>\n\n\n\n<p>CNPq\/PPG: Cota tempor\u00e1ria concedida pelo CNPq<\/p>\n\n\n\n<p>CNPq\/PELD: Cota tempor\u00e1ria concedida pelo CNPq atrav\u00e9s do programa de Pesquisa Ecol\u00f3gica de Longa Dura\u00e7\u00e3o<\/p>\n\n\n\n<p>FA: Cota tempor\u00e1ria concedida pela Funda\u00e7\u00e3o Arauc\u00e1ria<\/p>\n\n\n\n<p>DUKE: Cota tempor\u00e1ria concedida pelo conv\u00eanio FAUEL\/Duke Energy<\/p>\n\n\n\n<div style=\"height:50px\" aria-hidden=\"true\" class=\"wp-block-spacer\"><\/div>\n\n\n\n<p><\/p>\n","protected":false},"excerpt":{"rendered":"<p>Alunos Regulares do PPG-CB &#8211; MESTRADO Turma 2025-1 NOME BOLSA ORIENTADOR Ana Beatriz Olivetti da Silva CAPES \u2013 DS Gustavo Monteiro Teixeira Gabriely Maciel Rodrigues CAPES \u2013 DS Luiz dos Anjos Samuel Avila Loren\u00e7o CAPES \u2013 DS M\u00e1rio Luis Orsi Laura Lopes Maldonado CAPES &#8211; DS Halley Caixeta de Oliveira Valtir Yoshio Tsuru de Almeida [&hellip;]<\/p>\n","protected":false},"author":10,"featured_media":0,"parent":0,"menu_order":0,"comment_status":"closed","ping_status":"closed","template":"","meta":{"footnotes":""},"class_list":["post-174","page","type-page","status-publish","hentry"],"acf":[],"_links":{"self":[{"href":"https:\/\/pos.uel.br\/biologicas\/wp-json\/wp\/v2\/pages\/174","targetHints":{"allow":["GET"]}}],"collection":[{"href":"https:\/\/pos.uel.br\/biologicas\/wp-json\/wp\/v2\/pages"}],"about":[{"href":"https:\/\/pos.uel.br\/biologicas\/wp-json\/wp\/v2\/types\/page"}],"author":[{"embeddable":true,"href":"https:\/\/pos.uel.br\/biologicas\/wp-json\/wp\/v2\/users\/10"}],"replies":[{"embeddable":true,"href":"https:\/\/pos.uel.br\/biologicas\/wp-json\/wp\/v2\/comments?post=174"}],"version-history":[{"count":26,"href":"https:\/\/pos.uel.br\/biologicas\/wp-json\/wp\/v2\/pages\/174\/revisions"}],"predecessor-version":[{"id":1978,"href":"https:\/\/pos.uel.br\/biologicas\/wp-json\/wp\/v2\/pages\/174\/revisions\/1978"}],"wp:attachment":[{"href":"https:\/\/pos.uel.br\/biologicas\/wp-json\/wp\/v2\/media?parent=174"}],"curies":[{"name":"wp","href":"https:\/\/api.w.org\/{rel}","templated":true}]}}