{"id":1289,"date":"2022-09-12T20:50:28","date_gmt":"2022-09-12T23:50:28","guid":{"rendered":"https:\/\/pos.uel.br\/biologicas\/?page_id=1289"},"modified":"2025-05-04T19:35:38","modified_gmt":"2025-05-04T22:35:38","slug":"publications","status":"publish","type":"page","link":"https:\/\/pos.uel.br\/biologicas\/publications\/","title":{"rendered":"Publications"},"content":{"rendered":"\n<p><\/p>\n\n\n\n<p>More information at: <\/p>\n\n\n\n<p><a href=\"https:\/\/napibiodiversidade.eco.br\/\">napibiodiversidade.eco.br<\/a><\/p>\n\n\n\n<figure class=\"wp-block-embed is-type-wp-embed is-provider-biodiversa wp-block-embed-biodiversa\"><div class=\"wp-block-embed__wrapper\">\n<blockquote class=\"wp-embedded-content\" data-secret=\"FIxz3XN50i\"><a href=\"https:\/\/www.biodiversa.eu\/2022\/10\/26\/restore\/\">RESTORE<\/a><\/blockquote><iframe loading=\"lazy\" class=\"wp-embedded-content\" sandbox=\"allow-scripts\" security=\"restricted\" style=\"position: absolute; visibility: hidden;\" title=\"&#8220;RESTORE&#8221; &#8212; Biodiversa +\" src=\"https:\/\/www.biodiversa.eu\/2022\/10\/26\/restore\/embed\/#?secret=dTAyAuuxOZ#?secret=FIxz3XN50i\" data-secret=\"FIxz3XN50i\" width=\"600\" height=\"338\" frameborder=\"0\" marginwidth=\"0\" marginheight=\"0\" scrolling=\"no\"><\/iframe>\n<\/div><\/figure>\n\n\n\n<p><a href=\"https:\/\/www2.ls.tum.de\/en\/fungbio\/research-area\/projects\/restore\/\">https:\/\/www2.ls.tum.de\/en\/fungbio\/research-area\/projects\/restore\/<\/a><\/p>\n\n\n\n<figure class=\"wp-block-embed is-type-wp-embed is-provider-cit-des-nergies wp-block-embed-cit-des-nergies\"><div class=\"wp-block-embed__wrapper\">\n<blockquote class=\"wp-embedded-content\" data-secret=\"BLWh8Vahz9\"><a href=\"https:\/\/www.cite-des-energies.fr\/biam\/projets\/restore\/\">RESTORE<\/a><\/blockquote><iframe loading=\"lazy\" class=\"wp-embedded-content\" sandbox=\"allow-scripts\" security=\"restricted\" style=\"position: absolute; visibility: hidden;\" title=\"\u00ab\u00a0RESTORE\u00a0\u00bb &#8212; Cit\u00e9 des \u00e9nergies\" src=\"https:\/\/www.cite-des-energies.fr\/biam\/projets\/restore\/embed\/#?secret=bg0RkpQdLF#?secret=BLWh8Vahz9\" data-secret=\"BLWh8Vahz9\" width=\"600\" height=\"338\" frameborder=\"0\" marginwidth=\"0\" marginheight=\"0\" scrolling=\"no\"><\/iframe>\n<\/div><\/figure>\n\n\n\n<figure class=\"wp-block-embed is-type-wp-embed is-provider-iarauc-ria wp-block-embed-iarauc-ria\"><div class=\"wp-block-embed__wrapper\">\n<blockquote class=\"wp-embedded-content\" data-secret=\"j1B5AOv7Ev\"><a href=\"https:\/\/www.iaraucaria.pr.gov.br\/napis\/napi-biodiversidade-restore\/\">NAPI Biodiversidade: RESTORE<\/a><\/blockquote><iframe loading=\"lazy\" class=\"wp-embedded-content\" sandbox=\"allow-scripts\" security=\"restricted\" style=\"position: absolute; visibility: hidden;\" title=\"&#8220;NAPI Biodiversidade: RESTORE&#8221; &#8212; iArauc\u00e1ria\" src=\"https:\/\/www.iaraucaria.pr.gov.br\/napis\/napi-biodiversidade-restore\/embed\/#?secret=xVNUGsRvpm#?secret=j1B5AOv7Ev\" data-secret=\"j1B5AOv7Ev\" width=\"600\" height=\"338\" frameborder=\"0\" marginwidth=\"0\" marginheight=\"0\" scrolling=\"no\"><\/iframe>\n<\/div><\/figure>\n\n\n\n<figure class=\"wp-block-embed is-type-wp-embed is-provider-portal wp-block-embed-portal\"><div class=\"wp-block-embed__wrapper\">\n<blockquote class=\"wp-embedded-content\" data-secret=\"Vf8O5NvaIv\"><a href=\"https:\/\/sites.uel.br\/sustentabilidade\/restore-biodiversidade\/\">NAPI Biodiversidade: RESTORE (natuRe-basEd SoluTions for imprOving REforestation)<\/a><\/blockquote><iframe loading=\"lazy\" class=\"wp-embedded-content\" sandbox=\"allow-scripts\" security=\"restricted\" style=\"position: absolute; visibility: hidden;\" title=\"&#8220;NAPI Biodiversidade: RESTORE (natuRe-basEd SoluTions for imprOving REforestation)&#8221; &#8212; Portal\" src=\"https:\/\/sites.uel.br\/sustentabilidade\/restore-biodiversidade\/embed\/#?secret=cMZE5LPGGo#?secret=Vf8O5NvaIv\" data-secret=\"Vf8O5NvaIv\" width=\"600\" height=\"338\" frameborder=\"0\" marginwidth=\"0\" marginheight=\"0\" scrolling=\"no\"><\/iframe>\n<\/div><\/figure>\n\n\n\n<figure class=\"wp-block-embed is-type-wp-embed is-provider-napi-biodiversidade wp-block-embed-napi-biodiversidade\"><div class=\"wp-block-embed__wrapper\">\n<blockquote class=\"wp-embedded-content\" data-secret=\"pbdEmo3pNB\"><a href=\"https:\/\/napibiodiversidade.eco.br\/sobre-napi-restore\/\">Sobre NAPI Restore<\/a><\/blockquote><iframe loading=\"lazy\" class=\"wp-embedded-content\" sandbox=\"allow-scripts\" security=\"restricted\" style=\"position: absolute; visibility: hidden;\" title=\"&#8220;Sobre NAPI Restore&#8221; &#8212; NAPI Biodiversidade\" src=\"https:\/\/napibiodiversidade.eco.br\/sobre-napi-restore\/embed\/#?secret=xvYZibhcPe#?secret=pbdEmo3pNB\" data-secret=\"pbdEmo3pNB\" width=\"600\" height=\"338\" frameborder=\"0\" marginwidth=\"0\" marginheight=\"0\" scrolling=\"no\"><\/iframe>\n<\/div><\/figure>\n\n\n\n<figure class=\"wp-block-embed is-type-wp-embed is-provider-o-perobal wp-block-embed-o-perobal\"><div class=\"wp-block-embed__wrapper\">\n<blockquote class=\"wp-embedded-content\" data-secret=\"fkpA0Gq7Ko\"><a href=\"https:\/\/operobal.uel.br\/ciencia\/2020\/10\/05\/projetodoccbuelintrnacional\/\">Projeto do CCB \u00e9 contemplado em proposta que envolve Fran\u00e7a e Alemanha<\/a><\/blockquote><iframe loading=\"lazy\" class=\"wp-embedded-content\" sandbox=\"allow-scripts\" security=\"restricted\" style=\"position: absolute; visibility: hidden;\" title=\"&#8220;Projeto do CCB \u00e9 contemplado em proposta que envolve Fran\u00e7a e Alemanha&#8221; &#8212; O Perobal\" src=\"https:\/\/operobal.uel.br\/ciencia\/2020\/10\/05\/projetodoccbuelintrnacional\/embed\/#?secret=CnN6Z4mHiD#?secret=fkpA0Gq7Ko\" data-secret=\"fkpA0Gq7Ko\" width=\"600\" height=\"338\" frameborder=\"0\" marginwidth=\"0\" marginheight=\"0\" scrolling=\"no\"><\/iframe>\n<\/div><\/figure>\n\n\n\n<figure class=\"wp-block-embed is-type-video is-provider-youtube wp-block-embed-youtube wp-embed-aspect-16-9 wp-has-aspect-ratio\"><div class=\"wp-block-embed__wrapper\">\n<iframe loading=\"lazy\" title=\"NAPI Biodiversidade\" width=\"640\" height=\"360\" src=\"https:\/\/www.youtube.com\/embed\/c3WC0iH2dwI?start=123&#038;feature=oembed\" frameborder=\"0\" allow=\"accelerometer; autoplay; clipboard-write; encrypted-media; gyroscope; picture-in-picture; web-share\" referrerpolicy=\"strict-origin-when-cross-origin\" allowfullscreen><\/iframe>\n<\/div><\/figure>\n\n\n\n<figure class=\"wp-block-embed is-type-wp-embed is-provider-o-perobal wp-block-embed-o-perobal\"><div class=\"wp-block-embed__wrapper\">\n<blockquote class=\"wp-embedded-content\" data-secret=\"lG3FjXISej\"><a href=\"https:\/\/operobal.uel.br\/internacional\/2023\/03\/10\/evento-tecnico-promovido-pelo-projeto-restore-esta-com-inscricoes-abertas\/\">Evento t\u00e9cnico promovido pelo projeto RESTORE est\u00e1 com inscri\u00e7\u00f5es abertas<\/a><\/blockquote><iframe loading=\"lazy\" class=\"wp-embedded-content\" sandbox=\"allow-scripts\" security=\"restricted\" style=\"position: absolute; visibility: hidden;\" title=\"&#8220;Evento t\u00e9cnico promovido pelo projeto RESTORE est\u00e1 com inscri\u00e7\u00f5es abertas&#8221; &#8212; O Perobal\" src=\"https:\/\/operobal.uel.br\/internacional\/2023\/03\/10\/evento-tecnico-promovido-pelo-projeto-restore-esta-com-inscricoes-abertas\/embed\/#?secret=uLUnwOn55d#?secret=lG3FjXISej\" data-secret=\"lG3FjXISej\" width=\"600\" height=\"338\" frameborder=\"0\" marginwidth=\"0\" marginheight=\"0\" scrolling=\"no\"><\/iframe>\n<\/div><\/figure>\n\n\n\n<p><a href=\"http:\/\/www.uel.br\/tv\/site\/?videos=projeto-restore-apresenta-resultados-em-evento-tecnico-na-uel\">http:\/\/www.uel.br\/tv\/site\/?videos=projeto-restore-apresenta-resultados-em-evento-tecnico-na-uel<\/a><\/p>\n\n\n\n<p><a href=\"https:\/\/globorural.globo.com\/tecnologia-e-inovacao\/noticia\/2025\/04\/nanotecnologia-sustentavel-promete-proteger-lavouras-da-seca.ghtml\">https:\/\/globorural.globo.com\/tecnologia-e-inovacao\/noticia\/2025\/04\/nanotecnologia-sustentavel-promete-proteger-lavouras-da-seca.ghtml<\/a><\/p>\n\n\n\n<p><a href=\"https:\/\/lejournal.cnrs.fr\/videos\/les-arbres-du-futur\">https:\/\/lejournal.cnrs.fr\/videos\/les-arbres-du-futur<\/a><\/p>\n\n\n\n<p><a href=\"https:\/\/www.lemonde.fr\/sciences\/video\/2024\/12\/13\/apprendre-aux-arbres-a-resister-aux-secheresses_6446692_1650684.html\">https:\/\/www.lemonde.fr\/sciences\/video\/2024\/12\/13\/apprendre-aux-arbres-a-resister-aux-secheresses_6446692_1650684.html<\/a><\/p>\n\n\n\n<p><a href=\"https:\/\/www.francetvinfo.fr\/meteo\/secheresse\/reportage-c-est-ce-qu-on-fait-avec-les-hommes-quand-on-les-vaccine-dans-les-bouches-du-rhone-l-office-national-des-forets-entraine-les-plantes-a-s-adapter-a-la-canicule_6725175.html\">https:\/\/www.francetvinfo.fr\/meteo\/secheresse\/reportage-c-est-ce-qu-on-fait-avec-les-hommes-quand-on-les-vaccine-dans-les-bouches-du-rhone-l-office-national-des-forets-entraine-les-plantes-a-s-adapter-a-la-canicule_6725175.html<\/a><\/p>\n\n\n\n<p><a href=\"https:\/\/www.rcf.fr\/articles\/ecologie-et-solidarite\/larbre-du-futur-un-arbre-plus-resilient-a-la-secheresse\">https:\/\/www.rcf.fr\/articles\/ecologie-et-solidarite\/larbre-du-futur-un-arbre-plus-resilient-a-la-secheresse<\/a><\/p>\n\n\n\n<p><a href=\"https:\/\/theconversation.com\/nanotecnologia-e-solucoes-baseadas-na-natureza-ajudam-a-aumentar-seguranca-alimentar-e-mitigar-mudancas-climaticas-254682?utm_medium=article_native_share&amp;utm_source=theconversation.com\">https:\/\/theconversation.com\/nanotecnologia-e-solucoes-baseadas-na-natureza-ajudam-a-aumentar-seguranca-alimentar-e-mitigar-mudancas-climaticas-254682?utm_medium=article_native_share&amp;utm_source=theconversation.com<\/a><\/p>\n\n\n\n<figure class=\"wp-block-embed is-type-wp-embed is-provider-c wp-block-embed-c\"><div class=\"wp-block-embed__wrapper\">\n<blockquote class=\"wp-embedded-content\" data-secret=\"BZ2nyoY0xg\"><a href=\"https:\/\/conexaociencia.com.br\/o-combate-a-seca-tem-novos-e-incriveis-recursos\/\">O combate \u00e0 seca tem novos (e incr\u00edveis!) recursos<\/a><\/blockquote><iframe loading=\"lazy\" class=\"wp-embedded-content\" sandbox=\"allow-scripts\" security=\"restricted\" style=\"position: absolute; visibility: hidden;\" title=\"&#8220;O combate \u00e0 seca tem novos (e incr\u00edveis!) recursos&#8221; &#8212; C\u00b2\" src=\"https:\/\/conexaociencia.com.br\/o-combate-a-seca-tem-novos-e-incriveis-recursos\/embed\/#?secret=gGsgjnPbyf#?secret=BZ2nyoY0xg\" data-secret=\"BZ2nyoY0xg\" width=\"600\" height=\"338\" frameborder=\"0\" marginwidth=\"0\" marginheight=\"0\" scrolling=\"no\"><\/iframe>\n<\/div><\/figure>\n\n\n\n<figure class=\"wp-block-embed is-type-wp-embed is-provider-c wp-block-embed-c\"><div class=\"wp-block-embed__wrapper\">\n<blockquote class=\"wp-embedded-content\" data-secret=\"PL8E19kWac\"><a href=\"https:\/\/conexaociencia.com.br\/nanotecnologia-e-uma-das-tabuas-de-salvacao-da-mata\/\">Nanotecnologia \u00e9 uma das t\u00e1buas de salva\u00e7\u00e3o da Mata Atl\u00e2ntica<\/a><\/blockquote><iframe loading=\"lazy\" class=\"wp-embedded-content\" sandbox=\"allow-scripts\" security=\"restricted\" style=\"position: absolute; visibility: hidden;\" title=\"&#8220;Nanotecnologia \u00e9 uma das t\u00e1buas de salva\u00e7\u00e3o da Mata Atl\u00e2ntica&#8221; &#8212; C\u00b2\" src=\"https:\/\/conexaociencia.com.br\/nanotecnologia-e-uma-das-tabuas-de-salvacao-da-mata\/embed\/#?secret=Tr1BKZWrWt#?secret=PL8E19kWac\" data-secret=\"PL8E19kWac\" width=\"600\" height=\"338\" frameborder=\"0\" marginwidth=\"0\" marginheight=\"0\" scrolling=\"no\"><\/iframe>\n<\/div><\/figure>\n\n\n\n<p><a href=\"https:\/\/conexaociencia.com.br\/como-a-ciencia-potencializa-a-agricultura-brasileira\/\">https:\/\/conexaociencia.com.br\/como-a-ciencia-potencializa-a-agricultura-brasileira\/<\/a> <a href=\"https:\/\/conexaociencia.com.br\/potenciais-biotecnologicos-sao-a-chave-da-conservacao\/\">https:\/\/conexaociencia.com.br\/potenciais-biotecnologicos-sao-a-chave-da-conservacao\/<\/a><\/p>\n\n\n\n<figure class=\"wp-block-embed is-type-video is-provider-youtube wp-block-embed-youtube wp-embed-aspect-16-9 wp-has-aspect-ratio\"><div class=\"wp-block-embed__wrapper\">\n<iframe loading=\"lazy\" title=\"Nature-Based Solutions for Reforestation with Prof. Halley Caixeta Oliveira | EcolClips\" width=\"640\" height=\"360\" src=\"https:\/\/www.youtube.com\/embed\/PPTHIMYMW0M?feature=oembed\" frameborder=\"0\" allow=\"accelerometer; autoplay; clipboard-write; encrypted-media; gyroscope; picture-in-picture; web-share\" referrerpolicy=\"strict-origin-when-cross-origin\" allowfullscreen><\/iframe>\n<\/div><\/figure>\n\n\n\n<figure class=\"wp-block-embed is-type-rich is-provider-incorporar-manipulador wp-block-embed-incorporar-manipulador\"><div class=\"wp-block-embed__wrapper\">\n<div style=\"width: 640px;\" class=\"wp-video\"><video class=\"wp-video-shortcode\" id=\"video-1289-1\" width=\"640\" height=\"360\" preload=\"metadata\" controls=\"controls\"><source type=\"video\/mp4\" src=\"https:\/\/s3-eu-west-1.amazonaws.com\/kmplus-account-files\/85310885\/2024\/8\/22\/eIDcYwyld0St74za5V3YHA.mp4?_=1\" \/><a href=\"https:\/\/s3-eu-west-1.amazonaws.com\/kmplus-account-files\/85310885\/2024\/8\/22\/eIDcYwyld0St74za5V3YHA.mp4\">https:\/\/s3-eu-west-1.amazonaws.com\/kmplus-account-files\/85310885\/2024\/8\/22\/eIDcYwyld0St74za5V3YHA.mp4<\/a><\/video><\/div>\n<\/div><\/figure>\n\n\n\n<figure class=\"wp-block-embed is-type-video is-provider-spotify wp-block-embed-spotify wp-embed-aspect-16-9 wp-has-aspect-ratio\"><div class=\"wp-block-embed__wrapper\">\n<iframe title=\"Spotify Embed: #132 - Nanotecnologia em plantas na seca\" style=\"border-radius: 12px\" width=\"624\" height=\"351\" frameborder=\"0\" allowfullscreen allow=\"autoplay; clipboard-write; encrypted-media; fullscreen; picture-in-picture\" loading=\"lazy\" src=\"https:\/\/open.spotify.com\/embed\/episode\/6dsiFNZqiwm4eFfyCxRAhg\/video?si=BtNcY-WMRs6alut8gBbfoQ&#038;utm_source=oembed\"><\/iframe>\n<\/div><\/figure>\n\n\n\n<figure class=\"wp-block-embed is-type-video is-provider-youtube wp-block-embed-youtube wp-embed-aspect-16-9 wp-has-aspect-ratio\"><div class=\"wp-block-embed__wrapper\">\n<iframe loading=\"lazy\" title=\"Projeto da UEL estuda o uso de nanopart\u00edculas no contexto de plantas secas\" width=\"640\" height=\"360\" src=\"https:\/\/www.youtube.com\/embed\/QOYbASqDXWU?feature=oembed\" frameborder=\"0\" allow=\"accelerometer; autoplay; clipboard-write; encrypted-media; gyroscope; picture-in-picture; web-share\" referrerpolicy=\"strict-origin-when-cross-origin\" allowfullscreen><\/iframe>\n<\/div><\/figure>\n\n\n\n<figure class=\"wp-block-embed is-type-video is-provider-youtube wp-block-embed-youtube wp-embed-aspect-16-9 wp-has-aspect-ratio\"><div class=\"wp-block-embed__wrapper\">\n<iframe loading=\"lazy\" title=\"Tarob\u00e1 - Londrina | Campo Vivo | 23\/03\/2025\" width=\"640\" height=\"360\" src=\"https:\/\/www.youtube.com\/embed\/Z5PaoLvwL5A?feature=oembed\" frameborder=\"0\" allow=\"accelerometer; autoplay; clipboard-write; encrypted-media; gyroscope; picture-in-picture; web-share\" referrerpolicy=\"strict-origin-when-cross-origin\" allowfullscreen><\/iframe>\n<\/div><\/figure>\n\n\n\n<figure class=\"wp-block-embed is-type-wp-embed is-provider-o-perobal wp-block-embed-o-perobal\"><div class=\"wp-block-embed__wrapper\">\n<blockquote class=\"wp-embedded-content\" data-secret=\"Fe7sUfLdXS\"><a href=\"https:\/\/operobal.uel.br\/inovacao\/2023\/03\/28\/seti-fundacao-araucaria-e-uel-apresentam-arranjo-de-pesquisa-e-inovacao-com-foco-na-biodiversidade\/\">SETI, Funda\u00e7\u00e3o Arauc\u00e1ria e UEL apresentam Arranjo de Pesquisa e Inova\u00e7\u00e3o com foco na Biodiversidade\u00a0<\/a><\/blockquote><iframe loading=\"lazy\" class=\"wp-embedded-content\" sandbox=\"allow-scripts\" security=\"restricted\" style=\"position: absolute; visibility: hidden;\" title=\"&#8220;SETI, Funda\u00e7\u00e3o Arauc\u00e1ria e UEL apresentam Arranjo de Pesquisa e Inova\u00e7\u00e3o com foco na Biodiversidade\u00a0&#8221; &#8212; O Perobal\" src=\"https:\/\/operobal.uel.br\/inovacao\/2023\/03\/28\/seti-fundacao-araucaria-e-uel-apresentam-arranjo-de-pesquisa-e-inovacao-com-foco-na-biodiversidade\/embed\/#?secret=4B39YCJ7dy#?secret=Fe7sUfLdXS\" data-secret=\"Fe7sUfLdXS\" width=\"600\" height=\"338\" frameborder=\"0\" marginwidth=\"0\" marginheight=\"0\" scrolling=\"no\"><\/iframe>\n<\/div><\/figure>\n\n\n\n<figure class=\"wp-block-embed is-type-video is-provider-youtube wp-block-embed-youtube wp-embed-aspect-16-9 wp-has-aspect-ratio\"><div class=\"wp-block-embed__wrapper\">\n<iframe loading=\"lazy\" title=\"NAPI Biodiversidade - Recursos Gen\u00e9ticos e Biotecnologia\" width=\"640\" height=\"360\" src=\"https:\/\/www.youtube.com\/embed\/lHOveiZwxho?feature=oembed\" frameborder=\"0\" allow=\"accelerometer; autoplay; clipboard-write; encrypted-media; gyroscope; picture-in-picture; web-share\" referrerpolicy=\"strict-origin-when-cross-origin\" allowfullscreen><\/iframe>\n<\/div><\/figure>\n\n\n\n<p><a href=\"http:\/\/www.uel.br\/tv\/site\/?videos=projeto-da-uel-desenvolve-materiais-biodegradaveis-e-inteligentes\">http:\/\/www.uel.br\/tv\/site\/?videos=projeto-da-uel-desenvolve-materiais-biodegradaveis-e-inteligentes<\/a><\/p>\n\n\n\n<p><a href=\"http:\/\/www.uel.br\/tv\/site\/?videos=pesquisa-da-uel-estuda-aplicacao-de-bacterias-em-mudas-de-arvores-nativas\" target=\"_blank\" rel=\"noreferrer noopener\">http:\/\/www.uel.br\/tv\/site\/?videos=pesquisa-da-uel-estuda-aplicacao-de-bacterias-em-mudas-de-arvores-nativas<\/a><\/p>\n\n\n\n<figure class=\"wp-block-embed is-type-video is-provider-youtube wp-block-embed-youtube wp-embed-aspect-16-9 wp-has-aspect-ratio\"><div class=\"wp-block-embed__wrapper\">\n<iframe loading=\"lazy\" title=\"O uso da nanotecnologia na agricultura e na preserva\u00e7\u00e3o do meio ambiente.\" width=\"640\" height=\"360\" src=\"https:\/\/www.youtube.com\/embed\/b3Bc2O1PQ6Y?feature=oembed\" frameborder=\"0\" allow=\"accelerometer; autoplay; clipboard-write; encrypted-media; gyroscope; picture-in-picture; web-share\" referrerpolicy=\"strict-origin-when-cross-origin\" allowfullscreen><\/iframe>\n<\/div><\/figure>\n\n\n<nav class=\"is-responsive items-justified-right wp-block-navigation is-content-justification-right is-layout-flex wp-container-core-navigation-is-layout-765c4724 wp-block-navigation-is-layout-flex\" aria-label=\"Navega\u00e7\u00e3o 3\" \n\t\t data-wp-interactive=\"core\/navigation\" data-wp-context='{\"overlayOpenedBy\":{\"click\":false,\"hover\":false,\"focus\":false},\"type\":\"overlay\",\"roleAttribute\":\"\",\"ariaLabel\":\"Menu\"}'><button aria-haspopup=\"dialog\" aria-label=\"Abrir menu\" class=\"wp-block-navigation__responsive-container-open\" \n\t\t\t\tdata-wp-on--click=\"actions.openMenuOnClick\"\n\t\t\t\tdata-wp-on--keydown=\"actions.handleMenuKeydown\"\n\t\t\t><svg width=\"24\" height=\"24\" xmlns=\"http:\/\/www.w3.org\/2000\/svg\" viewBox=\"0 0 24 24\" aria-hidden=\"true\" focusable=\"false\"><path d=\"M4 7.5h16v1.5H4z\"><\/path><path d=\"M4 15h16v1.5H4z\"><\/path><\/svg><\/button>\n\t\t\t\t<div class=\"wp-block-navigation__responsive-container\"  id=\"modal-1\" \n\t\t\t\tdata-wp-class--has-modal-open=\"state.isMenuOpen\"\n\t\t\t\tdata-wp-class--is-menu-open=\"state.isMenuOpen\"\n\t\t\t\tdata-wp-watch=\"callbacks.initMenu\"\n\t\t\t\tdata-wp-on--keydown=\"actions.handleMenuKeydown\"\n\t\t\t\tdata-wp-on--focusout=\"actions.handleMenuFocusout\"\n\t\t\t\ttabindex=\"-1\"\n\t\t\t>\n\t\t\t\t\t<div class=\"wp-block-navigation__responsive-close\" tabindex=\"-1\">\n\t\t\t\t\t\t<div class=\"wp-block-navigation__responsive-dialog\" \n\t\t\t\tdata-wp-bind--aria-modal=\"state.ariaModal\"\n\t\t\t\tdata-wp-bind--aria-label=\"state.ariaLabel\"\n\t\t\t\tdata-wp-bind--role=\"state.roleAttribute\"\n\t\t\t>\n\t\t\t\t\t\t\t<button aria-label=\"Fechar menu\" class=\"wp-block-navigation__responsive-container-close\" \n\t\t\t\tdata-wp-on--click=\"actions.closeMenuOnClick\"\n\t\t\t><svg xmlns=\"http:\/\/www.w3.org\/2000\/svg\" viewBox=\"0 0 24 24\" width=\"24\" height=\"24\" aria-hidden=\"true\" focusable=\"false\"><path d=\"m13.06 12 6.47-6.47-1.06-1.06L12 10.94 5.53 4.47 4.47 5.53 10.94 12l-6.47 6.47 1.06 1.06L12 13.06l6.47 6.47 1.06-1.06L13.06 12Z\"><\/path><\/svg><\/button>\n\t\t\t\t\t\t\t<div class=\"wp-block-navigation__responsive-container-content\" \n\t\t\t\tdata-wp-watch=\"callbacks.focusFirstElement\"\n\t\t\t id=\"modal-1-content\">\n\t\t\t\t\t\t\t\t<ul class=\"wp-block-navigation__container is-responsive items-justified-right wp-block-navigation\"><li class=\" wp-block-navigation-item wp-block-navigation-link\"><a class=\"wp-block-navigation-item__content\"  href=\"https:\/\/pos.uel.br\/biologicas\/restore-2\/\"><span class=\"wp-block-navigation-item__label\"><strong>HOME<\/strong>  <\/span><\/a><\/li><li class=\" wp-block-navigation-item wp-block-navigation-link\"><a class=\"wp-block-navigation-item__content\"  href=\"https:\/\/pos.uel.br\/biologicas\/work-packages\/\"><span class=\"wp-block-navigation-item__label\">Work Packages  <\/span><\/a><\/li><li class=\" wp-block-navigation-item wp-block-navigation-link\"><a class=\"wp-block-navigation-item__content\"  href=\"https:\/\/pos.uel.br\/biologicas\/brazilian-team\/\"><span class=\"wp-block-navigation-item__label\">Brazilian Team  <\/span><\/a><\/li><li class=\" wp-block-navigation-item wp-block-navigation-link\"><a class=\"wp-block-navigation-item__content\"  href=\"https:\/\/pos.uel.br\/biologicas\/german-team\/\"><span class=\"wp-block-navigation-item__label\">German Team  <\/span><\/a><\/li><li class=\" wp-block-navigation-item wp-block-navigation-link\"><a class=\"wp-block-navigation-item__content\"  href=\"https:\/\/pos.uel.br\/biologicas\/french-team\/\"><span class=\"wp-block-navigation-item__label\">French Team<\/span><\/a><\/li><\/ul>\n\t\t\t\t\t\t\t<\/div>\n\t\t\t\t\t\t<\/div>\n\t\t\t\t\t<\/div>\n\t\t\t\t<\/div><\/nav>\n\n\n<p><\/p>\n","protected":false},"excerpt":{"rendered":"<p>More information at: napibiodiversidade.eco.br https:\/\/www2.ls.tum.de\/en\/fungbio\/research-area\/projects\/restore\/ http:\/\/www.uel.br\/tv\/site\/?videos=projeto-restore-apresenta-resultados-em-evento-tecnico-na-uel https:\/\/globorural.globo.com\/tecnologia-e-inovacao\/noticia\/2025\/04\/nanotecnologia-sustentavel-promete-proteger-lavouras-da-seca.ghtml https:\/\/lejournal.cnrs.fr\/videos\/les-arbres-du-futur https:\/\/www.lemonde.fr\/sciences\/video\/2024\/12\/13\/apprendre-aux-arbres-a-resister-aux-secheresses_6446692_1650684.html https:\/\/www.francetvinfo.fr\/meteo\/secheresse\/reportage-c-est-ce-qu-on-fait-avec-les-hommes-quand-on-les-vaccine-dans-les-bouches-du-rhone-l-office-national-des-forets-entraine-les-plantes-a-s-adapter-a-la-canicule_6725175.html https:\/\/www.rcf.fr\/articles\/ecologie-et-solidarite\/larbre-du-futur-un-arbre-plus-resilient-a-la-secheresse https:\/\/theconversation.com\/nanotecnologia-e-solucoes-baseadas-na-natureza-ajudam-a-aumentar-seguranca-alimentar-e-mitigar-mudancas-climaticas-254682?utm_medium=article_native_share&amp;utm_source=theconversation.com https:\/\/conexaociencia.com.br\/como-a-ciencia-potencializa-a-agricultura-brasileira\/ https:\/\/conexaociencia.com.br\/potenciais-biotecnologicos-sao-a-chave-da-conservacao\/ http:\/\/www.uel.br\/tv\/site\/?videos=projeto-da-uel-desenvolve-materiais-biodegradaveis-e-inteligentes http:\/\/www.uel.br\/tv\/site\/?videos=pesquisa-da-uel-estuda-aplicacao-de-bacterias-em-mudas-de-arvores-nativas<\/p>\n","protected":false},"author":10,"featured_media":0,"parent":0,"menu_order":0,"comment_status":"closed","ping_status":"closed","template":"","meta":{"footnotes":""},"class_list":["post-1289","page","type-page","status-publish","hentry"],"acf":[],"_links":{"self":[{"href":"https:\/\/pos.uel.br\/biologicas\/wp-json\/wp\/v2\/pages\/1289","targetHints":{"allow":["GET"]}}],"collection":[{"href":"https:\/\/pos.uel.br\/biologicas\/wp-json\/wp\/v2\/pages"}],"about":[{"href":"https:\/\/pos.uel.br\/biologicas\/wp-json\/wp\/v2\/types\/page"}],"author":[{"embeddable":true,"href":"https:\/\/pos.uel.br\/biologicas\/wp-json\/wp\/v2\/users\/10"}],"replies":[{"embeddable":true,"href":"https:\/\/pos.uel.br\/biologicas\/wp-json\/wp\/v2\/comments?post=1289"}],"version-history":[{"count":10,"href":"https:\/\/pos.uel.br\/biologicas\/wp-json\/wp\/v2\/pages\/1289\/revisions"}],"predecessor-version":[{"id":1849,"href":"https:\/\/pos.uel.br\/biologicas\/wp-json\/wp\/v2\/pages\/1289\/revisions\/1849"}],"wp:attachment":[{"href":"https:\/\/pos.uel.br\/biologicas\/wp-json\/wp\/v2\/media?parent=1289"}],"curies":[{"name":"wp","href":"https:\/\/api.w.org\/{rel}","templated":true}]}}