{"id":172,"date":"2025-04-20T12:29:28","date_gmt":"2025-04-20T15:29:28","guid":{"rendered":"https:\/\/pos.uel.br\/bigdeep\/pesquisa\/"},"modified":"2025-04-20T12:46:02","modified_gmt":"2025-04-20T15:46:02","slug":"pesquisa","status":"publish","type":"page","link":"https:\/\/pos.uel.br\/bigdeep\/pesquisa\/","title":{"rendered":"Editais"},"content":{"rendered":"\n<div class=\"wp-block-group\"><div class=\"wp-block-group__inner-container is-layout-constrained wp-block-group-is-layout-constrained\">\n<div class=\"wp-block-columns is-layout-flex wp-container-core-columns-is-layout-9d6595d7 wp-block-columns-is-layout-flex\">\n<div class=\"wp-block-column is-layout-flow wp-block-column-is-layout-flow\" style=\"flex-basis:100%\"><div class=\"editais-block\"><a class=\"editais-block__item-block\" href=\"https:\/\/pos.uel.br\/bigdeep\/wp-content\/uploads\/2026\/04\/Edital-002_-Oferta_Regular_2026_02.pdf\"><div class=\"editais-block__titulo\"><span>Edital Oferta Regular 2026\/02<\/span><\/div><div class=\"editais-block__resumo\"><span>O edital disp\u00f5e sobre as normas e os procedimentos para o processo de sele\u00e7\u00e3o de estudantes regulares para o curso de P\u00f3s-Gradua\u00e7\u00e3o Lato sensu em Machine Learning da Universidade Estadual de Londrina (UEL). O documento estabelece o cronograma e os crit\u00e9rios para o preenchimento de 25 a 50 vagas, com in\u00edcio das aulas previsto para o segundo semestre letivo de 2026. O per\u00edodo de inscri\u00e7\u00f5es ser\u00e1 de 12 de maio de 2026 \u00e0 20 de julho de 2026, realizadas exclusivamente de forma online. O edital tamb\u00e9m detalha os prazos para solicita\u00e7\u00e3o de isen\u00e7\u00e3o da taxa de inscri\u00e7\u00e3o, recursos, divulga\u00e7\u00e3o de resultados e matr\u00edcula, visando garantir a transpar\u00eancia e a organiza\u00e7\u00e3o do processo para os candidatos com curso de gradua\u00e7\u00e3o reconhecido pelo MEC. O in\u00edcio do semestre letivo est\u00e1 programado para 17 de agosto de 2026, segundo per\u00edodo letivo de 2026. <\/span><\/div><div class=\"editais-block__publicado\"><span>6 dias atr\u00e1s<\/span><\/div><\/a><a class=\"editais-block__item-block\" href=\"https:\/\/pos.uel.br\/bigdeep\/wp-content\/uploads\/2026\/03\/Edital_001__resultado_selecao_2026_1_Machine_assinado.pdf\"><div class=\"editais-block__titulo\"><span>Edital de Resultado de Sele\u00e7\u00e3o 2026\/1<\/span><\/div><div class=\"editais-block__resumo\"><span>O edital divulga o resultado do processo seletivo regular para ingresso no Programa de P\u00f3s-Gradua\u00e7\u00e3o em Ci\u00eancia da Computa\u00e7\u00e3o da UEL, referente \u00e0 turma de 2026\/1. Apresenta a lista dos candidatos aprovados conforme crit\u00e9rios estabelecidos no edital de abertura da sele\u00e7\u00e3o. Ressalta-se que a aprova\u00e7\u00e3o est\u00e1 condicionada \u00e0 entrega da documenta\u00e7\u00e3o exigida nos prazos definidos pelo programa.<\/span><\/div><div class=\"editais-block__publicado\"><span>2 meses atr\u00e1s<\/span><\/div><\/a><a class=\"editais-block__item-block\" href=\"https:\/\/pos.uel.br\/bigdeep\/wp-content\/uploads\/2025\/10\/Edital_Oferta_Regular_2026_01.pdf\"><div class=\"editais-block__titulo\"><span>Edital Oferta Regular 2026\/01<\/span><\/div><div class=\"editais-block__resumo\"><span>O edital disp\u00f5e sobre as normas e os procedimentos para o processo de sele\u00e7\u00e3o de estudantes regulares para o curso de P\u00f3s-Gradua\u00e7\u00e3o Lato sensu em Machine Learning da Universidade Estadual de Londrina (UEL). O documento estabelece o cronograma e os crit\u00e9rios para o preenchimento de 25 a 50 vagas, com in\u00edcio das aulas previsto para o primeiro semestre letivo de 2026.\r\nO per\u00edodo de inscri\u00e7\u00f5es ser\u00e1 de 05 de novembro de 2025 a 06 de fevereiro de 2026, realizadas exclusivamente de forma online. O processo seletivo consistir\u00e1 em an\u00e1lise do Curriculum Lattes e em uma entrevista. O edital tamb\u00e9m detalha os prazos para solicita\u00e7\u00e3o de isen\u00e7\u00e3o da taxa de inscri\u00e7\u00e3o, recursos, divulga\u00e7\u00e3o de resultados e matr\u00edcula, visando garantir a transpar\u00eancia e a organiza\u00e7\u00e3o do processo para os candidatos com curso de gradua\u00e7\u00e3o reconhecido pelo MEC. O in\u00edcio do semestre letivo est\u00e1 programado para 16 de mar\u00e7o de 2026.<\/span><\/div><div class=\"editais-block__publicado\"><span>7 meses atr\u00e1s<\/span><\/div><\/a><a class=\"editais-block__item-block\" href=\"https:\/\/pos.uel.br\/bigdeep\/wp-content\/uploads\/2025\/04\/Edital_oferta_de_turma_2025_2_assinado.pdf\"><div class=\"editais-block__titulo\"><span>Edital Oferta Regular 2025\/2<\/span><\/div><div class=\"editais-block__resumo\"><span>O edital disp\u00f5e sobre os procedimentos para a oferta de turmas dos cursos de p\u00f3s-gradua\u00e7\u00e3o da UEL no segundo semestre letivo de 2025. Estabelece prazos, orienta\u00e7\u00f5es e crit\u00e9rios que devem ser observados pelos departamentos e coordena\u00e7\u00f5es de curso no planejamento das disciplinas, visando garantir a organiza\u00e7\u00e3o acad\u00eamica, a aloca\u00e7\u00e3o adequada de docentes, a utiliza\u00e7\u00e3o racional de recursos e a manuten\u00e7\u00e3o do fluxo curricular dos alunos. O per\u00edodo para lan\u00e7amento das ofertas no SIGA ser\u00e1 de 15 a 24 de abril de 2025.<\/span><\/div><div class=\"editais-block__publicado\"><span>1 ano atr\u00e1s<\/span><\/div><\/a><\/div><\/div>\n<\/div>\n<\/div><\/div>\n\n\n\n<p><strong>Saiba mais:<\/strong><\/p>\n\n\n<ul class=\"wp-block-page-list\"><li class=\"wp-block-pages-list__item\"><a class=\"wp-block-pages-list__item__link\" href=\"https:\/\/pos.uel.br\/bigdeep\/coordenacao-e-secretaria\/\">Coordena\u00e7\u00e3o e Secretaria<\/a><\/li><li class=\"wp-block-pages-list__item\"><a class=\"wp-block-pages-list__item__link\" href=\"https:\/\/pos.uel.br\/bigdeep\/corpo-docente\/\">Corpo Docente<\/a><\/li><li class=\"wp-block-pages-list__item\"><a class=\"wp-block-pages-list__item__link\" href=\"https:\/\/pos.uel.br\/bigdeep\/pesquisa\/\">Editais<\/a><\/li><li class=\"wp-block-pages-list__item\"><a class=\"wp-block-pages-list__item__link\" href=\"https:\/\/pos.uel.br\/bigdeep\/estrutura-curricular\/\">Estrutura Curricular<\/a><\/li><li class=\"wp-block-pages-list__item\"><a class=\"wp-block-pages-list__item__link\" href=\"https:\/\/pos.uel.br\/bigdeep\/inscricao\/\">Inscri\u00e7\u00f5es<\/a><\/li><li class=\"wp-block-pages-list__item\"><a class=\"wp-block-pages-list__item__link\" href=\"https:\/\/pos.uel.br\/bigdeep\/links-uteis\/\">Links \u00dateis<\/a><\/li><li class=\"wp-block-pages-list__item\"><a class=\"wp-block-pages-list__item__link\" href=\"https:\/\/pos.uel.br\/bigdeep\/localizacao\/\">Localiza\u00e7\u00e3o<\/a><\/li><li class=\"wp-block-pages-list__item\"><a class=\"wp-block-pages-list__item__link\" href=\"https:\/\/pos.uel.br\/bigdeep\/pesquisa-2\/\">Pesquisa<\/a><\/li><li class=\"wp-block-pages-list__item\"><a class=\"wp-block-pages-list__item__link\" href=\"https:\/\/pos.uel.br\/bigdeep\/sobre-o-curso\/\">Sobre o curso<\/a><\/li><\/ul>","protected":false},"excerpt":{"rendered":"<p>Saiba mais:<\/p>\n","protected":false},"author":1,"featured_media":0,"parent":0,"menu_order":0,"comment_status":"close","ping_status":"close","template":"","meta":{"_acf_changed":false,"_themeisle_gutenberg_block_has_review":false,"footnotes":""},"class_list":["post-172","page","type-page","status-publish","hentry"],"acf":[],"_links":{"self":[{"href":"https:\/\/pos.uel.br\/bigdeep\/wp-json\/wp\/v2\/pages\/172","targetHints":{"allow":["GET"]}}],"collection":[{"href":"https:\/\/pos.uel.br\/bigdeep\/wp-json\/wp\/v2\/pages"}],"about":[{"href":"https:\/\/pos.uel.br\/bigdeep\/wp-json\/wp\/v2\/types\/page"}],"author":[{"embeddable":true,"href":"https:\/\/pos.uel.br\/bigdeep\/wp-json\/wp\/v2\/users\/1"}],"replies":[{"embeddable":true,"href":"https:\/\/pos.uel.br\/bigdeep\/wp-json\/wp\/v2\/comments?post=172"}],"version-history":[{"count":1,"href":"https:\/\/pos.uel.br\/bigdeep\/wp-json\/wp\/v2\/pages\/172\/revisions"}],"predecessor-version":[{"id":182,"href":"https:\/\/pos.uel.br\/bigdeep\/wp-json\/wp\/v2\/pages\/172\/revisions\/182"}],"wp:attachment":[{"href":"https:\/\/pos.uel.br\/bigdeep\/wp-json\/wp\/v2\/media?parent=172"}],"curies":[{"name":"wp","href":"https:\/\/api.w.org\/{rel}","templated":true}]}}